{"id":9,"date":"2014-09-12T10:15:01","date_gmt":"2014-09-12T10:15:01","guid":{"rendered":"http:\/\/agora.xtec.cat\/iesaballester\/?page_id=9"},"modified":"2026-08-04T11:30:40","modified_gmt":"2026-08-04T09:30:40","slug":"pagina-dinici-buida","status":"publish","type":"page","link":"https:\/\/agora.xtec.cat\/iesaballester\/","title":{"rendered":"Inici"},"content":{"rendered":"<p>&nbsp;<\/p>\n<h1 data-path-to-node=\"1\">Informaci\u00f3 Curs 2026-2027<\/h1>\n<p data-path-to-node=\"2\">Benvinguts i benvingudes al nou curs! Per tal de facilitar l&#8217;organitzaci\u00f3 de les fam\u00edlies i l&#8217;alumnat abans de l&#8217;inici de les classes, a continuaci\u00f3 us detallem tota la informaci\u00f3 necess\u00e0ria referent a l&#8217;adquisici\u00f3 de material i els tr\u00e0mits d&#8217;inscripci\u00f3.<\/p>\n<h3 data-path-to-node=\"3\"><strong>Llibres de Text i Material Escolar<\/strong><\/h3>\n<p data-path-to-node=\"4\">El llistat oficial de llibres per al curs 26-27 ja est\u00e0 disponible per a totes les etapes educatives.<\/p>\n<ul>\n<li data-path-to-node=\"5,0,0\"><b data-path-to-node=\"5,0,0\" data-index-in-node=\"0\">Consulta els llistats:<\/b> Podeu revisar i descarregar els documents amb els llibres corresponents a cada curs<a href=\"https:\/\/drive.google.com\/file\/d\/1sWqpt_dipBdA3_Dex1FiyKTX2T3iMYYJ\/view?usp=sharing\"><strong> fent clic aqu\u00ed<\/strong><\/a><\/li>\n<li><b data-path-to-node=\"5,1,0\" data-index-in-node=\"0\">Adquisici\u00f3:<\/b> Us recordem que teniu l&#8217;opci\u00f3 d&#8217;adquirir els llibres\u00a0 amb el codi de compra: <strong>564AE2<\/strong> a trav\u00e9s de <a href=\"http:\/\/www.iddink.cat\"><span style=\"font-family: Consolas, Liberation Mono, Courier, monospace;\"><span style=\"background-color: #e9ebec;\"><b>IDDINK\u00a0<\/b><\/span><\/span><\/a><\/li>\n<\/ul>\n<h3 data-path-to-node=\"6\"><strong>Matr\u00edcula i Tr\u00e0mits de Secretaria<\/strong><\/h3>\n<p data-path-to-node=\"8,3,0\">Tots els alumnes sense pla\u00e7a al centre dels estudis d&#8217;ESO han de fer la petici\u00f3 a la OME<\/p>\n<p data-path-to-node=\"8,3,0\">Els de FPB, PFI i Batxillerat, hauran de fer la petici\u00f3 directament al centre a partir del dia 1 de setembre en el cas d&#8217;haver places. Recordem que el fet de no haber fet la matr\u00edcula en termini fa que perdin tot tipus de prioritat.<\/p>\n<h3 data-path-to-node=\"8,3,0\"><b><\/b><strong>Gesti\u00f3 de la cua virtual de les places vacants d&#8217;FP del setembre 2026<\/strong><\/h3>\n<p>La cua virtual \u00e9s una eina\u00a0<strong>d\u2019\u00fas obligatori, publicada al web del centre, i \u00e9s \u00fanica per a cada centre educatiu i per a cada tipus d\u2019ensenyament (grau mitj\u00e0 i grau superior)<\/strong>; per tant, no s&#8217;estableixen cues diferenciades per a cada cicle formatiu. Les persones interessades s\u00f3n ateses seguint estrictament l\u2019ordre cronol\u00f2gic d\u2019inscripci\u00f3 a la cua virtual del centre.<\/p>\n<p>L\u2019alumnat es pot inscriure a la cua virtual de qualsevol centre que disposi de vacants i, si ho considera oport\u00fa, tamb\u00e9 pot inscriure\u2019s simult\u00e0niament a les cues d\u2019altres centres. En aquesta fase no se sol\u00b7licita pla\u00e7a per a un cicle formatiu concret, sin\u00f3 que la inscripci\u00f3 es fa a nivell de centre.<\/p>\n<p>Cada centre disposa d\u2019un llistat ordenat segons la data i l&#8217;hora d\u2019inscripci\u00f3, que inclou les dades b\u00e0siques de contacte de les persones inscrites. A partir d\u2019aquest llistat, el centre contacta directament amb l\u2019alumnat i l\u2019at\u00e9n d&#8217;acord amb l&#8217;ordre establert a la cua.<\/p>\n<p>Cal tenir present que la posici\u00f3 a la cua determina \u00fanicament l\u2019ordre d&#8217;atenci\u00f3 i no garanteix l\u2019obtenci\u00f3 d\u2019una pla\u00e7a determinada. At\u00e8s que la cua \u00e9s pr\u00f2pia del centre i no d&#8217;un cicle formatiu espec\u00edfic, l&#8217;adjudicaci\u00f3 final dependr\u00e0 tant de les vacants disponibles en cada cicle en el moment de l&#8217;atenci\u00f3 com de les opcions escollides per les persones que hagin estat ateses amb anterioritat.<\/p>\n<ul>\n<li><strong>Disponibilitat de la funcionalitat<\/strong><\/li>\n<\/ul>\n<ul>\n<li style=\"list-style-type: none;\">\n<ul>\n<li>La informaci\u00f3 de la cua virtual estar\u00e0 disponible per als centres a partir de l\u20191 de setembre de 2026 i haur\u00e0 d&#8217;estar gestionada i publicada en lloc visible a la web del centre com a m\u00e0xim el dia 4 de setembre de 2026.<\/li>\n<li>La inscripci\u00f3 de l&#8217;alumnat a la cua virtual s\u2019activar\u00e0 de manera centralitzada i simult\u00e0nia per a tots els centres participants el 7 de setembre de 2026, entre les 09.00 h i les 23.59 h.<\/li>\n<\/ul>\n<\/li>\n<\/ul>\n<p>&nbsp;<\/p>\n<p><span style=\"color: #ff0000;\">FINS AL SETEMBRE TROBAREU TOTA LA INFORMACI\u00d3 AQU\u00cd I A LA NOVA WEB<span style=\"color: #0000ff;\"> <a style=\"color: #0000ff;\" href=\"https:\/\/iaballester.cat\/\">www.iaballester.cat<\/a><\/span><\/span><\/p>\n<p>&nbsp;<\/p>\n<p>&nbsp;<\/p>\n","protected":false},"excerpt":{"rendered":"<p>&nbsp;<br \/>\nInformaci\u00f3 Curs 2026-2027<br \/>\nBenvinguts i benvingudes al nou curs! Per tal de facilitar l&#8217;organitzaci\u00f3 de les fam\u00edlies i l&#8217;alumnat abans de l&#8217;inici de les classes, a continuaci\u00f3 us detallem tota la informaci\u00f3 necess\u00e0ria referent a l&#8217;adquisici\u00f3 de material i els tr\u00e0mits d&#8217;inscripci\u00f3.<br \/>\nLlibres de Text i Material&hellip;  <a href=\"https:\/\/agora.xtec.cat\/iesaballester\/\" title=\"Read Inici\">Llegeix m\u00e9s\u00bb<\/a><\/p>\n","protected":false},"author":1,"featured_media":0,"parent":7,"menu_order":0,"comment_status":"closed","ping_status":"closed","template":"page-templates\/front-page.php","meta":{"_bbp_topic_count":0,"_bbp_reply_count":0,"_bbp_total_topic_count":0,"_bbp_total_reply_count":0,"_bbp_voice_count":0,"_bbp_anonymous_reply_count":0,"_bbp_topic_count_hidden":0,"_bbp_reply_count_hidden":0,"_bbp_forum_subforum_count":0,"footnotes":""},"class_list":["post-9","page","type-page","status-publish","hentry"],"post_mailing_queue_ids":[],"_links":{"self":[{"href":"https:\/\/agora.xtec.cat\/iesaballester\/wp-json\/wp\/v2\/pages\/9","targetHints":{"allow":["GET"]}}],"collection":[{"href":"https:\/\/agora.xtec.cat\/iesaballester\/wp-json\/wp\/v2\/pages"}],"about":[{"href":"https:\/\/agora.xtec.cat\/iesaballester\/wp-json\/wp\/v2\/types\/page"}],"author":[{"embeddable":true,"href":"https:\/\/agora.xtec.cat\/iesaballester\/wp-json\/wp\/v2\/users\/1"}],"replies":[{"embeddable":true,"href":"https:\/\/agora.xtec.cat\/iesaballester\/wp-json\/wp\/v2\/comments?post=9"}],"version-history":[{"count":7,"href":"https:\/\/agora.xtec.cat\/iesaballester\/wp-json\/wp\/v2\/pages\/9\/revisions"}],"predecessor-version":[{"id":9504,"href":"https:\/\/agora.xtec.cat\/iesaballester\/wp-json\/wp\/v2\/pages\/9\/revisions\/9504"}],"up":[{"embeddable":true,"href":"https:\/\/agora.xtec.cat\/iesaballester\/wp-json\/wp\/v2\/pages\/7"}],"wp:attachment":[{"href":"https:\/\/agora.xtec.cat\/iesaballester\/wp-json\/wp\/v2\/media?parent=9"}],"curies":[{"name":"wp","href":"https:\/\/api.w.org\/{rel}","templated":true}]}}