{"id":9906,"date":"2019-04-30T10:30:52","date_gmt":"2019-04-30T08:30:52","guid":{"rendered":"http:\/\/agora.xtec.cat\/ies-viladecavalls\/?page_id=9906"},"modified":"2023-02-22T08:10:43","modified_gmt":"2023-02-22T07:10:43","slug":"preinscripcio-electronica","status":"publish","type":"page","link":"https:\/\/agora.xtec.cat\/ies-viladecavalls\/preinscripcio-electronica\/","title":{"rendered":"Preinscripci\u00f3 electr\u00f2nica per cicles i batxillerat"},"content":{"rendered":"<p>Aquest tr\u00e0mit es pot fer mitjan\u00e7ant la <strong>sol\u00b7licitud electr\u00f2nica<\/strong> o la <strong>sol\u00b7licitud amb suport inform\u00e0tic<\/strong>.<\/p>\n<p>Les persones que no puguin fer la sol\u00b7licitud electr\u00f2nica, poden fer-la amb suport inform\u00e0tic: no s&#8217;acceptaran les sol\u00b7licituds que es presentin \u00fanicament en paper.<\/p>\n<p>Nom\u00e9s es pot presentar una sol\u00b7licitud de preinscripci\u00f3 per persona per\u00f2 s&#8217;hi poden indicar peticions d&#8217;admissi\u00f3 en diversos centres, cicles i torns, sempre ordenats per ordre de prefer\u00e8ncia.<\/p>\n<p>La presentaci\u00f3 de m\u00e9s d&#8217;una sol\u00b7licitud per tipus d&#8217;ensenyament comporta la invalidaci\u00f3 dels drets de prioritat que puguin correspondre.<\/p>\n<p>El formulari de sol\u00b7licitud amb suport inform\u00e0tic i la documentaci\u00f3 que no s&#8217;hagi pogut validar electr\u00f2nicament s&#8217;ha de presentar en el centre demanat en primer lloc.<\/p>\n<p style=\"padding-left: 30px;\"><a href=\"https:\/\/preinscripcio.gencat.cat\/ca\/estudis\/fp-grau-mitja\/inici\/\">Preinscripci\u00f3 Cicles Grau Mig<\/a><\/p>\n<p style=\"padding-left: 30px;\"><a href=\"https:\/\/preinscripcio.gencat.cat\/ca\/estudis\/batxillerat\/inici\/\">Preinscripci\u00f3 Batxillerat<\/a> (Nom\u00e9s pel batxillerat art\u00edstic i per alumnes que opten a fer un batxillerat en un altre centre)<\/p>\n<p>En emplenar el formulari trobareu un espai que cal omplir amb l&#8217;identificador de l&#8217;alumne o alumna. Els alumnes que s\u00f3n nous en el sistema educatiu de Catalunya encara no en tenen; per als alumnes matriculats des del curs 2015-2016 en centres educatius de qualsevol titularitat \u00e9s una dada obligat\u00f2ria que han de facilitar els centres on estan escolaritzats.\u00a0En casos excepcionals, i durant el per\u00edode de preinscripci\u00f3, el pare, mare o tutor\/a o el mateix alumne (si \u00e9s major d&#8217;edat) pot sol\u00b7licitar aquest identificador als serveis territorials del Departament d&#8217;Educaci\u00f3, acreditant-se amb el DNI o un document equivalent.<\/p>\n<p>Per poder fer la sol\u00b7licitud electr\u00f2nica:<\/p>\n<p>&#8211; cal disposar del <strong>n\u00famero d&#8217;identificaci\u00f3 de l&#8217;alumne\/a<\/strong>.\u00a0Els alumnes nous en el sistema educatiu de Catalunya encara no el tenen; per als alumnes matriculats des del curs 2015-2016 en centres educatius de qualsevol titularitat \u00e9s una dada obligat\u00f2ria que han de facilitar els centres on estan escolaritzats. En casos excepcionals, i durant el per\u00edode de preinscripci\u00f3, el pare, mare o tutor\/a o l&#8217;alumne\/a (si \u00e9s major d&#8217;edat) pot sol\u00b7licitar aquest identificador als serveis territorials del Departament d&#8217;Educaci\u00f3, acreditant-se amb el DNI o document equivalent.<\/p>\n<p>&#8211; cal que el <strong>pare, mare o tutor\/a legal<\/strong> (si l&#8217;alumne\/a \u00e9s menor d&#8217;edat i no fa els 18 anys durant l&#8217;any 2019) o l&#8217;alumne\/a (si \u00e9s major d&#8217;edat o fa els 18 anys durant aquest any) <strong>s&#8217;identifiqui<\/strong> mitjan\u00e7ant:<\/p>\n<ul class=\"llista-especial\">\n<li>el servei d&#8217;identificaci\u00f3 <a href=\"https:\/\/web.gencat.cat\/ca\/tramits\/com-tramitar-en-linia\/identificacio-digital\/id-cat-mobil\/\" target=\"_blank\" rel=\"noopener noreferrer\">idCat M\u00f2bil<\/a>,<\/li>\n<li>l&#8217;usuari GICAR (si es tracta de treballadors de la Generalitat de Catalunya), o<\/li>\n<li>altres certificats digitals, com el DNI electr\u00f2nic o el certificat CATCert.<\/li>\n<\/ul>\n<p>En la sol\u00b7licitud \u00e9s obligatori especificar l&#8217;adre\u00e7a electr\u00f2nica per poder rebre el missatge amb el codi de la sol\u00b7licitud de preinscripci\u00f3.<\/p>\n<p>Aix\u00ed mateix, si l&#8217;alumne\/a \u00e9s menor d&#8217;edat, cal especificar el tutor\/a que consultar\u00e0 per Internet els resultats de la preinscripci\u00f3 (puntuaci\u00f3 provisional, puntuaci\u00f3 un cop resoltes les reclamacions, ordre definitiu i pla\u00e7a assignada). Es pot accedir a aquestes consultes amb el codi de sol\u00b7licitud i el n\u00famero del DNI, NIE o passaport del tutor\/a que s&#8217;ha especificat que far\u00e0 la consulta.<\/p>\n<p>La sol\u00b7licitud que s&#8217;ha enviat queda registrada. Nom\u00e9s cal presentar una c\u00f2pia del resguard al centre demanat en primera opci\u00f3 en els casos en qu\u00e8 calgui presentar documentaci\u00f3 acreditativa dels criteris de prioritat.<\/p>\n<p>Un cop presentada la sol\u00b7licitud, i durant el termini de presentaci\u00f3 de sol\u00b7licituds, es podran modificar les dades relatives als criteris de prioritat al\u00b7legats, aix\u00ed com dels ensenyaments i centres sol\u00b7licitats, si \u00e9s necessari. En aquest cas les dades v\u00e0lides seran les de la darrera modificaci\u00f3.<\/p>\n<p>&nbsp;<\/p>\n<p><strong>Per obtenir l&#8217;identificador idCat M\u00f2bil<br \/>\n<\/strong><\/p>\n<p>Si voleu identificar-vos mitjan\u00e7ant l&#8217;idCAT M\u00f2bil, pr\u00e8viament us heu de registrar en aquest servei. Si ja ho heu fet, heu d&#8217;introduir el vostre document d&#8217;identificaci\u00f3 (DNI, NIE o passaport) i el n\u00famero de tel\u00e8fon m\u00f2bil que heu indicat en el servei d&#8217;identificaci\u00f3 idCAT M\u00f2bil.<\/p>\n<p>Si la base de dades no troba el document d&#8217;identificaci\u00f3 o el n\u00famero de tel\u00e8fon m\u00f2bil proporcionat no es correspon amb el que s&#8217;ha registrat, visualitzareu un missatge d&#8217;error. En aquest cas, haureu de modificar el registre, si escau.<\/p>\n<p>Si les dades proporcionades es corresponen a les registrades, <strong>rebreu una contrasenya<\/strong> al vostre tel\u00e8fon m\u00f2bil per introduir-la al camp de text que es mostra a la pantalla. A partir d&#8217;aquest moment, podreu fer el <strong>tr\u00e0mit de la preinscripci\u00f3<\/strong>.<\/p>\n<ol>\n<li>Per canviar de pantalla cal utilitzar exclusivament els botons &#8220;seg\u00fcent&#8221; i &#8220;anterior&#8221; de l&#8217;aplicaci\u00f3 i no els del navegador.<\/li>\n<li>La sol\u00b7licitud nom\u00e9s es considera presentada quan, despr\u00e9s d&#8217;emplenar tot el formulari, s&#8217;executa l&#8217;opci\u00f3 &#8220;enviament&#8221; des de l&#8217;\u00faltima pantalla.<\/li>\n<li>Quan s&#8217;hagin enviat les dades, rebreu un missatge electr\u00f2nic des d&#8217;on es pot obtenir el resguard de presentaci\u00f3 de la sol\u00b7licitud; en aquest comprovant consta la documentaci\u00f3 que cal presentar a l&#8217;efecte d&#8217;acreditaci\u00f3 dels criteris de prioritat, si escau. S&#8217;aconsella guardar-ne una c\u00f2pia.<\/li>\n<\/ol>\n<p><img loading=\"lazy\" decoding=\"async\" class=\"alignnone size-large wp-image-9907\" src=\"https:\/\/agora.xtec.cat\/ies-viladecavalls\/wp-content\/uploads\/usu1438\/2019\/04\/idCat2-1024x551.jpg\" alt=\"\" width=\"1024\" height=\"551\" srcset=\"https:\/\/agora.xtec.cat\/ies-viladecavalls\/wp-content\/uploads\/usu1438\/2019\/04\/idCat2-1024x551.jpg 1024w, https:\/\/agora.xtec.cat\/ies-viladecavalls\/wp-content\/uploads\/usu1438\/2019\/04\/idCat2-300x161.jpg 300w, https:\/\/agora.xtec.cat\/ies-viladecavalls\/wp-content\/uploads\/usu1438\/2019\/04\/idCat2-768x413.jpg 768w, https:\/\/agora.xtec.cat\/ies-viladecavalls\/wp-content\/uploads\/usu1438\/2019\/04\/idCat2.jpg 1197w\" sizes=\"auto, (max-width: 1024px) 100vw, 1024px\" \/><\/p>\n<p><img loading=\"lazy\" decoding=\"async\" class=\"alignnone size-large wp-image-9908\" src=\"https:\/\/agora.xtec.cat\/ies-viladecavalls\/wp-content\/uploads\/usu1438\/2019\/04\/idCat3-1024x580.jpg\" alt=\"\" width=\"1024\" height=\"580\" srcset=\"https:\/\/agora.xtec.cat\/ies-viladecavalls\/wp-content\/uploads\/usu1438\/2019\/04\/idCat3-1024x580.jpg 1024w, https:\/\/agora.xtec.cat\/ies-viladecavalls\/wp-content\/uploads\/usu1438\/2019\/04\/idCat3-300x170.jpg 300w, https:\/\/agora.xtec.cat\/ies-viladecavalls\/wp-content\/uploads\/usu1438\/2019\/04\/idCat3-768x435.jpg 768w, https:\/\/agora.xtec.cat\/ies-viladecavalls\/wp-content\/uploads\/usu1438\/2019\/04\/idCat3.jpg 1191w\" sizes=\"auto, (max-width: 1024px) 100vw, 1024px\" \/><\/p>\n<p>&nbsp;<\/p>\n","protected":false},"excerpt":{"rendered":"<p>Aquest tr\u00e0mit es pot fer mitjan\u00e7ant la sol\u00b7licitud electr\u00f2nica o la sol\u00b7licitud amb suport inform\u00e0tic.<br \/>\nLes persones que no puguin fer la sol\u00b7licitud electr\u00f2nica, poden fer-la amb suport inform\u00e0tic: no s&#8217;acceptaran les sol\u00b7licituds que es presentin \u00fanicament en paper.<br \/>\nNom\u00e9s es pot presentar una sol\u00b7licitud de preinscripci\u00f3&hellip;  <a href=\"https:\/\/agora.xtec.cat\/ies-viladecavalls\/preinscripcio-electronica\/\" title=\"Read Preinscripci\u00f3 electr\u00f2nica per cicles i batxillerat\">Llegeix m\u00e9s\u00bb<\/a><\/p>\n","protected":false},"author":1,"featured_media":0,"parent":0,"menu_order":0,"comment_status":"closed","ping_status":"closed","template":"","meta":{"_bbp_topic_count":0,"_bbp_reply_count":0,"_bbp_total_topic_count":0,"_bbp_total_reply_count":0,"_bbp_voice_count":0,"_bbp_anonymous_reply_count":0,"_bbp_topic_count_hidden":0,"_bbp_reply_count_hidden":0,"_bbp_forum_subforum_count":0,"footnotes":""},"class_list":["post-9906","page","type-page","status-publish","hentry"],"post_mailing_queue_ids":[],"_links":{"self":[{"href":"https:\/\/agora.xtec.cat\/ies-viladecavalls\/wp-json\/wp\/v2\/pages\/9906","targetHints":{"allow":["GET"]}}],"collection":[{"href":"https:\/\/agora.xtec.cat\/ies-viladecavalls\/wp-json\/wp\/v2\/pages"}],"about":[{"href":"https:\/\/agora.xtec.cat\/ies-viladecavalls\/wp-json\/wp\/v2\/types\/page"}],"author":[{"embeddable":true,"href":"https:\/\/agora.xtec.cat\/ies-viladecavalls\/wp-json\/wp\/v2\/users\/1"}],"replies":[{"embeddable":true,"href":"https:\/\/agora.xtec.cat\/ies-viladecavalls\/wp-json\/wp\/v2\/comments?post=9906"}],"version-history":[{"count":3,"href":"https:\/\/agora.xtec.cat\/ies-viladecavalls\/wp-json\/wp\/v2\/pages\/9906\/revisions"}],"predecessor-version":[{"id":11034,"href":"https:\/\/agora.xtec.cat\/ies-viladecavalls\/wp-json\/wp\/v2\/pages\/9906\/revisions\/11034"}],"wp:attachment":[{"href":"https:\/\/agora.xtec.cat\/ies-viladecavalls\/wp-json\/wp\/v2\/media?parent=9906"}],"curies":[{"name":"wp","href":"https:\/\/api.w.org\/{rel}","templated":true}]}}