{"id":9409,"date":"2018-05-02T13:04:45","date_gmt":"2018-05-02T11:04:45","guid":{"rendered":"http:\/\/agora.xtec.cat\/ies-viladecavalls\/?page_id=9409"},"modified":"2023-03-31T09:17:27","modified_gmt":"2023-03-31T07:17:27","slug":"3-els-cicles-formatius","status":"publish","type":"page","link":"https:\/\/agora.xtec.cat\/ies-viladecavalls\/despreseso\/3-els-cicles-formatius\/","title":{"rendered":"3. Els cicles formatius"},"content":{"rendered":"<p>Amb el t\u00edtol d\u2019ESO, es pot accedir als Cicles Formatius de Grau Mitj\u00e0. Aquests generalment s\u00f3n d\u2019un curs i donen acc\u00e9s als de Grau Superior, per\u00f2 nom\u00e9s als cicles de la mateixa fam\u00edlia, amb una prova d\u2019acc\u00e9s i amb el requeriment de fer 18 anys.<\/p>\n<p>Amb el t\u00edtol de Batxillerat, es pot accedir als Cicles Formatius de Grau Superior. Aquests s\u00f3n de dos anys i donen acc\u00e9s a els Graus Universitaris de la fam\u00edlia corresponen al cicle.<\/p>\n<p>Amb la <strong>superaci\u00f3<\/strong> d&#8217;un cicle formatiu de grau mitj\u00e0 s&#8217;obt\u00e9 el t\u00edtol de<strong> t\u00e8cnic<\/strong> i amb la superaci\u00f3 d&#8217;un de grau superior, el de<strong> t\u00e8cnic superior<\/strong>.<\/p>\n<p>Amb la <strong>superaci\u00f3<\/strong> del Cicle formatiu de Grau Superior es pot accedir a estudiar un grau universitari de la mateixa fam\u00edlia professional<a href=\"https:\/\/www.boe.es\/diario_boe\/txt.php?id=BOE-A-2011-19597\"> (veure decret 1618\/2011, annex 2)<\/a> que el cicle. No ser\u00e0 necess\u00e0ria la fase general de la prova de selectivitat, per\u00f2 si el grau t\u00e9 molta demanda, ser\u00e0 necessari realitzar la fase espec\u00edfica per pujar nota, igual que els que accedeixen de batxillerat.<\/p>\n<p style=\"padding-left: 30px;\"><strong>Cicles formatius de Grau Mitj\u00e0:<\/strong><\/p>\n<ul>\n<li style=\"padding-left: 30px;\"><a href=\"http:\/\/queestudiar.gencat.cat\/ca\/preinscripcio\/estudis\/fp-gm\/\">Calendari d\u2019inscripci\u00f3.<\/a><\/li>\n<li style=\"padding-left: 30px;\"><a href=\"http:\/\/queestudiar.gencat.cat\/ca\/estudis\/fp\/cicles\/gm\/\">Oferta de cicles<\/a><\/li>\n<\/ul>\n<p style=\"padding-left: 30px;\"><strong>Cicles formatius de Grau Superior:<\/strong><\/p>\n<ul>\n<li style=\"padding-left: 30px;\"><a href=\"http:\/\/queestudiar.gencat.cat\/ca\/preinscripcio\/estudis\/fp-gs\/\">Calendari d&#8217;inscripci\u00f3<\/a><\/li>\n<li style=\"padding-left: 30px;\"><a href=\"http:\/\/queestudiar.gencat.cat\/ca\/estudis\/fp\/cicles\/gs\/\">Oferta de cicles<\/a><\/li>\n<\/ul>\n<p>Altres enlla\u00e7os d&#8217;inter\u00e8s:<\/p>\n<p><a href=\"https:\/\/treballterrassa.cat\/formacio-professional-de-grau-mitja\/\">Oferta de cicles formatius de grau mitj\u00e0 a Terrassa.<\/a><\/p>\n<p><a href=\"https:\/\/treballterrassa.cat\/formacio-professional-de-grau-superior\/\">Oferta de cicles formatius de grau superior a Terrassa.<\/a><\/p>\n<p><a href=\"https:\/\/agora.xtec.cat\/ies-viladecavalls\/wp-content\/uploads\/usu1438\/2023\/03\/FP2023Oferta.pdf\">Tr\u00edptic de l&#8217;oferta formativa de cicles a Terrassa FP2023<\/a><\/p>\n<p>&nbsp;<\/p>\n","protected":false},"excerpt":{"rendered":"<p>Amb el t\u00edtol d\u2019ESO, es pot accedir als Cicles Formatius de Grau Mitj\u00e0. Aquests generalment s\u00f3n d\u2019un curs i donen acc\u00e9s als de Grau Superior, per\u00f2 nom\u00e9s als cicles de la mateixa fam\u00edlia, amb una prova d\u2019acc\u00e9s i amb el requeriment de fer 18 anys.<br \/>\nAmb&hellip;  <a href=\"https:\/\/agora.xtec.cat\/ies-viladecavalls\/despreseso\/3-els-cicles-formatius\/\" title=\"Read 3. Els cicles formatius\">Llegeix m\u00e9s\u00bb<\/a><\/p>\n","protected":false},"author":1,"featured_media":0,"parent":575,"menu_order":3,"comment_status":"closed","ping_status":"closed","template":"page-templates\/side-menu.php","meta":{"_bbp_topic_count":0,"_bbp_reply_count":0,"_bbp_total_topic_count":0,"_bbp_total_reply_count":0,"_bbp_voice_count":0,"_bbp_anonymous_reply_count":0,"_bbp_topic_count_hidden":0,"_bbp_reply_count_hidden":0,"_bbp_forum_subforum_count":0,"footnotes":""},"class_list":["post-9409","page","type-page","status-publish","hentry"],"post_mailing_queue_ids":[],"_links":{"self":[{"href":"https:\/\/agora.xtec.cat\/ies-viladecavalls\/wp-json\/wp\/v2\/pages\/9409","targetHints":{"allow":["GET"]}}],"collection":[{"href":"https:\/\/agora.xtec.cat\/ies-viladecavalls\/wp-json\/wp\/v2\/pages"}],"about":[{"href":"https:\/\/agora.xtec.cat\/ies-viladecavalls\/wp-json\/wp\/v2\/types\/page"}],"author":[{"embeddable":true,"href":"https:\/\/agora.xtec.cat\/ies-viladecavalls\/wp-json\/wp\/v2\/users\/1"}],"replies":[{"embeddable":true,"href":"https:\/\/agora.xtec.cat\/ies-viladecavalls\/wp-json\/wp\/v2\/comments?post=9409"}],"version-history":[{"count":3,"href":"https:\/\/agora.xtec.cat\/ies-viladecavalls\/wp-json\/wp\/v2\/pages\/9409\/revisions"}],"predecessor-version":[{"id":11064,"href":"https:\/\/agora.xtec.cat\/ies-viladecavalls\/wp-json\/wp\/v2\/pages\/9409\/revisions\/11064"}],"up":[{"embeddable":true,"href":"https:\/\/agora.xtec.cat\/ies-viladecavalls\/wp-json\/wp\/v2\/pages\/575"}],"wp:attachment":[{"href":"https:\/\/agora.xtec.cat\/ies-viladecavalls\/wp-json\/wp\/v2\/media?parent=9409"}],"curies":[{"name":"wp","href":"https:\/\/api.w.org\/{rel}","templated":true}]}}