{"id":9407,"date":"2018-05-02T13:03:46","date_gmt":"2018-05-02T11:03:46","guid":{"rendered":"http:\/\/agora.xtec.cat\/ies-viladecavalls\/?page_id=9407"},"modified":"2026-02-20T09:14:57","modified_gmt":"2026-02-20T08:14:57","slug":"2-la-selectivitat","status":"publish","type":"page","link":"https:\/\/agora.xtec.cat\/ies-viladecavalls\/despreseso\/2-la-selectivitat\/","title":{"rendered":"2. La selectivitat"},"content":{"rendered":"<div class=\"text glossari\"><\/div>\n<p class=\"text glossari\"><strong>En qu\u00e8 consisteix la prova?<\/strong><\/p>\n<p class=\"text glossari\">Una <strong>fase general<\/strong> amb cinc exercicis: La primera part de l\u2019examen, anomenada fase general, que tots els estudiants de Batxillerat han de fer obligat\u00f2riament, <strong>consta de cinc exercicis<\/strong>. En aquesta primera part, l\u2019alumne s\u2019examina de 4 de les assignatures obligat\u00f2ries de segon de Batxillerat (<em>Llengua Catalana i Literatura, Llengua Castellana i Literatura, Llengua Estrangera i Hist\u00f2ria<\/em>) <strong>i d\u2019una mat\u00e8ria de modalitat a triar entre les quatre comunes d\u2019opci\u00f3 (<\/strong>Matem\u00e0tiques, Matem\u00e0tiques aplicades a les Ci\u00e8ncies Socials, Llat\u00ed, i Hist\u00f2ria i Fonaments de les Arts).<\/p>\n<p class=\"text glossari\">Una <strong>fase espec\u00edfica<\/strong> per apujar nota: Est\u00e0 pensada per a aquells <strong>estudiants que vulguin millorar la nota obtinguda en la fase general de la prova<\/strong> per tenir m\u00e9s possibilitats d\u2019accedir als estudis desitjats.<\/p>\n<p class=\"text glossari\">Pots examinar-te d\u2019un m\u00e0xim de tres mat\u00e8ries de modalitat d\u2019entre les seg\u00fcents:<br \/>\nAn\u00e0lisi musical, Biologia, Ci\u00e8ncies de la terra i del medi ambient, Cultura audiovisual, Dibuix art\u00edstic, Dibuix t\u00e8cnic, Disseny, Economia d\u2019empresa, Electrot\u00e8cnia, F\u00edsica, Fonaments de les arts, Geografia, Grec, Hist\u00f2ria de l\u2019art, Hist\u00f2ria de la filosofia, Literatura castellana, Literatura catalana, Llat\u00ed, Matem\u00e0tiques, Matem\u00e0tiques aplicades a les ci\u00e8ncies socials, Qu\u00edmica i Tecnologia industrial. <strong>Les mat\u00e8ries examinades no han d\u2019haver estat necess\u00e0riament cursades al batxillerat.<\/strong><\/p>\n<p>Les mat\u00e8ries comunes d\u2019opci\u00f3 tamb\u00e9 poden ser objecte d\u2019examen en la fase espec\u00edfica, sempre que no hagin estat triades a la fase general.\u00a0 Pel que fa a les ponderacions, la mat\u00e8ria comuna d&#8217;opci\u00f3 examinada en fase general tamb\u00e9 ser\u00e0 tinguda en compte per al c\u00e0lcul de la nota d\u2019admissi\u00f3, sempre que la qualificaci\u00f3 sigui igual o superior a 5. \u00a0Aix\u00f2 vol dir que la nota d&#8217;aquest examen puntuar\u00e0 en la fase general (si \u00e9s superior a 4) i tamb\u00e9 pot comptar en la fase espec\u00edfica (si \u00e9s superior a 5 i si pondera per 0,1 o 0,2 al grau triat).<\/p>\n<p><a href=\"https:\/\/universitats.gencat.cat\/web\/.content\/01_acces_i_admissio\/preinscripcions\/documentacio\/Ponderacions-2026_v4.pdf\">Quadre de ponderaci\u00f3 pels que faran les PAU<\/a><\/p>\n<p class=\"text-null null\"><strong>Quina \u00e9s la qualificaci\u00f3 m\u00ednima per accedir a la universitat i com es calcula?<\/strong><\/p>\n<p><strong>La fase general<\/strong> s\u2019aprova amb un <strong>4<\/strong>, mentre que, a <strong>la fase espec\u00edfica<\/strong>, cal obtenir en cadascun dels ex\u00e0mens, que s\u2019avalua de forma independent, una nota m\u00ednima de <strong>5<\/strong>.<\/p>\n<p>De la mitjana ponderada entre la nota de <strong>la fase general<\/strong> de la selectivitat i <strong>l\u2019expedient de Batxillerat<\/strong> en surt la nota d\u2019acc\u00e9s a la universitat\u00a0dels\u00a0alumnes de Batxillerat.<\/p>\n<p>La qualificaci\u00f3 obtinguda a la fase general compta un <strong>40%<\/strong> i la mitjana de l\u2019expedient un <strong>60%.<\/strong> A difer\u00e8ncia de la nota m\u00ednima per aprovar la selectivitat, la nota d\u2019acc\u00e9s a la universitat ha de ser igual o superior a 5,\u00a0i pot arribar a un m\u00e0xim de <strong>10<\/strong>.<\/p>\n<p><strong>Com es calcula la nota d\u2019admissi\u00f3 a la universitat?<\/strong><\/p>\n<p>La nota d\u2019admissi\u00f3 \u00e9s la que fan servir les universitats per adjudicar les places en aquelles titulacions en qu\u00e8 hi ha <strong>m\u00e9s estudiants que hi volen accedir que places ofertades.<\/strong><\/p>\n<p>S\u2019obt\u00e9 sumant a <strong>la nota d\u2019acc\u00e9s<\/strong> a la universitat l<strong>es dues millors qualificacions<\/strong> de les mat\u00e8ries aprovades en la fase espec\u00edfica, un cop ponderades.<\/p>\n<p>Per ponderar-les, s\u2019agafa la qualificaci\u00f3 obtinguda en cada mat\u00e8ria i es multiplica per 0,1 o per 0,2, en funci\u00f3 d\u2019una taula de ponderacions acordada per les universitats.<\/p>\n<p>El resultat \u00e9s que <strong>la nota d\u2019admissi\u00f3<\/strong> pot elevar-se, en el millor dels casos, fins a <strong>14.<br \/>\n<\/strong><\/p>\n<p class=\"text glossari\">La nota obtinguda a la fase general t\u00e9 validesa <strong>indefinida<\/strong>, mentre que les qualificacions de les mat\u00e8ries de la fase espec\u00edfica nom\u00e9s valdran per <strong>dos anys<\/strong>.<\/p>\n","protected":false},"excerpt":{"rendered":"<p>En qu\u00e8 consisteix la prova?<br \/>\nUna fase general amb cinc exercicis: La primera part de l\u2019examen, anomenada fase general, que tots els estudiants de Batxillerat han de fer obligat\u00f2riament, consta de cinc exercicis. En aquesta primera part, l\u2019alumne s\u2019examina de 4 de les assignatures obligat\u00f2ries de&hellip;  <a href=\"https:\/\/agora.xtec.cat\/ies-viladecavalls\/despreseso\/2-la-selectivitat\/\" title=\"Read 2. La selectivitat\">Llegeix m\u00e9s\u00bb<\/a><\/p>\n","protected":false},"author":1,"featured_media":0,"parent":575,"menu_order":2,"comment_status":"closed","ping_status":"closed","template":"page-templates\/side-menu.php","meta":{"_bbp_topic_count":0,"_bbp_reply_count":0,"_bbp_total_topic_count":0,"_bbp_total_reply_count":0,"_bbp_voice_count":0,"_bbp_anonymous_reply_count":0,"_bbp_topic_count_hidden":0,"_bbp_reply_count_hidden":0,"_bbp_forum_subforum_count":0,"footnotes":""},"class_list":["post-9407","page","type-page","status-publish","hentry"],"post_mailing_queue_ids":[],"_links":{"self":[{"href":"https:\/\/agora.xtec.cat\/ies-viladecavalls\/wp-json\/wp\/v2\/pages\/9407","targetHints":{"allow":["GET"]}}],"collection":[{"href":"https:\/\/agora.xtec.cat\/ies-viladecavalls\/wp-json\/wp\/v2\/pages"}],"about":[{"href":"https:\/\/agora.xtec.cat\/ies-viladecavalls\/wp-json\/wp\/v2\/types\/page"}],"author":[{"embeddable":true,"href":"https:\/\/agora.xtec.cat\/ies-viladecavalls\/wp-json\/wp\/v2\/users\/1"}],"replies":[{"embeddable":true,"href":"https:\/\/agora.xtec.cat\/ies-viladecavalls\/wp-json\/wp\/v2\/comments?post=9407"}],"version-history":[{"count":5,"href":"https:\/\/agora.xtec.cat\/ies-viladecavalls\/wp-json\/wp\/v2\/pages\/9407\/revisions"}],"predecessor-version":[{"id":11553,"href":"https:\/\/agora.xtec.cat\/ies-viladecavalls\/wp-json\/wp\/v2\/pages\/9407\/revisions\/11553"}],"up":[{"embeddable":true,"href":"https:\/\/agora.xtec.cat\/ies-viladecavalls\/wp-json\/wp\/v2\/pages\/575"}],"wp:attachment":[{"href":"https:\/\/agora.xtec.cat\/ies-viladecavalls\/wp-json\/wp\/v2\/media?parent=9407"}],"curies":[{"name":"wp","href":"https:\/\/api.w.org\/{rel}","templated":true}]}}