{"id":1688,"date":"2019-03-09T20:23:19","date_gmt":"2019-03-09T19:23:19","guid":{"rendered":"http:\/\/agora.xtec.cat\/ies-santelm\/?page_id=1688"},"modified":"2026-01-15T11:58:27","modified_gmt":"2026-01-15T10:58:27","slug":"qui-som","status":"publish","type":"page","link":"https:\/\/agora.xtec.cat\/ies-santelm\/linstitut\/qui-som\/","title":{"rendered":"Qui som?"},"content":{"rendered":"<p><img loading=\"lazy\" decoding=\"async\" class=\"size-large wp-image-1709 aligncenter\" src=\"https:\/\/agora.xtec.cat\/ies-santelm\/wp-content\/uploads\/usu1365\/2019\/03\/c6e860c1-295b-462a-b0ad-17d6bc07db22_page-0001-1024x576.jpg\" alt=\"\" width=\"1024\" height=\"576\" srcset=\"https:\/\/agora.xtec.cat\/ies-santelm\/wp-content\/uploads\/usu1365\/2019\/03\/c6e860c1-295b-462a-b0ad-17d6bc07db22_page-0001-1024x576.jpg 1024w, https:\/\/agora.xtec.cat\/ies-santelm\/wp-content\/uploads\/usu1365\/2019\/03\/c6e860c1-295b-462a-b0ad-17d6bc07db22_page-0001-300x169.jpg 300w, https:\/\/agora.xtec.cat\/ies-santelm\/wp-content\/uploads\/usu1365\/2019\/03\/c6e860c1-295b-462a-b0ad-17d6bc07db22_page-0001-768x432.jpg 768w, https:\/\/agora.xtec.cat\/ies-santelm\/wp-content\/uploads\/usu1365\/2019\/03\/c6e860c1-295b-462a-b0ad-17d6bc07db22_page-0001.jpg 1500w\" sizes=\"auto, (max-width: 1024px) 100vw, 1024px\" \/><\/p>\n<p style=\"text-align: justify;\"><span style=\"font-weight: 400;\">Un institut p\u00fablic d\u2019ensenyament secundari amb poques l\u00ednies i un tracte personalitzat i familiar, situat en un un entorn privilegiat. <\/span><\/p>\n<p style=\"text-align: justify;\"><span style=\"font-weight: 400;\">L\u2019institut Sant Elm t\u00e9 com a objectiu contribuir al desenvolupament integral de l\u2019alumne\/a garantint la igualtat d\u2019oportunitats a trav\u00e9s de la consolidaci\u00f3 d\u2019un ensenyament de qualitat i adaptat als canvis tecnol\u00f2gics i als requeriments socials.<\/span><span style=\"font-weight: 400;\">\u00a0 \u00a0 \u00a0 \u00a0 \u00a0 \u00a0 \u00a0 \u00a0 \u00a0 \u00a0 \u00a0 \u00a0 \u00a0 \u00a0 \u00a0 \u00a0 \u00a0 \u00a0 \u00a0 \u00a0 \u00a0 \u00a0 \u00a0 \u00a0 \u00a0 \u00a0 \u00a0 \u00a0 \u00a0 \u00a0 \u00a0 \u00a0 \u00a0 \u00a0 \u00a0 \u00a0<\/span><\/p>\n<p style=\"text-align: justify;\"><span style=\"font-weight: 400;\">L\u2019institut Sant Elm vol ser un centre d\u2019 ESO i Batxillerat \u00a0amb un projecte educatiu propi i singular que sigui referent en l\u2019\u00e0mbit de la inclusi\u00f3; \u00a0potenciant la integraci\u00f3, la coeducaci\u00f3, la solidaritat i la toler\u00e0ncia de tot l\u2019alumnat i produint \u00a0la transfer\u00e8ncia del coneixement, assegurant la continu\u00eftat formativa de tots els alumnes. <\/span><\/p>\n<p style=\"text-align: justify;\"><span style=\"font-weight: 400;\">El centre educa des del desenvolupament i l\u2019\u00fas de la creativitat realitzant activitats que tinguin incid\u00e8ncia en l\u2019entorn i col\u00b7laborant i promovent activitats art\u00edstiques.<\/span><\/p>\n<p><a href=\"https:\/\/agora.xtec.cat\/ies-santelm\/wp-content\/uploads\/usu1365\/2025\/11\/ORGANIGRAMA-25_26.pdf\"><img loading=\"lazy\" decoding=\"async\" class=\"aligncenter wp-image-4689 size-medium\" src=\"https:\/\/agora.xtec.cat\/ies-santelm\/wp-content\/uploads\/usu1365\/2025\/11\/Captura-de-pantalla-2025-11-20-095049-300x188.png\" alt=\"\" width=\"300\" height=\"188\" srcset=\"https:\/\/agora.xtec.cat\/ies-santelm\/wp-content\/uploads\/usu1365\/2025\/11\/Captura-de-pantalla-2025-11-20-095049-300x188.png 300w, https:\/\/agora.xtec.cat\/ies-santelm\/wp-content\/uploads\/usu1365\/2025\/11\/Captura-de-pantalla-2025-11-20-095049-1024x640.png 1024w, https:\/\/agora.xtec.cat\/ies-santelm\/wp-content\/uploads\/usu1365\/2025\/11\/Captura-de-pantalla-2025-11-20-095049-768x480.png 768w, https:\/\/agora.xtec.cat\/ies-santelm\/wp-content\/uploads\/usu1365\/2025\/11\/Captura-de-pantalla-2025-11-20-095049.png 1185w\" sizes=\"auto, (max-width: 300px) 100vw, 300px\" \/><\/a><a href=\"https:\/\/agora.xtec.cat\/ies-santelm\/wp-content\/uploads\/usu1365\/2025\/11\/ORGANIGRAMA-25_26.pdf\">ORGANIGRAMA 25_26<\/a><\/p>\n<p>&nbsp;<\/p>\n","protected":false},"excerpt":{"rendered":"<p>Un institut p\u00fablic d\u2019ensenyament secundari amb poques l\u00ednies i un tracte personalitzat i familiar, situat en un un entorn privilegiat. L\u2019institut Sant Elm t\u00e9 com a objectiu contribuir al desenvolupament integral de l\u2019alumne\/a garantint la igualtat d\u2019oportunitats a trav\u00e9s de la consolidaci\u00f3 d\u2019un ensenyament de qualitat i adaptat als canvis tecnol\u00f2gics i als requeriments socials.\u00a0 [&hellip;]<\/p>\n","protected":false},"author":1,"featured_media":0,"parent":19,"menu_order":0,"comment_status":"closed","ping_status":"closed","template":"","meta":{"_bbp_topic_count":0,"_bbp_reply_count":0,"_bbp_total_topic_count":0,"_bbp_total_reply_count":0,"_bbp_voice_count":0,"_bbp_anonymous_reply_count":0,"_bbp_topic_count_hidden":0,"_bbp_reply_count_hidden":0,"_bbp_forum_subforum_count":0,"site-sidebar-layout":"default","site-content-layout":"","ast-site-content-layout":"default","site-content-style":"default","site-sidebar-style":"default","ast-global-header-display":"","ast-banner-title-visibility":"","ast-main-header-display":"","ast-hfb-above-header-display":"","ast-hfb-below-header-display":"","ast-hfb-mobile-header-display":"","site-post-title":"","ast-breadcrumbs-content":"","ast-featured-img":"","footer-sml-layout":"","theme-transparent-header-meta":"default","adv-header-id-meta":"","stick-header-meta":"","header-above-stick-meta":"","header-main-stick-meta":"","header-below-stick-meta":"","astra-migrate-meta-layouts":"set","ast-page-background-enabled":"default","ast-page-background-meta":{"desktop":{"background-color":"var(--ast-global-color-4)","background-image":"","background-repeat":"repeat","background-position":"center center","background-size":"auto","background-attachment":"scroll","background-type":"","background-media":"","overlay-type":"","overlay-color":"","overlay-opacity":"","overlay-gradient":""},"tablet":{"background-color":"","background-image":"","background-repeat":"repeat","background-position":"center center","background-size":"auto","background-attachment":"scroll","background-type":"","background-media":"","overlay-type":"","overlay-color":"","overlay-opacity":"","overlay-gradient":""},"mobile":{"background-color":"","background-image":"","background-repeat":"repeat","background-position":"center center","background-size":"auto","background-attachment":"scroll","background-type":"","background-media":"","overlay-type":"","overlay-color":"","overlay-opacity":"","overlay-gradient":""}},"ast-content-background-meta":{"desktop":{"background-color":"var(--ast-global-color-5)","background-image":"","background-repeat":"repeat","background-position":"center center","background-size":"auto","background-attachment":"scroll","background-type":"","background-media":"","overlay-type":"","overlay-color":"","overlay-opacity":"","overlay-gradient":""},"tablet":{"background-color":"var(--ast-global-color-5)","background-image":"","background-repeat":"repeat","background-position":"center center","background-size":"auto","background-attachment":"scroll","background-type":"","background-media":"","overlay-type":"","overlay-color":"","overlay-opacity":"","overlay-gradient":""},"mobile":{"background-color":"var(--ast-global-color-5)","background-image":"","background-repeat":"repeat","background-position":"center center","background-size":"auto","background-attachment":"scroll","background-type":"","background-media":"","overlay-type":"","overlay-color":"","overlay-opacity":"","overlay-gradient":""}},"footnotes":""},"class_list":["post-1688","page","type-page","status-publish","hentry"],"post_mailing_queue_ids":[],"_links":{"self":[{"href":"https:\/\/agora.xtec.cat\/ies-santelm\/wp-json\/wp\/v2\/pages\/1688","targetHints":{"allow":["GET"]}}],"collection":[{"href":"https:\/\/agora.xtec.cat\/ies-santelm\/wp-json\/wp\/v2\/pages"}],"about":[{"href":"https:\/\/agora.xtec.cat\/ies-santelm\/wp-json\/wp\/v2\/types\/page"}],"author":[{"embeddable":true,"href":"https:\/\/agora.xtec.cat\/ies-santelm\/wp-json\/wp\/v2\/users\/1"}],"replies":[{"embeddable":true,"href":"https:\/\/agora.xtec.cat\/ies-santelm\/wp-json\/wp\/v2\/comments?post=1688"}],"version-history":[{"count":7,"href":"https:\/\/agora.xtec.cat\/ies-santelm\/wp-json\/wp\/v2\/pages\/1688\/revisions"}],"predecessor-version":[{"id":4832,"href":"https:\/\/agora.xtec.cat\/ies-santelm\/wp-json\/wp\/v2\/pages\/1688\/revisions\/4832"}],"up":[{"embeddable":true,"href":"https:\/\/agora.xtec.cat\/ies-santelm\/wp-json\/wp\/v2\/pages\/19"}],"wp:attachment":[{"href":"https:\/\/agora.xtec.cat\/ies-santelm\/wp-json\/wp\/v2\/media?parent=1688"}],"curies":[{"name":"wp","href":"https:\/\/api.w.org\/{rel}","templated":true}]}}