{"id":864,"date":"2017-10-06T10:39:05","date_gmt":"2017-10-06T08:39:05","guid":{"rendered":"http:\/\/agora.xtec.cat\/ies-santa-eulalia\/?page_id=864"},"modified":"2026-04-10T11:46:38","modified_gmt":"2026-04-10T09:46:38","slug":"van-estudiar-aqui","status":"publish","type":"page","link":"https:\/\/agora.xtec.cat\/ies-santa-eulalia\/linstitut\/historia\/van-estudiar-aqui\/","title":{"rendered":"Van estudiar aqu\u00ed&#8230;"},"content":{"rendered":"<p>Si vols fer-nos saber la teva experi\u00e8ncia i records de l&#8217;institut, la teva formaci\u00f3 acad\u00e8mica posterior, la teva experi\u00e8ncia professional&#8230; escriu-nos a <a href=\"mailto:comissioweb@institutsantaeulalia.cat\">comissioweb@institutsantaeulalia.cat<\/a><\/p>\n<p>Molts antics alumnes van col\u00b7laborar en les celebracions del Cinquantenari i van intervenir en les Taules Rodones que es van celebrar entorn de les diverses branques professionals. D&#8217;altres van fer arribar les seves paraules, els seus records i la seva experi\u00e8ncia per al llibre commemoratiu. Altres participen regularment o ocasionalment en les xerrades informatives que es fan a les successives promocions d&#8217;alumnes de Batxillerat.<\/p>\n<p>No cal que surtis a la premsa per\u00f2 les teves explicacions, records o comentaris seran sempre estimats i benvinguts. I poden\u00a0ser \u00fatils per a l&#8217;alumnat actual i futur.<\/p>\n<p>Vegeu-ne aqu\u00ed una mostra, amb el nostre agra\u00efment:<\/p>\n<div>\n<table border=\"1\" cellspacing=\"0\">\n<tbody>\n<tr>\n<td style=\"width: 126px;\"><img decoding=\"async\" src=\"https:\/\/uepmallorca.app\/wp-content\/uploads\/2025\/10\/02-Santacana.jpg\" alt=\"Carles Santacana: \u201cEl franquisme va imposar una identitat\u201d\" \/><\/td>\n<td style=\"width: 697px;\"><strong><span style=\"color: #000000;\">Carles Santacana<\/span><\/strong><span style=\"color: #000000;\">Director del Departament d\u2019Hist\u00f2ria Contempor\u00e0nia de la Universitat de Barcelona.<\/span><br \/>\n<span style=\"color: #000000;\"> Ha publicat una vintena de llibres, sobre les seves recerques: franquisme a l&#8217;Hospitalet, hist\u00f2ria cultural, hist\u00f2ria social de l&#8217;esport, el paper cultural i pol\u00edtic del Futbol Club Barcelona en el tardofranquisme i la transici\u00f3&#8230;<\/span><br \/>\n<span style=\"color: #000000;\"> \u00c9s membre de l&#8217;Ateneu Barcelon\u00e8s, del Centre d&#8217;Estudis de l&#8217;Hospitalet (CEL&#8217;H) i del Grup d&#8217;Estudis d&#8217;hist\u00f2ria de la cultura i dels intel\u00b7lectuals, que publica la revista Cercles.<\/span><\/td>\n<\/tr>\n<\/tbody>\n<\/table>\n<\/div>\n<div>\n<table style=\"width: 100%;\" border=\"1\" cellspacing=\"0\">\n<tbody>\n<tr>\n<td style=\"width: 15.9523%;\"><img decoding=\"async\" src=\"https:\/\/i.ytimg.com\/vi\/CXyClXHuSWM\/hq720.jpg?sqp=-oaymwEhCK4FEIIDSFryq4qpAxMIARUAAAAAGAElAADIQj0AgKJD&amp;rs=AOn4CLAvkQQ7vG2ZWRMu6PyCgQGG5XvWpA\" alt=\"LA MILLA D\u2019OR | Toni Albir\" \/><\/td>\n<td style=\"width: 83.8096%;\"><strong>Toni Albir<\/strong><span style=\"color: #000000;\">Va heretar l&#8217;afici\u00f3 del pare, fot\u00f2graf amateur, i es va anar formant de manera<\/span> autodidacte.<br \/>\nVa comen\u00e7ar a treballar en batejos i comunions i a publicar alguna fotografia en mitjans de comunicaci\u00f3, fins que va entrar a treballar a l&#8217;ag\u00e8ncia EFE. Des d&#8217;aleshores ha fotografiat tota classe d&#8217;esdeveniments i les seves imatges s\u00f3n habituals en premsa.<\/p>\n<p>L&#8217;any 2014 va ser un dels 31 fot\u00f2grafs que van participar en l&#8217;exposici\u00f3 1 dia \/ 1 foto, que s&#8217;ha anat veient arreu, al llarg del 2015. Aqu\u00ed teniu\u00a0una de les seves\u00a0<a href=\"https:\/\/www.youtube.com\/watch?v=CXyClXHuSWM\">fotografies\u00a0<\/a>\u00a0per a\u00a0<a href=\"http:\/\/www.eltemps.cat\/ca\/notices\/2015\/01\/catalunya-en-365-clics-7797.php\">l&#8217;exposici\u00f3<\/a>.<\/td>\n<\/tr>\n<\/tbody>\n<\/table>\n<\/div>\n<div>\n<table style=\"height: 305px;\" border=\"1\" cellspacing=\"0\">\n<tbody>\n<tr style=\"height: 305px;\">\n<td style=\"width: 135px; height: 305px;\">\n<div><a href=\"https:\/\/agora.xtec.cat\/ies-santa-eulalia\/wp-content\/uploads\/usu1612\/2019\/05\/foto_azanon.jpg\"><img loading=\"lazy\" decoding=\"async\" class=\"alignnone size-full wp-image-4252\" src=\"https:\/\/agora.xtec.cat\/ies-santa-eulalia\/wp-content\/uploads\/usu1612\/2019\/05\/foto_azanon.jpg\" alt=\"\" width=\"425\" height=\"425\" \/><\/a><\/div>\n<\/td>\n<td style=\"width: 688px; height: 305px;\"><strong>Elena Aza\u00f1\u00f3n<\/strong>(promoci\u00f3 2000)<\/p>\n<p>Professora de Psicologia B\u00e0sica a la Universitat de Barcelona.Un equip d\u2019investigadors de la Universitat de Barcelona (UB), la Universitat Pompeu Fabra (UPF) i la University College London (UCL) -entre els quals la nostra companya i alumna Elena Aza\u00f1\u00f3n- ha aconseguit localitzar per primer cop l\u2019\u00e0rea cerebral responsable d\u2019integrar la reacci\u00f3 ocular davant d\u2019un est\u00edmul t\u00e0ctil amb la reacci\u00f3 motora del nostre cos.<\/p>\n<p>Aquest estudi, que ha dif\u00f3s la prestigiosa publicaci\u00f3 especialitzada\u00a0Current Biology, ajudar\u00e0 a comprendre millor les s\u00edndromes de desorientaci\u00f3 respecte al cos.<br \/>\n<a href=\"http:\/\/www.ub.edu\/web\/ub\/ca\/menu_eines\/noticies\/2010\/07\/39.html\">http:\/\/www.ub.edu\/web\/ub\/ca\/menu_eines\/noticies\/2010\/07\/39.html<\/a><\/td>\n<\/tr>\n<\/tbody>\n<\/table>\n<\/div>\n<div>\n<div>\n<table border=\"1\" cellspacing=\"0\">\n<tbody>\n<tr>\n<td style=\"width: 140px;\">\n<div><\/div>\n<div><a href=\"https:\/\/agora.xtec.cat\/ies-santa-eulalia\/wp-content\/uploads\/usu1612\/2019\/05\/doctor_jaume_masia_670x500-e1557317529738.jpg\"><img loading=\"lazy\" decoding=\"async\" class=\"alignnone size-full wp-image-4253\" src=\"https:\/\/agora.xtec.cat\/ies-santa-eulalia\/wp-content\/uploads\/usu1612\/2019\/05\/doctor_jaume_masia_670x500-e1557317529738.jpg\" alt=\"\" width=\"300\" height=\"224\" \/><\/a><\/div>\n<\/td>\n<td style=\"width: 683px;\"><strong><span style=\"color: #000000;\">Jaume Masi\u00e0<\/span><\/strong><span style=\"color: #000000;\">Llicenciat en Medicina i Cirurgia per la\u00a0UB, \u00e9s director del Servei de Cirurgia Pl\u00e0stica i Reparadora de l\u2019Hospital de la Santa Creu i\u00a0Sant Pau i director de la Unitat de\u00a0Reconstrucci\u00f3 mam\u00e0ria avan\u00e7ada i microcirurgia\u00a0de la Cl\u00ednica Planas.<\/span><\/p>\n<p><span style=\"color: #000000;\">Professor del Departament de Cirurgia de la UAB, ha estat escollit\u00a0l&#8217;any 2011 president de la\u00a0Sociedad Espa\u00f1ola de Cirug\u00eda Pl\u00e1stica, Reparadora y Est\u00e9tica\u00a0(SECPRE).<\/span><\/p>\n<p><a href=\"http:\/\/www.jaumemasia.com\/contenido\/10\/curriculum-jaume-masia\">http:\/\/www.jaumemasia.com\/contenido\/10\/curriculum-jaume-masia<\/a><\/td>\n<\/tr>\n<\/tbody>\n<\/table>\n<\/div>\n<\/div>\n<div>\n<table border=\"1\" cellspacing=\"0\">\n<tbody>\n<tr>\n<td style=\"width: 139px;\">\n<div><\/div>\n<div><\/div>\n<\/td>\n<td style=\"width: 684px;\"><strong><span style=\"color: #000000;\">Cristina Pulido<\/span><\/strong><span style=\"color: #000000;\">&#8220;Vull ser odont\u00f2loga&#8221;, proclamava Cristina Pulido a\u00a0El Periodico\u00a0el juny de 1999, despr\u00e9s d&#8217;haver aconseguit la millor nota de Barcelona en la selectivitat. Per\u00f2, com va dir John Lenon, la vida \u00e9s el que ens va passant mentre ens dediquem a fer altres coses. &#8220;De seguida em vaig adonar que la carrera no m&#8217;agradava prou. M&#8217;havia equivocat. Va ser dur&#8221;, recorda ara en la seva acad\u00e8mia, a un cop de roc del Camp Nou, on d\u00f3na classes de refor\u00e7 a estudiants universitaris de ci\u00e8ncies.<\/span><\/p>\n<p><a href=\"http:\/\/www.elperiodico.cat\/ca\/noticias\/societat\/son-temps-facils-tampoc-van-ser-per-cristina-pulido-1061128\">http:\/\/www.elperiodico.cat\/ca\/noticias\/societat\/son-temps-facils-tampoc-van-ser-per-cristina-pulido-1061128<\/a><\/td>\n<\/tr>\n<\/tbody>\n<\/table>\n<\/div>\n<div><\/div>\n<div>\n<table border=\"1\" cellspacing=\"0\">\n<tbody>\n<tr>\n<td>\n<div><\/div>\n<div><a href=\"https:\/\/sites.google.com\/site\/institutsantaeulaliaweb\/antics-alumnes\/mill%C3%A1n.png?attredirects=0\"><img loading=\"lazy\" decoding=\"async\" src=\"https:\/\/sites.google.com\/site\/institutsantaeulaliaweb\/_\/rsrc\/1506591452527\/antics-alumnes\/mill%C3%A1n.png?height=200&amp;width=200\" width=\"200\" height=\"200\" border=\"0\" \/><\/a><\/div>\n<\/td>\n<td><span style=\"color: #000000;\"><strong>Sergi Mill\u00e1n<\/strong> (promoci\u00f3 2002)<\/span><span style=\"color: #000000;\">Ha cursat simult\u00e0niament Matem\u00e0tiques i Enginyeria de Camins, Canals i Ports a la UPC i al CFIS.<\/span><\/p>\n<p><span style=\"color: #000000;\">&#8220;El 2006 va marxar a Par\u00eds a acabar els estudis. Hi feien l&#8217;especialitat de transports que li interessava. La seva idea d&#8217;estada a Fran\u00e7a era provisional per\u00f2 les coses li van anar sortint b\u00e9 i va decidir fer-hi el doctorat. Ara fa la tesi sobre models de previsi\u00f3 de demanda en una empresa d&#8217;autopistes. T\u00e9 al davant un any de feina i despr\u00e9s s&#8217;haur\u00e0 de plantejar el futur. S&#8217;acosta un moment decisiu.\u00a0Fins ara no he hagut de buscar res, tot m&#8217;ha anat lligat, explica&#8221;: (Diari Ara, 30 de juny de 2012)<\/span><\/p>\n<p><a href=\"http:\/\/tutoria2nbatxillerat.files.wordpress.com\/2012\/07\/%2020120630taxes%20universitacc80\">h<u><\/u><\/a><u><a href=\"http:\/\/tutoria2nbatxillerat.files.wordpress.com\/2012\/07\/%2020120630taxes%20universitacc80\">http:\/\/tutoria2nbatxillerat.files.wordpress.com\/2012\/07\/ 20120630taxes universitacc80<\/a>riesiselectivitat.pdf<\/u><\/p>\n<p><span style=\"color: #000000;\">El maig-juny de 2012, aprofitant una estada a casa seva, va accedir a participar en unes xerrades d&#8217;orientaci\u00f3 a l&#8217;institut per als alumnes de 2n de Batxillerat que acabaven aquell curs el seu Batxillerat.<\/span><\/td>\n<\/tr>\n<\/tbody>\n<\/table>\n<\/div>\n<div>\n<table border=\"1\" cellspacing=\"0\">\n<tbody>\n<tr>\n<td><a href=\"https:\/\/sites.google.com\/site\/institutsantaeulaliaweb\/antics-alumnes\/reixach.jpg?attredirects=0\"><img decoding=\"async\" src=\"https:\/\/sites.google.com\/site\/institutsantaeulaliaweb\/_\/rsrc\/1506591452528\/antics-alumnes\/reixach.jpg\" border=\"0\" \/><\/a><\/td>\n<td><span style=\"color: #000000;\">Berta Reixach<\/span><span style=\"color: #000000;\">(promoci\u00f3 2000)<\/span><\/p>\n<p><span style=\"color: #000000;\">Llicenciada en Humanitats per la Universitat Pompeu Fabra, ha cursat estudis de teatre, dansa i ballet cl\u00e0ssic, interpretaci\u00f3, doblatge, guitarra, cant, m\u00e0scara, comedia dell&#8217;Arte, pantomima&#8230; en diverses escoles i a l&#8217;Institut del Teatre.Mentre estudiava va participar en concursos i festivals d&#8217;\u00e0mbit universitari. Ha\u00a0col\u00b7laborat\u00a0en s\u00e8ries de televisi\u00f3 (diversos cap\u00edtols de\u00a0Gavilanes, La Riera&#8230;), al curtmetratge\u00a0Alba significa ren\u00e9ixer, a les pel\u00b7l\u00edcules\u00a0Dies d&#8217;agost, de Marc Recha,\u00a0\u00c9s quan dormo que hi veig clar, de Marcel Joan i en diverses obres teatrals. Actualment treballa dins del grup Magatzem d&#8217;Ars, a Barcelona.<\/span><\/td>\n<\/tr>\n<\/tbody>\n<\/table>\n<table border=\"1\" cellspacing=\"0\">\n<tbody>\n<tr>\n<td>\n<div><\/div>\n<div><a href=\"https:\/\/sites.google.com\/site\/institutsantaeulaliaweb\/antics-alumnes\/illgen.png?attredirects=0\"><img decoding=\"async\" src=\"https:\/\/sites.google.com\/site\/institutsantaeulaliaweb\/_\/rsrc\/1506591452527\/antics-alumnes\/illgen.png\" border=\"0\" \/><\/a><\/div>\n<\/td>\n<td>Arantxa Illgen(promoci\u00f3 1996)<\/p>\n<p>Llicenciada en Filologia Cl\u00e0ssica per la UB (2003) i Diploma d\u2019Estudis Avan\u00e7ats (DEA 2006), ha exercit com a docent investigadora del Departament de Grec de la Facultat de Filologia, i actualment segueix combinant els estudis de doctorat amb la dedicaci\u00f3 a l\u2019ensenyament de les Lleng\u00fces Cl\u00e0ssiques a Secund\u00e0ria. Parla i coneix b\u00e9 el grec modern, l\u2019alemany, l&#8217;angl\u00e8s i una mica d\u2019itali\u00e0.<\/p>\n<p>El setembre del 2001 va participar en el projecte d&#8217;intercanvi amb l&#8217;Institut grec de Nea Moud\u00e0nia (Maced\u00f2nia, Gr\u00e8cia) que es va dur a terme al Santa Eul\u00e0lia sota la tutel\u00b7la de les professores Carme Llitj\u00f3s i Maite Canicio, i arran d&#8217;aquests primers contactes amb Gr\u00e8cia, ha continuat les seves l\u00ednies de recerca en l\u2019\u00e0mbit del grec medieval i bizant\u00ed, i ha participat en els cursos d\u2019estiu de Llengua i Literatura Neogrega de la Universitat d&#8217;Atenes i de l&#8217;Institut d&#8217;Estudis Balc\u00e0nics (IMXA) de Tessal\u00f2nica.<br \/>\n&#8220;Per la meva vocaci\u00f3 per les lletres i les lleng\u00fces cl\u00e0ssiques, vaig fer el batxillerat human\u00edstic, i d&#8217;aquesta etapa a l&#8217;institut, recordo amb especial estima i afecte les fant\u00e0stiques classes de Llat\u00ed de la professora Josefina Vidal\u201d.<\/td>\n<\/tr>\n<\/tbody>\n<\/table>\n<\/div>\n<div>\n<table border=\"1\" cellspacing=\"0\">\n<tbody>\n<tr>\n<td>\n<div><a href=\"https:\/\/agora.xtec.cat\/ies-santa-eulalia\/wp-content\/uploads\/usu1612\/2019\/05\/plensa-e1557317998161.jpg\"><img loading=\"lazy\" decoding=\"async\" class=\"alignnone size-large wp-image-4255\" src=\"https:\/\/agora.xtec.cat\/ies-santa-eulalia\/wp-content\/uploads\/usu1612\/2019\/05\/plensa-1024x683.jpg\" alt=\"\" width=\"1024\" height=\"683\" \/><\/a><\/div>\n<\/td>\n<td><strong><span style=\"color: #000000;\">Jaume Plensa<\/span><\/strong><span style=\"color: #000000;\">Nascut el 1955, va trepitjar les nostres aules alguns anys durant el seu batxillerat, amb les primeres promocions de l&#8217;institut. Despr\u00e9s va estudiar a Llotja i a l&#8217;Escola de Belles Arts Sant Jordi.<\/span><\/p>\n<p><span style=\"color: #000000;\">Ha exposat la seva obra arreu del m\u00f3n i tamb\u00e9 treballa en una escultura per a la ciutat de Barcelona.Malgrat la monumentalitat d\u2019algunes de les seves escultures -que insisteixen en el silenci i l&#8217;espiritualitat, els alfabets i les paraules, el cos hum\u00e0 i el m\u00f3n interior&#8230;-, sempre hi busca l\u2019austeritat:\u00a0Has de fer una ampolla tan pura com puguis perqu\u00e8 protegeixi el paper durant el viatge, per\u00f2 sense perdre de vista que l\u2019important \u00e9s el missatge que cont\u00e9.<\/span><\/td>\n<\/tr>\n<\/tbody>\n<\/table>\n<\/div>\n<div><\/div>\n<div>\n<table border=\"1\" cellspacing=\"0\">\n<tbody>\n<tr>\n<td>\n<div><a href=\"https:\/\/sites.google.com\/site\/institutsantaeulaliaweb\/antics-alumnes\/sanmartin%20bis.jpg?attredirects=0\"><img loading=\"lazy\" decoding=\"async\" src=\"https:\/\/sites.google.com\/site\/institutsantaeulaliaweb\/_\/rsrc\/1506591452528\/antics-alumnes\/sanmartin%20bis.jpg?height=145&amp;width=200\" width=\"200\" height=\"145\" border=\"0\" \/><\/a><\/div>\n<\/td>\n<td><strong><span style=\"color: #000000;\">Ramon Sanmart\u00edn<\/span><\/strong><span style=\"color: #000000;\">Van ser quatre anys que es van fer molt curts. Vaig ser un dels alumnes als quals els va tocar la transici\u00f3 BUP-Batxillerat. [&#8230;]<\/span><\/p>\n<p><span style=\"color: #000000;\">Tenia molt clar que, si podia, volia entrar a la carrera de Medicina. Despr\u00e9s de 6 anys de carrera, vaig fer l\u2019examen MIR i vaig comen\u00e7ar a\u00a0treballar com a Metge Resident a Germans Trias i Pujol (Badalona) en l\u2019especialitat de Medicina Interna. L\u2019any passat vaig acabar aquest per\u00edode de 5 anys en els quals he rigut, he plorat, he apr\u00e8s i he crescut com a metge i com a persona. Ha estat una altra etapa m\u00e9s, com la que vaig passar al Copem.<\/span><\/p>\n<p><span style=\"color: #000000;\">Que tingueu sort en el que volgueu ser, en la vida, en la feina i com a persones! \u00a0 \u00a0 \u00a0 \u00a0 \u00a0 \u00a0\u00a0 \u00a0<\/span><\/p>\n<p>(<a href=\"https:\/\/docs.google.com\/file\/d\/0B2ER6DZ_mnOWTVE3V0s2QjR5NDQ\/edit?usp=sharing\">vull llegir el text sencer<\/a>)<\/td>\n<\/tr>\n<\/tbody>\n<\/table>\n<\/div>\n<div><\/div>\n<div>\n<table style=\"width: 100%;\" border=\"1\" cellspacing=\"0\">\n<tbody>\n<tr>\n<td style=\"width: 21.4286%;\"><a href=\"https:\/\/sites.google.com\/site\/institutsantaeulaliaweb\/antics-alumnes\/Lorena%20Sanchez.jpg?attredirects=0\"><img loading=\"lazy\" decoding=\"async\" src=\"https:\/\/sites.google.com\/site\/institutsantaeulaliaweb\/_\/rsrc\/1506591452527\/antics-alumnes\/Lorena%20Sanchez.jpg?height=133&amp;width=200\" width=\"200\" height=\"133\" border=\"0\" \/><\/a><\/td>\n<td style=\"width: 78.3333%;\"><strong>Lorena S\u00e1nchez<\/strong> (promoci\u00f3 1997)Un cop llicenciada en Administraci\u00f3 i Direcci\u00f3 d&#8217;Empreses a la\u00a0Universitat de Barcelona l&#8217;any 2002,\u00a0va comen\u00e7ar a fer pr\u00e0ctiques a la\u00a0Fundaci\u00f3 Polit\u00e8cnica de Catalunya i al 2003 entr\u00e0 a formar\u00a0part del Grup Volkswagen.\u00a0Mentre treballava al departament de Compres de SEAT, paral\u00b7lelament\u00a0estudiava alemany. Al cap de cinc anys tenia el t\u00edtol de\u00a0l&#8217;Escola Oficial d&#8217;Idiomes.<br \/>\nAl 2007 va passar a treballar a Volkswagen-Audi Espa\u00f1a, al\u00a0departament de Compres, com a comprador senior.Tinc molt contacte internacional (viatjo sovint a Alemania) i he participat en diversos projectes internacionals per a la implantaci\u00f3 d&#8217;eines\u00a0inform\u00e0tiques consorcials.S\u00f3c responsable de la gesti\u00f3 de les compres de mitjans, ag\u00e8ncies creatives, estudis de mercat i events a Volkswagen-Audi Espa\u00f1a, amb un volum de gesti\u00f3 anual de m\u00e9s de 100 milions d\u2019euros.<\/p>\n<p>Fa tres anys es va casar amb\u00a0Ricardo Vilar, un altre estudiant de l\u2019institut Santa Eul\u00e0lia.\u00a0Encara no tenim fills per\u00f2 tot arribar\u00e0.<\/td>\n<\/tr>\n<\/tbody>\n<\/table>\n<table style=\"width: 789px;\" border=\"1\" cellspacing=\"0\">\n<tbody>\n<tr>\n<td style=\"width: 176px;\">\n<div><\/div>\n<div><a href=\"https:\/\/agora.xtec.cat\/ies-santa-eulalia\/wp-content\/uploads\/usu1612\/2019\/05\/LuisFernandezZaurin-copia-e1557318172910.jpg\"><img loading=\"lazy\" decoding=\"async\" class=\"alignnone size-full wp-image-4258\" src=\"https:\/\/agora.xtec.cat\/ies-santa-eulalia\/wp-content\/uploads\/usu1612\/2019\/05\/LuisFernandezZaurin-copia-e1557318172910.jpg\" alt=\"\" width=\"300\" height=\"239\" \/><\/a><\/div>\n<\/td>\n<td style=\"width: 613px;\"><strong><span style=\"color: #000000;\">Llu\u00eds Fern\u00e1ndez Zaur\u00edn\u00a0<\/span><\/strong><span style=\"color: #000000;\">(promoci\u00f3 1984)<\/span><span style=\"color: #000000;\">S\u00f3c periodista i escriptor. Com a periodista cultural i de societat he treballat a La Vanguardia i col\u00b7laborat a El Pa\u00eds i a la major part dels diaris de l\u2019Estat. Tamb\u00e9 col\u00b7laboro des de fa anys a la revista El Ciervo i a d\u2019altres publicacions culturals. Pel que fa al periodisme de viatges he escrit per a la revista Geo, per Alta\u00efr, Ronda Iberia, Paisajes desde el tren i d\u2019altres publicacions de prestigi del sector.<\/span><\/p>\n<p><span style=\"color: #000000;\">Entre d\u2019altres llibres he publicat\u00a0Y t\u00fa de qu\u00e9 trabajas, sobre la precarietat de la feina dels joves o\u00a0Camar\u00f3n, biograf\u00eda de un mito, llibre que va donar lloc a la pel\u00b7l\u00edcula que va protagonitzar \u00d3scar Jaenada.<\/span><\/p>\n<p><span style=\"color: #000000;\">Actualment combino la meva feina al departament d\u2019Educaci\u00f3 de l\u2019Ajuntament de l\u2019Hospitalet amb tasques period\u00edstiques i liter\u00e0ries.<\/span><\/td>\n<\/tr>\n<\/tbody>\n<\/table>\n<\/div>\n<div><\/div>\n<div>\n<table style=\"width: 100%;\" border=\"1\" cellspacing=\"0\">\n<tbody>\n<tr>\n<td style=\"width: 18.3333%;\">\n<div><\/div>\n<p><a href=\"https:\/\/sites.google.com\/site\/institutsantaeulaliaweb\/antics-alumnes\/ivanmacia.jpg?attredirects=0\"><img decoding=\"async\" src=\"https:\/\/sites.google.com\/site\/institutsantaeulaliaweb\/_\/rsrc\/1506591452527\/antics-alumnes\/ivanmacia.jpg\" border=\"0\" \/><\/a><\/td>\n<td style=\"width: 81.4286%;\">\n<div>\n<p>Ivan Mac\u00eda Vidueira<\/p>\n<p>(promoci\u00f3 1998)<\/p>\n<p>Metge especialista en Cirurgia Tor\u00e0cica a l\u2019Hospital Universitari de Bellvitge i\u00a0 professor associat d\u2019Anatomia a l\u2019Escola Universit\u00e0ria d\u2019Infermeria de la Universitat de Barcelona.<\/p>\n<p>Del meu pas per l\u2019institut Santa Eul\u00e0lia tinc grans records. Em va permetre con\u00e8ixer amics molt especials i tinc la sort de poder gaudir amb ells molt sovint i que siguin part de la meva fam\u00edlia.\u00a0Des del punt de vista docent, crec que vaig poder aprendre de professors de gran v\u00e0lua. El nivell impartit a les classes era molt alt i aix\u00f2 \u00e9s molt bo, i es demostra veient com de lluny han arribat molts dels alumnes del COPEM.No nom\u00e9s el contingut te\u00f2ric i pr\u00e0ctic, els valors de serietat, humilitat, const\u00e0ncia que ens van ensenyar, amb les classes, ens va ajudar a cr\u00e9ixer com a persones.<\/p>\n<\/div>\n<div><i>(<a href=\"https:\/\/docs.google.com\/file\/d\/0B2ER6DZ_mnOWTnhnT3BXaUNzbFk\/edit\">Vull llegir el text sencer)\u00a0<\/a><\/i><\/div>\n<\/td>\n<\/tr>\n<\/tbody>\n<\/table>\n<\/div>\n<div><\/div>\n<div>\n<table style=\"width: 100%;\" border=\"1\" cellspacing=\"0\">\n<tbody>\n<tr>\n<td style=\"width: 19.4048%;\">\u00a0<b>\u00a0<\/b><a href=\"https:\/\/agora.xtec.cat\/ies-santa-eulalia\/wp-content\/uploads\/usu1612\/2019\/05\/Luis-Campo-Vidal.jpg\"><img loading=\"lazy\" decoding=\"async\" class=\" wp-image-4262\" src=\"https:\/\/agora.xtec.cat\/ies-santa-eulalia\/wp-content\/uploads\/usu1612\/2019\/05\/Luis-Campo-Vidal.jpg\" alt=\"\" width=\"166\" height=\"132\" \/><\/a><\/p>\n<div><\/div>\n<\/td>\n<td style=\"width: 80.3571%;\"><strong>Llu\u00eds Campo Vidal<\/strong>Ell i el seu germ\u00e0 havien nascut a Camporrells (comarca de la llitera, Osca), i van arribar amb la seva fam\u00edlia al barri d\u2019Almeda, de Cornell\u00e0, el 1960. El\u00a0Copem\u00a0era l\u2019\u00fanic institut de la comarca i \u00e9s on venien a estudiar Batxillerat.<\/p>\n<p>Enginyer de professi\u00f3, s\u2019ha dedicat a la TV i a les comunicacions, sempre darrere les c\u00e0meres. Ha participat en diversos projectes aqu\u00ed i fora d\u2019aqu\u00ed (Canal Sat\u00e9lite Digital, Antena 3 internacional, entre d\u2019altres).<\/p>\n<p>En els darrers temps ha esdevingut escriptor de novel\u00b7les, centrades en una protagonista femenina, Alexia Hurtado, nascuda a Cornell\u00e0 i filla d&#8217;immigrants extremenys, una inspectora de car\u00e0cter.<\/td>\n<\/tr>\n<\/tbody>\n<\/table>\n<\/div>\n<div><\/div>\n<div>\n<table border=\"1\" cellspacing=\"0\">\n<tbody>\n<tr>\n<td style=\"width: 164px;\">\n<div>\u00a0<a href=\"https:\/\/agora.xtec.cat\/ies-santa-eulalia\/wp-content\/uploads\/usu1612\/2019\/05\/Portada-Manuel-Sanchez-Vidal-e1557318364178.jpg\"><img loading=\"lazy\" decoding=\"async\" class=\"alignnone size-full wp-image-4261\" src=\"https:\/\/agora.xtec.cat\/ies-santa-eulalia\/wp-content\/uploads\/usu1612\/2019\/05\/Portada-Manuel-Sanchez-Vidal-e1557318364178.jpg\" alt=\"\" width=\"300\" height=\"364\" \/><\/a><\/div>\n<div><\/div>\n<\/td>\n<td style=\"width: 659px;\"><strong>Manuel Campo Vidal<\/strong>Com el seu germ\u00e0, venia al\u00a0Copem\u00a0des de Cornell\u00e0 en els primers anys de l\u2019institut. Posteriorment es va fer periodista, enginyer i soci\u00f2leg. Ha dedicat la seva vida professional a la comunicaci\u00f3 (premsa escrita, r\u00e0dio i televisi\u00f3) i actualment \u00e9s President de l\u2019Acad\u00e8mia de la Televisi\u00f3.<br \/>\nDes de les seves primeres cr\u00f2niques a la revista parroquial Almeda, ha presentat m\u00e9s de 2000 informatius, tota mena de programes a la cadena Ser, TVE, Antena 3, RNE&#8230; i va moderar el primer debat electoral que es televisava, el 1993, aquella vegada entre Felipe Gonz\u00e1lez i Jos\u00e9 Maria Aznar. Ha publicat diversos llibres sobre sociologia i comunicaci\u00f3. Sempre atent a la innovaci\u00f3, les transformacions del temps i les iniciatives personals i empresarials, creu profundament en el poder de la comunicaci\u00f3.<\/td>\n<\/tr>\n<\/tbody>\n<\/table>\n<\/div>\n<div>\n<blockquote>\n<div><\/div>\n<div>\n<table style=\"width: 859px;\" border=\"1\" cellspacing=\"0\">\n<tbody>\n<tr>\n<td style=\"width: 114px;\">\n<div><\/div>\n<p><a href=\"https:\/\/sites.google.com\/site\/institutsantaeulaliaweb\/antics-alumnes\/.edgar%20balsa.jpg?attredirects=0\"><img decoding=\"async\" src=\"https:\/\/sites.google.com\/site\/institutsantaeulaliaweb\/_\/rsrc\/1506591452527\/antics-alumnes\/.edgar%20balsa.jpg\" border=\"0\" \/><\/a><\/td>\n<td style=\"width: 743px;\"><span style=\"color: #000000;\">Edgar Balsa<\/span><span style=\"color: #000000;\">Aquest estudiant de Disseny a la Facultat de Belles Arts de Barcelona, i exalumne de l&#8217;institut,\u00a0<\/span><a href=\"http:\/\/www.ub.edu\/carpeta\/anteriors_2013.html\">va dissenyar les carpetes\u00a0<\/a><span style=\"color: #000000;\">de la Universitat de Barcelona que han dut els estudiants durant tot el curs 2012-13, mentre hi estudiava.<\/span><\/p>\n<p><a href=\"http:\/\/www.ub.edu\/carpeta\/anteriors_2013.html\">El seu projecte -amb el nom\u00a0Barcelona Il\u00b7lustrada-<\/a>\u00a0\u00a0<span style=\"color: #000000;\">va resultar guanyador i des d&#8217;aqu\u00ed el felicitem vivament!<\/span><\/p>\n<p><span style=\"color: #000000;\">Enhorabona Edgar!<\/span><\/td>\n<\/tr>\n<\/tbody>\n<\/table>\n<\/div>\n<\/blockquote>\n<\/div>\n<div><\/div>\n<div>\n<table border=\"1\" cellspacing=\"0\">\n<tbody>\n<tr>\n<td><b>\u00a0<\/b><\/p>\n<div><a href=\"https:\/\/sites.google.com\/site\/institutsantaeulaliaweb\/antics-alumnes\/marina%20bl%C3%A0via.jpg?attredirects=0\"><img decoding=\"async\" src=\"https:\/\/sites.google.com\/site\/institutsantaeulaliaweb\/_\/rsrc\/1506591452527\/antics-alumnes\/marina%20bl%C3%A0via.jpg\" border=\"0\" \/><\/a><\/div>\n<div><\/div>\n<\/td>\n<td><span style=\"color: #000000;\">Marina Bl\u00e0via<\/span><br \/>\n<span style=\"color: #000000;\"> (Promoci\u00f3 1979)<\/span><span style=\"color: #000000;\">Les circumst\u00e0ncies m&#8217;han dut a viure lluny d&#8217;aquestes parets, per\u00f2 sempre dur\u00e9 amb mi els companys i professors amb qui vaig compartir els 4 anys de BUP i COU.<\/span><span style=\"color: #000000;\">Aleshores l&#8217;institut es deia COPEM, feia poc que havia obert les portes a les noies, eren els primers anys de la democr\u00e0cia i es respirava un ambient nou.<\/span><span style=\"color: #000000;\">Han passat els anys i suposo que als nois i noies que avui ocupen les aules els far\u00e0 estrany saber que f\u00e8iem, per exemple, llat\u00ed i franc\u00e8s, i no \u00e8tica o angl\u00e8s.<\/span><span style=\"color: #000000;\">Jo em vaig decantar cap a les lletres -tot i que finalment vaig estudiar una carrera t\u00e8cnica: biblioteconomia- i recordo amb especial afecte i admiraci\u00f3 els professors Manuel Grau i Josefina Vidal, els quals em van ensenyar, a m\u00e9s dels continguts tem\u00e0tics pr\u00f2piament dits, lli\u00e7ons impagables sobre com estudiar i aprendre, i com preparar ex\u00e0mens, que encara avui aplico.<\/span><span style=\"color: #000000;\">Moltes gr\u00e0cies a tots els professors per la paci\u00e8ncia i l&#8217;entusiasme, i a tots els companys per l&#8217;amistat i la camaraderia.<\/span><\/td>\n<\/tr>\n<\/tbody>\n<\/table>\n<\/div>\n<div><\/div>\n<div>\n<table border=\"1\" cellspacing=\"0\">\n<tbody>\n<tr>\n<td>\u00a0<a href=\"https:\/\/sites.google.com\/site\/institutsantaeulaliaweb\/home\/sergi.jpg?attredirects=0\"><img decoding=\"async\" src=\"https:\/\/sites.google.com\/site\/institutsantaeulaliaweb\/_\/rsrc\/1506591673278\/home\/sergi.jpg\" border=\"0\" \/><\/a><\/td>\n<td>Sergio Gonz\u00e1lez, entrenador del Valladolid, ex entrenador de l&#8217;Espanyol.Nascut a l&#8217;Hospitalet, va estudiar primer al Casal dels \u00c0ngels i despr\u00e9s a l&#8217;Institut Santa Eul\u00e0lia. Tant ell com la seva germana Eva i el seu germ\u00e0 Alberto van deixar un bon record entre nosaltres.<\/p>\n<p>Enhorabona Sergi, i endavant!<\/td>\n<td>\u00a0<a href=\"https:\/\/sites.google.com\/site\/institutsantaeulaliaweb\/home\/sergi%204.jpg?attredirects=0\"><img loading=\"lazy\" decoding=\"async\" src=\"https:\/\/sites.google.com\/site\/institutsantaeulaliaweb\/_\/rsrc\/1506591673278\/home\/sergi%204.jpg?height=124&amp;width=200\" width=\"200\" height=\"124\" border=\"0\" \/><\/a><\/td>\n<\/tr>\n<\/tbody>\n<\/table>\n<\/div>\n<blockquote>\n<blockquote>\n<table border=\"1\" cellspacing=\"0\">\n<tbody>\n<tr>\n<td>\u00a0<a href=\"https:\/\/sites.google.com\/site\/institutsantaeulaliaweb\/antics-alumnes\/IMG_6771.JPG?attredirects=0\"><img loading=\"lazy\" decoding=\"async\" src=\"https:\/\/sites.google.com\/site\/institutsantaeulaliaweb\/_\/rsrc\/1506591452527\/antics-alumnes\/IMG_6771.JPG?height=130&amp;width=200\" width=\"200\" height=\"130\" border=\"0\" \/><\/a><\/td>\n<td><span style=\"color: #000000;\">El\u00a0Xavi Hern\u00e1ndez\u00a0i l&#8217;Hayd\u00e9e Rodr\u00edguez\u00a0van ser tots dos alumnes de l&#8217;institut. El Xavi treballa com a inform\u00e0tic al Departament d&#8217;Estad\u00edstica de l&#8217;Hospital de Bellvitge. L&#8217;Hayd\u00e9e, tot i que va estudiar Filologia Hisp\u00e0nica, s&#8217;ha especialitzat en control de qualitat en diferents campanyes d&#8217;Atenci\u00f3 al Client (Gas Natural, Agencia Tribut\u00e0ria&#8230;).<\/span><span style=\"color: #000000;\">Tenim molts records dels anys a l&#8217;institut, amics que encara conservem, professors que ens van marcar&#8230;\u00a0Per aix\u00f2 els seus fills seran tamb\u00e9 un dia alumnes de l&#8217;institut.<\/span><\/td>\n<\/tr>\n<\/tbody>\n<\/table>\n<\/blockquote>\n<\/blockquote>\n<div><\/div>\n<div>\n<table border=\"1\" cellspacing=\"0\">\n<tbody>\n<tr>\n<td style=\"width: 251px;\">\u00a0<a href=\"https:\/\/agora.xtec.cat\/ies-santa-eulalia\/wp-content\/uploads\/usu1612\/2019\/05\/corbacho.jpg\"><img loading=\"lazy\" decoding=\"async\" class=\"alignnone size-full wp-image-4265\" src=\"https:\/\/agora.xtec.cat\/ies-santa-eulalia\/wp-content\/uploads\/usu1612\/2019\/05\/corbacho.jpg\" alt=\"\" width=\"360\" height=\"256\" srcset=\"https:\/\/agora.xtec.cat\/ies-santa-eulalia\/wp-content\/uploads\/usu1612\/2019\/05\/corbacho.jpg 360w, https:\/\/agora.xtec.cat\/ies-santa-eulalia\/wp-content\/uploads\/usu1612\/2019\/05\/corbacho-300x213.jpg 300w\" sizes=\"auto, (max-width: 360px) 100vw, 360px\" \/><\/a><\/td>\n<td style=\"width: 572px;\"><strong>Jos\u00e9 Corbacho<\/strong>Nascut a Santa Eul\u00e0lia,\u00a0Jos\u00e9 Corbacho, a punt de filmar una nova pel\u00b7l\u00edcula a l&#8217;H,\u00a0<em>Incidencias<\/em>, concedeix una\u00a0 <a href=\"http:\/\/www.lhdigital.cat\/c\/document_library\/get_file?uuid=2878f0f5-5b22-4cd7-adb8-05f0e0031162&amp;groupId=10919\" target=\"_blank\" rel=\"nofollow noopener noreferrer\">entrevista al Diari de l&#8217;H<\/a>\u00a0\u00a0\u00a0\u00a0\u00a0\u00a0\u00a0\u00a0\u00a0\u00a0\u00a0:<\/p>\n<p><em>Tengo un amigo que dice que uno es de donde estudi\u00f3 el bachillerato. Yo estudi\u00e9 en el Copem (hoy Institut Santa Eul\u00e0lia)\u00a0y tambien en Hostafranchs. Esta tierra me ha dado muchas cosas buenas.<\/em><\/td>\n<\/tr>\n<\/tbody>\n<\/table>\n<\/div>\n","protected":false},"excerpt":{"rendered":"<p>Si vols fer-nos saber la teva experi\u00e8ncia i records de l&#8217;institut, la teva formaci\u00f3 acad\u00e8mica posterior, la teva experi\u00e8ncia professional&#8230; escriu-nos a <a href=\"mailto:comissioweb@institutsantaeulalia.cat\">comissioweb@institutsantaeulalia.cat<\/a><br \/>\nMolts antics alumnes van col\u00b7laborar en les celebracions del Cinquantenari i van intervenir en les Taules Rodones que es van celebrar entorn&hellip;  <a href=\"https:\/\/agora.xtec.cat\/ies-santa-eulalia\/linstitut\/historia\/van-estudiar-aqui\/\" title=\"Read Van estudiar aqu\u00ed&#8230;\">Llegeix m\u00e9s\u00bb<\/a><\/p>\n","protected":false},"author":1,"featured_media":0,"parent":27,"menu_order":0,"comment_status":"closed","ping_status":"closed","template":"page-templates\/side-menu.php","meta":{"_bbp_topic_count":0,"_bbp_reply_count":0,"_bbp_total_topic_count":0,"_bbp_total_reply_count":0,"_bbp_voice_count":0,"_bbp_anonymous_reply_count":0,"_bbp_topic_count_hidden":0,"_bbp_reply_count_hidden":0,"_bbp_forum_subforum_count":0,"footnotes":""},"class_list":["post-864","page","type-page","status-publish","hentry"],"post_mailing_queue_ids":[],"_links":{"self":[{"href":"https:\/\/agora.xtec.cat\/ies-santa-eulalia\/wp-json\/wp\/v2\/pages\/864","targetHints":{"allow":["GET"]}}],"collection":[{"href":"https:\/\/agora.xtec.cat\/ies-santa-eulalia\/wp-json\/wp\/v2\/pages"}],"about":[{"href":"https:\/\/agora.xtec.cat\/ies-santa-eulalia\/wp-json\/wp\/v2\/types\/page"}],"author":[{"embeddable":true,"href":"https:\/\/agora.xtec.cat\/ies-santa-eulalia\/wp-json\/wp\/v2\/users\/1"}],"replies":[{"embeddable":true,"href":"https:\/\/agora.xtec.cat\/ies-santa-eulalia\/wp-json\/wp\/v2\/comments?post=864"}],"version-history":[{"count":4,"href":"https:\/\/agora.xtec.cat\/ies-santa-eulalia\/wp-json\/wp\/v2\/pages\/864\/revisions"}],"predecessor-version":[{"id":13710,"href":"https:\/\/agora.xtec.cat\/ies-santa-eulalia\/wp-json\/wp\/v2\/pages\/864\/revisions\/13710"}],"up":[{"embeddable":true,"href":"https:\/\/agora.xtec.cat\/ies-santa-eulalia\/wp-json\/wp\/v2\/pages\/27"}],"wp:attachment":[{"href":"https:\/\/agora.xtec.cat\/ies-santa-eulalia\/wp-json\/wp\/v2\/media?parent=864"}],"curies":[{"name":"wp","href":"https:\/\/api.w.org\/{rel}","templated":true}]}}