{"id":7799,"date":"2021-06-18T10:45:58","date_gmt":"2021-06-18T08:45:58","guid":{"rendered":"http:\/\/agora.xtec.cat\/ies-santa-eulalia\/?page_id=7799"},"modified":"2022-01-21T16:25:16","modified_gmt":"2022-01-21T15:25:16","slug":"sortides-per-cursos","status":"publish","type":"page","link":"https:\/\/agora.xtec.cat\/ies-santa-eulalia\/com-treballem\/sortides-i-activitats\/sortides-per-cursos\/","title":{"rendered":"Sortides de l&#8217;INS Santa Eul\u00e0lia"},"content":{"rendered":"<h5><\/h5>\n<h5 style=\"text-align: center;\"><strong>Al nostre centre donem molt de valor a la doc\u00e8ncia no nom\u00e9s a l&#8217;aula sin\u00f3 en relaci\u00f3 amb el m\u00f3n que ens envolta. Per aix\u00f2 elaborem un pla de sortides ja contrastades pel seu valor pedag\u00f2gic per alumnes i mestres. <\/strong><\/h5>\n<h5><\/h5>\n<h5 style=\"text-align: center;\"><strong>Per poder con\u00e8ixer les sortides que es faran en aquest curs, les podeu consultar en el <a href=\"https:\/\/agora.xtec.cat\/ies-santa-eulalia\/calendar\/calendari-sortides\/\">calendari<\/a><\/strong><\/h5>\n<p><a href=\"https:\/\/agora.xtec.cat\/ies-santa-eulalia\/calendar\/calendari-sortides\/\"><img loading=\"lazy\" decoding=\"async\" class=\"size-full wp-image-8448 aligncenter\" src=\"https:\/\/agora.xtec.cat\/ies-santa-eulalia\/wp-content\/uploads\/usu1612\/2022\/01\/captura-calendari-sortides-per-a-la-web-1.png\" alt=\"\" width=\"382\" height=\"328\" srcset=\"https:\/\/agora.xtec.cat\/ies-santa-eulalia\/wp-content\/uploads\/usu1612\/2022\/01\/captura-calendari-sortides-per-a-la-web-1.png 382w, https:\/\/agora.xtec.cat\/ies-santa-eulalia\/wp-content\/uploads\/usu1612\/2022\/01\/captura-calendari-sortides-per-a-la-web-1-300x258.png 300w\" sizes=\"auto, (max-width: 382px) 100vw, 382px\" \/><\/a><\/p>\n<p style=\"text-align: center;\">Aqu\u00ed us volem ensenyar una petita mostra de sortides que s&#8217;han fet en anys anteriors.<\/p>\n<table style=\"height: 276px; width: 83.2113%;\" width=\"467\">\n<tbody>\n<tr style=\"height: 72px;\">\n<td style=\"width: 805.143px; text-align: center; height: 45px;\" colspan=\"5\"><strong><br \/>\n<\/strong><\/p>\n<h2 style=\"text-align: center;\"><strong>Petita mostra de sortides de l&#8217;INS Santa Eul\u00e0lia\/COPEM en anys anteriors<\/strong><\/h2>\n<\/td>\n<\/tr>\n<tr style=\"height: 31px;\">\n<td style=\"width: 268px; height: 31px; text-align: center;\"><\/td>\n<td style=\"width: 260px; height: 31px; text-align: center;\"><\/td>\n<td style=\"height: 31px; text-align: center; width: 273.714px;\" colspan=\"3\"><\/td>\n<\/tr>\n<tr style=\"height: 31px;\">\n<td style=\"width: 268px; height: 31px; text-align: center;\"><strong>Teatre, Ulisses<\/strong><\/p>\n<p><img loading=\"lazy\" decoding=\"async\" class=\" wp-image-6367\" src=\"https:\/\/agora.xtec.cat\/ies-santa-eulalia\/wp-content\/uploads\/usu1612\/2020\/06\/ulisses-300x200.jpg\" alt=\"\" width=\"177\" height=\"118\" srcset=\"https:\/\/agora.xtec.cat\/ies-santa-eulalia\/wp-content\/uploads\/usu1612\/2020\/06\/ulisses-300x200.jpg 300w, https:\/\/agora.xtec.cat\/ies-santa-eulalia\/wp-content\/uploads\/usu1612\/2020\/06\/ulisses.jpg 600w\" sizes=\"auto, (max-width: 177px) 100vw, 177px\" \/><\/td>\n<td style=\"width: 260px; height: 31px; background-color: #61b07a; text-align: center;\">\n<p><figure class=\"figure wp-caption aligncenter\"><a href=\"https:\/\/agora.xtec.cat\/ies-santa-eulalia\/wp-content\/uploads\/usu1612\/2022\/01\/Exposicio-Caixaforum.jpg\"><img loading=\"lazy\" decoding=\"async\" class=\"wp-image-8450 size-full\" src=\"https:\/\/agora.xtec.cat\/ies-santa-eulalia\/wp-content\/uploads\/usu1612\/2022\/01\/Exposicio-Caixaforum.jpg\" alt=\"Exposici\u00f3 Caixaf\u00f2rum\" width=\"300\" height=\"135\" \/><\/a><figcaption class=\"wp-caption-text\"><strong>Exposici\u00f3 Caixaf\u00f2rum<\/strong><\/figcaption><\/figure><\/td>\n<td style=\"width: 273.714px; height: 31px; text-align: center;\" colspan=\"3\"><strong>Fundaci\u00f3 Mir\u00f3<\/strong><\/p>\n<p><strong><img loading=\"lazy\" decoding=\"async\" class=\"\" src=\"https:\/\/destinacionbarcelona.com\/wp-content\/uploads\/2018\/03\/fundacion-joan-miro-e1520866995733.jpg\" alt=\"Resultat d'imatges per a &quot;fundacio mir\u00f3&quot;&quot;\" width=\"216\" height=\"144\" \/><\/strong><\/td>\n<\/tr>\n<tr style=\"height: 31px;\">\n<td style=\"width: 268px; height: 31px; background-color: #61b07a; text-align: center;\">&nbsp;<\/p>\n<p><a href=\"https:\/\/agora.xtec.cat\/ies-santa-eulalia\/wp-content\/uploads\/usu1612\/2022\/01\/log_catradio.jpg\"><span style=\"color: #000000;\"><strong>Catalunya R\u00e0dio<\/strong><\/span><br \/>\n<img loading=\"lazy\" decoding=\"async\" class=\"aligncenter wp-image-8451 size-full\" src=\"https:\/\/agora.xtec.cat\/ies-santa-eulalia\/wp-content\/uploads\/usu1612\/2022\/01\/log_catradio.jpg\" alt=\"Catalunya R\u00e0dio\" width=\"391\" height=\"155\" data-wp-editing=\"1\" srcset=\"https:\/\/agora.xtec.cat\/ies-santa-eulalia\/wp-content\/uploads\/usu1612\/2022\/01\/log_catradio.jpg 391w, https:\/\/agora.xtec.cat\/ies-santa-eulalia\/wp-content\/uploads\/usu1612\/2022\/01\/log_catradio-300x119.jpg 300w\" sizes=\"auto, (max-width: 391px) 100vw, 391px\" \/><\/a><\/td>\n<td style=\"width: 260px; height: 31px; text-align: center;\"><strong>Patinatge sobre gel <\/strong><\/p>\n<p><strong><img loading=\"lazy\" decoding=\"async\" class=\"\" src=\"https:\/\/fcbarcelona-static-files.s3.amazonaws.com\/fcbarcelona\/photo\/2018\/06\/07\/92296951-533c-4645-89c2-7a55d3ccb432\/CPmLDbFs.jpg\" alt=\"Resultat d'imatges per a &quot;pista de gel fc barcelona&quot;&quot;\" width=\"184\" height=\"115\" \/><\/strong><\/td>\n<td style=\"width: 273.714px; height: 31px; background-color: #61b07a; text-align: center;\" colspan=\"3\"><a href=\"https:\/\/agora.xtec.cat\/ies-santa-eulalia\/wp-content\/uploads\/usu1612\/2022\/01\/IMG_4260.jpg\"><strong><span style=\"color: #000000;\">Bateig de vela<\/span><\/strong><\/a><\/p>\n<p><a href=\"https:\/\/agora.xtec.cat\/ies-santa-eulalia\/wp-content\/uploads\/usu1612\/2022\/01\/IMG_4260.jpg\"><br \/>\n<img loading=\"lazy\" decoding=\"async\" class=\"aligncenter  wp-image-8452\" src=\"https:\/\/agora.xtec.cat\/ies-santa-eulalia\/wp-content\/uploads\/usu1612\/2022\/01\/IMG_4260.jpg\" alt=\"\" width=\"167\" height=\"126\" data-wp-editing=\"1\" srcset=\"https:\/\/agora.xtec.cat\/ies-santa-eulalia\/wp-content\/uploads\/usu1612\/2022\/01\/IMG_4260.jpg 320w, https:\/\/agora.xtec.cat\/ies-santa-eulalia\/wp-content\/uploads\/usu1612\/2022\/01\/IMG_4260-300x225.jpg 300w, https:\/\/agora.xtec.cat\/ies-santa-eulalia\/wp-content\/uploads\/usu1612\/2022\/01\/IMG_4260-200x150.jpg 200w\" sizes=\"auto, (max-width: 167px) 100vw, 167px\" \/><br \/>\n<\/a><\/td>\n<\/tr>\n<tr style=\"height: 46px;\">\n<td style=\"width: 268px; height: 46px; text-align: center;\"><strong>Cin<\/strong><strong>ema Drets dels infants<\/strong><\/p>\n<p><img loading=\"lazy\" decoding=\"async\" class=\"alignnone wp-image-6370\" src=\"https:\/\/agora.xtec.cat\/ies-santa-eulalia\/wp-content\/uploads\/usu1612\/2020\/06\/drets_infants-300x169.jpg\" alt=\"\" width=\"176\" height=\"99\" srcset=\"https:\/\/agora.xtec.cat\/ies-santa-eulalia\/wp-content\/uploads\/usu1612\/2020\/06\/drets_infants-300x169.jpg 300w, https:\/\/agora.xtec.cat\/ies-santa-eulalia\/wp-content\/uploads\/usu1612\/2020\/06\/drets_infants-768x432.jpg 768w, https:\/\/agora.xtec.cat\/ies-santa-eulalia\/wp-content\/uploads\/usu1612\/2020\/06\/drets_infants.jpg 1024w\" sizes=\"auto, (max-width: 176px) 100vw, 176px\" \/><\/td>\n<td style=\"width: 260px; height: 46px; text-align: center;\"><strong>Migra Studium<\/strong><\/p>\n<p><strong><a href=\"https:\/\/agora.xtec.cat\/ies-santa-eulalia\/wp-content\/uploads\/usu1612\/2020\/01\/baixa.png\"><img loading=\"lazy\" decoding=\"async\" class=\"alignnone wp-image-5711\" src=\"https:\/\/agora.xtec.cat\/ies-santa-eulalia\/wp-content\/uploads\/usu1612\/2020\/01\/baixa.png\" alt=\"\" width=\"104\" height=\"104\" srcset=\"https:\/\/agora.xtec.cat\/ies-santa-eulalia\/wp-content\/uploads\/usu1612\/2020\/01\/baixa.png 225w, https:\/\/agora.xtec.cat\/ies-santa-eulalia\/wp-content\/uploads\/usu1612\/2020\/01\/baixa-150x150.png 150w\" sizes=\"auto, (max-width: 104px) 100vw, 104px\" \/><\/a><\/strong><\/td>\n<td style=\"width: 273.714px; height: 46px; background-color: #61b07a; text-align: center;\" colspan=\"3\"><a href=\"https:\/\/agora.xtec.cat\/ies-santa-eulalia\/wp-content\/uploads\/usu1612\/2022\/01\/lazarillo.jpg\"><strong><span style=\"color: #000000;\">Teatre<\/span><\/strong><\/a><\/p>\n<p><a href=\"https:\/\/agora.xtec.cat\/ies-santa-eulalia\/wp-content\/uploads\/usu1612\/2022\/01\/lazarillo.jpg\"><br \/>\n<img loading=\"lazy\" decoding=\"async\" class=\"aligncenter  wp-image-8453\" src=\"https:\/\/agora.xtec.cat\/ies-santa-eulalia\/wp-content\/uploads\/usu1612\/2022\/01\/lazarillo.jpg\" alt=\"\" width=\"167\" height=\"266\" srcset=\"https:\/\/agora.xtec.cat\/ies-santa-eulalia\/wp-content\/uploads\/usu1612\/2022\/01\/lazarillo.jpg 315w, https:\/\/agora.xtec.cat\/ies-santa-eulalia\/wp-content\/uploads\/usu1612\/2022\/01\/lazarillo-189x300.jpg 189w\" sizes=\"auto, (max-width: 167px) 100vw, 167px\" \/><\/a><\/td>\n<\/tr>\n<tr style=\"height: 61px;\">\n<td style=\"width: 268px; height: 61px; text-align: center;\"><strong>Fira santa Ll\u00facia- pessebre Sant Jaume- la catedral<\/strong><\/p>\n<p><img loading=\"lazy\" decoding=\"async\" class=\"\" src=\"https:\/\/es.firadesantallucia.cat\/img\/content\/cartell_fira_2014.jpg\" alt=\"Resultat d'imatges per a &quot;fira santa llucia barcelona&quot;&quot;\" width=\"170\" height=\"120\" \/><\/td>\n<td style=\"width: 260px; height: 61px; background-color: #61b07a; text-align: center;\">\n<a href=\"https:\/\/agora.xtec.cat\/ies-santa-eulalia\/wp-content\/uploads\/usu1612\/2022\/01\/3382682_301b5a99.jpg\"><span style=\"color: #000000;\"><b>\u00a0Impressi\u00f3 3D<\/b><\/span><\/a><\/p>\n<p><a href=\"https:\/\/agora.xtec.cat\/ies-santa-eulalia\/wp-content\/uploads\/usu1612\/2022\/01\/3382682_301b5a99.jpg\"><img loading=\"lazy\" decoding=\"async\" class=\"aligncenter size-full wp-image-8456\" src=\"https:\/\/agora.xtec.cat\/ies-santa-eulalia\/wp-content\/uploads\/usu1612\/2022\/01\/3382682_301b5a99.jpg\" alt=\"\" width=\"990\" height=\"642\" srcset=\"https:\/\/agora.xtec.cat\/ies-santa-eulalia\/wp-content\/uploads\/usu1612\/2022\/01\/3382682_301b5a99.jpg 990w, https:\/\/agora.xtec.cat\/ies-santa-eulalia\/wp-content\/uploads\/usu1612\/2022\/01\/3382682_301b5a99-300x195.jpg 300w, https:\/\/agora.xtec.cat\/ies-santa-eulalia\/wp-content\/uploads\/usu1612\/2022\/01\/3382682_301b5a99-768x498.jpg 768w\" sizes=\"auto, (max-width: 990px) 100vw, 990px\" \/><\/a><\/td>\n<td style=\"width: 273.714px; height: 61px; text-align: center;\" colspan=\"3\"><strong>Emp\u00faries<\/strong><\/p>\n<p><img loading=\"lazy\" decoding=\"async\" class=\"\" src=\"https:\/\/www.visitlescala.com\/_images\/escala_page\/32\/1415_tab\/museu-arqueologic-de-catalunya-mac-empuries-esculapi-mar.jpg\" alt=\"Resultat d'imatges per a &quot;empuries&quot;&quot;\" width=\"208\" height=\"137\" \/><\/td>\n<\/tr>\n<tr style=\"height: 31px;\">\n<td style=\"width: 268px; height: 31px; background-color: #61b07a; text-align: center;\"><a href=\"https:\/\/agora.xtec.cat\/ies-santa-eulalia\/wp-content\/uploads\/usu1612\/2022\/01\/industrial-factory-machine-and-manufacture-process-technology-in-flat-style-vector.jpg\"><strong><span style=\"color: #000000;\">F\u00e0brica processos industrials<\/span><\/strong><\/a><\/p>\n<p><a href=\"https:\/\/agora.xtec.cat\/ies-santa-eulalia\/wp-content\/uploads\/usu1612\/2022\/01\/industrial-factory-machine-and-manufacture-process-technology-in-flat-style-vector.jpg\"><img loading=\"lazy\" decoding=\"async\" class=\"aligncenter size-full wp-image-8457\" src=\"https:\/\/agora.xtec.cat\/ies-santa-eulalia\/wp-content\/uploads\/usu1612\/2022\/01\/industrial-factory-machine-and-manufacture-process-technology-in-flat-style-vector.jpg\" alt=\"\" width=\"693\" height=\"490\" srcset=\"https:\/\/agora.xtec.cat\/ies-santa-eulalia\/wp-content\/uploads\/usu1612\/2022\/01\/industrial-factory-machine-and-manufacture-process-technology-in-flat-style-vector.jpg 693w, https:\/\/agora.xtec.cat\/ies-santa-eulalia\/wp-content\/uploads\/usu1612\/2022\/01\/industrial-factory-machine-and-manufacture-process-technology-in-flat-style-vector-300x212.jpg 300w\" sizes=\"auto, (max-width: 693px) 100vw, 693px\" \/><\/a><\/td>\n<td style=\"width: 260px; height: 31px; text-align: center;\"><strong>Visita al Cosmocaixa<\/strong><\/p>\n<p><img loading=\"lazy\" decoding=\"async\" class=\"alignnone wp-image-6366\" src=\"https:\/\/agora.xtec.cat\/ies-santa-eulalia\/wp-content\/uploads\/usu1612\/2020\/06\/caixaforum-300x193.jpg\" alt=\"\" width=\"189\" height=\"121\" srcset=\"https:\/\/agora.xtec.cat\/ies-santa-eulalia\/wp-content\/uploads\/usu1612\/2020\/06\/caixaforum-300x193.jpg 300w, https:\/\/agora.xtec.cat\/ies-santa-eulalia\/wp-content\/uploads\/usu1612\/2020\/06\/caixaforum.jpg 700w\" sizes=\"auto, (max-width: 189px) 100vw, 189px\" \/><\/td>\n<td style=\"width: 273.714px; height: 31px; background-color: #61b07a; text-align: center;\" colspan=\"3\"><a href=\"https:\/\/agora.xtec.cat\/ies-santa-eulalia\/wp-content\/uploads\/usu1612\/2022\/01\/museumates-300x221-1.jpg\"><strong><span style=\"color: #000000;\">Museu de Matem\u00e0tiques MMACA<\/span><\/strong><\/a><\/p>\n<p><a href=\"https:\/\/agora.xtec.cat\/ies-santa-eulalia\/wp-content\/uploads\/usu1612\/2022\/01\/museumates-300x221-1.jpg\"><img loading=\"lazy\" decoding=\"async\" class=\"aligncenter  wp-image-8455\" src=\"https:\/\/agora.xtec.cat\/ies-santa-eulalia\/wp-content\/uploads\/usu1612\/2022\/01\/museumates-300x221-1.jpg\" alt=\"\" width=\"165\" height=\"122\" \/><\/a><\/td>\n<\/tr>\n<\/tbody>\n<\/table>\n<h2 style=\"text-align: center;\"><\/h2>\n<p>&nbsp;<\/p>\n","protected":false},"excerpt":{"rendered":"<p>Al nostre centre donem molt de valor a la doc\u00e8ncia no nom\u00e9s a l&#8217;aula sin\u00f3 en relaci\u00f3 amb el m\u00f3n que ens envolta. Per aix\u00f2 elaborem un pla de sortides ja contrastades pel seu valor pedag\u00f2gic per alumnes i mestres. <\/p>\n<p>Per poder con\u00e8ixer les sortides&hellip;  <a href=\"https:\/\/agora.xtec.cat\/ies-santa-eulalia\/com-treballem\/sortides-i-activitats\/sortides-per-cursos\/\" title=\"Read Sortides de l&#8217;INS Santa Eul\u00e0lia\">Llegeix m\u00e9s\u00bb<\/a><\/p>\n","protected":false},"author":1,"featured_media":0,"parent":4966,"menu_order":0,"comment_status":"closed","ping_status":"closed","template":"","meta":{"_bbp_topic_count":0,"_bbp_reply_count":0,"_bbp_total_topic_count":0,"_bbp_total_reply_count":0,"_bbp_voice_count":0,"_bbp_anonymous_reply_count":0,"_bbp_topic_count_hidden":0,"_bbp_reply_count_hidden":0,"_bbp_forum_subforum_count":0,"footnotes":""},"class_list":["post-7799","page","type-page","status-publish","hentry"],"post_mailing_queue_ids":[],"_links":{"self":[{"href":"https:\/\/agora.xtec.cat\/ies-santa-eulalia\/wp-json\/wp\/v2\/pages\/7799","targetHints":{"allow":["GET"]}}],"collection":[{"href":"https:\/\/agora.xtec.cat\/ies-santa-eulalia\/wp-json\/wp\/v2\/pages"}],"about":[{"href":"https:\/\/agora.xtec.cat\/ies-santa-eulalia\/wp-json\/wp\/v2\/types\/page"}],"author":[{"embeddable":true,"href":"https:\/\/agora.xtec.cat\/ies-santa-eulalia\/wp-json\/wp\/v2\/users\/1"}],"replies":[{"embeddable":true,"href":"https:\/\/agora.xtec.cat\/ies-santa-eulalia\/wp-json\/wp\/v2\/comments?post=7799"}],"version-history":[{"count":3,"href":"https:\/\/agora.xtec.cat\/ies-santa-eulalia\/wp-json\/wp\/v2\/pages\/7799\/revisions"}],"predecessor-version":[{"id":8458,"href":"https:\/\/agora.xtec.cat\/ies-santa-eulalia\/wp-json\/wp\/v2\/pages\/7799\/revisions\/8458"}],"up":[{"embeddable":true,"href":"https:\/\/agora.xtec.cat\/ies-santa-eulalia\/wp-json\/wp\/v2\/pages\/4966"}],"wp:attachment":[{"href":"https:\/\/agora.xtec.cat\/ies-santa-eulalia\/wp-json\/wp\/v2\/media?parent=7799"}],"curies":[{"name":"wp","href":"https:\/\/api.w.org\/{rel}","templated":true}]}}