{"id":7769,"date":"2021-06-18T10:06:47","date_gmt":"2021-06-18T08:06:47","guid":{"rendered":"http:\/\/agora.xtec.cat\/ies-santa-eulalia\/?page_id=7769"},"modified":"2021-06-18T10:42:21","modified_gmt":"2021-06-18T08:42:21","slug":"colonies-i-sortides","status":"publish","type":"page","link":"https:\/\/agora.xtec.cat\/ies-santa-eulalia\/com-treballem\/sortides-i-activitats\/colonies-i-sortides\/","title":{"rendered":"Col\u00f2nies i Cr\u00e8dits de S\u00edntesi"},"content":{"rendered":"<h1 style=\"text-align: center;\"><\/h1>\n<table style=\"height: 3203px;\" width=\"935\">\n<tbody>\n<tr style=\"height: 123px;\">\n<td style=\"width: 929px; height: 123px;\">\n<h1 style=\"text-align: center;\"><span style=\"color: #008000;\">Final de curs: s\u00edntesi, col\u00f2nies i sortides<\/span><\/h1>\n<h6 style=\"text-align: center;\"><span style=\"color: #008000;\"><strong>Deixa <span style=\"color: #ff6600;\">empremta<\/span>, emporta&#8217;t <span style=\"color: #ff6600;\">records<\/span><\/strong><\/span><\/h6>\n<\/td>\n<\/tr>\n<tr style=\"height: 146px;\">\n<td style=\"width: 929px; height: 146px;\">\n<h5 style=\"text-align: center;\"><strong><span style=\"color: #000080;\"><em>Com qui no vol la cosa, hem arribat a final de curs. La valoraci\u00f3 que fem \u00e9s molt i molt positiva. Pens\u00e0vem que potser les circumst\u00e0ncies ens farien perdre all\u00f2 que \u00e9s m\u00e9s important pels que ens estimem la nostra feina com a docents: els vincles amb i entre els alumnes, les emocions i la sensaci\u00f3 d&#8217;escola que ens envolta i ens acarona.<\/em><\/span><\/strong><\/h5>\n<h5 style=\"text-align: center;\"><strong><span style=\"color: #000080;\"><em>Res m\u00e9s lluny de la realitat. Acabem el curs amb els \u00e0nims ben a dalt, fent els treballs de s\u00edntesi per recopilar tot all\u00f2 que han apr\u00e8s al llarg del curs. Us en mostrem un petit tast.<\/em><\/span><\/strong><\/h5>\n<\/td>\n<\/tr>\n<tr style=\"height: 686px;\">\n<td style=\"width: 929px; height: 686px;\">\n<h6 style=\"text-align: center;\"><strong>Els alumnes de <span style=\"color: #ff0000;\">PRIMER<\/span> d&#8217;eso han treballat sobre el nostre barri. L&#8217;hem conegut millor i hem fet una petita sortida on hem posat la nostra atenci\u00f3 en l&#8217;art que ens envolta i que passa desapercebut. Aqu\u00ed en teniu una mostra.<\/strong><\/h6>\n<h6 style=\"text-align: center;\"><\/h6>\n<h6 style=\"text-align: center;\"><strong>I la cirereta del past\u00eds ha estat la jornada de cohesi\u00f3 que vam fer tots els grups de primer el dimecres. Vam anar al parc de la ciutadella i vam passar el mat\u00ed fent jocs tradicionals. Som tots for\u00e7a competitius per\u00f2 durant el curs hem fet pinya i per sobre de tot som ja no nom\u00e9s companys sin\u00f3 tamb\u00e9 amics. Quin premi fer aquesta sortida. Mireu, mireu&#8230;<\/strong><\/h6>\n<h6 style=\"text-align: center;\"><strong>Els alumnes de primer d&#8217;eso han treballat sobre <span style=\"color: #ff0000;\">EL NOSTRE BARRI<\/span>. L&#8217;hem conegut millor i hem fet una petita sortida on hem posat la nostra atenci\u00f3 en l&#8217;art que ens envolta i que passa desapercebut. Aqu\u00ed en teniu una mostra.<\/strong><\/h6>\n<h6 style=\"text-align: center;\"><\/h6>\n<h6 style=\"text-align: center;\"><strong>I la cirereta del past\u00eds ha estat <span style=\"color: #ff0000;\">JORNADA DE COHESI\u00d3<\/span> que vam fer tots els grups de primer el dimecres. Vam anar al parc de la ciutadella i vam passar el mat\u00ed fent jocs tradicionals. Som tots for\u00e7a competitius per\u00f2 durant el curs hem fet pinya i per sobre de tot som ja no nom\u00e9s companys sin\u00f3 tamb\u00e9 amics. Quin premi fer aquesta sortida. Mireu, mireu&#8230;<\/strong><\/h6>\n<table style=\"height: 56px; border-style: hidden; width: 906px;\" width=\"906\">\n<tbody>\n<tr style=\"height: 28px;\">\n<td style=\"width: 449px; height: 56px; border-style: hidden;\" colspan=\"2\"><a href=\"https:\/\/agora.xtec.cat\/ies-santa-eulalia\/wp-content\/uploads\/usu1612\/2021\/06\/20210616_125729.jpg\"><img loading=\"lazy\" decoding=\"async\" class=\"alignnone size-full wp-image-7784\" src=\"https:\/\/agora.xtec.cat\/ies-santa-eulalia\/wp-content\/uploads\/usu1612\/2021\/06\/20210616_125729.jpg\" alt=\"\" width=\"2560\" height=\"1440\" srcset=\"https:\/\/agora.xtec.cat\/ies-santa-eulalia\/wp-content\/uploads\/usu1612\/2021\/06\/20210616_125729.jpg 2560w, https:\/\/agora.xtec.cat\/ies-santa-eulalia\/wp-content\/uploads\/usu1612\/2021\/06\/20210616_125729-300x169.jpg 300w, https:\/\/agora.xtec.cat\/ies-santa-eulalia\/wp-content\/uploads\/usu1612\/2021\/06\/20210616_125729-768x432.jpg 768w, https:\/\/agora.xtec.cat\/ies-santa-eulalia\/wp-content\/uploads\/usu1612\/2021\/06\/20210616_125729-1024x576.jpg 1024w\" sizes=\"auto, (max-width: 2560px) 100vw, 2560px\" \/><\/a><\/td>\n<td style=\"width: 223.5px; height: 28px; border-style: hidden;\"><a href=\"https:\/\/agora.xtec.cat\/ies-santa-eulalia\/wp-content\/uploads\/usu1612\/2021\/06\/20210616_110607.jpg\"><img loading=\"lazy\" decoding=\"async\" class=\"alignnone size-full wp-image-7785\" src=\"https:\/\/agora.xtec.cat\/ies-santa-eulalia\/wp-content\/uploads\/usu1612\/2021\/06\/20210616_110607.jpg\" alt=\"\" width=\"2560\" height=\"1440\" srcset=\"https:\/\/agora.xtec.cat\/ies-santa-eulalia\/wp-content\/uploads\/usu1612\/2021\/06\/20210616_110607.jpg 2560w, https:\/\/agora.xtec.cat\/ies-santa-eulalia\/wp-content\/uploads\/usu1612\/2021\/06\/20210616_110607-300x169.jpg 300w, https:\/\/agora.xtec.cat\/ies-santa-eulalia\/wp-content\/uploads\/usu1612\/2021\/06\/20210616_110607-768x432.jpg 768w, https:\/\/agora.xtec.cat\/ies-santa-eulalia\/wp-content\/uploads\/usu1612\/2021\/06\/20210616_110607-1024x576.jpg 1024w\" sizes=\"auto, (max-width: 2560px) 100vw, 2560px\" \/><\/a> <a href=\"https:\/\/agora.xtec.cat\/ies-santa-eulalia\/wp-content\/uploads\/usu1612\/2021\/06\/20210616_113704.jpg\"><img loading=\"lazy\" decoding=\"async\" class=\"alignnone size-full wp-image-7786\" src=\"https:\/\/agora.xtec.cat\/ies-santa-eulalia\/wp-content\/uploads\/usu1612\/2021\/06\/20210616_113704.jpg\" alt=\"\" width=\"2560\" height=\"1440\" srcset=\"https:\/\/agora.xtec.cat\/ies-santa-eulalia\/wp-content\/uploads\/usu1612\/2021\/06\/20210616_113704.jpg 2560w, https:\/\/agora.xtec.cat\/ies-santa-eulalia\/wp-content\/uploads\/usu1612\/2021\/06\/20210616_113704-300x169.jpg 300w, https:\/\/agora.xtec.cat\/ies-santa-eulalia\/wp-content\/uploads\/usu1612\/2021\/06\/20210616_113704-768x432.jpg 768w, https:\/\/agora.xtec.cat\/ies-santa-eulalia\/wp-content\/uploads\/usu1612\/2021\/06\/20210616_113704-1024x576.jpg 1024w\" sizes=\"auto, (max-width: 2560px) 100vw, 2560px\" \/><\/a> <a href=\"https:\/\/agora.xtec.cat\/ies-santa-eulalia\/wp-content\/uploads\/usu1612\/2021\/06\/20210616_121114.jpg\"><img loading=\"lazy\" decoding=\"async\" class=\"alignnone size-full wp-image-7787\" src=\"https:\/\/agora.xtec.cat\/ies-santa-eulalia\/wp-content\/uploads\/usu1612\/2021\/06\/20210616_121114.jpg\" alt=\"\" width=\"2560\" height=\"1440\" srcset=\"https:\/\/agora.xtec.cat\/ies-santa-eulalia\/wp-content\/uploads\/usu1612\/2021\/06\/20210616_121114.jpg 2560w, https:\/\/agora.xtec.cat\/ies-santa-eulalia\/wp-content\/uploads\/usu1612\/2021\/06\/20210616_121114-300x169.jpg 300w, https:\/\/agora.xtec.cat\/ies-santa-eulalia\/wp-content\/uploads\/usu1612\/2021\/06\/20210616_121114-768x432.jpg 768w, https:\/\/agora.xtec.cat\/ies-santa-eulalia\/wp-content\/uploads\/usu1612\/2021\/06\/20210616_121114-1024x576.jpg 1024w\" sizes=\"auto, (max-width: 2560px) 100vw, 2560px\" \/><\/a><\/td>\n<td style=\"width: 223.5px; height: 28px; border-style: hidden;\"><a href=\"https:\/\/agora.xtec.cat\/ies-santa-eulalia\/wp-content\/uploads\/usu1612\/2021\/06\/IMG-20210611-WA0028.jpg\"><img loading=\"lazy\" decoding=\"async\" class=\"alignnone size-full wp-image-7794\" src=\"https:\/\/agora.xtec.cat\/ies-santa-eulalia\/wp-content\/uploads\/usu1612\/2021\/06\/IMG-20210611-WA0028.jpg\" alt=\"\" width=\"1600\" height=\"739\" srcset=\"https:\/\/agora.xtec.cat\/ies-santa-eulalia\/wp-content\/uploads\/usu1612\/2021\/06\/IMG-20210611-WA0028.jpg 1600w, https:\/\/agora.xtec.cat\/ies-santa-eulalia\/wp-content\/uploads\/usu1612\/2021\/06\/IMG-20210611-WA0028-300x139.jpg 300w, https:\/\/agora.xtec.cat\/ies-santa-eulalia\/wp-content\/uploads\/usu1612\/2021\/06\/IMG-20210611-WA0028-768x355.jpg 768w, https:\/\/agora.xtec.cat\/ies-santa-eulalia\/wp-content\/uploads\/usu1612\/2021\/06\/IMG-20210611-WA0028-1024x473.jpg 1024w\" sizes=\"auto, (max-width: 1600px) 100vw, 1600px\" \/><\/a><a href=\"https:\/\/agora.xtec.cat\/ies-santa-eulalia\/wp-content\/uploads\/usu1612\/2021\/06\/IMG-20210611-WA0035.jpg\"><img loading=\"lazy\" decoding=\"async\" class=\"alignnone size-full wp-image-7788\" src=\"https:\/\/agora.xtec.cat\/ies-santa-eulalia\/wp-content\/uploads\/usu1612\/2021\/06\/IMG-20210611-WA0035.jpg\" alt=\"\" width=\"1600\" height=\"739\" srcset=\"https:\/\/agora.xtec.cat\/ies-santa-eulalia\/wp-content\/uploads\/usu1612\/2021\/06\/IMG-20210611-WA0035.jpg 1600w, https:\/\/agora.xtec.cat\/ies-santa-eulalia\/wp-content\/uploads\/usu1612\/2021\/06\/IMG-20210611-WA0035-300x139.jpg 300w, https:\/\/agora.xtec.cat\/ies-santa-eulalia\/wp-content\/uploads\/usu1612\/2021\/06\/IMG-20210611-WA0035-768x355.jpg 768w, https:\/\/agora.xtec.cat\/ies-santa-eulalia\/wp-content\/uploads\/usu1612\/2021\/06\/IMG-20210611-WA0035-1024x473.jpg 1024w\" sizes=\"auto, (max-width: 1600px) 100vw, 1600px\" \/><\/a> <a href=\"https:\/\/agora.xtec.cat\/ies-santa-eulalia\/wp-content\/uploads\/usu1612\/2021\/06\/IMG-20210611-WA0045.jpg\"><img loading=\"lazy\" decoding=\"async\" class=\"alignnone size-full wp-image-7790\" src=\"https:\/\/agora.xtec.cat\/ies-santa-eulalia\/wp-content\/uploads\/usu1612\/2021\/06\/IMG-20210611-WA0045.jpg\" alt=\"\" width=\"1600\" height=\"739\" srcset=\"https:\/\/agora.xtec.cat\/ies-santa-eulalia\/wp-content\/uploads\/usu1612\/2021\/06\/IMG-20210611-WA0045.jpg 1600w, https:\/\/agora.xtec.cat\/ies-santa-eulalia\/wp-content\/uploads\/usu1612\/2021\/06\/IMG-20210611-WA0045-300x139.jpg 300w, https:\/\/agora.xtec.cat\/ies-santa-eulalia\/wp-content\/uploads\/usu1612\/2021\/06\/IMG-20210611-WA0045-768x355.jpg 768w, https:\/\/agora.xtec.cat\/ies-santa-eulalia\/wp-content\/uploads\/usu1612\/2021\/06\/IMG-20210611-WA0045-1024x473.jpg 1024w\" sizes=\"auto, (max-width: 1600px) 100vw, 1600px\" \/><\/a><a href=\"https:\/\/agora.xtec.cat\/ies-santa-eulalia\/wp-content\/uploads\/usu1612\/2021\/06\/IMG-20210611-WA0031.jpg\"><img loading=\"lazy\" decoding=\"async\" class=\"alignnone size-full wp-image-7789\" src=\"https:\/\/agora.xtec.cat\/ies-santa-eulalia\/wp-content\/uploads\/usu1612\/2021\/06\/IMG-20210611-WA0031.jpg\" alt=\"\" width=\"1600\" height=\"739\" srcset=\"https:\/\/agora.xtec.cat\/ies-santa-eulalia\/wp-content\/uploads\/usu1612\/2021\/06\/IMG-20210611-WA0031.jpg 1600w, https:\/\/agora.xtec.cat\/ies-santa-eulalia\/wp-content\/uploads\/usu1612\/2021\/06\/IMG-20210611-WA0031-300x139.jpg 300w, https:\/\/agora.xtec.cat\/ies-santa-eulalia\/wp-content\/uploads\/usu1612\/2021\/06\/IMG-20210611-WA0031-768x355.jpg 768w, https:\/\/agora.xtec.cat\/ies-santa-eulalia\/wp-content\/uploads\/usu1612\/2021\/06\/IMG-20210611-WA0031-1024x473.jpg 1024w\" sizes=\"auto, (max-width: 1600px) 100vw, 1600px\" \/><\/a><\/td>\n<\/tr>\n<\/tbody>\n<\/table>\n<\/td>\n<\/tr>\n<tr style=\"height: 753px;\">\n<td style=\"width: 929px; height: 753px;\">\n<h6 style=\"text-align: center;\"><strong>Els alumnes de <span style=\"color: #ff0000;\">SEGON<\/span> d&#8217;eso han treballat de valent per tirar endavant el seu treball de s\u00edntesi. I han fet, com els de primer, una meravellosa feina. Un dels dies d&#8217;aquest treball de s\u00edntesi han fet una excursi\u00f3 al<span style=\"color: #ff0000;\"> BOSC VERTICAL<\/span>, que han gaudit molt. Aqu\u00ed podeu veure una mica com ha anat. I a m\u00e9s a m\u00e9s han pogut fer una sortida de cohesi\u00f3 al riu!<\/strong><\/h6>\n<table style=\"height: 61px; border-style: hidden; width: 904px;\" width=\"904\">\n<tbody>\n<tr>\n<td style=\"width: 244.547px; border-style: hidden;\"><a href=\"https:\/\/agora.xtec.cat\/ies-santa-eulalia\/wp-content\/uploads\/usu1612\/2021\/06\/IMG-20210611-WA0078.jpg\"><img loading=\"lazy\" decoding=\"async\" class=\"alignnone size-full wp-image-7773\" src=\"https:\/\/agora.xtec.cat\/ies-santa-eulalia\/wp-content\/uploads\/usu1612\/2021\/06\/IMG-20210611-WA0078.jpg\" alt=\"\" width=\"1200\" height=\"1600\" srcset=\"https:\/\/agora.xtec.cat\/ies-santa-eulalia\/wp-content\/uploads\/usu1612\/2021\/06\/IMG-20210611-WA0078.jpg 1200w, https:\/\/agora.xtec.cat\/ies-santa-eulalia\/wp-content\/uploads\/usu1612\/2021\/06\/IMG-20210611-WA0078-225x300.jpg 225w, https:\/\/agora.xtec.cat\/ies-santa-eulalia\/wp-content\/uploads\/usu1612\/2021\/06\/IMG-20210611-WA0078-768x1024.jpg 768w\" sizes=\"auto, (max-width: 1200px) 100vw, 1200px\" \/><\/a><\/td>\n<td style=\"width: 406.906px; border-style: hidden;\"><a href=\"https:\/\/agora.xtec.cat\/ies-santa-eulalia\/wp-content\/uploads\/usu1612\/2021\/06\/IMG-20210611-WA0103.jpg\"><img loading=\"lazy\" decoding=\"async\" class=\"alignnone size-full wp-image-7778\" src=\"https:\/\/agora.xtec.cat\/ies-santa-eulalia\/wp-content\/uploads\/usu1612\/2021\/06\/IMG-20210611-WA0103.jpg\" alt=\"\" width=\"1600\" height=\"1200\" srcset=\"https:\/\/agora.xtec.cat\/ies-santa-eulalia\/wp-content\/uploads\/usu1612\/2021\/06\/IMG-20210611-WA0103.jpg 1600w, https:\/\/agora.xtec.cat\/ies-santa-eulalia\/wp-content\/uploads\/usu1612\/2021\/06\/IMG-20210611-WA0103-300x225.jpg 300w, https:\/\/agora.xtec.cat\/ies-santa-eulalia\/wp-content\/uploads\/usu1612\/2021\/06\/IMG-20210611-WA0103-768x576.jpg 768w, https:\/\/agora.xtec.cat\/ies-santa-eulalia\/wp-content\/uploads\/usu1612\/2021\/06\/IMG-20210611-WA0103-1024x768.jpg 1024w, https:\/\/agora.xtec.cat\/ies-santa-eulalia\/wp-content\/uploads\/usu1612\/2021\/06\/IMG-20210611-WA0103-200x150.jpg 200w\" sizes=\"auto, (max-width: 1600px) 100vw, 1600px\" \/><\/a><\/td>\n<td style=\"width: 242.547px; border-style: hidden;\"><a href=\"https:\/\/agora.xtec.cat\/ies-santa-eulalia\/wp-content\/uploads\/usu1612\/2021\/06\/IMG-20210611-WA0075.jpg\"><img loading=\"lazy\" decoding=\"async\" class=\"alignnone size-full wp-image-7776\" src=\"https:\/\/agora.xtec.cat\/ies-santa-eulalia\/wp-content\/uploads\/usu1612\/2021\/06\/IMG-20210611-WA0075.jpg\" alt=\"\" width=\"1200\" height=\"1600\" srcset=\"https:\/\/agora.xtec.cat\/ies-santa-eulalia\/wp-content\/uploads\/usu1612\/2021\/06\/IMG-20210611-WA0075.jpg 1200w, https:\/\/agora.xtec.cat\/ies-santa-eulalia\/wp-content\/uploads\/usu1612\/2021\/06\/IMG-20210611-WA0075-225x300.jpg 225w, https:\/\/agora.xtec.cat\/ies-santa-eulalia\/wp-content\/uploads\/usu1612\/2021\/06\/IMG-20210611-WA0075-768x1024.jpg 768w\" sizes=\"auto, (max-width: 1200px) 100vw, 1200px\" \/><\/a><\/td>\n<\/tr>\n<tr>\n<td style=\"width: 244.547px; border-style: hidden;\"><a href=\"https:\/\/agora.xtec.cat\/ies-santa-eulalia\/wp-content\/uploads\/usu1612\/2021\/06\/IMG-20210611-WA0081.jpg\"><img loading=\"lazy\" decoding=\"async\" class=\"alignnone size-full wp-image-7780\" src=\"https:\/\/agora.xtec.cat\/ies-santa-eulalia\/wp-content\/uploads\/usu1612\/2021\/06\/IMG-20210611-WA0081.jpg\" alt=\"\" width=\"1200\" height=\"1600\" srcset=\"https:\/\/agora.xtec.cat\/ies-santa-eulalia\/wp-content\/uploads\/usu1612\/2021\/06\/IMG-20210611-WA0081.jpg 1200w, https:\/\/agora.xtec.cat\/ies-santa-eulalia\/wp-content\/uploads\/usu1612\/2021\/06\/IMG-20210611-WA0081-225x300.jpg 225w, https:\/\/agora.xtec.cat\/ies-santa-eulalia\/wp-content\/uploads\/usu1612\/2021\/06\/IMG-20210611-WA0081-768x1024.jpg 768w\" sizes=\"auto, (max-width: 1200px) 100vw, 1200px\" \/><\/a><\/td>\n<td style=\"width: 406.906px; border-style: hidden;\"><a href=\"https:\/\/agora.xtec.cat\/ies-santa-eulalia\/wp-content\/uploads\/usu1612\/2021\/06\/IMG-20210611-WA0089.jpg\"><img loading=\"lazy\" decoding=\"async\" class=\"alignnone size-full wp-image-7779\" src=\"https:\/\/agora.xtec.cat\/ies-santa-eulalia\/wp-content\/uploads\/usu1612\/2021\/06\/IMG-20210611-WA0089.jpg\" alt=\"\" width=\"1600\" height=\"1200\" srcset=\"https:\/\/agora.xtec.cat\/ies-santa-eulalia\/wp-content\/uploads\/usu1612\/2021\/06\/IMG-20210611-WA0089.jpg 1600w, https:\/\/agora.xtec.cat\/ies-santa-eulalia\/wp-content\/uploads\/usu1612\/2021\/06\/IMG-20210611-WA0089-300x225.jpg 300w, https:\/\/agora.xtec.cat\/ies-santa-eulalia\/wp-content\/uploads\/usu1612\/2021\/06\/IMG-20210611-WA0089-768x576.jpg 768w, https:\/\/agora.xtec.cat\/ies-santa-eulalia\/wp-content\/uploads\/usu1612\/2021\/06\/IMG-20210611-WA0089-1024x768.jpg 1024w, https:\/\/agora.xtec.cat\/ies-santa-eulalia\/wp-content\/uploads\/usu1612\/2021\/06\/IMG-20210611-WA0089-200x150.jpg 200w\" sizes=\"auto, (max-width: 1600px) 100vw, 1600px\" \/><\/a><\/td>\n<td style=\"width: 242.547px; border-style: hidden;\"><a href=\"https:\/\/agora.xtec.cat\/ies-santa-eulalia\/wp-content\/uploads\/usu1612\/2021\/06\/IMG-20210611-WA0077-1.jpg\"><img loading=\"lazy\" decoding=\"async\" class=\"alignnone size-full wp-image-7777\" src=\"https:\/\/agora.xtec.cat\/ies-santa-eulalia\/wp-content\/uploads\/usu1612\/2021\/06\/IMG-20210611-WA0077-1.jpg\" alt=\"\" width=\"1200\" height=\"1600\" srcset=\"https:\/\/agora.xtec.cat\/ies-santa-eulalia\/wp-content\/uploads\/usu1612\/2021\/06\/IMG-20210611-WA0077-1.jpg 1200w, https:\/\/agora.xtec.cat\/ies-santa-eulalia\/wp-content\/uploads\/usu1612\/2021\/06\/IMG-20210611-WA0077-1-225x300.jpg 225w, https:\/\/agora.xtec.cat\/ies-santa-eulalia\/wp-content\/uploads\/usu1612\/2021\/06\/IMG-20210611-WA0077-1-768x1024.jpg 768w\" sizes=\"auto, (max-width: 1200px) 100vw, 1200px\" \/><\/a><\/td>\n<\/tr>\n<\/tbody>\n<\/table>\n<\/td>\n<\/tr>\n<tr style=\"height: 848px;\">\n<td style=\"width: 929px; height: 848px;\">\n<h6 style=\"text-align: center;\"><strong>El treball de s\u00edntesi dels alumnes de <span style=\"color: #ff0000;\">TERCER<\/span> s&#8217;ha desenvolupat a <span style=\"color: #ff0000;\">LA VALL DE N\u00daRIA<\/span>. Entre muntanyes i aigua hem repetit la sortida que fem cada any i que tant i tant esperen amb il\u00b7lusi\u00f3 els nois i noies del centre. Han passat uns dies fent activitats, compartint dia i nit amb els companys. Quina passada!!!<\/strong><\/h6>\n<table style=\"height: 168px; width: 899px; border-style: hidden;\" width=\"899\">\n<tbody>\n<tr>\n<td style=\"width: 648.438px; border-style: hidden;\" colspan=\"2\"><a href=\"https:\/\/agora.xtec.cat\/ies-santa-eulalia\/wp-content\/uploads\/usu1612\/2021\/06\/IMG-20210611-WA0133.jpg\"><img loading=\"lazy\" decoding=\"async\" class=\"alignnone size-full wp-image-7749\" src=\"https:\/\/agora.xtec.cat\/ies-santa-eulalia\/wp-content\/uploads\/usu1612\/2021\/06\/IMG-20210611-WA0133.jpg\" alt=\"\" width=\"1920\" height=\"1080\" srcset=\"https:\/\/agora.xtec.cat\/ies-santa-eulalia\/wp-content\/uploads\/usu1612\/2021\/06\/IMG-20210611-WA0133.jpg 1920w, https:\/\/agora.xtec.cat\/ies-santa-eulalia\/wp-content\/uploads\/usu1612\/2021\/06\/IMG-20210611-WA0133-300x169.jpg 300w, https:\/\/agora.xtec.cat\/ies-santa-eulalia\/wp-content\/uploads\/usu1612\/2021\/06\/IMG-20210611-WA0133-768x432.jpg 768w, https:\/\/agora.xtec.cat\/ies-santa-eulalia\/wp-content\/uploads\/usu1612\/2021\/06\/IMG-20210611-WA0133-1024x576.jpg 1024w\" sizes=\"auto, (max-width: 1920px) 100vw, 1920px\" \/><\/a><\/td>\n<td style=\"width: 242.562px; border-style: hidden;\"><a href=\"https:\/\/agora.xtec.cat\/ies-santa-eulalia\/wp-content\/uploads\/usu1612\/2021\/06\/IMG-20210611-WA0053.jpg\"><img loading=\"lazy\" decoding=\"async\" class=\"wp-image-7750 aligncenter\" src=\"https:\/\/agora.xtec.cat\/ies-santa-eulalia\/wp-content\/uploads\/usu1612\/2021\/06\/IMG-20210611-WA0053.jpg\" alt=\"\" width=\"210\" height=\"456\" srcset=\"https:\/\/agora.xtec.cat\/ies-santa-eulalia\/wp-content\/uploads\/usu1612\/2021\/06\/IMG-20210611-WA0053.jpg 840w, https:\/\/agora.xtec.cat\/ies-santa-eulalia\/wp-content\/uploads\/usu1612\/2021\/06\/IMG-20210611-WA0053-138x300.jpg 138w, https:\/\/agora.xtec.cat\/ies-santa-eulalia\/wp-content\/uploads\/usu1612\/2021\/06\/IMG-20210611-WA0053-768x1668.jpg 768w, https:\/\/agora.xtec.cat\/ies-santa-eulalia\/wp-content\/uploads\/usu1612\/2021\/06\/IMG-20210611-WA0053-472x1024.jpg 472w\" sizes=\"auto, (max-width: 210px) 100vw, 210px\" \/><\/a><\/td>\n<\/tr>\n<tr>\n<td style=\"width: 293.656px; border-style: hidden; background-color: #ffffff;\"><a href=\"https:\/\/agora.xtec.cat\/ies-santa-eulalia\/wp-content\/uploads\/usu1612\/2021\/06\/Foto-de-Mireia-4.jpg\"><img loading=\"lazy\" decoding=\"async\" class=\"alignnone size-full wp-image-7748\" src=\"https:\/\/agora.xtec.cat\/ies-santa-eulalia\/wp-content\/uploads\/usu1612\/2021\/06\/Foto-de-Mireia-4.jpg\" alt=\"\" width=\"1600\" height=\"1200\" srcset=\"https:\/\/agora.xtec.cat\/ies-santa-eulalia\/wp-content\/uploads\/usu1612\/2021\/06\/Foto-de-Mireia-4.jpg 1600w, https:\/\/agora.xtec.cat\/ies-santa-eulalia\/wp-content\/uploads\/usu1612\/2021\/06\/Foto-de-Mireia-4-300x225.jpg 300w, https:\/\/agora.xtec.cat\/ies-santa-eulalia\/wp-content\/uploads\/usu1612\/2021\/06\/Foto-de-Mireia-4-768x576.jpg 768w, https:\/\/agora.xtec.cat\/ies-santa-eulalia\/wp-content\/uploads\/usu1612\/2021\/06\/Foto-de-Mireia-4-1024x768.jpg 1024w, https:\/\/agora.xtec.cat\/ies-santa-eulalia\/wp-content\/uploads\/usu1612\/2021\/06\/Foto-de-Mireia-4-200x150.jpg 200w\" sizes=\"auto, (max-width: 1600px) 100vw, 1600px\" \/><\/a><\/td>\n<td style=\"width: 352.781px; border-style: hidden; background-color: #ffffff;\"><a href=\"https:\/\/agora.xtec.cat\/ies-santa-eulalia\/wp-content\/uploads\/usu1612\/2021\/06\/Foto-de-Mireia-2-1.jpg\"><img loading=\"lazy\" decoding=\"async\" class=\"alignnone size-full wp-image-7747\" src=\"https:\/\/agora.xtec.cat\/ies-santa-eulalia\/wp-content\/uploads\/usu1612\/2021\/06\/Foto-de-Mireia-2-1.jpg\" alt=\"\" width=\"1600\" height=\"1200\" srcset=\"https:\/\/agora.xtec.cat\/ies-santa-eulalia\/wp-content\/uploads\/usu1612\/2021\/06\/Foto-de-Mireia-2-1.jpg 1600w, https:\/\/agora.xtec.cat\/ies-santa-eulalia\/wp-content\/uploads\/usu1612\/2021\/06\/Foto-de-Mireia-2-1-300x225.jpg 300w, https:\/\/agora.xtec.cat\/ies-santa-eulalia\/wp-content\/uploads\/usu1612\/2021\/06\/Foto-de-Mireia-2-1-768x576.jpg 768w, https:\/\/agora.xtec.cat\/ies-santa-eulalia\/wp-content\/uploads\/usu1612\/2021\/06\/Foto-de-Mireia-2-1-1024x768.jpg 1024w, https:\/\/agora.xtec.cat\/ies-santa-eulalia\/wp-content\/uploads\/usu1612\/2021\/06\/Foto-de-Mireia-2-1-200x150.jpg 200w\" sizes=\"auto, (max-width: 1600px) 100vw, 1600px\" \/><\/a><\/td>\n<td style=\"width: 242.562px; border-style: hidden; background-color: #ffffff;\"><a href=\"https:\/\/agora.xtec.cat\/ies-santa-eulalia\/wp-content\/uploads\/usu1612\/2021\/06\/Foto-de-Mireia-3.jpg\"><img loading=\"lazy\" decoding=\"async\" class=\"alignnone size-full wp-image-7746\" src=\"https:\/\/agora.xtec.cat\/ies-santa-eulalia\/wp-content\/uploads\/usu1612\/2021\/06\/Foto-de-Mireia-3.jpg\" alt=\"\" width=\"1600\" height=\"1200\" srcset=\"https:\/\/agora.xtec.cat\/ies-santa-eulalia\/wp-content\/uploads\/usu1612\/2021\/06\/Foto-de-Mireia-3.jpg 1600w, https:\/\/agora.xtec.cat\/ies-santa-eulalia\/wp-content\/uploads\/usu1612\/2021\/06\/Foto-de-Mireia-3-300x225.jpg 300w, https:\/\/agora.xtec.cat\/ies-santa-eulalia\/wp-content\/uploads\/usu1612\/2021\/06\/Foto-de-Mireia-3-768x576.jpg 768w, https:\/\/agora.xtec.cat\/ies-santa-eulalia\/wp-content\/uploads\/usu1612\/2021\/06\/Foto-de-Mireia-3-1024x768.jpg 1024w, https:\/\/agora.xtec.cat\/ies-santa-eulalia\/wp-content\/uploads\/usu1612\/2021\/06\/Foto-de-Mireia-3-200x150.jpg 200w\" sizes=\"auto, (max-width: 1600px) 100vw, 1600px\" \/><\/a><\/td>\n<\/tr>\n<\/tbody>\n<\/table>\n<\/td>\n<\/tr>\n<tr style=\"height: 647px;\">\n<td style=\"width: 929px; height: 647px;\">\n<h6 style=\"text-align: center;\"><strong>Els alumnes de <span style=\"color: #ff0000;\">QUART<\/span>, l&#8217;any passat van viure el final de curs a casa, confinats per la pand\u00e8mia. Per\u00f2 aquest curs han tingut una compensaci\u00f3, ja que han fet unes col\u00f2nies a <span style=\"color: #800080;\"><em>Torroella<\/em><\/span>, plenes d&#8217;esports d&#8217;aventura, d&#8217;aigua, tir amb arc, bicicleta&#8230; I amb un paisatge incre\u00efble: les <span style=\"color: #ff0000;\">ILLES MEDES<\/span> de fons. Guaiteu!<\/strong><\/h6>\n<table style=\"height: 484px; border-style: hidden; width: 898px;\" width=\"898\">\n<tbody>\n<tr style=\"height: 484px;\">\n<td style=\"width: 668.5px; height: 484px; border-style: hidden;\" colspan=\"3\"><a href=\"https:\/\/agora.xtec.cat\/ies-santa-eulalia\/wp-content\/uploads\/usu1612\/2021\/06\/PHOTO-2021-06-10-11-31-40.jpg\"><img loading=\"lazy\" decoding=\"async\" class=\"alignnone size-full wp-image-7753\" src=\"https:\/\/agora.xtec.cat\/ies-santa-eulalia\/wp-content\/uploads\/usu1612\/2021\/06\/PHOTO-2021-06-10-11-31-40.jpg\" alt=\"\" width=\"1599\" height=\"1200\" srcset=\"https:\/\/agora.xtec.cat\/ies-santa-eulalia\/wp-content\/uploads\/usu1612\/2021\/06\/PHOTO-2021-06-10-11-31-40.jpg 1599w, https:\/\/agora.xtec.cat\/ies-santa-eulalia\/wp-content\/uploads\/usu1612\/2021\/06\/PHOTO-2021-06-10-11-31-40-300x225.jpg 300w, https:\/\/agora.xtec.cat\/ies-santa-eulalia\/wp-content\/uploads\/usu1612\/2021\/06\/PHOTO-2021-06-10-11-31-40-768x576.jpg 768w, https:\/\/agora.xtec.cat\/ies-santa-eulalia\/wp-content\/uploads\/usu1612\/2021\/06\/PHOTO-2021-06-10-11-31-40-1024x768.jpg 1024w, https:\/\/agora.xtec.cat\/ies-santa-eulalia\/wp-content\/uploads\/usu1612\/2021\/06\/PHOTO-2021-06-10-11-31-40-200x150.jpg 200w\" sizes=\"auto, (max-width: 1599px) 100vw, 1599px\" \/><\/a><\/td>\n<td style=\"width: 221.5px; height: 484px; border-style: hidden;\"><a href=\"https:\/\/agora.xtec.cat\/ies-santa-eulalia\/wp-content\/uploads\/usu1612\/2021\/06\/PHOTO-2021-06-11-11-54-48.jpg\"><img loading=\"lazy\" decoding=\"async\" class=\"alignnone size-full wp-image-7756\" src=\"https:\/\/agora.xtec.cat\/ies-santa-eulalia\/wp-content\/uploads\/usu1612\/2021\/06\/PHOTO-2021-06-11-11-54-48.jpg\" alt=\"\" width=\"1599\" height=\"1200\" srcset=\"https:\/\/agora.xtec.cat\/ies-santa-eulalia\/wp-content\/uploads\/usu1612\/2021\/06\/PHOTO-2021-06-11-11-54-48.jpg 1599w, https:\/\/agora.xtec.cat\/ies-santa-eulalia\/wp-content\/uploads\/usu1612\/2021\/06\/PHOTO-2021-06-11-11-54-48-300x225.jpg 300w, https:\/\/agora.xtec.cat\/ies-santa-eulalia\/wp-content\/uploads\/usu1612\/2021\/06\/PHOTO-2021-06-11-11-54-48-768x576.jpg 768w, https:\/\/agora.xtec.cat\/ies-santa-eulalia\/wp-content\/uploads\/usu1612\/2021\/06\/PHOTO-2021-06-11-11-54-48-1024x768.jpg 1024w, https:\/\/agora.xtec.cat\/ies-santa-eulalia\/wp-content\/uploads\/usu1612\/2021\/06\/PHOTO-2021-06-11-11-54-48-200x150.jpg 200w\" sizes=\"auto, (max-width: 1599px) 100vw, 1599px\" \/><\/a><\/p>\n<p><a href=\"https:\/\/agora.xtec.cat\/ies-santa-eulalia\/wp-content\/uploads\/usu1612\/2021\/06\/PHOTO-2021-06-09-13-25-30-1.jpg\"><img loading=\"lazy\" decoding=\"async\" class=\"alignnone size-full wp-image-7755\" src=\"https:\/\/agora.xtec.cat\/ies-santa-eulalia\/wp-content\/uploads\/usu1612\/2021\/06\/PHOTO-2021-06-09-13-25-30-1.jpg\" alt=\"\" width=\"2048\" height=\"1536\" srcset=\"https:\/\/agora.xtec.cat\/ies-santa-eulalia\/wp-content\/uploads\/usu1612\/2021\/06\/PHOTO-2021-06-09-13-25-30-1.jpg 2048w, https:\/\/agora.xtec.cat\/ies-santa-eulalia\/wp-content\/uploads\/usu1612\/2021\/06\/PHOTO-2021-06-09-13-25-30-1-300x225.jpg 300w, https:\/\/agora.xtec.cat\/ies-santa-eulalia\/wp-content\/uploads\/usu1612\/2021\/06\/PHOTO-2021-06-09-13-25-30-1-768x576.jpg 768w, https:\/\/agora.xtec.cat\/ies-santa-eulalia\/wp-content\/uploads\/usu1612\/2021\/06\/PHOTO-2021-06-09-13-25-30-1-1024x768.jpg 1024w, https:\/\/agora.xtec.cat\/ies-santa-eulalia\/wp-content\/uploads\/usu1612\/2021\/06\/PHOTO-2021-06-09-13-25-30-1-200x150.jpg 200w\" sizes=\"auto, (max-width: 2048px) 100vw, 2048px\" \/><\/a><\/p>\n<p><a href=\"https:\/\/agora.xtec.cat\/ies-santa-eulalia\/wp-content\/uploads\/usu1612\/2021\/06\/PHOTO-2021-06-11-10-55-44.jpg\"><img loading=\"lazy\" decoding=\"async\" class=\"alignnone size-full wp-image-7754\" src=\"https:\/\/agora.xtec.cat\/ies-santa-eulalia\/wp-content\/uploads\/usu1612\/2021\/06\/PHOTO-2021-06-11-10-55-44.jpg\" alt=\"\" width=\"2048\" height=\"1536\" srcset=\"https:\/\/agora.xtec.cat\/ies-santa-eulalia\/wp-content\/uploads\/usu1612\/2021\/06\/PHOTO-2021-06-11-10-55-44.jpg 2048w, https:\/\/agora.xtec.cat\/ies-santa-eulalia\/wp-content\/uploads\/usu1612\/2021\/06\/PHOTO-2021-06-11-10-55-44-300x225.jpg 300w, https:\/\/agora.xtec.cat\/ies-santa-eulalia\/wp-content\/uploads\/usu1612\/2021\/06\/PHOTO-2021-06-11-10-55-44-768x576.jpg 768w, https:\/\/agora.xtec.cat\/ies-santa-eulalia\/wp-content\/uploads\/usu1612\/2021\/06\/PHOTO-2021-06-11-10-55-44-1024x768.jpg 1024w, https:\/\/agora.xtec.cat\/ies-santa-eulalia\/wp-content\/uploads\/usu1612\/2021\/06\/PHOTO-2021-06-11-10-55-44-200x150.jpg 200w\" sizes=\"auto, (max-width: 2048px) 100vw, 2048px\" \/><\/a><\/td>\n<\/tr>\n<\/tbody>\n<\/table>\n<\/td>\n<\/tr>\n<\/tbody>\n<\/table>\n","protected":false},"excerpt":{"rendered":"<p>Final de curs: s\u00edntesi, col\u00f2nies i sortides<br \/>\nDeixa empremta, emporta&#8217;t records<\/p>\n<p>Com qui no vol la cosa, hem arribat a final de curs. La valoraci\u00f3 que fem \u00e9s molt i molt positiva. Pens\u00e0vem que potser les circumst\u00e0ncies ens farien perdre all\u00f2 que \u00e9s m\u00e9s important pels que&hellip;  <a href=\"https:\/\/agora.xtec.cat\/ies-santa-eulalia\/com-treballem\/sortides-i-activitats\/colonies-i-sortides\/\" title=\"Read Col\u00f2nies i Cr\u00e8dits de S\u00edntesi\">Llegeix m\u00e9s\u00bb<\/a><\/p>\n","protected":false},"author":1,"featured_media":0,"parent":4966,"menu_order":0,"comment_status":"closed","ping_status":"closed","template":"","meta":{"_bbp_topic_count":0,"_bbp_reply_count":0,"_bbp_total_topic_count":0,"_bbp_total_reply_count":0,"_bbp_voice_count":0,"_bbp_anonymous_reply_count":0,"_bbp_topic_count_hidden":0,"_bbp_reply_count_hidden":0,"_bbp_forum_subforum_count":0,"footnotes":""},"class_list":["post-7769","page","type-page","status-publish","hentry"],"post_mailing_queue_ids":[],"_links":{"self":[{"href":"https:\/\/agora.xtec.cat\/ies-santa-eulalia\/wp-json\/wp\/v2\/pages\/7769","targetHints":{"allow":["GET"]}}],"collection":[{"href":"https:\/\/agora.xtec.cat\/ies-santa-eulalia\/wp-json\/wp\/v2\/pages"}],"about":[{"href":"https:\/\/agora.xtec.cat\/ies-santa-eulalia\/wp-json\/wp\/v2\/types\/page"}],"author":[{"embeddable":true,"href":"https:\/\/agora.xtec.cat\/ies-santa-eulalia\/wp-json\/wp\/v2\/users\/1"}],"replies":[{"embeddable":true,"href":"https:\/\/agora.xtec.cat\/ies-santa-eulalia\/wp-json\/wp\/v2\/comments?post=7769"}],"version-history":[{"count":4,"href":"https:\/\/agora.xtec.cat\/ies-santa-eulalia\/wp-json\/wp\/v2\/pages\/7769\/revisions"}],"predecessor-version":[{"id":7798,"href":"https:\/\/agora.xtec.cat\/ies-santa-eulalia\/wp-json\/wp\/v2\/pages\/7769\/revisions\/7798"}],"up":[{"embeddable":true,"href":"https:\/\/agora.xtec.cat\/ies-santa-eulalia\/wp-json\/wp\/v2\/pages\/4966"}],"wp:attachment":[{"href":"https:\/\/agora.xtec.cat\/ies-santa-eulalia\/wp-json\/wp\/v2\/media?parent=7769"}],"curies":[{"name":"wp","href":"https:\/\/api.w.org\/{rel}","templated":true}]}}