{"id":637,"date":"2017-04-19T11:48:58","date_gmt":"2017-04-19T09:48:58","guid":{"rendered":"http:\/\/agora.xtec.cat\/ies-santa-eulalia\/?page_id=637"},"modified":"2019-10-30T09:17:23","modified_gmt":"2019-10-30T08:17:23","slug":"protocol-de-convivencia","status":"publish","type":"page","link":"https:\/\/agora.xtec.cat\/ies-santa-eulalia\/com-treballem\/normes-dorganitzacio-i-funcionament\/protocol-de-convivencia\/","title":{"rendered":"Protocol de conviv\u00e8ncia"},"content":{"rendered":"<h3 align=\"center\"><b>Mesures per promoure la conviv\u00e8ncia\u00a0<\/b><b>a l&#8217;INS Santa Eul\u00e0lia<\/b><\/h3>\n<p style=\"text-align: justify;\"><img loading=\"lazy\" decoding=\"async\" class=\"size-medium wp-image-673 alignleft\" src=\"http:\/\/agora.xtec.cat\/ies-santa-eulalia\/wp-content\/uploads\/usu1612\/2017\/04\/20070718202207-convivencia2-300x233.jpg\" alt=\"convivencia\" width=\"300\" height=\"233\" srcset=\"https:\/\/agora.xtec.cat\/ies-santa-eulalia\/wp-content\/uploads\/usu1612\/2017\/04\/20070718202207-convivencia2-300x233.jpg 300w, https:\/\/agora.xtec.cat\/ies-santa-eulalia\/wp-content\/uploads\/usu1612\/2017\/04\/20070718202207-convivencia2.jpg 320w\" sizes=\"auto, (max-width: 300px) 100vw, 300px\" \/><\/p>\n<p style=\"text-align: justify;\">La norma b\u00e0sica de conviv\u00e8ncia a\u00a0l&#8217;INS Santa Eul\u00e0lia \u00e9s el respecte mutu entre les persones. En\u00a0 conseq\u00fc\u00e8ncia, cap membre de la comunitat educativa no pot ser objecte de\u00a0 tracte degradant o vexatori que atempti contra la seva integritat f\u00edsica o moral i\u00a0 la seva dignitat personal.<\/p>\n<p style=\"text-align: justify;\">L\u2019alumnat o els seus pares o tutors legals hauran de justificar les faltes d\u2019assist\u00e8ncia. L\u2019acumulaci\u00f3 d\u2019aquestes faltes injustificades d\u2019assist\u00e8ncia de manera reiterada suposar\u00e0 la comunicaci\u00f3 dels fets als serveis socials.<\/p>\n<p style=\"text-align: justify;\">Cal seguir les indicacions de qualsevol professional del centre (professorat,\u00a0 conserges, personal de secretaria, de neteja, monitors de menjador, de\u00a0 transport escolar, etc.).<\/p>\n<p style=\"text-align: justify;\">Durant les hores de classe l\u2019alumnat ha de romandre a l\u2019aula. En cap cas en\u00a0 sortir\u00e0 llevat de casos excepcionals (trobar-se malament, que els pares el\u00a0 vinguin a buscar, etc.). En aquests casos sempre restar\u00e0 al banc que hi ha al\u00a0 costat de consergeria.<\/p>\n<p style=\"text-align: justify;\">S\u2019ha de mantenir l\u2019ordre d\u2019alumnes, taules i cadires establert a l\u2019aula, amb\u00a0 independ\u00e8ncia que en moments puntuals es puguin alterar.<\/p>\n<p style=\"text-align: justify;\">Si s\u2019ocasiona un desperfecte, cal notificar-ho immediatament al tutor\/a per\u00a0 poder-ho solucionar el m\u00e9s aviat possible. L\u2019alumnat responsable haur\u00e0 de\u00a0 reparar els danys causats o restituir el que hagi sostret ( article 38 de la LEC).<\/p>\n<p style=\"text-align: justify;\">Els desperfectes intencionats i an\u00f2nims causats a les aules podran ser reparats\u00a0 econ\u00f2micament de forma equitativa per la totalitat d\u2019alumnes d\u2019aquella aula.<\/p>\n<p style=\"text-align: justify;\">\u00c9s totalment desaconsellable portar objectes de valors, diners i aparells\u00a0 electr\u00f2nics com m\u00f2bils, MP4, etc. Els alumnes n\u2019han de tenir cura i en cap cas\u00a0 el centre es fa responsable de la seva p\u00e8rdua o sostracci\u00f3.<\/p>\n<p style=\"text-align: justify;\">Aquests aparells no es poden fer servir durant les activitats acad\u00e8miques. No \u00e9s\u00a0 perm\u00e8s tampoc fer fotos, filmar o reproduir imatges i\/o sons al centre. En cas\u00a0 contrari, el professor requisar\u00e0 els aparells i els portar\u00e0 a la direcci\u00f3 on\u00a0 s\u2019actuar\u00e0 segons es consideri oport\u00fa.<\/p>\n<p style=\"text-align: justify;\">A l\u2019hora d\u2019esbarjo els alumnes sortiran de l\u2019edifici al pati, llevat en cas de mal\u00a0 temps i d\u2019altres situacions excepcionals (c\u00e0stigs, trobar-se malament, etc.)<\/p>\n<p style=\"text-align: justify;\">Els alumnes de Batxillerat poden sortir del centre si pr\u00e8viament han lliurat\u00a0 l\u2019autoritzaci\u00f3 als seus tutors a l\u2019inici de curs. S\u00f3n els \u00fanics que poden sortir fora\u00a0 a l\u2019hora del pati.<\/p>\n<p style=\"text-align: justify;\">Per sortir del centre en horari lectiu, un alumne ha de presentar pr\u00e8viament\u00a0 una autoritzaci\u00f3 escrita dels pares o representants legals i ha de demanar\u00a0 perm\u00eds al professor de gu\u00e0rdia.<\/p>\n<p style=\"text-align: justify;\">S&#8217;ha de respectar l&#8217;edifici i tot el mobiliari que cont\u00e9: taules, cadires, parets, sostres, finestres, persianes, plantes, pati, etc. Es tindr\u00e0 cura d&#8217;utilitzar correctament les papereres, hi haur\u00e0 com a m\u00ednim una per aula i per passad\u00eds.<\/p>\n<p style=\"text-align: justify;\"><b>Resoluci\u00f3 de conflictes<\/b><\/p>\n<p style=\"text-align: justify;\">La resoluci\u00f3 de conflictes, que s\u2019ha de situar en el marc de\u00a0 l\u2019acci\u00f3 educativa, t\u00e9 per finalitat contribuir al manteniment i la\u00a0 millora del proc\u00e9s educatiu dels alumnes.<\/p>\n<p style=\"text-align: justify;\">Els procediments de resoluci\u00f3 dels conflictes de conviv\u00e8ncia\u00a0 s\u2019han d\u2019ajustar als principis i criteris seg\u00fcents:<\/p>\n<p style=\"text-align: justify;\">a) Han de vetllar per la protecci\u00f3 dels drets dels afectats i han\u00a0 d\u2019assegurar el compliment dels deures dels afectats.<\/p>\n<p style=\"text-align: justify;\">b) Han de garantir la continu\u00eftat de les activitats del centre,\u00a0 amb la m\u00ednima pertorbaci\u00f3 per a l\u2019alumnat i el professorat.<\/p>\n<p style=\"text-align: justify;\">c) Han d\u2019emprar mecanismes de mediaci\u00f3 sempre que sigui\u00a0 pertinent.<\/p>\n<p style=\"text-align: justify;\"><b>La mediaci\u00f3 escolar com a proc\u00e9s educatiu de gesti\u00f3 de conflictes<\/b><\/p>\n<p style=\"text-align: justify;\"><b>Qu\u00e8 \u00e9s la mediaci\u00f3?<\/b><\/p>\n<p style=\"text-align: justify;\">La mediaci\u00f3 \u00e9s un proc\u00e9s educatiu per gestionar els conflictes de conviv\u00e8ncia que sorgeixen en els centres en qu\u00e8 estan involucrats els alumnes (encara que \u00e9s un servei que pot estar a l&#8217;abast de tots els membres de la comunitat educativa), ja que \u00e9s una eina efica\u00e7 de pacificaci\u00f3 social en la qual es busca la responsabilitzaci\u00f3 de les accions de cadasc\u00fa.<\/p>\n<p style=\"text-align: justify;\">Entendre la mediaci\u00f3 com una mera t\u00e8cnica per eradicar els conflictes dels centres o un complement m\u00e9s del sistema disciplinari suposa no entendre l&#8217;abast profund que t\u00e9 la introducci\u00f3 d&#8217;aquest sistema en el centre.<\/p>\n<p style=\"text-align: justify;\"><b>Objectius<\/b><\/p>\n<p style=\"text-align: justify;\">Els objectius generals del Projecte de Mediaci\u00f3 a l&#8217;INS Santa Eul\u00e0lia s\u00f3n:<\/p>\n<ul style=\"text-align: justify;\">\n<li><span style=\"font-family: Verdana, sans-serif;\">Mi<\/span>llorar la conviv\u00e8ncia a l\u00b4 institut, reduint el nombre d\u00b4incidents entre els membres de la comunitat educativa.<\/li>\n<li>Fomentar en l\u00b4alumnat capacitats dial\u00f2giques com eines de comunicaci\u00f3 obertes i efectives, participant activament amb responsabilitat en la construcci\u00f3 de la cultura de di\u00e0leg, respecte, no viol\u00e8ncia i pau en l\u00b4 entorn educatiu i social.<\/li>\n<li>Recon\u00e8ixer i experimentar els conflictes com a part natural de la quotidianitat i com a font de desenvolupament i d&#8217;aprenentatge personal.<\/li>\n<\/ul>\n<p style=\"text-align: justify;\"><b>\u00a0<\/b><\/p>\n<p style=\"text-align: justify;\"><b>\u00a0<\/b><b>Principis i normes del proc\u00e9s de mediaci\u00f3<\/b><\/p>\n<p style=\"text-align: justify;\">La mediaci\u00f3 que es planteja en els centres educatius en general i a l&#8217;INS Santa Eul\u00e0lia en particular es basa en els seg\u00fcents principis:<\/p>\n<p style=\"text-align: justify;\">\u00a0a) La voluntarietat, segons la qual les persones implicades en el conflicte no solament s\u00f3n lliures d&#8217;acollir-se o no a la mediaci\u00f3, sin\u00f3 tamb\u00e9 de desistir en qualsevol moment del proc\u00e9s.<\/p>\n<p style=\"text-align: justify;\">\u00a0b) La imparcialitat de la persona mediadora, que ha d&#8217;ajudar els participants a que siguin ells mateixos els que busquin la soluci\u00f3 m\u00e9s adequada.<\/p>\n<p style=\"text-align: justify;\">\u00a0c) La confidencialitat, que obliga la persona mediadora i als participants a no revelar a ning\u00fa el que passi a les sessions, excepte en casos que preveuen les lleis.<\/p>\n<p style=\"text-align: justify;\">\u00a0d) El car\u00e0cter personal\u00edssim, que implica que les persones que prenen part en el proc\u00e9s han d&#8217;assistir personalment i de cap manera es pot delegar en altres persones l&#8217;assist\u00e8ncia.<\/p>\n<p style=\"text-align: justify;\">Quant a les normes que s&#8217;han de seguir per part dels participants s\u00f3n les seg\u00fcents:<\/p>\n<p style=\"text-align: justify;\">a)\u00a0\u00a0 Escoltar sense interrompre.<\/p>\n<p style=\"text-align: justify;\">b)\u00a0\u00a0 Parlar sense faltar al respecte.<\/p>\n<p style=\"text-align: justify;\">c)\u00a0\u00a0 Mantenir confidencialment el contingut de la trobada.<\/p>\n<p style=\"text-align: justify;\">d)\u00a0\u00a0 Intentar cooperar per arribar a un acord.<\/p>\n","protected":false},"excerpt":{"rendered":"<p>Mesures per promoure la conviv\u00e8ncia\u00a0a l&#8217;INS Santa Eul\u00e0lia<\/p>\n<p>La norma b\u00e0sica de conviv\u00e8ncia a\u00a0l&#8217;INS Santa Eul\u00e0lia \u00e9s el respecte mutu entre les persones. En\u00a0 conseq\u00fc\u00e8ncia, cap membre de la comunitat educativa no pot ser objecte de\u00a0 tracte degradant o vexatori que atempti contra la seva integritat&hellip;  <a href=\"https:\/\/agora.xtec.cat\/ies-santa-eulalia\/com-treballem\/normes-dorganitzacio-i-funcionament\/protocol-de-convivencia\/\" title=\"Read Protocol de conviv\u00e8ncia\">Llegeix m\u00e9s\u00bb<\/a><\/p>\n","protected":false},"author":1,"featured_media":0,"parent":49,"menu_order":0,"comment_status":"closed","ping_status":"closed","template":"page-templates\/side-menu.php","meta":{"_bbp_topic_count":0,"_bbp_reply_count":0,"_bbp_total_topic_count":0,"_bbp_total_reply_count":0,"_bbp_voice_count":0,"_bbp_anonymous_reply_count":0,"_bbp_topic_count_hidden":0,"_bbp_reply_count_hidden":0,"_bbp_forum_subforum_count":0,"footnotes":""},"class_list":["post-637","page","type-page","status-publish","hentry"],"post_mailing_queue_ids":[],"_links":{"self":[{"href":"https:\/\/agora.xtec.cat\/ies-santa-eulalia\/wp-json\/wp\/v2\/pages\/637","targetHints":{"allow":["GET"]}}],"collection":[{"href":"https:\/\/agora.xtec.cat\/ies-santa-eulalia\/wp-json\/wp\/v2\/pages"}],"about":[{"href":"https:\/\/agora.xtec.cat\/ies-santa-eulalia\/wp-json\/wp\/v2\/types\/page"}],"author":[{"embeddable":true,"href":"https:\/\/agora.xtec.cat\/ies-santa-eulalia\/wp-json\/wp\/v2\/users\/1"}],"replies":[{"embeddable":true,"href":"https:\/\/agora.xtec.cat\/ies-santa-eulalia\/wp-json\/wp\/v2\/comments?post=637"}],"version-history":[{"count":4,"href":"https:\/\/agora.xtec.cat\/ies-santa-eulalia\/wp-json\/wp\/v2\/pages\/637\/revisions"}],"predecessor-version":[{"id":5257,"href":"https:\/\/agora.xtec.cat\/ies-santa-eulalia\/wp-json\/wp\/v2\/pages\/637\/revisions\/5257"}],"up":[{"embeddable":true,"href":"https:\/\/agora.xtec.cat\/ies-santa-eulalia\/wp-json\/wp\/v2\/pages\/49"}],"wp:attachment":[{"href":"https:\/\/agora.xtec.cat\/ies-santa-eulalia\/wp-json\/wp\/v2\/media?parent=637"}],"curies":[{"name":"wp","href":"https:\/\/api.w.org\/{rel}","templated":true}]}}