{"id":631,"date":"2017-04-06T10:31:29","date_gmt":"2017-04-06T08:31:29","guid":{"rendered":"http:\/\/agora.xtec.cat\/ies-santa-eulalia\/?page_id=631"},"modified":"2017-04-26T12:48:36","modified_gmt":"2017-04-26T10:48:36","slug":"neteja-de-patis","status":"publish","type":"page","link":"https:\/\/agora.xtec.cat\/ies-santa-eulalia\/com-treballem\/normes-dorganitzacio-i-funcionament\/neteja-de-patis\/","title":{"rendered":"Neteja de patis"},"content":{"rendered":"<p style=\"text-align: justify;\"><b>Neteja del pati<a href=\"http:\/\/agora.xtec.cat\/ies-santa-eulalia\/wp-content\/uploads\/usu1612\/2017\/04\/Neteja1.jpg\"><img loading=\"lazy\" decoding=\"async\" class=\"size-full wp-image-690 alignright\" src=\"http:\/\/agora.xtec.cat\/ies-santa-eulalia\/wp-content\/uploads\/usu1612\/2017\/04\/Neteja1.jpg\" alt=\"Neteja\" width=\"271\" height=\"273\" srcset=\"https:\/\/agora.xtec.cat\/ies-santa-eulalia\/wp-content\/uploads\/usu1612\/2017\/04\/Neteja1.jpg 271w, https:\/\/agora.xtec.cat\/ies-santa-eulalia\/wp-content\/uploads\/usu1612\/2017\/04\/Neteja1-150x150.jpg 150w\" sizes=\"auto, (max-width: 271px) 100vw, 271px\" \/><\/a><\/b><\/p>\n<p style=\"text-align: justify;\">Els professors de gu\u00e0rdia del pati (tan del pati del terrat com el del pati de la planta baixa) han de fer complir les normes de neteja, que es dipositin les deixalles a les papereres i que es respectin els torns de neteja dels diferents grups. Cada setmana un grup diferent \u00e9s l&#8217;encarregat de netejar l&#8217;espai d&#8217;esbarjo.<\/p>\n<p style=\"text-align: justify;\">\n<p style=\"text-align: justify;\"><b>De la responsabilitat en el manteniment i la neteja<\/b><\/p>\n<p style=\"text-align: justify;\">El professorat que detecti qualsevol desperfecte en les instal\u00b7lacions o equipaments del centre ho haur\u00e0 de comunicar a la secretaria amb la m\u00e0xima celeritat possible.<\/p>\n<p style=\"text-align: justify;\">Cadasc\u00fa \u00e9s responsable d&#8217;all\u00f2 que utilitza. Quan es produeixin desperfectes o trencadisses, la persona o persones causants s&#8217;hauran de fer c\u00e0rrec de les despeses ocasionades. En cas que no se&#8217;n puguin determinar els responsables, el pagament es repartir\u00e0 entre tots els alumnes del grup o grups en l&#8217;\u00e0mbit dels quals hagin tingut lloc els danys. En cas de destrossa intencionada s&#8217;aplicaran les mesures sancionadores d\u2019aquestes Normes.<\/p>\n<p style=\"text-align: justify;\">L\u2019alumnat t\u00e9 l\u2019obligaci\u00f3 de mantenir en perfecte estat de conservaci\u00f3 l\u2019aula i el material que hi troba, incloent-hi les taules i cadires. Els professors vetllaran perqu\u00e8 aix\u00f2 s&#8217;acompleixi i un cop al mes com a m\u00ednim el tutor revisar\u00e0 el material i far\u00e0 que les taules guixades siguin netejades. En cas de negativa s\u2019aplicaran les degudes sancions.<\/p>\n<p style=\"text-align: justify;\">\n","protected":false},"excerpt":{"rendered":"<p>Neteja del pati<a href=\"http:\/\/agora.xtec.cat\/ies-santa-eulalia\/wp-content\/uploads\/usu1612\/2017\/04\/Neteja1.jpg\"><\/a><br \/>\nEls professors de gu\u00e0rdia del pati (tan del pati del terrat com el del pati de la planta baixa) han de fer complir les normes de neteja, que es dipositin les deixalles a les papereres i que es respectin els torns de&hellip;  <a href=\"https:\/\/agora.xtec.cat\/ies-santa-eulalia\/com-treballem\/normes-dorganitzacio-i-funcionament\/neteja-de-patis\/\" title=\"Read Neteja de patis\">Llegeix m\u00e9s\u00bb<\/a><\/p>\n","protected":false},"author":1,"featured_media":0,"parent":49,"menu_order":0,"comment_status":"closed","ping_status":"closed","template":"page-templates\/side-menu.php","meta":{"_bbp_topic_count":0,"_bbp_reply_count":0,"_bbp_total_topic_count":0,"_bbp_total_reply_count":0,"_bbp_voice_count":0,"_bbp_anonymous_reply_count":0,"_bbp_topic_count_hidden":0,"_bbp_reply_count_hidden":0,"_bbp_forum_subforum_count":0,"footnotes":""},"class_list":["post-631","page","type-page","status-publish","hentry"],"post_mailing_queue_ids":[],"_links":{"self":[{"href":"https:\/\/agora.xtec.cat\/ies-santa-eulalia\/wp-json\/wp\/v2\/pages\/631","targetHints":{"allow":["GET"]}}],"collection":[{"href":"https:\/\/agora.xtec.cat\/ies-santa-eulalia\/wp-json\/wp\/v2\/pages"}],"about":[{"href":"https:\/\/agora.xtec.cat\/ies-santa-eulalia\/wp-json\/wp\/v2\/types\/page"}],"author":[{"embeddable":true,"href":"https:\/\/agora.xtec.cat\/ies-santa-eulalia\/wp-json\/wp\/v2\/users\/1"}],"replies":[{"embeddable":true,"href":"https:\/\/agora.xtec.cat\/ies-santa-eulalia\/wp-json\/wp\/v2\/comments?post=631"}],"version-history":[{"count":3,"href":"https:\/\/agora.xtec.cat\/ies-santa-eulalia\/wp-json\/wp\/v2\/pages\/631\/revisions"}],"predecessor-version":[{"id":692,"href":"https:\/\/agora.xtec.cat\/ies-santa-eulalia\/wp-json\/wp\/v2\/pages\/631\/revisions\/692"}],"up":[{"embeddable":true,"href":"https:\/\/agora.xtec.cat\/ies-santa-eulalia\/wp-json\/wp\/v2\/pages\/49"}],"wp:attachment":[{"href":"https:\/\/agora.xtec.cat\/ies-santa-eulalia\/wp-json\/wp\/v2\/media?parent=631"}],"curies":[{"name":"wp","href":"https:\/\/api.w.org\/{rel}","templated":true}]}}