{"id":557,"date":"2017-03-09T12:37:54","date_gmt":"2017-03-09T11:37:54","guid":{"rendered":"http:\/\/agora.xtec.cat\/ies-santa-eulalia\/?page_id=557"},"modified":"2025-09-10T09:16:22","modified_gmt":"2025-09-10T07:16:22","slug":"departament-de-visual-i-plastica","status":"publish","type":"page","link":"https:\/\/agora.xtec.cat\/ies-santa-eulalia\/linstitut\/departaments\/departament-de-visual-i-plastica\/","title":{"rendered":"Dibuix"},"content":{"rendered":"<p>En el Departament de d&#8217;Expressi\u00f3 Art\u00edstica (Dibuix i M\u00fasica), aquest curs formem part del departament, els\/les seg\u00fcents docents:<\/p>\n<p><strong>Professorat de Dibuix<\/strong><strong>:<\/strong><\/p>\n<ul>\n<li><strong>David Laporta (Cap de Departament)<\/strong><\/li>\n<li><strong>Mar\u00eda Bardia<\/strong><\/li>\n<li><strong>Cristian Aleo<\/strong><\/li>\n<\/ul>\n<p>&nbsp;<\/p>\n<p><strong>Guies de la mat\u00e8ria per cursos:<\/strong><\/p>\n<p><strong>ESO:<\/strong><\/p>\n<p><a href=\"https:\/\/drive.google.com\/file\/d\/1sdSubXGfzr7PQ6PyGZDozHSb7Dq368Rs\/view?usp=drive_link\" target=\"_blank\" rel=\"noopener\"><span style=\"color: #000000;\">Guia de la mat\u00e8ria d&#8217;EVP de 1r d&#8217;ESO<\/span><\/a><br \/>\n<span style=\"color: #000000;\"><a href=\"https:\/\/drive.google.com\/file\/d\/1JVrnjzKkNFLeSEwlwfSyR1-5LBx0b202\/view?usp=drive_link\" target=\"_blank\" rel=\"noopener\">Guia de la materia d&#8217;EVP de 2n d&#8217;ESO<\/a><\/span><\/p>\n<p><a href=\"https:\/\/drive.google.com\/file\/d\/1g9jUKeMVEXQkl0GrwA5kuz8mxZFD8VV3\/view?usp=drive_link\" target=\"_blank\" rel=\"noopener\">Optativa Dibuix EVP de 4t ESO<\/a><\/p>\n<p><strong>Batxillerat:<\/strong><br \/>\n<a href=\"https:\/\/drive.google.com\/file\/d\/1sduWoR3hqbOc_VsC0Eup7DvG-zqBicMb\/view?usp=drive_link\" target=\"_blank\" rel=\"noopener\"><span style=\"color: #000000;\">Guia de la mat\u00e8ria Dibuix T\u00e8cnic 1r de Batx<\/span><\/a><\/p>\n<p><a href=\"https:\/\/drive.google.com\/file\/d\/1Thvv1LHogHTruDTbQ_oaF-3y4eJI2yhI\/view?usp=drive_link\" target=\"_blank\" rel=\"noopener\"><span style=\"color: #000000;\">Guia de la mat\u00e8ria Dibuix T\u00e8cnic 2n de Batx<\/span><\/a><\/p>\n<h2><span style=\"color: #000000;\"><strong><span style=\"color: #ff00ff;\">\u00a0\u00a0\u00a0\u00a0\u00a0\u00a0\u00a0\u00a0\u00a0 <\/span><\/strong><\/span><\/h2>\n<h2><span style=\"color: #000000;\"><strong><a href=\"http:\/\/agora.xtec.cat\/ies-santa-eulalia\/categoria\/novetats-visual-i-plastica\/\"><span style=\"color: #ff00ff;\">ACTIVITATS<\/span><\/a><\/strong><\/span><\/h2>\n<p><a href=\"http:\/\/agora.xtec.cat\/ies-santa-eulalia\/categoria\/novetats-visual-i-plastica\/\"><img loading=\"lazy\" decoding=\"async\" class=\"irc_mi\" src=\"https:\/\/i.ytimg.com\/vi\/8hM8V4eyt9A\/hqdefault.jpg\" alt=\"Resultat d'imatges de visual y plastica\" width=\"480\" height=\"360\" \/><\/a><\/p>\n<p>&nbsp;<\/p>\n<p>&nbsp;<\/p>\n","protected":false},"excerpt":{"rendered":"<p>En el Departament de d&#8217;Expressi\u00f3 Art\u00edstica (Dibuix i M\u00fasica), aquest curs formem part del departament, els\/les seg\u00fcents docents:<br \/>\nProfessorat de Dibuix:<\/p>\n<ul>\n<li>David Laporta (Cap de Departament)<\/li>\n<li>Mar\u00eda Bardia<\/li>\n<li>Cristian Aleo<\/li>\n<\/ul>\n<p>&nbsp;<br \/>\nGuies de la mat\u00e8ria per cursos:<br \/>\nESO:<br \/>\n<a href=\"https:\/\/drive.google.com\/file\/d\/1sdSubXGfzr7PQ6PyGZDozHSb7Dq368Rs\/view?usp=drive_link\" target=\"_blank\" rel=\"noopener\">Guia de la mat\u00e8ria d&#8217;EVP de 1r d&#8217;ESO<\/a><br \/>\n<a href=\"https:\/\/drive.google.com\/file\/d\/1JVrnjzKkNFLeSEwlwfSyR1-5LBx0b202\/view?usp=drive_link\" target=\"_blank\" rel=\"noopener\">Guia de&hellip;  <a href=\"https:\/\/agora.xtec.cat\/ies-santa-eulalia\/linstitut\/departaments\/departament-de-visual-i-plastica\/\" title=\"Read Dibuix\">Llegeix m\u00e9s\u00bb<\/a><\/p>\n","protected":false},"author":1,"featured_media":0,"parent":528,"menu_order":0,"comment_status":"closed","ping_status":"closed","template":"page-templates\/side-menu.php","meta":{"_bbp_topic_count":0,"_bbp_reply_count":0,"_bbp_total_topic_count":0,"_bbp_total_reply_count":0,"_bbp_voice_count":0,"_bbp_anonymous_reply_count":0,"_bbp_topic_count_hidden":0,"_bbp_reply_count_hidden":0,"_bbp_forum_subforum_count":0,"footnotes":""},"class_list":["post-557","page","type-page","status-publish","hentry"],"post_mailing_queue_ids":[],"_links":{"self":[{"href":"https:\/\/agora.xtec.cat\/ies-santa-eulalia\/wp-json\/wp\/v2\/pages\/557","targetHints":{"allow":["GET"]}}],"collection":[{"href":"https:\/\/agora.xtec.cat\/ies-santa-eulalia\/wp-json\/wp\/v2\/pages"}],"about":[{"href":"https:\/\/agora.xtec.cat\/ies-santa-eulalia\/wp-json\/wp\/v2\/types\/page"}],"author":[{"embeddable":true,"href":"https:\/\/agora.xtec.cat\/ies-santa-eulalia\/wp-json\/wp\/v2\/users\/1"}],"replies":[{"embeddable":true,"href":"https:\/\/agora.xtec.cat\/ies-santa-eulalia\/wp-json\/wp\/v2\/comments?post=557"}],"version-history":[{"count":6,"href":"https:\/\/agora.xtec.cat\/ies-santa-eulalia\/wp-json\/wp\/v2\/pages\/557\/revisions"}],"predecessor-version":[{"id":13019,"href":"https:\/\/agora.xtec.cat\/ies-santa-eulalia\/wp-json\/wp\/v2\/pages\/557\/revisions\/13019"}],"up":[{"embeddable":true,"href":"https:\/\/agora.xtec.cat\/ies-santa-eulalia\/wp-json\/wp\/v2\/pages\/528"}],"wp:attachment":[{"href":"https:\/\/agora.xtec.cat\/ies-santa-eulalia\/wp-json\/wp\/v2\/media?parent=557"}],"curies":[{"name":"wp","href":"https:\/\/api.w.org\/{rel}","templated":true}]}}