{"id":549,"date":"2017-03-09T12:37:54","date_gmt":"2017-03-09T11:37:54","guid":{"rendered":"http:\/\/agora.xtec.cat\/ies-santa-eulalia\/?page_id=549"},"modified":"2025-09-12T12:02:29","modified_gmt":"2025-09-12T10:02:29","slug":"departament-de-geografia-i-historia","status":"publish","type":"page","link":"https:\/\/agora.xtec.cat\/ies-santa-eulalia\/linstitut\/departaments\/departament-de-geografia-i-historia\/","title":{"rendered":"Geografia i Hist\u00f2ria"},"content":{"rendered":"<p>En el Departament de Ci\u00e8ncies Socials, aquest curs formem part del departament, els\/les seg\u00fcents docents:<\/p>\n<ul>\n<li><strong>Maria Bruguera (Cap de Departament)<\/strong><\/li>\n<li><strong>Isabel Freijo<\/strong><\/li>\n<li><b>Esther Carrera<\/b><\/li>\n<li><strong>Laura Oliver<\/strong><\/li>\n<li><b>Daniel S\u00e1ez<\/b><\/li>\n<li><strong>Carlos Alzueta<\/strong><\/li>\n<li><strong>Marianna Fabbrini<\/strong><\/li>\n<\/ul>\n<p><strong>Documents generals:<\/strong><\/p>\n<p><strong>Guies de la mat\u00e8ria per cursos:<\/strong><\/p>\n<p>ESO:<\/p>\n<p><a href=\"https:\/\/drive.google.com\/file\/d\/1FHxs4Y_BLFg2AIG80oFbwuQ1er1N_KqI\/view?usp=drive_link\" target=\"_blank\" rel=\"noopener\">Guia de la mat\u00e8ria de Ci\u00e8ncies Socials de 1r d&#8217;ESO<\/a><br \/>\n<a href=\"https:\/\/drive.google.com\/file\/d\/1L-87v5UNGbKxZvSZs32MiqDQzokZTTes\/view?usp=drive_link\" target=\"_blank\" rel=\"noopener\">Guia de la mat\u00e8ria de Ci\u00e8ncies Socials de 2n d&#8217;ESO<\/a><br \/>\n<a href=\"https:\/\/drive.google.com\/file\/d\/12BjGqOHDHziPmLbIqMO5nOrdBzG7GxJC\/view?usp=drive_link\" target=\"_blank\" rel=\"noopener\">Guia de la mat\u00e8ria de Ci\u00e8ncies Socials de 3r d&#8217;ESO<\/a><br \/>\n<a href=\"https:\/\/drive.google.com\/file\/d\/1gz5pFX9fYX8Y0ON1qnLB_GnQmeygura6\/view?usp=drive_link\" target=\"_blank\" rel=\"noopener\">Guia de la mat\u00e8ria de Ci\u00e8ncies Socials de 4t d&#8217;ESO<\/a><\/p>\n<p>Batxillerat:<\/p>\n<p><a href=\"https:\/\/drive.google.com\/drive\/folders\/1k0iirlkd8PkSKhOcWwt4YPFrPNaaz8mK\" target=\"_blank\" rel=\"noopener\">Guia de la mat\u00e8ria d&#8217;Hist\u00f2ria del m\u00f3n contemporani de 1r de Batx<\/a><br \/>\n<a href=\"https:\/\/drive.google.com\/file\/d\/1eovOUvLFFOqjsSvVuuJwdg0A6ssavvnP\/view?usp=drive_link\" target=\"_blank\" rel=\"noopener\">Guia de la mat\u00e8ria d&#8217;Hist\u00f2ria de 2n de Batx<\/a><br \/>\n<a href=\"https:\/\/drive.google.com\/file\/d\/1os2l9L8K-zDtsp4m2qkFEFsHAa4-aju1\/view?usp=drive_link\" target=\"_blank\" rel=\"noopener\">Guia de la mat\u00e8ria d&#8217;Hist\u00f2ria de l&#8217;art de 2n de Batx<\/a><br \/>\n<a href=\"https:\/\/drive.google.com\/file\/d\/19gPnJRG8z24eGToLWjXPi61iYEESzynC\/view?usp=drive_link\" target=\"_blank\" rel=\"noopener\">Guia de la mat\u00e8ria de Geografia de Batx<\/a><\/p>\n<p><a href=\"https:\/\/drive.google.com\/file\/d\/1F5qgiEI0U0mFCnxcsa0IBRmJLG9HNVsS\/view?usp=drive_link\" target=\"_blank\" rel=\"noopener\">Guia de ciutadania, pol\u00edtica i drets a 1r Batx<\/a><\/p>\n<p><a href=\"https:\/\/drive.google.com\/file\/d\/126NUMRtxRFKdOL2ig_HSMDKY5_7do1eJ\/view?usp=drive_link\" target=\"_blank\" rel=\"noopener\">Guia de problem\u00e0tiques socials a 1r Batx<\/a><\/p>\n<p>&nbsp;<\/p>\n<h3><strong><span style=\"color: #ff00ff;\">\u00a0 \u00a0 \u00a0 \u00a0 \u00a0 <a href=\"http:\/\/agora.xtec.cat\/ies-santa-eulalia\/categoria\/novetats-geografia-i-historia\/\" target=\"_blank\" rel=\"noopener\">ACTIVITATS<\/a><\/span><\/strong><\/h3>\n<p><a href=\"http:\/\/agora.xtec.cat\/ies-santa-eulalia\/categoria\/novetats-geografia-i-historia\/\"><img loading=\"lazy\" decoding=\"async\" class=\"alignnone\" src=\"https:\/\/www.lifeder.com\/wp-content\/uploads\/2017\/04\/ramas-ciencias-sociales.jpg\" alt=\"Resultat d'imatges de ci\u00e8ncies socials\" width=\"352\" height=\"234\" \/><\/a><\/p>\n<p>&nbsp;<\/p>\n<p>&nbsp;<\/p>\n","protected":false},"excerpt":{"rendered":"<p>En el Departament de Ci\u00e8ncies Socials, aquest curs formem part del departament, els\/les seg\u00fcents docents:<\/p>\n<ul>\n<li>Maria Bruguera (Cap de Departament)<\/li>\n<li>Isabel Freijo<\/li>\n<li>Esther Carrera<\/li>\n<li>Laura Oliver<\/li>\n<li>Daniel S\u00e1ez<\/li>\n<li>Carlos Alzueta<\/li>\n<li>Marianna Fabbrini<\/li>\n<\/ul>\n<p>Documents generals:<br \/>\nGuies de la mat\u00e8ria per cursos:<br \/>\nESO:<br \/>\n<a href=\"https:\/\/drive.google.com\/file\/d\/1FHxs4Y_BLFg2AIG80oFbwuQ1er1N_KqI\/view?usp=drive_link\" target=\"_blank\" rel=\"noopener\">Guia de la mat\u00e8ria de Ci\u00e8ncies Socials de 1r d&#8217;ESO<\/a><br \/>\n<a href=\"https:\/\/drive.google.com\/file\/d\/1L-87v5UNGbKxZvSZs32MiqDQzokZTTes\/view?usp=drive_link\" target=\"_blank\"&hellip;  <a href=\"https:\/\/agora.xtec.cat\/ies-santa-eulalia\/linstitut\/departaments\/departament-de-geografia-i-historia\/\" title=\"Read Geografia i Hist\u00f2ria\">Llegeix m\u00e9s\u00bb<\/a><\/p>\n","protected":false},"author":1,"featured_media":0,"parent":528,"menu_order":0,"comment_status":"closed","ping_status":"closed","template":"page-templates\/side-menu.php","meta":{"_bbp_topic_count":0,"_bbp_reply_count":0,"_bbp_total_topic_count":0,"_bbp_total_reply_count":0,"_bbp_voice_count":0,"_bbp_anonymous_reply_count":0,"_bbp_topic_count_hidden":0,"_bbp_reply_count_hidden":0,"_bbp_forum_subforum_count":0,"footnotes":""},"class_list":["post-549","page","type-page","status-publish","hentry"],"post_mailing_queue_ids":[],"_links":{"self":[{"href":"https:\/\/agora.xtec.cat\/ies-santa-eulalia\/wp-json\/wp\/v2\/pages\/549","targetHints":{"allow":["GET"]}}],"collection":[{"href":"https:\/\/agora.xtec.cat\/ies-santa-eulalia\/wp-json\/wp\/v2\/pages"}],"about":[{"href":"https:\/\/agora.xtec.cat\/ies-santa-eulalia\/wp-json\/wp\/v2\/types\/page"}],"author":[{"embeddable":true,"href":"https:\/\/agora.xtec.cat\/ies-santa-eulalia\/wp-json\/wp\/v2\/users\/1"}],"replies":[{"embeddable":true,"href":"https:\/\/agora.xtec.cat\/ies-santa-eulalia\/wp-json\/wp\/v2\/comments?post=549"}],"version-history":[{"count":5,"href":"https:\/\/agora.xtec.cat\/ies-santa-eulalia\/wp-json\/wp\/v2\/pages\/549\/revisions"}],"predecessor-version":[{"id":13050,"href":"https:\/\/agora.xtec.cat\/ies-santa-eulalia\/wp-json\/wp\/v2\/pages\/549\/revisions\/13050"}],"up":[{"embeddable":true,"href":"https:\/\/agora.xtec.cat\/ies-santa-eulalia\/wp-json\/wp\/v2\/pages\/528"}],"wp:attachment":[{"href":"https:\/\/agora.xtec.cat\/ies-santa-eulalia\/wp-json\/wp\/v2\/media?parent=549"}],"curies":[{"name":"wp","href":"https:\/\/api.w.org\/{rel}","templated":true}]}}