{"id":541,"date":"2017-03-09T12:20:23","date_gmt":"2017-03-09T11:20:23","guid":{"rendered":"http:\/\/agora.xtec.cat\/ies-santa-eulalia\/?page_id=541"},"modified":"2025-09-17T11:07:44","modified_gmt":"2025-09-17T09:07:44","slug":"departament-de-matematiques","status":"publish","type":"page","link":"https:\/\/agora.xtec.cat\/ies-santa-eulalia\/linstitut\/departaments\/departament-de-matematiques\/","title":{"rendered":"Matem\u00e0tiques"},"content":{"rendered":"<p>&nbsp;<\/p>\n<p>En el Departament de Matem\u00e0tiques, aquest curs formem part del departament, els\/les seg\u00fcents docents:<\/p>\n<ul style=\"list-style-type: square;\">\n<li><strong>Marta Canals (Cap de Departament)<\/strong><\/li>\n<li><strong>Sergi Mascar\u00f3<\/strong><\/li>\n<li><strong>Marta Canals<\/strong><\/li>\n<li><strong>Jeroni Carandell<\/strong><\/li>\n<li><b>\u00d3scar Moreno<\/b><\/li>\n<li><strong>Rom\u00e1n Lozano<\/strong><\/li>\n<li><strong>Enrique Juan<\/strong><\/li>\n<\/ul>\n<p>&nbsp;<\/p>\n<p>Des del departament, tenim el comprom\u00eds de treballar per donar la millor formaci\u00f3 en matem\u00e0tiques als nostres alumnes, entenent la seva diversitat com una riquesa i un valor afegit, i procurant adequar-nos a les seves difer\u00e8ncies per superar els obstacles que es presentin tant individualment com a nivell social i relacional.<\/p>\n<p>Hem elaborat amb aquest objectiu un programa actual, que anem revisant peri\u00f2dicament, aplicant canvis i millores.<\/p>\n<p>A continuaci\u00f3 el podeu consultar, curs per curs.<\/p>\n<table style=\"height: 292px; width: 75.4247%; border-collapse: collapse;\" border=\"1\">\n<tbody>\n<tr style=\"height: 79px;\">\n<td style=\"width: 99.9999%; text-align: center; height: 79px;\" colspan=\"3\"><strong><br \/>\n<\/strong><strong><span style=\"color: #000000;\">Guies de la mat\u00e8ria<\/span><\/strong><\/td>\n<\/tr>\n<tr style=\"height: 29px;\">\n<td style=\"width: 33.3333%; height: 97px; text-align: center;\" rowspan=\"4\"><strong>ESO<\/strong><\/td>\n<td style=\"width: 14.2611%; height: 29px;\">1r d&#8217;ESO<\/td>\n<td style=\"width: 52.4055%; height: 29px;\"><span style=\"color: #0000ff;\"><a style=\"color: #0000ff;\" href=\"https:\/\/drive.google.com\/file\/d\/1byCqzQ2RYjRFdt6x3etzEZ3QLcYDYdHl\/view?usp=drive_link\" target=\"_blank\" rel=\"noopener\">Guia de la mat\u00e8ria de Matem\u00e0tiques de 1r d&#8217;ESO<\/a><\/span><\/td>\n<\/tr>\n<tr style=\"height: 29px;\">\n<td style=\"width: 14.2611%; height: 10px;\">2n d&#8217;ESO<\/td>\n<td style=\"width: 52.4055%; height: 10px;\"><span style=\"color: #0000ff;\"><a style=\"color: #0000ff;\" href=\"https:\/\/drive.google.com\/file\/d\/1FhSSXV4SXqrsM7nCW2YMbVGioX2vSKsk\/view?usp=drive_link\" target=\"_blank\" rel=\"noopener\">Guia de la mat\u00e8ria de Matem\u00e0tiques de 2n d&#8217;ESO<\/a><\/span><\/td>\n<\/tr>\n<tr style=\"height: 29px;\">\n<td style=\"width: 14.2611%; height: 29px;\">3r d&#8217;ESO<\/td>\n<td style=\"width: 52.4055%; height: 29px;\"><span style=\"color: #0000ff;\"><a style=\"color: #0000ff;\" href=\"https:\/\/drive.google.com\/file\/d\/15Xjkypjbq4gk_5xyUCfFA_8UyjhFC0ls\/view?usp=drive_link\" target=\"_blank\" rel=\"noopener\">Guia de la mat\u00e8ria de Matem\u00e0tiques de 3r d&#8217;ESO<\/a><\/span><\/td>\n<\/tr>\n<tr style=\"height: 29px;\">\n<td style=\"width: 14.2611%; height: 29px;\">4t d&#8217;ESO<\/td>\n<td style=\"width: 52.4055%; height: 29px;\"><span style=\"color: #0000ff;\"><a style=\"color: #0000ff;\" href=\"https:\/\/drive.google.com\/file\/d\/13lKYBzoXYTCRLW21Sk32DDAtCYlOSHC6\/view?usp=drive_link\" target=\"_blank\" rel=\"noopener\">Guia de la mat\u00e8ria de Matem\u00e0tiques de 4t d&#8217;ESO<\/a><\/span><\/td>\n<\/tr>\n<tr style=\"height: 29px;\">\n<td style=\"width: 33.3333%; height: 116px; text-align: center;\" rowspan=\"4\"><strong>BATXILLERAT<\/strong><\/td>\n<td style=\"width: 14.2611%; height: 58px;\" rowspan=\"2\">BATXILLERAT CCSS<\/td>\n<td style=\"width: 52.4055%; height: 29px;\"><span style=\"color: #0000ff;\"><a style=\"color: #0000ff;\" href=\"https:\/\/drive.google.com\/file\/d\/1clx6QEF0CrdVHXS1RRK2H1rt06jR8h2Z\/view?usp=drive_link\" target=\"_blank\" rel=\"noopener\">Guia de la mat\u00e8ria de Matem\u00e0tiques de 1r de Batx CCSS<\/a><\/span><\/td>\n<\/tr>\n<tr style=\"height: 29px;\">\n<td style=\"width: 52.4055%; height: 29px;\"><span style=\"color: #0000ff;\"><a style=\"color: #0000ff;\" href=\"https:\/\/drive.google.com\/file\/d\/1EABmjbaPDBowXWM4OcG-oiFb6izOiiaw\/view?usp=drive_link\" target=\"_blank\" rel=\"noopener\">Guia de la mat\u00e8ria de Matem\u00e0tiques de 2n de Batx CCSS<\/a><\/span><\/td>\n<\/tr>\n<tr style=\"height: 29px;\">\n<td style=\"width: 14.2611%; height: 58px;\" rowspan=\"2\">BATXILLERAT CT<\/td>\n<td style=\"width: 52.4055%; height: 29px;\"><span style=\"color: #0000ff;\"><a style=\"color: #0000ff;\" href=\"https:\/\/drive.google.com\/file\/d\/1MualYNH6ePhXS3nQpgfMjwylXWLnGncb\/view?usp=drive_link\" target=\"_blank\" rel=\"noopener\">Guia de la mat\u00e8ria de Matem\u00e0tiques de 1r de Batx CT<\/a><\/span><\/td>\n<\/tr>\n<tr style=\"height: 29px;\">\n<td style=\"width: 52.4055%; height: 29px;\"><span style=\"color: #0000ff;\"><a style=\"color: #0000ff;\" href=\"https:\/\/drive.google.com\/file\/d\/1399jCDnAeSVfzRAku-yqDRWypM67b7rs\/view?usp=drive_link\" target=\"_blank\" rel=\"noopener\">Guia de la mat\u00e8ria de Matem\u00e0tiques de 2n de Batx CT<\/a><\/span><\/td>\n<\/tr>\n<\/tbody>\n<\/table>\n<p><strong>OPTATIVA 1R BATXILLERAT<\/strong><\/p>\n<p><a href=\"https:\/\/drive.google.com\/file\/d\/1Gmug1RbRAbVNuFtzA80AAd7OQ8YXGpsJ\/view?usp=drive_link\" target=\"_blank\" rel=\"noopener\">Guia de mat\u00e8ria d&#8217;algoritmes i programaci\u00f3<\/a><\/p>\n<p>Treballem i avaluem les matem\u00e0tiques de forma competencial. Si no ho tens clar i vols saber una mica m\u00e9s sobre aquest tema, et proposem que facis click a la imatge i t&#8217;ho expliquem:<\/p>\n<p><a href=\"https:\/\/agora.xtec.cat\/ies-santa-eulalia\/departaments\/departament-de-matematiques\/competencia-matematica\/\"><img loading=\"lazy\" decoding=\"async\" class=\"wp-image-4160 aligncenter\" src=\"https:\/\/agora.xtec.cat\/ies-santa-eulalia\/wp-content\/uploads\/usu1612\/2019\/04\/competencies.jpg\" alt=\"\" width=\"400\" height=\"239\" srcset=\"https:\/\/agora.xtec.cat\/ies-santa-eulalia\/wp-content\/uploads\/usu1612\/2019\/04\/competencies.jpg 400w, https:\/\/agora.xtec.cat\/ies-santa-eulalia\/wp-content\/uploads\/usu1612\/2019\/04\/competencies-300x179.jpg 300w\" sizes=\"auto, (max-width: 400px) 100vw, 400px\" \/><\/a><\/p>\n<div>\n<p>&nbsp;<\/p>\n<\/div>\n<p>Dins del nostre projecte, acompanyem l&#8217;aprenentatge de matem\u00e0tiques d&#8217;un bon grapat d&#8217;<strong>activitats, <\/strong>les quals organitzem amb gust i molt d&#8217;esfor\u00e7. S\u00f3n realitzades al llarg dels diferents cursos, amb la intenci\u00f3 de despertar en els nostres alumnes la curiositat i treballar la nostra mat\u00e8ria des de tots els punts de vista possibles. La participaci\u00f3 en concursos matem\u00e0tics, la lectura de llibres i les diferents visites a museus i altres sortides busquen fer entendre les matem\u00e0tiques com a part de la realitat que ens envolta i aix\u00f2 ens permet enriquir i contextualitzar all\u00f2 que aprenem. Us convidem a consultar les <a href=\"http:\/\/agora.xtec.cat\/ies-santa-eulalia\/categoria\/novetats-matematiques\/\">not\u00edcies<\/a> per veure algunes d&#8217;aquestes activitats.<\/p>\n<p>Volem <strong>destacar<\/strong> en particular dues activitats fixes que oferim de manera habitual al nostre centre:<\/p>\n<table style=\"height: 250px; width: 804px; border-color: #ffffff;\" width=\"804\">\n<tbody>\n<tr style=\"height: 250px;\">\n<td style=\"width: 351px; border-color: #ffffff; height: 250px;\"><a href=\"https:\/\/agora.xtec.cat\/ies-santa-eulalia\/linstitut\/departaments\/departament-de-matematiques\/proves-cangur\/\"><img loading=\"lazy\" decoding=\"async\" class=\"wp-image-7263 aligncenter\" src=\"https:\/\/agora.xtec.cat\/ies-santa-eulalia\/wp-content\/uploads\/usu1612\/2021\/03\/provescangur-1.png\" alt=\"\" width=\"184\" height=\"258\" srcset=\"https:\/\/agora.xtec.cat\/ies-santa-eulalia\/wp-content\/uploads\/usu1612\/2021\/03\/provescangur-1.png 305w, https:\/\/agora.xtec.cat\/ies-santa-eulalia\/wp-content\/uploads\/usu1612\/2021\/03\/provescangur-1-214x300.png 214w\" sizes=\"auto, (max-width: 184px) 100vw, 184px\" \/><\/a><\/td>\n<td style=\"width: 79px; border-color: #ffffff; height: 250px;\"><\/td>\n<td style=\"width: 364px; border-color: #ffffff; height: 250px;\"><a href=\"https:\/\/agora.xtec.cat\/ies-santa-eulalia\/departaments\/departament-de-matematiques\/visita-al-mmaca\/\"><img loading=\"lazy\" decoding=\"async\" class=\"wp-image-3799 alignleft\" src=\"https:\/\/agora.xtec.cat\/ies-santa-eulalia\/wp-content\/uploads\/usu1612\/2019\/03\/piday.png\" alt=\"\" width=\"238\" height=\"220\" srcset=\"https:\/\/agora.xtec.cat\/ies-santa-eulalia\/wp-content\/uploads\/usu1612\/2019\/03\/piday.png 486w, https:\/\/agora.xtec.cat\/ies-santa-eulalia\/wp-content\/uploads\/usu1612\/2019\/03\/piday-300x277.png 300w\" sizes=\"auto, (max-width: 238px) 100vw, 238px\" \/><\/a><\/td>\n<\/tr>\n<\/tbody>\n<\/table>\n<div><\/div>\n<div>\n<p>Finalment, us convidem a consultar alguns enlla\u00e7os que considerem poden ser del vostre inter\u00e8s:<\/p>\n<div><\/div>\n<div><strong>Recursos matem\u00e0tics a internet:<\/strong><\/div>\n<div><\/div>\n<div><\/div>\n<div>\n<ul>\n<li>Bloc del professor Joan Fresneda Marug\u00e1n:\u00a0<a href=\"http:\/\/blocs.xtec.cat\/jfresneda\/\" rel=\"nofollow\">http:\/\/blocs.xtec.cat\/jfresneda\/<\/a><\/li>\n<li>Moodle del centre:\u00a0<a href=\"http:\/\/agora.xtec.cat\/ies-santa-eulalia\/moodle\/\" rel=\"nofollow\">http:\/\/agora.xtec.cat\/ies-santa-eulalia\/moodle\/<\/a><\/li>\n<li>Toomates:\u00a0<a href=\"http:\/\/www.toomates.net\/\" rel=\"nofollow\">http:\/\/www.toomates.net\/<\/a><\/li>\n<li>matesLliure:\u00a0<a href=\"http:\/\/sourceforge.net\/p\/mateslliure\/wiki\/Home\/\" rel=\"nofollow\">sourceforge.net\/p\/mateslliure\/wiki\/Home\/<\/a><\/li>\n<\/ul>\n<\/div>\n<div>\n<div><\/div>\n<\/div>\n<div>\n<div><strong>Altres enlla\u00e7os:<\/strong><\/div>\n<\/div>\n<div><\/div>\n<div><\/div>\n<div>\n<ul>\n<li>Societat catalana de matem\u00e0tiques:\u00a0<a href=\"http:\/\/blocs.iec.cat\/scm\/\" rel=\"nofollow\">http:\/\/blocs.iec.cat\/scm\/<\/a><\/li>\n<li>Associaci\u00f3 de Barcelona per a l&#8217;estudi i l&#8217;aprenentatge de les Matem\u00e0tiques.\u00a0<a href=\"http:\/\/abeam.feemcat.org\/\" rel=\"nofollow\">ABEAM<\/a><\/li>\n<\/ul>\n<\/div>\n<\/div>\n","protected":false},"excerpt":{"rendered":"<p>&nbsp;<br \/>\nEn el Departament de Matem\u00e0tiques, aquest curs formem part del departament, els\/les seg\u00fcents docents:<\/p>\n<ul style=\"list-style-type: square;\">\n<li>Marta Canals (Cap de Departament)<\/li>\n<li>Sergi Mascar\u00f3<\/li>\n<li>Marta Canals<\/li>\n<li>Jeroni Carandell<\/li>\n<li>\u00d3scar Moreno<\/li>\n<li>Rom\u00e1n Lozano<\/li>\n<li>Enrique Juan<\/li>\n<\/ul>\n<p>&nbsp;<br \/>\nDes del departament, tenim el comprom\u00eds de treballar per donar la millor formaci\u00f3 en matem\u00e0tiques als nostres alumnes, entenent la&hellip;  <a href=\"https:\/\/agora.xtec.cat\/ies-santa-eulalia\/linstitut\/departaments\/departament-de-matematiques\/\" title=\"Read Matem\u00e0tiques\">Llegeix m\u00e9s\u00bb<\/a><\/p>\n","protected":false},"author":1,"featured_media":0,"parent":528,"menu_order":0,"comment_status":"closed","ping_status":"closed","template":"page-templates\/side-menu.php","meta":{"_bbp_topic_count":0,"_bbp_reply_count":0,"_bbp_total_topic_count":0,"_bbp_total_reply_count":0,"_bbp_voice_count":0,"_bbp_anonymous_reply_count":0,"_bbp_topic_count_hidden":0,"_bbp_reply_count_hidden":0,"_bbp_forum_subforum_count":0,"footnotes":""},"class_list":["post-541","page","type-page","status-publish","hentry"],"post_mailing_queue_ids":[],"_links":{"self":[{"href":"https:\/\/agora.xtec.cat\/ies-santa-eulalia\/wp-json\/wp\/v2\/pages\/541","targetHints":{"allow":["GET"]}}],"collection":[{"href":"https:\/\/agora.xtec.cat\/ies-santa-eulalia\/wp-json\/wp\/v2\/pages"}],"about":[{"href":"https:\/\/agora.xtec.cat\/ies-santa-eulalia\/wp-json\/wp\/v2\/types\/page"}],"author":[{"embeddable":true,"href":"https:\/\/agora.xtec.cat\/ies-santa-eulalia\/wp-json\/wp\/v2\/users\/1"}],"replies":[{"embeddable":true,"href":"https:\/\/agora.xtec.cat\/ies-santa-eulalia\/wp-json\/wp\/v2\/comments?post=541"}],"version-history":[{"count":7,"href":"https:\/\/agora.xtec.cat\/ies-santa-eulalia\/wp-json\/wp\/v2\/pages\/541\/revisions"}],"predecessor-version":[{"id":13070,"href":"https:\/\/agora.xtec.cat\/ies-santa-eulalia\/wp-json\/wp\/v2\/pages\/541\/revisions\/13070"}],"up":[{"embeddable":true,"href":"https:\/\/agora.xtec.cat\/ies-santa-eulalia\/wp-json\/wp\/v2\/pages\/528"}],"wp:attachment":[{"href":"https:\/\/agora.xtec.cat\/ies-santa-eulalia\/wp-json\/wp\/v2\/media?parent=541"}],"curies":[{"name":"wp","href":"https:\/\/api.w.org\/{rel}","templated":true}]}}