{"id":4971,"date":"2019-10-09T05:42:41","date_gmt":"2019-10-09T03:42:41","guid":{"rendered":"http:\/\/agora.xtec.cat\/ies-santa-eulalia\/?page_id=4971"},"modified":"2025-07-07T13:02:18","modified_gmt":"2025-07-07T11:02:18","slug":"projectes","status":"publish","type":"page","link":"https:\/\/agora.xtec.cat\/ies-santa-eulalia\/com-treballem\/projectes\/","title":{"rendered":"Projecte Ling\u00fc\u00edstic de Centre"},"content":{"rendered":"<p>&nbsp;<\/p>\n<p style=\"text-align: center;\"><a href=\"https:\/\/drive.google.com\/file\/d\/1cBJR1CWRVJBWQBEP2x56ERclAf_P7TfM\/view?usp=drive_link\">PROJECTE LING\u00dc\u00cdSTIC<\/a> <a href=\"https:\/\/agora.xtec.cat\/ies-santa-eulalia\/wp-content\/uploads\/usu1612\/2025\/07\/Projecte-LingUictic.jpg\" target=\"_blank\" rel=\"https:\/\/drive.google.com\/file\/d\/1cBJR1CWRVJBWQBEP2x56ERclAf_P7TfM\/view?usp=drive_link noopener\"><img loading=\"lazy\" decoding=\"async\" class=\"aligncenter wp-image-12971 size-full\" src=\"https:\/\/agora.xtec.cat\/ies-santa-eulalia\/wp-content\/uploads\/usu1612\/2025\/07\/Projecte-LingUictic.jpg\" alt=\"\" width=\"989\" height=\"1400\" srcset=\"https:\/\/agora.xtec.cat\/ies-santa-eulalia\/wp-content\/uploads\/usu1612\/2025\/07\/Projecte-LingUictic.jpg 989w, https:\/\/agora.xtec.cat\/ies-santa-eulalia\/wp-content\/uploads\/usu1612\/2025\/07\/Projecte-LingUictic-212x300.jpg 212w, https:\/\/agora.xtec.cat\/ies-santa-eulalia\/wp-content\/uploads\/usu1612\/2025\/07\/Projecte-LingUictic-723x1024.jpg 723w, https:\/\/agora.xtec.cat\/ies-santa-eulalia\/wp-content\/uploads\/usu1612\/2025\/07\/Projecte-LingUictic-768x1087.jpg 768w\" sizes=\"auto, (max-width: 989px) 100vw, 989px\" \/><\/a><\/p>\n<table style=\"height: 472px;\">\n<tbody>\n<tr style=\"height: 210px;\">\n<td style=\"width: 868px; border-style: hidden; height: 210px;\">\n<h4 style=\"text-align: center;\"><img loading=\"lazy\" decoding=\"async\" class=\"alignnone wp-image-6035\" src=\"https:\/\/agora.xtec.cat\/ies-santa-eulalia\/wp-content\/uploads\/usu1612\/2020\/03\/plc-300x146.png\" alt=\"\" width=\"353\" height=\"172\" srcset=\"https:\/\/agora.xtec.cat\/ies-santa-eulalia\/wp-content\/uploads\/usu1612\/2020\/03\/plc-300x146.png 300w, https:\/\/agora.xtec.cat\/ies-santa-eulalia\/wp-content\/uploads\/usu1612\/2020\/03\/plc.png 511w\" sizes=\"auto, (max-width: 353px) 100vw, 353px\" \/><\/h4>\n<\/td>\n<\/tr>\n<tr style=\"height: 262px;\">\n<td style=\"width: 868px; border-style: hidden; height: 262px;\">\n<h4 style=\"text-align: center;\"><a href=\"https:\/\/drive.google.com\/file\/d\/1cBJR1CWRVJBWQBEP2x56ERclAf_P7TfM\/view?usp=drive_link\"><span style=\"color: #ff0000;\"><strong>PROJECTE LING\u00dc\u00cdSTIC DE CENTRE<\/strong><\/span><\/a><\/h4>\n<p style=\"text-align: center;\"><em>Fomentem<span style=\"color: #ff0000;\"><strong> l&#8217;\u00fas del catal\u00e0<\/strong><\/span>, llengua vehicular i d&#8217;aprenentatge del centre, amb activitats extraescolars, el grup Ela-Ela teatre i les parelles ling\u00fc\u00edstiques. A m\u00e9s a m\u00e9s, l&#8217;aprenentatge inicial de l&#8217;alumnat nouvingut es fa en llengua catalana per tal d&#8217;afavorir la seva integraci\u00f3.<\/em><\/p>\n<p style=\"text-align: center;\"><em>No deixem de banda l&#8217;aprenentatge\/ensenyament del <span style=\"color: #ff0000;\"><strong>castell\u00e0<\/strong><\/span>. A nivell escrit, es treballa molt coordinadament amb el professorat de llengua catalana i la llengua oral es treballa habitualment en tots els cicles.<\/em><\/p>\n<p style=\"text-align: center;\"><em>Pel que fa a la llengua estrangera a l&#8217; ESO i Batxillerat apostem per l&#8217;<strong><span style=\"color: #ff0000;\">angl\u00e8s<\/span><\/strong>, per\u00f2 ja des de 1r d&#8217; ESO s&#8217;oferta el <span style=\"color: #ff0000;\"><strong>franc\u00e8s<\/strong><\/span> com a segona opci\u00f3 volunt\u00e0ria.<\/em><\/p>\n<\/td>\n<\/tr>\n<\/tbody>\n<\/table>\n<h5 style=\"text-align: center;\"><\/h5>\n<p style=\"text-align: center;\">\n","protected":false},"excerpt":{"rendered":"<p>&nbsp;<br \/>\n<a href=\"https:\/\/drive.google.com\/file\/d\/1cBJR1CWRVJBWQBEP2x56ERclAf_P7TfM\/view?usp=drive_link\">PROJECTE LING\u00dc\u00cdSTIC<\/a> <a href=\"https:\/\/agora.xtec.cat\/ies-santa-eulalia\/wp-content\/uploads\/usu1612\/2025\/07\/Projecte-LingUictic.jpg\" target=\"_blank\" rel=\"https:\/\/drive.google.com\/file\/d\/1cBJR1CWRVJBWQBEP2x56ERclAf_P7TfM\/view?usp=drive_link noopener\"><\/a><\/p>\n<p><a href=\"https:\/\/drive.google.com\/file\/d\/1cBJR1CWRVJBWQBEP2x56ERclAf_P7TfM\/view?usp=drive_link\">PROJECTE LING\u00dc\u00cdSTIC DE CENTRE<\/a><br \/>\nFomentem l&#8217;\u00fas del catal\u00e0, llengua vehicular i d&#8217;aprenentatge del centre, amb activitats extraescolars, el grup Ela-Ela teatre i les parelles ling\u00fc\u00edstiques. A m\u00e9s a m\u00e9s, l&#8217;aprenentatge inicial de l&#8217;alumnat nouvingut es fa en llengua&hellip;  <a href=\"https:\/\/agora.xtec.cat\/ies-santa-eulalia\/com-treballem\/projectes\/\" title=\"Read Projecte Ling\u00fc\u00edstic de Centre\">Llegeix m\u00e9s\u00bb<\/a><\/p>\n","protected":false},"author":1,"featured_media":0,"parent":4822,"menu_order":0,"comment_status":"closed","ping_status":"closed","template":"page-templates\/side-menu.php","meta":{"_bbp_topic_count":0,"_bbp_reply_count":0,"_bbp_total_topic_count":0,"_bbp_total_reply_count":0,"_bbp_voice_count":0,"_bbp_anonymous_reply_count":0,"_bbp_topic_count_hidden":0,"_bbp_reply_count_hidden":0,"_bbp_forum_subforum_count":0,"footnotes":""},"class_list":["post-4971","page","type-page","status-publish","hentry"],"post_mailing_queue_ids":[],"_links":{"self":[{"href":"https:\/\/agora.xtec.cat\/ies-santa-eulalia\/wp-json\/wp\/v2\/pages\/4971","targetHints":{"allow":["GET"]}}],"collection":[{"href":"https:\/\/agora.xtec.cat\/ies-santa-eulalia\/wp-json\/wp\/v2\/pages"}],"about":[{"href":"https:\/\/agora.xtec.cat\/ies-santa-eulalia\/wp-json\/wp\/v2\/types\/page"}],"author":[{"embeddable":true,"href":"https:\/\/agora.xtec.cat\/ies-santa-eulalia\/wp-json\/wp\/v2\/users\/1"}],"replies":[{"embeddable":true,"href":"https:\/\/agora.xtec.cat\/ies-santa-eulalia\/wp-json\/wp\/v2\/comments?post=4971"}],"version-history":[{"count":7,"href":"https:\/\/agora.xtec.cat\/ies-santa-eulalia\/wp-json\/wp\/v2\/pages\/4971\/revisions"}],"predecessor-version":[{"id":12973,"href":"https:\/\/agora.xtec.cat\/ies-santa-eulalia\/wp-json\/wp\/v2\/pages\/4971\/revisions\/12973"}],"up":[{"embeddable":true,"href":"https:\/\/agora.xtec.cat\/ies-santa-eulalia\/wp-json\/wp\/v2\/pages\/4822"}],"wp:attachment":[{"href":"https:\/\/agora.xtec.cat\/ies-santa-eulalia\/wp-json\/wp\/v2\/media?parent=4971"}],"curies":[{"name":"wp","href":"https:\/\/api.w.org\/{rel}","templated":true}]}}