{"id":4851,"date":"2019-10-02T11:02:29","date_gmt":"2019-10-02T09:02:29","guid":{"rendered":"http:\/\/agora.xtec.cat\/ies-santa-eulalia\/?page_id=4851"},"modified":"2025-09-10T12:14:46","modified_gmt":"2025-09-10T10:14:46","slug":"4t-deso","status":"publish","type":"page","link":"https:\/\/agora.xtec.cat\/ies-santa-eulalia\/estudis\/4t-deso\/","title":{"rendered":"4t d&#8217;ESO"},"content":{"rendered":"<ul>\n<li>\n<h5><a href=\"https:\/\/agora.xtec.cat\/ies-santa-eulalia\/categoria\/eso\/eso-4\/\"><strong><img loading=\"lazy\" decoding=\"async\" class=\" wp-image-5026 alignright\" src=\"https:\/\/agora.xtec.cat\/ies-santa-eulalia\/wp-content\/uploads\/usu1612\/2019\/10\/4eso.png\" alt=\"\" width=\"171\" height=\"171\" srcset=\"https:\/\/agora.xtec.cat\/ies-santa-eulalia\/wp-content\/uploads\/usu1612\/2019\/10\/4eso.png 500w, https:\/\/agora.xtec.cat\/ies-santa-eulalia\/wp-content\/uploads\/usu1612\/2019\/10\/4eso-150x150.png 150w, https:\/\/agora.xtec.cat\/ies-santa-eulalia\/wp-content\/uploads\/usu1612\/2019\/10\/4eso-300x300.png 300w\" sizes=\"auto, (max-width: 171px) 100vw, 171px\" \/>Activitats<\/strong><\/a><\/h5>\n<\/li>\n<li>\n<h5><strong>Criteris d\u2019avaluaci\u00f3<\/strong><\/h5>\n<\/li>\n<li>\n<h5><a href=\"https:\/\/drive.google.com\/file\/d\/1GF5GPSy6AdR9S6S59iXCZxDswTx4bWrj\/view\"><strong>Llibres<\/strong><\/a><\/h5>\n<\/li>\n<li>\n<h5><strong>Tutors\/es:<\/strong><\/h5>\n<ul>\n<li>Maria Riu \u2013 <span style=\"color: #999999;\">Tutora 4t ESO A<\/span><\/li>\n<li>Ll\u00facia M\u00e1rquez \u2013 <span style=\"color: #999999;\">Tutora 4t ESO B<\/span><\/li>\n<li>Enrique Juan \u2013 <span style=\"color: #999999;\">Tutor 4t ESO C<\/span><\/li>\n<li>Montse Bueno\u2013 <span style=\"color: #999999;\">Tutora 4t ESO D<\/span><\/li>\n<\/ul>\n<\/li>\n<\/ul>\n<table width=\"758\">\n<tbody>\n<tr>\n<td style=\"width: 388px;\">\n<ul>\n<li>\n<h5><strong>Cient\u00edfico tecnol\u00f2gic 1:<\/strong><\/h5>\n<ul>\n<li>F\u00edsica i Qu\u00edmica \u2013 N\u00faria L\u00f3pez<\/li>\n<li>Bio i Geo \u2013 <span style=\"color: #999999;\">Pilar Rigual<\/span><\/li>\n<\/ul>\n<\/li>\n<\/ul>\n<p>&nbsp;<\/p>\n<ul>\n<li>\n<h5><strong>Cient\u00edfico tecnol\u00f2gic 2:<\/strong><\/h5>\n<ul>\n<li>Tecnologia \u2013 <span style=\"color: #999999;\">Gregori Carpintero<\/span><\/li>\n<li>F\u00edsica i Qu\u00edmica\u2013 <span style=\"color: #999999;\">Esther Castell\u00f3<\/span><\/li>\n<\/ul>\n<\/li>\n<\/ul>\n<p>&nbsp;<\/p>\n<ul>\n<li style=\"list-style-type: none;\">\n<ul>\n<li style=\"list-style-type: none;\">\n<ul>\n<li>\n<h5><strong>Optatives lliures (3h):<\/strong><\/h5>\n<ul>\n<li>Franc\u00e8s \u2013 Laura Cabrero<\/li>\n<li>Tecnologia \u2013 Gregori Carpintero<\/li>\n<li>Expressi\u00f3 Art\u00edstica &#8211; Xavier Mart\u00edn<\/li>\n<li>Digitalitzaci\u00f3 &#8211; Llu\u00eds Moll<\/li>\n<li>Filosofia &#8211; Laura Oliver<\/li>\n<\/ul>\n<\/li>\n<\/ul>\n<\/li>\n<\/ul>\n<\/li>\n<\/ul>\n<\/td>\n<td style=\"width: 362px;\">\n<ul>\n<li><strong>Human\u00edstic :<\/strong>\n<ul>\n<li style=\"list-style-type: none;\">\n<ul style=\"list-style-type: circle;\">\n<li>Economia \u2013 <span style=\"color: #999999;\">Montse Fresno<\/span><\/li>\n<li>Llat\u00ed \u2013 <span style=\"color: #999999;\">Maribel Morales<\/span><\/li>\n<\/ul>\n<\/li>\n<\/ul>\n<\/li>\n<\/ul>\n<p>&nbsp;<\/p>\n<ul>\n<li>\n<h5><strong>Aplicat:<\/strong><\/h5>\n<ul>\n<li style=\"list-style-type: none;\">\n<ul style=\"list-style-type: circle;\">\n<li>Ci\u00e8ncies Aplicades \u2013 <span style=\"color: #999999;\">Pilar Rigual<\/span><\/li>\n<li>Cultura cl\u00e0ssica\/Lleng\u00fces Aplicades \u2013 Al\u00edcia Jim\u00e9nez<\/li>\n<\/ul>\n<\/li>\n<\/ul>\n<\/li>\n<\/ul>\n<p>&nbsp;<\/p>\n<ul>\n<li>\n<h5><strong>Alternatives:<\/strong><\/h5>\n<ul>\n<li style=\"list-style-type: none;\">\n<ul style=\"list-style-type: circle;\">\n<li>Cultura religiosa \u2013 Lucia Rubio<\/li>\n<li>Llegim i fem teatre &#8211; Laura Cabrero<\/li>\n<li>Llegim i fem la revista del COPEM-Maribel Morales<\/li>\n<li>Club de lectura &#8211; M\u00f3nica Hurtado<\/li>\n<li>Lectura en veu alta &#8211; N\u00faria Seguer<\/li>\n<\/ul>\n<\/li>\n<\/ul>\n<\/li>\n<\/ul>\n<\/td>\n<\/tr>\n<\/tbody>\n<\/table>\n","protected":false},"excerpt":{"rendered":"<ul>\n<li>\n<a href=\"https:\/\/agora.xtec.cat\/ies-santa-eulalia\/categoria\/eso\/eso-4\/\">Activitats<\/a>\n<\/li>\n<li>\nCriteris d\u2019avaluaci\u00f3\n<\/li>\n<li>\n<a href=\"https:\/\/drive.google.com\/file\/d\/1GF5GPSy6AdR9S6S59iXCZxDswTx4bWrj\/view\">Llibres<\/a>\n<\/li>\n<li>\nTutors\/es:<\/p>\n<ul>\n<li>Maria Riu \u2013 Tutora 4t ESO A<\/li>\n<li>Ll\u00facia M\u00e1rquez \u2013 Tutora 4t ESO B<\/li>\n<li>Enrique Juan \u2013 Tutor 4t ESO C<\/li>\n<li>Montse Bueno\u2013 Tutora 4t ESO D<\/li>\n<\/ul>\n<\/li>\n<\/ul>\n<ul>\n<li>\nCient\u00edfico tecnol\u00f2gic 1:<\/p>\n<ul>\n<li>F\u00edsica i Qu\u00edmica \u2013 N\u00faria L\u00f3pez<\/li>\n<li>Bio i Geo \u2013 Pilar Rigual<\/li>\n<\/ul>\n<\/li>\n<\/ul>\n<p>&nbsp;<\/p>\n<ul>\n<li>\nCient\u00edfico tecnol\u00f2gic 2:<\/p>\n<ul>\n<li>Tecnologia \u2013 Gregori Carpintero<\/li>\n<li>F\u00edsica i&hellip;  <a href=\"https:\/\/agora.xtec.cat\/ies-santa-eulalia\/estudis\/4t-deso\/\" title=\"Read 4t d&#8217;ESO\">Llegeix m\u00e9s\u00bb<\/a><br \/>\n","protected":false},"author":1,"featured_media":0,"parent":195,"menu_order":0,"comment_status":"closed","ping_status":"closed","template":"","meta":{"_bbp_topic_count":0,"_bbp_reply_count":0,"_bbp_total_topic_count":0,"_bbp_total_reply_count":0,"_bbp_voice_count":0,"_bbp_anonymous_reply_count":0,"_bbp_topic_count_hidden":0,"_bbp_reply_count_hidden":0,"_bbp_forum_subforum_count":0,"footnotes":""},"class_list":["post-4851","page","type-page","status-publish","hentry"],"post_mailing_queue_ids":[],"_links":{"self":[{"href":"https:\/\/agora.xtec.cat\/ies-santa-eulalia\/wp-json\/wp\/v2\/pages\/4851","targetHints":{"allow":["GET"]}}],"collection":[{"href":"https:\/\/agora.xtec.cat\/ies-santa-eulalia\/wp-json\/wp\/v2\/pages"}],"about":[{"href":"https:\/\/agora.xtec.cat\/ies-santa-eulalia\/wp-json\/wp\/v2\/types\/page"}],"author":[{"embeddable":true,"href":"https:\/\/agora.xtec.cat\/ies-santa-eulalia\/wp-json\/wp\/v2\/users\/1"}],"replies":[{"embeddable":true,"href":"https:\/\/agora.xtec.cat\/ies-santa-eulalia\/wp-json\/wp\/v2\/comments?post=4851"}],"version-history":[{"count":5,"href":"https:\/\/agora.xtec.cat\/ies-santa-eulalia\/wp-json\/wp\/v2\/pages\/4851\/revisions"}],"predecessor-version":[{"id":13037,"href":"https:\/\/agora.xtec.cat\/ies-santa-eulalia\/wp-json\/wp\/v2\/pages\/4851\/revisions\/13037"}],"up":[{"embeddable":true,"href":"https:\/\/agora.xtec.cat\/ies-santa-eulalia\/wp-json\/wp\/v2\/pages\/195"}],"wp:attachment":[{"href":"https:\/\/agora.xtec.cat\/ies-santa-eulalia\/wp-json\/wp\/v2\/media?parent=4851"}],"curies":[{"name":"wp","href":"https:\/\/api.w.org\/{rel}","templated":true}]}}