{"id":46,"date":"2014-09-17T16:53:45","date_gmt":"2014-09-17T16:53:45","guid":{"rendered":"http:\/\/agora.xtec.cat\/ies-santa-eulalia\/?page_id=46"},"modified":"2025-09-09T12:26:07","modified_gmt":"2025-09-09T10:26:07","slug":"organigrama","status":"publish","type":"page","link":"https:\/\/agora.xtec.cat\/ies-santa-eulalia\/linstitut\/organigrama\/","title":{"rendered":"Organigrama"},"content":{"rendered":"<h3><\/h3>\n<div id=\"sites-canvas-main\" class=\"sites-canvas-main\">\n<div id=\"sites-canvas-main-content\">\n<table id=\"goog-ws-list-table\" class=\"sites-table goog-ws-list-table aligncenter\" style=\"height: 213px; width: 720px; border-color: #ffffff;\">\n<tbody>\n<tr id=\"wuid:gx:5388acbf7c23ade7\" class=\"goog-ws-list-tableRow\" style=\"height: 31px;\">\n<td dir=\"ltr\" style=\"width: 331px; border-color: #ffffff; height: 31px; background-color: #5747e6;\"><span style=\"color: #ffffff;\"><b>Directora<\/b><\/span><\/td>\n<td dir=\"ltr\" style=\"width: 377px; border-color: #ffffff; height: 31px;\"><strong>Maria Bardia<\/strong><\/td>\n<\/tr>\n<tr id=\"wuid:gx:55f4a82f279f8f\" class=\"goog-ws-list-tableRow\" style=\"height: 31px;\">\n<td dir=\"ltr\" style=\"width: 331px; border-color: #ffffff; height: 31px; background-color: #5747e6;\"><span style=\"color: #ffffff;\"><strong>Cap d&#8217;estudis<\/strong><\/span><\/td>\n<td dir=\"ltr\" style=\"width: 377px; border-color: #ffffff; height: 31px;\"><strong>N\u00faria L\u00f3pez<\/strong><\/td>\n<\/tr>\n<tr id=\"wuid:gx:2447aa5cc4782aec\" class=\"goog-ws-list-tableRow\" style=\"height: 31px;\">\n<td dir=\"ltr\" style=\"width: 331px; border-color: #ffffff; height: 31px; background-color: #5747e6;\"><span style=\"color: #ffffff;\"><strong>Adjunta Cap d&#8217;estudis<\/strong><\/span><\/td>\n<td dir=\"ltr\" style=\"width: 377px; border-color: #ffffff; height: 31px;\"><strong>Maria Ruiz<\/strong><\/td>\n<\/tr>\n<tr id=\"wuid:gx:49588bd2a0d79f\" class=\"goog-ws-list-tableRow\" style=\"height: 31px;\">\n<td dir=\"ltr\" style=\"width: 331px; border-color: #ffffff; height: 31px; background-color: #5747e6;\"><span style=\"color: #ffffff;\"><strong>Coordinadora pedag\u00f2gica<\/strong><\/span><\/td>\n<td dir=\"ltr\" style=\"width: 377px; border-color: #ffffff; height: 31px;\"><strong>Mireia Casas<\/strong><\/td>\n<\/tr>\n<tr id=\"wuid:gx:100cb8776009d672\" class=\"goog-ws-list-tableRow\" style=\"height: 31px;\">\n<td dir=\"ltr\" style=\"width: 331px; border-color: #ffffff; height: 31px; background-color: #5747e6;\"><strong style=\"color: #ffffff;\">Secret\u00e0ria<\/strong><\/td>\n<td dir=\"ltr\" style=\"width: 377px; border-color: #ffffff; height: 31px;\"><strong>N\u00faria Seguer<\/strong><\/td>\n<\/tr>\n<\/tbody>\n<\/table>\n<\/div>\n<table id=\"goog-ws-list-table\" class=\"sites-table goog-ws-list-table\" style=\"height: 403px; border-color: #ffffff; width: 1041px;\">\n<tbody>\n<tr style=\"height: 31px;\">\n<td style=\"width: 487px; border-color: #ffffff; background-color: #8f8f8f; height: 31px; text-align: center;\" colspan=\"2\"><strong style=\"color: #ffffff;\">C\u00e0rrecs i coordinacions<\/strong><\/td>\n<td style=\"width: 20px; border-color: #ffffff; height: 31px; background-color: #ffffff;\"><\/td>\n<td style=\"border-color: #ffffff; height: 31px; background-color: #8f8f8f; text-align: center; width: 480px;\" colspan=\"2\"><strong style=\"color: #ffffff;\">Caps de departament<\/strong><\/td>\n<td style=\"width: 42px; border-color: #8f8f8f; background-color: #ffffff; border-style: hidden; text-align: center; height: 31px;\"><strong style=\"color: #ffffff;\">\u00a0<\/strong><\/td>\n<\/tr>\n<tr id=\"wuid:gx:55f4a82f279f8f\" class=\"goog-ws-list-tableRow\" style=\"height: 31px;\">\n<td dir=\"ltr\" style=\"width: 300px; border-color: #ffffff; height: 31px; background-color: #698c07;\"><strong><span style=\"color: #ffffff;\">Coordinadora de primer cicle d&#8217;ESO<\/span><\/strong><\/td>\n<td dir=\"ltr\" style=\"width: 185px; border-color: #ffffff; height: 31px;\"><em><strong>Luc\u00eda Rubio<\/strong><\/em><\/td>\n<td style=\"width: 20px; border-color: #ffffff; height: 31px; background-color: #ffffff;\"><\/td>\n<td style=\"width: 252px; border-color: #ffffff; height: 31px; background-color: #de6f1f;\"><strong><span style=\"color: #ffffff;\">Ci\u00e8ncies Naturals<\/span><\/strong><\/td>\n<td style=\"width: 226px; border-color: #ffffff; height: 31px;\"><em><strong>Pilar Rigual<\/strong><\/em><\/td>\n<td style=\"width: 42px; border-color: #ffffff; background-color: #ffffff; height: 31px;\"><a href=\"https:\/\/agora.xtec.cat\/ies-santa-eulalia\/departaments\/departament-de-ciencies-naturals\/\">\u25ba<\/a><\/td>\n<\/tr>\n<tr id=\"wuid:gx:2447aa5cc4782aec\" class=\"goog-ws-list-tableRow\" style=\"height: 31px;\">\n<td dir=\"ltr\" style=\"width: 300px; border-color: #ffffff; height: 31px; background-color: #698c07;\"><strong><span style=\"color: #ffffff;\">Coordinadora de segon cicle d&#8217;ESO<\/span><\/strong><\/td>\n<td dir=\"ltr\" style=\"width: 185px; border-color: #ffffff; height: 31px;\"><em><strong>Esther Castell\u00f3<\/strong><\/em><\/td>\n<td style=\"width: 20px; border-color: #ffffff; height: 31px; background-color: #ffffff;\"><\/td>\n<td style=\"width: 252px; border-color: #ffffff; height: 31px; background-color: #de6f1f;\"><span style=\"color: #ffffff;\"><strong>Cl\u00e0ssiques<\/strong><\/span><\/td>\n<td style=\"width: 226px; border-color: #ffffff; height: 31px;\"><em><strong>N\u00faria Nin<\/strong><\/em><\/td>\n<td style=\"width: 42px; border-color: #ffffff; background-color: #ffffff; height: 31px;\"><a href=\"https:\/\/agora.xtec.cat\/ies-santa-eulalia\/departaments\/departament-de-classiques\/\">\u25ba<\/a><\/td>\n<\/tr>\n<tr style=\"height: 31px;\">\n<td style=\"width: 300px; border-color: #ffffff; background-color: #698c07; height: 31px;\"><span style=\"color: #ffffff;\"><strong> Coordinadora de batxillerat i treball de recerca<\/strong><\/span><\/td>\n<td style=\"width: 185px; border-color: #ffffff; height: 31px;\"><em><strong>M\u00e0rius Mart\u00ednez<\/strong><\/em><\/td>\n<td style=\"width: 20px; border-color: #ffffff; height: 31px; background-color: #ffffff;\"><\/td>\n<td style=\"width: 252px; border-color: #ffffff; height: 31px; background-color: #de6f1f;\"><span style=\"color: #ffffff;\"><strong>Dibuix<\/strong><\/span><\/td>\n<td style=\"width: 226px; border-color: #ffffff; height: 31px;\"><em><strong>David Laporta<\/strong><\/em><\/td>\n<td style=\"width: 42px; border-color: #ffffff; background-color: #ffffff; height: 31px;\"><a href=\"https:\/\/agora.xtec.cat\/ies-santa-eulalia\/departaments\/departament-de-visual-i-plastica\/\">\u25ba<\/a><\/td>\n<\/tr>\n<tr style=\"height: 31px;\">\n<td style=\"width: 300px; border-color: #ffffff; background-color: #698c07; height: 31px;\"><span style=\"color: #ffffff;\"><strong>\u00a0Coordinadora de nocturn<\/strong><\/span><\/td>\n<td style=\"width: 185px; border-color: #ffffff; height: 31px;\"><em><strong>Isabel Freijo<\/strong><\/em><\/td>\n<td style=\"width: 20px; border-color: #ffffff; height: 31px; background-color: #ffffff;\"><\/td>\n<td style=\"width: 252px; border-color: #ffffff; height: 31px; background-color: #de6f1f;\"><span style=\"color: #ffffff;\"><strong>Educaci\u00f3 f\u00edsica<\/strong><\/span><\/td>\n<td style=\"width: 226px; border-color: #ffffff; height: 31px;\"><em><strong>Sofia Pujol<\/strong><\/em><\/td>\n<td style=\"width: 42px; border-color: #ffffff; background-color: #ffffff; height: 31px;\"><a href=\"https:\/\/agora.xtec.cat\/ies-santa-eulalia\/departaments\/departament-deducacio-fisica\/\">\u25ba<\/a><\/td>\n<\/tr>\n<tr style=\"height: 31px;\">\n<td style=\"width: 300px; border-color: #ffffff; background-color: #698c07; height: 31px;\"><span style=\"color: #ffffff;\"><strong>\u00a0LIC i Teatre<\/strong><\/span><\/td>\n<td style=\"width: 185px; border-color: #ffffff; height: 31px;\"><strong>Mireia Casas<\/strong><\/td>\n<td style=\"width: 20px; border-color: #ffffff; height: 31px; background-color: #ffffff;\"><\/td>\n<td style=\"width: 252px; border-color: #ffffff; height: 31px; background-color: #de6f1f;\"><span style=\"color: #ffffff;\"><strong>F\u00edsica i Qu\u00edmica<\/strong><\/span><\/td>\n<td style=\"width: 226px; border-color: #ffffff; height: 31px;\"><em><strong>Alessia Mart\u00ednez<\/strong><\/em><\/td>\n<td style=\"width: 42px; border-color: #ffffff; background-color: #ffffff; height: 31px;\"><a href=\"https:\/\/agora.xtec.cat\/ies-santa-eulalia\/departaments\/departament-de-fisica-i-quimica\/\">\u25ba<\/a><\/td>\n<\/tr>\n<tr style=\"height: 31px;\">\n<td style=\"width: 300px; border-color: #ffffff; background-color: #698c07; height: 31px;\"><span style=\"color: #ffffff;\"><strong>\u00a0Coordinador digital<\/strong><\/span><\/td>\n<td style=\"width: 185px; border-color: #ffffff; height: 31px;\"><em><strong>Gregori Carpintero<\/strong><\/em><\/td>\n<td style=\"width: 20px; border-color: #ffffff; height: 31px; background-color: #ffffff;\"><\/td>\n<td style=\"width: 252px; border-color: #ffffff; height: 31px; background-color: #de6f1f;\"><span style=\"color: #ffffff;\"><strong>Geografia i Hist\u00f2ria<\/strong><\/span><\/td>\n<td style=\"width: 226px; border-color: #ffffff; height: 31px;\"><em><strong>Maria Bruguera<\/strong><\/em><\/td>\n<td style=\"width: 42px; border-color: #ffffff; background-color: #ffffff; height: 31px;\"><a href=\"https:\/\/agora.xtec.cat\/ies-santa-eulalia\/departaments\/departament-de-geografia-i-historia\/\">\u25ba<\/a><\/td>\n<\/tr>\n<tr style=\"height: 31px;\">\n<td style=\"width: 300px; border-color: #ffffff; background-color: #698c07; height: 31px;\"><span style=\"color: #ffffff;\"><strong>\u00a0Web<\/strong><\/span><\/td>\n<td style=\"width: 185px; border-color: #ffffff; height: 31px;\"><em><strong>Maria Ruiz<\/strong><\/em><\/td>\n<td style=\"width: 20px; border-color: #ffffff; height: 31px; background-color: #ffffff;\"><\/td>\n<td style=\"width: 252px; border-color: #ffffff; height: 31px; background-color: #de6f1f;\"><span style=\"color: #ffffff;\"><strong>Lleng\u00fces estrangeres<\/strong><\/span><\/td>\n<td style=\"width: 226px; border-color: #ffffff; height: 31px;\"><em><strong>Lourdes Cort\u00e9s<\/strong><\/em><\/td>\n<td style=\"width: 42px; border-color: #ffffff; background-color: #ffffff; height: 31px;\"><a href=\"https:\/\/agora.xtec.cat\/ies-santa-eulalia\/departaments\/departament-de-llengues-estrangeres-angles\/\">\u25ba<\/a><\/td>\n<\/tr>\n<tr style=\"height: 31px;\">\n<td style=\"width: 300px; border-color: #ffffff; background-color: #698c07; height: 31px;\"><span style=\"color: #ffffff;\"><strong>\u00a0Biblioteca<\/strong><\/span><\/td>\n<td style=\"width: 185px; border-color: #ffffff; height: 31px;\"><em><strong>Maria Bruguera<\/strong><\/em><\/td>\n<td style=\"width: 20px; border-color: #ffffff; height: 31px; background-color: #ffffff;\"><\/td>\n<td style=\"width: 252px; border-color: #ffffff; height: 31px; background-color: #de6f1f;\"><span style=\"color: #ffffff;\"><strong>Llengua i literatura castellana<\/strong><\/span><\/td>\n<td style=\"width: 226px; border-color: #ffffff; height: 31px;\"><em><strong>M\u00f3nica Hurtado<\/strong><\/em><\/td>\n<td style=\"width: 42px; border-color: #ffffff; background-color: #ffffff; height: 31px;\"><a href=\"https:\/\/agora.xtec.cat\/ies-santa-eulalia\/departaments\/departament-de-llengua-castellana-i-literatura\/\">\u25ba<\/a><\/td>\n<\/tr>\n<tr style=\"height: 31px;\">\n<td style=\"width: 300px; border-color: #ffffff; background-color: #698c07; height: 31px;\"><span style=\"color: #ffffff;\"><strong>\u00a0Exposicions temporals<\/strong><\/span><\/td>\n<td style=\"width: 185px; border-color: #ffffff; height: 31px;\"><em><strong>Maria Bardia<\/strong><\/em><\/td>\n<td style=\"width: 20px; border-color: #ffffff; height: 31px; background-color: #ffffff;\"><\/td>\n<td style=\"width: 252px; border-color: #ffffff; height: 31px; background-color: #de6f1f;\"><span style=\"color: #ffffff;\"><strong>Llengua i literatura catalana<\/strong><\/span><\/td>\n<td style=\"width: 226px; border-color: #ffffff; height: 31px;\"><em><strong>N\u00faria Bandr\u00e9s<\/strong><\/em><\/td>\n<td style=\"width: 42px; border-color: #ffffff; background-color: #ffffff; height: 31px;\"><a href=\"https:\/\/agora.xtec.cat\/ies-santa-eulalia\/departaments\/departament-de-llengua-catalana-i-literatura\/\">\u25ba<\/a><\/td>\n<\/tr>\n<tr style=\"height: 31px;\">\n<td style=\"width: 300px; border-color: #ffffff; background-color: #698c07; height: 31px;\"><span style=\"color: #ffffff;\"><strong>\u00a0Coordinador Riscos Laborals<\/strong><\/span><\/td>\n<td style=\"width: 185px; border-color: #ffffff; height: 31px;\"><strong>David Laporta<\/strong><\/td>\n<td style=\"width: 20px; border-color: #ffffff; height: 31px; background-color: #ffffff;\"><\/td>\n<td style=\"width: 252px; border-color: #ffffff; height: 31px; background-color: #de6f1f;\"><span style=\"color: #ffffff;\"><strong>Matem\u00e0tiques<\/strong><\/span><\/td>\n<td style=\"width: 226px; border-color: #ffffff; height: 31px;\"><em><strong>Marta Canals<\/strong><\/em><\/td>\n<td style=\"width: 42px; border-color: #ffffff; background-color: #ffffff; height: 31px;\"><a href=\"https:\/\/agora.xtec.cat\/ies-santa-eulalia\/departaments\/departament-de-matematiques\/\">\u25ba<\/a><\/td>\n<\/tr>\n<tr style=\"height: 31px;\">\n<td style=\"width: 300px; border-color: #ffffff; background-color: #698c07; height: 62px;\" rowspan=\"2\"><span style=\"color: #ffffff;\"><strong>\u00a0Mediaci\u00f3<\/strong><\/span><br \/>\n<span style=\"color: #ffffff;\"><strong>\u00a0<\/strong><\/span><\/td>\n<td style=\"width: 185px; border-color: #ffffff; height: 62px;\" rowspan=\"2\"><em><strong>Conxi Zurano<\/strong><\/em><br \/>\n<em><strong>\u00a0<\/strong><\/em><\/td>\n<td style=\"width: 20px; border-color: #ffffff; height: 31px; background-color: #ffffff;\"><\/td>\n<td style=\"width: 252px; border-color: #ffffff; height: 31px; background-color: #de6f1f;\"><span style=\"color: #ffffff;\"><strong>Orientaci\u00f3<\/strong><\/span><\/td>\n<td style=\"width: 226px; border-color: #ffffff; height: 31px;\"><em><strong>Al\u00edcia J\u00edm\u00e9nez<\/strong><\/em><\/td>\n<td style=\"width: 42px; border-color: #ffffff; background-color: #ffffff; height: 31px;\"><a href=\"https:\/\/agora.xtec.cat\/ies-santa-eulalia\/departaments\/orientacio-educativa\/\">\u25ba<\/a><\/td>\n<\/tr>\n<tr style=\"height: 31px;\">\n<td style=\"width: 20px; border-color: #ffffff; background-color: #ffffff; height: 31px;\"><\/td>\n<td style=\"width: 252px; border-color: #ffffff; background-color: #de6f1f; height: 31px;\"><span style=\"color: #ffffff;\"><strong>Tecnologia<\/strong><\/span><\/td>\n<td style=\"width: 226px; border-color: #ffffff; height: 31px;\"><em><strong>Llu\u00eds Moll<\/strong><\/em><\/td>\n<td style=\"width: 42px; border-color: #ffffff; background-color: #ffffff; height: 31px;\"><a href=\"https:\/\/agora.xtec.cat\/ies-santa-eulalia\/departaments\/departament-de-tecnologia\/\">\u25ba<\/a><\/td>\n<\/tr>\n<\/tbody>\n<\/table>\n<p>&nbsp;<\/p>\n<\/div>\n","protected":false},"excerpt":{"rendered":"<p>Directora<br \/>\nMaria Bardia<\/p>\n<p>Cap d&#8217;estudis<br \/>\nN\u00faria L\u00f3pez<\/p>\n<p>Adjunta Cap d&#8217;estudis<br \/>\nMaria Ruiz<\/p>\n<p>Coordinadora pedag\u00f2gica<br \/>\nMireia Casas<\/p>\n<p>Secret\u00e0ria<br \/>\nN\u00faria Seguer<\/p>\n<p>C\u00e0rrecs i coordinacions<\/p>\n<p>Caps de departament<br \/>\n\u00a0<\/p>\n<p>Coordinadora de primer cicle d&#8217;ESO<br \/>\nLuc\u00eda Rubio<\/p>\n<p>Ci\u00e8ncies Naturals<br \/>\nPilar Rigual<br \/>\n<a href=\"https:\/\/agora.xtec.cat\/ies-santa-eulalia\/departaments\/departament-de-ciencies-naturals\/\">\u25ba<\/a><\/p>\n<p>Coordinadora de segon cicle d&#8217;ESO<br \/>\nEsther Castell\u00f3<\/p>\n<p>Cl\u00e0ssiques<br \/>\nN\u00faria Nin<br \/>\n<a href=\"https:\/\/agora.xtec.cat\/ies-santa-eulalia\/departaments\/departament-de-classiques\/\">\u25ba<\/a><\/p>\n<p> Coordinadora de batxillerat i treball de recerca<br \/>\nM\u00e0rius Mart\u00ednez<\/p>\n<p>Dibuix<br \/>\nDavid Laporta<br \/>\n<a href=\"https:\/\/agora.xtec.cat\/ies-santa-eulalia\/departaments\/departament-de-visual-i-plastica\/\">\u25ba<\/a><\/p>\n<p>\u00a0Coordinadora de nocturn<br \/>\nIsabel Freijo<\/p>\n<p>Educaci\u00f3 f\u00edsica<br \/>\nSofia Pujol<br \/>\n<a href=\"https:\/\/agora.xtec.cat\/ies-santa-eulalia\/departaments\/departament-deducacio-fisica\/\">\u25ba<\/a><\/p>\n<p>\u00a0LIC&hellip;  <a href=\"https:\/\/agora.xtec.cat\/ies-santa-eulalia\/linstitut\/organigrama\/\" title=\"Read Organigrama\">Llegeix m\u00e9s\u00bb<\/a><\/p>\n","protected":false},"author":1,"featured_media":0,"parent":19,"menu_order":40,"comment_status":"closed","ping_status":"closed","template":"page-templates\/side-menu.php","meta":{"_bbp_topic_count":0,"_bbp_reply_count":0,"_bbp_total_topic_count":0,"_bbp_total_reply_count":0,"_bbp_voice_count":0,"_bbp_anonymous_reply_count":0,"_bbp_topic_count_hidden":0,"_bbp_reply_count_hidden":0,"_bbp_forum_subforum_count":0,"footnotes":""},"class_list":["post-46","page","type-page","status-publish","hentry"],"post_mailing_queue_ids":[],"_links":{"self":[{"href":"https:\/\/agora.xtec.cat\/ies-santa-eulalia\/wp-json\/wp\/v2\/pages\/46","targetHints":{"allow":["GET"]}}],"collection":[{"href":"https:\/\/agora.xtec.cat\/ies-santa-eulalia\/wp-json\/wp\/v2\/pages"}],"about":[{"href":"https:\/\/agora.xtec.cat\/ies-santa-eulalia\/wp-json\/wp\/v2\/types\/page"}],"author":[{"embeddable":true,"href":"https:\/\/agora.xtec.cat\/ies-santa-eulalia\/wp-json\/wp\/v2\/users\/1"}],"replies":[{"embeddable":true,"href":"https:\/\/agora.xtec.cat\/ies-santa-eulalia\/wp-json\/wp\/v2\/comments?post=46"}],"version-history":[{"count":6,"href":"https:\/\/agora.xtec.cat\/ies-santa-eulalia\/wp-json\/wp\/v2\/pages\/46\/revisions"}],"predecessor-version":[{"id":13029,"href":"https:\/\/agora.xtec.cat\/ies-santa-eulalia\/wp-json\/wp\/v2\/pages\/46\/revisions\/13029"}],"up":[{"embeddable":true,"href":"https:\/\/agora.xtec.cat\/ies-santa-eulalia\/wp-json\/wp\/v2\/pages\/19"}],"wp:attachment":[{"href":"https:\/\/agora.xtec.cat\/ies-santa-eulalia\/wp-json\/wp\/v2\/media?parent=46"}],"curies":[{"name":"wp","href":"https:\/\/api.w.org\/{rel}","templated":true}]}}