{"id":43,"date":"2014-09-17T16:45:07","date_gmt":"2014-09-17T16:45:07","guid":{"rendered":"http:\/\/agora.xtec.cat\/ies-santa-eulalia\/?page_id=43"},"modified":"2025-07-08T12:59:45","modified_gmt":"2025-07-08T10:59:45","slug":"consell-escolar","status":"publish","type":"page","link":"https:\/\/agora.xtec.cat\/ies-santa-eulalia\/linstitut\/consell-escolar\/","title":{"rendered":"Consell escolar"},"content":{"rendered":"<table id=\"goog-ws-list-table\" class=\"sites-table goog-ws-list-table\" style=\"height: 709px; border-color: #ffffff; width: 758px;\" width=\"758\">\n<tbody>\n<tr id=\"wuid:gx:5388acbf7c23ade7\" class=\"goog-ws-list-tableRow\" style=\"height: 31px;\">\n<td dir=\"ltr\" style=\"width: 350px; border-color: #ffffff; height: 31px; background-color: #698c07;\"><span style=\"color: #ffffff;\"><strong>Ajunta<\/strong><strong>ment<\/strong><\/span><\/td>\n<td dir=\"ltr\" style=\"width: 400px; border-color: #ffffff; height: 31px;\">Maite Mart\u00ednez<\/td>\n<\/tr>\n<tr id=\"wuid:gx:2147a2b7e48b73b5\" class=\"goog-ws-list-tableRow\" style=\"height: 135px;\">\n<td dir=\"ltr\" style=\"width: 350px; border-color: #ffffff; height: 135px; background-color: #698c07;\"><span style=\"color: #ffffff;\"><strong>Alumnat<\/strong><\/span><\/td>\n<td dir=\"ltr\" style=\"width: 400px; border-color: #ffffff; height: 135px;\">Biel Mart\u00ed<\/p>\n<p>F\u00e1tima Boubkari<\/p>\n<p>&nbsp;<\/td>\n<\/tr>\n<tr id=\"wuid:gx:55f4a82f279f8f\" class=\"goog-ws-list-tableRow\" style=\"height: 31px;\">\n<td dir=\"ltr\" style=\"width: 350px; border-color: #ffffff; height: 31px; background-color: #698c07;\"><span style=\"color: #ffffff;\"><strong>Equip directiu<\/strong><\/span><\/td>\n<td dir=\"ltr\" style=\"width: 400px; border-color: #ffffff; height: 31px;\">Maria Bardia<\/td>\n<\/tr>\n<tr id=\"wuid:gx:2447aa5cc4782aec\" class=\"goog-ws-list-tableRow\" style=\"height: 31px;\">\n<td dir=\"ltr\" style=\"width: 350px; border-color: #ffffff; height: 31px; background-color: #698c07;\"><span style=\"color: #ffffff;\"><strong>Equip directiu<\/strong><\/span><\/td>\n<td dir=\"ltr\" style=\"width: 400px; border-color: #ffffff; height: 31px;\">N\u00faria L\u00f3pez<\/td>\n<\/tr>\n<tr id=\"wuid:gx:20c9cd69c1be3b00\" class=\"goog-ws-list-tableRow\" style=\"height: 135px;\">\n<td dir=\"ltr\" style=\"width: 350px; border-color: #ffffff; height: 135px; background-color: #698c07;\"><span style=\"color: #ffffff;\"><strong>Representant de pares i mares<\/strong><\/span><\/td>\n<td dir=\"ltr\" style=\"width: 400px; border-color: #ffffff; height: 135px;\">Maika Serrano<\/p>\n<p>\u00c1ngeles R\u00edos<\/p>\n<p>Ana D\u00edaz<\/td>\n<\/tr>\n<tr id=\"wuid:gx:49588bd2a0d79f\" class=\"goog-ws-list-tableRow\" style=\"height: 31px;\">\n<td dir=\"ltr\" style=\"width: 350px; border-color: #ffffff; height: 31px; background-color: #698c07;\"><span style=\"color: #ffffff;\"><strong>PAS<\/strong><\/span><\/td>\n<td dir=\"ltr\" style=\"width: 400px; border-color: #ffffff; height: 31px;\">Mario Ares<\/td>\n<\/tr>\n<tr id=\"wuid:gx:d920acd2c6594b3\" class=\"goog-ws-list-tableRow\" style=\"height: 253px;\">\n<td dir=\"ltr\" style=\"width: 350px; border-color: #ffffff; height: 253px; background-color: #698c07;\"><span style=\"color: #ffffff;\"><strong>Professorat<\/strong><\/span><\/td>\n<td dir=\"ltr\" style=\"width: 400px; border-color: #ffffff; height: 253px;\">Luc\u00eda Rubio<\/p>\n<p>Maribel Morales<\/p>\n<p>Montse Bueno<\/p>\n<p>Llu\u00eds Moll<\/p>\n<p>Alicia Jim\u00e9nez<\/p>\n<p>Cristian Aleo<\/p>\n<p>&nbsp;<\/td>\n<\/tr>\n<tr id=\"wuid:gx:683bf8597ab5582e\" class=\"goog-ws-list-tableRow\" style=\"height: 31px;\">\n<td dir=\"ltr\" style=\"width: 350px; border-color: #ffffff; height: 31px; background-color: #698c07;\"><span style=\"color: #ffffff;\"><strong>Mares i pares (AMPA, Associaci\u00f3 de mares i pares)<\/strong><\/span><\/td>\n<td dir=\"ltr\" style=\"width: 400px; border-color: #ffffff; height: 31px;\">Marta Chiva<\/td>\n<\/tr>\n<tr id=\"wuid:gx:100cb8776009d672\" class=\"goog-ws-list-tableRow\" style=\"height: 31px;\">\n<td dir=\"ltr\" style=\"width: 350px; border-color: #ffffff; height: 31px; background-color: #698c07;\"><strong style=\"color: #ffffff;\">Secretaria<\/strong><\/td>\n<td dir=\"ltr\" style=\"width: 400px; border-color: #ffffff; height: 31px;\">N\u00faria Seguer<\/td>\n<\/tr>\n<\/tbody>\n<\/table>\n<p>El consell escolar \u00e9s l\u2019\u00f2rgan de participaci\u00f3 dels diferents sectors de la comunitat educativa en el govern dels centres.<\/p>\n<p>El formen els representants de tota la comunitat educativa, \u00e9s a dir, direcci\u00f3, professorat, fam\u00edlies, representant de l\u2019AMPA, personal d\u2019administraci\u00f3 i serveis i el representant de l\u2019administraci\u00f3 local.<\/p>\n<p>La funci\u00f3 principal del consell escolar \u00e9s participar en la presa de decisions en relaci\u00f3 amb aquells temes importants per al funcionament i l\u2019organitzaci\u00f3 del centre: el projecte educatiu, la programaci\u00f3 general, la gesti\u00f3 econ\u00f2mica, la resoluci\u00f3 dels conflictes, les activitats extraescolars, l\u2019horari lectiu, etc.<\/p>\n<p>&nbsp;<\/p>\n","protected":false},"excerpt":{"rendered":"<p>Ajuntament<br \/>\nMaite Mart\u00ednez<\/p>\n<p>Alumnat<br \/>\nBiel Mart\u00ed<br \/>\nF\u00e1tima Boubkari<br \/>\n&nbsp;<\/p>\n<p>Equip directiu<br \/>\nMaria Bardia<\/p>\n<p>Equip directiu<br \/>\nN\u00faria L\u00f3pez<\/p>\n<p>Representant de pares i mares<br \/>\nMaika Serrano<br \/>\n\u00c1ngeles R\u00edos<br \/>\nAna D\u00edaz<\/p>\n<p>PAS<br \/>\nMario Ares<\/p>\n<p>Professorat<br \/>\nLuc\u00eda Rubio<br \/>\nMaribel Morales<br \/>\nMontse Bueno<br \/>\nLlu\u00eds Moll<br \/>\nAlicia Jim\u00e9nez<br \/>\nCristian Aleo<br \/>\n&nbsp;<\/p>\n<p>Mares i pares (AMPA, Associaci\u00f3 de mares i pares)<br \/>\nMarta Chiva<\/p>\n<p>Secretaria<br \/>\nN\u00faria Seguer<\/p>\n<p>El consell escolar \u00e9s l\u2019\u00f2rgan de participaci\u00f3 dels diferents sectors de la comunitat educativa&hellip;  <a href=\"https:\/\/agora.xtec.cat\/ies-santa-eulalia\/linstitut\/consell-escolar\/\" title=\"Read Consell escolar\">Llegeix m\u00e9s\u00bb<\/a><\/p>\n","protected":false},"author":1,"featured_media":0,"parent":19,"menu_order":60,"comment_status":"closed","ping_status":"closed","template":"page-templates\/side-menu.php","meta":{"_bbp_topic_count":0,"_bbp_reply_count":0,"_bbp_total_topic_count":0,"_bbp_total_reply_count":0,"_bbp_voice_count":0,"_bbp_anonymous_reply_count":0,"_bbp_topic_count_hidden":0,"_bbp_reply_count_hidden":0,"_bbp_forum_subforum_count":0,"footnotes":""},"class_list":["post-43","page","type-page","status-publish","hentry"],"post_mailing_queue_ids":[],"_links":{"self":[{"href":"https:\/\/agora.xtec.cat\/ies-santa-eulalia\/wp-json\/wp\/v2\/pages\/43","targetHints":{"allow":["GET"]}}],"collection":[{"href":"https:\/\/agora.xtec.cat\/ies-santa-eulalia\/wp-json\/wp\/v2\/pages"}],"about":[{"href":"https:\/\/agora.xtec.cat\/ies-santa-eulalia\/wp-json\/wp\/v2\/types\/page"}],"author":[{"embeddable":true,"href":"https:\/\/agora.xtec.cat\/ies-santa-eulalia\/wp-json\/wp\/v2\/users\/1"}],"replies":[{"embeddable":true,"href":"https:\/\/agora.xtec.cat\/ies-santa-eulalia\/wp-json\/wp\/v2\/comments?post=43"}],"version-history":[{"count":6,"href":"https:\/\/agora.xtec.cat\/ies-santa-eulalia\/wp-json\/wp\/v2\/pages\/43\/revisions"}],"predecessor-version":[{"id":12979,"href":"https:\/\/agora.xtec.cat\/ies-santa-eulalia\/wp-json\/wp\/v2\/pages\/43\/revisions\/12979"}],"up":[{"embeddable":true,"href":"https:\/\/agora.xtec.cat\/ies-santa-eulalia\/wp-json\/wp\/v2\/pages\/19"}],"wp:attachment":[{"href":"https:\/\/agora.xtec.cat\/ies-santa-eulalia\/wp-json\/wp\/v2\/media?parent=43"}],"curies":[{"name":"wp","href":"https:\/\/api.w.org\/{rel}","templated":true}]}}