{"id":4156,"date":"2019-04-25T12:14:45","date_gmt":"2019-04-25T10:14:45","guid":{"rendered":"http:\/\/agora.xtec.cat\/ies-santa-eulalia\/?page_id=4156"},"modified":"2020-06-09T13:25:26","modified_gmt":"2020-06-09T11:25:26","slug":"competencia-matematica","status":"publish","type":"page","link":"https:\/\/agora.xtec.cat\/ies-santa-eulalia\/linstitut\/departaments\/departament-de-matematiques\/competencia-matematica\/","title":{"rendered":"Compet\u00e8ncia Matem\u00e0tica"},"content":{"rendered":"<p>Decidim treballar les matem\u00e0tiques sempre de forma <em><strong>competencial<\/strong><\/em>, \u00e9s a dir, donant molta import\u00e0ncia no nom\u00e9s als continguts sin\u00f3 a la millora de les habilitats matem\u00e0tiques dels nostres alumnes. Hi ha compet\u00e8ncies en tots els \u00e0mbits, algunes d&#8217;elles incl\u00fas s\u00f3n treballades de forma compartida entre diversos departaments.<\/p>\n<p>En el nostre cas, la tasca que ens pertoca \u00e9s millorar les habilitats matem\u00e0tiques dels nostres alumnes, habilitats que es mouen al voltant de quatre eixos, a saber:<\/p>\n<ul>\n<li style=\"padding-left: 30px;\">el desenvolupament d&#8217;estrat\u00e8gies per al <strong>plantejament i resoluci\u00f3 de problemes<\/strong>,<\/li>\n<li style=\"padding-left: 30px;\">el desenvolupament de la capacitat de <strong>raonament<\/strong><\/li>\n<li style=\"padding-left: 30px;\">les connexions i la utilitzaci\u00f3 del pensament matem\u00e0tic per\u00a0<strong>comprendre situacions de les pr\u00f2pies matem\u00e0tiques, d&#8217;altres mat\u00e8ries i de la realitat<\/strong><\/li>\n<li style=\"padding-left: 30px;\">el desenvolupament de les habilitats d&#8217;<strong>expressi\u00f3 matem\u00e0tica<\/strong>\u00a0de forma tant oral, escrita o digital.<\/li>\n<\/ul>\n<p><img loading=\"lazy\" decoding=\"async\" class=\"wp-image-4157 aligncenter\" src=\"https:\/\/agora.xtec.cat\/ies-santa-eulalia\/wp-content\/uploads\/usu1612\/2019\/04\/bc136a_817f284d8cdb479aa4e733174d4d9563mv2_d_3794_2480_s_4_2-1024x670-1024x670.png\" alt=\"\" width=\"772\" height=\"505\" srcset=\"https:\/\/agora.xtec.cat\/ies-santa-eulalia\/wp-content\/uploads\/usu1612\/2019\/04\/bc136a_817f284d8cdb479aa4e733174d4d9563mv2_d_3794_2480_s_4_2-1024x670.png 1024w, https:\/\/agora.xtec.cat\/ies-santa-eulalia\/wp-content\/uploads\/usu1612\/2019\/04\/bc136a_817f284d8cdb479aa4e733174d4d9563mv2_d_3794_2480_s_4_2-1024x670-300x196.png 300w, https:\/\/agora.xtec.cat\/ies-santa-eulalia\/wp-content\/uploads\/usu1612\/2019\/04\/bc136a_817f284d8cdb479aa4e733174d4d9563mv2_d_3794_2480_s_4_2-1024x670-768x503.png 768w\" sizes=\"auto, (max-width: 772px) 100vw, 772px\" \/><\/p>\n<p>&nbsp;<\/p>\n<p>Aix\u00ed doncs, al llarg de tota l&#8217;ESO, <strong>treballarem<\/strong> i <strong>avaluarem<\/strong> als nostres alumnes en aquestes quatre direccions, millorant les seves habilitats matem\u00e0tiques. Tamb\u00e9 seran aquests \u00edtems els que trobarem als butlletins de notes a partir d&#8217;ara<\/p>\n<p>&nbsp;<\/p>\n<p>Com puc saber &#8211; us preguntareu &#8211; si he arribat a assolir (a adquirir) aquestes habilitats.\u00a0 Doncs perqu\u00e8 aix\u00ed sigui, quan arribis a quart curs de l&#8217;eso, t&#8217;has de fer aquestes preguntes i respondre-les afirmativament:<\/p>\n<table style=\"border-collapse: collapse; width: 100%;\" border=\"1\">\n<tbody>\n<tr>\n<td style=\"width: 42.4672%;\">Pel que fa al <strong>plantejament<\/strong> i <strong>resoluci\u00f3 de problemes<\/strong>&#8230;<\/td>\n<td style=\"width: 57.5328%;\">\n<ol>\n<li>S\u00f3c capa\u00e7 d&#8217;entendre i plantejar un problema, utilitzant llenguatge matem\u00e0tic, s\u00edmbols, dibuixos, etc?<\/li>\n<li>S\u00f3c capa\u00e7 i tinc prou coneixements matem\u00e0tics i estrat\u00e8gies com per resoldre un problema?<\/li>\n<li>S\u00f3c capa\u00e7 de trobar m\u00e9s d&#8217;una manera de resoldre un problema? Quantes?<\/li>\n<li>S\u00f3c capa\u00e7 de fer i fer-me preguntes matem\u00e0tiques i escriure i inventar-me els meus propis problemes?<\/li>\n<\/ol>\n<\/td>\n<\/tr>\n<tr>\n<td style=\"width: 42.4672%;\">Pel que fa a les habilitats de <strong>raonament<\/strong>&#8230;<\/td>\n<td style=\"width: 57.5328%;\">5. S\u00f3c capa\u00e7 de raonar i utilitzar estrat\u00e8gies (deducci\u00f3, inducci\u00f3, raonament a l&#8217;absurd, etc) per resoldre problemes i comprovar si els resultats son coherents?<\/p>\n<p>6. S\u00f3c capa\u00e7 d&#8217;aplicar aquests raonaments de forma general a situacions de la vida o d&#8217;altres mat\u00e8ries?<\/td>\n<\/tr>\n<tr>\n<td style=\"width: 42.4672%;\">Pel que fa a les habilitats de <strong>connexi\u00f3<\/strong>&#8230;<\/td>\n<td style=\"width: 57.5328%;\">7. S\u00f3c capa\u00e7 de resoldre problemes que requereixin utilitzar i relacionar coses que conec de diferents branques dins les matem\u00e0tiques (geometria, algebra, mesura, estad\u00edstica,&#8230;), treballades en aquest curs o en anteriors?<\/p>\n<p>8. S\u00f3c capa\u00e7 d&#8217;aplicar les matem\u00e0tiques per entendre i resoldre problemes de la vida di\u00e0ria, d&#8217;altres mat\u00e8ries o en altres situacions?<\/td>\n<\/tr>\n<tr>\n<td style=\"width: 42.4672%;\">Pel que fa a les habilitats d&#8217;<strong>expressi\u00f3 matem\u00e0tica<\/strong>&#8230;<\/td>\n<td style=\"width: 57.5328%;\">\u00a09. S\u00f3c capa\u00e7 d&#8217;explicar un concepte matem\u00e0tic de diferents maneres?<\/p>\n<p>10. S\u00f3c capa\u00e7 -no nom\u00e9s de fer- sin\u00f3 d&#8217;explicar de forma oral i escrita (i utilitzant de forma correcta el llenguatge t\u00e8cnic propi de la mat\u00e8ria) continguts matem\u00e0tics?<\/p>\n<p>11. S\u00f3c capa\u00e7 de treballar i comunicar i expressar les idees matem\u00e0tiques per resoldre problemes i experiments amb altres persones de forma col\u00b7laborativa?<\/p>\n<p>12. S\u00f3c capa\u00e7 d&#8217;utlitzar la tecnologia i els programes inform\u00e0tics per resoldre problemes o expressar-me matem\u00e0ticament?<\/td>\n<\/tr>\n<\/tbody>\n<\/table>\n<p>Podreu trobar una informaci\u00f3 molt m\u00e9s detallada al seg\u00fcent <a href=\"http:\/\/ensenyament.gencat.cat\/web\/.content\/home\/departament\/publicacions\/colleccions\/competencies-basiques\/eso\/eso-matematic.pdf\">enlla\u00e7<\/a>.<\/p>\n<p>Al quart curs de l&#8217;ESO, i amb car\u00e0cter obligatori, els nostres alumnes realitzen al centre les <strong>proves externes diagn\u00f2stiques de compet\u00e8ncies b\u00e0siques<\/strong>. Aquestes proves seran una manera m\u00e9s de comprovar si hem arribat a assolir els objectius que ens propos\u00e0vem al comen\u00e7ament, d&#8217;una manera objectiva.<\/p>\n<p>Posem a la vostra disposici\u00f3 els models de proves de l&#8217;\u00e0mbit matem\u00e0tic que s&#8217;han dut a terme els darrers cursos.<\/p>\n<table class=\"aligncenter\" style=\"border-collapse: collapse; width: 74.9637%; height: 51px;\" border=\"1\">\n<tbody>\n<tr>\n<td style=\"width: 16.6667%; text-align: center;\"><a href=\"https:\/\/agora.xtec.cat\/ies-santa-eulalia\/wp-content\/uploads\/usu1612\/2019\/02\/Matematiques_4tESO-1.pdf\">Proves 2011\/12<\/a><\/td>\n<td style=\"width: 16.6667%; text-align: center;\"><a href=\"https:\/\/agora.xtec.cat\/ies-santa-eulalia\/wp-content\/uploads\/usu1612\/2019\/02\/4t_ESO_MATEMATIQUES_2012-2013.pdf\">Proves 2012\/13<\/a><\/td>\n<td style=\"width: 16.6667%; text-align: center;\"><a href=\"https:\/\/agora.xtec.cat\/ies-santa-eulalia\/wp-content\/uploads\/usu1612\/2019\/02\/4t_ESO_MATEMATIQUES_2014.pdf\">Proves 2013\/14<\/a><\/td>\n<td style=\"width: 16.6667%; text-align: center;\"><a href=\"https:\/\/agora.xtec.cat\/ies-santa-eulalia\/wp-content\/uploads\/usu1612\/2019\/02\/ESO_MATEMATIQUES_2014-2015.pdf\">Proves 2014\/15<\/a><\/td>\n<td style=\"width: 16.6667%; text-align: center;\"><a href=\"https:\/\/agora.xtec.cat\/ies-santa-eulalia\/wp-content\/uploads\/usu1612\/2019\/02\/ESO-2016-prova-mates.pdf\">Proves 2015\/16<\/a><\/td>\n<\/tr>\n<tr>\n<td style=\"width: 16.6667%; text-align: center;\"><a href=\"https:\/\/agora.xtec.cat\/ies-santa-eulalia\/wp-content\/uploads\/usu1612\/2019\/02\/Prova-Mates-4ESO-2017.pdf\">Proves 2016\/17<\/a><\/td>\n<td style=\"width: 16.6667%; text-align: center;\"><a href=\"https:\/\/agora.xtec.cat\/ies-santa-eulalia\/wp-content\/uploads\/usu1612\/2019\/02\/4ESOMATES2018.pdf\">Proves 2017\/18<\/a><\/td>\n<td style=\"width: 16.6667%; text-align: center;\"><a href=\"https:\/\/agora.xtec.cat\/ies-santa-eulalia\/wp-content\/uploads\/usu1612\/2019\/02\/prova-mates-2019.pdf\">Proves 2018\/19<\/a><\/td>\n<td style=\"width: 16.6667%; text-align: center;\"><a href=\"https:\/\/drive.google.com\/file\/d\/1MtIcKjPt0EXNM6LdpJw9loSHa7yyleWi\/view?usp=sharing\">Proves 2019\/20<\/a><\/td>\n<td style=\"width: 16.6667%; text-align: center;\"><\/td>\n<\/tr>\n<\/tbody>\n<\/table>\n<p>&nbsp;<\/p>\n<div><\/div>\n<div><\/div>\n","protected":false},"excerpt":{"rendered":"<p>Decidim treballar les matem\u00e0tiques sempre de forma competencial, \u00e9s a dir, donant molta import\u00e0ncia no nom\u00e9s als continguts sin\u00f3 a la millora de les habilitats matem\u00e0tiques dels nostres alumnes. Hi ha compet\u00e8ncies en tots els \u00e0mbits, algunes d&#8217;elles incl\u00fas s\u00f3n treballades de forma compartida entre&hellip;  <a href=\"https:\/\/agora.xtec.cat\/ies-santa-eulalia\/linstitut\/departaments\/departament-de-matematiques\/competencia-matematica\/\" title=\"Read Compet\u00e8ncia Matem\u00e0tica\">Llegeix m\u00e9s\u00bb<\/a><\/p>\n","protected":false},"author":1,"featured_media":0,"parent":541,"menu_order":0,"comment_status":"closed","ping_status":"closed","template":"page-templates\/side-menu.php","meta":{"_bbp_topic_count":0,"_bbp_reply_count":0,"_bbp_total_topic_count":0,"_bbp_total_reply_count":0,"_bbp_voice_count":0,"_bbp_anonymous_reply_count":0,"_bbp_topic_count_hidden":0,"_bbp_reply_count_hidden":0,"_bbp_forum_subforum_count":0,"footnotes":""},"class_list":["post-4156","page","type-page","status-publish","hentry"],"post_mailing_queue_ids":[],"_links":{"self":[{"href":"https:\/\/agora.xtec.cat\/ies-santa-eulalia\/wp-json\/wp\/v2\/pages\/4156","targetHints":{"allow":["GET"]}}],"collection":[{"href":"https:\/\/agora.xtec.cat\/ies-santa-eulalia\/wp-json\/wp\/v2\/pages"}],"about":[{"href":"https:\/\/agora.xtec.cat\/ies-santa-eulalia\/wp-json\/wp\/v2\/types\/page"}],"author":[{"embeddable":true,"href":"https:\/\/agora.xtec.cat\/ies-santa-eulalia\/wp-json\/wp\/v2\/users\/1"}],"replies":[{"embeddable":true,"href":"https:\/\/agora.xtec.cat\/ies-santa-eulalia\/wp-json\/wp\/v2\/comments?post=4156"}],"version-history":[{"count":4,"href":"https:\/\/agora.xtec.cat\/ies-santa-eulalia\/wp-json\/wp\/v2\/pages\/4156\/revisions"}],"predecessor-version":[{"id":6321,"href":"https:\/\/agora.xtec.cat\/ies-santa-eulalia\/wp-json\/wp\/v2\/pages\/4156\/revisions\/6321"}],"up":[{"embeddable":true,"href":"https:\/\/agora.xtec.cat\/ies-santa-eulalia\/wp-json\/wp\/v2\/pages\/541"}],"wp:attachment":[{"href":"https:\/\/agora.xtec.cat\/ies-santa-eulalia\/wp-json\/wp\/v2\/media?parent=4156"}],"curies":[{"name":"wp","href":"https:\/\/api.w.org\/{rel}","templated":true}]}}