{"id":2748,"date":"2018-09-25T17:43:54","date_gmt":"2018-09-25T15:43:54","guid":{"rendered":"http:\/\/agora.xtec.cat\/ies-santa-eulalia\/?page_id=2748"},"modified":"2025-10-03T08:38:51","modified_gmt":"2025-10-03T06:38:51","slug":"protocol-vagues-alumnes","status":"publish","type":"page","link":"https:\/\/agora.xtec.cat\/ies-santa-eulalia\/com-treballem\/normes-dorganitzacio-i-funcionament\/protocol-vagues-alumnes\/","title":{"rendered":"Protocol vagues alumnes"},"content":{"rendered":"\n<p>Respecte a la convocat\u00f2ria de vaga per part de l\u2019alumnat i en base a l\u2019article 24.2 del Decret 102\/210, de 3 d\u2019agost, d\u2019autonomia dels centres educatius, l\u2019Institut Santa Eul\u00e0lia estableix les seg\u00fcents normes de funcionament:<\/p>\n\n\n\n<p>\u25cf Els alumnes de 1r i 2n d\u2019ESO no tenen dret a vaga per normativa.<\/p>\n\n\n\n<p>\u25cf Els alumnes de 3r , 4rt i Batxillerat, tot i no tenir reconegut el Dret a vaga, poden acollir- se al seu dret de \u201cmanca d\u2019assist\u00e8ncia col\u00b7lectiva\u201d sempre i quan es compleixin els seg\u00fcents<br>requisits:<\/p>\n\n\n\n<p>\u27a2 Reuni\u00f3 pr\u00e8via de delegats i delegades per acordar la decisi\u00f3 d\u2019adhesi\u00f3 a la convocat\u00f2ria<br>\u27a2 Comunicaci\u00f3 d\u2019aquesta decisi\u00f3 a l\u2019equip Directiu del centre amb una antelaci\u00f3 de no menys de quatre dies a la data de convocat\u00f2ria.<br>\u27a2 Des de l\u2019equip directiu es demanar\u00e0 a les fam\u00edles dels alumnes que hagin manifestat la seva intenci\u00f3 de fer vaga una autoritzaci\u00f3 via dinantia.<\/p>\n\n\n\n<p>Aquesta autoritzaci\u00f3 \u00e9s imprescindible perqu\u00e8 l\u2019alumne\/a pugui fer vaga.<br><br>L\u2019incompliment de qualsevol d\u2019aquests requisits far\u00e0 que l\u2019abs\u00e8ncia a classe es<br>consideri falta injustificada.<br>\u25cf Durant la jornada de vaga de l\u2019alumnat, el professorat romandr\u00e0 en el centre durant les<br>seves hores de feina habituals, mantenint la seva tasca d\u2019atenci\u00f3 a l\u2019alumnat, podent avan\u00e7ar mat\u00e8ria i realitzant les activitats programades. De la mateixa manera, es far\u00e0 el control de faltes d\u2019assist\u00e8ncia habitual.<br>\u25cf Durant la jornada de vaga, l\u2019alumnat no podr\u00e0 entrar o sortir del centre fora dels per\u00edodes<br>establerts per fer-ho.<br>\u25cf El centre no es responsabilitza de cap circumst\u00e0ncia que pugui afectar a l\u2019alumnat durant la jornada de vaga, en cas de no assistir al centre.<\/p>\n","protected":false},"excerpt":{"rendered":"<p>Respecte a la convocat\u00f2ria de vaga per part de l\u2019alumnat i en base a l\u2019article 24.2 del Decret 102\/210, de 3 d\u2019agost, d\u2019autonomia dels centres educatius, l\u2019Institut Santa Eul\u00e0lia estableix les seg\u00fcents normes de funcionament:<\/p>\n<p>\u25cf Els alumnes de 1r i 2n d\u2019ESO no tenen dret&hellip;  <a href=\"https:\/\/agora.xtec.cat\/ies-santa-eulalia\/com-treballem\/normes-dorganitzacio-i-funcionament\/protocol-vagues-alumnes\/\" title=\"Read Protocol vagues alumnes\">Llegeix m\u00e9s\u00bb<\/a><\/p>\n","protected":false},"author":1,"featured_media":0,"parent":49,"menu_order":0,"comment_status":"closed","ping_status":"closed","template":"page-templates\/side-menu.php","meta":{"_bbp_topic_count":0,"_bbp_reply_count":0,"_bbp_total_topic_count":0,"_bbp_total_reply_count":0,"_bbp_voice_count":0,"_bbp_anonymous_reply_count":0,"_bbp_topic_count_hidden":0,"_bbp_reply_count_hidden":0,"_bbp_forum_subforum_count":0,"footnotes":""},"class_list":["post-2748","page","type-page","status-publish","hentry"],"post_mailing_queue_ids":[],"_links":{"self":[{"href":"https:\/\/agora.xtec.cat\/ies-santa-eulalia\/wp-json\/wp\/v2\/pages\/2748","targetHints":{"allow":["GET"]}}],"collection":[{"href":"https:\/\/agora.xtec.cat\/ies-santa-eulalia\/wp-json\/wp\/v2\/pages"}],"about":[{"href":"https:\/\/agora.xtec.cat\/ies-santa-eulalia\/wp-json\/wp\/v2\/types\/page"}],"author":[{"embeddable":true,"href":"https:\/\/agora.xtec.cat\/ies-santa-eulalia\/wp-json\/wp\/v2\/users\/1"}],"replies":[{"embeddable":true,"href":"https:\/\/agora.xtec.cat\/ies-santa-eulalia\/wp-json\/wp\/v2\/comments?post=2748"}],"version-history":[{"count":5,"href":"https:\/\/agora.xtec.cat\/ies-santa-eulalia\/wp-json\/wp\/v2\/pages\/2748\/revisions"}],"predecessor-version":[{"id":13096,"href":"https:\/\/agora.xtec.cat\/ies-santa-eulalia\/wp-json\/wp\/v2\/pages\/2748\/revisions\/13096"}],"up":[{"embeddable":true,"href":"https:\/\/agora.xtec.cat\/ies-santa-eulalia\/wp-json\/wp\/v2\/pages\/49"}],"wp:attachment":[{"href":"https:\/\/agora.xtec.cat\/ies-santa-eulalia\/wp-json\/wp\/v2\/media?parent=2748"}],"curies":[{"name":"wp","href":"https:\/\/api.w.org\/{rel}","templated":true}]}}