{"id":10852,"date":"2020-12-15T13:13:55","date_gmt":"2020-12-15T12:13:55","guid":{"rendered":"https:\/\/agora.xtec.cat\/ies-rbiv-cambrils\/?page_id=10852"},"modified":"2024-02-21T10:01:52","modified_gmt":"2024-02-21T09:01:52","slug":"assessorament-2","status":"publish","type":"page","link":"https:\/\/agora.xtec.cat\/ies-rbiv-cambrils\/serveis\/servei-dassessorament-i-reconeixement-dfp\/assessorament-2\/","title":{"rendered":"Servei d&#8217;assessorament"},"content":{"rendered":"<h3>\u00a0\u00a0\u00a0 <a href=\"http:\/\/agora.xtec.cat\/ies-rbiv-cambrils\/wp-content\/uploads\/usu79\/2017\/09\/assessorament.jpg\"><img loading=\"lazy\" decoding=\"async\" class=\"size-full wp-image-4013 alignleft\" src=\"http:\/\/agora.xtec.cat\/ies-rbiv-cambrils\/wp-content\/uploads\/usu79\/2017\/09\/assessorament.jpg\" alt=\"\" width=\"84\" height=\"84\" \/><\/a><\/h3>\n<h3>SERVEI D\u2019ASSESSORAMENT<\/h3>\n<p>&nbsp;<\/p>\n<h4><strong>INFORMACI\u00d3 GENERAL <\/strong><\/h4>\n<p style=\"text-align: justify;\">\u00c9s un servei que presta el centre educatiu de forma individual, a sol\u2022licitud de la persona interessada.<\/p>\n<p style=\"text-align: justify;\">S\u2019adre\u00e7a a les persones adultes interessades en obtenir una diagnosi de les seves possibilitats formatives i de promoci\u00f3 professional i con\u00e8ixer l\u2019itinerari formatiu m\u00e9s adequat per aconseguir l\u2019objectiu de qualificaci\u00f3 proposat.<\/p>\n<p style=\"text-align: justify;\">\u00c9s un servei personalitzat que ajuda a les persones a definir i assolir el seu objectiu professional mitjan\u00e7ant la identificaci\u00f3 de la formaci\u00f3 amb reconeixement acad\u00e8mic, l\u2019an\u00e0lisi de les possibilitats de recon\u00e8ixer acad\u00e8micament la seva experi\u00e8ncia laboral i la determinaci\u00f3 d\u2019un pla de treball per a aconseguir-ho.<\/p>\n<p><strong style=\"font-family: inherit; font-size: 1em;\">M\u2019OFEREIX<\/strong><\/p>\n<p style=\"text-align: justify;\">Disposar de forma individual d\u2019un assessor especialista en una fam\u00edlia professional que m\u2019ajudar\u00e0 a identificar les meves capacitats, interessos i el meu objectiu professional al llarg de diferents sessions de treball.<\/p>\n<p style=\"text-align: justify;\">Entendre les possibilitats que m\u2019ofereix el sistema de Formaci\u00f3 Professional i com puc beneficiar-me\u2019n.<\/p>\n<p style=\"text-align: justify;\">Saber si la meva experi\u00e8ncia laboral es pot recon\u00e8ixer acad\u00e8micament per continguts d\u2019un cicle formatiu, i qu\u00e8 he de fer per aconseguir-ho.<\/p>\n<p style=\"text-align: justify;\">Con\u00e8ixer si els cursos de formaci\u00f3 que he realitzat tenen reconeixement acad\u00e8mic i en quina mesura em poden ajudar a assolir un t\u00edtol de Formaci\u00f3 Professional.<\/p>\n<p style=\"text-align: justify;\">Assessorament per decidir l\u2019estrat\u00e8gia de formaci\u00f3 que millor s\u2019adapti als meus interessos, traject\u00f2ria professional i al temps de qu\u00e8 disposo.<\/p>\n<p style=\"text-align: justify;\">Disposar d\u2019un informe d\u2019assessorament amb un pla de treball personalitzat amb les indicacions sobre les actuacions que he de fer, i informacions pr\u00e0ctiques per assolir un t\u00edtol de Formaci\u00f3 Professional.<\/p>\n<p style=\"text-align: justify;\">L\u2019informe d\u2019assessorament obtingut \u00e9s un requisit per presentar-se al servei de reconeixement de l\u2019experi\u00e8ncia laboral.<\/p>\n<p><strong>COST DEL SERVEI<\/strong><\/p>\n<p style=\"text-align: justify;\">Preu del Servei: t\u00e9 un cost determinat pel preu p\u00fablic de 60,00 \u20ac<\/p>\n<ul style=\"list-style-type: square; text-align: justify;\">\n<li><strong>Bonificacions i exempcions del preu p\u00fablic.<\/strong><\/li>\n<\/ul>\n<p style=\"text-align: justify;\">Seran aplicables, amb la justificaci\u00f3 documental pr\u00e8via, les exempcions i bonificacions seg\u00fcents:<\/p>\n<ul style=\"list-style-type: square; text-align: justify;\">\n<li><strong>Bonificaci\u00f3 <\/strong><\/li>\n<\/ul>\n<ol style=\"text-align: justify;\">\n<li>Les persones membres de fam\u00edlies nombroses classificades en la de categoria general i les persones membres de fam\u00edlies monoparentals, tenen una bonificaci\u00f3 del 50% dels imports dels preus p\u00fablics, sense que ambdues bonificacions siguin acumulables.<\/li>\n<\/ol>\n<ul style=\"list-style-type: square; text-align: justify;\">\n<li><strong>Exempci\u00f3<\/strong><\/li>\n<\/ul>\n<p style=\"text-align: justify;\">a) Les persones membres de fam\u00edlies nombroses de categoria especial.<\/p>\n<p style=\"text-align: justify;\">b) Les persones que posseeixin la declaraci\u00f3 legal de minusv\u00e0lua en un grau igual o superior al 33%.<\/p>\n<p style=\"text-align: justify;\">c) Les persones subjectes a mesures privatives de llibertat.<\/p>\n<p style=\"text-align: justify;\">d) Les v\u00edctimes d\u2019actes terroristes, els seus c\u00f2njuges i els seus fills.<\/p>\n<p><strong>CRITERIS D\u2019ADMISSI\u00d3: <\/strong><\/p>\n<p style=\"text-align: justify;\">Si el nombre de sol\u00b7licituds \u00e9s superior al nombre de places, s\u2019aplicaran successivament els seg\u00fcents criteris:<\/p>\n<p style=\"text-align: justify;\">a) Haver fet la fase d\u2019orientaci\u00f3 i assessorament o la fase d\u2019orientaci\u00f3, en qualsevol convocat\u00f2ria del proc\u00e9s per a l\u2019acreditaci\u00f3 de les compet\u00e8ncies professionals; en cas d\u2019empat es prioritzar\u00e0 la major edat.<\/p>\n<p style=\"text-align: justify;\">b) El major temps de desenvolupament d\u2019experi\u00e8ncia laboral o en activitats socials relacionades amb el cicle formatiu.<\/p>\n<p style=\"text-align: justify;\">c) Un cop aplicats els criteris precedents, si resten persones sense pla\u00e7a, se les podr\u00e0 reassignar a altres centres p\u00fablics o b\u00e9 tindran acc\u00e9s preferent per ser admeses en el mateix centre i cicle formatiu, en el curs acad\u00e8mic seg\u00fcent.<\/p>\n<p><b>CONVOCAT\u00d2RIA SERVEI ASSESSORAMENT CURS 2023-2024<\/b><\/p>\n<ul>\n<li style=\"font-weight: 400;\"><b>Oferta. <\/b>S<b>\u2019<\/b><span style=\"font-weight: 400;\">ofereix 10 places pel servei d\u2019Assessorament, les quals es distribueixen de la seg\u00fcent manera:<\/span><\/li>\n<\/ul>\n<ul>\n<li style=\"list-style-type: none;\">\n<ul>\n<li style=\"font-weight: 400;\"><span style=\"font-weight: 400;\">CFGM Gesti\u00f3 Administrativa: 5 places<\/span><\/li>\n<li style=\"font-weight: 400;\"><span style=\"font-weight: 400;\">CFGS Administraci\u00f3 i Finances: 5 places<\/span><\/li>\n<\/ul>\n<\/li>\n<\/ul>\n<ul>\n<li style=\"font-weight: 400;\"><b>Calendari (pendent de publicar)<\/b><\/li>\n<li><b>Models de sol\u00b7licituds:<\/b><\/li>\n<\/ul>\n<ul>\n<li style=\"list-style-type: none;\">\n<ul style=\"list-style-type: circle;\">\n<li><span style=\"font-weight: 400;\"><a href=\"https:\/\/drive.google.com\/file\/d\/1Ir0gfHL1_RBwMWPO-AfIoU6ObcoW8qAY\/view?usp=sharing\">Model de sol\u00b7licitud d\u2019assessorament d\u2019aprenentatges.<\/a>\u00a0<\/span><\/li>\n<li><span style=\"font-weight: 400;\"><a href=\"https:\/\/drive.google.com\/file\/d\/1kXcgXDBuXHQunr5CASLH9WeSmUnMUKW8\/view?usp=sharing\">Model d\u2019inscripci\u00f3 d\u2019assessorament d\u2019aprenentatges.<\/a><\/span><\/li>\n<\/ul>\n<\/li>\n<\/ul>\n<h3>CARTA DE COMPROM\u00cdS DE QUALITAT DELS SERVEIS<\/h3>\n<p><a href=\"http:\/\/agora.xtec.cat\/ies-rbiv-cambrils\/wp-content\/uploads\/usu79\/2017\/09\/Carta-de-Comprom\u00eds.pdf\">Carta de Comprom\u00eds<br \/>\n<\/a><\/p>\n<h3>RECLAMACI\u00d3 A LA LLISTA PROVISIONAL D&#8217;ADMESOS<\/h3>\n<p><a href=\"https:\/\/drive.google.com\/file\/d\/1SunCEDOZnV7QO0VONCRLNq5gzdLzQgPR\/view?usp=sharing\">Model de reclamaci\u00f3 llista provisional admesos<\/a><\/p>\n","protected":false},"excerpt":{"rendered":"<p>\u00a0\u00a0\u00a0 <a href=\"http:\/\/agora.xtec.cat\/ies-rbiv-cambrils\/wp-content\/uploads\/usu79\/2017\/09\/assessorament.jpg\"><\/a><br \/>\nSERVEI D\u2019ASSESSORAMENT<br \/>\n&nbsp;<br \/>\nINFORMACI\u00d3 GENERAL<br \/>\n\u00c9s un servei que presta el centre educatiu de forma individual, a sol\u2022licitud de la persona interessada.<br \/>\nS\u2019adre\u00e7a a les persones adultes interessades en obtenir una diagnosi de les seves possibilitats formatives i de promoci\u00f3 professional i con\u00e8ixer l\u2019itinerari formatiu m\u00e9s&hellip;  <a href=\"https:\/\/agora.xtec.cat\/ies-rbiv-cambrils\/serveis\/servei-dassessorament-i-reconeixement-dfp\/assessorament-2\/\" title=\"Read Servei d&#8217;assessorament\">Llegeix m\u00e9s\u00bb<\/a><\/p>\n","protected":false},"author":337,"featured_media":0,"parent":4007,"menu_order":0,"comment_status":"closed","ping_status":"closed","template":"page-templates\/side-menu.php","meta":{"_bbp_topic_count":0,"_bbp_reply_count":0,"_bbp_total_topic_count":0,"_bbp_total_reply_count":0,"_bbp_voice_count":0,"_bbp_anonymous_reply_count":0,"_bbp_topic_count_hidden":0,"_bbp_reply_count_hidden":0,"_bbp_forum_subforum_count":0,"footnotes":""},"class_list":["post-10852","page","type-page","status-publish","hentry"],"post_mailing_queue_ids":[],"_links":{"self":[{"href":"https:\/\/agora.xtec.cat\/ies-rbiv-cambrils\/wp-json\/wp\/v2\/pages\/10852","targetHints":{"allow":["GET"]}}],"collection":[{"href":"https:\/\/agora.xtec.cat\/ies-rbiv-cambrils\/wp-json\/wp\/v2\/pages"}],"about":[{"href":"https:\/\/agora.xtec.cat\/ies-rbiv-cambrils\/wp-json\/wp\/v2\/types\/page"}],"author":[{"embeddable":true,"href":"https:\/\/agora.xtec.cat\/ies-rbiv-cambrils\/wp-json\/wp\/v2\/users\/337"}],"replies":[{"embeddable":true,"href":"https:\/\/agora.xtec.cat\/ies-rbiv-cambrils\/wp-json\/wp\/v2\/comments?post=10852"}],"version-history":[{"count":4,"href":"https:\/\/agora.xtec.cat\/ies-rbiv-cambrils\/wp-json\/wp\/v2\/pages\/10852\/revisions"}],"predecessor-version":[{"id":13997,"href":"https:\/\/agora.xtec.cat\/ies-rbiv-cambrils\/wp-json\/wp\/v2\/pages\/10852\/revisions\/13997"}],"up":[{"embeddable":true,"href":"https:\/\/agora.xtec.cat\/ies-rbiv-cambrils\/wp-json\/wp\/v2\/pages\/4007"}],"wp:attachment":[{"href":"https:\/\/agora.xtec.cat\/ies-rbiv-cambrils\/wp-json\/wp\/v2\/media?parent=10852"}],"curies":[{"name":"wp","href":"https:\/\/api.w.org\/{rel}","templated":true}]}}