{"id":12761,"date":"2023-11-27T12:27:01","date_gmt":"2023-11-27T11:27:01","guid":{"rendered":"https:\/\/agora.xtec.cat\/ies-ramonbarbat-vilaseca\/?page_id=12761"},"modified":"2026-03-24T14:33:01","modified_gmt":"2026-03-24T13:33:01","slug":"cfgs-cmd0-marqueting-i-publicitat-nou","status":"publish","type":"page","link":"https:\/\/agora.xtec.cat\/ies-ramonbarbat-vilaseca\/estudis\/cicles\/cfgs-cmd0-marqueting-i-publicitat-nou\/","title":{"rendered":"CFGS (CMD0) M\u00e0rqueting i publicitat"},"content":{"rendered":"<h4>M\u00e0rqueting i Publicitat (<b>CFGS CMD0)<\/b><\/h4>\n<p><b>Descripci\u00f3<\/b><span style=\"font-weight: 400;\"><br \/>\n<\/span><span style=\"font-weight: 400;\">El Cicle Formatiu de Grau Superior de M\u00e0rqueting i Publicitat proporciona el t\u00edtol de <\/span><b>T\u00e8cnic Superior en M\u00e0rqueting i Publicitat<\/b><span style=\"font-weight: 400;\">. <\/span><span style=\"font-weight: 400;\">Aquests estudis capaciten per definir i efectuar el seguiment de les pol\u00edtiques de m\u00e0rqueting basades en estudis comercials i a promocionar i fer publicitat dels productes i\/o serveis en els mitjans i suports de comunicaci\u00f3 adequats, elaborant els materials publicitaris i promocionals i necessaris. <\/span><span style=\"font-weight: 400;\">La durada \u00e9s de 2.000 hores (1.485 en un centre educatiu i 515 en un centre de treball) distribu\u00efdes en dos cursos acad\u00e8mics si no es fa la modalitat dual.<\/span><\/p>\n<p><b>Continguts<\/b><\/p>\n<ul>\n<li style=\"font-weight: 400;\" aria-level=\"1\"><span style=\"font-weight: 400;\">Atenci\u00f3 al client, consumidor i usuari<\/span><\/li>\n<li style=\"font-weight: 400;\" aria-level=\"1\"><span style=\"font-weight: 400;\">Gesti\u00f3 econ\u00f2mica i financera de l\u2019empresa<\/span><\/li>\n<li style=\"font-weight: 400;\" aria-level=\"1\"><span style=\"font-weight: 400;\">Investigaci\u00f3 comercial<\/span><\/li>\n<li style=\"font-weight: 400;\" aria-level=\"1\"><span style=\"font-weight: 400;\">Treball de camp en la investigaci\u00f3 comercial<\/span><\/li>\n<li style=\"font-weight: 400;\" aria-level=\"1\"><span style=\"font-weight: 400;\">Llan\u00e7ament de productes i serveis<\/span><\/li>\n<li style=\"font-weight: 400;\" aria-level=\"1\"><span style=\"font-weight: 400;\">M\u00e0rqueting digital<\/span><\/li>\n<li style=\"font-weight: 400;\" aria-level=\"1\"><span style=\"font-weight: 400;\">Mitjans i suports de comunicaci\u00f3<\/span><\/li>\n<li style=\"font-weight: 400;\" aria-level=\"1\"><span style=\"font-weight: 400;\">Pol\u00edtiques de m\u00e0rqueting<\/span><\/li>\n<li style=\"font-weight: 400;\" aria-level=\"1\"><span style=\"font-weight: 400;\">Relacions p\u00fabliques i organitzaci\u00f3 d\u2019esdeveniments de m\u00e0rqueting<\/span><\/li>\n<li style=\"font-weight: 400;\" aria-level=\"1\"><span style=\"font-weight: 400;\">Angl\u00e8s professional<\/span><\/li>\n<li style=\"font-weight: 400;\" aria-level=\"1\"><span style=\"font-weight: 400;\">Catal\u00e0 professional<\/span><\/li>\n<li style=\"font-weight: 400;\" aria-level=\"1\"><span style=\"font-weight: 400;\">Digitalitzaci\u00f3 aplicada als sectors productius<\/span><\/li>\n<li style=\"font-weight: 400;\" aria-level=\"1\"><span style=\"font-weight: 400;\">Itinerari personal per a l\u2019ocupabilitat I<\/span><\/li>\n<li style=\"font-weight: 400;\" aria-level=\"1\"><span style=\"font-weight: 400;\">Itinerari personal per a l\u2019ocupabilitat II<\/span><\/li>\n<li style=\"font-weight: 400;\" aria-level=\"1\"><span style=\"font-weight: 400;\">Projecte intermodular<\/span><\/li>\n<li style=\"font-weight: 400;\" aria-level=\"1\"><span style=\"font-weight: 400;\">Disseny I elaboraci\u00f3 de material de comunicaci\u00f3<\/span><\/li>\n<li style=\"font-weight: 400;\" aria-level=\"1\"><span style=\"font-weight: 400;\">Sostenibilitat aplicada al sistema productiu<\/span><\/li>\n<li style=\"font-weight: 400;\" aria-level=\"1\"><span style=\"font-weight: 400;\">M\u00f2dul professional optatiu<\/span><\/li>\n<\/ul>\n<p><b>Acc\u00e9s<\/b><\/p>\n<p><span style=\"font-weight: 400;\">Tenen acc\u00e9s directe al cicle les persones que compleixen algun dels requisits seg\u00fcents:<\/span><span style=\"font-weight: 400;\"><br \/>\n<\/span><\/p>\n<ul>\n<li style=\"font-weight: 400;\" aria-level=\"1\"><span style=\"font-weight: 400;\">tenir el t\u00edtol de batxillerat, tenir el t\u00edtol de t\u00e8cnic de formaci\u00f3 professional o d\u2019arts pl\u00e0stiques i disseny, t\u00e8cnic superior de formaci\u00f3 professional o d\u2019arts pl\u00e0stiques i disseny o t\u00e8cnic especialista,<\/span><\/li>\n<li style=\"font-weight: 400;\" aria-level=\"1\"><span style=\"font-weight: 400;\">haver superat el segon curs de batxillerat de qualsevol modalitat de batxillerat experimental,<\/span><\/li>\n<li style=\"font-weight: 400;\" aria-level=\"1\"><span style=\"font-weight: 400;\">haver superat el curs d\u2019orientaci\u00f3 universit\u00e0ria (COU) o el preuniversitari,<\/span><\/li>\n<li style=\"font-weight: 400;\" aria-level=\"1\"><span style=\"font-weight: 400;\">tenir el t\u00edtol de batxillerat per haver cursat el batxillerat unificat polivalent (BUP),<\/span><\/li>\n<li style=\"font-weight: 400;\" aria-level=\"1\"><span style=\"font-weight: 400;\">tenir qualsevol titulaci\u00f3 universit\u00e0ria o una d\u2019equivalent, o haver superat la prova d\u2019acc\u00e9s a la universitat per a m\u00e9s grans de 25 anys o de 45 anys, o haver accedit a la universitat per haver acreditat experi\u00e8ncia laboral o professional tenint complerts 40 anys.<\/span><span style=\"font-weight: 400;\"><br \/>\n<\/span><span style=\"font-weight: 400;\">Les persones que no compleixen cap dels requisits esmentats han de superar una prova d\u2019acc\u00e9s. Per presentar-s\u2019hi cal tenir complerts 19 anys o b\u00e9 complir-los durant l\u2019any natural en qu\u00e8 es du a terme la prova.<\/span><\/li>\n<\/ul>\n<p><b>Tr\u00e0mits<\/b><span style=\"font-weight: 400;\"><br \/>\n<\/span><\/p>\n<p><span style=\"font-weight: 400;\">Per cursar el cicle cal formalitzar la sol\u00b7licitud i presentar-la al centre per a l\u2019ensenyament demanat en primer lloc.<\/span><span style=\"font-weight: 400;\"><br \/>\n<\/span><span style=\"font-weight: 400;\">Quan el nombre de sol\u00b7licituds \u00e9s superior a l\u2019oferta, les peticions s\u2019ordenen, dins de cada via d\u2019acc\u00e9s i d\u2019acord amb les prioritats que pertoqui, segons la qualificaci\u00f3 mitjana dels estudis o la qualificaci\u00f3 de la prova que permet l\u2019acc\u00e9s al cicle.<\/span><span style=\"font-weight: 400;\"><br \/>\n<\/span><span style=\"font-weight: 400;\">Els imports de la matr\u00edcula per als centres dependents del Departament d\u2019Educaci\u00f3 s\u00f3n:<\/span><span style=\"font-weight: 400;\"><br \/>\n<\/span><\/p>\n<ul>\n<li><span style=\"font-weight: 400;\">per curs: 360 euros<\/span><\/li>\n<li><span style=\"font-weight: 400;\">per unitat formativa: 25 euros<\/span><\/li>\n<li><span style=\"font-weight: 400;\">per m\u00f2dul de formaci\u00f3 en centres de treball (FCT): 25 euros<\/span><\/li>\n<\/ul>\n<p><span style=\"font-weight: 400;\">Consulteu els sup\u00f2sits d\u2019exempcions i bonificacions generals i espec\u00edfiques a l\u2019apartat de preus p\u00fablics.<\/span><span style=\"font-weight: 400;\"><br \/>\n<\/span><span style=\"font-weight: 400;\">Per a la resta de centres, consulteu l\u2019import en el centre corresponent.<\/span><span style=\"font-weight: 400;\"><br \/>\n<\/span><span style=\"font-weight: 400;\">Trobareu m\u00e9s informaci\u00f3 al web preinscripcio.gencat.cat.<\/span><\/p>\n<p><b>Continu\u00eftat<\/b><\/p>\n<p><b><\/b><b>Sortides acad\u00e8miques<\/b><\/p>\n<p><span style=\"font-weight: 400;\">Amb aquests estudis s\u2019obt\u00e9 el t\u00edtol de t\u00e8cnic superior o t\u00e8cnica superior, que permet accedir a qualsevol estudi universitari oficial de grau. Les persones que s\u2019han graduat en un cicle formatiu de grau superior poden obtenir la convalidaci\u00f3 de cr\u00e8dits universitaris ECTS.<\/span><span style=\"font-weight: 400;\"><br \/>\n<\/span><\/p>\n<p><span style=\"font-weight: 400;\">Per a m\u00e9s informaci\u00f3, consulteu el <a href=\"https:\/\/universitats.gencat.cat\/ca\/inici\/index.html\" target=\"_blank\" rel=\"noopener\">Canal Universitats<\/a>.<\/span><\/p>\n<p><b style=\"font-family: inherit; font-size: 1em;\">Sortides professionals<\/b><\/p>\n<p><span style=\"font-weight: 400;\">La superaci\u00f3 d\u2019aquest cicle formatiu permet accedir al m\u00f3n laboral com a:<\/span><\/p>\n<ul>\n<li style=\"font-weight: 400;\" aria-level=\"1\"><span style=\"font-weight: 400;\">assistent o assistenta del cap de producte;<\/span><\/li>\n<li style=\"font-weight: 400;\" aria-level=\"1\"><span style=\"font-weight: 400;\">t\u00e8cnic o t\u00e8cnica de m\u00e0rqueting;<\/span><\/li>\n<li style=\"font-weight: 400;\" aria-level=\"1\"><span style=\"font-weight: 400;\">t\u00e8cnic o t\u00e8cnica en publicitat;<\/span><\/li>\n<li style=\"font-weight: 400;\" aria-level=\"1\"><span style=\"font-weight: 400;\">t\u00e8cnic o t\u00e8cnica en relacions p\u00fabliques; organitzador o organitzadora d\u2019esdeveniments de m\u00e0rqueting i comunicaci\u00f3;<\/span><\/li>\n<li style=\"font-weight: 400;\" aria-level=\"1\"><span style=\"font-weight: 400;\">auxiliar de mitjans en empreses de publicitat; controlador o controladora d\u2019emissi\u00f3 en mitjans de comunicaci\u00f3;<\/span><\/li>\n<li style=\"font-weight: 400;\" aria-level=\"1\"><span style=\"font-weight: 400;\">t\u00e8cnic o t\u00e8cnica en estudis de mercat i opini\u00f3 p\u00fablica;<\/span><\/li>\n<li style=\"font-weight: 400;\" aria-level=\"1\"><span style=\"font-weight: 400;\">t\u00e8cnic o t\u00e8cnica en treballs de camp;<\/span><\/li>\n<li style=\"font-weight: 400;\" aria-level=\"1\"><span style=\"font-weight: 400;\">inspector o inspectora d\u2019enquestadors;<\/span><\/li>\n<li style=\"font-weight: 400;\" aria-level=\"1\"><span style=\"font-weight: 400;\">agent d\u2019enquestes i censos; codificador o codificadora de dades per a investigacions de mercats;<\/span><\/li>\n<li style=\"font-weight: 400;\" aria-level=\"1\"><span style=\"font-weight: 400;\">responsable de promocions punt de venda;<\/span><\/li>\n<li style=\"font-weight: 400;\" aria-level=\"1\"><span style=\"font-weight: 400;\">especialista en implantaci\u00f3 d\u2019espais comercials.<\/span><\/li>\n<\/ul>\n<p><a href=\"https:\/\/xtec.gencat.cat\/ca\/curriculum\/professionals\/fp\/normativa\/\"><span style=\"font-weight: 400;\">Normativa<\/span><\/a><\/p>\n<p><a href=\"https:\/\/drive.google.com\/file\/d\/1SxN_BJ_xucwG-Fi1_mpwitgtvN74vgZb\/view?usp=sharing\" target=\"_blank\" rel=\"noopener\">Dossier inici de curs<\/a><\/p>\n<p><a href=\"https:\/\/drive.google.com\/file\/d\/17O_eIZxK4xnFH1ByxvdyProX1lEl0egt\/view?usp=sharing\" target=\"_blank\" rel=\"noopener\">Fitxa de l&#8217;estudi<\/a><\/p>\n<p>&nbsp;<\/p>\n<table style=\"border-collapse: collapse; width: 100%;\">\n<tbody>\n<tr>\n<td style=\"width: 50%;\"><a href=\"https:\/\/agora.xtec.cat\/ies-ramonbarbat-vilaseca\/estudis\/cicles\/cfgs-cmd0-marqueting-i-publicitat-nou\/attachment\/captura-de-pantalla-2026-03-24-142848\/\" rel=\"attachment wp-att-16639\"><img loading=\"lazy\" decoding=\"async\" class=\"alignnone size-full wp-image-16639\" src=\"https:\/\/agora.xtec.cat\/ies-ramonbarbat-vilaseca\/wp-content\/uploads\/usu1174\/2026\/03\/Captura-de-pantalla-2026-03-24-142848.png\" alt=\"\" width=\"973\" height=\"746\" srcset=\"https:\/\/agora.xtec.cat\/ies-ramonbarbat-vilaseca\/wp-content\/uploads\/usu1174\/2026\/03\/Captura-de-pantalla-2026-03-24-142848.png 973w, https:\/\/agora.xtec.cat\/ies-ramonbarbat-vilaseca\/wp-content\/uploads\/usu1174\/2026\/03\/Captura-de-pantalla-2026-03-24-142848-300x230.png 300w, https:\/\/agora.xtec.cat\/ies-ramonbarbat-vilaseca\/wp-content\/uploads\/usu1174\/2026\/03\/Captura-de-pantalla-2026-03-24-142848-768x589.png 768w\" sizes=\"auto, (max-width: 973px) 100vw, 973px\" \/><\/a><\/td>\n<td style=\"width: 50%;\"><a href=\"https:\/\/agora.xtec.cat\/ies-ramonbarbat-vilaseca\/estudis\/cicles\/cfgs-cmd0-marqueting-i-publicitat-nou\/attachment\/captura-de-pantalla-2026-03-24-142904\/\" rel=\"attachment wp-att-16640\"><img loading=\"lazy\" decoding=\"async\" class=\"alignnone size-full wp-image-16640\" src=\"https:\/\/agora.xtec.cat\/ies-ramonbarbat-vilaseca\/wp-content\/uploads\/usu1174\/2026\/03\/Captura-de-pantalla-2026-03-24-142904.png\" alt=\"\" width=\"977\" height=\"746\" srcset=\"https:\/\/agora.xtec.cat\/ies-ramonbarbat-vilaseca\/wp-content\/uploads\/usu1174\/2026\/03\/Captura-de-pantalla-2026-03-24-142904.png 977w, https:\/\/agora.xtec.cat\/ies-ramonbarbat-vilaseca\/wp-content\/uploads\/usu1174\/2026\/03\/Captura-de-pantalla-2026-03-24-142904-300x229.png 300w, https:\/\/agora.xtec.cat\/ies-ramonbarbat-vilaseca\/wp-content\/uploads\/usu1174\/2026\/03\/Captura-de-pantalla-2026-03-24-142904-768x586.png 768w\" sizes=\"auto, (max-width: 977px) 100vw, 977px\" \/><\/a><\/td>\n<\/tr>\n<\/tbody>\n<\/table>\n<p><span style=\"font-weight: 400;\">Possibilitat d\u2019allotjament a les resid\u00e8ncies del CET:<\/span><\/p>\n<p><a href=\"http:\/\/www.complexeducatiudetarragona.cat\/preus-publics\"><span style=\"font-weight: 400;\">http:\/\/www.complexeducatiudetarragona.cat\/preus-publics<\/span><\/a><\/p>\n<p><a href=\"http:\/\/agora.xtec.cat\/ies-ramonbarbat-vilaseca\/secretaria\/preinscripcio-i-matricula\/\"><span style=\"font-weight: 400;\">Preinscripci\u00f3 i matr\u00edcula<\/span><\/a><\/p>\n<p>&nbsp;<\/p>\n<table style=\"border-collapse: collapse; width: 100%;\">\n<tbody>\n<tr>\n<td style=\"width: 33.3333%;\"><a href=\"https:\/\/agora.xtec.cat\/ies-ramonbarbat-vilaseca\/estudis\/cicles\/activitats-comercials\/attachment\/baixa-4\/\" rel=\"attachment wp-att-14893\"><img loading=\"lazy\" decoding=\"async\" class=\"size-full wp-image-14893 aligncenter\" src=\"https:\/\/agora.xtec.cat\/ies-ramonbarbat-vilaseca\/wp-content\/uploads\/usu1174\/2025\/03\/baixa.png\" alt=\"\" width=\"527\" height=\"95\" srcset=\"https:\/\/agora.xtec.cat\/ies-ramonbarbat-vilaseca\/wp-content\/uploads\/usu1174\/2025\/03\/baixa.png 527w, https:\/\/agora.xtec.cat\/ies-ramonbarbat-vilaseca\/wp-content\/uploads\/usu1174\/2025\/03\/baixa-300x54.png 300w\" sizes=\"auto, (max-width: 527px) 100vw, 527px\" \/><\/a><\/td>\n<td style=\"width: 33.3333%;\"><a href=\"https:\/\/agora.xtec.cat\/ies-ramonbarbat-vilaseca\/estudis\/cicles\/activitats-comercials\/attachment\/fp-dual-4\/\" rel=\"attachment wp-att-14891\"><img loading=\"lazy\" decoding=\"async\" class=\"size-full wp-image-14891 aligncenter\" src=\"https:\/\/agora.xtec.cat\/ies-ramonbarbat-vilaseca\/wp-content\/uploads\/usu1174\/2025\/03\/FP-DUAL.png\" alt=\"\" width=\"307\" height=\"164\" srcset=\"https:\/\/agora.xtec.cat\/ies-ramonbarbat-vilaseca\/wp-content\/uploads\/usu1174\/2025\/03\/FP-DUAL.png 307w, https:\/\/agora.xtec.cat\/ies-ramonbarbat-vilaseca\/wp-content\/uploads\/usu1174\/2025\/03\/FP-DUAL-300x160.png 300w\" sizes=\"auto, (max-width: 307px) 100vw, 307px\" \/><\/a><\/td>\n<td style=\"width: 33.3333%;\"><a href=\"https:\/\/agora.xtec.cat\/ies-ramonbarbat-vilaseca\/estudis\/cicles\/cfgs-cmd0-marqueting-i-publicitat-nou\/attachment\/baixa-1-2\/\" rel=\"attachment wp-att-14895\"><img loading=\"lazy\" decoding=\"async\" class=\"size-full wp-image-14895 aligncenter\" src=\"https:\/\/agora.xtec.cat\/ies-ramonbarbat-vilaseca\/wp-content\/uploads\/usu1174\/2025\/03\/baixa-1.png\" alt=\"\" width=\"422\" height=\"119\" srcset=\"https:\/\/agora.xtec.cat\/ies-ramonbarbat-vilaseca\/wp-content\/uploads\/usu1174\/2025\/03\/baixa-1.png 422w, https:\/\/agora.xtec.cat\/ies-ramonbarbat-vilaseca\/wp-content\/uploads\/usu1174\/2025\/03\/baixa-1-300x85.png 300w\" sizes=\"auto, (max-width: 422px) 100vw, 422px\" \/><\/a><\/td>\n<\/tr>\n<\/tbody>\n<\/table>\n","protected":false},"excerpt":{"rendered":"<p>M\u00e0rqueting i Publicitat (CFGS CMD0) Descripci\u00f3 El Cicle Formatiu de Grau Superior de M\u00e0rqueting i Publicitat proporciona el t\u00edtol de T\u00e8cnic Superior en M\u00e0rqueting i Publicitat. Aquests estudis capaciten per definir i efectuar el seguiment de les pol\u00edtiques de m\u00e0rqueting basades en estudis comercials i a promocionar i fer publicitat dels productes i\/o serveis en [&hellip;]<\/p>\n","protected":false},"author":204,"featured_media":0,"parent":336,"menu_order":6,"comment_status":"closed","ping_status":"closed","template":"","meta":{"_bbp_topic_count":0,"_bbp_reply_count":0,"_bbp_total_topic_count":0,"_bbp_total_reply_count":0,"_bbp_voice_count":0,"_bbp_anonymous_reply_count":0,"_bbp_topic_count_hidden":0,"_bbp_reply_count_hidden":0,"_bbp_forum_subforum_count":0,"site-sidebar-layout":"default","site-content-layout":"","ast-site-content-layout":"default","site-content-style":"default","site-sidebar-style":"default","ast-global-header-display":"","ast-banner-title-visibility":"","ast-main-header-display":"","ast-hfb-above-header-display":"","ast-hfb-below-header-display":"","ast-hfb-mobile-header-display":"","site-post-title":"","ast-breadcrumbs-content":"","ast-featured-img":"","footer-sml-layout":"","theme-transparent-header-meta":"default","adv-header-id-meta":"","stick-header-meta":"","header-above-stick-meta":"","header-main-stick-meta":"","header-below-stick-meta":"","astra-migrate-meta-layouts":"set","ast-page-background-enabled":"default","ast-page-background-meta":{"desktop":{"background-color":"var(--ast-global-color-4)","background-image":"","background-repeat":"repeat","background-position":"center center","background-size":"auto","background-attachment":"scroll","background-type":"","background-media":"","overlay-type":"","overlay-color":"","overlay-opacity":"","overlay-gradient":""},"tablet":{"background-color":"","background-image":"","background-repeat":"repeat","background-position":"center center","background-size":"auto","background-attachment":"scroll","background-type":"","background-media":"","overlay-type":"","overlay-color":"","overlay-opacity":"","overlay-gradient":""},"mobile":{"background-color":"","background-image":"","background-repeat":"repeat","background-position":"center center","background-size":"auto","background-attachment":"scroll","background-type":"","background-media":"","overlay-type":"","overlay-color":"","overlay-opacity":"","overlay-gradient":""}},"ast-content-background-meta":{"desktop":{"background-color":"var(--ast-global-color-5)","background-image":"","background-repeat":"repeat","background-position":"center center","background-size":"auto","background-attachment":"scroll","background-type":"","background-media":"","overlay-type":"","overlay-color":"","overlay-opacity":"","overlay-gradient":""},"tablet":{"background-color":"var(--ast-global-color-5)","background-image":"","background-repeat":"repeat","background-position":"center center","background-size":"auto","background-attachment":"scroll","background-type":"","background-media":"","overlay-type":"","overlay-color":"","overlay-opacity":"","overlay-gradient":""},"mobile":{"background-color":"var(--ast-global-color-5)","background-image":"","background-repeat":"repeat","background-position":"center center","background-size":"auto","background-attachment":"scroll","background-type":"","background-media":"","overlay-type":"","overlay-color":"","overlay-opacity":"","overlay-gradient":""}},"footnotes":""},"class_list":["post-12761","page","type-page","status-publish","hentry"],"post_mailing_queue_ids":[],"_links":{"self":[{"href":"https:\/\/agora.xtec.cat\/ies-ramonbarbat-vilaseca\/wp-json\/wp\/v2\/pages\/12761","targetHints":{"allow":["GET"]}}],"collection":[{"href":"https:\/\/agora.xtec.cat\/ies-ramonbarbat-vilaseca\/wp-json\/wp\/v2\/pages"}],"about":[{"href":"https:\/\/agora.xtec.cat\/ies-ramonbarbat-vilaseca\/wp-json\/wp\/v2\/types\/page"}],"author":[{"embeddable":true,"href":"https:\/\/agora.xtec.cat\/ies-ramonbarbat-vilaseca\/wp-json\/wp\/v2\/users\/204"}],"replies":[{"embeddable":true,"href":"https:\/\/agora.xtec.cat\/ies-ramonbarbat-vilaseca\/wp-json\/wp\/v2\/comments?post=12761"}],"version-history":[{"count":7,"href":"https:\/\/agora.xtec.cat\/ies-ramonbarbat-vilaseca\/wp-json\/wp\/v2\/pages\/12761\/revisions"}],"predecessor-version":[{"id":16641,"href":"https:\/\/agora.xtec.cat\/ies-ramonbarbat-vilaseca\/wp-json\/wp\/v2\/pages\/12761\/revisions\/16641"}],"up":[{"embeddable":true,"href":"https:\/\/agora.xtec.cat\/ies-ramonbarbat-vilaseca\/wp-json\/wp\/v2\/pages\/336"}],"wp:attachment":[{"href":"https:\/\/agora.xtec.cat\/ies-ramonbarbat-vilaseca\/wp-json\/wp\/v2\/media?parent=12761"}],"curies":[{"name":"wp","href":"https:\/\/api.w.org\/{rel}","templated":true}]}}