{"id":12759,"date":"2023-11-27T12:25:58","date_gmt":"2023-11-27T11:25:58","guid":{"rendered":"https:\/\/agora.xtec.cat\/ies-ramonbarbat-vilaseca\/?page_id=12759"},"modified":"2025-03-11T12:00:49","modified_gmt":"2025-03-11T11:00:49","slug":"cfps-ima0-manteniment-dinstallacions-termiques-i-de-fluids","status":"publish","type":"page","link":"https:\/\/agora.xtec.cat\/ies-ramonbarbat-vilaseca\/estudis\/cicles\/cfps-ima0-manteniment-dinstallacions-termiques-i-de-fluids\/","title":{"rendered":"CFPS (IMA0) Manteniment d&#8217;instal\u00b7lacions t\u00e8rmiques i de fluids"},"content":{"rendered":"<p><strong>Descripci\u00f3<\/strong><br \/>\nAquests estudis post obligatoris capaciten per desenvolupar projectes i planificar el muntatge de les instal\u00b7lacions<br \/>\nt\u00e8rmiques i de fluids en edificis i processos industrials. La durada \u00e9s de 2.000 hores distribu\u00efdes en dos cursos<br \/>\nacad\u00e8mics.<br \/>\nAquest estudi substitueix el cicle Manteniment i Muntatge d&#8217;Instal\u00b7lacions d&#8217;Edifici i Proc\u00e9s (LOGSE).<\/p>\n<p><strong>Continguts<\/strong><br \/>\n\u2022 Sistemes El\u00e8ctrics i Autom\u00e0tics<br \/>\n\u2022 Equips i Instal\u00b7lacions T\u00e8rmiques<br \/>\n\u2022 Processos de Muntatge d&#8217;Instal\u00b7lacions<br \/>\n\u2022 Representaci\u00f3 Gr\u00e0fica d&#8217;Instal\u00b7lacions<br \/>\n\u2022 Energies Renovables i Efici\u00e8ncia Energ\u00e8tica<br \/>\n\u2022 Configuraci\u00f3 d&#8217;Instal\u00b7lacions T\u00e8rmiques i de Fluids<br \/>\n\u2022 Manteniment d&#8217;Instal\u00b7lacions Frigor\u00edfiques i de Climatitzaci\u00f3<br \/>\n\u2022 Manteniment d&#8217;Instal\u00b7lacions Calor\u00edfiques i de Fluids<br \/>\n\u2022 Gesti\u00f3 del Muntatge, de la Qualitat i del Manteniment<br \/>\n\u2022 Projecte de Manteniment d&#8217;Instal\u00b7lacions T\u00e8rmiques i de Fluids<br \/>\n\u2022 Formaci\u00f3 i Orientaci\u00f3 Laboral<br \/>\n\u2022 Empresa i Iniciativa Emprenedora<br \/>\n\u2022 Formaci\u00f3 en Centres de Treball<br \/>\nM\u00e9s informaci\u00f3 del curr\u00edculum a l&#8217;annex, apartat 5.3 &#8216;Descripci\u00f3 dels m\u00f2duls professionals i de les unitats<br \/>\nformatives&#8217;.<\/p>\n<p><strong>Acc\u00e9s<\/strong><br \/>\nTenen acc\u00e9s directe al cicle les persones que compleixen<br \/>\nalgun dels requisits seg\u00fcents:<br \/>\n\u2022 tenir el t\u00edtol de batxillerat, tenir el t\u00edtol de t\u00e8cnic de formaci\u00f3 professional o d\u2019arts<br \/>\npl\u00e0stiques i disseny, t\u00e8cnic superior de formaci\u00f3 professional o d&#8217;arts pl\u00e0stiques i disseny o t\u00e8cnic<br \/>\n\u2022 especialista, haver superat el segon curs de batxillerat de qualsevol modalitat de batxillerat experimental,<br \/>\n\u2022 haver superat el curs d&#8217;orientaci\u00f3 universit\u00e0ria (COU) o el<br \/>\npreuniversitari,<br \/>\n\u2022 tenir el t\u00edtol de batxillerat per haver cursat el batxillerat unificat polivalent (BUP),<br \/>\n\u2022 tenir qualsevol titulaci\u00f3 universit\u00e0ria o una d&#8217;equivalent, o haver superat la prova d&#8217;acc\u00e9s a la universitat per a m\u00e9s<br \/>\ngrans de 25 anys o de 45 anys, o haver accedit a la universitat per haver acreditat experi\u00e8ncia laboral o professional tenint complerts 40 anys.<br \/>\n\u2022 Les persones que no compleixen cap dels requisits esmentats han de superar una prova d&#8217;acc\u00e9s. Per presentar-s&#8217;hi cal tenir complerts 19 anys o b\u00e9 complir-los durant l&#8217;any natural en qu\u00e8 es fa la prova.<\/p>\n<p><strong>Tr\u00e0mits<\/strong><br \/>\nPer cursar el cicle cal formalitzar la sol\u00b7licitud i presentar-la al centre per a l&#8217;ensenyament demanat en primer lloc.<br \/>\nQuan el nombre de sol\u00b7licituds \u00e9s superior a l&#8217;oferta, les peticions s&#8217;ordenen, dins de cada via d&#8217;acc\u00e9s i d&#8217;acord amb<br \/>\nles prioritats que pertoqui, segons la qualificaci\u00f3 mitjana dels estudis o la qualificaci\u00f3 de la prova que permet l&#8217;acc\u00e9s<br \/>\nal cicle.<br \/>\nEls imports de la matr\u00edcula per als centres dependents del Departament d&#8217;Educaci\u00f3 s\u00f3n:<br \/>\n\u2022 per curs: 360 euros<br \/>\n\u2022 per unitat formativa: 25 euros per m\u00f2dul de formaci\u00f3 en centres de treball (FCT): 25 euros<\/p>\n<p>Consulteu els sup\u00f2sits d&#8217;exempcions i bonificacions generals i espec\u00edfiques a l&#8217;apartat de preus p\u00fablics.<br \/>\nPer a la resta de centres, consulteu l&#8217;import en el centre corresponent.<\/p>\n<p><b>Distribuci\u00f3 dels continguts del cicle IMA0 en\u00a0 m\u00f2duls. (2025-2026)<\/b><\/p>\n<table>\n<tbody>\n<tr>\n<td><span style=\"font-weight: 400;\">M\u00f2duls Professionals<\/span><\/td>\n<td><span style=\"font-weight: 400;\">Hores centre\u00a0<\/span><\/td>\n<td><span style=\"font-weight: 400;\">Hores empresa<\/span><\/td>\n<td><span style=\"font-weight: 400;\">Hores totals<\/span><\/td>\n<\/tr>\n<tr>\n<td><span style=\"font-weight: 400;\">0120. Sistemes el\u00e8ctrics i autom\u00e0tics<\/span><\/td>\n<td><span style=\"font-weight: 400;\">132<\/span><\/td>\n<td><span style=\"font-weight: 400;\">66<\/span><\/td>\n<td><span style=\"font-weight: 400;\">198<\/span><\/td>\n<\/tr>\n<tr>\n<td><span style=\"font-weight: 400;\">0121. Equips i instal\u00b7lacions t\u00e8rmiques<\/span><\/td>\n<td><span style=\"font-weight: 400;\">165<\/span><\/td>\n<td><span style=\"font-weight: 400;\">99<\/span><\/td>\n<td><span style=\"font-weight: 400;\">264<\/span><\/td>\n<\/tr>\n<tr>\n<td><span style=\"font-weight: 400;\">0122. Processos de muntatge d\u2019instal\u00b7lacions<\/span><\/td>\n<td><span style=\"font-weight: 400;\">165<\/span><\/td>\n<td><span style=\"font-weight: 400;\">33<\/span><\/td>\n<td><span style=\"font-weight: 400;\">198<\/span><\/td>\n<\/tr>\n<tr>\n<td><span style=\"font-weight: 400;\">0123. Representaci\u00f3 gr\u00e0fica d\u2019instal\u00b7lacions<\/span><\/td>\n<td><span style=\"font-weight: 400;\">66<\/span><\/td>\n<td><span style=\"font-weight: 400;\">66<\/span><\/td>\n<td><span style=\"font-weight: 400;\">132<\/span><\/td>\n<\/tr>\n<tr>\n<td><span style=\"font-weight: 400;\">0124. Energies renovables i efici\u00e8ncia energ\u00e8tica<\/span><\/td>\n<td><span style=\"font-weight: 400;\">33<\/span><\/td>\n<td><span style=\"font-weight: 400;\">33<\/span><\/td>\n<td><span style=\"font-weight: 400;\">66<\/span><\/td>\n<\/tr>\n<tr>\n<td><span style=\"font-weight: 400;\">0133. Gesti\u00f3 del muntatge, de la qualitat i del manteniment<\/span><\/td>\n<td><span style=\"font-weight: 400;\">33<\/span><\/td>\n<td><span style=\"font-weight: 400;\">33<\/span><\/td>\n<td><span style=\"font-weight: 400;\">66<\/span><\/td>\n<\/tr>\n<tr>\n<td><span style=\"font-weight: 400;\">0134. Configuraci\u00f3 d\u2019instal\u00b7lacions t\u00e8rmiques i de fluids<\/span><\/td>\n<td><span style=\"font-weight: 400;\">99<\/span><\/td>\n<td><span style=\"font-weight: 400;\">66<\/span><\/td>\n<td><span style=\"font-weight: 400;\">165<\/span><\/td>\n<\/tr>\n<tr>\n<td><span style=\"font-weight: 400;\">0135. Manteniment d\u2019instal\u00b7lacions frigor\u00edfiques i de climatitzaci\u00f3<\/span><\/td>\n<td><span style=\"font-weight: 400;\">99<\/span><\/td>\n<td><span style=\"font-weight: 400;\">66<\/span><\/td>\n<td><span style=\"font-weight: 400;\">165<\/span><\/td>\n<\/tr>\n<tr>\n<td><span style=\"font-weight: 400;\">0136. Manteniment d\u2019instal\u00b7lacions calor\u00edfiques i de fluids<\/span><\/td>\n<td><span style=\"font-weight: 400;\">99<\/span><\/td>\n<td><span style=\"font-weight: 400;\">53<\/span><\/td>\n<td><span style=\"font-weight: 400;\">152<\/span><\/td>\n<\/tr>\n<tr>\n<td><span style=\"font-weight: 400;\">0179. Angl\u00e8s professional.<\/span><\/td>\n<td><span style=\"font-weight: 400;\">66<\/span><\/td>\n<td><\/td>\n<td><span style=\"font-weight: 400;\">66<\/span><\/td>\n<\/tr>\n<tr>\n<td><span style=\"font-weight: 400;\">1665. Digitalitzaci\u00f3 aplicada als sectors productius.<\/span><\/td>\n<td><span style=\"font-weight: 400;\">33<\/span><\/td>\n<td><\/td>\n<td><span style=\"font-weight: 400;\">33<\/span><\/td>\n<\/tr>\n<tr>\n<td><span style=\"font-weight: 400;\">1708. Sostenibilitat aplicada al sistema productiu.<\/span><\/td>\n<td><span style=\"font-weight: 400;\">33<\/span><\/td>\n<td><\/td>\n<td><span style=\"font-weight: 400;\">33<\/span><\/td>\n<\/tr>\n<tr>\n<td><span style=\"font-weight: 400;\">1709. Itinerari personal per a l&#8217;ocupabilitat I.<\/span><\/td>\n<td><span style=\"font-weight: 400;\">99<\/span><\/td>\n<td><\/td>\n<td><span style=\"font-weight: 400;\">99<\/span><\/td>\n<\/tr>\n<tr>\n<td><span style=\"font-weight: 400;\">1710. Itinerari personal per a l&#8217;ocupabilitat II<\/span><\/td>\n<td><span style=\"font-weight: 400;\">66<\/span><\/td>\n<td><\/td>\n<td><span style=\"font-weight: 400;\">66<\/span><\/td>\n<\/tr>\n<tr>\n<td><span style=\"font-weight: 400;\">0137. Projecte intermodular.<\/span><\/td>\n<td><span style=\"font-weight: 400;\">198<\/span><\/td>\n<td><\/td>\n<td><span style=\"font-weight: 400;\">198<\/span><\/td>\n<\/tr>\n<tr>\n<td><span style=\"font-weight: 400;\">M\u00f2dul professional optatiu.<\/span><\/td>\n<td><span style=\"font-weight: 400;\">99<\/span><\/td>\n<td><\/td>\n<td><span style=\"font-weight: 400;\">99<\/span><\/td>\n<\/tr>\n<\/tbody>\n<\/table>\n<p>Trobareu m\u00e9s informaci\u00f3 al web preinscripcio.gencat.cat<\/p>\n<p><a href=\"https:\/\/drive.google.com\/file\/d\/1JxvNlf_SSRODjm1FYPrcYVZVm9t5vSfj\/view?usp=sharing\" target=\"_blank\" rel=\"noopener\">Clica a l\u2019enlla\u00e7 per a descarregar la informaci\u00f3<\/a><\/p>\n<hr \/>\n<h2><strong>M\u00e9s de 40 anys impartint FORMACI\u00d3 PROFESSIONAL<\/strong> en especialitats d&#8217;instal\u00b7lacions.<\/h2>\n<p>Possibilitat de <b>reconeixement de compet\u00e8ncies professionals<\/b> per a treballadors. Programes d&#8217;assessorament i reconeixement <strong>ACREDITA&#8217;T<\/strong>.<\/p>\n<p><b>Tallers de: <\/b>Fred, climatitzaci\u00f3, calefacci\u00f3, fontaneria, energia solar, electricitat, pneum\u00e0tica, mec\u00e0nica i soldadura.<b><br \/>\n<\/b><\/p>\n<p><b>Carnets Professionals:<\/b><\/p>\n<ul style=\"list-style-type: square;\">\n<li><b>Grau Mitj\u00e0: <\/b>Obtenen el carnet d&#8217;instal\u00b7lacions t\u00e8rmiques d&#8217;edificis (<b>ITE<\/b>). La obtenci\u00f3 de la titulaci\u00f3 capacita per exercir la professi\u00f3. No calen carnet professional.<\/li>\n<li><b>Grau superior: <\/b>Obtenen el carnet d&#8217;instal\u00b7lacions t\u00e8rmiques d&#8217;edificis (<b>ITE). <\/b>La obtenci\u00f3 de la titulaci\u00f3 capacita per exercir la professi\u00f3. No calen carnet professional. Certificat de manipulador de gasos fluorats<\/li>\n<\/ul>\n<p><i>Igualment es troben capacitats per obtenir el carnet professional d\u2019Instal\u00b7lador de Gas (classe B ) mitjan\u00e7ant prova convocada per la Generalitat.<br \/>\n<\/i><\/p>\n<p>Possibilitat d&#8217;allotjament a les resid\u00e8ncies del CET:<\/p>\n<p><a href=\"http:\/\/www.complexeducatiudetarragona.cat\/preus-publics\" target=\"_blank\" rel=\"noopener noreferrer\">http:\/\/www.complexeducatiudetarragona.cat\/preus-publics<\/a><\/p>\n<p><a href=\"http:\/\/agora.xtec.cat\/ies-ramonbarbat-vilaseca\/secretaria\/preinscripcio-i-matricula\/\">Preinscripci\u00f3 i matr\u00edcula<\/a><\/p>\n","protected":false},"excerpt":{"rendered":"<p>Descripci\u00f3 Aquests estudis post obligatoris capaciten per desenvolupar projectes i planificar el muntatge de les instal\u00b7lacions t\u00e8rmiques i de fluids en edificis i processos industrials. La durada \u00e9s de 2.000 hores distribu\u00efdes en dos cursos acad\u00e8mics. Aquest estudi substitueix el cicle Manteniment i Muntatge d&#8217;Instal\u00b7lacions d&#8217;Edifici i Proc\u00e9s (LOGSE). Continguts \u2022 Sistemes El\u00e8ctrics i Autom\u00e0tics [&hellip;]<\/p>\n","protected":false},"author":204,"featured_media":0,"parent":336,"menu_order":5,"comment_status":"closed","ping_status":"closed","template":"page-templates\/side-menu.php","meta":{"_bbp_topic_count":0,"_bbp_reply_count":0,"_bbp_total_topic_count":0,"_bbp_total_reply_count":0,"_bbp_voice_count":0,"_bbp_anonymous_reply_count":0,"_bbp_topic_count_hidden":0,"_bbp_reply_count_hidden":0,"_bbp_forum_subforum_count":0,"site-sidebar-layout":"default","site-content-layout":"","ast-site-content-layout":"","site-content-style":"default","site-sidebar-style":"default","ast-global-header-display":"","ast-banner-title-visibility":"","ast-main-header-display":"","ast-hfb-above-header-display":"","ast-hfb-below-header-display":"","ast-hfb-mobile-header-display":"","site-post-title":"","ast-breadcrumbs-content":"","ast-featured-img":"","footer-sml-layout":"","theme-transparent-header-meta":"","adv-header-id-meta":"","stick-header-meta":"","header-above-stick-meta":"","header-main-stick-meta":"","header-below-stick-meta":"","astra-migrate-meta-layouts":"default","ast-page-background-enabled":"default","ast-page-background-meta":{"desktop":{"background-color":"var(--ast-global-color-4)","background-image":"","background-repeat":"repeat","background-position":"center center","background-size":"auto","background-attachment":"scroll","background-type":"","background-media":"","overlay-type":"","overlay-color":"","overlay-opacity":"","overlay-gradient":""},"tablet":{"background-color":"","background-image":"","background-repeat":"repeat","background-position":"center center","background-size":"auto","background-attachment":"scroll","background-type":"","background-media":"","overlay-type":"","overlay-color":"","overlay-opacity":"","overlay-gradient":""},"mobile":{"background-color":"","background-image":"","background-repeat":"repeat","background-position":"center center","background-size":"auto","background-attachment":"scroll","background-type":"","background-media":"","overlay-type":"","overlay-color":"","overlay-opacity":"","overlay-gradient":""}},"ast-content-background-meta":{"desktop":{"background-color":"var(--ast-global-color-5)","background-image":"","background-repeat":"repeat","background-position":"center center","background-size":"auto","background-attachment":"scroll","background-type":"","background-media":"","overlay-type":"","overlay-color":"","overlay-opacity":"","overlay-gradient":""},"tablet":{"background-color":"var(--ast-global-color-5)","background-image":"","background-repeat":"repeat","background-position":"center center","background-size":"auto","background-attachment":"scroll","background-type":"","background-media":"","overlay-type":"","overlay-color":"","overlay-opacity":"","overlay-gradient":""},"mobile":{"background-color":"var(--ast-global-color-5)","background-image":"","background-repeat":"repeat","background-position":"center center","background-size":"auto","background-attachment":"scroll","background-type":"","background-media":"","overlay-type":"","overlay-color":"","overlay-opacity":"","overlay-gradient":""}},"footnotes":""},"class_list":["post-12759","page","type-page","status-publish","hentry"],"post_mailing_queue_ids":[],"_links":{"self":[{"href":"https:\/\/agora.xtec.cat\/ies-ramonbarbat-vilaseca\/wp-json\/wp\/v2\/pages\/12759","targetHints":{"allow":["GET"]}}],"collection":[{"href":"https:\/\/agora.xtec.cat\/ies-ramonbarbat-vilaseca\/wp-json\/wp\/v2\/pages"}],"about":[{"href":"https:\/\/agora.xtec.cat\/ies-ramonbarbat-vilaseca\/wp-json\/wp\/v2\/types\/page"}],"author":[{"embeddable":true,"href":"https:\/\/agora.xtec.cat\/ies-ramonbarbat-vilaseca\/wp-json\/wp\/v2\/users\/204"}],"replies":[{"embeddable":true,"href":"https:\/\/agora.xtec.cat\/ies-ramonbarbat-vilaseca\/wp-json\/wp\/v2\/comments?post=12759"}],"version-history":[{"count":6,"href":"https:\/\/agora.xtec.cat\/ies-ramonbarbat-vilaseca\/wp-json\/wp\/v2\/pages\/12759\/revisions"}],"predecessor-version":[{"id":14878,"href":"https:\/\/agora.xtec.cat\/ies-ramonbarbat-vilaseca\/wp-json\/wp\/v2\/pages\/12759\/revisions\/14878"}],"up":[{"embeddable":true,"href":"https:\/\/agora.xtec.cat\/ies-ramonbarbat-vilaseca\/wp-json\/wp\/v2\/pages\/336"}],"wp:attachment":[{"href":"https:\/\/agora.xtec.cat\/ies-ramonbarbat-vilaseca\/wp-json\/wp\/v2\/media?parent=12759"}],"curies":[{"name":"wp","href":"https:\/\/api.w.org\/{rel}","templated":true}]}}