{"id":46,"date":"2014-09-17T16:53:45","date_gmt":"2014-09-17T16:53:45","guid":{"rendered":"http:\/\/agora.xtec.cat\/ies-montjuic\/?page_id=46"},"modified":"2026-09-04T11:45:26","modified_gmt":"2026-09-04T09:45:26","slug":"equip","status":"publish","type":"page","link":"https:\/\/agora.xtec.cat\/ies-montjuic\/elcentre\/equip\/","title":{"rendered":"Equip"},"content":{"rendered":"<p>Tota la comunitat educativa treballem plegats per a l&#8217;educaci\u00f3 i benestar del nostre alumnat.<\/p>\n<ul>\n<li>\n<h5><strong>Equip Directiu<\/strong><\/h5>\n<\/li>\n<\/ul>\n<p style=\"padding-left: 30px;\"><strong>Director:<\/strong> Domingo Espot<br \/>\n<strong>Cap d\u2019estudis:<\/strong> Elies Carles<br \/>\n<strong>Coordinadora pedag\u00f2gica:<\/strong> Laia Font<br \/>\n<strong>Secret\u00e0ria:<\/strong> Alba Pay\u00e8s<\/p>\n<ul>\n<li>\n<h5><strong>Coordinacions<\/strong><\/h5>\n<\/li>\n<\/ul>\n<p style=\"padding-left: 30px;\"><strong>1r cicle (1r i 2n d&#8217;ESO):<\/strong> Maria Cuartielles<br \/>\n<strong>2n cicle (3r i 4t ESO):<\/strong> Sergi Falc\u00f3<br \/>\n<strong>Batxillerat:<\/strong> Lou Sanz<br \/>\n<strong>Coordinaci\u00f3 digital: <\/strong>Sandra Rovira<br \/>\n<strong>Extraescolars:<\/strong> Laia Font<br \/>\n<strong>COCOBE:<\/strong> Elvira Ferrer<br \/>\n<strong>LIC:<\/strong> Eva Torrente<br \/>\n<strong>Riscos laborals:<\/strong> Lou Sanz<br \/>\n<strong>Mediaci\u00f3:<\/strong> B\u00e1rbara de Haro<\/p>\n<ul>\n<li>\n<h5><strong>Departaments<\/strong><\/h5>\n<ul>\n<li><strong>Lleng\u00fces:<\/strong><br \/>\nElies Carles (Castell\u00e0)<br \/>\nSergi Falc\u00f3 (Castell\u00e0)<br \/>\nPilar Sabat\u00e9 (Castell\u00e0)<br \/>\nEva Torrente (Catal\u00e0)<br \/>\nIsaac Cos (Catal\u00e0)<br \/>\nJoaquim Coll (Catal\u00e0)<br \/>\nAuda Ferrer (Llat\u00ed)<\/li>\n<li><strong>Lleng\u00fces estrangeres:<\/strong><br \/>\nLou Sanz (Angl\u00e8s)<br \/>\nAndrea del Salvador (Angl\u00e8s)<br \/>\nLaia Font (Angl\u00e8s)<br \/>\nEul\u00e0lia Busquets (Angl\u00e8s)<br \/>\nB\u00e1rbara de Haro (Franc\u00e8s)<\/li>\n<li><strong>Ci\u00e8ncies:<\/strong><br \/>\nAres Alsina (F\u00edsica i Qu\u00edmica)<br \/>\nMaria Cuartielles (Biologia)<br \/>\nCristina Domingo (Biologia)<br \/>\nAna Pe\u00f1a (F\u00edsica i Qu\u00edmica)<\/li>\n<li><strong>Geografia i Hist\u00f2ria:<\/strong><br \/>\nMaribel Mart\u00ednez (Hist\u00f2ria)<br \/>\nAlbert Luzuriaga (Hist\u00f2ria)<br \/>\nAna\u00efs Rent\u00e9 (Filosofia)<br \/>\nCarla Villanueva (Economia)<br \/>\nElvira Ferrer (Religi\u00f3)<\/li>\n<li><strong>Matem\u00e0tiques:<\/strong><br \/>\nAlba Pay\u00e9s<br \/>\nJordi P\u00e9rez<br \/>\nFrancisco Luque<br \/>\nPau Rocho<br \/>\nBartomeu Bibiloni<\/li>\n<li><strong>Tecnologia:<\/strong><br \/>\nDomingo Espot<br \/>\nAlbert Sordo<br \/>\nMaria Teresa Busquets<\/li>\n<li><strong>Expressi\u00f3 Art\u00edstica:<\/strong><br \/>\nAnna Tom\u00e0s (Visual i Pl\u00e0stica)<br \/>\nJordi Esp\u00ed (M\u00fasica)<br \/>\nSandra Rovira (Educaci\u00f3 F\u00edsica)<br \/>\nRoger Masip (Educaci\u00f3 F\u00edsica)<\/li>\n<li><strong>Orientaci\u00f3:<\/strong><br \/>\nAna Torner<br \/>\nNeus Jornet (Carles Patris)<br \/>\nCristina Barriach (SIEI)<\/li>\n<li><strong>PAE (Professionals d&#8217;atenci\u00f3 educativa):<\/strong><br \/>\nAna Andr\u00e9s (TIS)<br \/>\nAina Su\u00f1en (Educadora social)<br \/>\nM\u00edriam Mar\u00edn Duque (SIEI)<\/li>\n<li><strong>PAS (Personal d&#8217;Adminisatraci\u00f3 i Serveis):<\/strong><br \/>\nMerc\u00e8 Lahoz (Auxiliar administrativa)<br \/>\nCharo Del Pozo (Conserge)<br \/>\nLuisa Montero (Promotora escolar)<br \/>\nIker Navarro (Vetllador)<\/li>\n<\/ul>\n<\/li>\n<\/ul>\n<ul>\n<li>\n<h5><strong>Tutories<\/strong><\/h5>\n<ul>\n<li><strong>1r ESO A:<\/strong> Maria Cuartielles<\/li>\n<li><strong>1r ESO B:<\/strong> Jordi Esp\u00ed<\/li>\n<li><strong>2n ESO A:<\/strong> Isaac Cos<\/li>\n<li><strong>2n ESO B:<\/strong> Maria Teresa Busquets<\/li>\n<li><strong>3r ESO A: <\/strong>Ares Alsina<\/li>\n<li><strong>3r ESO B:<\/strong> Cristina Domingo<\/li>\n<li><strong>4t ESO A:<\/strong> Sergi Falc\u00f3<\/li>\n<li><strong>4t ESO B:<\/strong> Albert Luzuriaga<\/li>\n<li><strong>1r BAT :<\/strong> Roger Masip<\/li>\n<li><strong>2n BAT :<\/strong> Lou Sanz\n<ul>\n<li style=\"list-style-type: none;\"><\/li>\n<\/ul>\n<\/li>\n<\/ul>\n<\/li>\n<\/ul>\n","protected":false},"excerpt":{"rendered":"<p>Tota la comunitat educativa treballem plegats per a l&#8217;educaci\u00f3 i benestar del nostre alumnat.<\/p>\n<ul>\n<li>\nEquip Directiu\n<\/li>\n<\/ul>\n<p>Director: Domingo Espot<br \/>\nCap d\u2019estudis: Elies Carles<br \/>\nCoordinadora pedag\u00f2gica: Laia Font<br \/>\nSecret\u00e0ria: Alba Pay\u00e8s<\/p>\n<ul>\n<li>\nCoordinacions\n<\/li>\n<\/ul>\n<p>1r cicle (1r i 2n d&#8217;ESO): Maria Cuartielles<br \/>\n2n cicle (3r i 4t ESO): Sergi Falc\u00f3<br \/>\nBatxillerat: Lou Sanz<br \/>\nCoordinaci\u00f3 digital: Sandra Rovira<br \/>\nExtraescolars: Laia&hellip;  <a href=\"https:\/\/agora.xtec.cat\/ies-montjuic\/elcentre\/equip\/\" title=\"Read Equip\">Llegeix m\u00e9s\u00bb<\/a><\/p>\n","protected":false},"author":1,"featured_media":0,"parent":19,"menu_order":50,"comment_status":"closed","ping_status":"closed","template":"","meta":{"_bbp_topic_count":0,"_bbp_reply_count":0,"_bbp_total_topic_count":0,"_bbp_total_reply_count":0,"_bbp_voice_count":0,"_bbp_anonymous_reply_count":0,"_bbp_topic_count_hidden":0,"_bbp_reply_count_hidden":0,"_bbp_forum_subforum_count":0,"footnotes":""},"class_list":["post-46","page","type-page","status-publish","hentry"],"post_mailing_queue_ids":[],"_links":{"self":[{"href":"https:\/\/agora.xtec.cat\/ies-montjuic\/wp-json\/wp\/v2\/pages\/46","targetHints":{"allow":["GET"]}}],"collection":[{"href":"https:\/\/agora.xtec.cat\/ies-montjuic\/wp-json\/wp\/v2\/pages"}],"about":[{"href":"https:\/\/agora.xtec.cat\/ies-montjuic\/wp-json\/wp\/v2\/types\/page"}],"author":[{"embeddable":true,"href":"https:\/\/agora.xtec.cat\/ies-montjuic\/wp-json\/wp\/v2\/users\/1"}],"replies":[{"embeddable":true,"href":"https:\/\/agora.xtec.cat\/ies-montjuic\/wp-json\/wp\/v2\/comments?post=46"}],"version-history":[{"count":7,"href":"https:\/\/agora.xtec.cat\/ies-montjuic\/wp-json\/wp\/v2\/pages\/46\/revisions"}],"predecessor-version":[{"id":5739,"href":"https:\/\/agora.xtec.cat\/ies-montjuic\/wp-json\/wp\/v2\/pages\/46\/revisions\/5739"}],"up":[{"embeddable":true,"href":"https:\/\/agora.xtec.cat\/ies-montjuic\/wp-json\/wp\/v2\/pages\/19"}],"wp:attachment":[{"href":"https:\/\/agora.xtec.cat\/ies-montjuic\/wp-json\/wp\/v2\/media?parent=46"}],"curies":[{"name":"wp","href":"https:\/\/api.w.org\/{rel}","templated":true}]}}