{"id":902,"date":"2015-02-25T11:17:57","date_gmt":"2015-02-25T11:17:57","guid":{"rendered":"http:\/\/institutmollerussa.com\/?page_id=902"},"modified":"2024-02-20T15:13:00","modified_gmt":"2024-02-20T14:13:00","slug":"estudis-agraria","status":"publish","type":"page","link":"https:\/\/agora.xtec.cat\/ies-mollerussa\/estudis-agraria\/","title":{"rendered":"Estudis agr\u00e0ria"},"content":{"rendered":"<h1 class=\"column-header-image\">Oferta formativa del centre i plans d&#8217;estudi oficials<\/h1>\n<hr \/>\n<p>&nbsp;<\/p>\n<h3 class=\"column-header-image\"><img loading=\"lazy\" decoding=\"async\" class=\"alignleft wp-image-3267 size-medium\" src=\"https:\/\/agora.xtec.cat\/ies-mollerussa\/wp-content\/uploads\/usu2499\/2021\/06\/Activitats-Eq\u00fcestres-300x225.jpg\" alt=\"Eq\u00fcestres\" width=\"300\" height=\"225\" \/>Activitats Eq\u00fcestres (GM)<\/h3>\n<p style=\"text-align: justify;\">Formaci\u00f3 destinada a preparar treballadors capa\u00e7os de manejar i cuidar bestiar equ\u00ed en cadascuna de les seves fases productives i, tamb\u00e9, desenvolupar activitats de guia per itineraris eq\u00fcestres, amb especial atenci\u00f3 a la seguretat i benestar animal.<br \/>\n<a href=\"https:\/\/agora.xtec.cat\/ies-mollerussa\/wp-content\/uploads\/usu2499\/2021\/06\/o_AR60_activitats_equestres_10_04_18.doc\" target=\"_blank\" rel=\"noopener noreferrer\">M\u00e9s informaci\u00f3<\/a><\/p>\n<hr \/>\n<p>&nbsp;<\/p>\n<h3 class=\"column-header-image\"><img loading=\"lazy\" decoding=\"async\" class=\"alignleft wp-image-908 size-medium\" src=\"https:\/\/agora.xtec.cat\/ies-mollerussa\/wp-content\/uploads\/usu2499\/2021\/06\/agropecuaria-300x225-1.jpg\" alt=\"agropecuaria\" width=\"300\" height=\"225\" \/>Producci\u00f3 agropecu\u00e0ria (GM)<\/h3>\n<p style=\"text-align: justify;\">Si vols aprendre a obtenir productes agropecuaris amb criteris de qualitat i rendibilitat, fer el manteniment de les instal\u00b7lacions i aplicar la normativa de protecci\u00f3 ambiental, prevenci\u00f3 de riscos laborals, benestar animal i seguretat aliment\u00e0ria. Aquest \u00e9s el teu cicle formatiu!<br \/>\n<a href=\"https:\/\/agora.xtec.cat\/ies-mollerussa\/wp-content\/uploads\/usu2499\/2022\/05\/o_AR10_produccioagropecuaria_agricola_v020611_angles.doc\" target=\"_blank\" rel=\"noopener\">M\u00e9s informaci\u00f3<\/a><\/p>\n<hr \/>\n<p>&nbsp;<\/p>\n<h3 class=\"column-header-image\"><img loading=\"lazy\" decoding=\"async\" class=\"alignleft wp-image-908 size-medium\" src=\"https:\/\/agora.xtec.cat\/ies-mollerussa\/wp-content\/uploads\/usu2499\/2021\/06\/agropecuaria-300x225-1.jpg\" alt=\"agropecuaria\" width=\"300\" height=\"225\" \/>Jardineria i Floristeria (GM)<\/h3>\n<p>Si vols aprendre a instal\u00b7lar, conservar i restaurar jardins d&#8217;exterior i interior, aix\u00ed com prades per a \u00fas esportiu, i realitzar les activitats de producci\u00f3 de planta i de floristeria, operant i mantenint la maquin\u00e0ria i instal\u00b7lacions, complint amb la normativa mediambiental, de control de qualitat i de prevenci\u00f3 de riscos laborals. Aquest \u00e9s el teu cicle formatiu!<br \/>\n<a href=\"https:\/\/triaeducativa.gencat.cat\/ca\/estudis\/?jardineria-floristeria&amp;p_id=590\" target=\"_blank\" rel=\"noopener\">M\u00e9s informaci\u00f3<\/a><\/p>\n<hr \/>\n<p>&nbsp;<\/p>\n<h3 class=\"column-header-image\"><img loading=\"lazy\" decoding=\"async\" class=\"wp-image-2125 size-full alignleft\" src=\"https:\/\/agora.xtec.cat\/ies-mollerussa\/wp-content\/uploads\/usu2499\/2021\/06\/vaqeria-mini.jpg\" alt=\"\" width=\"300\" height=\"225\" \/>Ramaderia i assist\u00e8ncia en sanitat animal (GS)<\/h3>\n<p style=\"text-align: justify;\">Treballar en el maneig d\u2019animals (inclosos els \u00e8quids) d\u2019explotacions ramaderes de qualsevol nivell de tecnificaci\u00f3 i donar suport en el seu seguiment veterinari.<\/p>\n<hr \/>\n<p>&nbsp;<\/p>\n<h3 class=\"column-header-image\"><img loading=\"lazy\" decoding=\"async\" class=\"alignleft wp-image-1076 size-medium\" src=\"https:\/\/agora.xtec.cat\/ies-mollerussa\/wp-content\/uploads\/usu2499\/2021\/06\/gestio_forestal-300x225.jpg\" alt=\"\" width=\"300\" height=\"225\" \/>Gesti\u00f3 forestal i del medi natural (GS)<\/h3>\n<p>Si t&#8217;interessa la gesti\u00f3 forestal, gesti\u00f3 cineg\u00e8tica, gesti\u00f3 de parcs naturals, lluita contra incendis. No t\u2019ho pensis m\u00e9s, vine! Aquesta \u00e9s la teva professi\u00f3!<br \/>\n<a href=\"http:\/\/www.xtec.cat\/alfresco\/d\/d\/workspace\/SpacesStore\/9ee29c37-6e42-4e99-a533-401990d4ca6c\/f_ARA0_gestio_forestal_i_medi_naturall_v240412.doc\" target=\"_blank\" rel=\"noopener noreferrer\">M\u00e9s informaci\u00f3<\/a><\/p>\n<hr \/>\n<p>&nbsp;<\/p>\n<h3 class=\"column-header-image\"><img loading=\"lazy\" decoding=\"async\" class=\"alignleft wp-image-1077 size-medium\" src=\"https:\/\/agora.xtec.cat\/ies-mollerussa\/wp-content\/uploads\/usu2499\/2021\/06\/paisatgisme-300x225.jpg\" alt=\"\" width=\"300\" height=\"225\" \/>Paisatgisme i medi rural &#8211; Perfil agroramader (GS)<\/h3>\n<p>Si vols aprendre conreus, maquin\u00e0ria, ramaderia i paisatgisme No t&#8217;ho pensis m\u00e9s, vine!\u00a0Aquest \u00e9s el teu cicle formatiu!<br \/>\n<a href=\"https:\/\/agora.xtec.cat\/ies-mollerussa\/wp-content\/uploads\/usu2499\/2021\/06\/paisatgisme_agropecuaria.pdf\">Distribuci\u00f3 dels m\u00f2duls formatius<\/a><\/p>\n<hr \/>\n<p>&nbsp;<\/p>\n<table style=\"width: 722px;\" bgcolor=\"#6bab0c\">\n<tbody>\n<tr>\n<td style=\"width: 716px;\" align=\"center\"><strong>Bloc\u00a0 dels estudis d&#8217;agr\u00e0ria<\/strong><br \/>\n<a title=\"Blog d'agr\u00e0ria\" href=\"http:\/\/jardineriadinamica.wordpress.com\/\" target=\"_blank\" rel=\"noopener noreferrer\"><img loading=\"lazy\" decoding=\"async\" class=\"aligncenter wp-image-911 size-medium\" src=\"https:\/\/agora.xtec.cat\/ies-mollerussa\/wp-content\/uploads\/usu2499\/2021\/06\/blog-agraria-300x106.jpg\" alt=\"blog-agraria\" width=\"300\" height=\"106\" \/><\/a><\/td>\n<\/tr>\n<\/tbody>\n<\/table>\n","protected":false},"excerpt":{"rendered":"<p>\t\t\t\t\t\t&hellip;  <a href=\"https:\/\/agora.xtec.cat\/ies-mollerussa\/estudis-agraria\/\" title=\"Read Estudis agr\u00e0ria\">Llegeix m\u00e9s\u00bb<\/a><\/p>\n","protected":false},"author":1,"featured_media":0,"parent":0,"menu_order":0,"comment_status":"closed","ping_status":"open","template":"","meta":{"_bbp_topic_count":0,"_bbp_reply_count":0,"_bbp_total_topic_count":0,"_bbp_total_reply_count":0,"_bbp_voice_count":0,"_bbp_anonymous_reply_count":0,"_bbp_topic_count_hidden":0,"_bbp_reply_count_hidden":0,"_bbp_forum_subforum_count":0,"footnotes":""},"class_list":["post-902","page","type-page","status-publish","hentry"],"post_mailing_queue_ids":[],"_links":{"self":[{"href":"https:\/\/agora.xtec.cat\/ies-mollerussa\/wp-json\/wp\/v2\/pages\/902","targetHints":{"allow":["GET"]}}],"collection":[{"href":"https:\/\/agora.xtec.cat\/ies-mollerussa\/wp-json\/wp\/v2\/pages"}],"about":[{"href":"https:\/\/agora.xtec.cat\/ies-mollerussa\/wp-json\/wp\/v2\/types\/page"}],"author":[{"embeddable":true,"href":"https:\/\/agora.xtec.cat\/ies-mollerussa\/wp-json\/wp\/v2\/users\/1"}],"replies":[{"embeddable":true,"href":"https:\/\/agora.xtec.cat\/ies-mollerussa\/wp-json\/wp\/v2\/comments?post=902"}],"version-history":[{"count":6,"href":"https:\/\/agora.xtec.cat\/ies-mollerussa\/wp-json\/wp\/v2\/pages\/902\/revisions"}],"predecessor-version":[{"id":7140,"href":"https:\/\/agora.xtec.cat\/ies-mollerussa\/wp-json\/wp\/v2\/pages\/902\/revisions\/7140"}],"wp:attachment":[{"href":"https:\/\/agora.xtec.cat\/ies-mollerussa\/wp-json\/wp\/v2\/media?parent=902"}],"curies":[{"name":"wp","href":"https:\/\/api.w.org\/{rel}","templated":true}]}}