{"id":627,"date":"2021-04-07T16:21:00","date_gmt":"2021-04-07T14:21:00","guid":{"rendered":"https:\/\/agora.xtec.cat\/ies-mollerussa\/?page_id=627"},"modified":"2022-01-21T10:26:55","modified_gmt":"2022-01-21T09:26:55","slug":"acreditat","status":"publish","type":"page","link":"https:\/\/agora.xtec.cat\/ies-mollerussa\/acreditat\/","title":{"rendered":"Acredita&#8217;t"},"content":{"rendered":"<div class=\"entry-content\">\n<p><a href=\"https:\/\/agora.xtec.cat\/ies-mollerussa\/wp-content\/uploads\/usu2499\/2021\/04\/2_Boto_Acredita.jpg\"><img loading=\"lazy\" decoding=\"async\" class=\"size-full wp-image-5483 alignleft\" src=\"https:\/\/agora.xtec.cat\/ies-mollerussa\/wp-content\/uploads\/usu2499\/2021\/06\/2_Boto_Acredita.jpg\" alt=\"\" width=\"84\" height=\"84\" \/><\/a><img loading=\"lazy\" decoding=\"async\" class=\"size-full wp-image-5484 alignleft\" src=\"https:\/\/agora.xtec.cat\/ies-mollerussa\/wp-content\/uploads\/usu2499\/2021\/06\/Nou-logo-acreditat.png\" alt=\"\" width=\"520\" height=\"120\" srcset=\"https:\/\/agora.xtec.cat\/ies-mollerussa\/wp-content\/uploads\/usu2499\/2021\/06\/Nou-logo-acreditat.png 520w, https:\/\/agora.xtec.cat\/ies-mollerussa\/wp-content\/uploads\/usu2499\/2021\/06\/Nou-logo-acreditat-300x69.png 300w\" sizes=\"auto, (max-width: 520px) 100vw, 520px\" \/><\/p>\n<p>&nbsp;<\/p>\n<hr \/>\n<p><a href=\"http:\/\/www.educacionyfp.gob.es\/mc\/fse\/\" target=\"_blank\" rel=\"noopener noreferrer\">http:\/\/www.educacionyfp.gob.es\/mc\/fse\/<\/a><\/p>\n<\/div>\n<hr \/>\n<h3><span style=\"color: #0000ff;\"><strong>Acredita\u2019t. Com demanar el certificat.<\/strong><\/span><\/h3>\n<p><a href=\"https:\/\/agora.xtec.cat\/ies-mollerussa\/wp-content\/uploads\/usu2499\/2022\/01\/Sollicitud-CP.pdf\" target=\"_blank\" rel=\"noopener\">Com demanar el Certificat de professionalitat de les persones que han participat en l&#8217; Acredita&#8217;t i l&#8217;han obtingut<\/a><\/p>\n<div class=\"entry-content\">\n<hr \/>\n<h3><strong><span style=\"color: #0000ff;\">Acredita\u2019t. Guia i model de dossier de traject\u00f2ria professional i formativa.<\/span><br \/>\n<\/strong><\/h3>\n<p><a href=\"https:\/\/agora.xtec.cat\/ies-mollerussa\/wp-content\/uploads\/usu2499\/2021\/09\/Guia-aspirant.pdf\" target=\"_blank\" rel=\"noopener\">Guia aspirant en catal\u00e0\u00a0\u00a0\u00a0\u00a0\u00a0\u00a0\u00a0\u00a0\u00a0\u00a0\u00a0\u00a0\u00a0\u00a0\u00a0\u00a0\u00a0 <\/a><a href=\"https:\/\/agora.xtec.cat\/ies-mollerussa\/wp-content\/uploads\/usu2499\/2021\/09\/Guia-del-aspirante.pdf\" target=\"_blank\" rel=\"noopener\">Gu\u00eda del aspirante en castellano<\/a><\/p>\n<p><a href=\"https:\/\/agora.xtec.cat\/ies-mollerussa\/wp-content\/uploads\/usu2499\/2021\/09\/A773_V02_20_catala.docx\" target=\"_blank\" rel=\"noopener\">Model de dossier de traject\u00f2ria profesional i formatica en catal\u00e0<\/a><\/p>\n<p><a href=\"https:\/\/agora.xtec.cat\/ies-mollerussa\/wp-content\/uploads\/usu2499\/2021\/09\/AB773_V02_20_bilingue.docx\" target=\"_blank\" rel=\"noopener\">Model de dossier de traject\u00f2ria profesional i formatica biling\u00fce<\/a><\/p>\n<hr \/>\n<h3><span style=\"color: #008000;\"><strong>Acredita\u2019t convocat\u00f2ria 20-21. Segona convocat\u00f2ria oberta. <\/strong><strong>Llistes provisionals d\u2019inscripci\u00f3 a la fase d\u2019avaluaci\u00f3 depend\u00e8ncia. CODI 2021-AAC-05<\/strong><\/span><\/h3>\n<p><span style=\"color: #ff0000;\"><strong>Nou data 13\/10\/2021<\/strong><\/span><\/p>\n<p><a href=\"https:\/\/agora.xtec.cat\/ies-mollerussa\/wp-content\/uploads\/usu2499\/2021\/10\/Llistat-provisional-avaluacio-dependencia.pdf\" target=\"_blank\" rel=\"noopener\">Assessorament depend\u00e8ncia. Llista provisional d&#8217;inscripci\u00f3 a l&#8217;avaluaci\u00f3<\/a><\/p>\n<\/div>\n<hr \/>\n<h3><span style=\"color: #008000;\"><strong>Acredita\u2019t convocat\u00f2ria 20-21. Segona convocat\u00f2ria oberta. <\/strong><strong>Llistes definitives d\u2019inscripci\u00f3 a la fase d\u2019assessorament depend\u00e8ncia. CODI 2021-AAC-05<\/strong><\/span><\/h3>\n<p><span style=\"color: #ff0000;\"><strong>Nou data 13\/10\/2021<\/strong><\/span><\/p>\n<p><a href=\"https:\/\/agora.xtec.cat\/ies-mollerussa\/wp-content\/uploads\/usu2499\/2021\/10\/Llistat-definitiu-assessorament-dependencia.pdf\" target=\"_blank\" rel=\"noopener\">Assessorament depend\u00e8ncia. Llista definitiva d&#8217;inscripci\u00f3 a l&#8217;assessorament<\/a><\/p>\n<hr \/>\n<div class=\"entry-content\">\n<h3><strong><span style=\"color: #008000;\">Acredita\u2019t convocat\u00f2ria 20-21. Segona convocat\u00f2ria oberta.<\/span><\/strong><strong><span style=\"color: #008000;\"> Llistes provisional d\u2019inscripci\u00f3 a la fase d\u2019assessorament depend\u00e8ncia. CODI 2021-AAC-05<\/span><br \/>\n<\/strong><\/h3>\n<p><span style=\"color: #000000;\"><strong>Nou data 27\/09\/2021<\/strong><\/span><\/p>\n<p><a href=\"https:\/\/agora.xtec.cat\/ies-mollerussa\/wp-content\/uploads\/usu2499\/2021\/09\/Llista-provisional-Assessorament-dependencia.pdf\" target=\"_blank\" rel=\"noopener\">Assessorament depend\u00e8ncia. Llista provisional d&#8217;inscripci\u00f3 a l&#8217;assessorament<\/a><\/p>\n<hr \/>\n<h3><strong><span style=\"color: #008000;\">Acredita\u2019t convocat\u00f2ria 20-21. Llistes definitives avaluaci\u00f3 depend\u00e8ncia.<\/span><br \/>\n<\/strong><\/h3>\n<p><span style=\"color: #000000;\"><strong>data 13\/07\/2021<\/strong><\/span><\/p>\n<p><a href=\"https:\/\/agora.xtec.cat\/ies-mollerussa\/wp-content\/uploads\/usu2499\/2021\/07\/Relaci\u00f3-definitiva-inscripci\u00f3-fase-avaluaci\u00f3.pdf\" target=\"_blank\" rel=\"noopener noreferrer\">Avaluaci\u00f3 depend\u00e8ncia. Resultats definitius de l&#8217;avaluaci\u00f3<\/a><\/p>\n<hr \/>\n<h3><strong><span style=\"color: #008000;\">Acredita\u2019t convocat\u00f2ria 20-21. Llistes provisional avaluaci\u00f3 depend\u00e8ncia.<\/span><br \/>\n<\/strong><\/h3>\n<p><span style=\"color: #000000;\"><strong>data 06\/07\/2021<\/strong><\/span><\/p>\n<p><a href=\"https:\/\/agora.xtec.cat\/ies-mollerussa\/wp-content\/uploads\/usu2499\/2021\/07\/resultats-provisionals-inscripci\u00f3-AVALUACI\u00d3-dependencia.pdf\" target=\"_blank\" rel=\"noopener noreferrer\">Avaluaci\u00f3 depend\u00e8ncia. Resultats provisionals de l&#8217;avaluaci\u00f3<\/a><\/p>\n<hr \/>\n<h3><strong><span style=\"color: #008000;\">Acredita\u2019t convocat\u00f2ria 20-21. Llistes definitives d\u2019admesos i exclosos a l&#8217;avaluaci\u00f3.<\/span><br \/>\n<\/strong><\/h3>\n<p><span style=\"color: #000000;\"><strong>data 11\/05\/2021<\/strong><\/span><\/p>\n<p><a href=\"https:\/\/agora.xtec.cat\/ies-mollerussa\/wp-content\/uploads\/usu2499\/2021\/06\/ASSESSORAMENT_BIOCIDES_Ademsos_i_exclosos_definitiva_amb_codis.pdf\">Assessorament biocides. Admesos i exclosos definitiva amb codis<\/a><\/p>\n<p><a href=\"https:\/\/agora.xtec.cat\/ies-mollerussa\/wp-content\/uploads\/usu2499\/2021\/06\/ASSESSORAMENT_JARDINERIA_Ademsos_i_exclosos_definitiva_amb_codis.pdf\">Assessorament jardineria. Admesos i exclosos definitiva<\/a><\/p>\n<hr \/>\n<h3><strong><span style=\"color: #008000;\">Acredita\u2019t convocat\u00f2ria 20-21. Llistes definitives d\u2019admesos i exclosos.<\/span><\/strong><\/h3>\n<p><strong>data 03\/03\/2021<\/strong><\/p>\n<p><a href=\"https:\/\/agora.xtec.cat\/ies-mollerussa\/wp-content\/uploads\/usu2499\/2021\/06\/llista-definitiva-admesos-exclosos-avaluaci\u00f3.pdf\">Assessorament biocides. Admesos i exclosos definitiva amb codis<\/a><\/p>\n<p><a href=\"https:\/\/agora.xtec.cat\/ies-mollerussa\/wp-content\/uploads\/usu2499\/2021\/06\/resultats-assessorament-provisional-SENSE-NOMS.pdf\">Assessorament jardineria. Admesos i exclosos definitiva<\/a><\/p>\n<hr \/>\n<h3><strong><span style=\"color: #008000;\">Acredita\u2019t convocat\u00f2ria 20-21. Guia aspirant i model dossier traject\u00f2ria professional i formativa.<\/span><br \/>\n<\/strong><\/h3>\n<p><span style=\"color: #ff0000;\"><strong>data 03\/03\/2021<\/strong><\/span><\/p>\n<p><a href=\"https:\/\/agora.xtec.cat\/ies-mollerussa\/wp-content\/uploads\/usu2499\/2021\/06\/Guia-aspirant_candidat_catala_V5.pdf\">Guia de l\u2019aspirant candidat en catal\u00e0 V5<\/a><\/p>\n<p><a href=\"https:\/\/agora.xtec.cat\/ies-mollerussa\/wp-content\/uploads\/usu2499\/2021\/06\/Dossier-trajectoria-professional-i-formativa-catal\u00e0.docx\">Dossier traject\u00f2ria professional i formativa (catal\u00e0)<\/a><\/p>\n<p><a href=\"https:\/\/agora.xtec.cat\/ies-mollerussa\/wp-content\/uploads\/usu2499\/2021\/06\/Dossier-trajectoria-professional-i-formativa-biling\u00fce.docx\">Dossier traject\u00f2ria professional i formativa (biling\u00fce)<\/a><\/p>\n<hr \/>\n<h3><strong><span style=\"color: #008000;\">Acredita\u2019t convocat\u00f2ria 20-21. Llistes provisionals d\u2019admesos i exclosos.<\/span><br \/>\n<\/strong><\/h3>\n<p><strong>data 22\/02\/2021<\/strong><\/p>\n<p><a href=\"https:\/\/agora.xtec.cat\/ies-mollerussa\/wp-content\/uploads\/usu2499\/2021\/07\/ASSESSORAMENT_BIOCIDES_Admesos-i-exclosos-provisional-amb-codis.pdf\" target=\"_blank\" rel=\"noopener noreferrer\">Assessorament biocides. Admesos i exclosos provisional amb codis<\/a><\/p>\n<p><a href=\"https:\/\/agora.xtec.cat\/ies-mollerussa\/wp-content\/uploads\/usu2499\/2021\/07\/ASSESSORAMENT_JARDINERIA_Admesos-i-exclosos-provisional-amb-codis.pdf\" target=\"_blank\" rel=\"noopener noreferrer\">Assessorament jardineria. Admesos i exclosos provisional amb codis<\/a><\/p>\n<hr \/>\n<h3><strong><span style=\"color: #008000;\">Acredita\u2019t convocat\u00f2ria 20-21<\/span><br \/>\n<\/strong><\/h3>\n<p><strong>data 16\/12\/2020<\/strong><\/p>\n<p><a href=\"https:\/\/agora.xtec.cat\/ies-mollerussa\/wp-content\/uploads\/usu2499\/2021\/07\/Admesos-resultat-definitiu...pdf\" target=\"_blank\" rel=\"noopener noreferrer\">Llista d\u2019admesos al proc\u00e9s definitiva<\/a><\/p>\n<hr \/>\n<p>&nbsp;<\/p>\n<p>&nbsp;<\/p>\n<p>&nbsp;<\/p>\n<hr \/>\n<h3><span style=\"color: #ff0000;\">Processos tancats<\/span><\/h3>\n<hr \/>\n<h3><span style=\"color: #0000ff;\"><strong>Certificats convocat\u00f2ria 19-20<\/strong><\/span><\/h3>\n<p><strong>Nou data 16\/12\/2020<\/strong><\/p>\n<p><i>L\u2019aspirant ha de tenir en compte que haur\u00e0 d\u2019esperar uns tres mesos des de que acaba el procediment per sol\u00b7licitar el certificat de professionalitat, ja que primer l\u2019Institut Catal\u00e0 de les Qualificacions Professionals ha de registrar les unitats de compet\u00e8ncia que ha demostrat cada aspirant de la corresponent convocat\u00f2ria<\/i><\/p>\n<p><a href=\"http:\/\/institutmollerussa.com\/wp-content\/uploads\/2020\/11\/Nota-informativa-Certificats-de-professionalita-Com-sollicitar-el-certificat-aspirant.pdf\" target=\"_blank\" rel=\"noopener noreferrer\">Nota informativa certificats de professionalitat: com sol\u00b7licitar el certificat l\u2019aspirant<\/a><\/p>\n<p>&nbsp;<\/p>\n<hr \/>\n<h3><strong><span style=\"color: #0000ff;\">Fase avaluaci\u00f3 \u2013 Llistes definitives dels resultats de guia d\u2019itineraris<\/span><br \/>\n<\/strong><\/h3>\n<p><strong>data 11\/12\/2020<\/strong><\/p>\n<p><a href=\"http:\/\/institutmollerussa.com\/wp-content\/uploads\/2020\/12\/Llista-provisional-davaluaci%C3%B3-de-compet%C3%A8ncies-en-l%C3%A0mbit-ditineraris.pdf\" target=\"_blank\" rel=\"noopener noreferrer\">Llista definitiva dels resultats de l\u2019avaluaci\u00f3 de compet\u00e8ncies en l\u2019\u00e0mbit d\u2019itineraris \u2013 Mollerussa<\/a><\/p>\n<hr \/>\n<h3><strong><span style=\"color: #0000ff;\">Fase avaluaci\u00f3 \u2013 Llistes definitives dels resultats de biocides<\/span><br \/>\n<\/strong><\/h3>\n<p><strong>data 11\/12\/2020<\/strong><\/p>\n<p><a href=\"http:\/\/institutmollerussa.com\/wp-content\/uploads\/2020\/12\/llista_definitiva-CORREGIDA_biocides.pdf\" target=\"_blank\" rel=\"noopener noreferrer\">Llista definitiva dels resultats de l\u2019avaluaci\u00f3 de compet\u00e8ncies en l\u2019\u00e0mbit dels biocides \u2013 Molleruss<\/a><\/p>\n<hr \/>\n<h3><strong><span style=\"color: #0000ff;\">Fase avaluaci\u00f3 \u2013 Llistes provisionals dels resultats de guia d\u2019itineraris<\/span><br \/>\n<\/strong><\/h3>\n<p><strong>data 30\/11\/2020<\/strong><\/p>\n<p><a href=\"http:\/\/institutmollerussa.com\/wp-content\/uploads\/2020\/12\/Llista-provisional-davaluaci%C3%B3-de-compet%C3%A8ncies-en-l%C3%A0mbit-ditineraris.pdf\" target=\"_blank\" rel=\"noopener noreferrer\">Llista provisional dels resultats de l\u2019avaluaci\u00f3 de compet\u00e8ncies en l\u2019\u00e0mbit d\u2019itineraris \u2013 Mollerussa<\/a><\/p>\n<hr \/>\n<h3><strong><span style=\"color: #0000ff;\">Fase avaluaci\u00f3 \u2013 Llistes provisionals dels resultats de biocides<\/span><br \/>\n<\/strong><\/h3>\n<p><strong>data 30\/11\/2020<\/strong><\/p>\n<p><a href=\"http:\/\/institutmollerussa.com\/wp-content\/uploads\/2020\/12\/Llista-provisional_CORREGIDA_biocides.pdf\" target=\"_blank\" rel=\"noopener noreferrer\">Llista provisional dels resultats de l\u2019avaluaci\u00f3 de compet\u00e8ncies en l\u2019\u00e0mbit dels biocides \u2013 Mollerussa<\/a><\/p>\n<hr \/>\n<h3><strong><span style=\"color: #0000ff;\">Fase avaluaci\u00f3 \u2013 Llistes definitives dels inscrits biocides<\/span><br \/>\n<\/strong><\/h3>\n<p><strong>data 10\/11\/2020<\/strong><\/p>\n<p><a href=\"http:\/\/institutmollerussa.com\/wp-content\/uploads\/2020\/11\/Llista-definitiva-biocides-mollerussa.xlsx.pdf\" target=\"_blank\" rel=\"noopener noreferrer\">Llista definitiva biocides mollerussa<\/a><\/p>\n<hr \/>\n<h3><strong><span style=\"color: #0000ff;\">Fase avaluaci\u00f3 \u2013 Llistes provisionals biocides<\/span><br \/>\n<\/strong><\/h3>\n<p><strong>data 28\/10\/2020<\/strong><\/p>\n<p><a href=\"http:\/\/institutmollerussa.com\/wp-content\/uploads\/2020\/11\/taula-provisional-inscripci%C3%B3-avaluaci%C3%B3-biocides.pdf\">Llista provisional inscripci\u00f3 avaluaci\u00f3 biocides<\/a><\/p>\n<hr \/>\n<h3><strong><span style=\"color: #0000ff;\">Fase avaluaci\u00f3 \u2013 Llistes definitives<\/span><br \/>\n<\/strong><\/h3>\n<p><strong>data 26\/10\/2020<\/strong><\/p>\n<p><a href=\"http:\/\/institutmollerussa.com\/wp-content\/uploads\/2020\/11\/Llista-definitiva-admesos-fase-avaluaci%C3%B3-guia-itineraris.pdf\">Llista definitiva admesos fase avaluaci\u00f3 guia itineraris<\/a><\/p>\n<hr \/>\n<h3><strong><span style=\"color: #0000ff;\">Fase avaluaci\u00f3 \u2013 Llistes provisionals<\/span><br \/>\n<\/strong><\/h3>\n<p><strong>data 05\/10\/2020<\/strong><\/p>\n<p><a href=\"http:\/\/institutmollerussa.com\/wp-content\/uploads\/2020\/10\/Llista-provisional-admesos-fase-avaluaci%C3%B3-guia-itineraris.pdf\" target=\"_blank\" rel=\"noopener noreferrer\">Llista provisional d\u2019admesos a la fase d\u2019avaluaci\u00f3 de guia d\u2019itineraris<\/a><\/p>\n<hr \/>\n<p><strong>data 29\/07\/2020<\/strong><\/p>\n<h3><strong><span style=\"color: #0000ff;\">Fase assessorament \u2013 Llistes definitives<\/span><br \/>\n<\/strong><\/h3>\n<p><a href=\"http:\/\/institutmollerussa.com\/wp-content\/uploads\/2020\/07\/llista-definitiva-admesos-assessorament-biocides.pdf\" target=\"_blank\" rel=\"noopener noreferrer\">Llista definitiva d\u2019admesos biocides \u2013 Mollerussa<\/a><\/p>\n<p><a href=\"http:\/\/institutmollerussa.com\/wp-content\/uploads\/2020\/07\/Llista-definitiva-exclosos-assessorament.pdf\" target=\"_blank\" rel=\"noopener noreferrer\">Llista definitiva d\u2019exclosos i baixes biocides \u2013 Mollerussa<\/a><\/p>\n<hr \/>\n<p><strong>data 22\/07\/2020<\/strong><\/p>\n<h3><strong><span style=\"color: #0000ff;\">Fase assessorament \u2013 Llistes provisionals<\/span><br \/>\n<\/strong><\/h3>\n<p><a href=\"http:\/\/institutmollerussa.com\/wp-content\/uploads\/2020\/07\/FASE-ASSESSORAMENT-llista-provisional-dadmesos-biocides-.pdf\" target=\"_blank\" rel=\"noopener noreferrer\">Llista provisional d\u2019admesos biocides \u2013 Mollerussa<\/a><\/p>\n<p><a href=\"http:\/\/institutmollerussa.com\/wp-content\/uploads\/2020\/07\/FASE-ASSESSORAMENT-llista-provisional-dinscripci%C3%B3-exclosos-i-baixes-biocides.pdf\" target=\"_blank\" rel=\"noopener noreferrer\">Llista provisional d\u2019exclosos i baixes biocides \u2013 Mollerussa<\/a><\/p>\n<hr \/>\n<p><strong>data 30\/06\/2020<\/strong><\/p>\n<h3><span style=\"color: #0000ff;\"><strong>Fase preinscripci\u00f3 \u2013 Llistes definitives<\/strong><\/span><\/h3>\n<p><a href=\"http:\/\/institutmollerussa.com\/wp-content\/uploads\/2020\/06\/Mollerussa_Biocides_Admesos.pdf\" target=\"_blank\" rel=\"noopener noreferrer\">Llistat d\u2019admesos biocides \u2013 Mollerussa<\/a><\/p>\n<p><a href=\"http:\/\/institutmollerussa.com\/wp-content\/uploads\/2020\/06\/Terrassa_Biocides_Admesos.pdf\" target=\"_blank\" rel=\"noopener noreferrer\">Llistat d\u2019admesos biocides \u2013 Terrassa\u00a0<\/a><\/p>\n<p>Adre\u00e7a Institut Terrassa<\/p>\n<p>Rambla d\u2019\u00c8gara, 331<br \/>\n08224 Terrassa (Barcelona)<br \/>\n<a href=\"http:\/\/insterrassa.cat\/\" target=\"_blank\" rel=\"noopener noreferrer\">web Institut Terrassa<\/a><br \/>\n937 33 04 90<\/p>\n<p><a href=\"http:\/\/institutmollerussa.com\/wp-content\/uploads\/2020\/06\/Mollerussa_Guia-Itineraris_Admesos.pdf\" target=\"_blank\" rel=\"noopener noreferrer\">Llistat d\u2019admesos guia d\u2019itineraris \u2013 Mollerussa<\/a><\/p>\n<p><a href=\"http:\/\/institutmollerussa.com\/wp-content\/uploads\/2020\/06\/Llistat-definitiu-dadmesos-guia-ditineraris-presentades-fora-de-termini.pdf\" target=\"_blank\" rel=\"noopener noreferrer\">Llistat definitiu d\u2019admesos guia d\u2019itineraris presentades fora de termini<\/a><\/p>\n<p><a href=\"http:\/\/institutmollerussa.com\/wp-content\/uploads\/2020\/06\/FSE_2020-Ordenaci%C3%B3-pre-inscripci%C3%B3.pdf\" target=\"_blank\" rel=\"noopener noreferrer\">Criteris d\u2019ordenaci\u00f3 aspirants admesos<\/a><\/p>\n<p>La data de la reuni\u00f3 inicial dels candidats admesos a l\u2019Institut Mollerussa ser\u00e0 el dia 8 de juliol, ja s\u2019avisar\u00e0 als aspirants admesos, tant biocides com guia d\u2019itineraris<\/p>\n<hr \/>\n<p><a href=\"http:\/\/institutmollerussa.com\/wp-content\/uploads\/2020\/06\/Mollerussa_Biocides_Manca-Vacant.pdf\" target=\"_blank\" rel=\"noopener noreferrer\">Llistat d\u2019exclosos per manca de vacants biocides<\/a><\/p>\n<hr \/>\n<p><a href=\"http:\/\/institutmollerussa.com\/wp-content\/uploads\/2020\/06\/Llistat-definitiu-dexclosos-biocides.pdf\" target=\"_blank\" rel=\"noopener noreferrer\">Llistat definitiu d\u2019exclosos biocides<\/a><\/p>\n<p><a href=\"http:\/\/institutmollerussa.com\/wp-content\/uploads\/2020\/06\/Llistat-definitiu-dexclosos-guia-ditineraris.pdf\" target=\"_blank\" rel=\"noopener noreferrer\">Llistat definitiu d\u2019exclosos guia d\u2019itineraris<\/a><\/p>\n<hr \/>\n<h3><span style=\"color: #0000ff;\"><strong>Documentaci\u00f3 dels aspirants admesos<\/strong><\/span><\/h3>\n<p><a href=\"http:\/\/institutmollerussa.com\/wp-content\/uploads\/2020\/06\/Dossier-de-la-trajectoria-professional-i-formativa.docx\" target=\"_blank\" rel=\"noopener noreferrer\">Dossier de la trajectoria professional i formativa<\/a><\/p>\n<p><a href=\"http:\/\/institutmollerussa.com\/wp-content\/uploads\/2020\/06\/model-GUI03-Guia-aspirant_candidat_catala_V4.pdf\" target=\"_blank\" rel=\"noopener noreferrer\">Model de guia de l\u2019aspirant adm\u00e9s<\/a><\/p>\n<p><a href=\"http:\/\/srvcnpbs.xtec.cat\/icqp\/autoaval_form\/\" target=\"_blank\" rel=\"noopener noreferrer\">Enlla\u00e7 al questionari d\u2019autoavaluaci\u00f3<\/a><\/p>\n<hr \/>\n<p><strong>data 26\/05\/2020<\/strong><\/p>\n<h3><span style=\"color: #0000ff;\"><strong>Fase preinscripci\u00f3 \u2013\u00a0<\/strong><\/span><strong><span style=\"color: #0000ff;\">Llistes provisionals<\/span><br \/>\n<\/strong><\/h3>\n<p><a href=\"http:\/\/institutmollerussa.com\/wp-content\/uploads\/2020\/05\/Mollerussa-Resultat-provisional-de-preinscripci%C3%B3.pdf\">Llistat d\u2019admesos i no admesos en llista d\u2019espera de biocides i guia d\u2019itineraris<\/a><br \/>\nAquesta \u00e9s la llista provisional, pot canviar un cop ateses les reclamacions<\/p>\n<h3><span style=\"color: #0000ff;\"><strong>Biocides<\/strong><\/span><\/h3>\n<p><a href=\"http:\/\/institutmollerussa.com\/wp-content\/uploads\/2020\/05\/Llistes-per-publicacio-tauler-i-web-centre-BIOCIDES-manca-vacant.pdf\">Llistat no admesos per falta de vacants<\/a><br \/>\nEn aquest cas, la documentaci\u00f3 presentada \u00e9s tota correcta, per\u00f2 els aspirants s\u2019han quedat sense pla\u00e7a.<\/p>\n<p><a href=\"http:\/\/institutmollerussa.com\/wp-content\/uploads\/2020\/05\/Llistes-per-publicaci%C3%B3-tauler-i-web-centre-BIOCIDES-exclosos.pdf\">Llistat de preinscrits no admesos per manca de justificaci\u00f3 i requisits<\/a><\/p>\n<h3><span style=\"color: #0000ff;\"><strong>Guia d\u2019itineraris<\/strong><\/span><\/h3>\n<p><a href=\"http:\/\/institutmollerussa.com\/wp-content\/uploads\/2020\/05\/Llistes-per-publicacio-tauler-i-web-centre_institut-mollerussa_Guia-ditineraris-exclosos.pdf\">Llistat de preinscrits no admesos per manca de justificaci\u00f3 de m\u00e8rits i requisits<\/a><\/p>\n<h3><strong><span style=\"color: #0000ff;\">Termini de reclamacions i com fer-la<\/span><br \/>\n<\/strong><\/h3>\n<p><strong>Tota la documentaci\u00f3 d\u2019una reclamaci\u00f3 cal enviar-la per email, no vagin al centre<\/strong><\/p>\n<p>Hi ha deu dies h\u00e0bils a partir del dia seg\u00fcent a la publicaci\u00f3 dels resultats provisionals de la preinscripci\u00f3 per enviar per email la reclamaci\u00f3. Publicaci\u00f3 dels resultats: 26\/05\/2020<\/p>\n<p>Per realitzar una reclamaci\u00f3 cal emplenar el model de sol\u00b7licitud de reclamaci\u00f3 seg\u00fcent:<\/p>\n<p><a href=\"http:\/\/institutmollerussa.com\/wp-content\/uploads\/2020\/05\/Sol%C2%B7licitud-de-reclamaci%C3%B3-acreditat.pdf\">Sol\u00b7licitud de reclamaci\u00f3 acreditat<\/a><\/p>\n<p>la sol\u00b7licitud emplenada i signada juntament amb la documentaci\u00f3 al\u00b7legada cal enviar-la escanejada a l\u2019adre\u00e7a de correu seg\u00fcent:<\/p>\n<p><strong>En cas de biocides<\/strong>:\u00a0<a href=\"mailto:insmollerussa.acreditat.biocides@gmail.com\">insmollerussa.acreditat.biocides@gmail.com<\/a><\/p>\n<p><strong>En cas de guia d\u2019itinerari<\/strong>s:\u00a0<a href=\"mailto:insmollerussa.acreditat.guia@gmail.com\">insmollerussa.acreditat.guia@gmail.com<\/a><\/p>\n<p><strong>data 02\/04\/2020<br \/>\n<\/strong><\/p>\n<p>****************************************************************************************<\/p>\n<p><strong>Informaci\u00f3 per Biocides<\/strong><\/p>\n<p>Degut al nombre de sol\u00b7licituds s\u2019ha ampliat a 100 el n\u00famero de places. Les sol\u00b7licitud s\u2019atendran en l\u2019\u00a0<strong>\u00a0Institut Mollerussa<\/strong>\u00a0i l\u2019\u00a0<strong>Institut de Terrassa<\/strong>\u00a0en funci\u00f3 de la localitat de resid\u00e8ncia dels candidats. La assignaci\u00f3 es far\u00e0 de manera autom\u00e0tica i\u00a0<u>per motius d\u2019organitzaci\u00f3\u00a0<strong>no<\/strong>\u00a0es podr\u00e0 seleccionar el centre<\/u>.<\/p>\n<p>A partir d\u2019una data per concretar s\u2019informar\u00e0 en la p\u00e0gina web de l\u2019Institut Mollerussa i de l\u2019Institut de Terrassa\u00a0<strong>l\u2019assignaci\u00f3 de centre<\/strong>\u00a0als candidats que hagin quedat admesos en la publicaci\u00f3 dels resultats definitius de la preinscripci\u00f3<\/p>\n<p>****************************************************************************************<\/p>\n<p><strong>Informaci\u00f3 general de les unitats de compet\u00e8ncia convocades a l\u2019 Institut Mollerussa<\/strong><\/p>\n<p><a href=\"http:\/\/institutmollerussa.com\/wp-content\/uploads\/2020\/02\/%C3%80mbit_Biocides.pdf\"><strong><em>Biocides<\/em><\/strong><\/a><\/p>\n<p><a href=\"http:\/\/institutmollerussa.com\/wp-content\/uploads\/2020\/02\/%C3%80mbit_Guia_Itineraris.pdf\"><strong><em>Guia d\u2019itineraris<\/em><\/strong><\/a><\/p>\n<p><em><strong><a href=\"http:\/\/institutmollerussa.com\/wp-content\/uploads\/2020\/02\/TAXES.pdf\">Taxes<\/a><\/strong><\/em><\/p>\n<p>Calendari<\/p>\n<p>Pels candidats admesos les diferents comissions avaluadores es ficaran amb contacte per comunicar-lo.<\/p>\n<p><a href=\"http:\/\/acreditat.gencat.cat\/ca\/\" target=\"_blank\" rel=\"noopener noreferrer\"><em><strong>M\u00e9s info a http:\/\/acreditat.gencat.cat<\/strong><\/em><\/a><\/p>\n<\/div>\n","protected":false},"excerpt":{"rendered":"<p><a href=\"https:\/\/agora.xtec.cat\/ies-mollerussa\/wp-content\/uploads\/usu2499\/2021\/04\/2_Boto_Acredita.jpg\"><\/a><br \/>\n&nbsp;<\/p>\n<p><a href=\"http:\/\/www.educacionyfp.gob.es\/mc\/fse\/\" target=\"_blank\" rel=\"noopener noreferrer\">http:\/\/www.educacionyfp.gob.es\/mc\/fse\/<\/a><\/p>\n<p>Acredita\u2019t. Com demanar el certificat.<br \/>\n<a href=\"https:\/\/agora.xtec.cat\/ies-mollerussa\/wp-content\/uploads\/usu2499\/2022\/01\/Sollicitud-CP.pdf\" target=\"_blank\" rel=\"noopener\">Com demanar el Certificat de professionalitat de les persones que han participat en l&#8217; Acredita&#8217;t i l&#8217;han obtingut<\/a><\/p>\n<p>Acredita\u2019t. Guia i model de dossier de traject\u00f2ria professional i formativa.<\/p>\n<p><a href=\"https:\/\/agora.xtec.cat\/ies-mollerussa\/wp-content\/uploads\/usu2499\/2021\/09\/Guia-aspirant.pdf\" target=\"_blank\" rel=\"noopener\">Guia aspirant en&hellip;  <a href=\"https:\/\/agora.xtec.cat\/ies-mollerussa\/acreditat\/\" title=\"Read Acredita&#8217;t\">Llegeix m\u00e9s\u00bb<\/a><\/p>\n","protected":false},"author":3,"featured_media":0,"parent":0,"menu_order":0,"comment_status":"closed","ping_status":"closed","template":"","meta":{"_bbp_topic_count":0,"_bbp_reply_count":0,"_bbp_total_topic_count":0,"_bbp_total_reply_count":0,"_bbp_voice_count":0,"_bbp_anonymous_reply_count":0,"_bbp_topic_count_hidden":0,"_bbp_reply_count_hidden":0,"_bbp_forum_subforum_count":0,"footnotes":""},"class_list":["post-627","page","type-page","status-publish","hentry"],"post_mailing_queue_ids":[],"_links":{"self":[{"href":"https:\/\/agora.xtec.cat\/ies-mollerussa\/wp-json\/wp\/v2\/pages\/627","targetHints":{"allow":["GET"]}}],"collection":[{"href":"https:\/\/agora.xtec.cat\/ies-mollerussa\/wp-json\/wp\/v2\/pages"}],"about":[{"href":"https:\/\/agora.xtec.cat\/ies-mollerussa\/wp-json\/wp\/v2\/types\/page"}],"author":[{"embeddable":true,"href":"https:\/\/agora.xtec.cat\/ies-mollerussa\/wp-json\/wp\/v2\/users\/3"}],"replies":[{"embeddable":true,"href":"https:\/\/agora.xtec.cat\/ies-mollerussa\/wp-json\/wp\/v2\/comments?post=627"}],"version-history":[{"count":5,"href":"https:\/\/agora.xtec.cat\/ies-mollerussa\/wp-json\/wp\/v2\/pages\/627\/revisions"}],"predecessor-version":[{"id":5925,"href":"https:\/\/agora.xtec.cat\/ies-mollerussa\/wp-json\/wp\/v2\/pages\/627\/revisions\/5925"}],"wp:attachment":[{"href":"https:\/\/agora.xtec.cat\/ies-mollerussa\/wp-json\/wp\/v2\/media?parent=627"}],"curies":[{"name":"wp","href":"https:\/\/api.w.org\/{rel}","templated":true}]}}