{"id":581,"date":"2014-10-15T08:00:04","date_gmt":"2014-10-15T08:00:04","guid":{"rendered":"http:\/\/institutmollerussa.com\/?page_id=581"},"modified":"2021-07-19T14:57:44","modified_gmt":"2021-07-19T12:57:44","slug":"assessorament","status":"publish","type":"page","link":"https:\/\/agora.xtec.cat\/ies-mollerussa\/assessorament\/","title":{"rendered":"Assessorament"},"content":{"rendered":"<p><img loading=\"lazy\" decoding=\"async\" class=\"wp-image-582 size-full alignleft\" src=\"http:\/\/institutmollerussa.com\/wp-content\/uploads\/2014\/10\/LOGO_Assessorament_ok.jpg\" alt=\"assessorament\" width=\"84\" height=\"84\" \/><\/p>\n<h1>Servei d\u2019assessorament en la formaci\u00f3 professional del sistema educatiu<\/h1>\n<p style=\"text-align: center;\"><a href=\"http:\/\/queestudiar.gencat.cat\/ca\/estudis\/fp\/mesures-flexib\/assessorament\/\" target=\"_blank\" rel=\"noopener noreferrer\">Informaci\u00f3 detallada a la web de la Generalitat<\/a><\/p>\n<p class=\"Estilo20\" style=\"text-align: justify;\">Servei que presta el centre educatiu, a sol\u2022licitud de la persona interessada, i de forma personalitzada, que consisteix en la identificaci\u00f3 i l\u2019an\u00e0lisi detallat de les capacitats i expectatives professionals, i la identificaci\u00f3 i valoraci\u00f3 de les ofertes formatives amb les seves variants, i que conclou amb l\u2019elaboraci\u00f3 i lliurament de l\u2019informe d\u2019assessorament.<\/p>\n<p class=\"Estilo20\" style=\"text-align: justify;\">\u00c9s el requisit previ per participar despr\u00e8s al <b>Reconeixement acad\u00e8mic dels aprenentatges assolits mitjan\u00e7ant l\u2019experi\u00e8ncia laboral o en activitats socials. <\/b><\/p>\n<blockquote><p>Consulteu les darreres novetats, terminis, documentaci\u00f3, llistats, etc. a la secci\u00f3 de noticies de la web o al tauler del centre<\/p>\n<p style=\"text-align: center;\"><a href=\"https:\/\/agora.xtec.cat\/ies-mollerussa\/category\/assessorament\/\"><strong>Darreres novetats sobre assessorament<\/strong><\/a><\/p>\n<p>&nbsp;<\/p><\/blockquote>\n<h2 class=\"Estilo17\">Carta de comprom\u00eds de qualitat dels serveis:<\/h2>\n<p class=\"Estilo17\"><span class=\"Estilnegre\">El centre es compromet a prestar el servei en els seg\u00fcents termes de qualitat: <\/span> <a href=\"https:\/\/agora.xtec.cat\/ies-mollerussa\/wp-content\/uploads\/usu2499\/2021\/06\/carta_compromis_assess_reconx_v6.pdf\">carta<\/a><\/p>\n<h2 class=\"Estilo17\">Per\u00edode d\u2019admissi\u00f3 de les sol\u2022licituds pel servei d\u2019assessorament:<\/h2>\n<ul>\n<li>Consulteu els darrers calendaris del proc\u00e9s d&#8217;<strong>assessorament:<br \/>\n<a href=\"https:\/\/agora.xtec.cat\/ies-mollerussa\/wp-content\/uploads\/usu2499\/2021\/07\/Calendari_assessorament_1\u00ba-FASE-1-1.docx\" target=\"_blank\" rel=\"noopener noreferrer\">Calendari d&#8217; assessorament 1 fase<\/a><br \/>\n<a href=\"https:\/\/agora.xtec.cat\/ies-mollerussa\/wp-content\/uploads\/usu2499\/2021\/07\/Calendari_assessorament_2\u00ba-FASE-.docx\" target=\"_blank\" rel=\"noopener noreferrer\">Calendari d&#8217; assessorament 2 fase<\/a><\/strong><\/li>\n<\/ul>\n<h2 class=\"Estilo17\">Presentaci\u00f3 de documentaci\u00f3:<\/h2>\n<p>Les persones admeses hauran de presentar la documentaci\u00f3 seg\u00fcent a la secretaria del centre,<\/p>\n<ul>\n<li>Full d&#8217;inscripci\u00f3 al servei d&#8217;assessorament: <a href=\"https:\/\/agora.xtec.cat\/ies-mollerussa\/wp-content\/uploads\/usu2499\/2021\/06\/Full-dinscripci\u00f3-Assessorament.doc\">Full dinscripci\u00f3 Assessorament\u00a0<\/a>(PDF)<\/li>\n<li>Full de sol\u00b7licitud al servei d&#8217;assessorament: <a href=\"https:\/\/agora.xtec.cat\/ies-mollerussa\/wp-content\/uploads\/usu2499\/2021\/06\/Sollicitud_servei_assessorament.doc\">Sollicitud_servei_assessorament<\/a> (PDF)<\/li>\n<li>Fotoc\u00f2pia del DNI, NIE o Passaport, acompanyat de l\u2019original per a la seva verificaci\u00f3.<\/li>\n<li>Document justificatiu de la bonificaci\u00f3 o l\u2019exempci\u00f3 del preu p\u00fablic, si \u00e9s el cas.<\/li>\n<li>Resguard de pagament del preu establert.<\/li>\n<\/ul>\n<p class=\"Estilo17\">Preu del Servei:<span class=\"Estilnegre\"> 60 euros. (pot variar d&#8217;un curs a un altre)<br \/>\n<\/span><\/p>\n<h2 class=\"Estilo17\">Reuni\u00f3 informativa:<\/h2>\n<p>Hi haur\u00e0 una reuni\u00f3 informativa a les depend\u00e8ncies del Institut Mollerussa, que s&#8217;indicar\u00e0 oportunament pels canals de comunicaci\u00f3 de l&#8217;Institut. Si ho desitgeu tamb\u00e9 podeu contactar amb nosaltres per demanar m\u00e9s informaci\u00f3 detallada.<\/p>\n<h2 class=\"Estilo17\">Normativa :<\/h2>\n<p class=\"Estilo20\" style=\"text-align: justify;\">Resoluci\u00f3 ENS\/1891\/2012, de 23 d&#8217;agost, d&#8217;organitzaci\u00f3 de diverses mesures flexibilitzadores i actuacions en la formaci\u00f3 professional inicial (DOGC n\u00fam. 6220, de 26.9.2012) <a href=\"http:\/\/www20.gencat.cat\/portal\/site\/portaldogc\/menuitem.c973d2fc58aa0083e4492d92b0c0e1a0\/?vgnextoid=485946a6e5dfe210VgnVCM1000000b0c1e0aRCRD&amp;appInstanceName=default&amp;action=fitxa&amp;documentId=617026&amp;language=ca_ES\"> RESOLUCI\u00d3<\/a><\/p>\n<p><span style=\"font-family: Verdana,Arial,Helvetica,sans-serif; font-size: small;\">\u00a0<\/span><\/p>\n","protected":false},"excerpt":{"rendered":"<p>\t\t\t\t\t\t&hellip;  <a href=\"https:\/\/agora.xtec.cat\/ies-mollerussa\/assessorament\/\" title=\"Read Assessorament\">Llegeix m\u00e9s\u00bb<\/a><\/p>\n","protected":false},"author":1,"featured_media":0,"parent":0,"menu_order":0,"comment_status":"closed","ping_status":"open","template":"","meta":{"_bbp_topic_count":0,"_bbp_reply_count":0,"_bbp_total_topic_count":0,"_bbp_total_reply_count":0,"_bbp_voice_count":0,"_bbp_anonymous_reply_count":0,"_bbp_topic_count_hidden":0,"_bbp_reply_count_hidden":0,"_bbp_forum_subforum_count":0,"footnotes":""},"class_list":["post-581","page","type-page","status-publish","hentry"],"post_mailing_queue_ids":[],"_links":{"self":[{"href":"https:\/\/agora.xtec.cat\/ies-mollerussa\/wp-json\/wp\/v2\/pages\/581","targetHints":{"allow":["GET"]}}],"collection":[{"href":"https:\/\/agora.xtec.cat\/ies-mollerussa\/wp-json\/wp\/v2\/pages"}],"about":[{"href":"https:\/\/agora.xtec.cat\/ies-mollerussa\/wp-json\/wp\/v2\/types\/page"}],"author":[{"embeddable":true,"href":"https:\/\/agora.xtec.cat\/ies-mollerussa\/wp-json\/wp\/v2\/users\/1"}],"replies":[{"embeddable":true,"href":"https:\/\/agora.xtec.cat\/ies-mollerussa\/wp-json\/wp\/v2\/comments?post=581"}],"version-history":[{"count":5,"href":"https:\/\/agora.xtec.cat\/ies-mollerussa\/wp-json\/wp\/v2\/pages\/581\/revisions"}],"predecessor-version":[{"id":6247,"href":"https:\/\/agora.xtec.cat\/ies-mollerussa\/wp-json\/wp\/v2\/pages\/581\/revisions\/6247"}],"wp:attachment":[{"href":"https:\/\/agora.xtec.cat\/ies-mollerussa\/wp-json\/wp\/v2\/media?parent=581"}],"curies":[{"name":"wp","href":"https:\/\/api.w.org\/{rel}","templated":true}]}}