{"id":502,"date":"2014-09-11T21:56:31","date_gmt":"2014-09-11T21:56:31","guid":{"rendered":"http:\/\/institutmollerussa.com\/?page_id=502"},"modified":"2014-09-11T21:56:31","modified_gmt":"2014-09-11T21:56:31","slug":"borsa-de-treball","status":"publish","type":"page","link":"https:\/\/agora.xtec.cat\/ies-mollerussa\/borsa-de-treball\/","title":{"rendered":"Borsa de treball"},"content":{"rendered":"<table border=\"0\" width=\"100%\" cellspacing=\"0\" cellpadding=\"0\">\n<tbody>\n<tr>\n<td width=\"3%\"><\/td>\n<td width=\"62%\">\n<div align=\"center\"><em><strong><span class=\"Estilo1\">Borsa de treball<br \/>\n<\/span><\/strong><\/em><\/div>\n<\/td>\n<td width=\"2%\"><\/td>\n<td width=\"33%\"><\/td>\n<\/tr>\n<tr>\n<td><\/td>\n<td>\n<div align=\"center\"><span class=\"Estilo4\">Us donem la benvinguda a la nostra<br \/>\nborsa de treball<\/span><\/div>\n<\/td>\n<td><\/td>\n<td><span class=\"Estilo7\">Enlla\u00e7os interessants: <\/span><\/td>\n<\/tr>\n<tr>\n<td><\/td>\n<td><\/td>\n<td><\/td>\n<td><\/td>\n<\/tr>\n<tr>\n<td valign=\"top\" height=\"79\"><\/td>\n<td>\n<p class=\"Estilo13\" align=\"justify\"><em><strong>Alumnes i exalumnes:<br \/>\n<\/strong><\/em>per inscriure-us o actualitzar les vostres dades, cal que ompliu el<span class=\"Estilo14\"><strong> <a href=\"https:\/\/spreadsheets.google.com\/a\/xtec.cat\/viewform?formkey=dGR6SUdfQkR5YmFqeVpNcmpQT3BkUmc6MQ\" target=\"_blank\" rel=\"noopener noreferrer\">&gt; formulari d&#8217;inscripci\u00f3 &lt;<\/a><\/strong><\/span> Per gaudir dels avantatges de la nostra borsa \u00e9s convenient que anualment torneu a fer la vostra inscripci\u00f3. Si alg\u00fa t\u00e9 m\u00e9s d&#8217;una titulaci\u00f3, s&#8217;ha d&#8217;inscriure un cop per cada titulaci\u00f3.<\/p>\n<\/td>\n<td valign=\"top\"><\/td>\n<td valign=\"top\">\n<ul class=\"Estilo14\">\n<li><em><strong><a href=\"https:\/\/feinaactiva.gencat.cat\/web\/guest\/home\" target=\"_blank\" rel=\"noopener noreferrer\">Cerca de feina SOC<\/a><\/strong><\/em><\/li>\n<li><em><strong><a href=\"http:\/\/web.gencat.cat\/ca\/temes\/treball\/\" target=\"_blank\" rel=\"noopener noreferrer\">Treball Gencat<\/a><\/strong><\/em><\/li>\n<li><em><strong><a href=\"http:\/\/empresaiocupacio.gencat.cat\/ca\/treb_ambits_actuacio\/relacions_laborals_qualitat_treball\/consell_relacions_laborals\/treb_recursos\/treb_cercador_de_convenis\/\" target=\"_blank\" rel=\"noopener noreferrer\">Cercador de convenis col\u00b7lectius<\/a><\/strong><\/em><\/li>\n<\/ul>\n<\/td>\n<\/tr>\n<tr>\n<td><\/td>\n<td><\/td>\n<td><\/td>\n<td><\/td>\n<\/tr>\n<tr>\n<td><\/td>\n<td>\n<div class=\"Estilo13\">\n<div align=\"justify\">\n<p><em><strong>Empreses i entitats:<\/strong><\/em> podeu fer-nos arribar les vostres ofertes de treball via correu electr\u00f2nic (<a href=\"mailto:t5003202@xtec.cat\" target=\"_blank\" rel=\"noopener noreferrer\">t5003202@xtec.cat<\/a>). Per a m\u00e9s aclariments, tamb\u00e9 podeu trucar al tel\u00e8fon de l&#8217;Institut Mollerussa (973600359).<\/p>\n<\/div>\n<\/div>\n<\/td>\n<td><\/td>\n<td><\/td>\n<\/tr>\n<tr>\n<td><\/td>\n<td><\/td>\n<td><\/td>\n<td><\/td>\n<\/tr>\n<tr>\n<td><\/td>\n<td valign=\"top\">\n<p class=\"Estilo13\" align=\"justify\">Els professors responsables de la borsa, a mesura que rebem les ofertes de treball, les comunicarem als alumnes interessats a fi que puguin contactar directament.<\/p>\n<\/td>\n<td><\/td>\n<td><\/td>\n<\/tr>\n<tr>\n<td><\/td>\n<td><\/td>\n<td><\/td>\n<td><\/td>\n<\/tr>\n<\/tbody>\n<\/table>\n","protected":false},"excerpt":{"rendered":"<p>\t\t\t\t\t\t&hellip;  <a href=\"https:\/\/agora.xtec.cat\/ies-mollerussa\/borsa-de-treball\/\" title=\"Read Borsa de treball\">Llegeix m\u00e9s\u00bb<\/a><\/p>\n","protected":false},"author":1,"featured_media":0,"parent":0,"menu_order":0,"comment_status":"closed","ping_status":"open","template":"templates\/template-page-with-intro.php","meta":{"_bbp_topic_count":0,"_bbp_reply_count":0,"_bbp_total_topic_count":0,"_bbp_total_reply_count":0,"_bbp_voice_count":0,"_bbp_anonymous_reply_count":0,"_bbp_topic_count_hidden":0,"_bbp_reply_count_hidden":0,"_bbp_forum_subforum_count":0,"footnotes":""},"class_list":["post-502","page","type-page","status-publish","hentry"],"post_mailing_queue_ids":[],"_links":{"self":[{"href":"https:\/\/agora.xtec.cat\/ies-mollerussa\/wp-json\/wp\/v2\/pages\/502","targetHints":{"allow":["GET"]}}],"collection":[{"href":"https:\/\/agora.xtec.cat\/ies-mollerussa\/wp-json\/wp\/v2\/pages"}],"about":[{"href":"https:\/\/agora.xtec.cat\/ies-mollerussa\/wp-json\/wp\/v2\/types\/page"}],"author":[{"embeddable":true,"href":"https:\/\/agora.xtec.cat\/ies-mollerussa\/wp-json\/wp\/v2\/users\/1"}],"replies":[{"embeddable":true,"href":"https:\/\/agora.xtec.cat\/ies-mollerussa\/wp-json\/wp\/v2\/comments?post=502"}],"version-history":[{"count":0,"href":"https:\/\/agora.xtec.cat\/ies-mollerussa\/wp-json\/wp\/v2\/pages\/502\/revisions"}],"wp:attachment":[{"href":"https:\/\/agora.xtec.cat\/ies-mollerussa\/wp-json\/wp\/v2\/media?parent=502"}],"curies":[{"name":"wp","href":"https:\/\/api.w.org\/{rel}","templated":true}]}}