{"id":3606,"date":"2019-02-01T08:09:29","date_gmt":"2019-02-01T10:09:29","guid":{"rendered":"http:\/\/institutmollerussa.com\/?page_id=3606"},"modified":"2026-04-15T15:44:36","modified_gmt":"2026-04-15T13:44:36","slug":"documents-de-centre","status":"publish","type":"page","link":"https:\/\/agora.xtec.cat\/ies-mollerussa\/documents-de-centre\/","title":{"rendered":"Documents de centre"},"content":{"rendered":"<p>&nbsp;<\/p>\n<p>&nbsp;<\/p>\n<ul>\n<li><a href=\"https:\/\/agora.xtec.cat\/ies-mollerussa\/wp-content\/uploads\/usu2499\/2026\/01\/Normes-d_organitzacio-i-funcionament-de-centre_v11-2026.pdf\" target=\"_blank\" rel=\"noopener\">Normes d&#8217;organitzaci\u00f3 i funcionament de centre v11<\/a><\/li>\n<li><a href=\"https:\/\/agora.xtec.cat\/ies-mollerussa\/wp-content\/uploads\/usu2499\/2026\/01\/PGA_2025-26.pdf\" target=\"_blank\" rel=\"noopener\">PGA 2025\/26<\/a><\/li>\n<li><a href=\"https:\/\/agora.xtec.cat\/ies-mollerussa\/wp-content\/uploads\/usu2499\/2026\/01\/Projecte-Educatiu-de-Centre_v9.pdf\" target=\"_blank\" rel=\"noopener\">Projecte Educatiu de Centre v9<\/a><\/li>\n<li><a href=\"https:\/\/agora.xtec.cat\/ies-mollerussa\/wp-content\/uploads\/usu2499\/2026\/04\/Projecte-Linguistic-de-lInstitut-Mollerussa-v2.pdf\" target=\"_blank\" rel=\"noopener\">Projecte Ling\u00fc\u00edstic de l&#8217;Institut Mollerussa v2<\/a><\/li>\n<li><a href=\"https:\/\/agora.xtec.cat\/ies-mollerussa\/wp-content\/uploads\/usu2499\/2025\/02\/CARTA-DE-SERVEIS_v3-.pdf\" target=\"_blank\" rel=\"noopener\">Carta de serveis v3<\/a><\/li>\n<li><a href=\"https:\/\/agora.xtec.cat\/ies-mollerussa\/wp-content\/uploads\/usu2499\/2024\/07\/pla-dacollida-MUFPS.pdf\" target=\"_blank\" rel=\"noopener\">Pla d&#8217;acollida MUFPS<\/a><\/li>\n<\/ul>\n<p>&nbsp;<\/p>\n<p><strong>Consell de Formaci\u00f3 i Empresa<\/strong><\/p>\n<ul>\n<li><a href=\"https:\/\/agora.xtec.cat\/ies-mollerussa\/wp-content\/uploads\/usu2499\/2024\/11\/Acta-constitucio-Comissio-permanent-del-CFE-de-13-novembre-2024.pdf\" target=\"_blank\" rel=\"noopener\">Acta de constituci\u00f3 del Ple i la Comissi\u00f3 Permanent permanent del Consell de formaci\u00f3 i Empresa <\/a><\/li>\n<li><a href=\"https:\/\/agora.xtec.cat\/ies-mollerussa\/wp-content\/uploads\/usu2499\/2024\/11\/Acta-Comissio-permanent-del-CFE-de-13-novembre-2024.pdf\">Acta on s&#8217;aprova el projecte fundacional de les fam\u00edlies Agr\u00e0ria i Ind\u00fastries Extractives<\/a><\/li>\n<\/ul>\n<p>&nbsp;<\/p>\n","protected":false},"excerpt":{"rendered":"<p>\t\t\t\t\t\t&hellip;  <a href=\"https:\/\/agora.xtec.cat\/ies-mollerussa\/documents-de-centre\/\" title=\"Read Documents de centre\">Llegeix m\u00e9s\u00bb<\/a><\/p>\n","protected":false},"author":1,"featured_media":0,"parent":0,"menu_order":0,"comment_status":"closed","ping_status":"closed","template":"","meta":{"_bbp_topic_count":0,"_bbp_reply_count":0,"_bbp_total_topic_count":0,"_bbp_total_reply_count":0,"_bbp_voice_count":0,"_bbp_anonymous_reply_count":0,"_bbp_topic_count_hidden":0,"_bbp_reply_count_hidden":0,"_bbp_forum_subforum_count":0,"footnotes":""},"class_list":["post-3606","page","type-page","status-publish","hentry"],"post_mailing_queue_ids":[],"_links":{"self":[{"href":"https:\/\/agora.xtec.cat\/ies-mollerussa\/wp-json\/wp\/v2\/pages\/3606","targetHints":{"allow":["GET"]}}],"collection":[{"href":"https:\/\/agora.xtec.cat\/ies-mollerussa\/wp-json\/wp\/v2\/pages"}],"about":[{"href":"https:\/\/agora.xtec.cat\/ies-mollerussa\/wp-json\/wp\/v2\/types\/page"}],"author":[{"embeddable":true,"href":"https:\/\/agora.xtec.cat\/ies-mollerussa\/wp-json\/wp\/v2\/users\/1"}],"replies":[{"embeddable":true,"href":"https:\/\/agora.xtec.cat\/ies-mollerussa\/wp-json\/wp\/v2\/comments?post=3606"}],"version-history":[{"count":7,"href":"https:\/\/agora.xtec.cat\/ies-mollerussa\/wp-json\/wp\/v2\/pages\/3606\/revisions"}],"predecessor-version":[{"id":8503,"href":"https:\/\/agora.xtec.cat\/ies-mollerussa\/wp-json\/wp\/v2\/pages\/3606\/revisions\/8503"}],"wp:attachment":[{"href":"https:\/\/agora.xtec.cat\/ies-mollerussa\/wp-json\/wp\/v2\/media?parent=3606"}],"curies":[{"name":"wp","href":"https:\/\/api.w.org\/{rel}","templated":true}]}}