{"id":21,"date":"2014-09-17T16:14:14","date_gmt":"2014-09-17T16:14:14","guid":{"rendered":"http:\/\/agora.xtec.cat\/ies-mollerussa\/?page_id=21"},"modified":"2021-06-10T13:59:02","modified_gmt":"2021-06-10T11:59:02","slug":"on-som","status":"publish","type":"page","link":"https:\/\/agora.xtec.cat\/ies-mollerussa\/campus\/on-som\/","title":{"rendered":"On som"},"content":{"rendered":"<p style=\"color: #666666; text-align: center;\"><strong>Institut Mollerussa<\/strong><br \/>\nCarretera de Torregrossa, km 1,9<br \/>\n25230 Mollerussa<\/p>\n<p style=\"text-align: center;\">Tel.: 973 600 359<br \/>\nies-mollerussa@xtec.cat<\/p>\n<p style=\"text-align: center;\"><strong>Centres adscrits a l&#8217;institut:<br \/>\n<\/strong>PTT Mollerussa, PTT T\u00e0rrega<\/p>\n<p><iframe loading=\"lazy\" src=\"https:\/\/www.google.com\/maps\/embed?pb=!1m14!1m8!1m3!1d23854.819840601467!2d0.8881190000000001!3d41.63732000000001!3m2!1i1024!2i768!4f13.1!3m3!1m2!1s0x0%3A0x0!2zNDHCsDM3JzAxLjgiTiAwwrA1MSc1OS4wIkU!5e0!3m2!1ses!2sus!4v1616759292458!5m2!1ses!2sus\" width=\"600\" height=\"450\"><\/iframe><\/p>\n<h3><strong>Com arribar-hi:<\/strong><\/h3>\n<h5>Transport p\u00fablic<\/h5>\n<p>El principal mitj\u00e0 de transport per accedir al centre \u00e9s les diverses l\u00ednies d&#8217;autob\u00fas que connecten amb les principals poblacions amb horari compatible amb l&#8217;activitat formativa.<\/p>\n<h5>Serveis de taxi amb les principals poblacions<\/h5>\n<p>Hi ha disponible en la zona d&#8217;influ\u00e8ncia del centre serveis de taxi porta a porta amb les principals poblacions. Cal consultar-ho en cada localitat.<\/p>\n<div id=\"mtren\">\n<h5>Estaci\u00f3 de trens<\/h5>\n<p>El transport de rodalies connectat la poblaci\u00f3 de Mollerussa amb Lleida. Els horaris de transport s\u00f3n compatibles amb l&#8217;horari escolar del centre.<\/p>\n<\/div>\n<div id=\"mpeu\">\n<div id=\"mbici\">\n<h5>Carril bici<\/h5>\n<p>El centre est\u00e0 connectat amb la principal poblaci\u00f3 Mollerussa per mitj\u00e0 d&#8217;un carril bici bidireccional separat del tr\u00e0fic rodat per rec\u00f3rrer la dist\u00e0ncia al centre amb la m\u00e0xima seguretat..<\/p>\n<\/div>\n<h5>Via peatonal<\/h5>\n<p>Hi ha una via peatonal compartida amb el carril bici que permet rec\u00f3rrer amb 10 minuts la dist\u00e0ncia amb la principal poblaci\u00f3 Mollerussa amb seguretat.<\/p>\n<\/div>\n<div id=\"mpkg\">\n<h5>Vehicle privat<\/h5>\n<p>El centre disposa d&#8217;\u00e0mplies zones d&#8217;aparcament per a les persones que utilitzar com a mitj\u00e0 de transport el vehicle privat.<\/p>\n<\/div>\n<p><strong>\u00a0<\/strong><\/p>\n","protected":false},"excerpt":{"rendered":"<p>Institut Mollerussa<br \/>\nCarretera de Torregrossa, km 1,9<br \/>\n25230 Mollerussa<br \/>\nTel.: 973 600 359<br \/>\nies-mollerussa@xtec.cat<br \/>\nCentres adscrits a l&#8217;institut:<br \/>\nPTT Mollerussa, PTT T\u00e0rrega<\/p>\n<p>Com arribar-hi:<br \/>\nTransport p\u00fablic<br \/>\nEl principal mitj\u00e0 de transport per accedir al centre \u00e9s les diverses l\u00ednies d&#8217;autob\u00fas que connecten amb les principals poblacions amb horari compatible amb l&#8217;activitat formativa.<br \/>\nServeis de taxi&hellip;  <a href=\"https:\/\/agora.xtec.cat\/ies-mollerussa\/campus\/on-som\/\" title=\"Read On som\">Llegeix m\u00e9s\u00bb<\/a><\/p>\n","protected":false},"author":1,"featured_media":0,"parent":19,"menu_order":10,"comment_status":"closed","ping_status":"closed","template":"page-templates\/side-menu.php","meta":{"_bbp_topic_count":0,"_bbp_reply_count":0,"_bbp_total_topic_count":0,"_bbp_total_reply_count":0,"_bbp_voice_count":0,"_bbp_anonymous_reply_count":0,"_bbp_topic_count_hidden":0,"_bbp_reply_count_hidden":0,"_bbp_forum_subforum_count":0,"footnotes":""},"class_list":["post-21","page","type-page","status-publish","hentry"],"post_mailing_queue_ids":[],"_links":{"self":[{"href":"https:\/\/agora.xtec.cat\/ies-mollerussa\/wp-json\/wp\/v2\/pages\/21","targetHints":{"allow":["GET"]}}],"collection":[{"href":"https:\/\/agora.xtec.cat\/ies-mollerussa\/wp-json\/wp\/v2\/pages"}],"about":[{"href":"https:\/\/agora.xtec.cat\/ies-mollerussa\/wp-json\/wp\/v2\/types\/page"}],"author":[{"embeddable":true,"href":"https:\/\/agora.xtec.cat\/ies-mollerussa\/wp-json\/wp\/v2\/users\/1"}],"replies":[{"embeddable":true,"href":"https:\/\/agora.xtec.cat\/ies-mollerussa\/wp-json\/wp\/v2\/comments?post=21"}],"version-history":[{"count":4,"href":"https:\/\/agora.xtec.cat\/ies-mollerussa\/wp-json\/wp\/v2\/pages\/21\/revisions"}],"predecessor-version":[{"id":5410,"href":"https:\/\/agora.xtec.cat\/ies-mollerussa\/wp-json\/wp\/v2\/pages\/21\/revisions\/5410"}],"up":[{"embeddable":true,"href":"https:\/\/agora.xtec.cat\/ies-mollerussa\/wp-json\/wp\/v2\/pages\/19"}],"wp:attachment":[{"href":"https:\/\/agora.xtec.cat\/ies-mollerussa\/wp-json\/wp\/v2\/media?parent=21"}],"curies":[{"name":"wp","href":"https:\/\/api.w.org\/{rel}","templated":true}]}}