{"id":7902,"date":"2023-06-08T15:35:53","date_gmt":"2023-06-08T13:35:53","guid":{"rendered":"https:\/\/agora.xtec.cat\/ies-miquel-tarradell\/?page_id=7902"},"modified":"2026-01-29T11:25:27","modified_gmt":"2026-01-29T10:25:27","slug":"edc-diagnosi","status":"publish","type":"page","link":"https:\/\/agora.xtec.cat\/ies-miquel-tarradell\/linstitut\/estrategiadigital\/edc-diagnosi\/","title":{"rendered":"EDC &#8211; Diagnosi"},"content":{"rendered":"\n<p>En el proc\u00e9s d\u2019elaboraci\u00f3 de la diagnosi, s\u2019han seguit els seg\u00fcents passos i s\u2019han emprat les seg\u00fcents eines:<\/p>\n\n\n\n<p>1. \u00das de l\u2019eina SELFIE per fer una primera diagnosi. Ha estat \u00fatil per obtenir una visi\u00f3 global de centre en termes digitals.<\/p>\n\n\n\n<ul class=\"wp-block-list\">\n<li><a href=\"https:\/\/drive.google.com\/file\/d\/14iyHTd4PobjiU4M9JU-Nw7zU3JPhWXu7\/view?usp=sharing\" target=\"_blank\" rel=\"noopener\">Enlla\u00e7 als resultats eina SELFIE (Formaci\u00f3 Professional)<\/a><\/li>\n\n\n\n<li><a href=\"https:\/\/drive.google.com\/file\/d\/1eEv9MRRp2a4bWitZy0U14PXgBqyMPPQs\/view?usp=sharing\" target=\"_blank\" rel=\"noopener\">Enlla\u00e7 als resultats eina SELFIE (Secund\u00e0ria)<\/a><\/li>\n<\/ul>\n\n\n\n<p>2. Recollida d\u2019indicadors que el centre ja t\u00e9 sobre \u00fas de tecnologia: resultats dels alumnes en l\u2019\u00e0mbit digital, nombre i periodicitat de publicacions al web, \u00fas de dispositius digitals al centre, etc.<br>3. Per avaluar la compet\u00e8ncia digital docent es va fer servir l\u2019eina Selfie for teachers que es pot utilitzar individualment o en grup. Selfie for teachers est\u00e0 enfocada a l\u2019autoavaluaci\u00f3 individual. i permet detectar les mancances i els punts forts del professorat de forma global al centre de la compet\u00e8ncia digital.<\/p>\n\n\n\n<ul class=\"wp-block-list\">\n<li><a href=\"https:\/\/docs.google.com\/spreadsheets\/d\/1XEwHJyKobStwc2Sh7_s3FIoAX1sJHV7ZQXen8M81Amc\/edit#gid=0\" target=\"_blank\" rel=\"noopener\">Consulta als resultats de l&#8217;eina Selfie for teachers<\/a><\/li>\n<\/ul>\n\n\n\n<p>4. Realitzaci\u00f3 d\u2019entrevistes als caps de departament\/\u00e0mbit, a representants de l\u2019AFA, al coordinador digital i a membres del consell de delegats dels alumnes per verificar les dades obtingudes i per obtenir les que manquin.<\/p>\n\n\n\n<ul class=\"wp-block-list\">\n<li><a href=\"https:\/\/docs.google.com\/spreadsheets\/d\/1ldI42koKyXR4_KiYcaWSzOh8j23ii6yA\/edit#gid=1077883203\" target=\"_blank\" rel=\"noopener\">Consulta de resultats a enquestes a les fam\u00edlies<\/a><\/li>\n<\/ul>\n\n\n\n<p>5. Revisi\u00f3 del llistat d\u2019\u00edtems del Pla TAC per assegurar que no falta cap aspecte important per analitzar.<\/p>\n\n\n\n<p><span style=\"font-weight: 400;\">Despr\u00e9s de fer la diagnosi es detecten un seguit punts forts i febles de diferents \u00e0mbits: alumnat i fam\u00edlies, professorat i centre; que queden recollits en el seg\u00fcent quadre resum.<\/span><\/p>\n\n\n\n<figure class=\"wp-block-image aligncenter\"><img loading=\"lazy\" decoding=\"async\" width=\"1024\" height=\"489\" src=\"https:\/\/agora.xtec.cat\/ies-miquel-tarradell\/wp-content\/uploads\/usu83\/2022\/12\/Diagnosi-resultats-2-1024x489.png\" alt=\"\" class=\"wp-image-6806\" srcset=\"https:\/\/agora.xtec.cat\/ies-miquel-tarradell\/wp-content\/uploads\/usu83\/2022\/12\/Diagnosi-resultats-2-1024x489.png 1024w, https:\/\/agora.xtec.cat\/ies-miquel-tarradell\/wp-content\/uploads\/usu83\/2022\/12\/Diagnosi-resultats-2-300x143.png 300w, https:\/\/agora.xtec.cat\/ies-miquel-tarradell\/wp-content\/uploads\/usu83\/2022\/12\/Diagnosi-resultats-2-768x367.png 768w, https:\/\/agora.xtec.cat\/ies-miquel-tarradell\/wp-content\/uploads\/usu83\/2022\/12\/Diagnosi-resultats-2-1536x734.png 1536w, https:\/\/agora.xtec.cat\/ies-miquel-tarradell\/wp-content\/uploads\/usu83\/2022\/12\/Diagnosi-resultats-2.png 1585w\" sizes=\"auto, (max-width: 1024px) 100vw, 1024px\" \/><\/figure>\n\n\n\n<p><\/p>\n","protected":false},"excerpt":{"rendered":"<p>En el proc\u00e9s d\u2019elaboraci\u00f3 de la diagnosi, s\u2019han seguit els seg\u00fcents passos i s\u2019han emprat les seg\u00fcents eines: 1. \u00das de l\u2019eina SELFIE per fer una primera diagnosi. Ha estat \u00fatil per obtenir una visi\u00f3 global de centre en termes digitals. 2. Recollida d\u2019indicadors que el centre ja t\u00e9 sobre \u00fas de tecnologia: resultats dels [&hellip;]<\/p>\n","protected":false},"author":1,"featured_media":0,"parent":5707,"menu_order":0,"comment_status":"closed","ping_status":"closed","template":"","meta":{"_bbp_topic_count":0,"_bbp_reply_count":0,"_bbp_total_topic_count":0,"_bbp_total_reply_count":0,"_bbp_voice_count":0,"_bbp_anonymous_reply_count":0,"_bbp_topic_count_hidden":0,"_bbp_reply_count_hidden":0,"_bbp_forum_subforum_count":0,"site-sidebar-layout":"default","site-content-layout":"","ast-site-content-layout":"default","site-content-style":"default","site-sidebar-style":"default","ast-global-header-display":"","ast-banner-title-visibility":"","ast-main-header-display":"","ast-hfb-above-header-display":"","ast-hfb-below-header-display":"","ast-hfb-mobile-header-display":"","site-post-title":"","ast-breadcrumbs-content":"","ast-featured-img":"","footer-sml-layout":"","theme-transparent-header-meta":"","adv-header-id-meta":"","stick-header-meta":"","header-above-stick-meta":"","header-main-stick-meta":"","header-below-stick-meta":"","astra-migrate-meta-layouts":"set","ast-page-background-enabled":"default","ast-page-background-meta":{"desktop":{"background-color":"var(--ast-global-color-4)","background-image":"","background-repeat":"repeat","background-position":"center center","background-size":"auto","background-attachment":"scroll","background-type":"","background-media":"","overlay-type":"","overlay-color":"","overlay-opacity":"","overlay-gradient":""},"tablet":{"background-color":"","background-image":"","background-repeat":"repeat","background-position":"center center","background-size":"auto","background-attachment":"scroll","background-type":"","background-media":"","overlay-type":"","overlay-color":"","overlay-opacity":"","overlay-gradient":""},"mobile":{"background-color":"","background-image":"","background-repeat":"repeat","background-position":"center center","background-size":"auto","background-attachment":"scroll","background-type":"","background-media":"","overlay-type":"","overlay-color":"","overlay-opacity":"","overlay-gradient":""}},"ast-content-background-meta":{"desktop":{"background-color":"var(--ast-global-color-5)","background-image":"","background-repeat":"repeat","background-position":"center center","background-size":"auto","background-attachment":"scroll","background-type":"","background-media":"","overlay-type":"","overlay-color":"","overlay-opacity":"","overlay-gradient":""},"tablet":{"background-color":"var(--ast-global-color-5)","background-image":"","background-repeat":"repeat","background-position":"center center","background-size":"auto","background-attachment":"scroll","background-type":"","background-media":"","overlay-type":"","overlay-color":"","overlay-opacity":"","overlay-gradient":""},"mobile":{"background-color":"var(--ast-global-color-5)","background-image":"","background-repeat":"repeat","background-position":"center center","background-size":"auto","background-attachment":"scroll","background-type":"","background-media":"","overlay-type":"","overlay-color":"","overlay-opacity":"","overlay-gradient":""}},"footnotes":""},"class_list":["post-7902","page","type-page","status-publish","hentry"],"post_mailing_queue_ids":[],"_links":{"self":[{"href":"https:\/\/agora.xtec.cat\/ies-miquel-tarradell\/wp-json\/wp\/v2\/pages\/7902","targetHints":{"allow":["GET"]}}],"collection":[{"href":"https:\/\/agora.xtec.cat\/ies-miquel-tarradell\/wp-json\/wp\/v2\/pages"}],"about":[{"href":"https:\/\/agora.xtec.cat\/ies-miquel-tarradell\/wp-json\/wp\/v2\/types\/page"}],"author":[{"embeddable":true,"href":"https:\/\/agora.xtec.cat\/ies-miquel-tarradell\/wp-json\/wp\/v2\/users\/1"}],"replies":[{"embeddable":true,"href":"https:\/\/agora.xtec.cat\/ies-miquel-tarradell\/wp-json\/wp\/v2\/comments?post=7902"}],"version-history":[{"count":4,"href":"https:\/\/agora.xtec.cat\/ies-miquel-tarradell\/wp-json\/wp\/v2\/pages\/7902\/revisions"}],"predecessor-version":[{"id":11096,"href":"https:\/\/agora.xtec.cat\/ies-miquel-tarradell\/wp-json\/wp\/v2\/pages\/7902\/revisions\/11096"}],"up":[{"embeddable":true,"href":"https:\/\/agora.xtec.cat\/ies-miquel-tarradell\/wp-json\/wp\/v2\/pages\/5707"}],"wp:attachment":[{"href":"https:\/\/agora.xtec.cat\/ies-miquel-tarradell\/wp-json\/wp\/v2\/media?parent=7902"}],"curies":[{"name":"wp","href":"https:\/\/api.w.org\/{rel}","templated":true}]}}