{"id":2635,"date":"2021-02-17T15:36:53","date_gmt":"2021-02-17T14:36:53","guid":{"rendered":"http:\/\/agora.xtec.cat\/ies-miquel-tarradell\/?page_id=2635"},"modified":"2026-09-01T17:54:48","modified_gmt":"2026-09-01T15:54:48","slug":"preinscripcio","status":"publish","type":"page","link":"https:\/\/agora.xtec.cat\/ies-miquel-tarradell\/preinscripcio\/","title":{"rendered":"Preinscripci\u00f3 i matr\u00edcula"},"content":{"rendered":"\n<h3 class=\"wp-block-heading has-text-color has-link-color wp-elements-0f7326d039b7052207dc6610fa198b2d\" style=\"color:#8e9696\">Preinscripci\u00f3 i matr\u00edcula d&#8217;alumnat nou curs 26-27<\/h3>\n\n\n\n<p>Consulteu la informaci\u00f3 relacionada amb la preinscripci\u00f3 a <a href=\"https:\/\/preinscripcio.gencat.cat\/ca\/inici\"><em>https:\/\/preinscripcio.gencat.cat\/ca\/inici<\/em><\/a> i al <a href=\"https:\/\/www.edubcn.cat\/ca\/alumnat_i_familia\/informacio_general_matriculacio\/postobligatoris\" data-type=\"page\" data-id=\"10833\" target=\"_blank\" rel=\"noreferrer noopener\">web del Consorci d&#8217;Educaci\u00f3 de Barcelona <\/a><\/p>\n\n\n\n<div class=\"wp-block-columns has-border-color is-layout-flex wp-container-core-columns-is-layout-1 wp-block-columns-is-layout-flex\" style=\"border-color:var(--ast-global-color-1);border-width:2px;border-radius:42px\">\n<div class=\"wp-block-column is-vertically-aligned-center is-layout-flow wp-block-column-is-layout-flow\" style=\"flex-basis:33.33%\">\n<figure class=\"wp-block-image aligncenter size-full is-resized\"><a href=\"https:\/\/agora.xtec.cat\/ies-miquel-tarradell\/wp-content\/uploads\/usu83\/2024\/03\/Disseny-sense-titol-2.png\"><img loading=\"lazy\" decoding=\"async\" width=\"500\" height=\"500\" src=\"https:\/\/agora.xtec.cat\/ies-miquel-tarradell\/wp-content\/uploads\/usu83\/2024\/03\/Disseny-sense-titol-2.png\" alt=\"\" class=\"wp-image-9082\" style=\"width:209px;height:auto\" srcset=\"https:\/\/agora.xtec.cat\/ies-miquel-tarradell\/wp-content\/uploads\/usu83\/2024\/03\/Disseny-sense-titol-2.png 500w, https:\/\/agora.xtec.cat\/ies-miquel-tarradell\/wp-content\/uploads\/usu83\/2024\/03\/Disseny-sense-titol-2-300x300.png 300w, https:\/\/agora.xtec.cat\/ies-miquel-tarradell\/wp-content\/uploads\/usu83\/2024\/03\/Disseny-sense-titol-2-150x150.png 150w\" sizes=\"auto, (max-width: 500px) 100vw, 500px\" \/><\/a><\/figure>\n<\/div>\n\n\n\n<div class=\"wp-block-column is-vertically-aligned-center is-layout-flow wp-block-column-is-layout-flow\" style=\"flex-basis:66.66%\">\n<h3 class=\"wp-block-heading\">Gesti\u00f3 de vacants per a cicles formatius de grau mitj\u00e0 i superior<\/h3>\n\n\n\n<p>El 7 de setembre de 2026 el Departament d&#8217;Educaci\u00f3 i Formaci\u00f3 Professional publicar\u00e0 al web de preinscripci\u00f3 la relaci\u00f3 de les places vacants existents a cada centre i cicle despr\u00e9s que s&#8217;hagi matriculat l&#8217;alumnat procedent de la preinscripci\u00f3.<\/p>\n\n\n\n<p>Podr\u00e0s consultar les places vacants i l&#8217;enlla\u00e7 per apuntar-t&#8217;hi<strong> <\/strong> durant el dia <strong>7 de setembre<\/strong> en aquesta mateixa p\u00e0gina web. <\/p>\n\n\n\n<h4 class=\"wp-block-heading has-vivid-red-color has-text-color has-link-color wp-elements-90a4d572bd6aee905fb88375cedbdad8\"><a href=\"https:\/\/aplicacions.gestioeducativa.gencat.cat\/ords\/pls\/apex\/f?p=20160079072543618:650:::NO:650:P650_CENTRE:B019881726DB81FC4191C3F6BE631EC8A867020AC81050FA\" target=\"_blank\" rel=\"noreferrer noopener\">Cliqueu aqu\u00ed per fer sol\u00b7licitud de places vacants amb el torn de l\u00ednia (disponible el dia 7 de setembre)<\/a><\/h4>\n\n\n\n<p>Des del centre atendrem les sol\u00b7licituds seguint l&#8217;ordre assignat  del <strong>8 al 10 de setembre.<\/strong> Quan arribi el teu torn, podr\u00e0s optar a qualsevol de les vacants disponibles en aquell moment i dels cicles formatius per als quals compleixis els requisits d&#8217;acc\u00e9s. Per tant, la possibilitat d&#8217;obtenir pla\u00e7a dependr\u00e0 tant de la posici\u00f3 a la cua com de les vacants disponibles en cada cicle en el moment de l&#8217;atenci\u00f3.<\/p>\n\n\n\n<p><strong><a href=\"https:\/\/preinscripcio.gencat.cat\/ca\/estudis\/fp-grau-mitja\/accedeix-vacant\/#faq-v-12-quan-assignaran-els-centres-educatius-les-places-vacants\" target=\"_blank\" rel=\"noreferrer noopener\">+ info (estudis de grau mitj\u00e0)<\/a><\/strong><\/p>\n\n\n\n<p><a href=\"https:\/\/preinscripcio.gencat.cat\/ca\/estudis\/fp-grau-superior\/accedeix-vacant\/\"><strong>+ info (estudis de grau superior)<\/strong><\/a><\/p>\n<\/div>\n<\/div>\n\n\n\n<div class=\"wp-block-columns is-layout-flex wp-container-core-columns-is-layout-2 wp-block-columns-is-layout-flex\">\n<div class=\"wp-block-column is-vertically-aligned-center has-border-color has-ast-global-color-1-border-color has-white-color has-white-background-color has-text-color has-background has-link-color wp-elements-57931146c5b5a61422073cc0d0073a4e is-layout-flow wp-container-core-column-is-layout-3 wp-block-column-is-layout-flow\" style=\"border-width:2px;border-radius:71px;padding-top:var(--wp--preset--spacing--70);padding-right:var(--wp--preset--spacing--30);padding-bottom:var(--wp--preset--spacing--70);padding-left:var(--wp--preset--spacing--40);flex-basis:70%\">\n<figure class=\"wp-block-embed is-type-video is-provider-youtube wp-block-embed-youtube wp-embed-aspect-16-9 wp-has-aspect-ratio\"><div class=\"wp-block-embed__wrapper\">\n<div class=\"ast-oembed-container \" style=\"height: 100%;\"><iframe loading=\"lazy\" title=\"Assignaci\u00f3 de places per als cicles d&#039;FP\" width=\"500\" height=\"281\" src=\"https:\/\/www.youtube.com\/embed\/6CPupsjAC1U?feature=oembed\" frameborder=\"0\" allow=\"accelerometer; autoplay; clipboard-write; encrypted-media; gyroscope; picture-in-picture; web-share\" referrerpolicy=\"strict-origin-when-cross-origin\" allowfullscreen><\/iframe><\/div>\n<\/div><\/figure>\n<\/div>\n<\/div>\n\n\n\n<h4 class=\"wp-block-heading has-ast-global-color-1-color has-text-color has-link-color has-medium-font-size wp-elements-b8c08d12be09b9cb582fda4d82134fb3\" style=\"padding-top:var(--wp--preset--spacing--60)\">Consulta els llistats de preinscripci\u00f3 de cada estudi<\/h4>\n\n\n\n<div class=\"wp-block-getwid-tabs has-layout-horizontal-center\" data-active-tab=\"2\"><ul class=\"wp-block-getwid-tabs__nav-links\"><\/ul>\n<div class=\"wp-block-getwid-tabs__nav-link\"><h6 class=\"wp-block-getwid-tabs__title-wrapper\"><a href=\"#\"><span class=\"wp-block-getwid-tabs__title\">Estudis ESO<\/span><\/a><\/h6><\/div><div class=\"wp-block-getwid-tabs__tab-content-wrapper\"><div class=\"wp-block-getwid-tabs__tab-content\">\n<ul class=\"wp-block-list\">\n<li><a href=\"https:\/\/drive.google.com\/file\/d\/1hgF0YFLPJDi6tKweePF4w8WKv-0d8FKi\/view?usp=sharing\" data-type=\"link\" data-id=\"https:\/\/drive.google.com\/file\/d\/1hgF0YFLPJDi6tKweePF4w8WKv-0d8FKi\/view?usp=sharing\">Oferta inicial estudis ESO<\/a><\/li>\n\n\n\n<li><a href=\"https:\/\/drive.google.com\/file\/d\/1YQgLnyrEkZY8ARBXp5kYFKdee21w_dCH\/view?usp=sharing\">Publicaci\u00f3 de la llista de sol\u00b7licituds que han demanat el centre i l&#8217;ensenyament en primera petici\u00f3 amb la puntuaci\u00f3 provisional a 15\/04\/2026<\/a><\/li>\n\n\n\n<li><a href=\"https:\/\/drive.google.com\/file\/d\/1Jj-fC4oZPZWtbEylJl6blbaleWCzDniI\/view?usp=sharing\" target=\"_blank\" rel=\"noreferrer noopener\">Publicaci\u00f3 de la llista de sol\u00b7licituds que han demanat el centre i l&#8217;ensenyament en primera petici\u00f3 amb la puntuaci\u00f3 resoltes les reclamacions a 23\/04\/2026<\/a><\/li>\n\n\n\n<li><a href=\"https:\/\/drive.google.com\/file\/d\/1Kvf60huFS0mgODNsVPNmd_f6xug8iDUc\/view?usp=drivesdk\">Publicaci\u00f3 de la llista de sol\u00b7licituds que han demanat el centre i l&#8217;ensenyament en primera petici\u00f3 ordenada a 29\/04\/2026<\/a><\/li>\n\n\n\n<li class=\"has-vivid-green-cyan-color has-text-color has-link-color wp-elements-21b92f9ada2efbbfa640072fbd384fe5\"><a href=\"https:\/\/drive.google.com\/file\/d\/19OpmjdGyxCIwh5Ig_ji27Al4kZUFUGag\/view?usp=sharing\" target=\"_blank\" rel=\"noreferrer noopener\">Alumnat assignat al centre amb indicaci\u00f3 de la primera petici\u00f3 a 10\/06\/2026<\/a>  &#8211;  <strong>Aquesta \u00e9s el llistat d&#8217;alumnat adm\u00e8s<\/strong><\/li>\n\n\n\n<li><a href=\"https:\/\/drive.google.com\/file\/d\/1z0phx3QsvcNn1SDV4FU6IW8pccaxsqO5\/view?usp=sharing\" target=\"_blank\" rel=\"noreferrer noopener\">Publicaci\u00f3 de la llista d&#8217;espera al centre a 10\/06\/2026<\/a><\/li>\n\n\n\n<li><a href=\"https:\/\/drive.google.com\/file\/d\/13ebNoP54q4G_sSfr90k6cvGziZZd0mnq\/view?usp=sharing\" target=\"_blank\" rel=\"noreferrer noopener\">Alumnat preinscrit al centre amb indicaci\u00f3 del centre  assignat a 10\/06\/2026<\/a><\/li>\n<\/ul>\n<\/div><\/div>\n\n\n\n<div class=\"wp-block-getwid-tabs__nav-link\"><h6 class=\"wp-block-getwid-tabs__title-wrapper\"><a href=\"#\"><span class=\"wp-block-getwid-tabs__title\">Estudis Batxillerat<\/span><\/a><\/h6><\/div><div class=\"wp-block-getwid-tabs__tab-content-wrapper\"><div class=\"wp-block-getwid-tabs__tab-content\">\n<ul class=\"wp-block-list\">\n<li><a href=\"https:\/\/drive.google.com\/file\/d\/1uSMC__fvjicdyESFRjykrzn6Le2PNNeF\/view?usp=sharing\" data-type=\"link\" data-id=\"https:\/\/drive.google.com\/file\/d\/1hgF0YFLPJDi6tKweePF4w8WKv-0d8FKi\/view?usp=sharing\" target=\"_blank\" rel=\"noreferrer noopener\">Oferta inicial estudis Batxillerat<\/a><\/li>\n\n\n\n<li><a href=\"https:\/\/drive.google.com\/file\/d\/1JOaAKkzqRJ4ANg3gVT5dFfgbEepizAQG\/view?usp=sharing\" data-type=\"link\" data-id=\"https:\/\/drive.google.com\/file\/d\/1JOaAKkzqRJ4ANg3gVT5dFfgbEepizAQG\/view?usp=sharing\">Publicaci\u00f3 de la llista de sol\u00b7licituds que han demanat el centre i l&#8217;ensenyament en primera petici\u00f3 amb la puntuaci\u00f3 provisional a 14\/05\/2026<\/a><\/li>\n\n\n\n<li><a href=\"https:\/\/drive.google.com\/file\/d\/1OBLQJb_9P0hdFRsFE7D_AhvXdVEdPbQj\/view?usp=sharing\" data-type=\"link\" data-id=\"https:\/\/drive.google.com\/file\/d\/1OBLQJb_9P0hdFRsFE7D_AhvXdVEdPbQj\/view?usp=sharing\">Publicaci\u00f3 de la llista de sol\u00b7licituds que han demanat el centre i l&#8217;ensenyament en primera petici\u00f3 amb la puntuaci\u00f3 un cop resoltes les reclamacions a 26\/05\/2026<\/a><\/li>\n\n\n\n<li><a href=\"https:\/\/drive.google.com\/file\/d\/1xj78LPR7ml9lR_gdEZldWLBZygJ-Zys0\/view?usp=sharing\" target=\"_blank\" rel=\"noreferrer noopener\">Publicaci\u00f3 de la llista de sol\u00b7licituds que han demanat el centre i l&#8217;ensenyament en primera petici\u00f3 ordenada a 29\/05\/2026<\/a><\/li>\n\n\n\n<li><a href=\"https:\/\/drive.google.com\/file\/d\/1Kk-r0HUnWclpgve_9ylT4-28N6Td6fd1\/view?usp=sharing\">Oferta final estudis Batxillerat<\/a><\/li>\n\n\n\n<li><a href=\"https:\/\/drive.google.com\/file\/d\/1nEtAv6KEW9BxhHHZXDZxnGB2P3d8a4Al\/view?usp=sharing\">Alumnes preinscrits al centre<\/a><\/li>\n\n\n\n<li class=\"has-vivid-green-cyan-color has-text-color has-link-color wp-elements-09e05f89bbc23b93700732b85576939a\"><a href=\"https:\/\/drive.google.com\/file\/d\/1WZyWEbA-dV7Xrv4oBk5gBHH17a4CEL37\/view?usp=sharing\">Alumnes assignats al centre amb indicaci\u00f3 de la primera petici\u00f3<\/a>. <strong>Aquesta \u00e9s el llistat d\u2019alumnat adm\u00e8s<\/strong><\/li>\n<\/ul>\n<\/div><\/div>\n\n\n\n<div class=\"wp-block-getwid-tabs__nav-link\"><h6 class=\"wp-block-getwid-tabs__title-wrapper\"><a href=\"#\"><span class=\"wp-block-getwid-tabs__title\">Cicles Formatius Grau Mitj\u00e0<\/span><\/a><\/h6><\/div><div class=\"wp-block-getwid-tabs__tab-content-wrapper\"><div class=\"wp-block-getwid-tabs__tab-content\">\n<h4 class=\"wp-block-heading has-vivid-green-cyan-color has-text-color has-link-color wp-elements-adee38cf471f83ab9534cd58e9485488\">Llistes GRAU MITJ\u00c0<\/h4>\n\n\n\n<ul class=\"wp-block-list\">\n<li><a href=\"https:\/\/drive.google.com\/file\/d\/1WhPwEeRcm-Al0S36oTZRscmSo6u7s1oR\/view?usp=sharing\" data-type=\"link\" data-id=\"https:\/\/drive.google.com\/file\/d\/1WhPwEeRcm-Al0S36oTZRscmSo6u7s1oR\/view?usp=sharing\">Oferta inicial estudis CFGM Atenci\u00f3 a Persones en Situaci\u00f3 de Depend\u00e8ncia<\/a><\/li>\n\n\n\n<li><a href=\"https:\/\/drive.google.com\/file\/d\/1GzO7vavVEVyro4-PJUqomaM0WBORqK2u\/view?usp=sharing\">Publicaci\u00f3 de la llista de sol\u00b7licituds que han demanat el centre i l&#8217;ensenyament en primera petici\u00f3 amb la puntuaci\u00f3 provisional a 29\/06\/2026<\/a><\/li>\n\n\n\n<li><a href=\"https:\/\/drive.google.com\/file\/d\/1gYaceV5ths0HQTNewjm1WcMNr6BeBzK_\/view?usp=sharing\" target=\"_blank\" rel=\"noreferrer noopener\">Publicaci\u00f3 de la llista de sol\u00b7licituds que han demanat el centre i l&#8217;ensenyament en la primera petici\u00f3 un cop resoltes les reclamacions a 7\/07\/26<\/a><\/li>\n\n\n\n<li><a href=\"https:\/\/drive.google.com\/file\/d\/1FCngT1LOBhczx9HG_42xkC7kdE84ASuu\/view?usp=sharing\" target=\"_blank\" rel=\"noreferrer noopener\">Oferta final de places a estudis de CFGM Atenci\u00f3 a Persones en Situaci\u00f3 de Depend\u00e8ncia  a 10\/07\/2026<\/a><\/li>\n\n\n\n<li><a href=\"https:\/\/drive.google.com\/file\/d\/1TSYeejPzWnKfj3BZbo6dcZncO5TtzZOL\/view?usp=sharing\">Alumnes preinscrits al centre amb indicaci\u00f3 de l&#8217;assignaci\u00f3 i l&#8217;ordre de petici\u00f3 de la primera tanda a 10\/07\/2026<\/a><\/li>\n\n\n\n<li class=\"has-ast-global-color-0-color has-text-color has-link-color wp-elements-e3e10c9df2d3ccc88973e7131eb77caa\" style=\"font-size:18px\"><a href=\"https:\/\/drive.google.com\/file\/d\/1vG2btQ2aMJGWZR6pSUV0iejLeSNsSrcF\/view?usp=sharing\" target=\"_blank\" rel=\"noreferrer noopener\">Llistat alumnat assignat a primera tanda a CFGM a 10\/07\/2026.<\/a><\/li>\n\n\n\n<li><a href=\"https:\/\/drive.google.com\/file\/d\/1a8XCcVpY0t3c-GbzCGh7OzkHXRWG9RWM\/view?usp=sharing\" target=\"_blank\" rel=\"noreferrer noopener\">Alumnes preinscrits al centre amb indicaci\u00f3 de l&#8217;assignaci\u00f3 i l&#8217;ordre de petici\u00f3 de la segona tanda a a 10\/07\/2026<\/a><\/li>\n\n\n\n<li class=\"has-vivid-green-cyan-color has-text-color has-link-color wp-elements-076d800a42d15d884d53d0b9960c1e01\" style=\"font-size:18px\"><a href=\"https:\/\/drive.google.com\/file\/d\/1qYR7WieQy1ogts3NqVs0CgJ4Gvozn7sP\/view?usp=sharing\" target=\"_blank\" rel=\"noreferrer noopener\">Llistat alumnat assignat al centre a estudis de grau mitj\u00e0 en segona tanda  a 24\/07\/2026<\/a><\/li>\n\n\n\n<li class=\"has-vivid-green-cyan-color has-text-color has-link-color wp-elements-3bc51182e23abfd24159181a3467f5bf\" style=\"font-size:18px\"><a href=\"https:\/\/drive.google.com\/file\/d\/1olzx6h6-FP2cmr1_Aj4xcU3q6qn8-4-M\/view?usp=sharing\" target=\"_blank\" rel=\"noreferrer noopener\">Llistat alumnat assignat al centre com a proposta alternartiva a 24\/07\/26<\/a><\/li>\n<\/ul>\n<\/div><\/div>\n\n\n\n<div class=\"wp-block-getwid-tabs__nav-link\"><h6 class=\"wp-block-getwid-tabs__title-wrapper\"><a href=\"#\"><span class=\"wp-block-getwid-tabs__title\">Cicles Formatius Grau Superior <\/span><\/a><\/h6><\/div><div class=\"wp-block-getwid-tabs__tab-content-wrapper\"><div class=\"wp-block-getwid-tabs__tab-content\">\n<h4 class=\"wp-block-heading has-vivid-cyan-blue-color has-text-color has-link-color wp-elements-d58ed0961fe8ca7c64245371d4e0970b\">Llistes GRAU SUPERIOR<\/h4>\n\n\n\n<ul class=\"wp-block-list\">\n<li><a href=\"https:\/\/drive.google.com\/file\/d\/1f4tmXmfMrn4AFqYp7-H5VjA1hv0ZaIos\/view?usp=sharing\" data-type=\"link\" data-id=\"https:\/\/drive.google.com\/file\/d\/1f4tmXmfMrn4AFqYp7-H5VjA1hv0ZaIos\/view?usp=sharing\">Oferta inicial estudis: CFGS Integraci\u00f3 Social i CFGS Educaci\u00f3 Infantil<\/a><\/li>\n\n\n\n<li><a href=\"https:\/\/drive.google.com\/file\/d\/1JWNdj8ZghXf8K_AeKskx3ghJMFIv3tru\/view?usp=sharing\">Publicaci\u00f3 de la llista de sol\u00b7licituds que han demanat el centre i l&#8217;ensenyament en primera petici\u00f3 amb la puntuaci\u00f3 provisional a 29\/06\/2026<\/a><\/li>\n\n\n\n<li><a href=\"https:\/\/drive.google.com\/file\/d\/1rJCfUhGJPNa5s24-HJN4FkTszhxPLuZg\/view?usp=sharing\" target=\"_blank\" rel=\"noreferrer noopener\">Publicaci\u00f3 de la llista de sol\u00b7licituds que han demanat el centre i l&#8217;ensenyament en la primera petici\u00f3 un cop resoltes les reclamacions a 7\/07\/26<\/a><\/li>\n\n\n\n<li><a href=\"https:\/\/drive.google.com\/file\/d\/1WRLpRYoP8PVV3oZ7bvSPxsbGopMT9gY3\/view?usp=sharing\" target=\"_blank\" rel=\"noreferrer noopener\">Oferta final de places a estudis: CFGS Integraci\u00f3 Social i CFGS Educaci\u00f3 Infantil a 10\/07\/2026<\/a><\/li>\n\n\n\n<li><a href=\"https:\/\/drive.google.com\/file\/d\/1RVCg9c5hsr9N4e-vpAVHHD2rYXnFCfJu\/view?usp=sharing\" target=\"_blank\" rel=\"noreferrer noopener\">Alumnes preinscrits al centre amb indicaci\u00f3 de l&#8217;assignaci\u00f3 i l&#8217;ordre de petici\u00f3 de la primera tanda a 10\/07\/2026<\/a><\/li>\n\n\n\n<li class=\"has-ast-global-color-0-color has-text-color has-link-color wp-elements-7d8edb095b9c3eb3c0afd11f65063f86\" style=\"font-size:18px\"><a href=\"https:\/\/drive.google.com\/file\/d\/1FFIkEk2GN3eqINYhJDnYnMLjpHLoVrNj\/view?usp=sharing\" target=\"_blank\" rel=\"noreferrer noopener\">Llistat alumnat assignat a primera fase CFGS  a 10\/10\/2026.  <\/a><\/li>\n\n\n\n<li><a href=\"https:\/\/drive.google.com\/file\/d\/1OiNs7777VRQd22nnoaMDYCSO96ukcYhs\/view?usp=sharing\" target=\"_blank\" rel=\"noreferrer noopener\">Alumnes preinscrits al centre amb indicaci\u00f3 de l&#8217;assignaci\u00f3 i l&#8217;ordre de petici\u00f3 de la segona tanda a a 10\/07\/2026<\/a><\/li>\n\n\n\n<li class=\"has-vivid-green-cyan-color has-text-color has-link-color wp-elements-1aa90f9765f3444a3558eec2ec343056\" style=\"font-size:18px\"><a href=\"https:\/\/drive.google.com\/file\/d\/1yDo4IRerCnTwcWfHcgz1gb2QEhc6rnvr\/view?usp=sharing\" target=\"_blank\" rel=\"noreferrer noopener\">Llistat alumnat assignat al centre a estudis de grau superior en segona fase a 24\/07\/2026<\/a><\/li>\n\n\n\n<li class=\"has-vivid-green-cyan-color has-text-color has-link-color wp-elements-375baad468068bbee4e65c7632fbf99c\" style=\"font-size:18px\"><a href=\"https:\/\/drive.google.com\/file\/d\/1crsMfF11U8SA_8T6neisfYbeTlXhnpUr\/view?usp=sharing\" target=\"_blank\" rel=\"noreferrer noopener\">Llistat alumnat assignat al centre en proposta alternativa <\/a><\/li>\n<\/ul>\n<\/div><\/div>\n<\/div>\n\n\n\n<hr class=\"wp-block-separator has-alpha-channel-opacity\"\/>\n\n\n\n<p class=\"has-text-align-left has-ast-global-color-1-color has-text-color has-link-color has-medium-font-size wp-elements-54614d10264b8c7efbfd3d34c588bcb6\" style=\"padding-top:var(--wp--preset--spacing--60)\">Consulteu les presentacions de portes obertes dels estudis de cicles formatius. Hi trobareu l&#8217;estructura dels estudis, les sortides professionals, l&#8217;organitzaci\u00f3 hor\u00e0ria, preus i projectes del centre.<\/p>\n\n\n\n<div class=\"wp-block-columns are-vertically-aligned-center is-layout-flex wp-container-core-columns-is-layout-3 wp-block-columns-is-layout-flex\">\n<div class=\"wp-block-column is-vertically-aligned-center is-layout-flow wp-block-column-is-layout-flow\">\n<p class=\"has-text-align-center has-ast-global-color-1-color has-text-color has-link-color wp-elements-9841c9afcd7b961b2f2cfbc06b4ae351\">Presentaci\u00f3 del CFGS d&#8217;Educaci\u00f3 Infantil<\/p>\n\n\n\n<embed src=\"https:\/\/drive.google.com\/file\/d\/1Ph_1aHiG3nGZYGLQYObE0ay98nMhNbSg\/preview\" width=\"100%\" height=\"200px\" ><\/iframe>\n<\/div>\n\n\n\n<div class=\"wp-block-column is-vertically-aligned-center is-layout-flow wp-block-column-is-layout-flow\">\n<p class=\"has-text-align-center has-ast-global-color-1-color has-text-color has-link-color wp-elements-2ae53fd98f7829b42813594b59a29c48\">Presentaci\u00f3 del CFGS d&#8217;Integraci\u00f3 Social<\/p>\n\n\n\n<embed src=\"https:\/\/drive.google.com\/file\/d\/1ewwnlPaZhldHROoE4iBbcBccqU8xM4-M\/preview\" width=\"100%\" height=\"200px\" ><\/iframe>\n<\/div>\n<\/div>\n\n\n\n<div class=\"wp-block-columns are-vertically-aligned-center is-layout-flex wp-container-core-columns-is-layout-4 wp-block-columns-is-layout-flex\">\n<div class=\"wp-block-column is-vertically-aligned-center is-layout-flow wp-block-column-is-layout-flow\">\n<p class=\"has-text-align-center has-ast-global-color-1-color has-text-color has-link-color wp-elements-170dd307a7f8c5a47189178b9fa75529\">Presentaci\u00f3 del CFGM d&#8217;Atenci\u00f3 a Persones en Situaci\u00f3 de Depend\u00e8ncia<\/p>\n\n\n\n<center> <embed src=\"https:\/\/drive.google.com\/file\/d\/1RzQ4VW0CuV5YL61P1ln4OxdosX_UGr7N\/preview\" width=\"100%\" height=\"200px\" ><\/iframe>\n<\/div>\n\n\n\n<div class=\"wp-block-column is-layout-flow wp-block-column-is-layout-flow\"><\/div>\n<\/div>\n\n\n\n<hr class=\"wp-block-separator has-alpha-channel-opacity\"\/>\n\n\n\n<p><\/p>\n","protected":false},"excerpt":{"rendered":"<p>Preinscripci\u00f3 i matr\u00edcula d&#8217;alumnat nou curs 26-27 Consulteu la informaci\u00f3 relacionada amb la preinscripci\u00f3 a https:\/\/preinscripcio.gencat.cat\/ca\/inici i al web del Consorci d&#8217;Educaci\u00f3 de Barcelona Gesti\u00f3 de vacants per a cicles formatius de grau mitj\u00e0 i superior El 7 de setembre de 2026 el Departament d&#8217;Educaci\u00f3 i Formaci\u00f3 Professional publicar\u00e0 al web de preinscripci\u00f3 la relaci\u00f3 [&hellip;]<\/p>\n","protected":false},"author":1,"featured_media":0,"parent":0,"menu_order":100,"comment_status":"closed","ping_status":"closed","template":"","meta":{"_bbp_topic_count":0,"_bbp_reply_count":0,"_bbp_total_topic_count":0,"_bbp_total_reply_count":0,"_bbp_voice_count":0,"_bbp_anonymous_reply_count":0,"_bbp_topic_count_hidden":0,"_bbp_reply_count_hidden":0,"_bbp_forum_subforum_count":0,"site-sidebar-layout":"default","site-content-layout":"","ast-site-content-layout":"default","site-content-style":"default","site-sidebar-style":"default","ast-global-header-display":"","ast-banner-title-visibility":"","ast-main-header-display":"","ast-hfb-above-header-display":"","ast-hfb-below-header-display":"","ast-hfb-mobile-header-display":"","site-post-title":"disabled","ast-breadcrumbs-content":"","ast-featured-img":"","footer-sml-layout":"","theme-transparent-header-meta":"","adv-header-id-meta":"","stick-header-meta":"","header-above-stick-meta":"","header-main-stick-meta":"","header-below-stick-meta":"","astra-migrate-meta-layouts":"set","ast-page-background-enabled":"default","ast-page-background-meta":{"desktop":{"background-color":"var(--ast-global-color-4)","background-image":"","background-repeat":"repeat","background-position":"center center","background-size":"auto","background-attachment":"scroll","background-type":"","background-media":"","overlay-type":"","overlay-color":"","overlay-opacity":"","overlay-gradient":""},"tablet":{"background-color":"","background-image":"","background-repeat":"repeat","background-position":"center center","background-size":"auto","background-attachment":"scroll","background-type":"","background-media":"","overlay-type":"","overlay-color":"","overlay-opacity":"","overlay-gradient":""},"mobile":{"background-color":"","background-image":"","background-repeat":"repeat","background-position":"center center","background-size":"auto","background-attachment":"scroll","background-type":"","background-media":"","overlay-type":"","overlay-color":"","overlay-opacity":"","overlay-gradient":""}},"ast-content-background-meta":{"desktop":{"background-color":"var(--ast-global-color-5)","background-image":"","background-repeat":"repeat","background-position":"center center","background-size":"auto","background-attachment":"scroll","background-type":"","background-media":"","overlay-type":"","overlay-color":"","overlay-opacity":"","overlay-gradient":""},"tablet":{"background-color":"var(--ast-global-color-5)","background-image":"","background-repeat":"repeat","background-position":"center center","background-size":"auto","background-attachment":"scroll","background-type":"","background-media":"","overlay-type":"","overlay-color":"","overlay-opacity":"","overlay-gradient":""},"mobile":{"background-color":"var(--ast-global-color-5)","background-image":"","background-repeat":"repeat","background-position":"center center","background-size":"auto","background-attachment":"scroll","background-type":"","background-media":"","overlay-type":"","overlay-color":"","overlay-opacity":"","overlay-gradient":""}},"footnotes":""},"class_list":["post-2635","page","type-page","status-publish","hentry"],"post_mailing_queue_ids":[],"_links":{"self":[{"href":"https:\/\/agora.xtec.cat\/ies-miquel-tarradell\/wp-json\/wp\/v2\/pages\/2635","targetHints":{"allow":["GET"]}}],"collection":[{"href":"https:\/\/agora.xtec.cat\/ies-miquel-tarradell\/wp-json\/wp\/v2\/pages"}],"about":[{"href":"https:\/\/agora.xtec.cat\/ies-miquel-tarradell\/wp-json\/wp\/v2\/types\/page"}],"author":[{"embeddable":true,"href":"https:\/\/agora.xtec.cat\/ies-miquel-tarradell\/wp-json\/wp\/v2\/users\/1"}],"replies":[{"embeddable":true,"href":"https:\/\/agora.xtec.cat\/ies-miquel-tarradell\/wp-json\/wp\/v2\/comments?post=2635"}],"version-history":[{"count":6,"href":"https:\/\/agora.xtec.cat\/ies-miquel-tarradell\/wp-json\/wp\/v2\/pages\/2635\/revisions"}],"predecessor-version":[{"id":11910,"href":"https:\/\/agora.xtec.cat\/ies-miquel-tarradell\/wp-json\/wp\/v2\/pages\/2635\/revisions\/11910"}],"wp:attachment":[{"href":"https:\/\/agora.xtec.cat\/ies-miquel-tarradell\/wp-json\/wp\/v2\/media?parent=2635"}],"curies":[{"name":"wp","href":"https:\/\/api.w.org\/{rel}","templated":true}]}}