{"id":195,"date":"2014-09-22T10:39:39","date_gmt":"2014-09-22T10:39:39","guid":{"rendered":"http:\/\/agora.xtec.cat\/ies-miquel-tarradell\/?page_id=195"},"modified":"2026-08-29T19:21:15","modified_gmt":"2026-08-29T17:21:15","slug":"estudis","status":"publish","type":"page","link":"https:\/\/agora.xtec.cat\/ies-miquel-tarradell\/","title":{"rendered":"Principal"},"content":{"rendered":"\n<div class=\"wp-block-columns has-border-color is-layout-flex wp-container-core-columns-is-layout-1 wp-block-columns-is-layout-flex\" style=\"border-color:var(--ast-global-color-1);border-width:2px;border-radius:42px\">\n<div class=\"wp-block-column is-vertically-aligned-center is-layout-flow wp-block-column-is-layout-flow\" style=\"flex-basis:33.33%\">\n<figure class=\"wp-block-image aligncenter size-full is-resized\"><a href=\"https:\/\/agora.xtec.cat\/ies-miquel-tarradell\/wp-content\/uploads\/usu83\/2024\/03\/Disseny-sense-titol-2.png\"><img loading=\"lazy\" decoding=\"async\" width=\"500\" height=\"500\" src=\"https:\/\/agora.xtec.cat\/ies-miquel-tarradell\/wp-content\/uploads\/usu83\/2024\/03\/Disseny-sense-titol-2.png\" alt=\"\" class=\"wp-image-9082\" style=\"width:317px;height:auto\" srcset=\"https:\/\/agora.xtec.cat\/ies-miquel-tarradell\/wp-content\/uploads\/usu83\/2024\/03\/Disseny-sense-titol-2.png 500w, https:\/\/agora.xtec.cat\/ies-miquel-tarradell\/wp-content\/uploads\/usu83\/2024\/03\/Disseny-sense-titol-2-300x300.png 300w, https:\/\/agora.xtec.cat\/ies-miquel-tarradell\/wp-content\/uploads\/usu83\/2024\/03\/Disseny-sense-titol-2-150x150.png 150w\" sizes=\"auto, (max-width: 500px) 100vw, 500px\" \/><\/a><\/figure>\n<\/div>\n\n\n\n<div class=\"wp-block-column is-vertically-aligned-center is-layout-flow wp-block-column-is-layout-flow\" style=\"flex-basis:66.66%\">\n<h3 class=\"wp-block-heading\">Gesti\u00f3 de vacants per a cicles formatius de grau mitj\u00e0 i superior<\/h3>\n\n\n\n<p>El 7 de setembre de 2026 el Departament d&#8217;Educaci\u00f3 i Formaci\u00f3 Professional publicar\u00e0 al web de preinscripci\u00f3 la relaci\u00f3 de les places vacants existents a cada centre i cicle despr\u00e9s que s&#8217;hagi matriculat l&#8217;alumnat procedent de la preinscripci\u00f3.<\/p>\n\n\n\n<p>Podr\u00e0s consultar les places vacants i l&#8217;enlla\u00e7 per apuntar-t&#8217;hi<strong> <\/strong> durant el dia <strong>7 de setembre<\/strong> en aquesta mateixa p\u00e0gina web. <\/p>\n\n\n\n<p>Des del centre atendrem les sol\u00b7licituds seguint l&#8217;ordre assignat  del <strong>8 al 10 de setembre.<\/strong> Quan arribi el teu torn, podr\u00e0s optar a qualsevol de les vacants disponibles en aquell moment i dels cicles formatius per als quals compleixis els requisits d&#8217;acc\u00e9s. Per tant, la possibilitat d&#8217;obtenir pla\u00e7a dependr\u00e0 tant de la posici\u00f3 a la cua com de les vacants disponibles en cada cicle en el moment de l&#8217;atenci\u00f3.<\/p>\n\n\n\n<p><strong><a href=\"https:\/\/preinscripcio.gencat.cat\/ca\/estudis\/fp-grau-mitja\/accedeix-vacant\/#faq-v-12-quan-assignaran-els-centres-educatius-les-places-vacants\" target=\"_blank\" rel=\"noreferrer noopener\">+ info (estudis de grau mitj\u00e0)<\/a><\/strong><\/p>\n\n\n\n<p><a href=\"https:\/\/preinscripcio.gencat.cat\/ca\/estudis\/fp-grau-superior\/accedeix-vacant\/\"><strong>+ info (estudis de grau superior)<\/strong><\/a><\/p>\n<\/div>\n<\/div>\n\n\n\n<div class=\"wp-block-columns is-layout-flex wp-container-core-columns-is-layout-2 wp-block-columns-is-layout-flex\">\n<div class=\"wp-block-column is-vertically-aligned-center has-border-color is-layout-flow wp-block-column-is-layout-flow\" style=\"border-color:var(--ast-global-color-1);border-width:2px;border-radius:71px;padding-top:var(--wp--preset--spacing--60);padding-right:var(--wp--preset--spacing--40);padding-bottom:var(--wp--preset--spacing--60);padding-left:var(--wp--preset--spacing--40);flex-basis:20%\">\n<figure class=\"wp-block-image aligncenter size-full is-resized\"><a href=\"https:\/\/agora.xtec.cat\/ies-miquel-tarradell\/wp-content\/uploads\/usu83\/2026\/06\/Captura-de-pantalla-2026-06-10-192549.png\"><img loading=\"lazy\" decoding=\"async\" width=\"499\" height=\"502\" src=\"https:\/\/agora.xtec.cat\/ies-miquel-tarradell\/wp-content\/uploads\/usu83\/2026\/06\/Captura-de-pantalla-2026-06-10-192549.png\" alt=\"\" class=\"wp-image-11664\" style=\"width:180px;height:auto\" srcset=\"https:\/\/agora.xtec.cat\/ies-miquel-tarradell\/wp-content\/uploads\/usu83\/2026\/06\/Captura-de-pantalla-2026-06-10-192549.png 499w, https:\/\/agora.xtec.cat\/ies-miquel-tarradell\/wp-content\/uploads\/usu83\/2026\/06\/Captura-de-pantalla-2026-06-10-192549-298x300.png 298w, https:\/\/agora.xtec.cat\/ies-miquel-tarradell\/wp-content\/uploads\/usu83\/2026\/06\/Captura-de-pantalla-2026-06-10-192549-150x150.png 150w\" sizes=\"auto, (max-width: 499px) 100vw, 499px\" \/><\/a><\/figure>\n\n\n\n<p class=\"has-text-align-center has-medium-font-size\"><a href=\"http:\/\/fotos.instarradell.cat\/institut-m-tarradell.html\" target=\"_blank\" rel=\"noreferrer noopener\">Coneix el nostre centre amb panor\u00e0miques 360\u00ba<\/a><\/p>\n<\/div>\n<\/div>\n","protected":false},"excerpt":{"rendered":"<p>Gesti\u00f3 de vacants per a cicles formatius de grau mitj\u00e0 i superior El 7 de setembre de 2026 el Departament d&#8217;Educaci\u00f3 i Formaci\u00f3 Professional publicar\u00e0 al web de preinscripci\u00f3 la relaci\u00f3 de les places vacants existents a cada centre i cicle despr\u00e9s que s&#8217;hagi matriculat l&#8217;alumnat procedent de la preinscripci\u00f3. Podr\u00e0s consultar les places vacants [&hellip;]<\/p>\n","protected":false},"author":1,"featured_media":0,"parent":0,"menu_order":0,"comment_status":"closed","ping_status":"closed","template":"","meta":{"_bbp_topic_count":0,"_bbp_reply_count":0,"_bbp_total_topic_count":0,"_bbp_total_reply_count":0,"_bbp_voice_count":0,"_bbp_anonymous_reply_count":0,"_bbp_topic_count_hidden":0,"_bbp_reply_count_hidden":0,"_bbp_forum_subforum_count":0,"site-sidebar-layout":"default","site-content-layout":"","ast-site-content-layout":"default","site-content-style":"default","site-sidebar-style":"default","ast-global-header-display":"","ast-banner-title-visibility":"","ast-main-header-display":"","ast-hfb-above-header-display":"","ast-hfb-below-header-display":"","ast-hfb-mobile-header-display":"","site-post-title":"disabled","ast-breadcrumbs-content":"","ast-featured-img":"","footer-sml-layout":"","theme-transparent-header-meta":"","adv-header-id-meta":"","stick-header-meta":"","header-above-stick-meta":"","header-main-stick-meta":"","header-below-stick-meta":"","astra-migrate-meta-layouts":"set","ast-page-background-enabled":"default","ast-page-background-meta":{"desktop":{"background-color":"var(--ast-global-color-4)","background-image":"","background-repeat":"repeat","background-position":"center center","background-size":"auto","background-attachment":"scroll","background-type":"","background-media":"","overlay-type":"","overlay-color":"","overlay-opacity":"","overlay-gradient":""},"tablet":{"background-color":"","background-image":"","background-repeat":"repeat","background-position":"center center","background-size":"auto","background-attachment":"scroll","background-type":"","background-media":"","overlay-type":"","overlay-color":"","overlay-opacity":"","overlay-gradient":""},"mobile":{"background-color":"","background-image":"","background-repeat":"repeat","background-position":"center center","background-size":"auto","background-attachment":"scroll","background-type":"","background-media":"","overlay-type":"","overlay-color":"","overlay-opacity":"","overlay-gradient":""}},"ast-content-background-meta":{"desktop":{"background-color":"var(--ast-global-color-5)","background-image":"","background-repeat":"repeat","background-position":"center center","background-size":"auto","background-attachment":"scroll","background-type":"","background-media":"","overlay-type":"","overlay-color":"","overlay-opacity":"","overlay-gradient":""},"tablet":{"background-color":"var(--ast-global-color-5)","background-image":"","background-repeat":"repeat","background-position":"center center","background-size":"auto","background-attachment":"scroll","background-type":"","background-media":"","overlay-type":"","overlay-color":"","overlay-opacity":"","overlay-gradient":""},"mobile":{"background-color":"var(--ast-global-color-5)","background-image":"","background-repeat":"repeat","background-position":"center center","background-size":"auto","background-attachment":"scroll","background-type":"","background-media":"","overlay-type":"","overlay-color":"","overlay-opacity":"","overlay-gradient":""}},"footnotes":""},"class_list":["post-195","page","type-page","status-publish","hentry"],"post_mailing_queue_ids":[],"_links":{"self":[{"href":"https:\/\/agora.xtec.cat\/ies-miquel-tarradell\/wp-json\/wp\/v2\/pages\/195","targetHints":{"allow":["GET"]}}],"collection":[{"href":"https:\/\/agora.xtec.cat\/ies-miquel-tarradell\/wp-json\/wp\/v2\/pages"}],"about":[{"href":"https:\/\/agora.xtec.cat\/ies-miquel-tarradell\/wp-json\/wp\/v2\/types\/page"}],"author":[{"embeddable":true,"href":"https:\/\/agora.xtec.cat\/ies-miquel-tarradell\/wp-json\/wp\/v2\/users\/1"}],"replies":[{"embeddable":true,"href":"https:\/\/agora.xtec.cat\/ies-miquel-tarradell\/wp-json\/wp\/v2\/comments?post=195"}],"version-history":[{"count":6,"href":"https:\/\/agora.xtec.cat\/ies-miquel-tarradell\/wp-json\/wp\/v2\/pages\/195\/revisions"}],"predecessor-version":[{"id":11904,"href":"https:\/\/agora.xtec.cat\/ies-miquel-tarradell\/wp-json\/wp\/v2\/pages\/195\/revisions\/11904"}],"wp:attachment":[{"href":"https:\/\/agora.xtec.cat\/ies-miquel-tarradell\/wp-json\/wp\/v2\/media?parent=195"}],"curies":[{"name":"wp","href":"https:\/\/api.w.org\/{rel}","templated":true}]}}