{"id":11124,"date":"2026-01-30T11:06:35","date_gmt":"2026-01-30T10:06:35","guid":{"rendered":"https:\/\/agora.xtec.cat\/ies-miquel-tarradell\/?page_id=11124"},"modified":"2026-02-01T20:05:01","modified_gmt":"2026-02-01T19:05:01","slug":"batxillerat-professionalitzador","status":"publish","type":"page","link":"https:\/\/agora.xtec.cat\/ies-miquel-tarradell\/estudis-ofertats\/batxillerat-professionalitzador\/","title":{"rendered":"Batxillerat Professionalitzador"},"content":{"rendered":"\n<h2 class=\"wp-block-heading has-text-color has-link-color wp-elements-2345752e4da59146849985224cc48073\" style=\"color:#827d7d\">Batxillerat Professionalitzador en Serveis a la Comunitat<\/h2>\n\n\n\n<h5 class=\"wp-block-heading has-ast-global-color-1-color has-text-color has-link-color wp-elements-9ea33bb576978152a215707f626d0930\"><strong>Coneix els estudis de Batxillerat <\/strong>Professionalitzador (BATXIPRO) en Serveis a la Comunitat de l&#8217;INS Miquel Tarradell<\/h5>\n\n\n\n<div class=\"wp-block-columns is-layout-flex wp-container-core-columns-is-layout-1 wp-block-columns-is-layout-flex\">\n<div class=\"wp-block-column is-vertically-aligned-center is-layout-flow wp-block-column-is-layout-flow\" style=\"flex-basis:40%\">\n<figure class=\"wp-block-embed is-type-video is-provider-youtube wp-block-embed-youtube wp-embed-aspect-16-9 wp-has-aspect-ratio\"><div class=\"wp-block-embed__wrapper\">\n<div class=\"ast-oembed-container \" style=\"height: 100%;\"><iframe loading=\"lazy\" title=\"BATXILLERAT A L&#039;INS MIQUEL TARRADELL\" width=\"500\" height=\"281\" src=\"https:\/\/www.youtube.com\/embed\/cSq_AUHAKpU?start=60&#038;feature=oembed\" frameborder=\"0\" allow=\"accelerometer; autoplay; clipboard-write; encrypted-media; gyroscope; picture-in-picture; web-share\" referrerpolicy=\"strict-origin-when-cross-origin\" allowfullscreen><\/iframe><\/div>\n<\/div><\/figure>\n<\/div>\n\n\n\n<div class=\"wp-block-column is-vertically-aligned-center is-layout-flow wp-block-column-is-layout-flow\" style=\"flex-basis:60%\">\n<div class=\"wp-block-getwid-accordion\" data-active-element=\"2\">\n<div class=\"wp-block-getwid-accordion__header-wrapper\"><h5 class=\"wp-block-getwid-accordion__header\"><a href=\"#\"><span class=\"wp-block-getwid-accordion__header-title\">Fitxa<\/span><span class=\"wp-block-getwid-accordion__icon is-active\"><i class=\"fas fa-plus\"><\/i><\/span><span class=\"wp-block-getwid-accordion__icon is-passive\"><i class=\"fas fa-minus\"><\/i><\/span><\/a><\/h5><\/div><div class=\"wp-block-getwid-accordion__content-wrapper\"><div class=\"wp-block-getwid-accordion__content\">\n<p><strong>Ensenyament: <\/strong>Batxillerat Professionalitzador Serveis a la Comunitat<\/p>\n\n\n\n<p><strong>Titulaci\u00f3: <\/strong>Batxiller<\/p>\n\n\n\n<p><strong>\u00c0mbit professional: <\/strong>Human\u00edstic i Social<\/p>\n\n\n\n<p><strong>Entorn: <\/strong>Acad\u00e8mic i professionalitzador<\/p>\n\n\n\n<p><strong>Modalitat: <\/strong>Presencial<\/p>\n<\/div><\/div>\n\n\n\n<div class=\"wp-block-getwid-accordion__header-wrapper\"><h5 class=\"wp-block-getwid-accordion__header\"><a href=\"#\"><span class=\"wp-block-getwid-accordion__header-title\">Horari<\/span><span class=\"wp-block-getwid-accordion__icon is-active\"><i class=\"fas fa-plus\"><\/i><\/span><span class=\"wp-block-getwid-accordion__icon is-passive\"><i class=\"fas fa-minus\"><\/i><\/span><\/a><\/h5><\/div><div class=\"wp-block-getwid-accordion__content-wrapper\"><div class=\"wp-block-getwid-accordion__content\">\n<p><strong>1r curs<\/strong><strong><br><\/strong>Oferta en horari de <strong>mat\u00ed<\/strong><\/p>\n\n\n\n<ul class=\"wp-block-list\">\n<li>Mat\u00ed: de <strong>8.15 a 14.45 h<\/strong> (1 grup)<\/li>\n<\/ul>\n\n\n\n<p><strong>2n curs<\/strong><strong><br><\/strong>Oferta en horari de <strong>mat\u00ed<\/strong><\/p>\n\n\n\n<ul class=\"wp-block-list\">\n<li>Mat\u00ed: de <strong>8.15 a 14.45 h<\/strong> (1 grup)<\/li>\n<\/ul>\n<\/div><\/div>\n\n\n\n<div class=\"wp-block-getwid-accordion__header-wrapper\"><h5 class=\"wp-block-getwid-accordion__header\"><a href=\"#\"><span class=\"wp-block-getwid-accordion__header-title\">Estudis i mat\u00e8ries<\/span><span class=\"wp-block-getwid-accordion__icon is-active\"><i class=\"fas fa-plus\"><\/i><\/span><span class=\"wp-block-getwid-accordion__icon is-passive\"><i class=\"fas fa-minus\"><\/i><\/span><\/a><\/h5><\/div><div class=\"wp-block-getwid-accordion__content-wrapper\"><div class=\"wp-block-getwid-accordion__content\">\n<p><a href=\"https:\/\/drive.google.com\/file\/d\/1GmYE_TTOaLcDs_V0cyjtw9kjqXf20oJ-\/view?usp=sharing\" data-type=\"link\" data-id=\"https:\/\/drive.google.com\/file\/d\/1GmYE_TTOaLcDs_V0cyjtw9kjqXf20oJ-\/view?usp=sharing\" target=\"_blank\" rel=\"noreferrer noopener\">Clica aqu\u00ed per a con\u00e8ixer els estudis de Batxillerat Professionalitzador a l\u2019INS Miquel Tarradell<\/a><\/p>\n\n\n\n<figure class=\"wp-block-image size-full\"><a href=\"https:\/\/drive.google.com\/file\/d\/1GmYE_TTOaLcDs_V0cyjtw9kjqXf20oJ-\/view?usp=sharing\" target=\"_blank\" rel=\" noreferrer noopener\"><img loading=\"lazy\" decoding=\"async\" width=\"894\" height=\"171\" src=\"https:\/\/agora.xtec.cat\/ies-miquel-tarradell\/wp-content\/uploads\/usu83\/2026\/02\/batxPro-1.png\" alt=\"\" class=\"wp-image-11157\" srcset=\"https:\/\/agora.xtec.cat\/ies-miquel-tarradell\/wp-content\/uploads\/usu83\/2026\/02\/batxPro-1.png 894w, https:\/\/agora.xtec.cat\/ies-miquel-tarradell\/wp-content\/uploads\/usu83\/2026\/02\/batxPro-1-300x57.png 300w, https:\/\/agora.xtec.cat\/ies-miquel-tarradell\/wp-content\/uploads\/usu83\/2026\/02\/batxPro-1-768x147.png 768w\" sizes=\"auto, (max-width: 894px) 100vw, 894px\" \/><\/a><\/figure>\n<\/div><\/div>\n\n\n\n<div class=\"wp-block-getwid-accordion__header-wrapper\"><h5 class=\"wp-block-getwid-accordion__header\"><a href=\"#\"><span class=\"wp-block-getwid-accordion__header-title\">Acc\u00e9s<\/span><span class=\"wp-block-getwid-accordion__icon is-active\"><i class=\"fas fa-plus\"><\/i><\/span><span class=\"wp-block-getwid-accordion__icon is-passive\"><i class=\"fas fa-minus\"><\/i><\/span><\/a><\/h5><\/div><div class=\"wp-block-getwid-accordion__content-wrapper\"><div class=\"wp-block-getwid-accordion__content\">\n<p>Per accedir al batxillerat Professionalitzador \u00e9s necessari tenir algun dels t\u00edtols seg\u00fcents:<\/p>\n\n\n\n<ul class=\"wp-block-list\">\n<li>Graduat en educaci\u00f3 secund\u00e0ria obligat\u00f2ria (GESO).\n<ul class=\"wp-block-list\">\n<li>Instituts Adscrits:\n<ul class=\"wp-block-list\">\n<li>IE Elisabets<\/li>\n\n\n\n<li>IE Sant Felip Neri<\/li>\n<\/ul>\n<\/li>\n<\/ul>\n<\/li>\n\n\n\n<li>T\u00e8cnic\/a d&#8217;un cicle formatiu de grau mitj\u00e0 o t\u00e8cnic\/a superior d&#8217;un cicle formatiu de grau superior (en aquests casos pots demanar la convalidaci\u00f3 de mat\u00e8ries espec\u00edfiques i del treball de recerca).<\/li>\n\n\n\n<li>Un t\u00edtol obtingut a l&#8217;estranger que hagi estat homologat al t\u00edtol de GESO o al t\u00edtol de t\u00e8cnic\/a de cicle formatiu de grau mitj\u00e0 o superior. L&#8217;homologaci\u00f3 s&#8217;acredita mitjan\u00e7ant la credencial corresponent o, si encara est\u00e0 en tr\u00e0mit, presentant el &#8220;Volant per a la inscripci\u00f3 condicional en centres educatius&#8221;.<\/li>\n<\/ul>\n<\/div><\/div>\n\n\n\n<div class=\"wp-block-getwid-accordion__header-wrapper\"><h5 class=\"wp-block-getwid-accordion__header\"><a href=\"#\"><span class=\"wp-block-getwid-accordion__header-title\">Continu\u00eftat dels estudis<\/span><span class=\"wp-block-getwid-accordion__icon is-active\"><i class=\"fas fa-plus\"><\/i><\/span><span class=\"wp-block-getwid-accordion__icon is-passive\"><i class=\"fas fa-minus\"><\/i><\/span><\/a><\/h5><\/div><div class=\"wp-block-getwid-accordion__content-wrapper\"><div class=\"wp-block-getwid-accordion__content\">\n<ul class=\"wp-block-list\">\n<li>El Batxillerat Professionalitzador permet l\u2019acc\u00e9s als cicles formatius de grau superior (CFGS). Especialment a aquells de la fam\u00edlia de Serveis a la Comunitat.\u00a0<\/li>\n<\/ul>\n\n\n\n<p><em>D\u2019acord amb la Resoluci\u00f3 EDF\/889\/2025, de 12 de mar\u00e7, la nota d\u2019acc\u00e9s als CFGS \u00e9s la qualificaci\u00f3 obtinguda al Batxillerat cursat, que es multiplica per 1,7 en el cas d\u2019haver cursat una modalitat de Batxillerat priorit\u00e0ria o un CFGM d\u2019una fam\u00edlia professional af\u00ed.<\/em><\/p>\n<\/div><\/div>\n<\/div>\n<\/div>\n<\/div>\n\n\n\n<hr class=\"wp-block-separator has-text-color has-ast-global-color-1-color has-alpha-channel-opacity has-ast-global-color-1-background-color has-background is-style-wide\" style=\"margin-top:var(--wp--preset--spacing--40);margin-bottom:var(--wp--preset--spacing--40)\"\/>\n\n\n\n<ul class=\"wp-block-list\">\n<li class=\"has-text-color has-link-color wp-elements-5486cf62c842ea581425c5524131c2ec\" style=\"color:#6b6b6b\"><a href=\"https:\/\/agora.xtec.cat\/ies-miquel-tarradell\/wp-content\/uploads\/usu83\/2025\/03\/Informacio-Batxi.pdf\">Informaci\u00f3 itineraris del Batxillerat<\/a><\/li>\n\n\n\n<li class=\"has-text-color has-link-color wp-elements-f48dc6305aca43dfdccc6ff275472d23\" style=\"color:#6b6b6b\"><a href=\"https:\/\/agora.xtec.cat\/ies-miquel-tarradell\/noticies\/noticies-batxillerat\/\">Clica aqu\u00ed per consultar les not\u00edcies de Batxillerat<\/a>.<\/li>\n\n\n\n<li class=\"has-text-color has-link-color wp-elements-69f043b74eac865566c507317114eef5\" style=\"color:#6b6b6b\"><a href=\"https:\/\/www.edubcn.cat\/ca\/alumnat_i_familia\/informacio_general_matriculacio\/preinscripcio_info\">Informaci\u00f3 sobre la preinscripci\u00f3 pel curs 2026-27<\/a><\/li>\n\n\n\n<li class=\"has-text-color has-link-color wp-elements-1ed411a0ffb90ba256395b692bfbe7d3\" style=\"color:#6b6b6b\">Correu on podeu adre\u00e7ar les vostres consultes sobre els estudis (actiu en el per\u00edode de preinscripci\u00f3 i matr\u00edcula): <strong>portesobertes@instarradell.cat<\/strong><\/li>\n<\/ul>\n\n\n\n<div class=\"wp-block-getwid-images-slider has-arrows-outside has-dots-none has-images-center has-fitted-images has-fixed-height\"><div class=\"wp-block-getwid-images-slider__wrapper\" data-effect=\"fade\" data-slides-show=\"1\" data-slides-show-laptop=\"1\" data-slides-show-tablet=\"1\" data-slides-show-mobile=\"1\" data-slides-scroll=\"1\" data-autoplay=\"true\" data-pause-hover=\"false\" data-autoplay-speed=\"6000\" data-infinite=\"true\" data-animation-speed=\"800\" data-center-mode=\"true\" data-variable-width=\"false\" data-arrows=\"outside\" data-dots=\"none\" data-spacing=\"none\"><div class=\"wp-block-getwid-images-slider__item\" style=\"height:600px\"><figure><img loading=\"lazy\" decoding=\"async\" width=\"1500\" height=\"1159\" src=\"https:\/\/agora.xtec.cat\/ies-miquel-tarradell\/wp-content\/uploads\/usu83\/2026\/01\/2-1.png\" data-id=\"11118\" data-link=\"https:\/\/agora.xtec.cat\/ies-miquel-tarradell\/2-48\/\" data-original-link=\"https:\/\/agora.xtec.cat\/ies-miquel-tarradell\/wp-content\/uploads\/usu83\/2026\/01\/2-1.png\" class=\"wp-block-getwid-images-slider__image wp-image-11118\" srcset=\"https:\/\/agora.xtec.cat\/ies-miquel-tarradell\/wp-content\/uploads\/usu83\/2026\/01\/2-1.png 1500w, https:\/\/agora.xtec.cat\/ies-miquel-tarradell\/wp-content\/uploads\/usu83\/2026\/01\/2-1-300x232.png 300w, https:\/\/agora.xtec.cat\/ies-miquel-tarradell\/wp-content\/uploads\/usu83\/2026\/01\/2-1-1024x791.png 1024w, https:\/\/agora.xtec.cat\/ies-miquel-tarradell\/wp-content\/uploads\/usu83\/2026\/01\/2-1-768x593.png 768w\" sizes=\"auto, (max-width: 1500px) 100vw, 1500px\" \/><\/figure><\/div><div class=\"wp-block-getwid-images-slider__item\" style=\"height:600px\"><figure><img loading=\"lazy\" decoding=\"async\" width=\"1500\" height=\"1159\" src=\"https:\/\/agora.xtec.cat\/ies-miquel-tarradell\/wp-content\/uploads\/usu83\/2026\/01\/1-1.png\" data-id=\"11117\" data-link=\"https:\/\/agora.xtec.cat\/ies-miquel-tarradell\/1-53\/\" data-original-link=\"https:\/\/agora.xtec.cat\/ies-miquel-tarradell\/wp-content\/uploads\/usu83\/2026\/01\/1-1.png\" class=\"wp-block-getwid-images-slider__image wp-image-11117\" srcset=\"https:\/\/agora.xtec.cat\/ies-miquel-tarradell\/wp-content\/uploads\/usu83\/2026\/01\/1-1.png 1500w, https:\/\/agora.xtec.cat\/ies-miquel-tarradell\/wp-content\/uploads\/usu83\/2026\/01\/1-1-300x232.png 300w, https:\/\/agora.xtec.cat\/ies-miquel-tarradell\/wp-content\/uploads\/usu83\/2026\/01\/1-1-1024x791.png 1024w, https:\/\/agora.xtec.cat\/ies-miquel-tarradell\/wp-content\/uploads\/usu83\/2026\/01\/1-1-768x593.png 768w\" sizes=\"auto, (max-width: 1500px) 100vw, 1500px\" \/><\/figure><\/div><\/div><\/div>\n","protected":false},"excerpt":{"rendered":"<p>Batxillerat Professionalitzador en Serveis a la Comunitat Coneix els estudis de Batxillerat Professionalitzador (BATXIPRO) en Serveis a la Comunitat de l&#8217;INS Miquel Tarradell<\/p>\n","protected":false},"author":1,"featured_media":0,"parent":667,"menu_order":3,"comment_status":"closed","ping_status":"close","template":"","meta":{"_bbp_topic_count":0,"_bbp_reply_count":0,"_bbp_total_topic_count":0,"_bbp_total_reply_count":0,"_bbp_voice_count":0,"_bbp_anonymous_reply_count":0,"_bbp_topic_count_hidden":0,"_bbp_reply_count_hidden":0,"_bbp_forum_subforum_count":0,"site-sidebar-layout":"default","site-content-layout":"","ast-site-content-layout":"default","site-content-style":"default","site-sidebar-style":"default","ast-global-header-display":"","ast-banner-title-visibility":"","ast-main-header-display":"","ast-hfb-above-header-display":"","ast-hfb-below-header-display":"","ast-hfb-mobile-header-display":"","site-post-title":"disabled","ast-breadcrumbs-content":"","ast-featured-img":"","footer-sml-layout":"","theme-transparent-header-meta":"","adv-header-id-meta":"","stick-header-meta":"","header-above-stick-meta":"","header-main-stick-meta":"","header-below-stick-meta":"","astra-migrate-meta-layouts":"set","ast-page-background-enabled":"default","ast-page-background-meta":{"desktop":{"background-color":"var(--ast-global-color-4)","background-image":"","background-repeat":"repeat","background-position":"center center","background-size":"auto","background-attachment":"scroll","background-type":"","background-media":"","overlay-type":"","overlay-color":"","overlay-opacity":"","overlay-gradient":""},"tablet":{"background-color":"","background-image":"","background-repeat":"repeat","background-position":"center center","background-size":"auto","background-attachment":"scroll","background-type":"","background-media":"","overlay-type":"","overlay-color":"","overlay-opacity":"","overlay-gradient":""},"mobile":{"background-color":"","background-image":"","background-repeat":"repeat","background-position":"center center","background-size":"auto","background-attachment":"scroll","background-type":"","background-media":"","overlay-type":"","overlay-color":"","overlay-opacity":"","overlay-gradient":""}},"ast-content-background-meta":{"desktop":{"background-color":"var(--ast-global-color-5)","background-image":"","background-repeat":"repeat","background-position":"center center","background-size":"auto","background-attachment":"scroll","background-type":"","background-media":"","overlay-type":"","overlay-color":"","overlay-opacity":"","overlay-gradient":""},"tablet":{"background-color":"var(--ast-global-color-5)","background-image":"","background-repeat":"repeat","background-position":"center center","background-size":"auto","background-attachment":"scroll","background-type":"","background-media":"","overlay-type":"","overlay-color":"","overlay-opacity":"","overlay-gradient":""},"mobile":{"background-color":"var(--ast-global-color-5)","background-image":"","background-repeat":"repeat","background-position":"center center","background-size":"auto","background-attachment":"scroll","background-type":"","background-media":"","overlay-type":"","overlay-color":"","overlay-opacity":"","overlay-gradient":""}},"footnotes":""},"class_list":["post-11124","page","type-page","status-publish","hentry"],"post_mailing_queue_ids":[],"_links":{"self":[{"href":"https:\/\/agora.xtec.cat\/ies-miquel-tarradell\/wp-json\/wp\/v2\/pages\/11124","targetHints":{"allow":["GET"]}}],"collection":[{"href":"https:\/\/agora.xtec.cat\/ies-miquel-tarradell\/wp-json\/wp\/v2\/pages"}],"about":[{"href":"https:\/\/agora.xtec.cat\/ies-miquel-tarradell\/wp-json\/wp\/v2\/types\/page"}],"author":[{"embeddable":true,"href":"https:\/\/agora.xtec.cat\/ies-miquel-tarradell\/wp-json\/wp\/v2\/users\/1"}],"replies":[{"embeddable":true,"href":"https:\/\/agora.xtec.cat\/ies-miquel-tarradell\/wp-json\/wp\/v2\/comments?post=11124"}],"version-history":[{"count":2,"href":"https:\/\/agora.xtec.cat\/ies-miquel-tarradell\/wp-json\/wp\/v2\/pages\/11124\/revisions"}],"predecessor-version":[{"id":11158,"href":"https:\/\/agora.xtec.cat\/ies-miquel-tarradell\/wp-json\/wp\/v2\/pages\/11124\/revisions\/11158"}],"up":[{"embeddable":true,"href":"https:\/\/agora.xtec.cat\/ies-miquel-tarradell\/wp-json\/wp\/v2\/pages\/667"}],"wp:attachment":[{"href":"https:\/\/agora.xtec.cat\/ies-miquel-tarradell\/wp-json\/wp\/v2\/media?parent=11124"}],"curies":[{"name":"wp","href":"https:\/\/api.w.org\/{rel}","templated":true}]}}