{"id":13497,"date":"2026-04-29T17:01:11","date_gmt":"2026-04-29T15:01:11","guid":{"rendered":"https:\/\/agora.xtec.cat\/ies-mediterrania-castelldefels\/?page_id=13497"},"modified":"2026-04-29T17:01:11","modified_gmt":"2026-04-29T15:01:11","slug":"cfgs-gestio-allotjaments-turistics","status":"publish","type":"page","link":"https:\/\/agora.xtec.cat\/ies-mediterrania-castelldefels\/estudis\/formacio-professional\/cfgs-gestio-allotjaments-turistics\/","title":{"rendered":"CFGS Gesti\u00f3 d&#8217;Allotjaments Tur\u00edstics"},"content":{"rendered":"\n<h2 class=\"wp-block-heading has-text-align-center has-background\" style=\"border-style:none;border-width:0px;border-radius:0px;background:linear-gradient(279deg,rgb(255,245,203) 0%,rgb(182,227,212) 50%,rgb(51,167,181) 100%)\">CFGS Gesti\u00f3 d&#8217;Allotjaments Tur\u00edstics<\/h2>\n\n\n\n<p>Els cicles formatius de grau superior (CFGS) s\u00f3n estudis professionalitzadors que formen part de l&#8217;educaci\u00f3 superior i que preparen l\u2019alumnat per a l&#8217;activitat qualificada en un camp professional. Aquests ensenyaments tenen una durada de 2.000 hores (en dos cursos acad\u00e8mics) i s&#8217;agrupen en fam\u00edlies professionals.<\/p>\n\n\n\n<p>La titulaci\u00f3 que s&#8217;obt\u00e9 en finalitzar un cicle formatiu de grau superior \u00e9s la de t\u00e8cnic o t\u00e8cnica superior del perfil professional corresponent, que permet incorporar-se al m\u00f3n laboral i accedir a estudis universitaris<\/p>\n\n\n\n<div class=\"wp-block-getwid-section getwid-section-content-custom-width\"><div class=\"wp-block-getwid-section__wrapper getwid-padding-left-none getwid-padding-right-none\"><div class=\"wp-block-getwid-section__inner-wrapper\" style=\"max-width:1050px\"><div class=\"wp-block-getwid-section__background-holder\"><div class=\"wp-block-getwid-section__background\"><\/div><div class=\"wp-block-getwid-section__foreground\"><\/div><\/div><div class=\"wp-block-getwid-section__content\"><div class=\"wp-block-getwid-section__inner-content\">\n<div class=\"wp-block-columns are-vertically-aligned-top is-layout-flex wp-container-core-columns-is-layout-1 wp-block-columns-is-layout-flex\">\n<div class=\"wp-block-column is-vertically-aligned-top is-layout-flow wp-block-column-is-layout-flow\">\n<p id=\"block-3ede1a4c-925b-4102-97f0-09ac87f3be40\">Amb el cicle de <strong>Gesti\u00f3 d&#8217;Allotjaments Tur\u00edstics<\/strong> del Mediterr\u00e0nia et capacitar\u00e0 per coordinar els serveis propis d&#8217;un allotjament tur\u00edstic, gestionar recursos humans en l&#8217;organitzaci\u00f3 d&#8217;esdeveniments, controlar i supervisar una recepci\u00f3 i assegurar l&#8217;atenci\u00f3 al client segons els nivells de qualitat definits.<\/p>\n\n\n\n<p id=\"block-3ede1a4c-925b-4102-97f0-09ac87f3be40\">El cicle es basa en una <strong>formaci\u00f3 pr\u00e0ctica<\/strong> orientada a l&#8217;adquisici\u00f3 de compet\u00e8ncies professionals, capacitant l&#8217;alumnat per dissenyar i executar accions de m\u00e0rqueting tur\u00edstic, aix\u00ed com per liderar la gesti\u00f3 operativa, administrativa i comercial dels establiments d&#8217;allotjament i l&#8217;organitzaci\u00f3 integral d&#8217;esdeveniments i protocols.<\/p>\n\n\n\n<p class=\"has-vivid-red-color has-text-color has-link-color wp-elements-4351e564dc8e3447f9b38f2bf55ac2e4\"><strong>T\u2019interessar\u00e0 saber que\u2026<\/strong><\/p>\n\n\n\n<ul class=\"wp-block-list\">\n<li class=\"has-black-color has-text-color has-link-color wp-elements-70edb7e6110843d9817188f6a633f75b\">Horari de Tarda: facilitat per fer pr\u00e0ctiques (al mat\u00ed)<\/li>\n\n\n\n<li class=\"has-black-color has-text-color has-link-color wp-elements-8d08d41f972636cd62e557ba241edf3c\">Opci\u00f3 de pr\u00e0ctiques a l&#8217;estranger (Erasmus+)<\/li>\n\n\n\n<li class=\"has-black-color has-text-color has-link-color wp-elements-38ad626526533d04a791341c45d263b6\">Opci\u00f3 de pr\u00e0ctiques remunerades (FPDual Intensiva)<\/li>\n<\/ul>\n<\/div>\n\n\n\n<div class=\"wp-block-column is-vertically-aligned-top is-layout-flow wp-block-column-is-layout-flow\">\n<div class=\"wp-block-getwid-images-slider has-arrows-inside has-dots-inside has-images-center has-cropped-images\"><div class=\"wp-block-getwid-images-slider__wrapper\" data-effect=\"slide\" data-slides-show=\"1\" data-slides-show-laptop=\"1\" data-slides-show-tablet=\"1\" data-slides-show-mobile=\"1\" data-slides-scroll=\"1\" data-autoplay=\"false\" data-pause-hover=\"false\" data-autoplay-speed=\"6000\" data-infinite=\"true\" data-animation-speed=\"800\" data-center-mode=\"false\" data-variable-width=\"false\" data-arrows=\"inside\" data-dots=\"inside\" data-spacing=\"none\"><div class=\"wp-block-getwid-images-slider__item\"><figure><img loading=\"lazy\" decoding=\"async\" width=\"1280\" height=\"960\" src=\"https:\/\/agora.xtec.cat\/ies-mediterrania-castelldefels\/wp-content\/uploads\/usu1078\/2026\/04\/photo_2026-02-17_15-45-17.jpg\" data-id=\"13479\" data-link=\"https:\/\/agora.xtec.cat\/ies-mediterrania-castelldefels\/?attachment_id=13479\" data-original-link=\"https:\/\/agora.xtec.cat\/ies-mediterrania-castelldefels\/wp-content\/uploads\/usu1078\/2026\/04\/photo_2026-02-17_15-45-17.jpg\" class=\"wp-block-getwid-images-slider__image wp-image-13479\" srcset=\"https:\/\/agora.xtec.cat\/ies-mediterrania-castelldefels\/wp-content\/uploads\/usu1078\/2026\/04\/photo_2026-02-17_15-45-17.jpg 1280w, https:\/\/agora.xtec.cat\/ies-mediterrania-castelldefels\/wp-content\/uploads\/usu1078\/2026\/04\/photo_2026-02-17_15-45-17-300x225.jpg 300w, https:\/\/agora.xtec.cat\/ies-mediterrania-castelldefels\/wp-content\/uploads\/usu1078\/2026\/04\/photo_2026-02-17_15-45-17-1024x768.jpg 1024w, https:\/\/agora.xtec.cat\/ies-mediterrania-castelldefels\/wp-content\/uploads\/usu1078\/2026\/04\/photo_2026-02-17_15-45-17-768x576.jpg 768w\" sizes=\"auto, (max-width: 1280px) 100vw, 1280px\" \/><\/figure><\/div><div class=\"wp-block-getwid-images-slider__item\"><figure><img loading=\"lazy\" decoding=\"async\" width=\"548\" height=\"300\" src=\"https:\/\/agora.xtec.cat\/ies-mediterrania-castelldefels\/wp-content\/uploads\/usu1078\/2026\/04\/cfgs-agencia-viajes-1-.jpg\" data-id=\"13480\" data-link=\"https:\/\/agora.xtec.cat\/ies-mediterrania-castelldefels\/?attachment_id=13480\" data-original-link=\"https:\/\/agora.xtec.cat\/ies-mediterrania-castelldefels\/wp-content\/uploads\/usu1078\/2026\/04\/cfgs-agencia-viajes-1-.jpg\" class=\"wp-block-getwid-images-slider__image wp-image-13480\" srcset=\"https:\/\/agora.xtec.cat\/ies-mediterrania-castelldefels\/wp-content\/uploads\/usu1078\/2026\/04\/cfgs-agencia-viajes-1-.jpg 548w, https:\/\/agora.xtec.cat\/ies-mediterrania-castelldefels\/wp-content\/uploads\/usu1078\/2026\/04\/cfgs-agencia-viajes-1--300x164.jpg 300w\" sizes=\"auto, (max-width: 548px) 100vw, 548px\" \/><\/figure><\/div><div class=\"wp-block-getwid-images-slider__item\"><figure><img loading=\"lazy\" decoding=\"async\" width=\"1024\" height=\"768\" src=\"https:\/\/agora.xtec.cat\/ies-mediterrania-castelldefels\/wp-content\/uploads\/usu1078\/2026\/04\/IMG_20230119_175712-1-2-1.jpg\" data-id=\"13481\" data-link=\"https:\/\/agora.xtec.cat\/ies-mediterrania-castelldefels\/?attachment_id=13481\" data-original-link=\"https:\/\/agora.xtec.cat\/ies-mediterrania-castelldefels\/wp-content\/uploads\/usu1078\/2026\/04\/IMG_20230119_175712-1-2-1.jpg\" class=\"wp-block-getwid-images-slider__image wp-image-13481\" srcset=\"https:\/\/agora.xtec.cat\/ies-mediterrania-castelldefels\/wp-content\/uploads\/usu1078\/2026\/04\/IMG_20230119_175712-1-2-1.jpg 1024w, https:\/\/agora.xtec.cat\/ies-mediterrania-castelldefels\/wp-content\/uploads\/usu1078\/2026\/04\/IMG_20230119_175712-1-2-1-300x225.jpg 300w, https:\/\/agora.xtec.cat\/ies-mediterrania-castelldefels\/wp-content\/uploads\/usu1078\/2026\/04\/IMG_20230119_175712-1-2-1-768x576.jpg 768w\" sizes=\"auto, (max-width: 1024px) 100vw, 1024px\" \/><\/figure><\/div><div class=\"wp-block-getwid-images-slider__item\"><figure><img loading=\"lazy\" decoding=\"async\" width=\"300\" height=\"219\" src=\"https:\/\/agora.xtec.cat\/ies-mediterrania-castelldefels\/wp-content\/uploads\/usu1078\/2026\/04\/IMG_20221201_181506B-300x219-1.jpg\" data-id=\"13482\" data-link=\"https:\/\/agora.xtec.cat\/ies-mediterrania-castelldefels\/?attachment_id=13482\" data-original-link=\"https:\/\/agora.xtec.cat\/ies-mediterrania-castelldefels\/wp-content\/uploads\/usu1078\/2026\/04\/IMG_20221201_181506B-300x219-1.jpg\" class=\"wp-block-getwid-images-slider__image wp-image-13482\"\/><\/figure><\/div><div class=\"wp-block-getwid-images-slider__item\"><figure><img loading=\"lazy\" decoding=\"async\" width=\"2560\" height=\"1920\" src=\"https:\/\/agora.xtec.cat\/ies-mediterrania-castelldefels\/wp-content\/uploads\/usu1078\/2026\/04\/IMG_20230119_161310-3-scaled.jpg\" data-id=\"13483\" data-link=\"https:\/\/agora.xtec.cat\/ies-mediterrania-castelldefels\/?attachment_id=13483\" data-original-link=\"https:\/\/agora.xtec.cat\/ies-mediterrania-castelldefels\/wp-content\/uploads\/usu1078\/2026\/04\/IMG_20230119_161310-3-scaled.jpg\" class=\"wp-block-getwid-images-slider__image wp-image-13483\" srcset=\"https:\/\/agora.xtec.cat\/ies-mediterrania-castelldefels\/wp-content\/uploads\/usu1078\/2026\/04\/IMG_20230119_161310-3-scaled.jpg 2560w, https:\/\/agora.xtec.cat\/ies-mediterrania-castelldefels\/wp-content\/uploads\/usu1078\/2026\/04\/IMG_20230119_161310-3-300x225.jpg 300w, https:\/\/agora.xtec.cat\/ies-mediterrania-castelldefels\/wp-content\/uploads\/usu1078\/2026\/04\/IMG_20230119_161310-3-1024x768.jpg 1024w, https:\/\/agora.xtec.cat\/ies-mediterrania-castelldefels\/wp-content\/uploads\/usu1078\/2026\/04\/IMG_20230119_161310-3-768x576.jpg 768w, https:\/\/agora.xtec.cat\/ies-mediterrania-castelldefels\/wp-content\/uploads\/usu1078\/2026\/04\/IMG_20230119_161310-3-1536x1152.jpg 1536w, https:\/\/agora.xtec.cat\/ies-mediterrania-castelldefels\/wp-content\/uploads\/usu1078\/2026\/04\/IMG_20230119_161310-3-2048x1536.jpg 2048w\" sizes=\"auto, (max-width: 2560px) 100vw, 2560px\" \/><\/figure><\/div><\/div><\/div>\n\n\n\n<div class=\"wp-block-getwid-section\"><div class=\"wp-block-getwid-section__wrapper\"><div class=\"wp-block-getwid-section__inner-wrapper\"><div class=\"wp-block-getwid-section__background-holder\"><div class=\"wp-block-getwid-section__background has-background\" style=\"background-color:#ffe97d\"><\/div><div class=\"wp-block-getwid-section__foreground\"><\/div><\/div><div class=\"wp-block-getwid-section__content\"><div class=\"wp-block-getwid-section__inner-content\">\n<p class=\"has-vivid-red-color has-text-color has-link-color wp-elements-9fbfe6eb50eda8c92d6e7f35980500c0\"><strong>OPCI\u00d3 2&#215;3 (2 t\u00edtols en 3 anys):<\/strong><\/p>\n\n\n\n<ul class=\"wp-block-list\">\n<li>CFGS Gesti\u00f3 d&#8217;Allotjaments Tur\u00edstics<\/li>\n\n\n\n<li>CFGS Ag\u00e8ncies de Viatges i Gesti\u00f3 d&#8217;Esdeveniments<\/li>\n<\/ul>\n<\/div><\/div><\/div><\/div><\/div>\n<\/div>\n<\/div>\n<\/div><\/div><\/div><\/div><\/div>\n\n\n\n<div class=\"wp-block-getwid-section getwid-section-content-custom-width\"><div class=\"wp-block-getwid-section__wrapper getwid-padding-left-none getwid-padding-right-none\"><div class=\"wp-block-getwid-section__inner-wrapper\" style=\"max-width:1000px\"><div class=\"wp-block-getwid-section__background-holder\"><div class=\"wp-block-getwid-section__background has-background\" style=\"background-color:#c3ebeb\"><\/div><div class=\"wp-block-getwid-section__foreground\"><\/div><\/div><div class=\"wp-block-getwid-section__content\"><div class=\"wp-block-getwid-section__inner-content\">\n<h3 class=\"wp-block-heading has-text-align-center has-white-color has-ast-global-color-1-background-color has-text-color has-background has-link-color wp-elements-7eac0f667f5d38374941dfb0a8df4990\"><strong>Qu\u00e8 i Com estudiar\u00e9?<\/strong><\/h3>\n\n\n\n<div class=\"wp-block-group is-layout-grid wp-container-core-group-is-layout-1 wp-block-group-is-layout-grid\" style=\"padding-right:var(--wp--preset--spacing--20);padding-left:var(--wp--preset--spacing--20)\">\n<h5 class=\"wp-block-heading has-text-align-center\">1r Curs: Fonaments i T\u00e8cniques de Mercat<\/h5>\n\n\n\n<h5 class=\"wp-block-heading has-text-align-center\">2n Curs: Especialitzaci\u00f3 i M\u00f3n Laboral <\/h5>\n\n\n\n<p>Treballem mitjan\u00e7ant m\u00f2duls enfocats a l&#8217;an\u00e0lisi del mercat i el disseny d&#8217;accions de m\u00e0rqueting tur\u00edstic en l&#8217;\u00e0mbit de les destinacions nacionals i internacionals. L&#8217;objectiu \u00e9s que l&#8217;alumne adquireixi una base s\u00f2lida en protocol, relacions p\u00fabliques i compet\u00e8ncia ling\u00fc\u00edstica en angl\u00e8s i franc\u00e8s, integrant la digitalitzaci\u00f3 i la sostenibilitat per afrontar els nous reptes del sector.<\/p>\n\n\n\n<p class=\"wp-container-content-1\">Aprofundim en la vessant estrat\u00e8gica i directiva mitjan\u00e7ant m\u00f2duls t\u00e8cnics centrats en la direcci\u00f3 d&#8217;allotjaments tur\u00edstics i la gesti\u00f3 del departament de pisos. L&#8217;objectiu \u00e9s que l&#8217;alumne culmini la seva formaci\u00f3 dominant el programari de gesti\u00f3 Opera PMS, la comercialitzaci\u00f3 d&#8217;esdeveniments i la direcci\u00f3 de recursos humans, consolidant el seu perfil executiu a trav\u00e9s d&#8217;un projecte intermodular que respon a la realitat operativa del mercat laboral.<\/p>\n\n\n\n<p class=\"wp-container-content-2\"><strong>M\u00f2duls Professionals:<\/strong><\/p>\n\n\n\n<p class=\"wp-container-content-3\"><strong>M\u00f2duls Professionals:<\/strong><\/p>\n\n\n\n<ul class=\"wp-block-list\">\n<li>Estructura del mercat tur\u00edstic<\/li>\n\n\n\n<li>Protocol i relacions p\u00fabliques<\/li>\n\n\n\n<li>M\u00e0rqueting tur\u00edstic<\/li>\n\n\n\n<li>Recepci\u00f3 i Reserves<\/li>\n\n\n\n<li>Catal\u00e0 Professional<\/li>\n\n\n\n<li>Angl\u00e8s professional<\/li>\n\n\n\n<li>Franc\u00e8s (segona llengua estrangera)<\/li>\n\n\n\n<li>Itinerari personal per a l&#8217;ocupabilitat I.<\/li>\n\n\n\n<li>Digitalitzaci\u00f3 aplicada als sectors productius.<\/li>\n\n\n\n<li>Sostenibilitat aplicada al sistema productiu.<\/li>\n<\/ul>\n\n\n\n<ul class=\"wp-block-list\">\n<li>Gesti\u00f3 del departament de pisos<\/li>\n\n\n\n<li>Direcci\u00f3 d&#8217;allotjaments tur\u00edstics<\/li>\n\n\n\n<li>Recursos humans a l&#8217;allotjament<\/li>\n\n\n\n<li>Comercialitzaci\u00f3 d&#8217;esdeveniments<\/li>\n\n\n\n<li>Itinerari personal per a l&#8217;ocupabilitat II<\/li>\n\n\n\n<li>Opera PMS<\/li>\n\n\n\n<li>Projecte intermodular<\/li>\n<\/ul>\n<\/div>\n\n\n\n<div class=\"wp-block-buttons is-content-justification-center is-layout-flex wp-container-core-buttons-is-layout-1 wp-block-buttons-is-layout-flex\">\n<div class=\"wp-block-button is-style-fill\"><a class=\"wp-block-button__link wp-element-button\" href=\"https:\/\/drive.google.com\/file\/d\/1q73LDUgWasQVwDZ3yqX6N1tBIF1ylxP1\/view?usp=sharing\" target=\"_blank\" rel=\"noreferrer noopener\">Fullet\u00f3 Informatiu (pdf)<\/a><\/div>\n<\/div>\n<\/div><\/div><\/div><\/div><\/div>\n\n\n\n<div class=\"wp-block-getwid-advanced-spacer\" style=\"height:39px\" aria-hidden=\"true\"><\/div>\n\n\n\n<div class=\"wp-block-getwid-section getwid-section-content-custom-width\"><div class=\"wp-block-getwid-section__wrapper getwid-padding-left-none getwid-padding-right-none\"><div class=\"wp-block-getwid-section__inner-wrapper\" style=\"max-width:1000px\"><div class=\"wp-block-getwid-section__background-holder\"><div class=\"wp-block-getwid-section__background\"><\/div><div class=\"wp-block-getwid-section__foreground\"><\/div><\/div><div class=\"wp-block-getwid-section__content\"><div class=\"wp-block-getwid-section__inner-content\">\n<div class=\"wp-block-columns is-layout-flex wp-container-core-columns-is-layout-2 wp-block-columns-is-layout-flex\">\n<div class=\"wp-block-column is-layout-flow wp-block-column-is-layout-flow\">\n<h3 class=\"wp-block-heading has-text-align-center has-white-color has-ast-global-color-1-background-color has-text-color has-background has-link-color wp-elements-8118f271f4e5519f5ee15913e772cbe6\">Quines s\u00f3n les sortides acad\u00e8miques<\/h3>\n\n\n\n<p>Amb aquests estudis s&#8217;obt\u00e9 el t\u00edtol de t\u00e8cnic superior o t\u00e8cnica superior, que permet accedir a qualsevol estudi universitari oficial de grau. <\/p>\n\n\n\n<p>Les persones que s&#8217;han graduat en un cicle formatiu de grau superior poden obtenir la convalidaci\u00f3 de cr\u00e8dits universitaris ECTS.<\/p>\n\n\n\n<p>Per a m\u00e9s informaci\u00f3, consulteu el&nbsp;<a href=\"https:\/\/universitats.gencat.cat\/ca\/inici\" target=\"_blank\" rel=\"noreferrer noopener\">Canal Universitats<\/a><\/p>\n<\/div>\n\n\n\n<div class=\"wp-block-column is-layout-flow wp-block-column-is-layout-flow\">\n<h3 class=\"wp-block-heading has-text-align-center has-white-color has-ast-global-color-1-background-color has-text-color has-background has-link-color wp-elements-73c2668cb835d5845e4c12443d340e67\">Quines s\u00f3n les sortides professionals<\/h3>\n\n\n\n<ul class=\"wp-block-list\">\n<li>director\/a de l&#8217;\u00e0rea d&#8217;allotjaments<\/li>\n\n\n\n<li>cap de recepci\u00f3 o de reserves<\/li>\n\n\n\n<li>encarregat\/da general del servei de pisos i neteja<\/li>\n\n\n\n<li>gestor\/a d&#8217;allotjament en resid\u00e8ncies, hospitals i similars<\/li>\n\n\n\n<li>gestor\/a d&#8217;allotjament en cases rurals<\/li>\n\n\n\n<li>coordinador\/a d&#8217;esdeveniments<\/li>\n\n\n\n<li>cap de vendes en establiments d&#8217;allotjaments tur\u00edstics<\/li>\n\n\n\n<li>comercial d&#8217;establiments d&#8217;allotjaments tur\u00edstics<\/li>\n\n\n\n<li>relacions p\u00fabliques<\/li>\n\n\n\n<li>encarregat\/da de bugaderia<\/li>\n\n\n\n<li>governant o governanta<\/li>\n<\/ul>\n<\/div>\n<\/div>\n<\/div><\/div><\/div><\/div><\/div>\n\n\n\n<figure class=\"wp-block-embed is-type-video is-provider-youtube wp-block-embed-youtube wp-embed-aspect-16-9 wp-has-aspect-ratio\"><div class=\"wp-block-embed__wrapper\">\n<div class=\"ast-oembed-container \" style=\"height: 100%;\"><iframe loading=\"lazy\" title=\"#FPCAT | Hoteleria i turisme\" width=\"500\" height=\"281\" src=\"https:\/\/www.youtube.com\/embed\/Yuw_jHxzCYE?feature=oembed\" frameborder=\"0\" allow=\"accelerometer; autoplay; clipboard-write; encrypted-media; gyroscope; picture-in-picture; web-share\" referrerpolicy=\"strict-origin-when-cross-origin\" allowfullscreen><\/iframe><\/div>\n<\/div><\/figure>\n\n\n\n<div class=\"wp-block-getwid-section getwid-section-content-custom-width\"><div class=\"wp-block-getwid-section__wrapper getwid-padding-left-none getwid-padding-right-none\"><div class=\"wp-block-getwid-section__inner-wrapper\" style=\"max-width:900px\"><div class=\"wp-block-getwid-section__background-holder\"><div class=\"wp-block-getwid-section__background has-background\" style=\"background-color:#ffe97d\"><\/div><div class=\"wp-block-getwid-section__foreground\"><\/div><\/div><div class=\"wp-block-getwid-section__content\"><div class=\"wp-block-getwid-section__inner-content\">\n<h3 class=\"wp-block-heading\">Qu\u00e8 necessito per accedir-hi<\/h3>\n\n\n\n<p>Pots accedir als cicles de grau mitj\u00e0 si compleixes algun dels requisits seg\u00fcents:<\/p>\n\n\n\n<p>Tenir un d\u2019aquests t\u00edtols:<\/p>\n\n\n\n<ul class=\"wp-block-list\">\n<li>&nbsp;Batxillerat, Batxillerat LOGSE o BUP.<\/li>\n\n\n\n<li>T\u00e8cnic\/a superior de formaci\u00f3 professional o grau universitari o equivalent.<\/li>\n\n\n\n<li>T\u00e8cnic\/a especialista, t\u00e8cnic\/a superior o equivalent.<\/li>\n\n\n\n<li>T\u00e8cnic\/a de grau mitj\u00e0 de formaci\u00f3 professional o t\u00edtol de t\u00e8cnic\/a o t\u00e8cnic\/a d&#8217;arts pl\u00e0stiques i disseny.<\/li>\n<\/ul>\n\n\n\n<p>O b\u00e9, haver superat:<\/p>\n\n\n\n<ul class=\"wp-block-list\">\n<li>Una oferta formativa de certificat professional inclosa en el cicle.<\/li>\n\n\n\n<li>Un&nbsp;<a href=\"https:\/\/triaeducativa.gencat.cat\/ca\/cursos-acces-cicles\/curs-preparatori-acces-cicles-gs\/\">curs de formaci\u00f3 preparatori per a l&#8217;acc\u00e9s als cicles de grau superior<\/a>.<\/li>\n\n\n\n<li>Una&nbsp;<a href=\"https:\/\/triaeducativa.gencat.cat\/ca\/proves\/proves-acces\/fp\/fp-gs\/\">prova d&#8217;acc\u00e9s<\/a>.<\/li>\n\n\n\n<li>Haver superat la prova d&#8217;acc\u00e9s a la universitat per a m\u00e9s grans de 25 o de 45 anys, o haver accedit a la universitat per tenir 40 anys o m\u00e9s i acreditar experi\u00e8ncia laboral o professional.<\/li>\n<\/ul>\n\n\n\n<div class=\"wp-block-buttons is-content-justification-center is-layout-flex wp-container-core-buttons-is-layout-2 wp-block-buttons-is-layout-flex\">\n<div class=\"wp-block-button is-style-fill\"><a class=\"wp-block-button__link wp-element-button\" href=\"https:\/\/www.gencat.cat\/ensenyament\/eac\/pdf\/ETAPA_CFGS_CA.pdf\" target=\"_blank\" rel=\"noreferrer noopener\">Fitxa de l&#8217;etapa educativa (pdf)<\/a><\/div>\n<\/div>\n<\/div><\/div><\/div><\/div><\/div>\n\n\n\n<p><\/p>\n\n\n\n<p><\/p>\n","protected":false},"excerpt":{"rendered":"<p>CFGS Gesti\u00f3 d&#8217;Allotjaments Tur\u00edstics Els cicles formatius de grau superior (CFGS) s\u00f3n estudis professionalitzadors que formen part de l&#8217;educaci\u00f3 superior i que preparen l\u2019alumnat per a l&#8217;activitat qualificada en un camp professional. Aquests ensenyaments tenen una durada de 2.000 hores (en dos cursos acad\u00e8mics) i s&#8217;agrupen en fam\u00edlies professionals. La titulaci\u00f3 que s&#8217;obt\u00e9 en finalitzar [&hellip;]<\/p>\n","protected":false},"author":1,"featured_media":0,"parent":13184,"menu_order":6,"comment_status":"closed","ping_status":"closed","template":"","meta":{"_bbp_topic_count":0,"_bbp_reply_count":0,"_bbp_total_topic_count":0,"_bbp_total_reply_count":0,"_bbp_voice_count":0,"_bbp_anonymous_reply_count":0,"_bbp_topic_count_hidden":0,"_bbp_reply_count_hidden":0,"_bbp_forum_subforum_count":0,"site-sidebar-layout":"default","site-content-layout":"","ast-site-content-layout":"default","site-content-style":"default","site-sidebar-style":"default","ast-global-header-display":"","ast-banner-title-visibility":"","ast-main-header-display":"","ast-hfb-above-header-display":"","ast-hfb-below-header-display":"","ast-hfb-mobile-header-display":"","site-post-title":"disabled","ast-breadcrumbs-content":"","ast-featured-img":"","footer-sml-layout":"","theme-transparent-header-meta":"","adv-header-id-meta":"","stick-header-meta":"","header-above-stick-meta":"","header-main-stick-meta":"","header-below-stick-meta":"","astra-migrate-meta-layouts":"set","ast-page-background-enabled":"default","ast-page-background-meta":{"desktop":{"background-color":"var(--ast-global-color-4)","background-image":"","background-repeat":"repeat","background-position":"center center","background-size":"auto","background-attachment":"scroll","background-type":"","background-media":"","overlay-type":"","overlay-color":"","overlay-opacity":"","overlay-gradient":""},"tablet":{"background-color":"","background-image":"","background-repeat":"repeat","background-position":"center center","background-size":"auto","background-attachment":"scroll","background-type":"","background-media":"","overlay-type":"","overlay-color":"","overlay-opacity":"","overlay-gradient":""},"mobile":{"background-color":"","background-image":"","background-repeat":"repeat","background-position":"center center","background-size":"auto","background-attachment":"scroll","background-type":"","background-media":"","overlay-type":"","overlay-color":"","overlay-opacity":"","overlay-gradient":""}},"ast-content-background-meta":{"desktop":{"background-color":"var(--ast-global-color-5)","background-image":"","background-repeat":"repeat","background-position":"center center","background-size":"auto","background-attachment":"scroll","background-type":"","background-media":"","overlay-type":"","overlay-color":"","overlay-opacity":"","overlay-gradient":""},"tablet":{"background-color":"var(--ast-global-color-5)","background-image":"","background-repeat":"repeat","background-position":"center center","background-size":"auto","background-attachment":"scroll","background-type":"","background-media":"","overlay-type":"","overlay-color":"","overlay-opacity":"","overlay-gradient":""},"mobile":{"background-color":"var(--ast-global-color-5)","background-image":"","background-repeat":"repeat","background-position":"center center","background-size":"auto","background-attachment":"scroll","background-type":"","background-media":"","overlay-type":"","overlay-color":"","overlay-opacity":"","overlay-gradient":""}},"footnotes":""},"class_list":["post-13497","page","type-page","status-publish","hentry"],"post_mailing_queue_ids":[],"_links":{"self":[{"href":"https:\/\/agora.xtec.cat\/ies-mediterrania-castelldefels\/wp-json\/wp\/v2\/pages\/13497","targetHints":{"allow":["GET"]}}],"collection":[{"href":"https:\/\/agora.xtec.cat\/ies-mediterrania-castelldefels\/wp-json\/wp\/v2\/pages"}],"about":[{"href":"https:\/\/agora.xtec.cat\/ies-mediterrania-castelldefels\/wp-json\/wp\/v2\/types\/page"}],"author":[{"embeddable":true,"href":"https:\/\/agora.xtec.cat\/ies-mediterrania-castelldefels\/wp-json\/wp\/v2\/users\/1"}],"replies":[{"embeddable":true,"href":"https:\/\/agora.xtec.cat\/ies-mediterrania-castelldefels\/wp-json\/wp\/v2\/comments?post=13497"}],"version-history":[{"count":2,"href":"https:\/\/agora.xtec.cat\/ies-mediterrania-castelldefels\/wp-json\/wp\/v2\/pages\/13497\/revisions"}],"predecessor-version":[{"id":13499,"href":"https:\/\/agora.xtec.cat\/ies-mediterrania-castelldefels\/wp-json\/wp\/v2\/pages\/13497\/revisions\/13499"}],"up":[{"embeddable":true,"href":"https:\/\/agora.xtec.cat\/ies-mediterrania-castelldefels\/wp-json\/wp\/v2\/pages\/13184"}],"wp:attachment":[{"href":"https:\/\/agora.xtec.cat\/ies-mediterrania-castelldefels\/wp-json\/wp\/v2\/media?parent=13497"}],"curies":[{"name":"wp","href":"https:\/\/api.w.org\/{rel}","templated":true}]}}