{"id":13439,"date":"2026-04-29T17:00:26","date_gmt":"2026-04-29T15:00:26","guid":{"rendered":"https:\/\/agora.xtec.cat\/ies-mediterrania-castelldefels\/?page_id=13439"},"modified":"2026-04-29T17:05:52","modified_gmt":"2026-04-29T15:05:52","slug":"cfgm-guia-medi-natural","status":"publish","type":"page","link":"https:\/\/agora.xtec.cat\/ies-mediterrania-castelldefels\/estudis\/formacio-professional\/cfgm-guia-medi-natural\/","title":{"rendered":"CFGM Guia en el Medi Natural i de Temps de Lleure"},"content":{"rendered":"\n<h2 class=\"wp-block-heading has-text-align-center has-background\" style=\"border-style:none;border-width:0px;border-radius:0px;background:linear-gradient(279deg,rgb(255,245,203) 0%,rgb(182,227,212) 50%,rgb(51,167,181) 100%)\">CFGM Guia en el Medi Natural i de Temps de Lleure<\/h2>\n\n\n\n<p>Els cicles formatius de grau mitj\u00e0 (CFGM) s\u00f3n ensenyaments professionalitzadors que proporcionen la formaci\u00f3 necess\u00e0ria per adquirir la compet\u00e8ncia professional i el coneixement propis de cada sector. S&#8217;agrupen en fam\u00edlies professionals i tenen una durada de 2.000 hores (en dos cursos acad\u00e8mics).<\/p>\n\n\n\n<p>La titulaci\u00f3 que s&#8217;obt\u00e9 en finalitzar un cicle formatiu de grau mitj\u00e0 \u00e9s la de t\u00e8cnic o t\u00e8cnica del perfil professional corresponent.<\/p>\n\n\n\n<p>El CFGM de Guia en el Medi Natural i de Temps de Lleure capacita l&#8217;alumnat per organitzar i dinamitzar itineraris i activitats f\u00edsiques en el medi natural, aix\u00ed com activitats de lleure educatiu, garantint en tot moment la seguretat dels participants, el respecte pel medi ambient i la qualitat en la conducci\u00f3 de grups<\/p>\n\n\n\n<div class=\"wp-block-getwid-section getwid-section-content-custom-width\"><div class=\"wp-block-getwid-section__wrapper getwid-padding-left-none getwid-padding-right-none\"><div class=\"wp-block-getwid-section__inner-wrapper\" style=\"max-width:1050px\"><div class=\"wp-block-getwid-section__background-holder\"><div class=\"wp-block-getwid-section__background\"><\/div><div class=\"wp-block-getwid-section__foreground\"><\/div><\/div><div class=\"wp-block-getwid-section__content\"><div class=\"wp-block-getwid-section__inner-content\">\n<div class=\"wp-block-columns are-vertically-aligned-top is-layout-flex wp-container-core-columns-is-layout-1 wp-block-columns-is-layout-flex\">\n<div class=\"wp-block-column is-vertically-aligned-top is-layout-flow wp-block-column-is-layout-flow\">\n<p id=\"block-3ede1a4c-925b-4102-97f0-09ac87f3be40\"><br><strong>Guia en el Medi Natural i de Temps de Lleure <\/strong>del Mediterr\u00e0nia aprendr\u00e0s de <strong>forma<\/strong> <strong>pr\u00e0ctica <\/strong>organitzar itineraris i guiar grups per entorns naturals de muntanya, sobre terreny nevat i tamb\u00e9 fent espeleologia i barranquisme de baixa dificultat.<\/p>\n\n\n\n<p>Aquest cicle tamb\u00e9 prepara al t\u00e8cnic per fer rutes i socorrisme en el medi aqu\u00e0tic i per a treballar en instal\u00b7lacions d&#8217;oci i aventura.<\/p>\n\n\n\n<p id=\"block-3ede1a4c-925b-4102-97f0-09ac87f3be40\">Aix\u00ed, el t\u00e8cnic acabar\u00e0 <strong>dominant <\/strong>el despla\u00e7ament en bicicleta, a cavall i en petites embarcacions d&#8217;esbarjo amb l&#8217;objectiu de dinamitzar activitats de temps de lleure a la natura, adaptant-se als participants, respectant el medi ambient i garantint la <strong>qualitat <\/strong>i la <strong>seguretat<\/strong>.<\/p>\n<\/div>\n\n\n\n<div class=\"wp-block-column is-vertically-aligned-top is-layout-flow wp-block-column-is-layout-flow\">\n<div class=\"wp-block-getwid-images-slider has-arrows-inside has-dots-inside has-images-center\"><div class=\"wp-block-getwid-images-slider__wrapper\" data-effect=\"slide\" data-slides-show=\"1\" data-slides-show-laptop=\"1\" data-slides-show-tablet=\"1\" data-slides-show-mobile=\"1\" data-slides-scroll=\"1\" data-autoplay=\"false\" data-pause-hover=\"false\" data-autoplay-speed=\"6000\" data-infinite=\"true\" data-animation-speed=\"800\" data-center-mode=\"false\" data-variable-width=\"false\" data-arrows=\"inside\" data-dots=\"inside\" data-spacing=\"none\"><div class=\"wp-block-getwid-images-slider__item\"><figure><img loading=\"lazy\" decoding=\"async\" width=\"2016\" height=\"1512\" src=\"https:\/\/agora.xtec.cat\/ies-mediterrania-castelldefels\/wp-content\/uploads\/usu1078\/2026\/04\/IMG_4059.jpeg\" data-id=\"13510\" data-link=\"https:\/\/agora.xtec.cat\/ies-mediterrania-castelldefels\/?attachment_id=13510\" data-original-link=\"https:\/\/agora.xtec.cat\/ies-mediterrania-castelldefels\/wp-content\/uploads\/usu1078\/2026\/04\/IMG_4059.jpeg\" class=\"wp-block-getwid-images-slider__image wp-image-13510\" srcset=\"https:\/\/agora.xtec.cat\/ies-mediterrania-castelldefels\/wp-content\/uploads\/usu1078\/2026\/04\/IMG_4059.jpeg 2016w, https:\/\/agora.xtec.cat\/ies-mediterrania-castelldefels\/wp-content\/uploads\/usu1078\/2026\/04\/IMG_4059-300x225.jpeg 300w, https:\/\/agora.xtec.cat\/ies-mediterrania-castelldefels\/wp-content\/uploads\/usu1078\/2026\/04\/IMG_4059-1024x768.jpeg 1024w, https:\/\/agora.xtec.cat\/ies-mediterrania-castelldefels\/wp-content\/uploads\/usu1078\/2026\/04\/IMG_4059-768x576.jpeg 768w, https:\/\/agora.xtec.cat\/ies-mediterrania-castelldefels\/wp-content\/uploads\/usu1078\/2026\/04\/IMG_4059-1536x1152.jpeg 1536w\" sizes=\"auto, (max-width: 2016px) 100vw, 2016px\" \/><\/figure><\/div><div class=\"wp-block-getwid-images-slider__item\"><figure><img loading=\"lazy\" decoding=\"async\" width=\"2016\" height=\"1512\" src=\"https:\/\/agora.xtec.cat\/ies-mediterrania-castelldefels\/wp-content\/uploads\/usu1078\/2026\/04\/IMG_3981.jpeg\" data-id=\"13511\" data-link=\"https:\/\/agora.xtec.cat\/ies-mediterrania-castelldefels\/?attachment_id=13511\" data-original-link=\"https:\/\/agora.xtec.cat\/ies-mediterrania-castelldefels\/wp-content\/uploads\/usu1078\/2026\/04\/IMG_3981.jpeg\" class=\"wp-block-getwid-images-slider__image wp-image-13511\" srcset=\"https:\/\/agora.xtec.cat\/ies-mediterrania-castelldefels\/wp-content\/uploads\/usu1078\/2026\/04\/IMG_3981.jpeg 2016w, https:\/\/agora.xtec.cat\/ies-mediterrania-castelldefels\/wp-content\/uploads\/usu1078\/2026\/04\/IMG_3981-300x225.jpeg 300w, https:\/\/agora.xtec.cat\/ies-mediterrania-castelldefels\/wp-content\/uploads\/usu1078\/2026\/04\/IMG_3981-1024x768.jpeg 1024w, https:\/\/agora.xtec.cat\/ies-mediterrania-castelldefels\/wp-content\/uploads\/usu1078\/2026\/04\/IMG_3981-768x576.jpeg 768w, https:\/\/agora.xtec.cat\/ies-mediterrania-castelldefels\/wp-content\/uploads\/usu1078\/2026\/04\/IMG_3981-1536x1152.jpeg 1536w\" sizes=\"auto, (max-width: 2016px) 100vw, 2016px\" \/><\/figure><\/div><div class=\"wp-block-getwid-images-slider__item\"><figure><img loading=\"lazy\" decoding=\"async\" width=\"1422\" height=\"1067\" src=\"https:\/\/agora.xtec.cat\/ies-mediterrania-castelldefels\/wp-content\/uploads\/usu1078\/2026\/04\/IMG_4069-1.jpeg\" data-id=\"13515\" data-link=\"https:\/\/agora.xtec.cat\/ies-mediterrania-castelldefels\/?attachment_id=13515\" data-original-link=\"https:\/\/agora.xtec.cat\/ies-mediterrania-castelldefels\/wp-content\/uploads\/usu1078\/2026\/04\/IMG_4069-1.jpeg\" class=\"wp-block-getwid-images-slider__image wp-image-13515\" srcset=\"https:\/\/agora.xtec.cat\/ies-mediterrania-castelldefels\/wp-content\/uploads\/usu1078\/2026\/04\/IMG_4069-1.jpeg 1422w, https:\/\/agora.xtec.cat\/ies-mediterrania-castelldefels\/wp-content\/uploads\/usu1078\/2026\/04\/IMG_4069-1-300x225.jpeg 300w, https:\/\/agora.xtec.cat\/ies-mediterrania-castelldefels\/wp-content\/uploads\/usu1078\/2026\/04\/IMG_4069-1-1024x768.jpeg 1024w, https:\/\/agora.xtec.cat\/ies-mediterrania-castelldefels\/wp-content\/uploads\/usu1078\/2026\/04\/IMG_4069-1-768x576.jpeg 768w\" sizes=\"auto, (max-width: 1422px) 100vw, 1422px\" \/><\/figure><\/div><div class=\"wp-block-getwid-images-slider__item\"><figure><img loading=\"lazy\" decoding=\"async\" width=\"1422\" height=\"1067\" src=\"https:\/\/agora.xtec.cat\/ies-mediterrania-castelldefels\/wp-content\/uploads\/usu1078\/2026\/04\/IMG_3786-1.jpg\" data-id=\"13517\" data-link=\"https:\/\/agora.xtec.cat\/ies-mediterrania-castelldefels\/?attachment_id=13517\" data-original-link=\"https:\/\/agora.xtec.cat\/ies-mediterrania-castelldefels\/wp-content\/uploads\/usu1078\/2026\/04\/IMG_3786-1.jpg\" class=\"wp-block-getwid-images-slider__image wp-image-13517\" srcset=\"https:\/\/agora.xtec.cat\/ies-mediterrania-castelldefels\/wp-content\/uploads\/usu1078\/2026\/04\/IMG_3786-1.jpg 1422w, https:\/\/agora.xtec.cat\/ies-mediterrania-castelldefels\/wp-content\/uploads\/usu1078\/2026\/04\/IMG_3786-1-300x225.jpg 300w, https:\/\/agora.xtec.cat\/ies-mediterrania-castelldefels\/wp-content\/uploads\/usu1078\/2026\/04\/IMG_3786-1-1024x768.jpg 1024w, https:\/\/agora.xtec.cat\/ies-mediterrania-castelldefels\/wp-content\/uploads\/usu1078\/2026\/04\/IMG_3786-1-768x576.jpg 768w\" sizes=\"auto, (max-width: 1422px) 100vw, 1422px\" \/><\/figure><\/div><div class=\"wp-block-getwid-images-slider__item\"><figure><img loading=\"lazy\" decoding=\"async\" width=\"1422\" height=\"1067\" src=\"https:\/\/agora.xtec.cat\/ies-mediterrania-castelldefels\/wp-content\/uploads\/usu1078\/2026\/04\/PHOTO-2026-04-29-12-32-46-1.jpg\" data-id=\"13518\" data-link=\"https:\/\/agora.xtec.cat\/ies-mediterrania-castelldefels\/?attachment_id=13518\" data-original-link=\"https:\/\/agora.xtec.cat\/ies-mediterrania-castelldefels\/wp-content\/uploads\/usu1078\/2026\/04\/PHOTO-2026-04-29-12-32-46-1.jpg\" class=\"wp-block-getwid-images-slider__image wp-image-13518\" srcset=\"https:\/\/agora.xtec.cat\/ies-mediterrania-castelldefels\/wp-content\/uploads\/usu1078\/2026\/04\/PHOTO-2026-04-29-12-32-46-1.jpg 1422w, https:\/\/agora.xtec.cat\/ies-mediterrania-castelldefels\/wp-content\/uploads\/usu1078\/2026\/04\/PHOTO-2026-04-29-12-32-46-1-300x225.jpg 300w, https:\/\/agora.xtec.cat\/ies-mediterrania-castelldefels\/wp-content\/uploads\/usu1078\/2026\/04\/PHOTO-2026-04-29-12-32-46-1-1024x768.jpg 1024w, https:\/\/agora.xtec.cat\/ies-mediterrania-castelldefels\/wp-content\/uploads\/usu1078\/2026\/04\/PHOTO-2026-04-29-12-32-46-1-768x576.jpg 768w\" sizes=\"auto, (max-width: 1422px) 100vw, 1422px\" \/><\/figure><\/div><div class=\"wp-block-getwid-images-slider__item\"><figure><img loading=\"lazy\" decoding=\"async\" width=\"1422\" height=\"1067\" src=\"https:\/\/agora.xtec.cat\/ies-mediterrania-castelldefels\/wp-content\/uploads\/usu1078\/2026\/04\/IMG-20230223-WA0000-1-1.jpg\" data-id=\"13519\" data-link=\"https:\/\/agora.xtec.cat\/ies-mediterrania-castelldefels\/?attachment_id=13519\" data-original-link=\"https:\/\/agora.xtec.cat\/ies-mediterrania-castelldefels\/wp-content\/uploads\/usu1078\/2026\/04\/IMG-20230223-WA0000-1-1.jpg\" class=\"wp-block-getwid-images-slider__image wp-image-13519\" srcset=\"https:\/\/agora.xtec.cat\/ies-mediterrania-castelldefels\/wp-content\/uploads\/usu1078\/2026\/04\/IMG-20230223-WA0000-1-1.jpg 1422w, https:\/\/agora.xtec.cat\/ies-mediterrania-castelldefels\/wp-content\/uploads\/usu1078\/2026\/04\/IMG-20230223-WA0000-1-1-300x225.jpg 300w, https:\/\/agora.xtec.cat\/ies-mediterrania-castelldefels\/wp-content\/uploads\/usu1078\/2026\/04\/IMG-20230223-WA0000-1-1-1024x768.jpg 1024w, https:\/\/agora.xtec.cat\/ies-mediterrania-castelldefels\/wp-content\/uploads\/usu1078\/2026\/04\/IMG-20230223-WA0000-1-1-768x576.jpg 768w\" sizes=\"auto, (max-width: 1422px) 100vw, 1422px\" \/><\/figure><\/div><\/div><\/div>\n<\/div>\n<\/div>\n<\/div><\/div><\/div><\/div><\/div>\n\n\n\n<div class=\"wp-block-getwid-advanced-spacer\" style=\"height:39px\" aria-hidden=\"true\"><\/div>\n\n\n\n<div class=\"wp-block-getwid-section getwid-section-content-custom-width\"><div class=\"wp-block-getwid-section__wrapper getwid-padding-left-none getwid-padding-right-none\"><div class=\"wp-block-getwid-section__inner-wrapper\" style=\"max-width:1000px\"><div class=\"wp-block-getwid-section__background-holder\"><div class=\"wp-block-getwid-section__background has-background\" style=\"background-color:#c3ebeb\"><\/div><div class=\"wp-block-getwid-section__foreground\"><\/div><\/div><div class=\"wp-block-getwid-section__content\"><div class=\"wp-block-getwid-section__inner-content\">\n<h3 class=\"wp-block-heading has-text-align-center has-white-color has-ast-global-color-1-background-color has-text-color has-background has-link-color wp-elements-7eac0f667f5d38374941dfb0a8df4990\"><strong>Qu\u00e8 i Com estudiar\u00e9?<\/strong><\/h3>\n\n\n\n<div class=\"wp-block-group is-layout-grid wp-container-core-group-is-layout-1 wp-block-group-is-layout-grid\" style=\"padding-right:var(--wp--preset--spacing--20);padding-left:var(--wp--preset--spacing--20)\">\n<h5 class=\"wp-block-heading has-text-align-center wp-container-content-1\">1r Curs: Fonaments T\u00e8cnics<\/h5>\n\n\n\n<h5 class=\"wp-block-heading has-text-align-center\">2n Curs: Especialitzaci\u00f3 i M\u00f3n Laboral <\/h5>\n\n\n\n<p>Treballem mitjan\u00e7ant m\u00f2duls pr\u00e0ctics dissenyats per dominar les t\u00e8cniques de conducci\u00f3 de grups en el medi natural. L&#8217;objectiu \u00e9s que l&#8217;alumne adquireixi les bases de l&#8217;equitaci\u00f3, el ciclisme i la muntanya mitjana, aprenent a organitzar itineraris i activitats de lleure amb un enfocament professional.<\/p>\n\n\n\n<p>Aprofundim en la seguretat i les activitats en el medi aqu\u00e0tic mitjan\u00e7ant m\u00f2duls t\u00e8cnics. L&#8217;objectiu \u00e9s que l&#8217;alumne culmini la seva formaci\u00f3 dominant la conducci\u00f3 de grups en entorns complexos, consolidant el seu perfil professional a trav\u00e9s d&#8217;un projecte intermodular que garanteix la seva inserci\u00f3 en el mercat laboral del turisme actiu i el lleure<\/p>\n\n\n\n<p><strong>M\u00f2duls Professionals:<\/strong><\/p>\n\n\n\n<p><strong>M\u00f2duls Professionals:<\/strong><\/p>\n\n\n\n<ul class=\"wp-block-list\">\n<li>H\u00edpica (T\u00e8cniques d\u2019equitaci\u00f3 + Guia eq\u00fcestre)<\/li>\n\n\n\n<li>Atenci\u00f3 a grups<\/li>\n\n\n\n<li>Organitzaci\u00f3 d\u2019itineraris<\/li>\n\n\n\n<li>Guia de muntanya baixa i mitjana.<\/li>\n\n\n\n<li>Guia en bicicleta.<\/li>\n\n\n\n<li>T\u00e8cniques de temps de lleure.<\/li>\n\n\n\n<li>T\u00e8cniques de nataci\u00f3.<\/li>\n\n\n\n<li>Angl\u00e8s professional.<\/li>\n\n\n\n<li>Digitalitzaci\u00f3 aplicada als sectors productius.<\/li>\n\n\n\n<li>Sostenibilitat aplicada al sistema productiu.<\/li>\n\n\n\n<li>Itinerari personal per a l&#8217;ocupabilitat &nbsp;I.<\/li>\n<\/ul>\n\n\n\n<ul class=\"wp-block-list\">\n<li>Socorrisme en el medi natural.<\/li>\n\n\n\n<li>Guia en el medi natural aqu\u00e0tic.<\/li>\n\n\n\n<li>Maniobres amb cordes.<\/li>\n\n\n\n<li>Itinerari personal&nbsp; per a l&#8217;ocupabilitat II.<\/li>\n\n\n\n<li>Projecte intermodular.<\/li>\n<\/ul>\n\n\n\n<p class=\"has-background wp-container-content-2\" style=\"background-color:#ffe97d\"><strong><span style=\"text-decoration: underline;\">Sortides:<\/span><\/strong><br>* <strong>Mussara<\/strong>: Senderisme, orientaci\u00f3, bivac, descens en corda, meteorologia<br><strong>* Masella\/neu<\/strong>: Esqui&nbsp;fons, esqu\u00ed alp\u00ed, igl\u00fas, raquetes, nivologia, rescats en neu.<\/p>\n\n\n\n<p class=\"has-background wp-container-content-3\" style=\"background-color:#ffe97d\"><strong><span style=\"text-decoration: underline;\">Sortides:<\/span><\/strong><br>* <strong>Masella\/neu<\/strong>: Esqu\u00ed alp\u00ed.<br><strong>* Sort<\/strong>: R\u00e0fting, barrancs, rescats en riu, caiac.<\/p>\n\n\n\n<div class=\"wp-block-buttons is-content-justification-center is-layout-flex wp-container-core-buttons-is-layout-1 wp-block-buttons-is-layout-flex\">\n<div class=\"wp-block-button is-style-fill\"><a class=\"wp-block-button__link wp-element-button\" href=\"https:\/\/drive.google.com\/file\/d\/1PCKdfNlMt00OarGL6k03uFkBdyVwrdjv\/view?usp=sharing\" target=\"_blank\" rel=\"noreferrer noopener\">Material 1r Curs (pdf)<\/a><\/div>\n<\/div>\n\n\n\n<div class=\"wp-block-buttons is-content-justification-center is-layout-flex wp-container-core-buttons-is-layout-2 wp-block-buttons-is-layout-flex\">\n<div class=\"wp-block-button is-style-fill\"><a class=\"wp-block-button__link wp-element-button\" href=\"https:\/\/drive.google.com\/file\/d\/1BVqlYQ7PXtajqLt_pXo-G19PNEiF2o0o\/view?usp=sharing\" target=\"_blank\" rel=\"noreferrer noopener\">Material 2n Curs (pdf)<\/a><\/div>\n<\/div>\n<\/div>\n\n\n\n<div class=\"wp-block-getwid-advanced-spacer\" style=\"height:28px\" aria-hidden=\"true\"><\/div>\n\n\n\n<div class=\"wp-block-buttons is-content-justification-center is-layout-flex wp-container-core-buttons-is-layout-3 wp-block-buttons-is-layout-flex\">\n<div class=\"wp-block-button is-style-fill\"><a class=\"wp-block-button__link wp-element-button\" href=\"https:\/\/drive.google.com\/file\/d\/1yFcTyMuPQpIpXPBhsATQwRN0innVwoMv\/view?usp=sharing\" target=\"_blank\" rel=\"noreferrer noopener\">Fullet\u00f3 Informatiu (pdf)<\/a><\/div>\n<\/div>\n<\/div><\/div><\/div><\/div><\/div>\n\n\n\n<div class=\"wp-block-getwid-section getwid-section-content-custom-width\"><div class=\"wp-block-getwid-section__wrapper getwid-padding-left-none getwid-padding-right-none\"><div class=\"wp-block-getwid-section__inner-wrapper\" style=\"max-width:1000px\"><div class=\"wp-block-getwid-section__background-holder\"><div class=\"wp-block-getwid-section__background\"><\/div><div class=\"wp-block-getwid-section__foreground\"><\/div><\/div><div class=\"wp-block-getwid-section__content\"><div class=\"wp-block-getwid-section__inner-content\">\n<div class=\"wp-block-columns is-layout-flex wp-container-core-columns-is-layout-2 wp-block-columns-is-layout-flex\">\n<div class=\"wp-block-column is-layout-flow wp-block-column-is-layout-flow\">\n<h3 class=\"wp-block-heading has-text-align-center has-white-color has-ast-global-color-1-background-color has-text-color has-background has-link-color wp-elements-8118f271f4e5519f5ee15913e772cbe6\">Quines s\u00f3n les sortides acad\u00e8miques<\/h3>\n\n\n\n<p>Amb aquests estudis s&#8217;obt\u00e9 el t\u00edtol de&nbsp;<strong>t\u00e8cnic o t\u00e8cnica<\/strong>, que permet accedir:<\/p>\n\n\n\n<ul class=\"wp-block-list\">\n<li>a un cicle de Grau Superior del mateix itinerari:\n<ul class=\"wp-block-list\">\n<li>CFGS Ensenyament i Animaci\u00f3 Socioesportiva<\/li>\n\n\n\n<li>CFGS Condicionament F\u00edsic<\/li>\n<\/ul>\n<\/li>\n\n\n\n<li>a un cicle de Grau Superior de diferent itinerari<\/li>\n\n\n\n<li>al batxillerat o<\/li>\n\n\n\n<li>al m\u00f3n laboral<\/li>\n<\/ul>\n<\/div>\n\n\n\n<div class=\"wp-block-column is-layout-flow wp-block-column-is-layout-flow\">\n<h3 class=\"wp-block-heading has-text-align-center has-white-color has-ast-global-color-1-background-color has-text-color has-background has-link-color wp-elements-73c2668cb835d5845e4c12443d340e67\">Quines s\u00f3n les sortides professionals<\/h3>\n\n\n\n<p>Amb el t\u00edtol de t\u00e8cnic\/a podr\u00e0s treballar d&#8217;acompanyant de t\u00e8cnic en qualsevol esport a l&#8217;aire lliure:<\/p>\n\n\n\n<ul class=\"wp-block-list\">\n<li>Empreses d&#8217;esports d&#8217;aventures.<\/li>\n\n\n\n<li>Empreses tur\u00edstiques: hotels, c\u00e0mpings, albergs o cases de col\u00f2nies, refugis.<\/li>\n\n\n\n<li>Empreses de gesti\u00f3 de parcs naturals o zones protegides.<\/li>\n\n\n\n<li>Clubs esportius , Escoles i Ag\u00e8ncies de viatges.<\/li>\n\n\n\n<li>Estacions d&#8217;esqu\u00ed amb oferta complement\u00e0ria d&#8217;activitats.<\/li>\n\n\n\n<li>Entitats p\u00fabliques que ofereixin programes d&#8217;activitats<\/li>\n<\/ul>\n<\/div>\n<\/div>\n\n\n\n<div style=\"height:30px\" aria-hidden=\"true\" class=\"wp-block-spacer\"><\/div>\n\n\n\n<figure class=\"wp-block-embed is-type-video is-provider-youtube wp-block-embed-youtube wp-embed-aspect-16-9 wp-has-aspect-ratio\"><div class=\"wp-block-embed__wrapper\">\n<div class=\"ast-oembed-container \" style=\"height: 100%;\"><iframe loading=\"lazy\" title=\"#FPCAT | Activitats f\u00edsiques i esportives\" width=\"500\" height=\"281\" src=\"https:\/\/www.youtube.com\/embed\/wBdZIBLGwfE?feature=oembed\" frameborder=\"0\" allow=\"accelerometer; autoplay; clipboard-write; encrypted-media; gyroscope; picture-in-picture; web-share\" referrerpolicy=\"strict-origin-when-cross-origin\" allowfullscreen><\/iframe><\/div>\n<\/div><\/figure>\n<\/div><\/div><\/div><\/div><\/div>\n\n\n\n<div class=\"wp-block-getwid-section getwid-section-content-custom-width\"><div class=\"wp-block-getwid-section__wrapper getwid-padding-left-none getwid-padding-right-none\"><div class=\"wp-block-getwid-section__inner-wrapper\" style=\"max-width:900px\"><div class=\"wp-block-getwid-section__background-holder\"><div class=\"wp-block-getwid-section__background has-background\" style=\"background-color:#ffe97d\"><\/div><div class=\"wp-block-getwid-section__foreground\"><\/div><\/div><div class=\"wp-block-getwid-section__content\"><div class=\"wp-block-getwid-section__inner-content\">\n<h3 class=\"wp-block-heading\">Qu\u00e8 necessito per accedir-hi<\/h3>\n\n\n\n<p>Pots accedir als cicles de grau mitj\u00e0 si compleixes algun dels requisits seg\u00fcents:<\/p>\n\n\n\n<p>Tenir un d\u2019aquests t\u00edtols:<\/p>\n\n\n\n<ul class=\"wp-block-list\">\n<li>&nbsp;Graduat\/ada en educaci\u00f3 secund\u00e0ria obligat\u00f2ria.<\/li>\n\n\n\n<li>&nbsp;T\u00e8cnic\/a b\u00e0sic\/a, T\u00e8cnic\/a, T\u00e8cnic\/a superior o &nbsp;T\u00e8cnic\/a auxiliar.<\/li>\n\n\n\n<li>&nbsp;Batxillerat superior (plans educatius anteriors a la Llei org\u00e0nica 2\/2006, de 3 de maig).<\/li>\n<\/ul>\n\n\n\n<p>O b\u00e9, haver superat:<\/p>\n\n\n\n<ul class=\"wp-block-list\">\n<li>&nbsp;Una oferta formativa de certificat professional inclosa en el cicle.<\/li>\n\n\n\n<li class=\"has-ast-global-color-1-color has-text-color has-link-color wp-elements-72a40b92a35e53ea000442d38bc6b5d4\">&nbsp;Un<a href=\"https:\/\/preinscripcio.gencat.cat\/ca\/estudis\/curs-acces-grau-mitja\/inici\/\" target=\"_blank\" rel=\"noreferrer noopener\">&nbsp;curs de formaci\u00f3 preparatori per a l&#8217;acc\u00e9s als cicles de grau mitj\u00e0.<\/a><\/li>\n\n\n\n<li class=\"has-black-color has-text-color has-link-color wp-elements-4af727f65b5f9b4773879776741cf42a\">&nbsp;Una&nbsp;<a href=\"https:\/\/triaeducativa.gencat.cat\/ca\/proves\/proves-acces\/fp\/fp-gm\/\" target=\"_blank\" rel=\"noreferrer noopener\">prova d&#8217;acc\u00e9s<\/a>.<\/li>\n\n\n\n<li>Altres estudis o cursos de formaci\u00f3 equivalents acad\u00e8micament.<\/li>\n<\/ul>\n\n\n\n<div class=\"wp-block-buttons is-content-justification-center is-layout-flex wp-container-core-buttons-is-layout-4 wp-block-buttons-is-layout-flex\">\n<div class=\"wp-block-button is-style-fill\"><a class=\"wp-block-button__link wp-element-button\" href=\"https:\/\/www.gencat.cat\/ensenyament\/eac\/pdf\/ETAPA_CFGM_CA.pdf\" target=\"_blank\" rel=\"noreferrer noopener\">Fitxa de l&#8217;etapa educativa (pdf)<\/a><\/div>\n<\/div>\n<\/div><\/div><\/div><\/div><\/div>\n","protected":false},"excerpt":{"rendered":"<p>CFGM Guia en el Medi Natural i de Temps de Lleure Els cicles formatius de grau mitj\u00e0 (CFGM) s\u00f3n ensenyaments professionalitzadors que proporcionen la formaci\u00f3 necess\u00e0ria per adquirir la compet\u00e8ncia professional i el coneixement propis de cada sector. S&#8217;agrupen en fam\u00edlies professionals i tenen una durada de 2.000 hores (en dos cursos acad\u00e8mics). La titulaci\u00f3 [&hellip;]<\/p>\n","protected":false},"author":1,"featured_media":0,"parent":13184,"menu_order":3,"comment_status":"closed","ping_status":"closed","template":"","meta":{"_bbp_topic_count":0,"_bbp_reply_count":0,"_bbp_total_topic_count":0,"_bbp_total_reply_count":0,"_bbp_voice_count":0,"_bbp_anonymous_reply_count":0,"_bbp_topic_count_hidden":0,"_bbp_reply_count_hidden":0,"_bbp_forum_subforum_count":0,"site-sidebar-layout":"default","site-content-layout":"","ast-site-content-layout":"default","site-content-style":"default","site-sidebar-style":"default","ast-global-header-display":"","ast-banner-title-visibility":"","ast-main-header-display":"","ast-hfb-above-header-display":"","ast-hfb-below-header-display":"","ast-hfb-mobile-header-display":"","site-post-title":"disabled","ast-breadcrumbs-content":"","ast-featured-img":"","footer-sml-layout":"","theme-transparent-header-meta":"","adv-header-id-meta":"","stick-header-meta":"","header-above-stick-meta":"","header-main-stick-meta":"","header-below-stick-meta":"","astra-migrate-meta-layouts":"set","ast-page-background-enabled":"default","ast-page-background-meta":{"desktop":{"background-color":"var(--ast-global-color-4)","background-image":"","background-repeat":"repeat","background-position":"center center","background-size":"auto","background-attachment":"scroll","background-type":"","background-media":"","overlay-type":"","overlay-color":"","overlay-opacity":"","overlay-gradient":""},"tablet":{"background-color":"","background-image":"","background-repeat":"repeat","background-position":"center center","background-size":"auto","background-attachment":"scroll","background-type":"","background-media":"","overlay-type":"","overlay-color":"","overlay-opacity":"","overlay-gradient":""},"mobile":{"background-color":"","background-image":"","background-repeat":"repeat","background-position":"center center","background-size":"auto","background-attachment":"scroll","background-type":"","background-media":"","overlay-type":"","overlay-color":"","overlay-opacity":"","overlay-gradient":""}},"ast-content-background-meta":{"desktop":{"background-color":"var(--ast-global-color-5)","background-image":"","background-repeat":"repeat","background-position":"center center","background-size":"auto","background-attachment":"scroll","background-type":"","background-media":"","overlay-type":"","overlay-color":"","overlay-opacity":"","overlay-gradient":""},"tablet":{"background-color":"var(--ast-global-color-5)","background-image":"","background-repeat":"repeat","background-position":"center center","background-size":"auto","background-attachment":"scroll","background-type":"","background-media":"","overlay-type":"","overlay-color":"","overlay-opacity":"","overlay-gradient":""},"mobile":{"background-color":"var(--ast-global-color-5)","background-image":"","background-repeat":"repeat","background-position":"center center","background-size":"auto","background-attachment":"scroll","background-type":"","background-media":"","overlay-type":"","overlay-color":"","overlay-opacity":"","overlay-gradient":""}},"footnotes":""},"class_list":["post-13439","page","type-page","status-publish","hentry"],"post_mailing_queue_ids":[],"_links":{"self":[{"href":"https:\/\/agora.xtec.cat\/ies-mediterrania-castelldefels\/wp-json\/wp\/v2\/pages\/13439","targetHints":{"allow":["GET"]}}],"collection":[{"href":"https:\/\/agora.xtec.cat\/ies-mediterrania-castelldefels\/wp-json\/wp\/v2\/pages"}],"about":[{"href":"https:\/\/agora.xtec.cat\/ies-mediterrania-castelldefels\/wp-json\/wp\/v2\/types\/page"}],"author":[{"embeddable":true,"href":"https:\/\/agora.xtec.cat\/ies-mediterrania-castelldefels\/wp-json\/wp\/v2\/users\/1"}],"replies":[{"embeddable":true,"href":"https:\/\/agora.xtec.cat\/ies-mediterrania-castelldefels\/wp-json\/wp\/v2\/comments?post=13439"}],"version-history":[{"count":6,"href":"https:\/\/agora.xtec.cat\/ies-mediterrania-castelldefels\/wp-json\/wp\/v2\/pages\/13439\/revisions"}],"predecessor-version":[{"id":13530,"href":"https:\/\/agora.xtec.cat\/ies-mediterrania-castelldefels\/wp-json\/wp\/v2\/pages\/13439\/revisions\/13530"}],"up":[{"embeddable":true,"href":"https:\/\/agora.xtec.cat\/ies-mediterrania-castelldefels\/wp-json\/wp\/v2\/pages\/13184"}],"wp:attachment":[{"href":"https:\/\/agora.xtec.cat\/ies-mediterrania-castelldefels\/wp-json\/wp\/v2\/media?parent=13439"}],"curies":[{"name":"wp","href":"https:\/\/api.w.org\/{rel}","templated":true}]}}