{"id":13420,"date":"2026-04-29T17:00:02","date_gmt":"2026-04-29T15:00:02","guid":{"rendered":"https:\/\/agora.xtec.cat\/ies-mediterrania-castelldefels\/?page_id=13420"},"modified":"2026-04-29T17:04:45","modified_gmt":"2026-04-29T15:04:45","slug":"cfgm-gestio-administrativa","status":"publish","type":"page","link":"https:\/\/agora.xtec.cat\/ies-mediterrania-castelldefels\/estudis\/formacio-professional\/cfgm-gestio-administrativa\/","title":{"rendered":"CFGM Gesti\u00f3 Administrativa"},"content":{"rendered":"\n<h2 class=\"wp-block-heading has-text-align-center has-background\" style=\"border-style:none;border-width:0px;border-radius:0px;background:linear-gradient(279deg,rgb(255,245,203) 0%,rgb(182,227,212) 50%,rgb(51,167,181) 100%)\">CFGM Gesti\u00f3 Administrativa<\/h2>\n\n\n\n<p>Els cicles formatius de grau mitj\u00e0 (CFGM) s\u00f3n ensenyaments professionalitzadors que proporcionen la formaci\u00f3 necess\u00e0ria per adquirir la compet\u00e8ncia professional i el coneixement propis de cada sector. S&#8217;agrupen en fam\u00edlies professionals i tenen una durada de 2.000 hores (en dos cursos acad\u00e8mics).<\/p>\n\n\n\n<p>La titulaci\u00f3 que s&#8217;obt\u00e9 en finalitzar un cicle formatiu de grau mitj\u00e0 \u00e9s la de t\u00e8cnic o t\u00e8cnica del perfil professional corresponent.<\/p>\n\n\n\n<p>El CFGM de Gesti\u00f3 Administrativa capacita l&#8217;alumnat per realitzar activitats de suport administratiu en l&#8217;\u00e0mbit laboral, comptable, comercial, financer i fiscal, aix\u00ed com d&#8217;atenci\u00f3 al client, assegurant el compliment de la normativa vigent i els protocols de qualitat de l&#8217;empresa.<\/p>\n\n\n\n<div class=\"wp-block-getwid-section getwid-section-content-custom-width\"><div class=\"wp-block-getwid-section__wrapper getwid-padding-left-none getwid-padding-right-none\"><div class=\"wp-block-getwid-section__inner-wrapper\" style=\"max-width:1050px\"><div class=\"wp-block-getwid-section__background-holder\"><div class=\"wp-block-getwid-section__background\"><\/div><div class=\"wp-block-getwid-section__foreground\"><\/div><\/div><div class=\"wp-block-getwid-section__content\"><div class=\"wp-block-getwid-section__inner-content\">\n<div class=\"wp-block-columns are-vertically-aligned-top is-layout-flex wp-container-core-columns-is-layout-1 wp-block-columns-is-layout-flex\">\n<div class=\"wp-block-column is-vertically-aligned-top is-layout-flow wp-block-column-is-layout-flow\">\n<p id=\"block-3ede1a4c-925b-4102-97f0-09ac87f3be40\">El cicle de <strong>Gesti\u00f3 Administrativa <\/strong>del Mediterr\u00e0nia ofereix una <strong>formaci\u00f3 pr\u00e0ctica <\/strong>potenciant l&#8217;adquisici\u00f3 de compet\u00e8ncies clau per a l&#8217;exercici professional.  <\/p>\n\n\n\n<p id=\"block-3ede1a4c-925b-4102-97f0-09ac87f3be40\">El cicle capacita l&#8217;alumnat per realitzar amb garanties tasques de suport en els \u00e0mbits laboral, comptable, comercial, financer i fiscal, aix\u00ed com funcions d&#8217;atenci\u00f3 al client; tot aix\u00f2 assegurant el rigor\u00f3s compliment de la normativa vigent, els protocols de qualitat i l&#8217;efici\u00e8ncia administrativa en qualsevol tipus d&#8217;organitzaci\u00f3<\/p>\n\n\n\n<p class=\"has-vivid-red-color has-text-color has-link-color wp-elements-4351e564dc8e3447f9b38f2bf55ac2e4\"><strong>T\u2019interessar\u00e0 saber que\u2026<\/strong><\/p>\n\n\n\n<ul class=\"wp-block-list\">\n<li class=\"has-black-color has-text-color has-link-color wp-elements-70edb7e6110843d9817188f6a633f75b\">Horari de Tarda: facilitat per fer pr\u00e0ctiques (al mat\u00ed)<\/li>\n\n\n\n<li class=\"has-black-color has-text-color has-link-color wp-elements-8d08d41f972636cd62e557ba241edf3c\">Opci\u00f3 de pr\u00e0ctiques a l&#8217;estranger (Erasmus+)<\/li>\n\n\n\n<li class=\"has-black-color has-text-color has-link-color wp-elements-38ad626526533d04a791341c45d263b6\">Opci\u00f3 de pr\u00e0ctiques remunerades (FPDual Intensiva)<\/li>\n<\/ul>\n<\/div>\n\n\n\n<div class=\"wp-block-column is-vertically-aligned-top is-layout-flow wp-block-column-is-layout-flow\">\n<div class=\"wp-block-getwid-images-slider has-arrows-inside has-dots-inside has-images-center has-cropped-images\"><div class=\"wp-block-getwid-images-slider__wrapper\" data-effect=\"slide\" data-slides-show=\"1\" data-slides-show-laptop=\"1\" data-slides-show-tablet=\"1\" data-slides-show-mobile=\"1\" data-slides-scroll=\"1\" data-autoplay=\"false\" data-pause-hover=\"false\" data-autoplay-speed=\"6000\" data-infinite=\"true\" data-animation-speed=\"800\" data-center-mode=\"false\" data-variable-width=\"false\" data-arrows=\"inside\" data-dots=\"inside\" data-spacing=\"none\"><div class=\"wp-block-getwid-images-slider__item\"><figure><img loading=\"lazy\" decoding=\"async\" width=\"394\" height=\"251\" src=\"https:\/\/agora.xtec.cat\/ies-mediterrania-castelldefels\/wp-content\/uploads\/usu1078\/2026\/04\/Servicios_contables.png\" data-id=\"13433\" data-link=\"https:\/\/agora.xtec.cat\/ies-mediterrania-castelldefels\/?attachment_id=13433\" data-original-link=\"https:\/\/agora.xtec.cat\/ies-mediterrania-castelldefels\/wp-content\/uploads\/usu1078\/2026\/04\/Servicios_contables.png\" class=\"wp-block-getwid-images-slider__image wp-image-13433\" srcset=\"https:\/\/agora.xtec.cat\/ies-mediterrania-castelldefels\/wp-content\/uploads\/usu1078\/2026\/04\/Servicios_contables.png 394w, https:\/\/agora.xtec.cat\/ies-mediterrania-castelldefels\/wp-content\/uploads\/usu1078\/2026\/04\/Servicios_contables-300x191.png 300w\" sizes=\"auto, (max-width: 394px) 100vw, 394px\" \/><\/figure><\/div><div class=\"wp-block-getwid-images-slider__item\"><figure><img loading=\"lazy\" decoding=\"async\" width=\"2119\" height=\"1415\" src=\"https:\/\/agora.xtec.cat\/ies-mediterrania-castelldefels\/wp-content\/uploads\/usu1078\/2026\/04\/1206974607.jpg\" data-id=\"13435\" data-link=\"https:\/\/agora.xtec.cat\/ies-mediterrania-castelldefels\/?attachment_id=13435\" data-original-link=\"https:\/\/agora.xtec.cat\/ies-mediterrania-castelldefels\/wp-content\/uploads\/usu1078\/2026\/04\/1206974607.jpg\" class=\"wp-block-getwid-images-slider__image wp-image-13435\" srcset=\"https:\/\/agora.xtec.cat\/ies-mediterrania-castelldefels\/wp-content\/uploads\/usu1078\/2026\/04\/1206974607.jpg 2119w, https:\/\/agora.xtec.cat\/ies-mediterrania-castelldefels\/wp-content\/uploads\/usu1078\/2026\/04\/1206974607-300x200.jpg 300w, https:\/\/agora.xtec.cat\/ies-mediterrania-castelldefels\/wp-content\/uploads\/usu1078\/2026\/04\/1206974607-1024x684.jpg 1024w, https:\/\/agora.xtec.cat\/ies-mediterrania-castelldefels\/wp-content\/uploads\/usu1078\/2026\/04\/1206974607-768x513.jpg 768w, https:\/\/agora.xtec.cat\/ies-mediterrania-castelldefels\/wp-content\/uploads\/usu1078\/2026\/04\/1206974607-1536x1026.jpg 1536w, https:\/\/agora.xtec.cat\/ies-mediterrania-castelldefels\/wp-content\/uploads\/usu1078\/2026\/04\/1206974607-2048x1368.jpg 2048w\" sizes=\"auto, (max-width: 2119px) 100vw, 2119px\" \/><figcaption class=\"wp-block-getwid-images-slider__caption\">financial advice analyze business report to view the performance and return on investment results of the company.<\/figcaption><\/figure><\/div><div class=\"wp-block-getwid-images-slider__item\"><figure><img loading=\"lazy\" decoding=\"async\" width=\"275\" height=\"183\" src=\"https:\/\/agora.xtec.cat\/ies-mediterrania-castelldefels\/wp-content\/uploads\/usu1078\/2026\/04\/images.jpg\" data-id=\"13432\" data-link=\"https:\/\/agora.xtec.cat\/ies-mediterrania-castelldefels\/?attachment_id=13432\" data-original-link=\"https:\/\/agora.xtec.cat\/ies-mediterrania-castelldefels\/wp-content\/uploads\/usu1078\/2026\/04\/images.jpg\" class=\"wp-block-getwid-images-slider__image wp-image-13432\"\/><\/figure><\/div><div class=\"wp-block-getwid-images-slider__item\"><figure><img loading=\"lazy\" decoding=\"async\" width=\"1000\" height=\"667\" src=\"https:\/\/agora.xtec.cat\/ies-mediterrania-castelldefels\/wp-content\/uploads\/usu1078\/2026\/04\/gestion-administrativa.jpg\" data-id=\"13434\" data-link=\"https:\/\/agora.xtec.cat\/ies-mediterrania-castelldefels\/?attachment_id=13434\" data-original-link=\"https:\/\/agora.xtec.cat\/ies-mediterrania-castelldefels\/wp-content\/uploads\/usu1078\/2026\/04\/gestion-administrativa.jpg\" class=\"wp-block-getwid-images-slider__image wp-image-13434\" srcset=\"https:\/\/agora.xtec.cat\/ies-mediterrania-castelldefels\/wp-content\/uploads\/usu1078\/2026\/04\/gestion-administrativa.jpg 1000w, https:\/\/agora.xtec.cat\/ies-mediterrania-castelldefels\/wp-content\/uploads\/usu1078\/2026\/04\/gestion-administrativa-300x200.jpg 300w, https:\/\/agora.xtec.cat\/ies-mediterrania-castelldefels\/wp-content\/uploads\/usu1078\/2026\/04\/gestion-administrativa-768x512.jpg 768w\" sizes=\"auto, (max-width: 1000px) 100vw, 1000px\" \/><\/figure><\/div><div class=\"wp-block-getwid-images-slider__item\"><figure><img loading=\"lazy\" decoding=\"async\" width=\"720\" height=\"300\" src=\"https:\/\/agora.xtec.cat\/ies-mediterrania-castelldefels\/wp-content\/uploads\/usu1078\/2026\/04\/55e4110c79b041f7aa6705d_ll.jpg\" data-id=\"13436\" data-link=\"https:\/\/agora.xtec.cat\/ies-mediterrania-castelldefels\/?attachment_id=13436\" data-original-link=\"https:\/\/agora.xtec.cat\/ies-mediterrania-castelldefels\/wp-content\/uploads\/usu1078\/2026\/04\/55e4110c79b041f7aa6705d_ll.jpg\" class=\"wp-block-getwid-images-slider__image wp-image-13436\" srcset=\"https:\/\/agora.xtec.cat\/ies-mediterrania-castelldefels\/wp-content\/uploads\/usu1078\/2026\/04\/55e4110c79b041f7aa6705d_ll.jpg 720w, https:\/\/agora.xtec.cat\/ies-mediterrania-castelldefels\/wp-content\/uploads\/usu1078\/2026\/04\/55e4110c79b041f7aa6705d_ll-300x125.jpg 300w\" sizes=\"auto, (max-width: 720px) 100vw, 720px\" \/><\/figure><\/div><div class=\"wp-block-getwid-images-slider__item\"><figure><img loading=\"lazy\" decoding=\"async\" width=\"800\" height=\"300\" src=\"https:\/\/agora.xtec.cat\/ies-mediterrania-castelldefels\/wp-content\/uploads\/usu1078\/2026\/04\/admin_ceop.jpg\" data-id=\"13437\" data-link=\"https:\/\/agora.xtec.cat\/ies-mediterrania-castelldefels\/?attachment_id=13437\" data-original-link=\"https:\/\/agora.xtec.cat\/ies-mediterrania-castelldefels\/wp-content\/uploads\/usu1078\/2026\/04\/admin_ceop.jpg\" class=\"wp-block-getwid-images-slider__image wp-image-13437\" srcset=\"https:\/\/agora.xtec.cat\/ies-mediterrania-castelldefels\/wp-content\/uploads\/usu1078\/2026\/04\/admin_ceop.jpg 800w, https:\/\/agora.xtec.cat\/ies-mediterrania-castelldefels\/wp-content\/uploads\/usu1078\/2026\/04\/admin_ceop-300x113.jpg 300w, https:\/\/agora.xtec.cat\/ies-mediterrania-castelldefels\/wp-content\/uploads\/usu1078\/2026\/04\/admin_ceop-768x288.jpg 768w\" sizes=\"auto, (max-width: 800px) 100vw, 800px\" \/><\/figure><\/div><\/div><\/div>\n<\/div>\n<\/div>\n<\/div><\/div><\/div><\/div><\/div>\n\n\n\n<div class=\"wp-block-getwid-advanced-spacer\" style=\"height:39px\" aria-hidden=\"true\"><\/div>\n\n\n\n<div class=\"wp-block-getwid-section getwid-section-content-custom-width\"><div class=\"wp-block-getwid-section__wrapper getwid-padding-left-none getwid-padding-right-none\"><div class=\"wp-block-getwid-section__inner-wrapper\" style=\"max-width:1000px\"><div class=\"wp-block-getwid-section__background-holder\"><div class=\"wp-block-getwid-section__background has-background\" style=\"background-color:#c3ebeb\"><\/div><div class=\"wp-block-getwid-section__foreground\"><\/div><\/div><div class=\"wp-block-getwid-section__content\"><div class=\"wp-block-getwid-section__inner-content\">\n<h3 class=\"wp-block-heading has-text-align-center has-white-color has-ast-global-color-1-background-color has-text-color has-background has-link-color wp-elements-7eac0f667f5d38374941dfb0a8df4990\"><strong>Qu\u00e8 i Com estudiar\u00e9?<\/strong><\/h3>\n\n\n\n<div class=\"wp-block-group is-layout-grid wp-container-core-group-is-layout-1 wp-block-group-is-layout-grid\" style=\"padding-right:var(--wp--preset--spacing--20);padding-left:var(--wp--preset--spacing--20)\">\n<h5 class=\"wp-block-heading has-text-align-center\">1r Curs: Adaptaci\u00f3 i Professionalitzaci\u00f3<\/h5>\n\n\n\n<h5 class=\"wp-block-heading has-text-align-center\">2n Curs: Especialitzaci\u00f3 i M\u00f3n Laboral <\/h5>\n\n\n\n<p>Treballem mitjan\u00e7ant m\u00f2duls enfocats a la gesti\u00f3 documental i l&#8217;organitzaci\u00f3 empresarial per facilitar la transici\u00f3 al nou estudi. L&#8217;objectiu \u00e9s que l&#8217;alumne s&#8217;introdueixi en la t\u00e8cnica comptable i el tractament inform\u00e0tic de la informaci\u00f3, assolint compet\u00e8ncies en digitalitzaci\u00f3, angl\u00e8s professional i atenci\u00f3 al client per tal d&#8217;adquirir una base t\u00e8cnica s\u00f2lida i polivalent.<\/p>\n\n\n\n<p>Aprofundim en la gesti\u00f3 operativa mitjan\u00e7ant m\u00f2duls que integren el tractament de la documentaci\u00f3 comptable, la gesti\u00f3 de recursos humans i les operacions de tresoreria. L&#8217;objectiu \u00e9s que l&#8217;alumne culmini la seva formaci\u00f3 aplicant els coneixements en el m\u00f2dul d&#8217;Empresa a l&#8217;aula, consolidant la seva polival\u00e8ncia i el seu itinerari professional a trav\u00e9s d&#8217;un projecte intermodular que recrea l&#8217;activitat administrativa real del mercat de treball.<\/p>\n\n\n\n<p><strong>M\u00f2duls Professionals:<\/strong><\/p>\n\n\n\n<p><strong>M\u00f2duls Professionals:<\/strong><\/p>\n\n\n\n<ul class=\"wp-block-list\">\n<li>Comunicaci\u00f3 empresarial i atenci\u00f3 al client<\/li>\n\n\n\n<li>Operacions administratives de compravenda<\/li>\n\n\n\n<li>Empresa i administraci\u00f3<\/li>\n\n\n\n<li>Tractament inform\u00e0tic de la informaci\u00f3<\/li>\n\n\n\n<li>T\u00e8cnica comptable<\/li>\n\n\n\n<li>Angl\u00e8s professional<\/li>\n\n\n\n<li>Digitalitzaci\u00f3 aplicada als sectors productius<\/li>\n\n\n\n<li>Itinerari personal per a l\u2019ocupabilitat I<\/li>\n<\/ul>\n\n\n\n<ul class=\"wp-block-list\">\n<li>Tractament de la documentaci\u00f3 comptable<\/li>\n\n\n\n<li>Operacions administratives de recursos humans<\/li>\n\n\n\n<li>Operacions auxiliars de gesti\u00f3 de tresoreria<\/li>\n\n\n\n<li>Catal\u00e0 professional<\/li>\n\n\n\n<li>Sostenibilitat aplicada al sistema productiu<\/li>\n\n\n\n<li>Itinerari personal per a l\u2019ocupabilitat II<\/li>\n\n\n\n<li>Empresa a l\u2019aula<\/li>\n\n\n\n<li>Projecte intermodular<\/li>\n<\/ul>\n<\/div>\n\n\n\n<div class=\"wp-block-columns is-layout-flex wp-container-core-columns-is-layout-3 wp-block-columns-is-layout-flex\">\n<div class=\"wp-block-column is-layout-flow wp-block-column-is-layout-flow\">\n<div style=\"height:8px\" aria-hidden=\"true\" class=\"wp-block-spacer\"><\/div>\n\n\n\n<div style=\"height:8px\" aria-hidden=\"true\" class=\"wp-block-spacer\"><\/div>\n<\/div>\n\n\n\n<div class=\"wp-block-column is-layout-flow wp-block-column-is-layout-flow\">\n<div class=\"wp-block-columns is-layout-flex wp-container-core-columns-is-layout-2 wp-block-columns-is-layout-flex\">\n<div class=\"wp-block-column is-layout-flow wp-block-column-is-layout-flow\"><\/div>\n<\/div>\n<\/div>\n<\/div>\n\n\n\n<div class=\"wp-block-buttons is-content-justification-center is-layout-flex wp-container-core-buttons-is-layout-1 wp-block-buttons-is-layout-flex\">\n<div class=\"wp-block-button is-style-fill\"><a class=\"wp-block-button__link wp-element-button\" href=\"https:\/\/drive.google.com\/file\/d\/1q73LDUgWasQVwDZ3yqX6N1tBIF1ylxP1\/view?usp=sharing\" target=\"_blank\" rel=\"noreferrer noopener\">Fullet\u00f3 Informatiu (pdf)<\/a><\/div>\n<\/div>\n<\/div><\/div><\/div><\/div><\/div>\n\n\n\n<div class=\"wp-block-getwid-section getwid-section-content-custom-width\"><div class=\"wp-block-getwid-section__wrapper getwid-padding-left-none getwid-padding-right-none\"><div class=\"wp-block-getwid-section__inner-wrapper\" style=\"max-width:1000px\"><div class=\"wp-block-getwid-section__background-holder\"><div class=\"wp-block-getwid-section__background\"><\/div><div class=\"wp-block-getwid-section__foreground\"><\/div><\/div><div class=\"wp-block-getwid-section__content\"><div class=\"wp-block-getwid-section__inner-content\">\n<div class=\"wp-block-columns is-layout-flex wp-container-core-columns-is-layout-4 wp-block-columns-is-layout-flex\">\n<div class=\"wp-block-column is-layout-flow wp-block-column-is-layout-flow\">\n<h3 class=\"wp-block-heading has-text-align-center has-white-color has-ast-global-color-1-background-color has-text-color has-background has-link-color wp-elements-8118f271f4e5519f5ee15913e772cbe6\">Quines s\u00f3n les sortides acad\u00e8miques<\/h3>\n\n\n\n<ul class=\"wp-block-list\">\n<li>a un cicle de Grau Superior del mateix itinerari:\n<ul class=\"wp-block-list\">\n<li>CFGS Administraci\u00f3 i Finances<\/li>\n\n\n\n<li>CFGS Assist\u00e8ncia a la Direcci\u00f3<\/li>\n<\/ul>\n<\/li>\n\n\n\n<li>a un cicle de Grau Superior de diferent itinerari<\/li>\n\n\n\n<li>al batxillerat o<\/li>\n\n\n\n<li>al m\u00f3n laboral<\/li>\n<\/ul>\n<\/div>\n\n\n\n<div class=\"wp-block-column is-layout-flow wp-block-column-is-layout-flow\">\n<h3 class=\"wp-block-heading has-text-align-center has-white-color has-ast-global-color-1-background-color has-text-color has-background has-link-color wp-elements-73c2668cb835d5845e4c12443d340e67\">Quines s\u00f3n les sortides professionals<\/h3>\n\n\n\n<ul class=\"wp-block-list\">\n<li>auxiliar administratiu\/va<\/li>\n\n\n\n<li>&nbsp;ajudant\/a d&#8217;oficina<\/li>\n\n\n\n<li>&nbsp;auxiliar administratiu\/va de cobraments i pagaments<\/li>\n\n\n\n<li>administratiu\/va de gesti\u00f3 de personal<\/li>\n\n\n\n<li>&nbsp;administratiu\/va comercial<\/li>\n\n\n\n<li>&nbsp;recepcionista<\/li>\n\n\n\n<li>auxiliar administratiu\/va de les administracions p\u00fabliques;<\/li>\n\n\n\n<li>&nbsp;empleat\/da d&#8217;atenci\u00f3 al p\u00fablic;<\/li>\n\n\n\n<li>&nbsp;empleat\/da de tresoreria<\/li>\n\n\n\n<li>&nbsp;empleat\/da en mitjans de pagament<\/li>\n<\/ul>\n<\/div>\n<\/div>\n<\/div><\/div><\/div><\/div><\/div>\n\n\n\n<figure class=\"wp-block-embed is-type-video is-provider-youtube wp-block-embed-youtube wp-embed-aspect-16-9 wp-has-aspect-ratio\"><div class=\"wp-block-embed__wrapper\">\n<div class=\"ast-oembed-container \" style=\"height: 100%;\"><iframe loading=\"lazy\" title=\"#FPCAT | Administraci\u00f3 i gesti\u00f3\" width=\"500\" height=\"281\" src=\"https:\/\/www.youtube.com\/embed\/XPlt1mK27II?feature=oembed\" frameborder=\"0\" allow=\"accelerometer; autoplay; clipboard-write; encrypted-media; gyroscope; picture-in-picture; web-share\" referrerpolicy=\"strict-origin-when-cross-origin\" allowfullscreen><\/iframe><\/div>\n<\/div><\/figure>\n\n\n\n<div class=\"wp-block-getwid-section getwid-section-content-custom-width\"><div class=\"wp-block-getwid-section__wrapper getwid-padding-left-none getwid-padding-right-none\"><div class=\"wp-block-getwid-section__inner-wrapper\" style=\"max-width:900px\"><div class=\"wp-block-getwid-section__background-holder\"><div class=\"wp-block-getwid-section__background has-background\" style=\"background-color:#ffe97d\"><\/div><div class=\"wp-block-getwid-section__foreground\"><\/div><\/div><div class=\"wp-block-getwid-section__content\"><div class=\"wp-block-getwid-section__inner-content\">\n<h3 class=\"wp-block-heading\">Qu\u00e8 necessito per accedir-hi<\/h3>\n\n\n\n<p>Pots accedir als cicles de grau mitj\u00e0 si compleixes algun dels requisits seg\u00fcents:<\/p>\n\n\n\n<p>Tenir un d\u2019aquests t\u00edtols:<\/p>\n\n\n\n<ul class=\"wp-block-list\">\n<li>&nbsp;Graduat\/ada en educaci\u00f3 secund\u00e0ria obligat\u00f2ria.<\/li>\n\n\n\n<li>&nbsp;T\u00e8cnic\/a b\u00e0sic\/a, T\u00e8cnic\/a, T\u00e8cnic\/a superior o &nbsp;T\u00e8cnic\/a auxiliar.<\/li>\n\n\n\n<li>&nbsp;Batxillerat superior (plans educatius anteriors a la Llei org\u00e0nica 2\/2006, de 3 de maig).<\/li>\n<\/ul>\n\n\n\n<p>O b\u00e9, haver superat:<\/p>\n\n\n\n<ul class=\"wp-block-list\">\n<li>&nbsp;Una oferta formativa de certificat professional inclosa en el cicle.<\/li>\n\n\n\n<li class=\"has-ast-global-color-1-color has-text-color has-link-color wp-elements-72a40b92a35e53ea000442d38bc6b5d4\">&nbsp;Un<a href=\"https:\/\/preinscripcio.gencat.cat\/ca\/estudis\/curs-acces-grau-mitja\/inici\/\" target=\"_blank\" rel=\"noreferrer noopener\">&nbsp;curs de formaci\u00f3 preparatori per a l&#8217;acc\u00e9s als cicles de grau mitj\u00e0.<\/a><\/li>\n\n\n\n<li class=\"has-black-color has-text-color has-link-color wp-elements-4af727f65b5f9b4773879776741cf42a\">&nbsp;Una&nbsp;<a href=\"https:\/\/triaeducativa.gencat.cat\/ca\/proves\/proves-acces\/fp\/fp-gm\/\" target=\"_blank\" rel=\"noreferrer noopener\">prova d&#8217;acc\u00e9s<\/a>.<\/li>\n\n\n\n<li>Altres estudis o cursos de formaci\u00f3 equivalents acad\u00e8micament.<\/li>\n<\/ul>\n\n\n\n<div class=\"wp-block-buttons is-content-justification-center is-layout-flex wp-container-core-buttons-is-layout-2 wp-block-buttons-is-layout-flex\">\n<div class=\"wp-block-button is-style-fill\"><a class=\"wp-block-button__link wp-element-button\" href=\"https:\/\/www.gencat.cat\/ensenyament\/eac\/pdf\/ETAPA_CFGM_CA.pdf\" target=\"_blank\" rel=\"noreferrer noopener\">Fitxa de l&#8217;etapa educativa (pdf)<\/a><\/div>\n<\/div>\n<\/div><\/div><\/div><\/div><\/div>\n","protected":false},"excerpt":{"rendered":"<p>CFGM Gesti\u00f3 Administrativa Els cicles formatius de grau mitj\u00e0 (CFGM) s\u00f3n ensenyaments professionalitzadors que proporcionen la formaci\u00f3 necess\u00e0ria per adquirir la compet\u00e8ncia professional i el coneixement propis de cada sector. S&#8217;agrupen en fam\u00edlies professionals i tenen una durada de 2.000 hores (en dos cursos acad\u00e8mics). La titulaci\u00f3 que s&#8217;obt\u00e9 en finalitzar un cicle formatiu de [&hellip;]<\/p>\n","protected":false},"author":1,"featured_media":0,"parent":13184,"menu_order":2,"comment_status":"closed","ping_status":"closed","template":"","meta":{"_bbp_topic_count":0,"_bbp_reply_count":0,"_bbp_total_topic_count":0,"_bbp_total_reply_count":0,"_bbp_voice_count":0,"_bbp_anonymous_reply_count":0,"_bbp_topic_count_hidden":0,"_bbp_reply_count_hidden":0,"_bbp_forum_subforum_count":0,"site-sidebar-layout":"default","site-content-layout":"","ast-site-content-layout":"default","site-content-style":"default","site-sidebar-style":"default","ast-global-header-display":"","ast-banner-title-visibility":"","ast-main-header-display":"","ast-hfb-above-header-display":"","ast-hfb-below-header-display":"","ast-hfb-mobile-header-display":"","site-post-title":"disabled","ast-breadcrumbs-content":"","ast-featured-img":"","footer-sml-layout":"","theme-transparent-header-meta":"","adv-header-id-meta":"","stick-header-meta":"","header-above-stick-meta":"","header-main-stick-meta":"","header-below-stick-meta":"","astra-migrate-meta-layouts":"set","ast-page-background-enabled":"default","ast-page-background-meta":{"desktop":{"background-color":"var(--ast-global-color-4)","background-image":"","background-repeat":"repeat","background-position":"center center","background-size":"auto","background-attachment":"scroll","background-type":"","background-media":"","overlay-type":"","overlay-color":"","overlay-opacity":"","overlay-gradient":""},"tablet":{"background-color":"","background-image":"","background-repeat":"repeat","background-position":"center center","background-size":"auto","background-attachment":"scroll","background-type":"","background-media":"","overlay-type":"","overlay-color":"","overlay-opacity":"","overlay-gradient":""},"mobile":{"background-color":"","background-image":"","background-repeat":"repeat","background-position":"center center","background-size":"auto","background-attachment":"scroll","background-type":"","background-media":"","overlay-type":"","overlay-color":"","overlay-opacity":"","overlay-gradient":""}},"ast-content-background-meta":{"desktop":{"background-color":"var(--ast-global-color-5)","background-image":"","background-repeat":"repeat","background-position":"center center","background-size":"auto","background-attachment":"scroll","background-type":"","background-media":"","overlay-type":"","overlay-color":"","overlay-opacity":"","overlay-gradient":""},"tablet":{"background-color":"var(--ast-global-color-5)","background-image":"","background-repeat":"repeat","background-position":"center center","background-size":"auto","background-attachment":"scroll","background-type":"","background-media":"","overlay-type":"","overlay-color":"","overlay-opacity":"","overlay-gradient":""},"mobile":{"background-color":"var(--ast-global-color-5)","background-image":"","background-repeat":"repeat","background-position":"center center","background-size":"auto","background-attachment":"scroll","background-type":"","background-media":"","overlay-type":"","overlay-color":"","overlay-opacity":"","overlay-gradient":""}},"footnotes":""},"class_list":["post-13420","page","type-page","status-publish","hentry"],"post_mailing_queue_ids":[],"_links":{"self":[{"href":"https:\/\/agora.xtec.cat\/ies-mediterrania-castelldefels\/wp-json\/wp\/v2\/pages\/13420","targetHints":{"allow":["GET"]}}],"collection":[{"href":"https:\/\/agora.xtec.cat\/ies-mediterrania-castelldefels\/wp-json\/wp\/v2\/pages"}],"about":[{"href":"https:\/\/agora.xtec.cat\/ies-mediterrania-castelldefels\/wp-json\/wp\/v2\/types\/page"}],"author":[{"embeddable":true,"href":"https:\/\/agora.xtec.cat\/ies-mediterrania-castelldefels\/wp-json\/wp\/v2\/users\/1"}],"replies":[{"embeddable":true,"href":"https:\/\/agora.xtec.cat\/ies-mediterrania-castelldefels\/wp-json\/wp\/v2\/comments?post=13420"}],"version-history":[{"count":6,"href":"https:\/\/agora.xtec.cat\/ies-mediterrania-castelldefels\/wp-json\/wp\/v2\/pages\/13420\/revisions"}],"predecessor-version":[{"id":13529,"href":"https:\/\/agora.xtec.cat\/ies-mediterrania-castelldefels\/wp-json\/wp\/v2\/pages\/13420\/revisions\/13529"}],"up":[{"embeddable":true,"href":"https:\/\/agora.xtec.cat\/ies-mediterrania-castelldefels\/wp-json\/wp\/v2\/pages\/13184"}],"wp:attachment":[{"href":"https:\/\/agora.xtec.cat\/ies-mediterrania-castelldefels\/wp-json\/wp\/v2\/media?parent=13420"}],"curies":[{"name":"wp","href":"https:\/\/api.w.org\/{rel}","templated":true}]}}