{"id":13392,"date":"2026-04-29T16:59:54","date_gmt":"2026-04-29T14:59:54","guid":{"rendered":"https:\/\/agora.xtec.cat\/ies-mediterrania-castelldefels\/?page_id=13392"},"modified":"2026-04-29T16:59:54","modified_gmt":"2026-04-29T14:59:54","slug":"cfgm-activitats-comercials","status":"publish","type":"page","link":"https:\/\/agora.xtec.cat\/ies-mediterrania-castelldefels\/estudis\/formacio-professional\/cfgm-activitats-comercials\/","title":{"rendered":"CFGM Activitats Comercials"},"content":{"rendered":"\n<h2 class=\"wp-block-heading has-text-align-center has-background\" style=\"border-style:none;border-width:0px;border-radius:0px;background:linear-gradient(279deg,rgb(255,245,203) 0%,rgb(182,227,212) 50%,rgb(51,167,181) 100%)\">CFGM Activitats Comercials<\/h2>\n\n\n\n<p>Els cicles formatius de grau mitj\u00e0 (CFGM) s\u00f3n ensenyaments professionalitzadors que proporcionen la formaci\u00f3 necess\u00e0ria per adquirir la compet\u00e8ncia professional i el coneixement propis de cada sector. S&#8217;agrupen en fam\u00edlies professionals i tenen una durada de 2.000 hores (en dos cursos acad\u00e8mics).<\/p>\n\n\n\n<p>La titulaci\u00f3 que s&#8217;obt\u00e9 en finalitzar un cicle formatiu de grau mitj\u00e0 \u00e9s la de t\u00e8cnic o t\u00e8cnica del perfil professional corresponent.<\/p>\n\n\n\n<div class=\"wp-block-getwid-section getwid-section-content-custom-width\"><div class=\"wp-block-getwid-section__wrapper getwid-padding-left-none getwid-padding-right-none\"><div class=\"wp-block-getwid-section__inner-wrapper\" style=\"max-width:1050px\"><div class=\"wp-block-getwid-section__background-holder\"><div class=\"wp-block-getwid-section__background\"><\/div><div class=\"wp-block-getwid-section__foreground\"><\/div><\/div><div class=\"wp-block-getwid-section__content\"><div class=\"wp-block-getwid-section__inner-content\">\n<div class=\"wp-block-columns are-vertically-aligned-top is-layout-flex wp-container-core-columns-is-layout-1 wp-block-columns-is-layout-flex\">\n<div class=\"wp-block-column is-vertically-aligned-top is-layout-flow wp-block-column-is-layout-flow\">\n<p id=\"block-3ede1a4c-925b-4102-97f0-09ac87f3be40\"><br>El cicle d&#8217;<strong>Activitats Comercials<\/strong> del Mediterr\u00e0nia et capacita per crear i gestionar el teu propi establiment comercial.<\/p>\n\n\n\n<p id=\"block-2c0b4279-ad76-4eec-af60-0c8c33d9ffcf\">Aprendr\u00e0s a realitzar, de manera pr\u00e0ctica, la venda i operacions auxiliars de productes mitjan\u00e7ant diferents canals de comercialitzaci\u00f3, incl\u00f2s el comer\u00e7 electr\u00f2nic, desenvolupar el servei d&#8217;atenci\u00f3 al client, organitzar i animar el punt de venda d&#8217;un petit establiment, gestionar el magatzem, i garantir la capacitat de resposta i aprovisionament del petit comer\u00e7.<\/p>\n\n\n\n<p class=\"has-vivid-red-color has-text-color has-link-color wp-elements-4351e564dc8e3447f9b38f2bf55ac2e4\"><strong>T\u2019interessar\u00e0 saber que\u2026<\/strong><\/p>\n\n\n\n<ul class=\"wp-block-list\">\n<li class=\"has-black-color has-text-color has-link-color wp-elements-70edb7e6110843d9817188f6a633f75b\">Horari de Tarda: facilitat per fer pr\u00e0ctiques (al mat\u00ed)<\/li>\n\n\n\n<li class=\"has-black-color has-text-color has-link-color wp-elements-8d08d41f972636cd62e557ba241edf3c\">Opci\u00f3 de pr\u00e0ctiques a l&#8217;estranger (Erasmus+)<\/li>\n\n\n\n<li class=\"has-black-color has-text-color has-link-color wp-elements-38ad626526533d04a791341c45d263b6\">Opci\u00f3 de pr\u00e0ctiques remunerades (FPDual Intensiva)<\/li>\n<\/ul>\n<\/div>\n\n\n\n<div class=\"wp-block-column is-vertically-aligned-top is-layout-flow wp-block-column-is-layout-flow\">\n<div class=\"wp-block-getwid-images-slider has-arrows-inside has-dots-inside has-images-center has-fitted-images\"><div class=\"wp-block-getwid-images-slider__wrapper\" data-effect=\"slide\" data-slides-show=\"1\" data-slides-show-laptop=\"1\" data-slides-show-tablet=\"1\" data-slides-show-mobile=\"1\" data-slides-scroll=\"1\" data-autoplay=\"true\" data-pause-hover=\"false\" data-autoplay-speed=\"6000\" data-infinite=\"true\" data-animation-speed=\"800\" data-center-mode=\"false\" data-variable-width=\"false\" data-arrows=\"inside\" data-dots=\"inside\" data-spacing=\"none\"><div class=\"wp-block-getwid-images-slider__item\"><figure><img loading=\"lazy\" decoding=\"async\" width=\"2048\" height=\"1536\" src=\"https:\/\/agora.xtec.cat\/ies-mediterrania-castelldefels\/wp-content\/uploads\/usu1078\/2026\/04\/3.Nadal_.jpg\" data-id=\"13399\" data-link=\"https:\/\/agora.xtec.cat\/ies-mediterrania-castelldefels\/?attachment_id=13399\" data-original-link=\"https:\/\/agora.xtec.cat\/ies-mediterrania-castelldefels\/wp-content\/uploads\/usu1078\/2026\/04\/3.Nadal_.jpg\" class=\"wp-block-getwid-images-slider__image wp-image-13399\" srcset=\"https:\/\/agora.xtec.cat\/ies-mediterrania-castelldefels\/wp-content\/uploads\/usu1078\/2026\/04\/3.Nadal_.jpg 2048w, https:\/\/agora.xtec.cat\/ies-mediterrania-castelldefels\/wp-content\/uploads\/usu1078\/2026\/04\/3.Nadal_-300x225.jpg 300w, https:\/\/agora.xtec.cat\/ies-mediterrania-castelldefels\/wp-content\/uploads\/usu1078\/2026\/04\/3.Nadal_-1024x768.jpg 1024w, https:\/\/agora.xtec.cat\/ies-mediterrania-castelldefels\/wp-content\/uploads\/usu1078\/2026\/04\/3.Nadal_-768x576.jpg 768w, https:\/\/agora.xtec.cat\/ies-mediterrania-castelldefels\/wp-content\/uploads\/usu1078\/2026\/04\/3.Nadal_-1536x1152.jpg 1536w\" sizes=\"auto, (max-width: 2048px) 100vw, 2048px\" \/><\/figure><\/div><div class=\"wp-block-getwid-images-slider__item\"><figure><img loading=\"lazy\" decoding=\"async\" width=\"1280\" height=\"960\" src=\"https:\/\/agora.xtec.cat\/ies-mediterrania-castelldefels\/wp-content\/uploads\/usu1078\/2026\/04\/photo_2022-11-10_15-32-24-2.jpg\" data-id=\"13400\" data-link=\"https:\/\/agora.xtec.cat\/ies-mediterrania-castelldefels\/?attachment_id=13400\" data-original-link=\"https:\/\/agora.xtec.cat\/ies-mediterrania-castelldefels\/wp-content\/uploads\/usu1078\/2026\/04\/photo_2022-11-10_15-32-24-2.jpg\" class=\"wp-block-getwid-images-slider__image wp-image-13400\" srcset=\"https:\/\/agora.xtec.cat\/ies-mediterrania-castelldefels\/wp-content\/uploads\/usu1078\/2026\/04\/photo_2022-11-10_15-32-24-2.jpg 1280w, https:\/\/agora.xtec.cat\/ies-mediterrania-castelldefels\/wp-content\/uploads\/usu1078\/2026\/04\/photo_2022-11-10_15-32-24-2-300x225.jpg 300w, https:\/\/agora.xtec.cat\/ies-mediterrania-castelldefels\/wp-content\/uploads\/usu1078\/2026\/04\/photo_2022-11-10_15-32-24-2-1024x768.jpg 1024w, https:\/\/agora.xtec.cat\/ies-mediterrania-castelldefels\/wp-content\/uploads\/usu1078\/2026\/04\/photo_2022-11-10_15-32-24-2-768x576.jpg 768w\" sizes=\"auto, (max-width: 1280px) 100vw, 1280px\" \/><\/figure><\/div><div class=\"wp-block-getwid-images-slider__item\"><figure><img loading=\"lazy\" decoding=\"async\" width=\"1280\" height=\"960\" src=\"https:\/\/agora.xtec.cat\/ies-mediterrania-castelldefels\/wp-content\/uploads\/usu1078\/2026\/04\/photo_2022-11-10_16-45-38.jpg\" data-id=\"13401\" data-link=\"https:\/\/agora.xtec.cat\/ies-mediterrania-castelldefels\/?attachment_id=13401\" data-original-link=\"https:\/\/agora.xtec.cat\/ies-mediterrania-castelldefels\/wp-content\/uploads\/usu1078\/2026\/04\/photo_2022-11-10_16-45-38.jpg\" class=\"wp-block-getwid-images-slider__image wp-image-13401\" srcset=\"https:\/\/agora.xtec.cat\/ies-mediterrania-castelldefels\/wp-content\/uploads\/usu1078\/2026\/04\/photo_2022-11-10_16-45-38.jpg 1280w, https:\/\/agora.xtec.cat\/ies-mediterrania-castelldefels\/wp-content\/uploads\/usu1078\/2026\/04\/photo_2022-11-10_16-45-38-300x225.jpg 300w, https:\/\/agora.xtec.cat\/ies-mediterrania-castelldefels\/wp-content\/uploads\/usu1078\/2026\/04\/photo_2022-11-10_16-45-38-1024x768.jpg 1024w, https:\/\/agora.xtec.cat\/ies-mediterrania-castelldefels\/wp-content\/uploads\/usu1078\/2026\/04\/photo_2022-11-10_16-45-38-768x576.jpg 768w\" sizes=\"auto, (max-width: 1280px) 100vw, 1280px\" \/><\/figure><\/div><div class=\"wp-block-getwid-images-slider__item\"><figure><img loading=\"lazy\" decoding=\"async\" width=\"2560\" height=\"1920\" src=\"https:\/\/agora.xtec.cat\/ies-mediterrania-castelldefels\/wp-content\/uploads\/usu1078\/2026\/04\/2.-Halloween-3-1-scaled.jpg\" data-id=\"13403\" data-link=\"https:\/\/agora.xtec.cat\/ies-mediterrania-castelldefels\/?attachment_id=13403\" data-original-link=\"https:\/\/agora.xtec.cat\/ies-mediterrania-castelldefels\/wp-content\/uploads\/usu1078\/2026\/04\/2.-Halloween-3-1-scaled.jpg\" class=\"wp-block-getwid-images-slider__image wp-image-13403\" srcset=\"https:\/\/agora.xtec.cat\/ies-mediterrania-castelldefels\/wp-content\/uploads\/usu1078\/2026\/04\/2.-Halloween-3-1-scaled.jpg 2560w, https:\/\/agora.xtec.cat\/ies-mediterrania-castelldefels\/wp-content\/uploads\/usu1078\/2026\/04\/2.-Halloween-3-1-300x225.jpg 300w, https:\/\/agora.xtec.cat\/ies-mediterrania-castelldefels\/wp-content\/uploads\/usu1078\/2026\/04\/2.-Halloween-3-1-1024x768.jpg 1024w, https:\/\/agora.xtec.cat\/ies-mediterrania-castelldefels\/wp-content\/uploads\/usu1078\/2026\/04\/2.-Halloween-3-1-768x576.jpg 768w, https:\/\/agora.xtec.cat\/ies-mediterrania-castelldefels\/wp-content\/uploads\/usu1078\/2026\/04\/2.-Halloween-3-1-1536x1152.jpg 1536w, https:\/\/agora.xtec.cat\/ies-mediterrania-castelldefels\/wp-content\/uploads\/usu1078\/2026\/04\/2.-Halloween-3-1-2048x1536.jpg 2048w\" sizes=\"auto, (max-width: 2560px) 100vw, 2560px\" \/><\/figure><\/div><div class=\"wp-block-getwid-images-slider__item\"><figure><img loading=\"lazy\" decoding=\"async\" width=\"1280\" height=\"960\" src=\"https:\/\/agora.xtec.cat\/ies-mediterrania-castelldefels\/wp-content\/uploads\/usu1078\/2026\/04\/photo_2022-11-10_16-45-38-1.jpg\" data-id=\"13404\" data-link=\"https:\/\/agora.xtec.cat\/ies-mediterrania-castelldefels\/?attachment_id=13404\" data-original-link=\"https:\/\/agora.xtec.cat\/ies-mediterrania-castelldefels\/wp-content\/uploads\/usu1078\/2026\/04\/photo_2022-11-10_16-45-38-1.jpg\" class=\"wp-block-getwid-images-slider__image wp-image-13404\" srcset=\"https:\/\/agora.xtec.cat\/ies-mediterrania-castelldefels\/wp-content\/uploads\/usu1078\/2026\/04\/photo_2022-11-10_16-45-38-1.jpg 1280w, https:\/\/agora.xtec.cat\/ies-mediterrania-castelldefels\/wp-content\/uploads\/usu1078\/2026\/04\/photo_2022-11-10_16-45-38-1-300x225.jpg 300w, https:\/\/agora.xtec.cat\/ies-mediterrania-castelldefels\/wp-content\/uploads\/usu1078\/2026\/04\/photo_2022-11-10_16-45-38-1-1024x768.jpg 1024w, https:\/\/agora.xtec.cat\/ies-mediterrania-castelldefels\/wp-content\/uploads\/usu1078\/2026\/04\/photo_2022-11-10_16-45-38-1-768x576.jpg 768w\" sizes=\"auto, (max-width: 1280px) 100vw, 1280px\" \/><\/figure><\/div><div class=\"wp-block-getwid-images-slider__item\"><figure><img loading=\"lazy\" decoding=\"async\" width=\"2560\" height=\"1707\" src=\"https:\/\/agora.xtec.cat\/ies-mediterrania-castelldefels\/wp-content\/uploads\/usu1078\/2026\/04\/pexels-edgars-kisuro-1488463-scaled.jpg\" data-id=\"13405\" data-link=\"https:\/\/agora.xtec.cat\/ies-mediterrania-castelldefels\/?attachment_id=13405\" data-original-link=\"https:\/\/agora.xtec.cat\/ies-mediterrania-castelldefels\/wp-content\/uploads\/usu1078\/2026\/04\/pexels-edgars-kisuro-1488463-scaled.jpg\" class=\"wp-block-getwid-images-slider__image wp-image-13405\" srcset=\"https:\/\/agora.xtec.cat\/ies-mediterrania-castelldefels\/wp-content\/uploads\/usu1078\/2026\/04\/pexels-edgars-kisuro-1488463-scaled.jpg 2560w, https:\/\/agora.xtec.cat\/ies-mediterrania-castelldefels\/wp-content\/uploads\/usu1078\/2026\/04\/pexels-edgars-kisuro-1488463-300x200.jpg 300w, https:\/\/agora.xtec.cat\/ies-mediterrania-castelldefels\/wp-content\/uploads\/usu1078\/2026\/04\/pexels-edgars-kisuro-1488463-1024x683.jpg 1024w, https:\/\/agora.xtec.cat\/ies-mediterrania-castelldefels\/wp-content\/uploads\/usu1078\/2026\/04\/pexels-edgars-kisuro-1488463-768x512.jpg 768w, https:\/\/agora.xtec.cat\/ies-mediterrania-castelldefels\/wp-content\/uploads\/usu1078\/2026\/04\/pexels-edgars-kisuro-1488463-1536x1024.jpg 1536w, https:\/\/agora.xtec.cat\/ies-mediterrania-castelldefels\/wp-content\/uploads\/usu1078\/2026\/04\/pexels-edgars-kisuro-1488463-2048x1365.jpg 2048w\" sizes=\"auto, (max-width: 2560px) 100vw, 2560px\" \/><\/figure><\/div><div class=\"wp-block-getwid-images-slider__item\"><figure><img loading=\"lazy\" decoding=\"async\" width=\"1280\" height=\"960\" src=\"https:\/\/agora.xtec.cat\/ies-mediterrania-castelldefels\/wp-content\/uploads\/usu1078\/2026\/04\/photo_2022-11-10_15-32-21.jpg\" data-id=\"13406\" data-link=\"https:\/\/agora.xtec.cat\/ies-mediterrania-castelldefels\/?attachment_id=13406\" data-original-link=\"https:\/\/agora.xtec.cat\/ies-mediterrania-castelldefels\/wp-content\/uploads\/usu1078\/2026\/04\/photo_2022-11-10_15-32-21.jpg\" class=\"wp-block-getwid-images-slider__image wp-image-13406\" srcset=\"https:\/\/agora.xtec.cat\/ies-mediterrania-castelldefels\/wp-content\/uploads\/usu1078\/2026\/04\/photo_2022-11-10_15-32-21.jpg 1280w, https:\/\/agora.xtec.cat\/ies-mediterrania-castelldefels\/wp-content\/uploads\/usu1078\/2026\/04\/photo_2022-11-10_15-32-21-300x225.jpg 300w, https:\/\/agora.xtec.cat\/ies-mediterrania-castelldefels\/wp-content\/uploads\/usu1078\/2026\/04\/photo_2022-11-10_15-32-21-1024x768.jpg 1024w, https:\/\/agora.xtec.cat\/ies-mediterrania-castelldefels\/wp-content\/uploads\/usu1078\/2026\/04\/photo_2022-11-10_15-32-21-768x576.jpg 768w\" sizes=\"auto, (max-width: 1280px) 100vw, 1280px\" \/><\/figure><\/div><div class=\"wp-block-getwid-images-slider__item\"><figure><img loading=\"lazy\" decoding=\"async\" width=\"1280\" height=\"960\" src=\"https:\/\/agora.xtec.cat\/ies-mediterrania-castelldefels\/wp-content\/uploads\/usu1078\/2026\/04\/photo_2022-11-10_16-46-04.jpg\" data-id=\"13407\" data-link=\"https:\/\/agora.xtec.cat\/ies-mediterrania-castelldefels\/?attachment_id=13407\" data-original-link=\"https:\/\/agora.xtec.cat\/ies-mediterrania-castelldefels\/wp-content\/uploads\/usu1078\/2026\/04\/photo_2022-11-10_16-46-04.jpg\" class=\"wp-block-getwid-images-slider__image wp-image-13407\" srcset=\"https:\/\/agora.xtec.cat\/ies-mediterrania-castelldefels\/wp-content\/uploads\/usu1078\/2026\/04\/photo_2022-11-10_16-46-04.jpg 1280w, https:\/\/agora.xtec.cat\/ies-mediterrania-castelldefels\/wp-content\/uploads\/usu1078\/2026\/04\/photo_2022-11-10_16-46-04-300x225.jpg 300w, https:\/\/agora.xtec.cat\/ies-mediterrania-castelldefels\/wp-content\/uploads\/usu1078\/2026\/04\/photo_2022-11-10_16-46-04-1024x768.jpg 1024w, https:\/\/agora.xtec.cat\/ies-mediterrania-castelldefels\/wp-content\/uploads\/usu1078\/2026\/04\/photo_2022-11-10_16-46-04-768x576.jpg 768w\" sizes=\"auto, (max-width: 1280px) 100vw, 1280px\" \/><\/figure><\/div><\/div><\/div>\n<\/div>\n<\/div>\n<\/div><\/div><\/div><\/div><\/div>\n\n\n\n<div class=\"wp-block-getwid-advanced-spacer\" style=\"height:39px\" aria-hidden=\"true\"><\/div>\n\n\n\n<div class=\"wp-block-getwid-section getwid-section-content-custom-width\"><div class=\"wp-block-getwid-section__wrapper getwid-padding-left-none getwid-padding-right-none\"><div class=\"wp-block-getwid-section__inner-wrapper\" style=\"max-width:1000px\"><div class=\"wp-block-getwid-section__background-holder\"><div class=\"wp-block-getwid-section__background has-background\" style=\"background-color:#c3ebeb\"><\/div><div class=\"wp-block-getwid-section__foreground\"><\/div><\/div><div class=\"wp-block-getwid-section__content\"><div class=\"wp-block-getwid-section__inner-content\">\n<h3 class=\"wp-block-heading has-text-align-center has-white-color has-ast-global-color-1-background-color has-text-color has-background has-link-color wp-elements-7eac0f667f5d38374941dfb0a8df4990\"><strong>Qu\u00e8 i Com estudiar\u00e9?<\/strong><\/h3>\n\n\n\n<div class=\"wp-block-group is-layout-grid wp-container-core-group-is-layout-1 wp-block-group-is-layout-grid\" style=\"padding-right:var(--wp--preset--spacing--20);padding-left:var(--wp--preset--spacing--20)\">\n<h5 class=\"wp-block-heading has-text-align-center\">1r Curs: Fonaments i T\u00e8cniques de Mercat<\/h5>\n\n\n\n<h5 class=\"wp-block-heading has-text-align-center\">2n Curs: Especialitzaci\u00f3 i M\u00f3n Laboral <\/h5>\n\n\n\n<p>Treballem mitjan\u00e7ant m\u00f2duls enfocats a la gesti\u00f3 integral del comer\u00e7 i l&#8217;atenci\u00f3 al client. L&#8217;objectiu \u00e9s que l&#8217;alumne s&#8217;introdueixi en les estrat\u00e8gies de m\u00e0rqueting i processos de venda, aprenent a dinamitzar el punt de venda i a utilitzar les eines inform\u00e0tiques i ling\u00fc\u00edstiques essencials per moure&#8217;s amb \u00e8xit en un entorn comercial professional.<\/p>\n\n\n\n<p>Aprofundim en la log\u00edstica i la gesti\u00f3 estrat\u00e8gica mitjan\u00e7ant m\u00f2duls que integren la venda t\u00e8cnica, la gesti\u00f3 de compres i l\u2019organitzaci\u00f3 del magatzem. L&#8217;objectiu \u00e9s que l&#8217;alumne culmini la seva formaci\u00f3 dominant les t\u00e8cniques d&#8217;aparadorisme i els processos comercials complexos, consolidant el seu perfil professional a trav\u00e9s d&#8217;un projecte intermodular enfocat a la realitat del mercat de treball.<\/p>\n\n\n\n<p><strong>M\u00f2duls Professionals:<\/strong><\/p>\n\n\n\n<p><strong>M\u00f2duls Professionals:<\/strong><\/p>\n\n\n\n<ul class=\"wp-block-list\">\n<li>M\u00e0rqueting en l\u2019activitat comercial<\/li>\n\n\n\n<li>Gesti\u00f3 d&#8217;un Petit Comer\u00e7<\/li>\n\n\n\n<li>Dinamitzaci\u00f3 del punt de venda<\/li>\n\n\n\n<li>Processos de Venda<\/li>\n\n\n\n<li>Aplicacions Inform\u00e0tiques pel Comer\u00e7<\/li>\n\n\n\n<li>Serveis d&#8217;Atenci\u00f3 Comercial<\/li>\n\n\n\n<li>Comer\u00e7 Electr\u00f2nic<\/li>\n\n\n\n<li>Catal\u00e0 Professional<\/li>\n\n\n\n<li>Angl\u00e8s Professional<\/li>\n\n\n\n<li>Itinerari personal per a l\u2019ocupabilitat I<\/li>\n<\/ul>\n\n\n\n<ul class=\"wp-block-list\">\n<li>T\u00e8cniques de Magatzem<\/li>\n\n\n\n<li>Gesti\u00f3 de Compres<\/li>\n\n\n\n<li>Venda T\u00e8cnica<\/li>\n\n\n\n<li>Processos de Venda<\/li>\n\n\n\n<li>Digitalitzaci\u00f3 aplicada als sectors productius<\/li>\n\n\n\n<li>Sostenibilitat aplicada al sistema productiu<\/li>\n\n\n\n<li>Itinerari personal per a l\u2019ocupabilitat II<\/li>\n\n\n\n<li>Aparadorisme Sostenible<\/li>\n\n\n\n<li>Projecte intermodular<\/li>\n<\/ul>\n<\/div>\n\n\n\n<div class=\"wp-block-buttons is-content-justification-center is-layout-flex wp-container-core-buttons-is-layout-1 wp-block-buttons-is-layout-flex\">\n<div class=\"wp-block-button is-style-fill\"><a class=\"wp-block-button__link wp-element-button\" href=\"https:\/\/drive.google.com\/file\/d\/1Cf5h6U4bR00RIgzXhwz1XJMsy5KvvEwI\/view?usp=sharing\" target=\"_blank\" rel=\"noreferrer noopener\">Fullet\u00f3 Informatiu (pdf)<\/a><\/div>\n<\/div>\n<\/div><\/div><\/div><\/div><\/div>\n\n\n\n<div class=\"wp-block-getwid-section getwid-section-content-custom-width\"><div class=\"wp-block-getwid-section__wrapper getwid-padding-left-none getwid-padding-right-none\"><div class=\"wp-block-getwid-section__inner-wrapper\" style=\"max-width:1000px\"><div class=\"wp-block-getwid-section__background-holder\"><div class=\"wp-block-getwid-section__background\"><\/div><div class=\"wp-block-getwid-section__foreground\"><\/div><\/div><div class=\"wp-block-getwid-section__content\"><div class=\"wp-block-getwid-section__inner-content\">\n<div class=\"wp-block-columns is-layout-flex wp-container-core-columns-is-layout-3 wp-block-columns-is-layout-flex\">\n<div class=\"wp-block-column is-layout-flow wp-block-column-is-layout-flow\">\n<h3 class=\"wp-block-heading has-text-align-center has-white-color has-ast-global-color-1-background-color has-text-color has-background has-link-color wp-elements-8118f271f4e5519f5ee15913e772cbe6\">Quines s\u00f3n les sortides acad\u00e8miques<\/h3>\n\n\n\n<ul class=\"wp-block-list\">\n<li>a un cicle de Grau Superior del mateix itinerari:\n<ul class=\"wp-block-list\">\n<li>CFGS Gesti\u00f3 de Vendes i Espais Comercials<\/li>\n\n\n\n<li>CFGS Comer\u00e7 Internacional<\/li>\n\n\n\n<li>CFGS Transport i log\u00edstica<\/li>\n\n\n\n<li>CFGS M\u00e0rqueting i Publicitat<\/li>\n<\/ul>\n<\/li>\n\n\n\n<li>a un cicle de Grau Superior de diferent itinerari<\/li>\n\n\n\n<li>al batxillerat o<\/li>\n\n\n\n<li>al m\u00f3n laboral<\/li>\n<\/ul>\n<\/div>\n\n\n\n<div class=\"wp-block-column is-layout-flow wp-block-column-is-layout-flow\">\n<h3 class=\"wp-block-heading has-text-align-center has-white-color has-ast-global-color-1-background-color has-text-color has-background has-link-color wp-elements-73c2668cb835d5845e4c12443d340e67\">Quines s\u00f3n les sortides professionals<\/h3>\n\n\n\n<div class=\"wp-block-columns is-layout-flex wp-container-core-columns-is-layout-2 wp-block-columns-is-layout-flex\">\n<div class=\"wp-block-column is-layout-flow wp-block-column-is-layout-flow\">\n<ul class=\"wp-block-list\">\n<li>venedor\/a<\/li>\n\n\n\n<li>&nbsp;venedor\/a t\u00e8cnic\/a<\/li>\n\n\n\n<li>&nbsp;representant comercial;<\/li>\n\n\n\n<li>&nbsp;orientador\/a comercial;<\/li>\n\n\n\n<li>&nbsp;promotor\/a;<\/li>\n\n\n\n<li>&nbsp;televenedor\/a<\/li>\n\n\n\n<li>&nbsp;venda a dist\u00e0ncia;<\/li>\n\n\n\n<li>&nbsp;teleoperador\/a de centre d&#8217;atenci\u00f3 telef\u00f2nica;<\/li>\n\n\n\n<li>&nbsp;informaci\u00f3 i atenci\u00f3 al client;<\/li>\n\n\n\n<li>&nbsp;caixer\/a reposador\/a<\/li>\n\n\n\n<li>&nbsp;operador\/a de centre d&#8217;atenci\u00f3 multicanal;<\/li>\n<\/ul>\n<\/div>\n\n\n\n<div class=\"wp-block-column is-layout-flow wp-block-column-is-layout-flow\">\n<ul class=\"wp-block-list\">\n<li>&nbsp;administrador\/a de continguts en l\u00ednia;<\/li>\n\n\n\n<li>comerciant de botiga;<\/li>\n\n\n\n<li>&nbsp;gerent de petit comer\u00e7;<\/li>\n\n\n\n<li>&nbsp;t\u00e8cnic\/a en gesti\u00f3 d&#8217;estocs i magatzem;<\/li>\n\n\n\n<li>&nbsp;cap de magatzem;<\/li>\n\n\n\n<li>&nbsp;responsable de recepci\u00f3 i d&#8217;expedici\u00f3 de mercaderies;<\/li>\n\n\n\n<li>&nbsp;t\u00e8cnic\/a en log\u00edstica de magatzems;<\/li>\n\n\n\n<li>&nbsp;t\u00e8cnic\/a d&#8217;informaci\u00f3 i atenci\u00f3 al client en empreses.<\/li>\n<\/ul>\n<\/div>\n<\/div>\n<\/div>\n<\/div>\n<\/div><\/div><\/div><\/div><\/div>\n\n\n\n<figure class=\"wp-block-embed is-type-video is-provider-youtube wp-block-embed-youtube wp-embed-aspect-16-9 wp-has-aspect-ratio\"><div class=\"wp-block-embed__wrapper\">\n<div class=\"ast-oembed-container \" style=\"height: 100%;\"><iframe loading=\"lazy\" title=\"#FPCAT | Comer\u00e7 i m\u00e0rqueting\" width=\"500\" height=\"281\" src=\"https:\/\/www.youtube.com\/embed\/xkw9Cu_MzGU?feature=oembed\" frameborder=\"0\" allow=\"accelerometer; autoplay; clipboard-write; encrypted-media; gyroscope; picture-in-picture; web-share\" referrerpolicy=\"strict-origin-when-cross-origin\" allowfullscreen><\/iframe><\/div>\n<\/div><\/figure>\n\n\n\n<div class=\"wp-block-getwid-section getwid-section-content-custom-width\"><div class=\"wp-block-getwid-section__wrapper getwid-padding-left-none getwid-padding-right-none\"><div class=\"wp-block-getwid-section__inner-wrapper\" style=\"max-width:900px\"><div class=\"wp-block-getwid-section__background-holder\"><div class=\"wp-block-getwid-section__background has-background\" style=\"background-color:#ffe97d\"><\/div><div class=\"wp-block-getwid-section__foreground\"><\/div><\/div><div class=\"wp-block-getwid-section__content\"><div class=\"wp-block-getwid-section__inner-content\">\n<h3 class=\"wp-block-heading\">Qu\u00e8 necessito per accedir-hi<\/h3>\n\n\n\n<p>Pots accedir als cicles de grau mitj\u00e0 si compleixes algun dels requisits seg\u00fcents:<\/p>\n\n\n\n<p>Tenir un d\u2019aquests t\u00edtols:<\/p>\n\n\n\n<ul class=\"wp-block-list\">\n<li>&nbsp;Graduat\/ada en educaci\u00f3 secund\u00e0ria obligat\u00f2ria.<\/li>\n\n\n\n<li>&nbsp;T\u00e8cnic\/a b\u00e0sic\/a, T\u00e8cnic\/a, T\u00e8cnic\/a superior o &nbsp;T\u00e8cnic\/a auxiliar.<\/li>\n\n\n\n<li>&nbsp;Batxillerat superior (plans educatius anteriors a la Llei org\u00e0nica 2\/2006, de 3 de maig).<\/li>\n<\/ul>\n\n\n\n<p>O b\u00e9, haver superat:<\/p>\n\n\n\n<ul class=\"wp-block-list\">\n<li>&nbsp;Una oferta formativa de certificat professional inclosa en el cicle.<\/li>\n\n\n\n<li class=\"has-ast-global-color-1-color has-text-color has-link-color wp-elements-72a40b92a35e53ea000442d38bc6b5d4\">&nbsp;Un<a href=\"https:\/\/preinscripcio.gencat.cat\/ca\/estudis\/curs-acces-grau-mitja\/inici\/\" target=\"_blank\" rel=\"noreferrer noopener\">&nbsp;curs de formaci\u00f3 preparatori per a l&#8217;acc\u00e9s als cicles de grau mitj\u00e0.<\/a><\/li>\n\n\n\n<li class=\"has-black-color has-text-color has-link-color wp-elements-4af727f65b5f9b4773879776741cf42a\">&nbsp;Una&nbsp;<a href=\"https:\/\/triaeducativa.gencat.cat\/ca\/proves\/proves-acces\/fp\/fp-gm\/\" target=\"_blank\" rel=\"noreferrer noopener\">prova d&#8217;acc\u00e9s<\/a>.<\/li>\n\n\n\n<li>Altres estudis o cursos de formaci\u00f3 equivalents acad\u00e8micament.<\/li>\n<\/ul>\n\n\n\n<div class=\"wp-block-buttons is-content-justification-center is-layout-flex wp-container-core-buttons-is-layout-2 wp-block-buttons-is-layout-flex\">\n<div class=\"wp-block-button is-style-fill\"><a class=\"wp-block-button__link wp-element-button\" href=\"https:\/\/www.gencat.cat\/ensenyament\/eac\/pdf\/ETAPA_CFGM_CA.pdf\" target=\"_blank\" rel=\"noreferrer noopener\">Fitxa de l&#8217;etapa educativa (pdf)<\/a><\/div>\n<\/div>\n<\/div><\/div><\/div><\/div><\/div>\n","protected":false},"excerpt":{"rendered":"<p>CFGM Activitats Comercials Els cicles formatius de grau mitj\u00e0 (CFGM) s\u00f3n ensenyaments professionalitzadors que proporcionen la formaci\u00f3 necess\u00e0ria per adquirir la compet\u00e8ncia professional i el coneixement propis de cada sector. S&#8217;agrupen en fam\u00edlies professionals i tenen una durada de 2.000 hores (en dos cursos acad\u00e8mics). La titulaci\u00f3 que s&#8217;obt\u00e9 en finalitzar un cicle formatiu de [&hellip;]<\/p>\n","protected":false},"author":1,"featured_media":0,"parent":13184,"menu_order":1,"comment_status":"closed","ping_status":"closed","template":"","meta":{"_bbp_topic_count":0,"_bbp_reply_count":0,"_bbp_total_topic_count":0,"_bbp_total_reply_count":0,"_bbp_voice_count":0,"_bbp_anonymous_reply_count":0,"_bbp_topic_count_hidden":0,"_bbp_reply_count_hidden":0,"_bbp_forum_subforum_count":0,"site-sidebar-layout":"default","site-content-layout":"","ast-site-content-layout":"default","site-content-style":"default","site-sidebar-style":"default","ast-global-header-display":"","ast-banner-title-visibility":"","ast-main-header-display":"","ast-hfb-above-header-display":"","ast-hfb-below-header-display":"","ast-hfb-mobile-header-display":"","site-post-title":"disabled","ast-breadcrumbs-content":"","ast-featured-img":"","footer-sml-layout":"","theme-transparent-header-meta":"","adv-header-id-meta":"","stick-header-meta":"","header-above-stick-meta":"","header-main-stick-meta":"","header-below-stick-meta":"","astra-migrate-meta-layouts":"set","ast-page-background-enabled":"default","ast-page-background-meta":{"desktop":{"background-color":"var(--ast-global-color-4)","background-image":"","background-repeat":"repeat","background-position":"center center","background-size":"auto","background-attachment":"scroll","background-type":"","background-media":"","overlay-type":"","overlay-color":"","overlay-opacity":"","overlay-gradient":""},"tablet":{"background-color":"","background-image":"","background-repeat":"repeat","background-position":"center center","background-size":"auto","background-attachment":"scroll","background-type":"","background-media":"","overlay-type":"","overlay-color":"","overlay-opacity":"","overlay-gradient":""},"mobile":{"background-color":"","background-image":"","background-repeat":"repeat","background-position":"center center","background-size":"auto","background-attachment":"scroll","background-type":"","background-media":"","overlay-type":"","overlay-color":"","overlay-opacity":"","overlay-gradient":""}},"ast-content-background-meta":{"desktop":{"background-color":"var(--ast-global-color-5)","background-image":"","background-repeat":"repeat","background-position":"center center","background-size":"auto","background-attachment":"scroll","background-type":"","background-media":"","overlay-type":"","overlay-color":"","overlay-opacity":"","overlay-gradient":""},"tablet":{"background-color":"var(--ast-global-color-5)","background-image":"","background-repeat":"repeat","background-position":"center center","background-size":"auto","background-attachment":"scroll","background-type":"","background-media":"","overlay-type":"","overlay-color":"","overlay-opacity":"","overlay-gradient":""},"mobile":{"background-color":"var(--ast-global-color-5)","background-image":"","background-repeat":"repeat","background-position":"center center","background-size":"auto","background-attachment":"scroll","background-type":"","background-media":"","overlay-type":"","overlay-color":"","overlay-opacity":"","overlay-gradient":""}},"footnotes":""},"class_list":["post-13392","page","type-page","status-publish","hentry"],"post_mailing_queue_ids":[],"_links":{"self":[{"href":"https:\/\/agora.xtec.cat\/ies-mediterrania-castelldefels\/wp-json\/wp\/v2\/pages\/13392","targetHints":{"allow":["GET"]}}],"collection":[{"href":"https:\/\/agora.xtec.cat\/ies-mediterrania-castelldefels\/wp-json\/wp\/v2\/pages"}],"about":[{"href":"https:\/\/agora.xtec.cat\/ies-mediterrania-castelldefels\/wp-json\/wp\/v2\/types\/page"}],"author":[{"embeddable":true,"href":"https:\/\/agora.xtec.cat\/ies-mediterrania-castelldefels\/wp-json\/wp\/v2\/users\/1"}],"replies":[{"embeddable":true,"href":"https:\/\/agora.xtec.cat\/ies-mediterrania-castelldefels\/wp-json\/wp\/v2\/comments?post=13392"}],"version-history":[{"count":6,"href":"https:\/\/agora.xtec.cat\/ies-mediterrania-castelldefels\/wp-json\/wp\/v2\/pages\/13392\/revisions"}],"predecessor-version":[{"id":13504,"href":"https:\/\/agora.xtec.cat\/ies-mediterrania-castelldefels\/wp-json\/wp\/v2\/pages\/13392\/revisions\/13504"}],"up":[{"embeddable":true,"href":"https:\/\/agora.xtec.cat\/ies-mediterrania-castelldefels\/wp-json\/wp\/v2\/pages\/13184"}],"wp:attachment":[{"href":"https:\/\/agora.xtec.cat\/ies-mediterrania-castelldefels\/wp-json\/wp\/v2\/media?parent=13392"}],"curies":[{"name":"wp","href":"https:\/\/api.w.org\/{rel}","templated":true}]}}