{"id":13343,"date":"2026-04-29T17:00:34","date_gmt":"2026-04-29T15:00:34","guid":{"rendered":"https:\/\/agora.xtec.cat\/ies-mediterrania-castelldefels\/?page_id=13343"},"modified":"2026-04-29T17:27:30","modified_gmt":"2026-04-29T15:27:30","slug":"cfgm-sistemes-microinformatics-i-xarxes","status":"publish","type":"page","link":"https:\/\/agora.xtec.cat\/ies-mediterrania-castelldefels\/estudis\/formacio-professional\/cfgm-sistemes-microinformatics-i-xarxes\/","title":{"rendered":"CFGM Sistemes Microinform\u00e0tics i Xarxes"},"content":{"rendered":"\n<h2 class=\"wp-block-heading has-text-align-center has-background\" style=\"border-style:none;border-width:0px;border-radius:0px;background:linear-gradient(279deg,rgb(255,245,203) 0%,rgb(182,227,212) 50%,rgb(51,167,181) 100%)\">CFGM Sistemes Microinform\u00e0tics i Xarxes<\/h2>\n\n\n\n<p>Els cicles formatius de grau mitj\u00e0 (CFGM) s\u00f3n ensenyaments professionalitzadors que proporcionen la formaci\u00f3 necess\u00e0ria per adquirir la compet\u00e8ncia professional i el coneixement propis de cada sector. S&#8217;agrupen en fam\u00edlies professionals i tenen una durada de 2.000 hores (en dos cursos acad\u00e8mics).<\/p>\n\n\n\n<p>La titulaci\u00f3 que s&#8217;obt\u00e9 en finalitzar un cicle formatiu de grau mitj\u00e0 \u00e9s la de t\u00e8cnic o t\u00e8cnica del perfil professional corresponent.<\/p>\n\n\n\n<div class=\"wp-block-getwid-section getwid-section-content-custom-width\"><div class=\"wp-block-getwid-section__wrapper getwid-padding-left-none getwid-padding-right-none\"><div class=\"wp-block-getwid-section__inner-wrapper\" style=\"max-width:1050px\"><div class=\"wp-block-getwid-section__background-holder\"><div class=\"wp-block-getwid-section__background\"><\/div><div class=\"wp-block-getwid-section__foreground\"><\/div><\/div><div class=\"wp-block-getwid-section__content\"><div class=\"wp-block-getwid-section__inner-content\">\n<div class=\"wp-block-columns is-layout-flex wp-container-core-columns-is-layout-1 wp-block-columns-is-layout-flex\">\n<div class=\"wp-block-column is-vertically-aligned-center is-layout-flow wp-block-column-is-layout-flow\">\n<p id=\"block-3ede1a4c-925b-4102-97f0-09ac87f3be40\"><br>A <strong>Sistemes Microinform\u00e0tics i Xarxes del Mediterr\u00e0nia <\/strong>aprendr\u00e0s de forma pr\u00e0ctica a muntar i reparar ordinadors, instal\u00b7lar i configurar xarxes i tots els serveis necessaris per a l&#8217;empresa.<\/p>\n\n\n\n<p id=\"block-2c0b4279-ad76-4eec-af60-0c8c33d9ffcf\">Basem l&#8217;aprenentatge en la <strong>resoluci\u00f3 pr\u00e0ctica de problemes <\/strong>i <strong>necessitats reals<\/strong> i et preparem per entrar al m\u00f3n laboral o adquirir la base de coneixement per a un Cicle Formatiu de Grau Superior.<\/p>\n\n\n\n<p class=\"has-vivid-red-color has-text-color has-link-color wp-elements-4351e564dc8e3447f9b38f2bf55ac2e4\"><strong>T\u2019interessar\u00e0 saber que\u2026<\/strong><\/p>\n\n\n\n<ul class=\"wp-block-list\">\n<li class=\"has-black-color has-text-color has-link-color wp-elements-70edb7e6110843d9817188f6a633f75b\">Horari de Tarda: facilitat per fer pr\u00e0ctiques (al mat\u00ed)<\/li>\n\n\n\n<li class=\"has-black-color has-text-color has-link-color wp-elements-8d08d41f972636cd62e557ba241edf3c\">Opci\u00f3 de pr\u00e0ctiques a l&#8217;estranger (Erasmus+)<\/li>\n\n\n\n<li class=\"has-black-color has-text-color has-link-color wp-elements-38ad626526533d04a791341c45d263b6\">Opci\u00f3 de pr\u00e0ctiques remunerades (FPDual Intensiva)<\/li>\n<\/ul>\n<\/div>\n\n\n\n<div class=\"wp-block-column is-layout-flow wp-block-column-is-layout-flow\">\n<div class=\"wp-block-getwid-images-slider has-arrows-inside has-dots-inside has-images-center has-fitted-images\"><div class=\"wp-block-getwid-images-slider__wrapper\" data-effect=\"slide\" data-slides-show=\"1\" data-slides-show-laptop=\"1\" data-slides-show-tablet=\"1\" data-slides-show-mobile=\"1\" data-slides-scroll=\"1\" data-autoplay=\"true\" data-pause-hover=\"false\" data-autoplay-speed=\"6000\" data-infinite=\"true\" data-animation-speed=\"800\" data-center-mode=\"false\" data-variable-width=\"false\" data-arrows=\"inside\" data-dots=\"inside\" data-spacing=\"none\"><div class=\"wp-block-getwid-images-slider__item\"><figure><img loading=\"lazy\" decoding=\"async\" width=\"1280\" height=\"960\" src=\"https:\/\/agora.xtec.cat\/ies-mediterrania-castelldefels\/wp-content\/uploads\/usu1078\/2026\/04\/smix1-M01-23.jpg\" data-id=\"13463\" data-link=\"https:\/\/agora.xtec.cat\/ies-mediterrania-castelldefels\/estudis\/formacio-professional\/cfgm-sistemes-microinformatics-i-xarxes\/attachment\/smix1-m01-23\/\" data-original-link=\"https:\/\/agora.xtec.cat\/ies-mediterrania-castelldefels\/wp-content\/uploads\/usu1078\/2026\/04\/smix1-M01-23.jpg\" class=\"wp-block-getwid-images-slider__image wp-image-13463\" srcset=\"https:\/\/agora.xtec.cat\/ies-mediterrania-castelldefels\/wp-content\/uploads\/usu1078\/2026\/04\/smix1-M01-23.jpg 1280w, https:\/\/agora.xtec.cat\/ies-mediterrania-castelldefels\/wp-content\/uploads\/usu1078\/2026\/04\/smix1-M01-23-300x225.jpg 300w, https:\/\/agora.xtec.cat\/ies-mediterrania-castelldefels\/wp-content\/uploads\/usu1078\/2026\/04\/smix1-M01-23-1024x768.jpg 1024w, https:\/\/agora.xtec.cat\/ies-mediterrania-castelldefels\/wp-content\/uploads\/usu1078\/2026\/04\/smix1-M01-23-768x576.jpg 768w\" sizes=\"auto, (max-width: 1280px) 100vw, 1280px\" \/><\/figure><\/div><div class=\"wp-block-getwid-images-slider__item\"><figure><img loading=\"lazy\" decoding=\"async\" width=\"1280\" height=\"960\" src=\"https:\/\/agora.xtec.cat\/ies-mediterrania-castelldefels\/wp-content\/uploads\/usu1078\/2026\/04\/photo_2023-05-05_12-19-58.jpg\" data-id=\"13466\" data-link=\"https:\/\/agora.xtec.cat\/ies-mediterrania-castelldefels\/estudis\/formacio-professional\/cfgm-sistemes-microinformatics-i-xarxes\/attachment\/photo_2023-05-05_12-19-58\/\" data-original-link=\"https:\/\/agora.xtec.cat\/ies-mediterrania-castelldefels\/wp-content\/uploads\/usu1078\/2026\/04\/photo_2023-05-05_12-19-58.jpg\" class=\"wp-block-getwid-images-slider__image wp-image-13466\" srcset=\"https:\/\/agora.xtec.cat\/ies-mediterrania-castelldefels\/wp-content\/uploads\/usu1078\/2026\/04\/photo_2023-05-05_12-19-58.jpg 1280w, https:\/\/agora.xtec.cat\/ies-mediterrania-castelldefels\/wp-content\/uploads\/usu1078\/2026\/04\/photo_2023-05-05_12-19-58-300x225.jpg 300w, https:\/\/agora.xtec.cat\/ies-mediterrania-castelldefels\/wp-content\/uploads\/usu1078\/2026\/04\/photo_2023-05-05_12-19-58-1024x768.jpg 1024w, https:\/\/agora.xtec.cat\/ies-mediterrania-castelldefels\/wp-content\/uploads\/usu1078\/2026\/04\/photo_2023-05-05_12-19-58-768x576.jpg 768w\" sizes=\"auto, (max-width: 1280px) 100vw, 1280px\" \/><\/figure><\/div><div class=\"wp-block-getwid-images-slider__item\"><figure><img loading=\"lazy\" decoding=\"async\" width=\"2560\" height=\"1920\" src=\"https:\/\/agora.xtec.cat\/ies-mediterrania-castelldefels\/wp-content\/uploads\/usu1078\/2026\/04\/smix2-M07-2-1-1-scaled.jpg\" data-id=\"13472\" data-link=\"https:\/\/agora.xtec.cat\/ies-mediterrania-castelldefels\/estudis\/formacio-professional\/cfgm-sistemes-microinformatics-i-xarxes\/attachment\/smix2-m07-2-1-1\/\" data-original-link=\"https:\/\/agora.xtec.cat\/ies-mediterrania-castelldefels\/wp-content\/uploads\/usu1078\/2026\/04\/smix2-M07-2-1-1-scaled.jpg\" class=\"wp-block-getwid-images-slider__image wp-image-13472\" srcset=\"https:\/\/agora.xtec.cat\/ies-mediterrania-castelldefels\/wp-content\/uploads\/usu1078\/2026\/04\/smix2-M07-2-1-1-scaled.jpg 2560w, https:\/\/agora.xtec.cat\/ies-mediterrania-castelldefels\/wp-content\/uploads\/usu1078\/2026\/04\/smix2-M07-2-1-1-300x225.jpg 300w, https:\/\/agora.xtec.cat\/ies-mediterrania-castelldefels\/wp-content\/uploads\/usu1078\/2026\/04\/smix2-M07-2-1-1-1024x768.jpg 1024w, https:\/\/agora.xtec.cat\/ies-mediterrania-castelldefels\/wp-content\/uploads\/usu1078\/2026\/04\/smix2-M07-2-1-1-768x576.jpg 768w, https:\/\/agora.xtec.cat\/ies-mediterrania-castelldefels\/wp-content\/uploads\/usu1078\/2026\/04\/smix2-M07-2-1-1-1536x1152.jpg 1536w, https:\/\/agora.xtec.cat\/ies-mediterrania-castelldefels\/wp-content\/uploads\/usu1078\/2026\/04\/smix2-M07-2-1-1-2048x1536.jpg 2048w\" sizes=\"auto, (max-width: 2560px) 100vw, 2560px\" \/><\/figure><\/div><div class=\"wp-block-getwid-images-slider__item\"><figure><img loading=\"lazy\" decoding=\"async\" width=\"1280\" height=\"960\" src=\"https:\/\/agora.xtec.cat\/ies-mediterrania-castelldefels\/wp-content\/uploads\/usu1078\/2026\/04\/photo_2023-05-05_12-20-22.jpg\" data-id=\"13467\" data-link=\"https:\/\/agora.xtec.cat\/ies-mediterrania-castelldefels\/estudis\/formacio-professional\/cfgm-sistemes-microinformatics-i-xarxes\/attachment\/photo_2023-05-05_12-20-22\/\" data-original-link=\"https:\/\/agora.xtec.cat\/ies-mediterrania-castelldefels\/wp-content\/uploads\/usu1078\/2026\/04\/photo_2023-05-05_12-20-22.jpg\" class=\"wp-block-getwid-images-slider__image wp-image-13467\" srcset=\"https:\/\/agora.xtec.cat\/ies-mediterrania-castelldefels\/wp-content\/uploads\/usu1078\/2026\/04\/photo_2023-05-05_12-20-22.jpg 1280w, https:\/\/agora.xtec.cat\/ies-mediterrania-castelldefels\/wp-content\/uploads\/usu1078\/2026\/04\/photo_2023-05-05_12-20-22-300x225.jpg 300w, https:\/\/agora.xtec.cat\/ies-mediterrania-castelldefels\/wp-content\/uploads\/usu1078\/2026\/04\/photo_2023-05-05_12-20-22-1024x768.jpg 1024w, https:\/\/agora.xtec.cat\/ies-mediterrania-castelldefels\/wp-content\/uploads\/usu1078\/2026\/04\/photo_2023-05-05_12-20-22-768x576.jpg 768w\" sizes=\"auto, (max-width: 1280px) 100vw, 1280px\" \/><\/figure><\/div><div class=\"wp-block-getwid-images-slider__item\"><figure><img loading=\"lazy\" decoding=\"async\" width=\"2560\" height=\"1920\" src=\"https:\/\/agora.xtec.cat\/ies-mediterrania-castelldefels\/wp-content\/uploads\/usu1078\/2026\/04\/IMG_0492-scaled.jpg\" data-id=\"13464\" data-link=\"https:\/\/agora.xtec.cat\/ies-mediterrania-castelldefels\/estudis\/formacio-professional\/cfgm-sistemes-microinformatics-i-xarxes\/attachment\/img_0492\/\" data-original-link=\"https:\/\/agora.xtec.cat\/ies-mediterrania-castelldefels\/wp-content\/uploads\/usu1078\/2026\/04\/IMG_0492-scaled.jpg\" class=\"wp-block-getwid-images-slider__image wp-image-13464\" srcset=\"https:\/\/agora.xtec.cat\/ies-mediterrania-castelldefels\/wp-content\/uploads\/usu1078\/2026\/04\/IMG_0492-scaled.jpg 2560w, https:\/\/agora.xtec.cat\/ies-mediterrania-castelldefels\/wp-content\/uploads\/usu1078\/2026\/04\/IMG_0492-300x225.jpg 300w, https:\/\/agora.xtec.cat\/ies-mediterrania-castelldefels\/wp-content\/uploads\/usu1078\/2026\/04\/IMG_0492-1024x768.jpg 1024w, https:\/\/agora.xtec.cat\/ies-mediterrania-castelldefels\/wp-content\/uploads\/usu1078\/2026\/04\/IMG_0492-768x576.jpg 768w, https:\/\/agora.xtec.cat\/ies-mediterrania-castelldefels\/wp-content\/uploads\/usu1078\/2026\/04\/IMG_0492-1536x1152.jpg 1536w, https:\/\/agora.xtec.cat\/ies-mediterrania-castelldefels\/wp-content\/uploads\/usu1078\/2026\/04\/IMG_0492-2048x1536.jpg 2048w\" sizes=\"auto, (max-width: 2560px) 100vw, 2560px\" \/><\/figure><\/div><div class=\"wp-block-getwid-images-slider__item\"><figure><img loading=\"lazy\" decoding=\"async\" width=\"1280\" height=\"960\" src=\"https:\/\/agora.xtec.cat\/ies-mediterrania-castelldefels\/wp-content\/uploads\/usu1078\/2026\/04\/photo_2023-05-05_12-20-29.jpg\" data-id=\"13471\" data-link=\"https:\/\/agora.xtec.cat\/ies-mediterrania-castelldefels\/estudis\/formacio-professional\/cfgm-sistemes-microinformatics-i-xarxes\/attachment\/photo_2023-05-05_12-20-29\/\" data-original-link=\"https:\/\/agora.xtec.cat\/ies-mediterrania-castelldefels\/wp-content\/uploads\/usu1078\/2026\/04\/photo_2023-05-05_12-20-29.jpg\" class=\"wp-block-getwid-images-slider__image wp-image-13471\" srcset=\"https:\/\/agora.xtec.cat\/ies-mediterrania-castelldefels\/wp-content\/uploads\/usu1078\/2026\/04\/photo_2023-05-05_12-20-29.jpg 1280w, https:\/\/agora.xtec.cat\/ies-mediterrania-castelldefels\/wp-content\/uploads\/usu1078\/2026\/04\/photo_2023-05-05_12-20-29-300x225.jpg 300w, https:\/\/agora.xtec.cat\/ies-mediterrania-castelldefels\/wp-content\/uploads\/usu1078\/2026\/04\/photo_2023-05-05_12-20-29-1024x768.jpg 1024w, https:\/\/agora.xtec.cat\/ies-mediterrania-castelldefels\/wp-content\/uploads\/usu1078\/2026\/04\/photo_2023-05-05_12-20-29-768x576.jpg 768w\" sizes=\"auto, (max-width: 1280px) 100vw, 1280px\" \/><\/figure><\/div><div class=\"wp-block-getwid-images-slider__item\"><figure><img loading=\"lazy\" decoding=\"async\" width=\"2560\" height=\"1920\" src=\"https:\/\/agora.xtec.cat\/ies-mediterrania-castelldefels\/wp-content\/uploads\/usu1078\/2026\/04\/IMG_0543-1-1-scaled.jpg\" data-id=\"13473\" data-link=\"https:\/\/agora.xtec.cat\/ies-mediterrania-castelldefels\/estudis\/formacio-professional\/cfgm-sistemes-microinformatics-i-xarxes\/attachment\/img_0543-1-1\/\" data-original-link=\"https:\/\/agora.xtec.cat\/ies-mediterrania-castelldefels\/wp-content\/uploads\/usu1078\/2026\/04\/IMG_0543-1-1-scaled.jpg\" class=\"wp-block-getwid-images-slider__image wp-image-13473\" srcset=\"https:\/\/agora.xtec.cat\/ies-mediterrania-castelldefels\/wp-content\/uploads\/usu1078\/2026\/04\/IMG_0543-1-1-scaled.jpg 2560w, https:\/\/agora.xtec.cat\/ies-mediterrania-castelldefels\/wp-content\/uploads\/usu1078\/2026\/04\/IMG_0543-1-1-300x225.jpg 300w, https:\/\/agora.xtec.cat\/ies-mediterrania-castelldefels\/wp-content\/uploads\/usu1078\/2026\/04\/IMG_0543-1-1-1024x768.jpg 1024w, https:\/\/agora.xtec.cat\/ies-mediterrania-castelldefels\/wp-content\/uploads\/usu1078\/2026\/04\/IMG_0543-1-1-768x576.jpg 768w, https:\/\/agora.xtec.cat\/ies-mediterrania-castelldefels\/wp-content\/uploads\/usu1078\/2026\/04\/IMG_0543-1-1-1536x1152.jpg 1536w, https:\/\/agora.xtec.cat\/ies-mediterrania-castelldefels\/wp-content\/uploads\/usu1078\/2026\/04\/IMG_0543-1-1-2048x1536.jpg 2048w\" sizes=\"auto, (max-width: 2560px) 100vw, 2560px\" \/><\/figure><\/div><\/div><\/div>\n<\/div>\n<\/div>\n<\/div><\/div><\/div><\/div><\/div>\n\n\n\n<div class=\"wp-block-getwid-advanced-spacer\" style=\"height:39px\" aria-hidden=\"true\"><\/div>\n\n\n\n<div class=\"wp-block-getwid-section getwid-section-content-custom-width\"><div class=\"wp-block-getwid-section__wrapper getwid-padding-left-none getwid-padding-right-none\"><div class=\"wp-block-getwid-section__inner-wrapper\" style=\"max-width:1000px\"><div class=\"wp-block-getwid-section__background-holder\"><div class=\"wp-block-getwid-section__background has-background\" style=\"background-color:#c3ebeb\"><\/div><div class=\"wp-block-getwid-section__foreground\"><\/div><\/div><div class=\"wp-block-getwid-section__content\"><div class=\"wp-block-getwid-section__inner-content\">\n<h3 class=\"wp-block-heading has-text-align-center has-white-color has-ast-global-color-1-background-color has-text-color has-background has-link-color wp-elements-7eac0f667f5d38374941dfb0a8df4990\"><strong>Qu\u00e8 i Com estudiar\u00e9?<\/strong><\/h3>\n\n\n\n<div class=\"wp-block-group is-layout-grid wp-container-core-group-is-layout-1 wp-block-group-is-layout-grid\" style=\"padding-right:var(--wp--preset--spacing--20);padding-left:var(--wp--preset--spacing--20)\">\n<h5 class=\"wp-block-heading has-text-align-center\">1r Curs: Adaptaci\u00f3 i Professionalitzaci\u00f3<\/h5>\n\n\n\n<h5 class=\"wp-block-heading has-text-align-center\">2n Curs: Aprenentatge per Projectes<\/h5>\n\n\n\n<p>Treballem mitjan\u00e7ant <strong>m\u00f2duls independents <\/strong>dissenyats per facilitar la transici\u00f3 des de l&#8217;ESO. L&#8217;objectiu \u00e9s que l&#8217;alumne s&#8217;acostumi a una metodologia de treball m\u00e9s aut\u00f2noma i professionalitzadora, adquirint les bases t\u00e8cniques necess\u00e0ries per al sector.<\/p>\n\n\n\n<p>En el segon any, fem un salt cap a la pr\u00e0ctica real. L&#8217;alumnat treballa de manera <strong>transversal<\/strong> tots els m\u00f2duls del curs a trav\u00e9s de projectes integradors. Aix\u00f2 permet aplicar els continguts de forma global, simulant situacions reals que es trobaran a l&#8217;empresa.<\/p>\n\n\n\n<p><strong>M\u00f2duls Professionals:<\/strong><\/p>\n\n\n\n<p><strong>Projectes<\/strong>:<\/p>\n\n\n\n<ul class=\"wp-block-list\">\n<li>Muntatge i Manteniment d&#8217;Equips<\/li>\n\n\n\n<li>Sistemes Operatius Monolloc<\/li>\n\n\n\n<li>Aplicacions Ofim\u00e0tiques<\/li>\n\n\n\n<li>Xarxes Locals<\/li>\n\n\n\n<li>Aplicacions Web<\/li>\n\n\n\n<li>Fonaments Web<\/li>\n\n\n\n<li>Angl\u00e8s Professional<\/li>\n\n\n\n<li>Itinerari Personal per a l&#8217;Ocupabilitat I<\/li>\n<\/ul>\n\n\n\n<ul class=\"wp-block-list\">\n<li><strong>de Gesti\u00f3 de Dominis i Seguretat <\/strong>i<br><strong>d&#8217;Empresa de Desplegament de Serveis de Xarxa<\/strong>\n<ul class=\"wp-block-list\">\n<li>Sistemes Operatius en Xarxa<\/li>\n\n\n\n<li>Seguretat Inform\u00e0tica<\/li>\n\n\n\n<li>Serveis de Xarxa<\/li>\n\n\n\n<li>Itinerari Personal per a l&#8217;Ocupabilitat II<\/li>\n<\/ul>\n<\/li>\n\n\n\n<li><strong>Servei T\u00e8cnic:<\/strong>\n<ul class=\"wp-block-list\">\n<li>Projecte Intermodular<\/li>\n\n\n\n<li>Digitalitzaci\u00f3 aplicada als sectors productiu<\/li>\n\n\n\n<li>Sostenibilitat aplicada al sistema productiu<\/li>\n<\/ul>\n<\/li>\n<\/ul>\n<\/div>\n\n\n\n<div class=\"wp-block-buttons is-content-justification-center is-layout-flex wp-container-core-buttons-is-layout-1 wp-block-buttons-is-layout-flex\">\n<div class=\"wp-block-button is-style-fill\"><a class=\"wp-block-button__link wp-element-button\" href=\"https:\/\/drive.google.com\/file\/d\/1MkC8cA91T_ay_A1lSMT4jsXgZx1UH-d_\/view?usp=sharing\" target=\"_blank\" rel=\"noreferrer noopener\">Fullet\u00f3 Informatiu (pdf)<\/a><\/div>\n<\/div>\n<\/div><\/div><\/div><\/div><\/div>\n\n\n\n<div class=\"wp-block-getwid-section getwid-section-content-custom-width\"><div class=\"wp-block-getwid-section__wrapper getwid-padding-left-none getwid-padding-right-none\"><div class=\"wp-block-getwid-section__inner-wrapper\" style=\"max-width:1000px\"><div class=\"wp-block-getwid-section__background-holder\"><div class=\"wp-block-getwid-section__background\"><\/div><div class=\"wp-block-getwid-section__foreground\"><\/div><\/div><div class=\"wp-block-getwid-section__content\"><div class=\"wp-block-getwid-section__inner-content\">\n<div class=\"wp-block-columns is-layout-flex wp-container-core-columns-is-layout-2 wp-block-columns-is-layout-flex\">\n<div class=\"wp-block-column is-layout-flow wp-block-column-is-layout-flow\">\n<h3 class=\"wp-block-heading has-text-align-center has-white-color has-ast-global-color-1-background-color has-text-color has-background has-link-color wp-elements-8118f271f4e5519f5ee15913e772cbe6\">Quines s\u00f3n les sortides acad\u00e8miques<\/h3>\n\n\n\n<ul class=\"wp-block-list\">\n<li>a un cicle de Grau Superior del mateix itinerari:\n<ul class=\"wp-block-list\">\n<li>CFGS Administraci\u00f3 de sistemes inform\u00e0tics en xarxa (<strong>ASIX<\/strong>)<\/li>\n\n\n\n<li>CFGS Desenvolupament d&#8217;aplicacions multiplataforma (<strong>DAM<\/strong>)<\/li>\n\n\n\n<li>CFGS Desenvolupament d&#8217;aplicacions web (<strong>DAW<\/strong>)<\/li>\n<\/ul>\n<\/li>\n\n\n\n<li>a un cicle de Grau Superior de diferent itinerari<\/li>\n\n\n\n<li>al batxillerat o<\/li>\n\n\n\n<li>al m\u00f3n laboral<\/li>\n<\/ul>\n<\/div>\n\n\n\n<div class=\"wp-block-column is-layout-flow wp-block-column-is-layout-flow\">\n<h3 class=\"wp-block-heading has-text-align-center has-white-color has-ast-global-color-1-background-color has-text-color has-background has-link-color wp-elements-73c2668cb835d5845e4c12443d340e67\">Quines s\u00f3n les sortides professionals<\/h3>\n\n\n\n<ul class=\"wp-block-list\">\n<li>T\u00e8cnic\/a en instal\u00b7laci\u00f3 i reparaci\u00f3 d&#8217;equips inform\u00e0tics.<\/li>\n\n\n\n<li>T\u00e8cnic\/a en manteniment de sistemes inform\u00e0tics i serveis d&#8217;Internet.<\/li>\n\n\n\n<li>T\u00e8cnic\/a de suport inform\u00e0tic.<\/li>\n\n\n\n<li>T\u00e8cnic \/a de xarxes de dades.<\/li>\n\n\n\n<li>T\u00e8cnic\/a en vendes de TIC per a sectors industrials.<\/li>\n\n\n\n<li>Reparador o reparadora de perif\u00e8rics de sistemes microinform\u00e0tics.<\/li>\n\n\n\n<li>Comercial de microinform\u00e0tica.<\/li>\n\n\n\n<li>Operador o operadora de teleassist\u00e8ncia i sistemes.<\/li>\n<\/ul>\n<\/div>\n<\/div>\n<\/div><\/div><\/div><\/div><\/div>\n\n\n\n<figure class=\"wp-block-embed is-type-video is-provider-youtube wp-block-embed-youtube wp-embed-aspect-16-9 wp-has-aspect-ratio\"><div class=\"wp-block-embed__wrapper\">\n<div class=\"ast-oembed-container \" style=\"height: 100%;\"><iframe loading=\"lazy\" title=\"#FPCAT | Inform\u00e0tica i comunicacions\" width=\"500\" height=\"281\" src=\"https:\/\/www.youtube.com\/embed\/NZKOsEehsDg?feature=oembed\" frameborder=\"0\" allow=\"accelerometer; autoplay; clipboard-write; encrypted-media; gyroscope; picture-in-picture; web-share\" referrerpolicy=\"strict-origin-when-cross-origin\" allowfullscreen><\/iframe><\/div>\n<\/div><\/figure>\n\n\n\n<div class=\"wp-block-getwid-section getwid-section-content-custom-width\"><div class=\"wp-block-getwid-section__wrapper getwid-padding-left-none getwid-padding-right-none\"><div class=\"wp-block-getwid-section__inner-wrapper\" style=\"max-width:900px\"><div class=\"wp-block-getwid-section__background-holder\"><div class=\"wp-block-getwid-section__background has-background\" style=\"background-color:#ffe97d\"><\/div><div class=\"wp-block-getwid-section__foreground\"><\/div><\/div><div class=\"wp-block-getwid-section__content\"><div class=\"wp-block-getwid-section__inner-content\">\n<h3 class=\"wp-block-heading\">Qu\u00e8 necessito per accedir-hi<\/h3>\n\n\n\n<p>Pots accedir als cicles de grau mitj\u00e0 si compleixes algun dels requisits seg\u00fcents:<\/p>\n\n\n\n<p>Tenir un d\u2019aquests t\u00edtols:<\/p>\n\n\n\n<ul class=\"wp-block-list\">\n<li>&nbsp;Graduat\/ada en educaci\u00f3 secund\u00e0ria obligat\u00f2ria.<\/li>\n\n\n\n<li>&nbsp;T\u00e8cnic\/a b\u00e0sic\/a, T\u00e8cnic\/a, T\u00e8cnic\/a superior o &nbsp;T\u00e8cnic\/a auxiliar.<\/li>\n\n\n\n<li>&nbsp;Batxillerat superior (plans educatius anteriors a la Llei org\u00e0nica 2\/2006, de 3 de maig).<\/li>\n<\/ul>\n\n\n\n<p>O b\u00e9, haver superat:<\/p>\n\n\n\n<ul class=\"wp-block-list\">\n<li>&nbsp;Una oferta formativa de certificat professional inclosa en el cicle.<\/li>\n\n\n\n<li class=\"has-ast-global-color-1-color has-text-color has-link-color wp-elements-72a40b92a35e53ea000442d38bc6b5d4\">&nbsp;Un<a href=\"https:\/\/preinscripcio.gencat.cat\/ca\/estudis\/curs-acces-grau-mitja\/inici\/\" target=\"_blank\" rel=\"noreferrer noopener\">&nbsp;curs de formaci\u00f3 preparatori per a l&#8217;acc\u00e9s als cicles de grau mitj\u00e0.<\/a><\/li>\n\n\n\n<li class=\"has-black-color has-text-color has-link-color wp-elements-4af727f65b5f9b4773879776741cf42a\">&nbsp;Una&nbsp;<a href=\"https:\/\/triaeducativa.gencat.cat\/ca\/proves\/proves-acces\/fp\/fp-gm\/\" target=\"_blank\" rel=\"noreferrer noopener\">prova d&#8217;acc\u00e9s<\/a>.<\/li>\n\n\n\n<li>Altres estudis o cursos de formaci\u00f3 equivalents acad\u00e8micament.<\/li>\n<\/ul>\n\n\n\n<div class=\"wp-block-buttons is-content-justification-center is-layout-flex wp-container-core-buttons-is-layout-2 wp-block-buttons-is-layout-flex\">\n<div class=\"wp-block-button is-style-fill\"><a class=\"wp-block-button__link wp-element-button\" href=\"https:\/\/www.gencat.cat\/ensenyament\/eac\/pdf\/ETAPA_CFGM_CA.pdf\" target=\"_blank\" rel=\"noreferrer noopener\">Fitxa de l&#8217;etapa educativa (pdf)<\/a><\/div>\n<\/div>\n<\/div><\/div><\/div><\/div><\/div>\n","protected":false},"excerpt":{"rendered":"<p>CFGM Sistemes Microinform\u00e0tics i Xarxes Els cicles formatius de grau mitj\u00e0 (CFGM) s\u00f3n ensenyaments professionalitzadors que proporcionen la formaci\u00f3 necess\u00e0ria per adquirir la compet\u00e8ncia professional i el coneixement propis de cada sector. S&#8217;agrupen en fam\u00edlies professionals i tenen una durada de 2.000 hores (en dos cursos acad\u00e8mics). La titulaci\u00f3 que s&#8217;obt\u00e9 en finalitzar un cicle [&hellip;]<\/p>\n","protected":false},"author":1,"featured_media":0,"parent":13184,"menu_order":4,"comment_status":"closed","ping_status":"closed","template":"","meta":{"_bbp_topic_count":0,"_bbp_reply_count":0,"_bbp_total_topic_count":0,"_bbp_total_reply_count":0,"_bbp_voice_count":0,"_bbp_anonymous_reply_count":0,"_bbp_topic_count_hidden":0,"_bbp_reply_count_hidden":0,"_bbp_forum_subforum_count":0,"site-sidebar-layout":"default","site-content-layout":"","ast-site-content-layout":"default","site-content-style":"default","site-sidebar-style":"default","ast-global-header-display":"","ast-banner-title-visibility":"","ast-main-header-display":"","ast-hfb-above-header-display":"","ast-hfb-below-header-display":"","ast-hfb-mobile-header-display":"","site-post-title":"disabled","ast-breadcrumbs-content":"","ast-featured-img":"","footer-sml-layout":"","theme-transparent-header-meta":"","adv-header-id-meta":"","stick-header-meta":"","header-above-stick-meta":"","header-main-stick-meta":"","header-below-stick-meta":"","astra-migrate-meta-layouts":"set","ast-page-background-enabled":"default","ast-page-background-meta":{"desktop":{"background-color":"var(--ast-global-color-4)","background-image":"","background-repeat":"repeat","background-position":"center center","background-size":"auto","background-attachment":"scroll","background-type":"","background-media":"","overlay-type":"","overlay-color":"","overlay-opacity":"","overlay-gradient":""},"tablet":{"background-color":"","background-image":"","background-repeat":"repeat","background-position":"center center","background-size":"auto","background-attachment":"scroll","background-type":"","background-media":"","overlay-type":"","overlay-color":"","overlay-opacity":"","overlay-gradient":""},"mobile":{"background-color":"","background-image":"","background-repeat":"repeat","background-position":"center center","background-size":"auto","background-attachment":"scroll","background-type":"","background-media":"","overlay-type":"","overlay-color":"","overlay-opacity":"","overlay-gradient":""}},"ast-content-background-meta":{"desktop":{"background-color":"var(--ast-global-color-5)","background-image":"","background-repeat":"repeat","background-position":"center center","background-size":"auto","background-attachment":"scroll","background-type":"","background-media":"","overlay-type":"","overlay-color":"","overlay-opacity":"","overlay-gradient":""},"tablet":{"background-color":"var(--ast-global-color-5)","background-image":"","background-repeat":"repeat","background-position":"center center","background-size":"auto","background-attachment":"scroll","background-type":"","background-media":"","overlay-type":"","overlay-color":"","overlay-opacity":"","overlay-gradient":""},"mobile":{"background-color":"var(--ast-global-color-5)","background-image":"","background-repeat":"repeat","background-position":"center center","background-size":"auto","background-attachment":"scroll","background-type":"","background-media":"","overlay-type":"","overlay-color":"","overlay-opacity":"","overlay-gradient":""}},"footnotes":""},"class_list":["post-13343","page","type-page","status-publish","hentry"],"post_mailing_queue_ids":[],"_links":{"self":[{"href":"https:\/\/agora.xtec.cat\/ies-mediterrania-castelldefels\/wp-json\/wp\/v2\/pages\/13343","targetHints":{"allow":["GET"]}}],"collection":[{"href":"https:\/\/agora.xtec.cat\/ies-mediterrania-castelldefels\/wp-json\/wp\/v2\/pages"}],"about":[{"href":"https:\/\/agora.xtec.cat\/ies-mediterrania-castelldefels\/wp-json\/wp\/v2\/types\/page"}],"author":[{"embeddable":true,"href":"https:\/\/agora.xtec.cat\/ies-mediterrania-castelldefels\/wp-json\/wp\/v2\/users\/1"}],"replies":[{"embeddable":true,"href":"https:\/\/agora.xtec.cat\/ies-mediterrania-castelldefels\/wp-json\/wp\/v2\/comments?post=13343"}],"version-history":[{"count":6,"href":"https:\/\/agora.xtec.cat\/ies-mediterrania-castelldefels\/wp-json\/wp\/v2\/pages\/13343\/revisions"}],"predecessor-version":[{"id":13541,"href":"https:\/\/agora.xtec.cat\/ies-mediterrania-castelldefels\/wp-json\/wp\/v2\/pages\/13343\/revisions\/13541"}],"up":[{"embeddable":true,"href":"https:\/\/agora.xtec.cat\/ies-mediterrania-castelldefels\/wp-json\/wp\/v2\/pages\/13184"}],"wp:attachment":[{"href":"https:\/\/agora.xtec.cat\/ies-mediterrania-castelldefels\/wp-json\/wp\/v2\/media?parent=13343"}],"curies":[{"name":"wp","href":"https:\/\/api.w.org\/{rel}","templated":true}]}}