{"id":13313,"date":"2026-04-29T17:01:36","date_gmt":"2026-04-29T15:01:36","guid":{"rendered":"https:\/\/agora.xtec.cat\/ies-mediterrania-castelldefels\/?page_id=13313"},"modified":"2026-04-29T17:01:36","modified_gmt":"2026-04-29T15:01:36","slug":"cfgb-acces-i-conservacio-dinstallacions-esportives","status":"publish","type":"page","link":"https:\/\/agora.xtec.cat\/ies-mediterrania-castelldefels\/estudis\/formacio-professional\/cfgb-acces-i-conservacio-dinstallacions-esportives\/","title":{"rendered":"CFGB Acc\u00e9s i Conservaci\u00f3 d\u2019Instal\u00b7lacions Esportives"},"content":{"rendered":"\n<h2 class=\"wp-block-heading has-background\" style=\"border-style:none;border-width:0px;border-radius:0px;background:linear-gradient(279deg,rgb(255,245,203) 0%,rgb(182,227,212) 50%,rgb(51,167,181) 100%)\">CFGB Acc\u00e9s i Conservaci\u00f3 d\u2019Instal\u00b7lacions Esportives<\/h2>\n\n\n\n<p>L&#8217;Institut Mediterr\u00e0nia  imparteix el <strong>Cicle de Grau B\u00e0sic en Acc\u00e9s i Conservaci\u00f3 d\u2019Instal\u00b7lacions Esportives<\/strong>, una titulaci\u00f3 de dos cursos de durada que inclou pr\u00e0ctiques en empreses en el seu segon any.<\/p>\n\n\n\n<p>Aquest itinerari est\u00e0 especialment dissenyat per a alumnes d&#8217;entre 15 i 17 anys que hagin finalitzat 3r d&#8217;ESO. El programa ofereix una <strong>doble titulaci\u00f3<\/strong>: l&#8217;obtenci\u00f3 del Graduat en ESO i el t\u00edtol de T\u00e8cnic B\u00e0sic, facilitant aix\u00ed una transici\u00f3 efectiva cap al m\u00f3n laboral o cap a cicles de grau mitj\u00e0.<\/p>\n\n\n\n<p>Aquest cicle proporciona una formaci\u00f3 integral per capacitar l&#8217;alumnat en la gesti\u00f3 operativa i el manteniment d&#8217;espais esportius. Al llarg dels estudi, s&#8217;adquireixen les seg\u00fcents compet\u00e8ncies professionals:<\/p>\n\n\n\n<div class=\"wp-block-columns is-layout-flex wp-container-core-columns-is-layout-1 wp-block-columns-is-layout-flex\">\n<div class=\"wp-block-column is-layout-flow wp-block-column-is-layout-flow\" style=\"flex-basis:66.66%\">\n<ul class=\"wp-block-list\">\n<li><strong>Atenci\u00f3 a l&#8217;usuari:<\/strong> Control d&#8217;accessos, gesti\u00f3 de la circulaci\u00f3 de persones i assist\u00e8ncia t\u00e8cnica a visitants i esportistes.<\/li>\n\n\n\n<li><strong>Suport operatiu:<\/strong> Col\u00b7laboraci\u00f3 activa en l&#8217;organitzaci\u00f3 i log\u00edstica d&#8217;activitats f\u00edsiques i esportives seguint plans de treball establerts.<\/li>\n\n\n\n<li><strong>Seguretat i Manteniment:<\/strong> Supervisi\u00f3 del recinte per garantir la seguretat, aix\u00ed com la realitzaci\u00f3 de tasques b\u00e0siques de reposici\u00f3 i reparaci\u00f3 d&#8217;avaries en les instal\u00b7lacions.<\/li>\n\n\n\n<li><strong>Entorn Professional:<\/strong> Aplicaci\u00f3 de protocols de prevenci\u00f3 de riscos laborals (PRL), qualitat i protecci\u00f3 mediambiental.<\/li>\n\n\n\n<li><strong>Comunicaci\u00f3 Multiling\u00fce:<\/strong> Desenvolupament de les habilitats comunicatives orals i escrites en llengua catalana, castellana i una llengua estrangera.<\/li>\n<\/ul>\n<\/div>\n\n\n\n<div class=\"wp-block-column is-layout-flow wp-block-column-is-layout-flow\" style=\"flex-basis:33.33%\">\n<figure data-wp-context=\"{&quot;imageId&quot;:&quot;69f2a741c798f&quot;}\" data-wp-interactive=\"core\/image\" class=\"wp-block-image alignright size-full wp-lightbox-container\"><img loading=\"lazy\" decoding=\"async\" width=\"768\" height=\"960\" data-wp-class--hide=\"state.isContentHidden\" data-wp-class--show=\"state.isContentVisible\" data-wp-init=\"callbacks.setButtonStyles\" data-wp-on-async--click=\"actions.showLightbox\" data-wp-on-async--load=\"callbacks.setButtonStyles\" data-wp-on-async-window--resize=\"callbacks.setButtonStyles\" src=\"https:\/\/agora.xtec.cat\/ies-mediterrania-castelldefels\/wp-content\/uploads\/usu1078\/2026\/04\/FCGB-Acces-1.jpg\" alt=\"\" class=\"wp-image-13326\" srcset=\"https:\/\/agora.xtec.cat\/ies-mediterrania-castelldefels\/wp-content\/uploads\/usu1078\/2026\/04\/FCGB-Acces-1.jpg 768w, https:\/\/agora.xtec.cat\/ies-mediterrania-castelldefels\/wp-content\/uploads\/usu1078\/2026\/04\/FCGB-Acces-1-240x300.jpg 240w\" sizes=\"auto, (max-width: 768px) 100vw, 768px\" \/><button\n\t\t\tclass=\"lightbox-trigger\"\n\t\t\ttype=\"button\"\n\t\t\taria-haspopup=\"dialog\"\n\t\t\taria-label=\"Amplia la imatge\"\n\t\t\tdata-wp-init=\"callbacks.initTriggerButton\"\n\t\t\tdata-wp-on-async--click=\"actions.showLightbox\"\n\t\t\tdata-wp-style--right=\"state.imageButtonRight\"\n\t\t\tdata-wp-style--top=\"state.imageButtonTop\"\n\t\t>\n\t\t\t<svg xmlns=\"http:\/\/www.w3.org\/2000\/svg\" width=\"12\" height=\"12\" fill=\"none\" viewBox=\"0 0 12 12\">\n\t\t\t\t<path fill=\"#fff\" d=\"M2 0a2 2 0 0 0-2 2v2h1.5V2a.5.5 0 0 1 .5-.5h2V0H2Zm2 10.5H2a.5.5 0 0 1-.5-.5V8H0v2a2 2 0 0 0 2 2h2v-1.5ZM8 12v-1.5h2a.5.5 0 0 0 .5-.5V8H12v2a2 2 0 0 1-2 2H8Zm2-12a2 2 0 0 1 2 2v2h-1.5V2a.5.5 0 0 0-.5-.5H8V0h2Z\" \/>\n\t\t\t<\/svg>\n\t\t<\/button><\/figure>\n<\/div>\n<\/div>\n\n\n\n<p>La durada \u00e9s de 2.000 hores distribu\u00efdes en dos cursos acad\u00e8mics.<\/p>\n\n\n\n<div class=\"wp-block-getwid-section getwid-section-content-custom-width\"><div class=\"wp-block-getwid-section__wrapper getwid-padding-left-none getwid-padding-right-none\"><div class=\"wp-block-getwid-section__inner-wrapper\" style=\"max-width:1050px\"><div class=\"wp-block-getwid-section__background-holder\"><div class=\"wp-block-getwid-section__background\"><\/div><div class=\"wp-block-getwid-section__foreground\"><\/div><\/div><div class=\"wp-block-getwid-section__content\"><div class=\"wp-block-getwid-section__inner-content\">\n<div class=\"wp-block-columns is-layout-flex wp-container-core-columns-is-layout-3 wp-block-columns-is-layout-flex\">\n<div class=\"wp-block-column is-layout-flow wp-block-column-is-layout-flow\">\n<h3 class=\"wp-block-heading has-text-align-center has-white-color has-ast-global-color-1-background-color has-text-color has-background has-link-color wp-elements-8118f271f4e5519f5ee15913e772cbe6\">Quines s\u00f3n les sortides acad\u00e8miques<\/h3>\n\n\n\n<ul class=\"wp-block-list\">\n<li>als cicles formatius de grau mitj\u00e0,<\/li>\n\n\n\n<li>al batxillerat o<\/li>\n\n\n\n<li>al m\u00f3n laboral<\/li>\n<\/ul>\n\n\n\n<div class=\"wp-block-getwid-advanced-spacer\" style=\"height:59px\" aria-hidden=\"true\"><\/div>\n\n\n\n<div class=\"wp-block-getwid-section getwid-section-content-custom-width\"><div class=\"wp-block-getwid-section__wrapper getwid-padding-left-none getwid-padding-right-none\"><div class=\"wp-block-getwid-section__inner-wrapper\" style=\"max-width:900px\"><div class=\"wp-block-getwid-section__background-holder\"><div class=\"wp-block-getwid-section__background has-background\" style=\"background-color:#c3ebeb\"><\/div><div class=\"wp-block-getwid-section__foreground\"><\/div><\/div><div class=\"wp-block-getwid-section__content\"><div class=\"wp-block-getwid-section__inner-content\">\n<p class=\"has-vivid-red-color has-text-color has-link-color wp-elements-4351e564dc8e3447f9b38f2bf55ac2e4\"><strong>T\u2019interessar\u00e0 saber que\u2026<\/strong><\/p>\n\n\n\n<p>Si t\u2019apassiona l\u2019esport, al Mediterr\u00e0nia podr\u00e0s seguir formant-te en la fam\u00edlia professional d\u2019Activitats F\u00edsiques i Esportives amb:<\/p>\n\n\n\n<ul class=\"wp-block-list\">\n<li class=\"has-black-color has-text-color has-link-color wp-elements-f181ee29cf44c07f21e48e8725c24fe3\">CFGM Guia en el medi natural i de temps de lleure<\/li>\n<\/ul>\n<\/div><\/div><\/div><\/div><\/div>\n<\/div>\n\n\n\n<div class=\"wp-block-column is-layout-flow wp-block-column-is-layout-flow\">\n<h3 class=\"wp-block-heading has-text-align-center has-white-color has-ast-global-color-1-background-color has-text-color has-background has-link-color wp-elements-73c2668cb835d5845e4c12443d340e67\">Quines s\u00f3n les sortides professionals<\/h3>\n\n\n\n<div class=\"wp-block-columns is-layout-flex wp-container-core-columns-is-layout-2 wp-block-columns-is-layout-flex\">\n<div class=\"wp-block-column is-layout-flow wp-block-column-is-layout-flow\">\n<ul class=\"wp-block-list\">\n<li>acompanyant d\u2019usuaris en instal\u00b7lacions esportives,<\/li>\n\n\n\n<li>auxiliar d\u2019arxiu,<\/li>\n\n\n\n<li>auxiliar de control d\u2019instal\u00b7lacions esportives,<\/li>\n\n\n\n<li>auxiliar d\u2019informaci\u00f3,<\/li>\n\n\n\n<li>auxiliar d\u2019oficina,<\/li>\n\n\n\n<li>auxiliar de serveis generals,<\/li>\n\n\n\n<li>ajudant de control i manteniment,<\/li>\n\n\n\n<li>classificador i repartidor de correspond\u00e8ncia,<\/li>\n<\/ul>\n<\/div>\n\n\n\n<div class=\"wp-block-column is-layout-flow wp-block-column-is-layout-flow\">\n<ul class=\"wp-block-list\">\n<li>conserge de col\u00b7legis,<\/li>\n\n\n\n<li>conserge d\u2019instal\u00b7lacions.<\/li>\n\n\n\n<li>conserge de piscines,<\/li>\n\n\n\n<li>mosso de vestuari de piscines,<\/li>\n\n\n\n<li>ordenan\u00e7a,<\/li>\n\n\n\n<li>subaltern de depend\u00e8ncies,<\/li>\n\n\n\n<li>subaltern de piscines,<\/li>\n\n\n\n<li>recepcionista,<\/li>\n\n\n\n<li>taquiller,<\/li>\n\n\n\n<li>telefonista en serveis centrals d\u2019informaci\u00f3.<\/li>\n<\/ul>\n<\/div>\n<\/div>\n<\/div>\n<\/div>\n<\/div><\/div><\/div><\/div><\/div>\n\n\n\n<div class=\"wp-block-getwid-advanced-spacer\" style=\"height:39px\" aria-hidden=\"true\"><\/div>\n\n\n\n<div class=\"wp-block-getwid-section\"><div class=\"wp-block-getwid-section__wrapper\"><div class=\"wp-block-getwid-section__inner-wrapper\"><div class=\"wp-block-getwid-section__background-holder\"><div class=\"wp-block-getwid-section__background has-background\" style=\"background-color:#ffe97d\"><\/div><div class=\"wp-block-getwid-section__foreground\"><\/div><\/div><div class=\"wp-block-getwid-section__content\"><div class=\"wp-block-getwid-section__inner-content\">\n<h3 class=\"wp-block-heading\">Qu\u00e8 necessito per accedir-hi<\/h3>\n\n\n\n<p>Pots accedir als cicles de grau b\u00e0sic si compleixes aquests requisits:<\/p>\n\n\n\n<ul class=\"wp-block-list\">\n<li>Tenir 15 anys o b\u00e9 complir-los durant l&#8217;any en curs.<\/li>\n\n\n\n<li>Haver cursat el tercer curs de l\u2019ESO. Excepcionalment, se\u2019t pot admetre si has fet el segon curs, sempre que comptis amb el vistiplau de l&#8217;equip docent i del responsable de l&#8217;orientaci\u00f3 al centre.<\/li>\n\n\n\n<li>Tenir aquesta proposta d\u2019estudis en el teu consell orientador, o b\u00e9 sol\u00b7licitar-ho (tu i la teva fam\u00edlia).<\/li>\n<\/ul>\n\n\n\n<div class=\"wp-block-buttons is-content-justification-center is-layout-flex wp-container-core-buttons-is-layout-1 wp-block-buttons-is-layout-flex\">\n<div class=\"wp-block-button is-style-fill\"><a class=\"wp-block-button__link wp-element-button\" href=\"https:\/\/www.gencat.cat\/ensenyament\/eac\/pdf\/ETAPA_FPGB_CA.pdf\" target=\"_blank\" rel=\"noreferrer noopener\">Fitxa de l&#8217;etapa educativa (pdf)<\/a><\/div>\n<\/div>\n<\/div><\/div><\/div><\/div><\/div>\n","protected":false},"excerpt":{"rendered":"<p>CFGB Acc\u00e9s i Conservaci\u00f3 d\u2019Instal\u00b7lacions Esportives L&#8217;Institut Mediterr\u00e0nia imparteix el Cicle de Grau B\u00e0sic en Acc\u00e9s i Conservaci\u00f3 d\u2019Instal\u00b7lacions Esportives, una titulaci\u00f3 de dos cursos de durada que inclou pr\u00e0ctiques en empreses en el seu segon any. Aquest itinerari est\u00e0 especialment dissenyat per a alumnes d&#8217;entre 15 i 17 anys que hagin finalitzat 3r d&#8217;ESO. [&hellip;]<\/p>\n","protected":false},"author":1,"featured_media":0,"parent":13184,"menu_order":7,"comment_status":"closed","ping_status":"closed","template":"","meta":{"_bbp_topic_count":0,"_bbp_reply_count":0,"_bbp_total_topic_count":0,"_bbp_total_reply_count":0,"_bbp_voice_count":0,"_bbp_anonymous_reply_count":0,"_bbp_topic_count_hidden":0,"_bbp_reply_count_hidden":0,"_bbp_forum_subforum_count":0,"site-sidebar-layout":"default","site-content-layout":"","ast-site-content-layout":"default","site-content-style":"default","site-sidebar-style":"default","ast-global-header-display":"","ast-banner-title-visibility":"","ast-main-header-display":"","ast-hfb-above-header-display":"","ast-hfb-below-header-display":"","ast-hfb-mobile-header-display":"","site-post-title":"disabled","ast-breadcrumbs-content":"","ast-featured-img":"","footer-sml-layout":"","theme-transparent-header-meta":"","adv-header-id-meta":"","stick-header-meta":"","header-above-stick-meta":"","header-main-stick-meta":"","header-below-stick-meta":"","astra-migrate-meta-layouts":"set","ast-page-background-enabled":"default","ast-page-background-meta":{"desktop":{"background-color":"var(--ast-global-color-4)","background-image":"","background-repeat":"repeat","background-position":"center center","background-size":"auto","background-attachment":"scroll","background-type":"","background-media":"","overlay-type":"","overlay-color":"","overlay-opacity":"","overlay-gradient":""},"tablet":{"background-color":"","background-image":"","background-repeat":"repeat","background-position":"center center","background-size":"auto","background-attachment":"scroll","background-type":"","background-media":"","overlay-type":"","overlay-color":"","overlay-opacity":"","overlay-gradient":""},"mobile":{"background-color":"","background-image":"","background-repeat":"repeat","background-position":"center center","background-size":"auto","background-attachment":"scroll","background-type":"","background-media":"","overlay-type":"","overlay-color":"","overlay-opacity":"","overlay-gradient":""}},"ast-content-background-meta":{"desktop":{"background-color":"var(--ast-global-color-5)","background-image":"","background-repeat":"repeat","background-position":"center center","background-size":"auto","background-attachment":"scroll","background-type":"","background-media":"","overlay-type":"","overlay-color":"","overlay-opacity":"","overlay-gradient":""},"tablet":{"background-color":"var(--ast-global-color-5)","background-image":"","background-repeat":"repeat","background-position":"center center","background-size":"auto","background-attachment":"scroll","background-type":"","background-media":"","overlay-type":"","overlay-color":"","overlay-opacity":"","overlay-gradient":""},"mobile":{"background-color":"var(--ast-global-color-5)","background-image":"","background-repeat":"repeat","background-position":"center center","background-size":"auto","background-attachment":"scroll","background-type":"","background-media":"","overlay-type":"","overlay-color":"","overlay-opacity":"","overlay-gradient":""}},"footnotes":""},"class_list":["post-13313","page","type-page","status-publish","hentry"],"post_mailing_queue_ids":[],"_links":{"self":[{"href":"https:\/\/agora.xtec.cat\/ies-mediterrania-castelldefels\/wp-json\/wp\/v2\/pages\/13313","targetHints":{"allow":["GET"]}}],"collection":[{"href":"https:\/\/agora.xtec.cat\/ies-mediterrania-castelldefels\/wp-json\/wp\/v2\/pages"}],"about":[{"href":"https:\/\/agora.xtec.cat\/ies-mediterrania-castelldefels\/wp-json\/wp\/v2\/types\/page"}],"author":[{"embeddable":true,"href":"https:\/\/agora.xtec.cat\/ies-mediterrania-castelldefels\/wp-json\/wp\/v2\/users\/1"}],"replies":[{"embeddable":true,"href":"https:\/\/agora.xtec.cat\/ies-mediterrania-castelldefels\/wp-json\/wp\/v2\/comments?post=13313"}],"version-history":[{"count":6,"href":"https:\/\/agora.xtec.cat\/ies-mediterrania-castelldefels\/wp-json\/wp\/v2\/pages\/13313\/revisions"}],"predecessor-version":[{"id":13391,"href":"https:\/\/agora.xtec.cat\/ies-mediterrania-castelldefels\/wp-json\/wp\/v2\/pages\/13313\/revisions\/13391"}],"up":[{"embeddable":true,"href":"https:\/\/agora.xtec.cat\/ies-mediterrania-castelldefels\/wp-json\/wp\/v2\/pages\/13184"}],"wp:attachment":[{"href":"https:\/\/agora.xtec.cat\/ies-mediterrania-castelldefels\/wp-json\/wp\/v2\/media?parent=13313"}],"curies":[{"name":"wp","href":"https:\/\/api.w.org\/{rel}","templated":true}]}}