{"id":2712,"date":"2021-05-12T13:29:42","date_gmt":"2021-05-12T11:29:42","guid":{"rendered":"http:\/\/agora.xtec.cat\/ies-estatut\/?page_id=2712"},"modified":"2024-04-05T10:52:17","modified_gmt":"2024-04-05T08:52:17","slug":"administracio-de-sistemes-informatics-en-xarxa-asix","status":"publish","type":"page","link":"https:\/\/agora.xtec.cat\/ies-estatut\/estudis\/cicles-formatius\/administracio-de-sistemes-informatics-en-xarxa-asix\/","title":{"rendered":"CFGS ASIX &#8211; Administraci\u00f3 de Sistemes Inform\u00e0tics en xarxa"},"content":{"rendered":"<h2 style=\"text-align: center;\"><strong>Grau superior<\/strong><\/h2>\n<p>T\u00e9 una assignaci\u00f3 de 2000 hores distribu\u00efdes en dos cursos acad\u00e8mics en horari de tarda.<\/p>\n<p>Aquesta titulaci\u00f3 s\u2019ofereix en modalitat Dual intensiva i Dual General.<\/p>\n<p>La superaci\u00f3 d\u2019aquests estudis s\u2019acredita amb l\u2019obtenci\u00f3 de la titulaci\u00f3 com a T\u00e8cnic Superior en Administraci\u00f3 de Sistemes Inform\u00e0tics en xarxa.<\/p>\n<p>Les compet\u00e8ncies generals del perfil professional s\u00f3n: implantar, explotar i mantenir en requeriments de baix i mig nivell els sistemes inform\u00e0tics en qu\u00e8 es basa la gesti\u00f3 i administraci\u00f3 de l\u2019empresa, prestant suport directe o de primera l\u00ednia als usuaris finals i aplicant i portant a terme els requisits legals vigents en el sector.<br \/>\n<a href=\"https:\/\/agora.xtec.cat\/ies-estatut\/wp-content\/uploads\/usu435\/2024\/03\/fotoaulav3-scaled.jpg\"><img loading=\"lazy\" decoding=\"async\" class=\"aligncenter size-full wp-image-4962\" src=\"https:\/\/agora.xtec.cat\/ies-estatut\/wp-content\/uploads\/usu435\/2024\/03\/fotoaulav3-scaled.jpg\" alt=\"\" width=\"2560\" height=\"1677\" srcset=\"https:\/\/agora.xtec.cat\/ies-estatut\/wp-content\/uploads\/usu435\/2024\/03\/fotoaulav3-scaled.jpg 2560w, https:\/\/agora.xtec.cat\/ies-estatut\/wp-content\/uploads\/usu435\/2024\/03\/fotoaulav3-300x196.jpg 300w, https:\/\/agora.xtec.cat\/ies-estatut\/wp-content\/uploads\/usu435\/2024\/03\/fotoaulav3-1024x671.jpg 1024w, https:\/\/agora.xtec.cat\/ies-estatut\/wp-content\/uploads\/usu435\/2024\/03\/fotoaulav3-768x503.jpg 768w, https:\/\/agora.xtec.cat\/ies-estatut\/wp-content\/uploads\/usu435\/2024\/03\/fotoaulav3-1536x1006.jpg 1536w, https:\/\/agora.xtec.cat\/ies-estatut\/wp-content\/uploads\/usu435\/2024\/03\/fotoaulav3-2048x1341.jpg 2048w\" sizes=\"auto, (max-width: 2560px) 100vw, 2560px\" \/><b>\u00a9<\/b> Autor: Manuel P\u00e9rez, alumne del cicle superior d&#8217;ASIX<\/a><\/p>\n<p>&nbsp;<\/p>\n<p style=\"text-align: center;\"><a href=\"https:\/\/agora.xtec.cat\/ies-estatut\/wp-content\/uploads\/usu435\/2019\/04\/triptic-asix.pdf\" target=\"_blank\" rel=\"noopener noreferrer\">Descarrega&#8217;t el tr\u00edptic amb tota la informaci\u00f3<\/a><\/p>\n<h2><strong>Acc\u00e9s<\/strong><\/h2>\n<p>Tenen acc\u00e9s directe al cicle les persones que compleixen algun dels requisits seg\u00fcents:<\/p>\n<ul>\n<li>Tenir el t\u00edtol de batxillerat,<\/li>\n<li>Tenir el t\u00edtol de t\u00e8cnic especialista, t\u00e8cnic superior o equivalent<\/li>\n<li>Haver superat el segon curs de batxillerat de qualsevol modalitat de batxillerat experimental<\/li>\n<li>Haver superat el curs d\u2019orientaci\u00f3 universit\u00e0ria (COU) o el preuniversitari<\/li>\n<li>Tenir qualsevol titulaci\u00f3 universit\u00e0ria o una d\u2019equivalent.<\/li>\n<li>Haver superat la prova d\u2019acc\u00e9s a la universitat per a m\u00e9s grans de 25 anys.<\/li>\n<\/ul>\n<p>Tamb\u00e9 poden accedir les persones amb el t\u00edtol de t\u00e8cnic de formaci\u00f3 professional.<\/p>\n<p>Les persones que no compleixen cap dels requisits esmentats han de superar una prova d\u2019acc\u00e9s. Per presentar-s\u2019hi cal tenir complerts 19 anys o b\u00e9 complir-los durant l\u2019any natural en qu\u00e8 es realitza la prova.<\/p>\n<p>Per obtenir\u00a0<strong>m\u00e9s informaci\u00f3<\/strong>\u00a0respecte la<a href=\"http:\/\/queestudiar.gencat.cat\/ca\/preinscripcio\/estudis\/fp-gs\/documentacio\/\" target=\"_blank\" rel=\"noopener\"> documentaci\u00f3 i els criteris de prioritat.<\/a><\/p>\n<h2><strong>Curr\u00edculum del cicle de Administraci\u00f3 de sistemes operatius en xarxa<\/strong><\/h2>\n<h3>Primer Curs &#8211; ASIX<\/h3>\n<div class=\"h5p-iframe-wrapper\"><iframe id=\"h5p-iframe-3\" class=\"h5p-iframe\" data-content-id=\"3\" style=\"height:1px\" src=\"about:blank\" frameBorder=\"0\" scrolling=\"no\" title=\"Curr\u00edculum ASIX - Primer Curs\"><\/iframe><\/div>\n<h3>Segon Curs &#8211; ASIX<\/h3>\n<div class=\"h5p-iframe-wrapper\"><iframe id=\"h5p-iframe-4\" class=\"h5p-iframe\" data-content-id=\"4\" style=\"height:1px\" src=\"about:blank\" frameBorder=\"0\" scrolling=\"no\" title=\"Curr\u00edculum ASIX - Segon Curs\"><\/iframe><\/div>\n<h4>Sortides professionals<\/h4>\n<p>T\u00e8cnic\/a en administraci\u00f3 de sistemes.<br \/>\nResponsable d&#8217;inform\u00e0tica.<br \/>\nT\u00e8cnic\/a en serveis d&#8217;Internet.<br \/>\nT\u00e8cnic\/a en serveis de missatgeria electr\u00f2nica.<br \/>\nPersonal de suport i suport t\u00e8cnic.<br \/>\nT\u00e8cnic\/a en teleassist\u00e8ncia.<br \/>\nT\u00e8cnic\/a en administraci\u00f3 de base de dades.<br \/>\nT\u00e8cnic\/a de xarxes.<br \/>\nSupervisor\/a de sistemes.<br \/>\nT\u00e8cnic\/a en serveis de comunicacions.<\/p>\n","protected":false},"excerpt":{"rendered":"<p>Grau superior<br \/>\nT\u00e9 una assignaci\u00f3 de 2000 hores distribu\u00efdes en dos cursos acad\u00e8mics en horari de tarda.<br \/>\nAquesta titulaci\u00f3 s\u2019ofereix en modalitat Dual intensiva i Dual General.<br \/>\nLa superaci\u00f3 d\u2019aquests estudis s\u2019acredita amb l\u2019obtenci\u00f3 de la titulaci\u00f3 com a T\u00e8cnic Superior en Administraci\u00f3 de Sistemes Inform\u00e0tics en xarxa.<br \/>\nLes&hellip;  <a href=\"https:\/\/agora.xtec.cat\/ies-estatut\/estudis\/cicles-formatius\/administracio-de-sistemes-informatics-en-xarxa-asix\/\" title=\"Read CFGS ASIX &#8211; Administraci\u00f3 de Sistemes Inform\u00e0tics en xarxa\">Llegeix m\u00e9s\u00bb<\/a><\/p>\n","protected":false},"author":4,"featured_media":0,"parent":894,"menu_order":2,"comment_status":"closed","ping_status":"closed","template":"","meta":{"_bbp_topic_count":0,"_bbp_reply_count":0,"_bbp_total_topic_count":0,"_bbp_total_reply_count":0,"_bbp_voice_count":0,"_bbp_anonymous_reply_count":0,"_bbp_topic_count_hidden":0,"_bbp_reply_count_hidden":0,"_bbp_forum_subforum_count":0,"footnotes":""},"class_list":["post-2712","page","type-page","status-publish","hentry"],"post_mailing_queue_ids":[],"_links":{"self":[{"href":"https:\/\/agora.xtec.cat\/ies-estatut\/wp-json\/wp\/v2\/pages\/2712","targetHints":{"allow":["GET"]}}],"collection":[{"href":"https:\/\/agora.xtec.cat\/ies-estatut\/wp-json\/wp\/v2\/pages"}],"about":[{"href":"https:\/\/agora.xtec.cat\/ies-estatut\/wp-json\/wp\/v2\/types\/page"}],"author":[{"embeddable":true,"href":"https:\/\/agora.xtec.cat\/ies-estatut\/wp-json\/wp\/v2\/users\/4"}],"replies":[{"embeddable":true,"href":"https:\/\/agora.xtec.cat\/ies-estatut\/wp-json\/wp\/v2\/comments?post=2712"}],"version-history":[{"count":6,"href":"https:\/\/agora.xtec.cat\/ies-estatut\/wp-json\/wp\/v2\/pages\/2712\/revisions"}],"predecessor-version":[{"id":5018,"href":"https:\/\/agora.xtec.cat\/ies-estatut\/wp-json\/wp\/v2\/pages\/2712\/revisions\/5018"}],"up":[{"embeddable":true,"href":"https:\/\/agora.xtec.cat\/ies-estatut\/wp-json\/wp\/v2\/pages\/894"}],"wp:attachment":[{"href":"https:\/\/agora.xtec.cat\/ies-estatut\/wp-json\/wp\/v2\/media?parent=2712"}],"curies":[{"name":"wp","href":"https:\/\/api.w.org\/{rel}","templated":true}]}}