{"id":7132,"date":"2024-03-06T17:43:42","date_gmt":"2024-03-06T16:43:42","guid":{"rendered":"https:\/\/agora.xtec.cat\/ies-dperramon\/?page_id=7132"},"modified":"2024-03-06T17:43:42","modified_gmt":"2024-03-06T16:43:42","slug":"acords_ce","status":"publish","type":"page","link":"https:\/\/agora.xtec.cat\/ies-dperramon\/acords_ce\/","title":{"rendered":"Acords_CE"},"content":{"rendered":"<p><b>REGISTRE D\u2019ACORDS PRESOS PEL CONSELL ESCOLAR\u00a0<\/b><\/p>\n<p><b>(durant el Projecte de direcci\u00f3 2021-2025)<\/b><\/p>\n<table>\n<tbody>\n<tr>\n<td colspan=\"4\"><b>ACORDS DEL CONSELL ESCOLAR (Curs 23-24)<\/b><\/td>\n<\/tr>\n<tr>\n<td><b>Proposta<\/b><\/td>\n<td><b>Aprovada<\/b><\/td>\n<td><b>Dades del Consell Escolar<\/b><\/td>\n<td><b>Vigent<\/b><\/td>\n<\/tr>\n<tr>\n<td><span style=\"font-weight: 400;\">S\u2019aprova fer la tornada sempre a l\u2019Institut o a Arenys de Munt de totes les sortides d\u2019ESO I Batxillerat.<\/span><\/td>\n<td><span style=\"font-weight: 400;\">S\u00ed<\/span><\/td>\n<td><a href=\"https:\/\/docs.google.com\/document\/d\/1R-bkgyOfX-UjLwisD_M80DpFLklebPiw7SyB3Qj1Wok\/edit?usp=sharing\"><span style=\"font-weight: 400;\">Acords R.CE 5, 2024-02-19<\/span><\/a><\/td>\n<td><span style=\"font-weight: 400;\">S\u00ed<\/span><\/td>\n<\/tr>\n<tr>\n<td><span style=\"font-weight: 400;\">S\u2019aprova per unanimitat no portar el m\u00f2bil a partir del curs vinent.<\/span><\/td>\n<td><span style=\"font-weight: 400;\">S\u00ed<\/span><\/td>\n<td><a href=\"https:\/\/docs.google.com\/document\/d\/1R-bkgyOfX-UjLwisD_M80DpFLklebPiw7SyB3Qj1Wok\/edit?usp=sharing\"><span style=\"font-weight: 400;\">Acords R.CE 5, 2024-02-19<\/span><\/a><\/td>\n<td><span style=\"font-weight: 400;\">S\u00ed<\/span><\/td>\n<\/tr>\n<tr>\n<td><span style=\"font-weight: 400;\">S\u2019aprova que no es puguin utilitzar auriculars al centre.<\/span><\/td>\n<td><span style=\"font-weight: 400;\">S\u00ed<\/span><\/td>\n<td><a href=\"https:\/\/docs.google.com\/document\/d\/1R-bkgyOfX-UjLwisD_M80DpFLklebPiw7SyB3Qj1Wok\/edit?usp=sharing\"><span style=\"font-weight: 400;\">Acords R.CE 5, 2024-02-19<\/span><\/a><\/td>\n<td><span style=\"font-weight: 400;\">S\u00ed<\/span><\/td>\n<\/tr>\n<tr>\n<td><span style=\"font-weight: 400;\">S\u2019aprova el tancament del pressupost 2023.<\/span><\/td>\n<td><span style=\"font-weight: 400;\">S\u00ed<\/span><\/td>\n<td><a href=\"https:\/\/docs.google.com\/document\/d\/1R-bkgyOfX-UjLwisD_M80DpFLklebPiw7SyB3Qj1Wok\/edit?usp=sharing\"><span style=\"font-weight: 400;\">Acords R.CE 5, 2024-02-19<\/span><\/a><\/td>\n<td><span style=\"font-weight: 400;\">S\u00ed<\/span><\/td>\n<\/tr>\n<tr>\n<td><span style=\"font-weight: 400;\">S\u2019aprova no esperar a final de curs per retornar els diners que les fam\u00edlies han pagat per sortides a les quals finalment l\u2019alumnat no ha pogut anar i estan degudament justificades les abs\u00e8ncies.<\/span><\/td>\n<td><span style=\"font-weight: 400;\">S\u00ed<\/span><\/td>\n<td><a href=\"https:\/\/docs.google.com\/document\/d\/1H9g3iZkJm6ANGowoiYWi8N9_gSkph2tGgEzntaTgIJk\/edit?usp=sharing\"><span style=\"font-weight: 400;\">Acords R.CE 4, 2024-01-29<\/span><\/a><\/td>\n<td><span style=\"font-weight: 400;\">S\u00ed<\/span><\/td>\n<\/tr>\n<tr>\n<td><span style=\"font-weight: 400;\">S\u2019aprova canviar tasques socials de neteja per tasques acad\u00e8miques d\u2019excel\u00b7l\u00e8ncia per a l\u2019alumnat de 3r d\u2019ESO o m\u00e9s grans<\/span><\/td>\n<td><span style=\"font-weight: 400;\">S\u00ed<\/span><\/td>\n<td><a href=\"https:\/\/docs.google.com\/document\/d\/1H9g3iZkJm6ANGowoiYWi8N9_gSkph2tGgEzntaTgIJk\/edit?usp=sharing\"><span style=\"font-weight: 400;\">Acords R.CE 4, 2024-01-29<\/span><\/a><\/td>\n<td><span style=\"font-weight: 400;\">S\u00ed<\/span><\/td>\n<\/tr>\n<tr>\n<td><span style=\"font-weight: 400;\">S\u2019aprova el tancament de les fonts mentre duri la situaci\u00f3 d\u2019emerg\u00e8ncia per sequera.<\/span><\/td>\n<td><span style=\"font-weight: 400;\">S\u00ed<\/span><\/td>\n<td><a href=\"https:\/\/docs.google.com\/document\/d\/1H9g3iZkJm6ANGowoiYWi8N9_gSkph2tGgEzntaTgIJk\/edit?usp=sharing\"><span style=\"font-weight: 400;\">Acords R.CE 4, 2024-01-29<\/span><\/a><\/td>\n<td><span style=\"font-weight: 400;\">S\u00ed<\/span><\/td>\n<\/tr>\n<tr>\n<td><span style=\"font-weight: 400;\">S\u2019aprova el pressupost 2024<\/span><\/td>\n<td><span style=\"font-weight: 400;\">S\u00ed<\/span><\/td>\n<td><a href=\"https:\/\/docs.google.com\/document\/d\/1H9g3iZkJm6ANGowoiYWi8N9_gSkph2tGgEzntaTgIJk\/edit?usp=sharing\"><span style=\"font-weight: 400;\">Acords R.CE 4, 2024-01-29<\/span><\/a><\/td>\n<td><span style=\"font-weight: 400;\">S\u00ed<\/span><\/td>\n<\/tr>\n<tr>\n<td><span style=\"font-weight: 400;\">Presentaci\u00f3 i aprovaci\u00f3 de la mem\u00f2ria del curs 2022-2023\u00a0<\/span><\/td>\n<td><span style=\"font-weight: 400;\">S\u00ed<\/span><\/td>\n<td><a href=\"https:\/\/docs.google.com\/document\/d\/1SAaknui7tmpO8w8BSsNSo-MZOD8L0aMytblbrbIyg8w\/edit?usp=sharing\"><span style=\"font-weight: 400;\">Acords R. CE 3, 2024-01-22<\/span><\/a><\/td>\n<td><span style=\"font-weight: 400;\">S\u00ed<\/span><\/td>\n<\/tr>\n<tr>\n<td><span style=\"font-weight: 400;\">Presentaci\u00f3 i aprovaci\u00f3 de la PGA del curs 2023-2024\u00a0<\/span><\/td>\n<td><span style=\"font-weight: 400;\">S\u00ed<\/span><\/td>\n<td><a href=\"https:\/\/docs.google.com\/document\/d\/1hwSt018IbHW6th8Ig5Qa5A2l2K-MMAhieRLQJlX0190\/edit?usp=sharing\"><span style=\"font-weight: 400;\">Acords R. CE 2, 2023-12-11<\/span><\/a><\/td>\n<td><span style=\"font-weight: 400;\">S\u00ed<\/span><\/td>\n<\/tr>\n<tr>\n<td><span style=\"font-weight: 400;\">Sortides per al curs 23-24\u00a0<\/span><\/td>\n<td><span style=\"font-weight: 400;\">S\u00ed<\/span><\/td>\n<td><a href=\"https:\/\/docs.google.com\/document\/d\/1z2zZEHrCv-muEDr4184g534CprECBL8uUr2wkU6fItQ\/edit?usp=sharing\"><span style=\"font-weight: 400;\">Acords R.CE1 2023-10-06<\/span><\/a><span style=\"font-weight: 400;\"> i<\/span><\/p>\n<p><a href=\"https:\/\/docs.google.com\/document\/d\/1SAaknui7tmpO8w8BSsNSo-MZOD8L0aMytblbrbIyg8w\/edit?usp=sharing\"><span style=\"font-weight: 400;\">Acords R. CE 3, 2024-01-22<\/span><\/a><span style=\"font-weight: 400;\">\u00a0<\/span><\/td>\n<td><span style=\"font-weight: 400;\">S\u00ed<\/span><\/td>\n<\/tr>\n<tr>\n<td><span style=\"font-weight: 400;\">Modificaci\u00f3 NOFC: Retards. A partir de les 8:05 es considerar\u00e0 retard<\/span><\/td>\n<td><span style=\"font-weight: 400;\">S\u00ed<\/span><\/td>\n<td><a href=\"https:\/\/docs.google.com\/document\/d\/1z2zZEHrCv-muEDr4184g534CprECBL8uUr2wkU6fItQ\/edit?usp=sharing\"><span style=\"font-weight: 400;\">Acords R.CE1 2023-10-06<\/span><\/a><\/td>\n<td><span style=\"font-weight: 400;\">S\u00ed<\/span><\/td>\n<\/tr>\n<tr>\n<td><span style=\"font-weight: 400;\">Autoritzar la compra del dinar que se serveix a la cantina al servei de <\/span><i><span style=\"font-weight: 400;\">Picant de Mans.<\/span><\/i><\/td>\n<td><span style=\"font-weight: 400;\">S\u00ed<\/span><\/td>\n<td><a href=\"https:\/\/docs.google.com\/document\/d\/1z2zZEHrCv-muEDr4184g534CprECBL8uUr2wkU6fItQ\/edit?usp=sharing\"><span style=\"font-weight: 400;\">Acords R.CE1 2023-10-06<\/span><\/a><\/td>\n<td><span style=\"font-weight: 400;\">S\u00ed<\/span><\/td>\n<\/tr>\n<\/tbody>\n<\/table>\n<p>&nbsp;<\/p>\n<table style=\"width: 100%;\">\n<tbody>\n<tr>\n<td style=\"width: 99.1379%;\" colspan=\"4\"><b>ACORDS DEL CONSELL ESCOLAR (Curs 22-23)<\/b><\/td>\n<\/tr>\n<tr>\n<td style=\"width: 59.9138%;\"><b>Proposta<\/b><\/td>\n<td style=\"width: 6.72406%;\"><b>Aprovada<\/b><\/td>\n<td style=\"width: 17.2414%;\"><b>Dades del Consell Escolar<\/b><\/td>\n<td style=\"width: 15.2586%;\"><b>Vigent<\/b><\/td>\n<\/tr>\n<tr>\n<td style=\"width: 59.9138%;\"><span style=\"font-weight: 400;\">Continuar amb l\u2019ag\u00e8ncia d\u2019en J.Comas per als viatges del curs 23-24<\/span><\/td>\n<td style=\"width: 6.72406%;\"><span style=\"font-weight: 400;\">S\u00ed<\/span><\/td>\n<td style=\"width: 17.2414%;\"><span style=\"font-weight: 400;\">R.CE 8 2023-07-12<\/span><\/td>\n<td style=\"width: 15.2586%;\"><span style=\"font-weight: 400;\">S\u00ed<\/span><\/td>\n<\/tr>\n<tr>\n<td style=\"width: 59.9138%;\"><span style=\"font-weight: 400;\">Jornada continuada per al curs 2023-24 i calendari escolar<\/span><\/td>\n<td style=\"width: 6.72406%;\"><span style=\"font-weight: 400;\">S\u00ed<\/span><\/td>\n<td style=\"width: 17.2414%;\"><span style=\"font-weight: 400;\">R. CE 7, 2023-06-26<\/span><\/td>\n<td style=\"width: 15.2586%;\"><span style=\"font-weight: 400;\">S\u00ed<\/span><\/td>\n<\/tr>\n<tr>\n<td style=\"width: 59.9138%;\"><span style=\"font-weight: 400;\">Modificaci\u00f3 NOFC: Sortides i activitats: pagaments trimestrals de les sortides. Nova normativa, supeditada al bon comportament. Col\u00f2nies a 2n ESO<\/span><\/td>\n<td style=\"width: 6.72406%;\"><span style=\"font-weight: 400;\">S\u00ed<\/span><\/td>\n<td style=\"width: 17.2414%;\"><span style=\"font-weight: 400;\">R. CE 7, 2023-06-26<\/span><\/td>\n<td style=\"width: 15.2586%;\"><span style=\"font-weight: 400;\">S\u00ed<\/span><\/td>\n<\/tr>\n<tr>\n<td style=\"width: 59.9138%;\"><span style=\"font-weight: 400;\">Modificaci\u00f3 NOFC: Entrades\/Sortides a batxillerat (Sempre de 8 a 14:40. No poden entrar ni sortir m\u00e9s tard\/aviat per abs\u00e8ncies dels docents ni marxar si tenen IOC o Estada a empresa)<\/span><\/td>\n<td style=\"width: 6.72406%;\"><span style=\"font-weight: 400;\">S\u00ed<\/span><\/td>\n<td style=\"width: 17.2414%;\"><span style=\"font-weight: 400;\">R. CE 7, 2023-06-26<\/span><\/td>\n<td style=\"width: 15.2586%;\"><span style=\"font-weight: 400;\">S\u00ed<\/span><\/td>\n<\/tr>\n<tr>\n<td style=\"width: 59.9138%;\"><span style=\"font-weight: 400;\">Modificaci\u00f3 NOFC: <\/span><span style=\"font-weight: 400;\">El patinet el\u00e8ctric haur\u00e0 d\u2019aparcar-se dins del recinte, per\u00f2 a un espai exterior i l\u2019alumnat haur\u00e0 de portar el seu propi cadenat.<\/span><\/td>\n<td style=\"width: 6.72406%;\"><span style=\"font-weight: 400;\">S\u00ed<\/span><\/td>\n<td style=\"width: 17.2414%;\"><span style=\"font-weight: 400;\">R. CE 7, 2023-06-26<\/span><\/td>\n<td style=\"width: 15.2586%;\"><span style=\"font-weight: 400;\">S\u00ed<\/span><\/td>\n<\/tr>\n<tr>\n<td style=\"width: 59.9138%;\"><span style=\"font-weight: 400;\">Modificaci\u00f3 NOFC: Retards. A partir de les 8:12 es considerar\u00e0 retard.<\/span><\/td>\n<td style=\"width: 6.72406%;\"><span style=\"font-weight: 400;\">S\u00ed<\/span><\/td>\n<td style=\"width: 17.2414%;\"><span style=\"font-weight: 400;\">R. CE 7, 2023-06-26<\/span><\/td>\n<td style=\"width: 15.2586%;\"><b>NO <\/b><span style=\"font-weight: 400;\">(vegeu R.CE1 2023-10-06)<\/span><\/td>\n<\/tr>\n<tr>\n<td style=\"width: 59.9138%;\"><span style=\"font-weight: 400;\">Modificaci\u00f3 NOFC: Regulaci\u00f3 dispositius digitals i nova normativa amb comprom\u00eds de la fam\u00edlia\u00a0<\/span><\/p>\n<p><span style=\"font-weight: 400;\">-NO M\u00f2bils (si els porten, obligatori deixar-los a l\u2019armari d\u2019aula)<\/span><\/p>\n<p><span style=\"font-weight: 400;\">-Ordinadors nom\u00e9s per a \u00fas pedag\u00f2gic<\/span><\/p>\n<p><span style=\"font-weight: 400;\">-Carregadors a casa. No poden portar-los al centre<\/span><\/p>\n<p><span style=\"font-weight: 400;\">-Auriculars, si els porten NO poden ser visibles (PART DEROGADA)<\/span><\/td>\n<td style=\"width: 6.72406%;\"><span style=\"font-weight: 400;\">S\u00ed<\/span><\/td>\n<td style=\"width: 17.2414%;\"><span style=\"font-weight: 400;\">R. CE 7, 2023-06-26<\/span><\/td>\n<td style=\"width: 15.2586%;\"><span style=\"font-weight: 400;\">S\u00ed<\/span><\/p>\n<p><b>Derogada la part dels auriculars<\/b><\/p>\n<p><span style=\"font-weight: 400;\">(Vegeu Acords R.CE5, 2024-02-19)<\/span><\/td>\n<\/tr>\n<tr>\n<td style=\"width: 59.9138%;\"><span style=\"font-weight: 400;\">Modificaci\u00f3 NOFC: <\/span><span style=\"font-weight: 400;\">Aposta per l\u2019excel\u00b7l\u00e8ncia<\/span><\/p>\n<ul>\n<li style=\"font-weight: 400;\" aria-level=\"1\"><span style=\"font-weight: 400;\">Moodle per a l\u2019excel\u00b7l\u00e8ncia<\/span><\/li>\n<li style=\"font-weight: 400;\" aria-level=\"1\"><span style=\"font-weight: 400;\">Oportunitat de realitzar proves de millora tant a l\u2019ESO com al Batxillerat<\/span><\/li>\n<\/ul>\n<\/td>\n<td style=\"width: 6.72406%;\"><span style=\"font-weight: 400;\">S\u00ed<\/span><\/td>\n<td style=\"width: 17.2414%;\"><span style=\"font-weight: 400;\">R. CE 7, 2023-06-26<\/span><\/td>\n<td style=\"width: 15.2586%;\"><span style=\"font-weight: 400;\">S\u00ed<\/span><\/td>\n<\/tr>\n<tr>\n<td style=\"width: 59.9138%;\"><span style=\"font-weight: 400;\">Modificaci\u00f3 NOFC: Comiats fi de curs i orles.\u00a0<\/span><\/p>\n<p><span style=\"font-weight: 400;\">-les fam\u00edlies hauran de pagar una part de les orles<\/span><\/p>\n<p><span style=\"font-weight: 400;\">-Al comiat de 4t d\u2019ESO nom\u00e9s hi haur\u00e0 barra de refrigeris.<\/span><\/td>\n<td style=\"width: 6.72406%;\"><span style=\"font-weight: 400;\">S\u00ed<\/span><\/td>\n<td style=\"width: 17.2414%;\"><span style=\"font-weight: 400;\">R. CE 7, 2023-06-26<\/span><\/td>\n<td style=\"width: 15.2586%;\"><span style=\"font-weight: 400;\">S\u00ed<\/span><\/td>\n<\/tr>\n<tr>\n<td style=\"width: 59.9138%;\"><span style=\"font-weight: 400;\">S\u2019aproven 2 perfils professionals docents a partir del curs 2023-24:<\/span><\/p>\n<ul>\n<li style=\"font-weight: 400;\" aria-level=\"1\"><span style=\"font-weight: 400;\">Un perfil de socials amb enfocament globalitzat.\u00a0<\/span><\/li>\n<li style=\"font-weight: 400;\" aria-level=\"1\"><span style=\"font-weight: 400;\">Un perfil d&#8217;orientaci\u00f3 amb enfocament a diversitat.<\/span><\/li>\n<\/ul>\n<\/td>\n<td style=\"width: 6.72406%;\"><span style=\"font-weight: 400;\">S\u00ed<\/span><\/td>\n<td style=\"width: 17.2414%;\"><span style=\"font-weight: 400;\">R. CE 5, 2023-05-04<\/span><\/td>\n<td style=\"width: 15.2586%;\"><span style=\"font-weight: 400;\">S\u00ed<\/span><\/td>\n<\/tr>\n<tr>\n<td style=\"width: 59.9138%;\"><span style=\"font-weight: 400;\">Quotes per al curs 2023-24:<\/span><\/p>\n<ul>\n<li style=\"font-weight: 400;\" aria-level=\"1\"><span style=\"font-weight: 400;\">Quota de material = 80\u20ac<\/span><\/li>\n<li style=\"font-weight: 400;\" aria-level=\"1\"><span style=\"font-weight: 400;\">Quota AFA = 25\u20ac<\/span><\/li>\n<\/ul>\n<\/td>\n<td style=\"width: 6.72406%;\"><span style=\"font-weight: 400;\">S\u00ed<\/span><\/td>\n<td style=\"width: 17.2414%;\"><span style=\"font-weight: 400;\">R. CE 5, 2023-05-04<\/span><\/td>\n<td style=\"width: 15.2586%;\"><span style=\"font-weight: 400;\">S\u00ed<\/span><\/td>\n<\/tr>\n<tr>\n<td style=\"width: 59.9138%;\"><span style=\"font-weight: 400;\">Aprovaci\u00f3 Pressupost 2022<\/span><\/td>\n<td style=\"width: 6.72406%;\"><span style=\"font-weight: 400;\">S\u00ed<\/span><\/td>\n<td style=\"width: 17.2414%;\"><span style=\"font-weight: 400;\">R. CE 4, 2023-02-27<\/span><\/td>\n<td style=\"width: 15.2586%;\"><span style=\"font-weight: 400;\">S\u00ed<\/span><\/td>\n<\/tr>\n<tr>\n<td style=\"width: 59.9138%;\"><span style=\"font-weight: 400;\">S\u2019aproven diferents sortides per realitzar durant el curs 22-23:<\/span><\/td>\n<td style=\"width: 6.72406%;\"><span style=\"font-weight: 400;\">S\u00ed<\/span><\/td>\n<td style=\"width: 17.2414%;\"><span style=\"font-weight: 400;\">R. CE 4, 2023-02-27<\/span><\/td>\n<td style=\"width: 15.2586%;\"><span style=\"font-weight: 400;\">S\u00ed<\/span><\/td>\n<\/tr>\n<tr>\n<td style=\"width: 59.9138%;\"><span style=\"font-weight: 400;\">S\u2019aprova el pressupost 2023<\/span><\/td>\n<td style=\"width: 6.72406%;\"><span style=\"font-weight: 400;\">S\u00ed<\/span><\/td>\n<td style=\"width: 17.2414%;\"><span style=\"font-weight: 400;\">R. CE 3, 2023-01-30<\/span><\/td>\n<td style=\"width: 15.2586%;\"><span style=\"font-weight: 400;\">S\u00ed<\/span><\/td>\n<\/tr>\n<tr>\n<td style=\"width: 59.9138%;\"><span style=\"font-weight: 400;\">Presentaci\u00f3 i aprovaci\u00f3 de la mem\u00f2ria del curs 2021-2022\u00a0<\/span><\/td>\n<td style=\"width: 6.72406%;\"><span style=\"font-weight: 400;\">S\u00ed<\/span><\/td>\n<td style=\"width: 17.2414%;\"><span style=\"font-weight: 400;\">R. CE 3, 2023-01-30<\/span><\/td>\n<td style=\"width: 15.2586%;\"><span style=\"font-weight: 400;\">S\u00ed<\/span><\/td>\n<\/tr>\n<tr>\n<td style=\"width: 59.9138%;\"><span style=\"font-weight: 400;\">Foment de les lleng\u00fces estrangeres: estades \/ intercanvis:<\/span><\/p>\n<p><span style=\"font-weight: 400;\">-Iniciar intercanvi amb Alemanya<\/span><\/p>\n<p><span style=\"font-weight: 400;\">-No realitzar Estada Ling\u00fc\u00edstica (per l\u2019elevat cost)<\/span><\/p>\n<p><span style=\"font-weight: 400;\">-Presentar projecte per tenir intercanvis a trav\u00e9s de l\u2019Erasmus +<\/span><\/td>\n<td style=\"width: 6.72406%;\"><span style=\"font-weight: 400;\">S\u00ed<\/span><\/td>\n<td style=\"width: 17.2414%;\"><span style=\"font-weight: 400;\">R. CE 2, 2022-11-21<\/span><\/td>\n<td style=\"width: 15.2586%;\"><span style=\"font-weight: 400;\">S\u00ed<\/span><\/td>\n<\/tr>\n<tr>\n<td style=\"width: 59.9138%;\"><span style=\"font-weight: 400;\">Presentaci\u00f3 i aprovaci\u00f3 de la PGA 2021-2022<\/span><\/td>\n<td style=\"width: 6.72406%;\"><span style=\"font-weight: 400;\">S\u00ed<\/span><\/td>\n<td style=\"width: 17.2414%;\"><span style=\"font-weight: 400;\">R. CE 2, 2022-11-21<\/span><\/td>\n<td style=\"width: 15.2586%;\"><span style=\"font-weight: 400;\">S\u00ed<\/span><\/td>\n<\/tr>\n<tr>\n<td style=\"width: 59.9138%;\"><span style=\"font-weight: 400;\">Modificacions al pressupost 2022<\/span><\/td>\n<td style=\"width: 6.72406%;\"><span style=\"font-weight: 400;\">S\u00ed<\/span><\/td>\n<td style=\"width: 17.2414%;\"><span style=\"font-weight: 400;\">R. CE 2, 2022-11-21<\/span><\/td>\n<td style=\"width: 15.2586%;\"><span style=\"font-weight: 400;\">No (Vegeu R. CE 4, 2023-02-27)<\/span><\/td>\n<\/tr>\n<tr>\n<td style=\"width: 59.9138%;\"><span style=\"font-weight: 400;\">Concreci\u00f3 amb activitat de sensibilitzaci\u00f3 i acompanyament relacionada amb temes de su\u00efcidi: L\u2019exposici\u00f3 es diu Silencis trencats (d\u2019APSAS)\u00a0<\/span><\/td>\n<td style=\"width: 6.72406%;\"><span style=\"font-weight: 400;\">S\u00ed<\/span><\/td>\n<td style=\"width: 17.2414%;\"><span style=\"font-weight: 400;\">R. CE 2, 2022-11-21<\/span><\/td>\n<td style=\"width: 15.2586%;\"><span style=\"font-weight: 400;\">S\u00ed<\/span><\/td>\n<\/tr>\n<tr>\n<td style=\"width: 59.9138%;\"><span style=\"font-weight: 400;\">Selecci\u00f3 de 4 docents per al curs 22-23\u00a0 a trav\u00e9s d\u2019entrevista:<\/span><\/p>\n<p><span style=\"font-weight: 400;\">-Mates 0,5 \u00a0 \u00a0 &#8211; vacant<\/span><\/p>\n<p><span style=\"font-weight: 400;\">-Biologia 0,5\u00a0 &#8211; vacant<\/span><\/p>\n<p><span style=\"font-weight: 400;\">-Ed. F\u00edsica 1 &#8211; per a 6 mesos<\/span><\/p>\n<p><span style=\"font-weight: 400;\">-Orientaci\u00f3 1 &#8211; <\/span><span style=\"font-weight: 400;\">Es preveu llarga<\/span><\/td>\n<td style=\"width: 6.72406%;\"><span style=\"font-weight: 400;\">S\u00ed<\/span><\/td>\n<td style=\"width: 17.2414%;\"><span style=\"font-weight: 400;\">R. CE 1, 2022-09-26<\/span><\/td>\n<td style=\"width: 15.2586%;\"><span style=\"font-weight: 400;\">S\u00ed<\/span><\/td>\n<\/tr>\n<tr>\n<td style=\"width: 59.9138%;\"><span style=\"font-weight: 400;\">Nous recursos temporals per atendre l\u2019alumnat durant el curs 22-23:<\/span><\/p>\n<ul>\n<li style=\"font-weight: 400;\" aria-level=\"1\"><span style=\"font-weight: 400;\">0,5 d\u2019aula d\u2019acollida<\/span><\/li>\n<li style=\"font-weight: 400;\" aria-level=\"1\"><span style=\"font-weight: 400;\">Suport SIEI<\/span><\/li>\n<\/ul>\n<\/td>\n<td style=\"width: 6.72406%;\"><span style=\"font-weight: 400;\">S\u00ed<\/span><\/td>\n<td style=\"width: 17.2414%;\"><span style=\"font-weight: 400;\">R. CE 1, 2022-09-26<\/span><\/td>\n<td style=\"width: 15.2586%;\"><span style=\"font-weight: 400;\">No<\/span><\/td>\n<\/tr>\n<tr>\n<td style=\"width: 59.9138%;\"><span style=\"font-weight: 400;\">NOFC: Normativa provisional m\u00f2bils<\/span><\/p>\n<p><span style=\"font-weight: 400;\">-NO M\u00f2bils (cal tenir-los guardats a motxilla)<\/span><\/td>\n<td style=\"width: 6.72406%;\"><span style=\"font-weight: 400;\">S\u00ed<\/span><\/td>\n<td style=\"width: 17.2414%;\"><span style=\"font-weight: 400;\">R. CE 1, 2022-09-26<\/span><\/td>\n<td style=\"width: 15.2586%;\"><span style=\"font-weight: 400;\">No (vegeu: R. CE 7, 2023-06-26)<\/span><\/td>\n<\/tr>\n<tr>\n<td style=\"width: 59.9138%;\"><span style=\"font-weight: 400;\">NOFC: Per combatre agressions homof\u00f2biques i de g\u00e8nere<\/span><\/td>\n<td style=\"width: 6.72406%;\"><span style=\"font-weight: 400;\">S\u00ed<\/span><\/td>\n<td style=\"width: 17.2414%;\"><span style=\"font-weight: 400;\">R. CE 1, 2022-09-26<\/span><\/td>\n<td style=\"width: 15.2586%;\"><span style=\"font-weight: 400;\">S\u00ed<\/span><\/td>\n<\/tr>\n<tr>\n<td style=\"width: 59.9138%;\"><span style=\"font-weight: 400;\">Realitzar alguna actuaci\u00f3 de sensibilitzaci\u00f3 i acompanyament relacionada amb temes de su\u00efcidi.<\/span><\/td>\n<td style=\"width: 6.72406%;\"><span style=\"font-weight: 400;\">S\u00ed<\/span><\/td>\n<td style=\"width: 17.2414%;\"><span style=\"font-weight: 400;\">R. CE 1, 2022-09-26<\/span><\/td>\n<td style=\"width: 15.2586%;\"><span style=\"font-weight: 400;\">S\u00ed<\/span><\/td>\n<\/tr>\n<tr>\n<td style=\"width: 59.9138%;\"><span style=\"font-weight: 400;\">Sortides per al curs 22-23\u00a0<\/span><\/td>\n<td style=\"width: 6.72406%;\"><span style=\"font-weight: 400;\">S\u00ed<\/span><\/td>\n<td style=\"width: 17.2414%;\"><span style=\"font-weight: 400;\">R. CE 1, 2022-09-26<\/span><\/td>\n<td style=\"width: 15.2586%;\"><span style=\"font-weight: 400;\">S\u00ed<\/span><\/td>\n<\/tr>\n<\/tbody>\n<\/table>\n<p>&nbsp;<\/p>\n<table style=\"width: 100%;\">\n<tbody>\n<tr>\n<td style=\"width: 99.138%;\" colspan=\"4\"><b>ACORDS DEL CONSELL ESCOLAR (Curs 21-22)<\/b><\/td>\n<\/tr>\n<tr>\n<td style=\"width: 62.1552%;\"><b>Proposta<\/b><\/td>\n<td style=\"width: 6.03449%;\"><b>Aprovada<\/b><\/td>\n<td style=\"width: 15.0862%;\"><b>Dades del Consell Escolar<\/b><\/td>\n<td style=\"width: 15.8621%;\"><\/td>\n<\/tr>\n<tr>\n<td style=\"width: 62.1552%;\"><span style=\"font-weight: 400;\">Jornada continuada per al curs 2022-23<\/span><\/td>\n<td style=\"width: 6.03449%;\"><span style=\"font-weight: 400;\">S\u00ed<\/span><\/td>\n<td style=\"width: 15.0862%;\"><span style=\"font-weight: 400;\">R.CE7 2022-06-27<\/span><\/td>\n<td style=\"width: 15.8621%;\"><span style=\"font-weight: 400;\">S\u00ed<\/span><\/td>\n<\/tr>\n<tr>\n<td style=\"width: 62.1552%;\"><span style=\"font-weight: 400;\">Pagament sortides escolars en dues quotes.<\/span><\/td>\n<td style=\"width: 6.03449%;\"><span style=\"font-weight: 400;\">S\u00ed<\/span><\/td>\n<td style=\"width: 15.0862%;\"><span style=\"font-weight: 400;\">R.CE7 2022-06-27<\/span><\/td>\n<td style=\"width: 15.8621%;\"><span style=\"font-weight: 400;\">S\u00ed<\/span><\/td>\n<\/tr>\n<tr>\n<td style=\"width: 62.1552%;\"><span style=\"font-weight: 400;\">Sol\u00b7licitud d\u2019un Educador Social<\/span><\/td>\n<td style=\"width: 6.03449%;\"><span style=\"font-weight: 400;\">S\u00ed<\/span><\/td>\n<td style=\"width: 15.0862%;\"><span style=\"font-weight: 400;\">R.CE7 2022-06-27<\/span><\/td>\n<td style=\"width: 15.8621%;\"><span style=\"font-weight: 400;\">S\u00ed<\/span><\/td>\n<\/tr>\n<tr>\n<td style=\"width: 62.1552%;\"><span style=\"font-weight: 400;\">Perfils professionals docents per al curs 2022-23<\/span><\/td>\n<td style=\"width: 6.03449%;\"><span style=\"font-weight: 400;\">S\u00ed<\/span><\/td>\n<td style=\"width: 15.0862%;\"><span style=\"font-weight: 400;\">R.CE6 2022-05-02<\/span><\/td>\n<td style=\"width: 15.8621%;\"><span style=\"font-weight: 400;\">S\u00ed<\/span><\/td>\n<\/tr>\n<tr>\n<td style=\"width: 62.1552%;\"><span style=\"font-weight: 400;\">Increment quota AFA a partir del curs 2022-23. La quota es fixa en 25\u20ac<\/span><\/td>\n<td style=\"width: 6.03449%;\"><span style=\"font-weight: 400;\">S\u00ed<\/span><\/td>\n<td style=\"width: 15.0862%;\"><span style=\"font-weight: 400;\">R.CE6 2022-05-02<\/span><\/td>\n<td style=\"width: 15.8621%;\"><span style=\"font-weight: 400;\">S\u00ed<\/span><\/td>\n<\/tr>\n<tr>\n<td style=\"width: 62.1552%;\"><span style=\"font-weight: 400;\">Modificacions al Pressupost 2022<\/span><\/td>\n<td style=\"width: 6.03449%;\"><span style=\"font-weight: 400;\">S\u00ed<\/span><\/td>\n<td style=\"width: 15.0862%;\"><span style=\"font-weight: 400;\">R.CE5 2022-03-07<\/span><\/td>\n<td style=\"width: 15.8621%;\"><span style=\"font-weight: 400;\">NO (Vegeu R. CE 4, 2023-02-27)<\/span><\/td>\n<\/tr>\n<tr>\n<td style=\"width: 62.1552%;\"><span style=\"font-weight: 400;\">Pressupost 2022<\/span><\/td>\n<td style=\"width: 6.03449%;\"><span style=\"font-weight: 400;\">S\u00ed<\/span><\/td>\n<td style=\"width: 15.0862%;\"><span style=\"font-weight: 400;\">R.CE4 2022-02-04<\/span><\/td>\n<td style=\"width: 15.8621%;\"><span style=\"font-weight: 400;\">NO (Vegeu\u00a0<\/span><\/p>\n<p><span style=\"font-weight: 400;\">R.CE5 2022-03-07)<\/span><\/td>\n<\/tr>\n<tr>\n<td style=\"width: 62.1552%;\"><span style=\"font-weight: 400;\">Proposta d\u2019adhesi\u00f3 al Manifest del Consell Escolar de Catalunya en defensa del model ling\u00fc\u00edstic de l\u2019escola catalana.<\/span><\/td>\n<td style=\"width: 6.03449%;\"><span style=\"font-weight: 400;\">S\u00ed<\/span><\/td>\n<td style=\"width: 15.0862%;\"><span style=\"font-weight: 400;\">R.CE3 2021-12-20<\/span><\/td>\n<td style=\"width: 15.8621%;\"><span style=\"font-weight: 400;\">S\u00ed<\/span><\/td>\n<\/tr>\n<tr>\n<td style=\"width: 62.1552%;\"><span style=\"font-weight: 400;\">Destinaci\u00f3 dels diners recuperats del viatge de 4t d\u2019ESO anul\u00b7lat arran de la Covid-19<\/span><\/td>\n<td style=\"width: 6.03449%;\"><span style=\"font-weight: 400;\">S\u00ed<\/span><\/td>\n<td style=\"width: 15.0862%;\"><span style=\"font-weight: 400;\">R.CE2 2021-11-22<\/span><\/td>\n<td style=\"width: 15.8621%;\"><span style=\"font-weight: 400;\">S\u00ed<\/span><\/td>\n<\/tr>\n<tr>\n<td style=\"width: 62.1552%;\"><span style=\"font-weight: 400;\">Aprovaci\u00f3 del Pla d&#8217;actuaci\u00f3 per al curs 2021-22<\/span><\/td>\n<td style=\"width: 6.03449%;\"><span style=\"font-weight: 400;\">S\u00ed<\/span><\/td>\n<td style=\"width: 15.0862%;\"><span style=\"font-weight: 400;\">R.CE1 2021-09-01<\/span><\/td>\n<td style=\"width: 15.8621%;\"><span style=\"font-weight: 400;\">S\u00ed<\/span><\/td>\n<\/tr>\n<\/tbody>\n<\/table>\n","protected":false},"excerpt":{"rendered":"<p>REGISTRE D\u2019ACORDS PRESOS PEL CONSELL ESCOLAR\u00a0 (durant el Projecte de direcci\u00f3 2021-2025) ACORDS DEL CONSELL ESCOLAR (Curs 23-24) Proposta Aprovada Dades del Consell Escolar Vigent S\u2019aprova fer la tornada sempre a l\u2019Institut o a Arenys de Munt de totes les sortides d\u2019ESO I Batxillerat. S\u00ed Acords R.CE 5, 2024-02-19 S\u00ed S\u2019aprova per unanimitat no portar [&hellip;]<\/p>\n","protected":false},"author":1,"featured_media":0,"parent":0,"menu_order":0,"comment_status":"closed","ping_status":"closed","template":"","meta":{"_bbp_topic_count":0,"_bbp_reply_count":0,"_bbp_total_topic_count":0,"_bbp_total_reply_count":0,"_bbp_voice_count":0,"_bbp_anonymous_reply_count":0,"_bbp_topic_count_hidden":0,"_bbp_reply_count_hidden":0,"_bbp_forum_subforum_count":0,"site-sidebar-layout":"default","site-content-layout":"","ast-site-content-layout":"","site-content-style":"default","site-sidebar-style":"default","ast-global-header-display":"","ast-banner-title-visibility":"","ast-main-header-display":"","ast-hfb-above-header-display":"","ast-hfb-below-header-display":"","ast-hfb-mobile-header-display":"","site-post-title":"","ast-breadcrumbs-content":"","ast-featured-img":"","footer-sml-layout":"","theme-transparent-header-meta":"","adv-header-id-meta":"","stick-header-meta":"","header-above-stick-meta":"","header-main-stick-meta":"","header-below-stick-meta":"","astra-migrate-meta-layouts":"default","ast-page-background-enabled":"default","ast-page-background-meta":{"desktop":{"background-color":"var(--ast-global-color-4)","background-image":"","background-repeat":"repeat","background-position":"center center","background-size":"auto","background-attachment":"scroll","background-type":"","background-media":"","overlay-type":"","overlay-color":"","overlay-opacity":"","overlay-gradient":""},"tablet":{"background-color":"","background-image":"","background-repeat":"repeat","background-position":"center center","background-size":"auto","background-attachment":"scroll","background-type":"","background-media":"","overlay-type":"","overlay-color":"","overlay-opacity":"","overlay-gradient":""},"mobile":{"background-color":"","background-image":"","background-repeat":"repeat","background-position":"center center","background-size":"auto","background-attachment":"scroll","background-type":"","background-media":"","overlay-type":"","overlay-color":"","overlay-opacity":"","overlay-gradient":""}},"ast-content-background-meta":{"desktop":{"background-color":"var(--ast-global-color-5)","background-image":"","background-repeat":"repeat","background-position":"center center","background-size":"auto","background-attachment":"scroll","background-type":"","background-media":"","overlay-type":"","overlay-color":"","overlay-opacity":"","overlay-gradient":""},"tablet":{"background-color":"var(--ast-global-color-5)","background-image":"","background-repeat":"repeat","background-position":"center center","background-size":"auto","background-attachment":"scroll","background-type":"","background-media":"","overlay-type":"","overlay-color":"","overlay-opacity":"","overlay-gradient":""},"mobile":{"background-color":"var(--ast-global-color-5)","background-image":"","background-repeat":"repeat","background-position":"center center","background-size":"auto","background-attachment":"scroll","background-type":"","background-media":"","overlay-type":"","overlay-color":"","overlay-opacity":"","overlay-gradient":""}},"footnotes":""},"class_list":["post-7132","page","type-page","status-publish","hentry"],"post_mailing_queue_ids":[],"_links":{"self":[{"href":"https:\/\/agora.xtec.cat\/ies-dperramon\/wp-json\/wp\/v2\/pages\/7132","targetHints":{"allow":["GET"]}}],"collection":[{"href":"https:\/\/agora.xtec.cat\/ies-dperramon\/wp-json\/wp\/v2\/pages"}],"about":[{"href":"https:\/\/agora.xtec.cat\/ies-dperramon\/wp-json\/wp\/v2\/types\/page"}],"author":[{"embeddable":true,"href":"https:\/\/agora.xtec.cat\/ies-dperramon\/wp-json\/wp\/v2\/users\/1"}],"replies":[{"embeddable":true,"href":"https:\/\/agora.xtec.cat\/ies-dperramon\/wp-json\/wp\/v2\/comments?post=7132"}],"version-history":[{"count":1,"href":"https:\/\/agora.xtec.cat\/ies-dperramon\/wp-json\/wp\/v2\/pages\/7132\/revisions"}],"predecessor-version":[{"id":7133,"href":"https:\/\/agora.xtec.cat\/ies-dperramon\/wp-json\/wp\/v2\/pages\/7132\/revisions\/7133"}],"wp:attachment":[{"href":"https:\/\/agora.xtec.cat\/ies-dperramon\/wp-json\/wp\/v2\/media?parent=7132"}],"curies":[{"name":"wp","href":"https:\/\/api.w.org\/{rel}","templated":true}]}}