{"id":57,"date":"2014-09-17T17:01:07","date_gmt":"2014-09-17T15:01:07","guid":{"rendered":"http:\/\/agora.xtec.cat\/ies-dperramon\/?page_id=57"},"modified":"2023-02-13T18:25:03","modified_gmt":"2023-02-13T17:25:03","slug":"projecte-educatiu","status":"publish","type":"page","link":"https:\/\/agora.xtec.cat\/ies-dperramon\/projecte-educatiu\/","title":{"rendered":"Projectes de centre"},"content":{"rendered":"<h2 style=\"text-align: center;\"><span style=\"color: #000000;\">PROJECTES D&#8217;INNOVACI\u00d3<\/span><\/h2>\n<h3><\/h3>\n<h3><strong><span style=\"color: #339966;\">Projecte PILE<\/span><\/strong><\/h3>\n<p align=\"JUSTIFY\">Aquest projecte vol fomentar el coneixement de les lleng\u00fces estrangeres entre els nostres alumnes. Al centre ofertem l&#8217;angl\u00e8s com a primera llengua estrangera. Tamb\u00e9 ofertem el franc\u00e8s des de 2n d&#8217;ESO i l&#8217;alemany desde 4t d&#8217;ESO.\u00a0 Un dels punts forts del projecte \u00e9s la utilitzaci\u00f3 de l&#8217;angl\u00e8s en mat\u00e8ries que no s\u00f3n ling\u00fc\u00edstiques: Ho fem especialment a 3r d&#8217;ESO i a les mat\u00e8ries de CCSS (100% hores), CCNN (30% hores), f\u00edsica i qu\u00edmica (25% hores), matem\u00e0tiques (20% hores) a 4td&#8217;ESO inform\u00e0tica (100% hores). Tamb\u00e9 fem una Estada ling\u00fc\u00edstica a Anglaterra i un cr\u00e8dit variable preparatori.<\/p>\n<h3><span style=\"color: #339966;\"><a style=\"color: #339966;\" href=\"https:\/\/www.upc.edu\/rima\/grups\/giac\/que-es-aprenentatge-cooperatiu\" target=\"_blank\" rel=\"noopener\">Projecte de TREBALL COOPERATIU<\/a><\/span><\/h3>\n<p align=\"JUSTIFY\">Aquesta t\u00e8cnica, que vol ensenyar a treballar en grup de manera efectiva, l&#8217;estem posant en pr\u00e0ctica des del curs passat. Creiem que \u00e9s un valor i un procediment imprescindible per a la nostra societat. La majoria de feines necessiten del treball coordinat i complementat entre tots els treballadors, per tant, els nostres alumnes han de saber treballar en equip i cooperativament.<\/p>\n<h3><span style=\"color: #339966;\"><a style=\"color: #339966;\" href=\"http:\/\/www.go-lab-project.eu\/\" target=\"_blank\" rel=\"noopener\">Projecte\u00a0GO-LAB<\/a>\u00a0\u00a0<\/span><\/h3>\n<p style=\"text-align: justify;\">Programa<span style=\"font-family: inherit; font-size: 1em;\"> de pr\u00e0ctiques promogut per la xarxa European Schoolnet que fa servir laboratoris virtuals o remots combinats amb la metodologia de d&#8217;aprenentatge per descobriment. Enguany es treballa a tecnologia i qu\u00edmica de 4t d&#8217;ESO. Aquest projecte desenvolupa les compet\u00e8ncies digitals dels alumnes, treballa sovint en lleng\u00fces estrangeres i alhora facilita la comprensi\u00f3 i l&#8217;acc\u00e9s a pr\u00e0ctiques que dif\u00edcilment es podrien fer al laboratori de l&#8217;institut.\u00a0 \u00a0 \u00a0 \u00a0 \u00a0 \u00a0 \u00a0<\/span><\/p>\n<div>\n<h3 align=\"JUSTIFY\"><span style=\"color: #339966;\">Projecte<\/span><span style=\"font-size: xx-large;\"><img decoding=\"async\" src=\"http:\/\/www.xtec.cat\/alfresco\/d\/d\/workspace\/SpacesStore\/ba2b7994-d7cf-4172-826f-950b75e70371\/imatge_petita.jpg\" alt=\"\" \/><\/span><\/h3>\n<p dir=\"ltr\" style=\"text-align: justify;\"><span style=\"font-size: medium;\">El programa mSchools \u00e9s una iniciativa mixta p\u00fablica-privada, impulsada per la Fundaci\u00f3 Mobile World Capital Barcelona, amb la col\u00b7laboraci\u00f3 de la Generalitat, l\u2019Ajuntament de Barcelona i la GSMA.\u00a0 Els objectius del projecte s\u00f3n: \u00a0desplegar la compet\u00e8ncia digital avan\u00e7ada desenvolupant prototips d\u2019aplicacions per a dispositius m\u00f2bils, potenciar les vocacions tecnol\u00f2giques i promoure l\u2019esperit emprenedor amb el recolzament d\u2019experts. \u00a0Es desenvolupa a 4t d&#8217;ESO. Es porta a terme a l&#8217;assignatura d&#8217;Inform\u00e0tica de quart, i consisteix en la programaci\u00f3 i promoci\u00f3 d&#8217;un aplicaci\u00f3 per a m\u00f2bil que solucioni un problema real proposat pels propis alumnes. \u00a0 \u00a0<\/span><\/p>\n<p dir=\"ltr\"><span style=\"color: #339966; font-size: 1.375em; font-weight: bold;\">Projecte de rob\u00f2tica i programaci\u00f3<\/span><\/p>\n<p dir=\"ltr\" style=\"text-align: justify;\"><span style=\"font-family: inherit; font-size: 1em;\">Des de fa 3 anys estem fent una activitat\u00a0 extraescolar\u00a0 en horari de tarda sobre programaci\u00f3 i rob\u00f2tica. Aquest curs ens presentarem per tercera vegada a la competici\u00f3 de la FLL que es fa a Barcelona, participarem en la lliga Clautic i tornarem a fer la jornada de rob\u00f2tica i programaci\u00f3 d&#8217;Arenys de Munt. La programaci\u00f3 es fa en Scratch i la rob\u00f2tica fent servir les eines de la LEGO.<\/span><\/p>\n<\/div>\n<p align=\"JUSTIFY\">Tamb\u00e9 hem comen\u00e7at a la tecnologia de 4t d&#8217;ESO el programa &#8220;<a href=\"http:\/\/bcn.verkstad.cc\/ca\/\" target=\"_blank\" rel=\"noopener\">Impulsem la rob\u00f2tica<\/a>&#8221;\u00a0 que ens va proposar el Departament d&#8217;Ensenyament. Els alumnes van presentar el seu projecte a la <a href=\"http:\/\/agenda.obrasocial.lacaixa.es\/ca\/-\/encuentro-de-proyectos-de-tecnologias-creativas-y-robotica\" target=\"_blank\" rel=\"noopener\">Fira dels Projectes del Program<\/a>a que es va fer al CosmoCaixa de Barcelona.<\/p>\n<h3><span style=\"color: #339966;\">Projecte de Mediaci\u00f3<\/span><\/h3>\n<p style=\"text-align: justify;\"><span style=\"font-size: medium;\">Programa de mediaci\u00f3 per a la resoluci\u00f3 de conflictes lleus. El programa vol fomentar la conviv\u00e8ncia, el di\u00e0leg, la cooperaci\u00f3 i la responsabilitat . S&#8217;inicia al curs 2014-15 amb un curs de mediaci\u00f3 dirigit per la t\u00e8cnica de l&#8217;Ajuntament d&#8217;Arenys de Munt. Els participants d&#8217;aquest curset de 40 hores poden ser alumnes, pares i professors, i seran els encarregats de fer de mediadors. Aquesta tasca pr\u00e0ctica comen\u00e7ar\u00e0 \u00a0al tercer trimestre.<\/span><\/p>\n<h3><span style=\"color: #339966;\">Pla de Lectura<\/span><\/h3>\n<p style=\"text-align: justify;\"><span style=\"font-size: medium;\">L&#8217;objectiu fonamental d&#8217;aquest projecte \u00e9s fomentar\u00a0 la lectura com a eina formadora.\u00a0 Actualment fem dues hores de lectura setmanal a 1r i 2n d\u2019ESO. A partir del 3r trimestre el pla inclou fer una hora de lectura m\u00e9s \u00a0a la setmana en diferents mat\u00e8ries, des de 1r fins a 4t d&#8217;ESO. La lectura ser\u00e0 lliure, tot i que els departaments did\u00e0ctics en farem diverses propostes. Els llibres es guardaran a l\u2019aula.<\/span><\/p>\n<h3><span style=\"color: #339966;\">Projecte ACTIVA&#8217;T<\/span><\/h3>\n<p style=\"text-align: justify;\">Aquest projecte vol potenciar la pr\u00e0ctica activa de l&#8217;esport a l&#8217;hora del 2n pati escolar. Organitzem competicions de b\u00e0squet, futbol i esports alternatius. Aquest segon trimestre han sortit dos grups, el primer de b\u00e0dminton i el segon de futbol sala.<\/p>\n<div><\/div>\n<h2 style=\"text-align: center;\"><span style=\"color: #000000;\">PROJECTES DE SOSTENIBILITAT<\/span><\/h2>\n<div><\/div>\n<h3><span style=\"color: #339966;\">Escola Verda<\/span><\/h3>\n<p style=\"text-align: justify;\">Aquest curs estem iniciant les activitats formatives a nivell de professorat per esdevenir una Escola Verda. Al llarg del segon i tercer trimestre comen\u00e7arem amb xerrades, tallers i altres activitats per treballar la sostenibilitat, un valor que creiem essencial en la nostra societat.<\/p>\n<p style=\"text-align: justify;\">Iniciarem les nostres activitats el dia 21 de mar\u00e7 \u00a0-primer dia de primavera- \u00a0amb la plantada d&#8217;un arbre al pati de l&#8217;institut. \u00a0Les professores que portaran el projecte s\u00f3n: Agn\u00e8s Molons, Aurora Mart\u00edn i Llu\u00efsa Costa.<\/p>\n<h3><span style=\"color: #339966;\">Reutilitzaci\u00f3 de llibres de text<\/span><\/h3>\n<p style=\"text-align: justify;\">Des de fa 3 anys l&#8217;AMPA ofereix la possibilitat de reciclar els llibres de text i de lectura. Un alt percentatge d&#8217;alumnes s&#8217;acullen al servei afavorint l&#8217;acc\u00e9s a la cultura, estalviant diners \u00a0i recursos naturals. \u00a0Les fam\u00edlies lliuren els llibres usats a l&#8217;AMPA i aquesta retorna un altre llibre usat del nivell superior.<\/p>\n<h3><span style=\"color: #339966;\">Manteniment de les Aules<\/span><\/h3>\n<p style=\"text-align: justify;\">Fer que l&#8217;alumnat senti com a propi l&#8217;entorn de la seva aula i entengui que l&#8217;espai p\u00fablic s&#8217;ha de cuidar entre tots perqu\u00e8 \u00e9s de tots, \u00e9s una tasca que ens sembla important treballar des del centre. Per aix\u00f2 s&#8217;est\u00e0 fent de manera pilot un projecte de manteniment de les aules, amb encarregats de classe. El projecte s&#8217;ha d&#8217;estendre a tot el Centre al tercer trimestre.<\/p>\n<div><\/div>\n<h2 style=\"text-align: center;\"><span style=\"color: #000000;\">PROJECTES D&#8217;EMPRENEDORIA<\/span><\/h2>\n<div><\/div>\n<h3><span style=\"color: #339966;\">Educaci\u00f3 Financera<\/span><\/h3>\n<div><span style=\"font-size: xx-large;\"><span style=\"font-size: small;\"><a href=\"http:\/\/www.efec.cat\/main\/aquivadirigit\" target=\"_blank\" rel=\"noopener\">http:\/\/www.efec.cat\/main\/aquivadirigit<\/a><\/span><\/span><\/div>\n<div><\/div>\n<p style=\"text-align: justify;\">El projecte EFEC, que t\u00e9 per objectiu oferir a les escoles p\u00fabliques, concertades i privades de Catalunya, la possibilitat d&#8217;impartir educaci\u00f3 financera b\u00e0sica als alumnes de 4t d&#8217;ESO. Nosaltres hem pensat que es tracta d&#8217;un tema molt interessant alhora que necessari pels nostres joves, i \u00e9s per aix\u00f2 que l&#8217;hem incl\u00f2s dins l&#8217;\u00e0rea d&#8217;emprenedoria. La peculiaritat del programa \u00e9s que els tallers d&#8217;educaci\u00f3 financera s\u00f3n impartits per voluntaris vinculats a bancs i entitats financeres (professionals en exercici o jubilats). Aquest programa d&#8217;alfabetitzaci\u00f3 i educaci\u00f3 financera s&#8217;emmarca en les recomanacions d&#8217;organismes internacionals (OCDE), per tal de dotar a la ciutadania amb millors compet\u00e8ncies per a poder gestionar i augmentar els estalvis, i evitar, alhora, episodis de sobre endeutament i d&#8217;exclusi\u00f3 financera.<\/p>\n<p style=\"text-align: justify;\">Les xerrades d&#8217;aquest curs han estat:<\/p>\n<div>\n<ul>\n<li style=\"list-style-type: none;\">\n<ul>\n<li style=\"text-align: justify;\">Administrant els Teus Diners (ATD)<\/li>\n<li style=\"text-align: justify;\">Endeutar-se amb Seny (ES)<\/li>\n<li style=\"text-align: justify;\">Inversi\u00f3 Intel\u00b7ligent (II)<\/li>\n<li style=\"text-align: justify;\">Els dubtes quotidians d&#8217;en Jaume (DQJ)<\/li>\n<li>\n<p style=\"text-align: justify;\">Finances per a la Vida (FV)<\/p>\n<\/li>\n<\/ul>\n<\/li>\n<\/ul>\n<\/div>\n<h3><span style=\"color: #339966;\">La nostra empresa<\/span><\/h3>\n<p style=\"text-align: justify;\">Es tracta del nostre projecte de recerca de 4t d&#8217;ESO. Es demana als alumnes que busquin una idea per a crear una empresa viable, i a partir d&#8217;aquesta proposta han de fer un pla d&#8217;empresa, un estudi de mercat, i una presentaci\u00f3 final exposant les seves idees per a crear aquest negoci.<\/p>\n<h3><span style=\"color: #339966;\">Junior Achievement<\/span><\/h3>\n<div><span style=\"font-size: xx-large;\"><img decoding=\"async\" style=\"vertical-align: bottom;\" src=\"https:\/\/fundacionjaes.files.wordpress.com\/2014\/05\/cropped-cabecera-twitterja.png\" alt=\"\" \/><\/span><\/div>\n<div><\/div>\n<p><span style=\"font-size: medium;\">Els alumnes de 1r de batxillerat a la modalitat d&#8217;economia participen a aquest projecte. Es tracta de fer una mini empresa amb els diferents c\u00e0rrecs (director de finances, president, director de producci\u00f3&#8230;), de vendre accions, i , naturalment de fabricar un producte o servei. Els alumnes han de vendre el producte i fer un balan\u00e7 final de l&#8217;empresa.\u00a0<\/span><\/p>\n<p><span style=\"font-size: medium;\">Malgrat ser petits negocis, les empreses que es munten s\u00f3n reals, amb inversions inicials o accions, vendes i beneficis.<\/span><\/p>\n<h3><span style=\"color: #339966;\">Estada a l&#8217;empresa<\/span><\/h3>\n<p style=\"text-align: justify;\">Mat\u00e8ria de modalitat del batxillerat. Aquesta mat\u00e8ria pot ser cursada al segon curs de batxillerat. Les avantatges que ofereix fer pr\u00e0ctiques en una empresa real s\u00f3n multiples. Els alumnes hauran d\u2019adquirir un comprom\u00eds i una responsabilitat similar al treball professional. \u00a0L\u2019estada a l\u2019empresa ajuda als alumnes a escollir el seu futur professional, i a posar en pr\u00e0ctica els coneixements adquirits al llarg de la secund\u00e0ria. Els ajuda a valorar \u00a0\u201cin situ\u201d la seva vocaci\u00f3.<\/p>\n<div><\/div>\n<h2 style=\"text-align: center;\">PROJECTES D&#8217;ENTORN<\/h2>\n<h3><span style=\"color: #339966;\">Programa de R\u00e0dio<\/span><\/h3>\n<div><a href=\"http:\/\/agora.xtec.cat\/ies-dperramon\/wp-content\/uploads\/usu947\/2015\/03\/RADIO-2.jpg\"><img loading=\"lazy\" decoding=\"async\" class=\"aligncenter size-full wp-image-1236\" src=\"http:\/\/agora.xtec.cat\/ies-dperramon\/wp-content\/uploads\/usu947\/2015\/03\/RADIO-2.jpg\" alt=\"RADIO 2\" width=\"600\" height=\"400\" \/><\/a><\/div>\n<div><\/div>\n<p style=\"text-align: justify;\"><span style=\"font-size: medium;\">Programa realitzat amb la col\u00b7laboraci\u00f3 de Radio Arenys de Munt. Es tracta d&#8217;un programa mensual que s&#8217;emet el primer dijous de cada mes a 2\/4 de 8 del vespre. L&#8217;equip de redacci\u00f3 i d&#8217;edici\u00f3 est\u00e0 fet per alumnes coordinats pel professorat. Tractem temes relacionats amb l&#8217;institut i fem entrevistes a personatges interessants<\/span><\/p>\n<h3><span style=\"color: #339966;\">BLOC O REVISTA DIGITAL<\/span><\/h3>\n<p style=\"text-align: justify;\"><span style=\"font-size: medium;\">Programa que comen\u00e7arem al tercer trimestre del curs 2014-15.\u00a0 L&#8217;equip de redacci\u00f3, format per alumnes de tots els cursos, han de decidir\u00a0 els temes a tractar a cada n\u00famero editat.\u00a0 La revista digital vol substituir la nostra revista escrita &#8220;El nou borinot&#8221;, fent una eina m\u00e9s actual, interactiva i participativa.<\/span><\/p>\n<h3><span style=\"color: #339966;\">ESCOLA DE PARES<\/span><span style=\"font-size: xx-large;\"><a href=\"http:\/\/agora.xtec.cat\/ies-dperramon\/wp-content\/uploads\/usu947\/2015\/03\/ESCOLA-DE-PARES-I-MARES.pdf\"><br \/>\n<\/a><\/span><\/h3>\n<p style=\"text-align: justify;\"><span style=\"font-size: medium;\">Enguany engeguem l&#8217;Escola de Pares, coordinada amb l&#8217;Ajuntament d&#8217;Arenys de Munt, i que neix amb la voluntat de crear una comunitat \u00a0de pares m\u00e9s activa i integrada al Centre, i de ajudar a donar resposta als dubtes i necessitats que sovint es plantegen en l&#8217;educaci\u00f3 dels fills.<\/span><\/p>\n<p style=\"text-align: justify;\"><span style=\"font-size: medium;\">Les trobades s&#8217;anuncien amb temps, normalment els dilluns o dijous al vespre. Estan obertes a tots els pares de l&#8217;Institut i dels cicles superiors de les escoles, per\u00f2 es preten tenir una comunitat de base estable per tal d&#8217;afavorir una interacci\u00f3 m\u00e9s rica i aplicable a la realitat entre les diferents fam\u00edlies.<\/span><\/p>\n<h3><span style=\"color: #339966;\">PLA D&#8217;ACOLLIDA<\/span><\/h3>\n<p style=\"text-align: justify;\">Programa<span style=\"font-size: medium; font-family: inherit; text-align: justify;\"> destinat a ajudar als alumnes nouvinguts a integrar-se al centre. El departament d\u2019orientaci\u00f3, juntament amb coordinaci\u00f3 pedag\u00f2gica s&#8217;encarrega de la seva aplicaci\u00f3.<\/span><\/p>\n<div><\/div>\n<h2 style=\"text-align: center;\">PROJECTES D&#8217;ACCI\u00d3 TUTORIAL<\/h2>\n<div><\/div>\n<h3><span style=\"color: #339966;\">Projecte salut i escola<\/span><\/h3>\n<p style=\"text-align: justify;\"><span style=\"font-size: medium;\">L&#8217;objectiu fonamental del projecte \u00e9s millorar la salut dels adolescents a trav\u00e9s de la promoci\u00f3 de la d&#8217;h\u00e0bits saludables, la prevenci\u00f3 de situacions de risc. \u00a0Tamb\u00e9 intentem potenciar la coordinaci\u00f3 entre els serveis educatius i els sanitaris. El programa consta d&#8217;una s\u00e8rie d&#8217;eixos d&#8217;actuaci\u00f3: la salut afectiva-sexual, els trastorns amb l&#8217;alimentaci\u00f3 i el consum de drogues, tabac i alcohol. Es faran xerrades i tallers propiciant un entorn de discussi\u00f3 i reflexi\u00f3. Els alumnes disposaran d&#8217;una hora quinzenal d&#8217;atenci\u00f3 per part de la infermera del CAP.<\/span><\/p>\n<h3><span style=\"color: #339966;\">Projecte de prevenci\u00f3 del feixisme i del racisme<\/span><\/h3>\n<p style=\"text-align: justify;\"><span style=\"font-size: medium;\">Aquest projecte neix com a conseq\u00fc\u00e8ncia del viatge de fi de curs dels alumnes de 4t d\u2019ESO on \u00a0visitaran el camp de concentraci\u00f3 de Dachau, i, de la necessitat de l\u2019educaci\u00f3 del nostre alumnat en contra de fets i actituds racistes, xen\u00f2fobes i feixistes, intentant la sensibilitzaci\u00f3 i \u00a0la lluita , tant a nivell personal com social. \u00a0Es treballar\u00e0 des de les \u00e0rees d&#8217;\u00e8tica, tutoria i alemany.<\/span><\/p>\n<div><\/div>\n<h2 style=\"text-align: center;\">PROJECTES DE DIVERSITAT<\/h2>\n<div><\/div>\n<div><\/div>\n<h3><span style=\"color: #339966;\">PROJECTE SINGULAR RIERA<\/span><\/h3>\n<div><\/div>\n<p style=\"text-align: justify;\"><span style=\"font-size: medium;\"><strong><a href=\"http:\/\/agora.xtec.cat\/ies-dperramon\/wp-content\/uploads\/usu947\/2015\/02\/20150224_133305.jpg\"><img loading=\"lazy\" decoding=\"async\" class=\"aligncenter size-full wp-image-1170\" src=\"http:\/\/agora.xtec.cat\/ies-dperramon\/wp-content\/uploads\/usu947\/2015\/02\/20150224_133305.jpg\" alt=\"20150224_133305\" width=\"2000\" height=\"1100\" \/><\/a>E<\/strong>ls projectes singulars els ha impulsat el Departament d&#8217;Ensenyament des de fa molts anys, i nosaltres portem treballant amb ells des del curs 2004-05.\u00a0 Els\u00a0 alumnes del projecte RIERA podran fer pr\u00e0ctiques en empreses 3 dies a la setmana amb un total de 13 hores. A l&#8217;institut treballem especialment les mat\u00e8ries comunes: catal\u00e0, castell\u00e0, matem\u00e0tiques, angl\u00e8s, educaci\u00f3 f\u00edsica i tutoria, aconseguint que\u00a0 la majoria dels alumnes obtinguin el graduat en secund\u00e0ria obligat\u00f2ria i obrint aix\u00ed les portes a continuar els seus estudis de Formaci\u00f3 Professional.<\/span><\/p>\n<h3><span style=\"color: #339966;\">Projecte d&#8217;Impuls i Millora (PIM)<\/span><\/h3>\n<p style=\"text-align: justify;\"><span style=\"font-size: medium;\">Aquest projecte va ser engegat pel Departament d&#8217;Ensenyament durant el curs 2013-14, per\u00f2 la majoria de centres ja el treball\u00e0vem des de feia uns quants anys. Es tracta de fer petits grups de no m\u00e9s de 12 alumnes, a les \u00e0rees de matem\u00e0tiques, lleng\u00fces catalana i castellana amb alumnes de baix rendiment acad\u00e8mic i que no van obtenir bons resultats a les proves de compet\u00e8ncies b\u00e0siques de 6\u00e8 de prim\u00e0ria. <\/span><\/p>\n<p style=\"text-align: justify;\"><span style=\"font-size: medium;\">L&#8217;objectiu del projecte \u00e9s afavorir l&#8217;aprenentatge i l&#8217;adquisici\u00f3 d&#8217;aquestes compet\u00e8ncies que no assolides.<\/span><\/p>\n<div><\/div>\n<h2 style=\"text-align: center;\">POTENCIEM LES \u00a0CI\u00c8NCIES<\/h2>\n<div><\/div>\n<div><a href=\"http:\/\/agora.xtec.cat\/ies-dperramon\/wp-content\/uploads\/usu947\/2015\/01\/20150218_100434.jpg\"><img loading=\"lazy\" decoding=\"async\" class=\"aligncenter size-full wp-image-1139\" style=\"float: left;\" src=\"http:\/\/agora.xtec.cat\/ies-dperramon\/wp-content\/uploads\/usu947\/2015\/01\/20150218_100434.jpg\" alt=\"20150218_100434\" width=\"300\" height=\"180\" \/><\/a>\u00a0 \u00a0<a href=\"http:\/\/agora.xtec.cat\/ies-dperramon\/wp-content\/uploads\/usu947\/2015\/03\/LABORATORI.jpg\"><img loading=\"lazy\" decoding=\"async\" class=\"aligncenter size-full wp-image-1234\" src=\"http:\/\/agora.xtec.cat\/ies-dperramon\/wp-content\/uploads\/usu947\/2015\/03\/LABORATORI.jpg\" alt=\"LABORATORI\" width=\"275\" height=\"190\" \/><\/a><\/div>\n<p style=\"text-align: justify;\"><span style=\"font-size: medium;\">Es tracta d&#8217;un projecte transversal des de 1r d&#8217;ESO i \u00a0fins a 2n de batxillerat on volem \u00a0motivar i potenciar el car\u00e0cter cient\u00edfic i \u00a0creatiu dels alumnes.<\/span><\/p>\n<p style=\"text-align: justify;\"><span style=\"font-size: medium;\">Participem en diversos concursos, proves i \u00a0cursets. En concret hi participem a &#8220;Fem mates&#8221; , &#8220;Estalmat&#8221;, &#8220;Proves Cangur&#8221;, &#8220;Problemes a l&#8217;esprint&#8221;, &#8220;Dissabtes de la f\u00edsica i \u00a0qu\u00edmica&#8221;. Tamb\u00e9 a les olimp\u00edades de diverses mat\u00e8ries, al &#8220;Joves i Ci\u00e8ncia&#8221; de la Fundaci\u00f3 La Pedrera. \u00a0En general qualsevol concurs extern que creiem que motivar\u00e0 \u00a0l&#8217;esfor\u00e7 i el treball a les mat\u00e8ries cient\u00edfiques.<\/span><\/p>\n<div><\/div>\n<p style=\"text-align: justify;\">En aquesta secci\u00f3 cada centre pot crear les p\u00e0gines necess\u00e0ries per a descriure el seu projecte educatiu. D&#8217;acord amb la <a title=\"Article 91 LEC\" href=\"http:\/\/www20.gencat.cat\/portal\/site\/portaljuridic\/menuitem.d15a4e5dfb99396dc366ec10b0c0e1a0\/?vgnextoid=b85297b5a87d6210VgnVCM1000000b0c1e0aRCRD&amp;vgnextchannel=b85297b5a87d6210VgnVCM1000000b0c1e0aRCRD&amp;vgnextfmt=default&amp;action=fitxa&amp;portalId=1&amp;documentId=480169&amp;newLang=ca_ES#fragment-1182442\" target=\"_blank\" rel=\"noopener\">Llei d&#8217;Educaci\u00f3 de Catalunya<\/a>, el projecte educatiu incorpora el car\u00e0cter propi del centre i ha de contenir com a m\u00ednim els elements seg\u00fcents:<\/p>\n<ul>\n<li>Criteris d&#8217;ordenaci\u00f3 pedag\u00f2gica, prioritats i plantejaments educatius, procediments d&#8217;inclusi\u00f3 i altres actuacions que caracteritzen el centre.<\/li>\n<li>Indicadors de progr\u00e9s.<\/li>\n<li>Concreci\u00f3 i desenvolupament dels curr\u00edculums.<\/li>\n<li>Criteris que defineixen l&#8217;estructura organitzativa.<\/li>\n<li>Projecte ling\u00fc\u00edstic.<\/li>\n<li>Car\u00e0cter propi del centre, si n&#8217;hi ha.<\/li>\n<\/ul>\n<p style=\"text-align: justify;\">Es pot\u00a0incloure tamb\u00e9 en aquesta secci\u00f3 informaci\u00f3 sobre les unitats i serveis especialitzats del centre (USEE, Aula d&#8217;Acollida, Aula Oberta, PIM&#8230;) aix\u00ed com altres documents que tamb\u00e9 formen part del projecte educatiu com ara: Projecte de Conviv\u00e8ncia, Pla d&#8217;Acci\u00f3 Tutorial, Pla TAC, Plans d&#8217;Acollida, Projecte d&#8217;Escola i Fam\u00edlia, Comunitats d&#8217;Aprenentatge, etc.<\/p>\n<p style=\"text-align: justify;\">Tamb\u00e9 pot ser interessant fer refer\u00e8ncia a altres projectes i activitats que es duen a terme a l&#8217;escola, com ara: Escola verda, Educaci\u00f3 per a la salut, Mobilitza&#8217;t amb la Inform\u00e0tica, Pla de reutilitzaci\u00f3 de llibres de text, Programes Erasmus+, Aprenentatge servei, Aprenentatge integrat de Continguts i Lleng\u00fces Estrangeres (AICLE), Revista de l&#8217;institut, Agenda 21&#8230;<\/p>\n<p style=\"text-align: justify;\">Donada la diversitat de seccions possibles, s&#8217;ha cregut oport\u00fa no crear\u00a0cap p\u00e0gina espec\u00edfica en la maqueta inicial, deixant a criteri del centre la decisi\u00f3 sobre la millor manera\u00a0d&#8217;estructurar la descripci\u00f3 del seu projecte educatiu. En crear els apartats\u00a0\u00e9s\u00a0important que la caixa <em>Atributs de la p\u00e0gina<\/em>\u00a0tingui com a pare\/mare \u201c<em>Projecte educatiu<\/em>\u201c, i que se seleccioni com a plantilla l&#8217;opci\u00f3 \u201c<em>Men\u00fa lateral<\/em>\u201c.<\/p>\n<p>&nbsp;<\/p>\n<p>&nbsp;<\/p>\n","protected":false},"excerpt":{"rendered":"<p>PROJECTES D&#8217;INNOVACI\u00d3 Projecte PILE Aquest projecte vol fomentar el coneixement de les lleng\u00fces estrangeres entre els nostres alumnes. Al centre ofertem l&#8217;angl\u00e8s com a primera llengua estrangera. Tamb\u00e9 ofertem el franc\u00e8s des de 2n d&#8217;ESO i l&#8217;alemany desde 4t d&#8217;ESO.\u00a0 Un dels punts forts del projecte \u00e9s la utilitzaci\u00f3 de l&#8217;angl\u00e8s en mat\u00e8ries que no [&hellip;]<\/p>\n","protected":false},"author":1,"featured_media":0,"parent":0,"menu_order":110,"comment_status":"closed","ping_status":"closed","template":"page-templates\/side-menu.php","meta":{"_bbp_topic_count":0,"_bbp_reply_count":0,"_bbp_total_topic_count":0,"_bbp_total_reply_count":0,"_bbp_voice_count":0,"_bbp_anonymous_reply_count":0,"_bbp_topic_count_hidden":0,"_bbp_reply_count_hidden":0,"_bbp_forum_subforum_count":0,"site-sidebar-layout":"default","site-content-layout":"","ast-site-content-layout":"","site-content-style":"default","site-sidebar-style":"default","ast-global-header-display":"","ast-banner-title-visibility":"","ast-main-header-display":"","ast-hfb-above-header-display":"","ast-hfb-below-header-display":"","ast-hfb-mobile-header-display":"","site-post-title":"","ast-breadcrumbs-content":"","ast-featured-img":"","footer-sml-layout":"","theme-transparent-header-meta":"","adv-header-id-meta":"","stick-header-meta":"","header-above-stick-meta":"","header-main-stick-meta":"","header-below-stick-meta":"","astra-migrate-meta-layouts":"default","ast-page-background-enabled":"default","ast-page-background-meta":{"desktop":{"background-color":"var(--ast-global-color-4)","background-image":"","background-repeat":"repeat","background-position":"center center","background-size":"auto","background-attachment":"scroll","background-type":"","background-media":"","overlay-type":"","overlay-color":"","overlay-opacity":"","overlay-gradient":""},"tablet":{"background-color":"","background-image":"","background-repeat":"repeat","background-position":"center center","background-size":"auto","background-attachment":"scroll","background-type":"","background-media":"","overlay-type":"","overlay-color":"","overlay-opacity":"","overlay-gradient":""},"mobile":{"background-color":"","background-image":"","background-repeat":"repeat","background-position":"center center","background-size":"auto","background-attachment":"scroll","background-type":"","background-media":"","overlay-type":"","overlay-color":"","overlay-opacity":"","overlay-gradient":""}},"ast-content-background-meta":{"desktop":{"background-color":"var(--ast-global-color-5)","background-image":"","background-repeat":"repeat","background-position":"center center","background-size":"auto","background-attachment":"scroll","background-type":"","background-media":"","overlay-type":"","overlay-color":"","overlay-opacity":"","overlay-gradient":""},"tablet":{"background-color":"var(--ast-global-color-5)","background-image":"","background-repeat":"repeat","background-position":"center center","background-size":"auto","background-attachment":"scroll","background-type":"","background-media":"","overlay-type":"","overlay-color":"","overlay-opacity":"","overlay-gradient":""},"mobile":{"background-color":"var(--ast-global-color-5)","background-image":"","background-repeat":"repeat","background-position":"center center","background-size":"auto","background-attachment":"scroll","background-type":"","background-media":"","overlay-type":"","overlay-color":"","overlay-opacity":"","overlay-gradient":""}},"footnotes":""},"class_list":["post-57","page","type-page","status-publish","hentry"],"post_mailing_queue_ids":[],"_links":{"self":[{"href":"https:\/\/agora.xtec.cat\/ies-dperramon\/wp-json\/wp\/v2\/pages\/57","targetHints":{"allow":["GET"]}}],"collection":[{"href":"https:\/\/agora.xtec.cat\/ies-dperramon\/wp-json\/wp\/v2\/pages"}],"about":[{"href":"https:\/\/agora.xtec.cat\/ies-dperramon\/wp-json\/wp\/v2\/types\/page"}],"author":[{"embeddable":true,"href":"https:\/\/agora.xtec.cat\/ies-dperramon\/wp-json\/wp\/v2\/users\/1"}],"replies":[{"embeddable":true,"href":"https:\/\/agora.xtec.cat\/ies-dperramon\/wp-json\/wp\/v2\/comments?post=57"}],"version-history":[{"count":4,"href":"https:\/\/agora.xtec.cat\/ies-dperramon\/wp-json\/wp\/v2\/pages\/57\/revisions"}],"predecessor-version":[{"id":6435,"href":"https:\/\/agora.xtec.cat\/ies-dperramon\/wp-json\/wp\/v2\/pages\/57\/revisions\/6435"}],"wp:attachment":[{"href":"https:\/\/agora.xtec.cat\/ies-dperramon\/wp-json\/wp\/v2\/media?parent=57"}],"curies":[{"name":"wp","href":"https:\/\/api.w.org\/{rel}","templated":true}]}}