{"id":5682,"date":"2022-05-20T12:40:19","date_gmt":"2022-05-20T10:40:19","guid":{"rendered":"https:\/\/agora.xtec.cat\/ies-dperramon\/?page_id=5682"},"modified":"2023-02-06T08:00:56","modified_gmt":"2023-02-06T07:00:56","slug":"diagnosi","status":"publish","type":"page","link":"https:\/\/agora.xtec.cat\/ies-dperramon\/projecte-educatiu\/projecte-digital-de-centre\/part-estrategica\/diagnosi\/","title":{"rendered":"DIAGNOSI"},"content":{"rendered":"<h4><span style=\"color: #339966;\">Qu\u00e8 s&#8217;ha valorat en la Diagnosi?<\/span><\/h4>\n<p>La comissi\u00f3 d&#8217;estrat\u00e8gia digital del centre ha utilitzat els seg\u00fcents recursos per realitzar la diagnosi:<\/p>\n<ul>\n<li style=\"list-style-type: none;\">\n<ul>\n<li>Selfie al professorat i alumnat.<\/li>\n<li>Enquesta de la compet\u00e8ncia digital docent al claustre.<\/li>\n<li>Entrevistes amb la direcci\u00f3 del centre, amb la coordinadora digital i als caps de departament.<\/li>\n<li>Enquesta i entrevistes a fam\u00edlies.<\/li>\n<li>Valoracions en viu al llarg del curs de l&#8217;alumnat i el professorat.<\/li>\n<li>Sistema d\u2019indicadors que el centre ja recull anualment.<\/li>\n<\/ul>\n<\/li>\n<\/ul>\n<p class=\"CDt4Ke zfr3Q\" dir=\"ltr\">A partir de l\u2019an\u00e0lisi d\u2019aquestes eines, es detecten els seg\u00fcents punts forts i aspectes a millorar segons diferents aspectes.<\/p>\n<p dir=\"ltr\" style=\"text-align: center;\"><span style=\"color: #339966;\">Fam\u00edlies enquestades segons el nivell<\/span><\/p>\n<p dir=\"ltr\"><a href=\"https:\/\/agora.xtec.cat\/ies-dperramon\/wp-content\/uploads\/usu947\/2022\/06\/fam.png\"><img loading=\"lazy\" decoding=\"async\" class=\"wp-image-6018 aligncenter\" src=\"https:\/\/agora.xtec.cat\/ies-dperramon\/wp-content\/uploads\/usu947\/2022\/06\/fam.png\" alt=\"\" width=\"400\" height=\"188\" srcset=\"https:\/\/agora.xtec.cat\/ies-dperramon\/wp-content\/uploads\/usu947\/2022\/06\/fam.png 886w, https:\/\/agora.xtec.cat\/ies-dperramon\/wp-content\/uploads\/usu947\/2022\/06\/fam-300x141.png 300w, https:\/\/agora.xtec.cat\/ies-dperramon\/wp-content\/uploads\/usu947\/2022\/06\/fam-768x361.png 768w\" sizes=\"auto, (max-width: 400px) 100vw, 400px\" \/><\/a><\/p>\n<h4><span style=\"color: #339966;\">Resultats de l&#8217;eina Selfie<\/span><\/h4>\n<p>Les dades que es mostren a continuaci\u00f3 mostren la mitjana de les respostes dels membres de l&#8217;equip directiu, del professorat i alumnat en relaci\u00f3 a cada \u00e0rea d&#8217;estudi.<strong>\u00a0 \u00a0 \u00a0 \u00a0 \u00a0 \u00a0 \u00a0 \u00a0 <\/strong><\/p>\n<table style=\"width: 100%; border-collapse: collapse; background-color: ffffff;\">\n<tbody>\n<tr>\n<td style=\"width: 50%; background-color: #f5f5f5; text-align: center;\"><span style=\"color: #339966;\">Resultats a Secund\u00e0ria per \u00e0rees\u00a0\u00a0<\/span><\/td>\n<td style=\"width: 50%; background-color: #f5f5f5; text-align: center;\"><span style=\"color: #339966;\">Resultats a Batxillerat per \u00e0reas<\/span><\/td>\n<\/tr>\n<tr>\n<td style=\"width: 50%; background-color: #ffffff;\"><a href=\"https:\/\/agora.xtec.cat\/ies-dperramon\/wp-content\/uploads\/usu947\/2022\/07\/secun.png\"><img loading=\"lazy\" decoding=\"async\" class=\"alignleft size-full wp-image-6077\" src=\"https:\/\/agora.xtec.cat\/ies-dperramon\/wp-content\/uploads\/usu947\/2022\/07\/secun.png\" alt=\"\" width=\"3600\" height=\"4968\" srcset=\"https:\/\/agora.xtec.cat\/ies-dperramon\/wp-content\/uploads\/usu947\/2022\/07\/secun.png 3600w, https:\/\/agora.xtec.cat\/ies-dperramon\/wp-content\/uploads\/usu947\/2022\/07\/secun-217x300.png 217w, https:\/\/agora.xtec.cat\/ies-dperramon\/wp-content\/uploads\/usu947\/2022\/07\/secun-742x1024.png 742w, https:\/\/agora.xtec.cat\/ies-dperramon\/wp-content\/uploads\/usu947\/2022\/07\/secun-768x1060.png 768w, https:\/\/agora.xtec.cat\/ies-dperramon\/wp-content\/uploads\/usu947\/2022\/07\/secun-1113x1536.png 1113w, https:\/\/agora.xtec.cat\/ies-dperramon\/wp-content\/uploads\/usu947\/2022\/07\/secun-1484x2048.png 1484w\" sizes=\"auto, (max-width: 3600px) 100vw, 3600px\" \/><\/a><\/td>\n<td style=\"width: 50%; background-color: #fffffc;\"><span style=\"color: #339966;\"><a href=\"https:\/\/agora.xtec.cat\/ies-dperramon\/wp-content\/uploads\/usu947\/2022\/07\/bat.png\"><img loading=\"lazy\" decoding=\"async\" class=\"alignleft size-full wp-image-6078\" src=\"https:\/\/agora.xtec.cat\/ies-dperramon\/wp-content\/uploads\/usu947\/2022\/07\/bat.png\" alt=\"\" width=\"3600\" height=\"4968\" srcset=\"https:\/\/agora.xtec.cat\/ies-dperramon\/wp-content\/uploads\/usu947\/2022\/07\/bat.png 3600w, https:\/\/agora.xtec.cat\/ies-dperramon\/wp-content\/uploads\/usu947\/2022\/07\/bat-217x300.png 217w, https:\/\/agora.xtec.cat\/ies-dperramon\/wp-content\/uploads\/usu947\/2022\/07\/bat-742x1024.png 742w, https:\/\/agora.xtec.cat\/ies-dperramon\/wp-content\/uploads\/usu947\/2022\/07\/bat-768x1060.png 768w, https:\/\/agora.xtec.cat\/ies-dperramon\/wp-content\/uploads\/usu947\/2022\/07\/bat-1113x1536.png 1113w, https:\/\/agora.xtec.cat\/ies-dperramon\/wp-content\/uploads\/usu947\/2022\/07\/bat-1484x2048.png 1484w\" sizes=\"auto, (max-width: 3600px) 100vw, 3600px\" \/><\/a><\/span><\/td>\n<\/tr>\n<\/tbody>\n<\/table>\n<p><span style=\"color: #339966; font-family: inherit; font-size: 1.4375em; font-weight: bold;\"><br \/>\nConclusions dels resultats en el Centre Dom\u00e8nec Perramon<\/span><\/p>\n<p>Els punts forts i febles que apareixen a continuaci\u00f3 s&#8217;han obtingut tenint en compte el conjunt de resultats de l&#8217;eina Selfie de l&#8217;alumnat i claustre aix\u00ed com les enquestes i entrevistes al docent, equip directiu, coordinadora digital i fam\u00edlies, aix\u00ed com a indicadors de centre.<\/p>\n<p style=\"text-align: center;\"><span style=\"color: #339966;\">PUNTS FORTS I ASPECTES A MILLORAR PER SECTORS<\/span><\/p>\n<table style=\"border-collapse: collapse; width: 100%;\">\n<tbody>\n<tr>\n<td style=\"width: 33.3333%; text-align: center;\"><a href=\"https:\/\/agora.xtec.cat\/ies-dperramon\/wp-content\/uploads\/usu947\/2022\/06\/alum.png\"><img loading=\"lazy\" decoding=\"async\" class=\"wp-image-5914 aligncenter\" src=\"https:\/\/agora.xtec.cat\/ies-dperramon\/wp-content\/uploads\/usu947\/2022\/06\/alum.png\" alt=\"\" width=\"161\" height=\"136\" srcset=\"https:\/\/agora.xtec.cat\/ies-dperramon\/wp-content\/uploads\/usu947\/2022\/06\/alum.png 674w, https:\/\/agora.xtec.cat\/ies-dperramon\/wp-content\/uploads\/usu947\/2022\/06\/alum-300x253.png 300w\" sizes=\"auto, (max-width: 161px) 100vw, 161px\" \/><\/a><\/td>\n<td style=\"width: 33.3333%;\"><a href=\"https:\/\/agora.xtec.cat\/ies-dperramon\/wp-content\/uploads\/usu947\/2022\/06\/teacher.png\"><img loading=\"lazy\" decoding=\"async\" class=\"wp-image-5915 aligncenter\" src=\"https:\/\/agora.xtec.cat\/ies-dperramon\/wp-content\/uploads\/usu947\/2022\/06\/teacher.png\" alt=\"\" width=\"104\" height=\"149\" srcset=\"https:\/\/agora.xtec.cat\/ies-dperramon\/wp-content\/uploads\/usu947\/2022\/06\/teacher.png 399w, https:\/\/agora.xtec.cat\/ies-dperramon\/wp-content\/uploads\/usu947\/2022\/06\/teacher-210x300.png 210w\" sizes=\"auto, (max-width: 104px) 100vw, 104px\" \/><\/a><\/td>\n<td style=\"width: 33.3333%;\"><a href=\"https:\/\/agora.xtec.cat\/ies-dperramon\/wp-content\/uploads\/usu947\/2022\/06\/institut.png\"><img loading=\"lazy\" decoding=\"async\" class=\"wp-image-5916 aligncenter\" src=\"https:\/\/agora.xtec.cat\/ies-dperramon\/wp-content\/uploads\/usu947\/2022\/06\/institut.png\" alt=\"\" width=\"121\" height=\"123\" srcset=\"https:\/\/agora.xtec.cat\/ies-dperramon\/wp-content\/uploads\/usu947\/2022\/06\/institut.png 561w, https:\/\/agora.xtec.cat\/ies-dperramon\/wp-content\/uploads\/usu947\/2022\/06\/institut-295x300.png 295w\" sizes=\"auto, (max-width: 121px) 100vw, 121px\" \/><\/a><\/td>\n<\/tr>\n<tr>\n<td style=\"width: 33.3333%; background-color: #f5f5f5;\">\n<h4 style=\"text-align: center;\"><a href=\"https:\/\/agora.xtec.cat\/ies-dperramon\/projecte-educatiu\/projecte-digital-de-centre\/part-estrategica\/diagnosi\/alumnat\/\">Alumnat<\/a><\/h4>\n<\/td>\n<td style=\"width: 33.3333%; background-color: #f5f5f5;\">\n<h4 style=\"text-align: center;\"><a href=\"https:\/\/agora.xtec.cat\/ies-dperramon\/projecte-educatiu\/projecte-digital-de-centre\/part-estrategica\/diagnosi\/professorat\/\">Professorat<\/a><\/h4>\n<\/td>\n<td style=\"width: 33.3333%; background-color: #f5f5f5;\">\n<h4 style=\"text-align: center;\"><a href=\"https:\/\/agora.xtec.cat\/ies-dperramon\/projecte-educatiu\/projecte-digital-de-centre\/part-estrategica\/diagnosi\/centre\/\">Centre<\/a><\/h4>\n<\/td>\n<\/tr>\n<\/tbody>\n<\/table>\n<p>&nbsp;<\/p>\n<p>En els seg\u00fcents gr\u00e0fics es representen els punts forts i febles dels diferents \u00e0mbits considerats en la diagnosi.<\/p>\n<p style=\"text-align: center;\"><span style=\"color: #339966;\">PUNTS FORTS I ASPECTES A MILLORAR PER \u00c0MBITS<\/span><\/p>\n<p><a href=\"https:\/\/agora.xtec.cat\/ies-dperramon\/wp-content\/uploads\/usu947\/2023\/02\/Diagnosi-EDC-22-23.jpg\"><img loading=\"lazy\" decoding=\"async\" class=\"wp-image-6428  aligncenter\" src=\"https:\/\/agora.xtec.cat\/ies-dperramon\/wp-content\/uploads\/usu947\/2023\/02\/Diagnosi-EDC-22-23.jpg\" alt=\"\" width=\"541\" height=\"216\" \/><\/a><\/p>\n<p><strong><span style=\"color: #339966;\"><a href=\"https:\/\/agora.xtec.cat\/ies-dperramon\/wp-content\/uploads\/usu947\/2023\/02\/Grafic-diagnosi-EDC-22-23.jpg\"><img loading=\"lazy\" decoding=\"async\" class=\"wp-image-6429  aligncenter\" src=\"https:\/\/agora.xtec.cat\/ies-dperramon\/wp-content\/uploads\/usu947\/2023\/02\/Grafic-diagnosi-EDC-22-23.jpg\" alt=\"\" width=\"541\" height=\"332\" srcset=\"https:\/\/agora.xtec.cat\/ies-dperramon\/wp-content\/uploads\/usu947\/2023\/02\/Grafic-diagnosi-EDC-22-23.jpg 820w, https:\/\/agora.xtec.cat\/ies-dperramon\/wp-content\/uploads\/usu947\/2023\/02\/Grafic-diagnosi-EDC-22-23-300x185.jpg 300w, https:\/\/agora.xtec.cat\/ies-dperramon\/wp-content\/uploads\/usu947\/2023\/02\/Grafic-diagnosi-EDC-22-23-768x473.jpg 768w\" sizes=\"auto, (max-width: 541px) 100vw, 541px\" \/><\/a><\/span><\/strong><a href=\"https:\/\/agora.xtec.cat\/ies-dperramon\/wp-content\/uploads\/usu947\/2023\/02\/GRAFIC-BARRES-EDC-22-23.jpg\"><img loading=\"lazy\" decoding=\"async\" class=\"wp-image-6430  aligncenter\" src=\"https:\/\/agora.xtec.cat\/ies-dperramon\/wp-content\/uploads\/usu947\/2023\/02\/GRAFIC-BARRES-EDC-22-23.jpg\" alt=\"\" width=\"537\" height=\"331\" srcset=\"https:\/\/agora.xtec.cat\/ies-dperramon\/wp-content\/uploads\/usu947\/2023\/02\/GRAFIC-BARRES-EDC-22-23.jpg 843w, https:\/\/agora.xtec.cat\/ies-dperramon\/wp-content\/uploads\/usu947\/2023\/02\/GRAFIC-BARRES-EDC-22-23-300x185.jpg 300w, https:\/\/agora.xtec.cat\/ies-dperramon\/wp-content\/uploads\/usu947\/2023\/02\/GRAFIC-BARRES-EDC-22-23-768x473.jpg 768w\" sizes=\"auto, (max-width: 537px) 100vw, 537px\" \/><\/a><\/p>\n","protected":false},"excerpt":{"rendered":"<p>Qu\u00e8 s&#8217;ha valorat en la Diagnosi? La comissi\u00f3 d&#8217;estrat\u00e8gia digital del centre ha utilitzat els seg\u00fcents recursos per realitzar la diagnosi: Selfie al professorat i alumnat. Enquesta de la compet\u00e8ncia digital docent al claustre. Entrevistes amb la direcci\u00f3 del centre, amb la coordinadora digital i als caps de departament. Enquesta i entrevistes a fam\u00edlies. Valoracions [&hellip;]<\/p>\n","protected":false},"author":1,"featured_media":0,"parent":5684,"menu_order":0,"comment_status":"closed","ping_status":"closed","template":"page-templates\/side-menu.php","meta":{"_bbp_topic_count":0,"_bbp_reply_count":0,"_bbp_total_topic_count":0,"_bbp_total_reply_count":0,"_bbp_voice_count":0,"_bbp_anonymous_reply_count":0,"_bbp_topic_count_hidden":0,"_bbp_reply_count_hidden":0,"_bbp_forum_subforum_count":0,"site-sidebar-layout":"default","site-content-layout":"","ast-site-content-layout":"","site-content-style":"default","site-sidebar-style":"default","ast-global-header-display":"","ast-banner-title-visibility":"","ast-main-header-display":"","ast-hfb-above-header-display":"","ast-hfb-below-header-display":"","ast-hfb-mobile-header-display":"","site-post-title":"","ast-breadcrumbs-content":"","ast-featured-img":"","footer-sml-layout":"","theme-transparent-header-meta":"","adv-header-id-meta":"","stick-header-meta":"","header-above-stick-meta":"","header-main-stick-meta":"","header-below-stick-meta":"","astra-migrate-meta-layouts":"default","ast-page-background-enabled":"default","ast-page-background-meta":{"desktop":{"background-color":"var(--ast-global-color-4)","background-image":"","background-repeat":"repeat","background-position":"center center","background-size":"auto","background-attachment":"scroll","background-type":"","background-media":"","overlay-type":"","overlay-color":"","overlay-opacity":"","overlay-gradient":""},"tablet":{"background-color":"","background-image":"","background-repeat":"repeat","background-position":"center center","background-size":"auto","background-attachment":"scroll","background-type":"","background-media":"","overlay-type":"","overlay-color":"","overlay-opacity":"","overlay-gradient":""},"mobile":{"background-color":"","background-image":"","background-repeat":"repeat","background-position":"center center","background-size":"auto","background-attachment":"scroll","background-type":"","background-media":"","overlay-type":"","overlay-color":"","overlay-opacity":"","overlay-gradient":""}},"ast-content-background-meta":{"desktop":{"background-color":"var(--ast-global-color-5)","background-image":"","background-repeat":"repeat","background-position":"center center","background-size":"auto","background-attachment":"scroll","background-type":"","background-media":"","overlay-type":"","overlay-color":"","overlay-opacity":"","overlay-gradient":""},"tablet":{"background-color":"var(--ast-global-color-5)","background-image":"","background-repeat":"repeat","background-position":"center center","background-size":"auto","background-attachment":"scroll","background-type":"","background-media":"","overlay-type":"","overlay-color":"","overlay-opacity":"","overlay-gradient":""},"mobile":{"background-color":"var(--ast-global-color-5)","background-image":"","background-repeat":"repeat","background-position":"center center","background-size":"auto","background-attachment":"scroll","background-type":"","background-media":"","overlay-type":"","overlay-color":"","overlay-opacity":"","overlay-gradient":""}},"footnotes":""},"class_list":["post-5682","page","type-page","status-publish","hentry"],"post_mailing_queue_ids":[],"_links":{"self":[{"href":"https:\/\/agora.xtec.cat\/ies-dperramon\/wp-json\/wp\/v2\/pages\/5682","targetHints":{"allow":["GET"]}}],"collection":[{"href":"https:\/\/agora.xtec.cat\/ies-dperramon\/wp-json\/wp\/v2\/pages"}],"about":[{"href":"https:\/\/agora.xtec.cat\/ies-dperramon\/wp-json\/wp\/v2\/types\/page"}],"author":[{"embeddable":true,"href":"https:\/\/agora.xtec.cat\/ies-dperramon\/wp-json\/wp\/v2\/users\/1"}],"replies":[{"embeddable":true,"href":"https:\/\/agora.xtec.cat\/ies-dperramon\/wp-json\/wp\/v2\/comments?post=5682"}],"version-history":[{"count":4,"href":"https:\/\/agora.xtec.cat\/ies-dperramon\/wp-json\/wp\/v2\/pages\/5682\/revisions"}],"predecessor-version":[{"id":6431,"href":"https:\/\/agora.xtec.cat\/ies-dperramon\/wp-json\/wp\/v2\/pages\/5682\/revisions\/6431"}],"up":[{"embeddable":true,"href":"https:\/\/agora.xtec.cat\/ies-dperramon\/wp-json\/wp\/v2\/pages\/5684"}],"wp:attachment":[{"href":"https:\/\/agora.xtec.cat\/ies-dperramon\/wp-json\/wp\/v2\/media?parent=5682"}],"curies":[{"name":"wp","href":"https:\/\/api.w.org\/{rel}","templated":true}]}}