{"id":928,"date":"2022-01-10T09:00:42","date_gmt":"2022-01-10T08:00:42","guid":{"rendered":"https:\/\/agora.xtec.cat\/ies-castelldelquer-prats\/?page_id=928"},"modified":"2026-02-26T19:56:19","modified_gmt":"2026-02-26T18:56:19","slug":"orientacio-universitaria","status":"publish","type":"page","link":"https:\/\/agora.xtec.cat\/ies-castelldelquer-prats\/estudis\/batxillerat\/2n-batxillerat\/orientacio-universitaria\/","title":{"rendered":"Orientaci\u00f3 universit\u00e0ria i a cicles formatius"},"content":{"rendered":"<p style=\"text-align: justify;\"><a href=\"https:\/\/view.genially.com\/63b99262469dba0013e58c07\/interactive-content-cami-a-la-universitat\" target=\"_blank\" rel=\"noopener\"><img loading=\"lazy\" decoding=\"async\" class=\"alignleft size-medium wp-image-6070\" src=\"https:\/\/agora.xtec.cat\/ies-castelldelquer-prats\/wp-content\/uploads\/usu2163\/2026\/01\/Captura-de-pantalla-2026-01-27-125824-150x300.png\" alt=\"\" width=\"150\" height=\"300\" srcset=\"https:\/\/agora.xtec.cat\/ies-castelldelquer-prats\/wp-content\/uploads\/usu2163\/2026\/01\/Captura-de-pantalla-2026-01-27-125824-150x300.png 150w, https:\/\/agora.xtec.cat\/ies-castelldelquer-prats\/wp-content\/uploads\/usu2163\/2026\/01\/Captura-de-pantalla-2026-01-27-125824.png 365w\" sizes=\"auto, (max-width: 150px) 100vw, 150px\" \/><\/a><\/p>\n<p style=\"text-align: justify;\">Durant el segon i tercer trimestre dediquem les tutories a orientar l&#8217;alumnat cap a estudis posteriors. Explicant els passos a seguir, programant xerrades amb les diverses universitats p\u00fabliques, i tamb\u00e9 amb sessions individuals per ajudar a l&#8217;alumnat a prendre decisions.<\/p>\n<p>Per veure els passos,\u00a0 fes clic a la imatge.<\/p>\n<p>A continuaci\u00f3, s&#8217;ha recollit un seguit d&#8217;enlla\u00e7os i dates per a poder facilitar els tr\u00e0mits i disposar la informaci\u00f3 necess\u00e0ria per a encarar el cam\u00ed cap als estudis posteriors.<\/p>\n<p>&nbsp;<\/p>\n<p>&nbsp;<\/p>\n<p>&nbsp;<\/p>\n<p><span style=\"color: #073763; font-size: large;\"><b>Cicles formatius de grau superior \u00a0<\/b><\/span><\/p>\n<p><a style=\"font-family: inherit; font-size: 1em;\" href=\"https:\/\/preinscripcio.gencat.cat\/ca\/estudis\/fp-grau-superior\/inici\/\">https:\/\/preinscripcio.gencat.cat\/ca\/estudis\/fp-grau-superior\/inici\/\u00a0<\/a><\/p>\n<h2><span style=\"color: #073763; font-size: large;\"><b>Les proves d&#8217;acc\u00e9s a la Universitat (PAU)<\/b><\/span><\/h2>\n<div>\n<ul>\n<li><b>Com s\u00f3n les proves ?\u00a0<\/b>\u00a0Podeu llegir-ho a\u00a0\u00a0<a href=\"https:\/\/universitats.gencat.cat\/ca\/proves-acces-PAU-PAP\/sobre-PAU\/que-son-PAU\/\" target=\"_blank\" rel=\"nofollow noopener\">http:\/\/universitats.gencat.cat\/ca\/pau\/que_heu_saber\/estructura_qualificacio\/<\/a><\/li>\n<li><b>De quins continguts cal examinar-se?\u00a0<\/b>Podeu llegir-ho <a href=\"https:\/\/universitats.gencat.cat\/ca\/proves-acces-PAU-PAP\/preparat-PAU\/\" target=\"_blank\" rel=\"noopener\">https:\/\/universitats.gencat.cat\/ca\/proves-acces-PAU-PAP\/preparat-PAU\/<\/a><\/li>\n<li><b>Qui avalua les PAU?\u00a0 <\/b><a href=\"https:\/\/universitats.gencat.cat\/ca\/proves-acces-PAU-PAP\/sobre-PAU\/tribunals\/\" target=\"_blank\" rel=\"noopener\">https:\/\/universitats.gencat.cat\/ca\/proves-acces-PAU-PAP\/sobre-PAU\/tribunals\/<\/a><\/li>\n<li><b>Com s&#8217;avaluen i quin pes tenen en la nota d&#8217;acc\u00e9s a la universitat ?\u00a0<\/b>Podeu llegir-ho\u00a0 <a href=\"https:\/\/universitats.gencat.cat\/ca\/proves-acces-PAU-PAP\/resultat-PAU\/qualificacio-PAU\/\" target=\"_blank\" rel=\"noopener\">https:\/\/universitats.gencat.cat\/ca\/proves-acces-PAU-PAP\/resultat-PAU\/qualificacio-PAU\/<\/a><\/li>\n<\/ul>\n<\/div>\n<div>\n<ul>\n<li><b>Com es pot demanar una revisi\u00f3 de la nota<\/b>\u00a0 Podeu llegir-ho <a href=\"https:\/\/universitats.gencat.cat\/ca\/proves-acces-PAU-PAP\/resultat-PAU\/resultats-revisio\/\" target=\"_blank\" rel=\"noopener\">https:\/\/universitats.gencat.cat\/ca\/proves-acces-PAU-PAP\/resultat-PAU\/resultats-revisio\/<\/a><\/li>\n<li><span style=\"font-size: medium;\"><b>Preguntes freq\u00fcents sobre les PAU\u00a0\u00a0<\/b><a href=\"https:\/\/universitats.gencat.cat\/ca\/preguntes-frequents-normativa\/dubtes-preguntes-temes\/proves-resultats\/\" target=\"_blank\" rel=\"noopener\">https:\/\/universitats.gencat.cat\/ca\/preguntes-frequents-normativa\/dubtes-preguntes-temes\/proves-resultats\/<\/a><\/span><\/li>\n<\/ul>\n<\/div>\n<h2><span style=\"color: #073763; font-size: large;\"><b>Calendari PAU<\/b><\/span><\/h2>\n<div>\n<p><strong>Convocat\u00f2ria ordin\u00e0ria PAU:<\/strong><\/p>\n<ul>\n<li><span style=\"font-family: inherit; font-size: 1em;\">Prematr\u00edcula per a la PAU convocat\u00f2ria ordin\u00e0ria: <strong>del dimarts 10\u00a0 al dimarts 17 de febrer de 2026,<\/strong> ambd\u00f3s inclosos.<\/span><\/li>\n<li>Matr\u00edcula a la PAU: del <strong>dimarts 19 al dimecres 27 de maig de 2026,<\/strong> ambd\u00f3s inclosos.\u00a0\u00daltim dia de pagament per a l\u2019alumnat que vulgui\u00a0 \u00a0fer la PAU a la convocat\u00f2ria ordin\u00e0ria.<\/li>\n<li>Notificaci\u00f3 als centres del tribunal i lloc d\u2019examen de l\u2019alumnat matriculat a la PAU al portal Accesnet-Centres: <strong>\u00a0juny de 2026.<\/strong><strong>\u00a0<\/strong>A partir d&#8217;aquest dia l\u2019alumnat pot consultar el tribunal i lloc d\u2019examen al portal d\u2019acc\u00e9s a la universitat.<\/li>\n<\/ul>\n<p><a href=\"https:\/\/universitats.gencat.cat\/ca\/pau\/dia-prova\/\" target=\"_blank\" rel=\"noopener\"><strong>Dies de la PAU<\/strong><\/a><\/p>\n<p><strong>Convocat\u00f2ria ordin\u00e0ria PAU:<\/strong><\/p>\n<ul>\n<li>Tribunal Ordinari. <strong>Dimarts 9, Dimecres 10, dijous 11 de juny de 2026<\/strong><\/li>\n<li>Tribunal Especial. <strong>Dimarts 16, dimecres 17 i dijous 18 de juny de 2026<\/strong><\/li>\n<\/ul>\n<\/div>\n<div>\n<ul>\n<li style=\"font-weight: 400;\"><span style=\"font-weight: 400;\">Publicaci\u00f3 resultats PAU:<\/span><b> 23 de juny<\/b><\/li>\n<li>Termini de sol\u00b7licitud de revisi\u00f3: <strong>Pendent de publicaci\u00f3\u00a0<\/strong><\/li>\n<li>Publicaci\u00f3 de notes de revisi\u00f3: <strong>Pendent de publicaci\u00f3\u00a0<\/strong><\/li>\n<li>Sol\u00b7licitud per veure examen PAU: <strong>Pendent de publicaci\u00f3\u00a0<\/strong><strong>\u00a0<\/strong>(nom\u00e9s si has demanat pr\u00e8viament la revisi\u00f3).<\/li>\n<\/ul>\n<p style=\"font-weight: 400;\"><strong>Convocat\u00f2ria extraordin\u00e0ria PAU:<\/strong><\/p>\n<ul>\n<li>Matr\u00edcula a la\u00a0<span class=\"il\">PAU<\/span>: del dimarts 22 al dijous 24 de juliol de 2025, ambd\u00f3s inclosos.<\/li>\n<li>Dies de la prova d&#8217;acc\u00e9s: Dimecres 2, dijous 3 i divendres 4 de setembre de 2026<\/li>\n<li>Publicaci\u00f3 de resultats PAU : <strong>Pendent de publicaci\u00f3\u00a0<\/strong><\/li>\n<li>Termini de sol\u00b7lituds de revisi\u00f3: <strong>Pendent de publicaci\u00f3\u00a0<\/strong><\/li>\n<li>Publicaci\u00f3 de les notes de revisi\u00f3 <strong>Pendent de publicaci\u00f3\u00a0<\/strong><\/li>\n<\/ul>\n<\/div>\n<h3>PAP<\/h3>\n<p>Per a l&#8217;admissi\u00f3 a alguns estudis de grau de les universitats de Catalunya, es demana com a requisit superar una prova d&#8217;aptitud personal (PAP). La qualificaci\u00f3 de la PAP ser\u00e0\u00a0<strong>Apte<\/strong>\u00a0o\u00a0<strong>No apte<\/strong>. En cas de ser\u00a0<strong>No apte<\/strong>, no es podr\u00e0 ser adm\u00e9s\/esa als estudis sol\u00b7licitats.<\/p>\n<h3><a href=\"https:\/\/universitats.gencat.cat\/ca\/proves-aptitud-personal\/educacio\/\" target=\"_blank\" rel=\"noopener\">PAP educaci\u00f3<\/a><\/h3>\n<div>\n<p><strong>Cursos de preparaci\u00f3 de les PAP educaci\u00f3\u00a0<\/strong><\/p>\n<table style=\"border-collapse: collapse; width: 100%;\">\n<tbody>\n<tr>\n<td style=\"width: 21.2727%;\">Universitat de VIC<\/td>\n<td style=\"width: 78.7273%;\"><a href=\"https:\/\/www.uvic.cat\/pap-mestre\" target=\"_blank\" rel=\"noopener\">https:\/\/www.uvic.cat\/pap-mestre<\/a><\/td>\n<\/tr>\n<tr>\n<td style=\"width: 21.2727%;\">Universitat de Manresa<\/td>\n<td style=\"width: 78.7273%;\"><a href=\"https:\/\/www.umanresa.cat\/ca\/curs-pap\" target=\"_blank\" rel=\"noopener\">https:\/\/www.umanresa.cat\/ca\/curs-pap<\/a><\/td>\n<\/tr>\n<\/tbody>\n<\/table>\n<p><strong>Convocat\u00f2ria ordin\u00e0ria PAP\u00a0 <\/strong>per accedir als graus d\u2019Educaci\u00f3 Infantil i Prim\u00e0ria<\/p>\n<p><a href=\"https:\/\/universitats.gencat.cat\/ca\/proves-acces-PAU-PAP\/sobre-proves-aptitud-personal\/pap-educacio-infantil-primaria\/dates-clau-per-a-la-pap\/\" target=\"_blank\" rel=\"noopener\">https:\/\/universitats.gencat.cat\/ca\/proves-acces-PAU-PAP\/sobre-proves-aptitud-personal\/pap-educacio-infantil-primaria\/dates-clau-per-a-la-pap\/\u00a0<\/a><\/p>\n<ul>\n<li>Matr\u00edcula la PAP: <span style=\"font-family: inherit; font-size: 1em;\"> <strong>del dimarts 10\u00a0 al dimarts 17 de febrer de 2026,<\/strong> ambd\u00f3s inclosos.<\/span><\/li>\n<li>Consulta d\u2019aula i lloc de la prova. <strong>8\u00a0d&#8217;abril<\/strong><\/li>\n<li>Dia de la prova: Dissabte\u00a0<strong>11 d&#8217;abril<\/strong><\/li>\n<\/ul>\n<ul>\n<li>On es fa la prova:\u00a0 Convocat\u00f2ria ordin\u00e0ria\n<ul>\n<li>Barcelona: Universitat de Barcelona<\/li>\n<li>Bellaterra: Universitat Aut\u00f2noma de Barcelona<\/li>\n<li>Girona: Universitat de Girona<\/li>\n<li>Lleida: Universitat de Lleida<\/li>\n<li>Tarragona: Universitat Rovira i Virgili<\/li>\n<\/ul>\n<\/li>\n<\/ul>\n<ul>\n<li>Publicaci\u00f3 del resultat: Dimecres\u00a0<strong>29 d&#8217;abril\u00a0<\/strong><\/li>\n<li>Sol\u00b7licitud de revisi\u00f3: del <strong>29\u00a0<\/strong>al<strong>\u00a030 d\u2019abril<\/strong><\/li>\n<li>Publicaci\u00f3 del resultat de revisi\u00f3: <strong>20 de maig <\/strong><\/li>\n<li>Sol\u00b7licitud per veure examen revisi\u00f3: del\u00a0<strong>20\u00a0<\/strong>al\u00a0<strong>22 de maig<\/strong><\/li>\n<\/ul>\n<p>m\u00e9s informaci\u00f3 : <a href=\"https:\/\/universitats.gencat.cat\/ca\/proves-acces-PAU-PAP\/sobre-proves-aptitud-personal\/\" target=\"_blank\" rel=\"noopener\">https:\/\/universitats.gencat.cat\/ca\/proves-acces-PAU-PAP\/sobre-proves-aptitud-personal\/\u00a0<\/a><\/p>\n<p><strong>Convocat\u00f2ria extraordin\u00e0ria PAP:<\/strong><\/p>\n<ul>\n<li>Matr\u00edcula: del\u00a0<strong>dijous 11<\/strong>\u00a0al\u00a0<strong>divendres 19 de juny de 2026<\/strong><\/li>\n<li>Consulta d\u2019aula i lloc de la prova: \u00a0<strong>15 de juliol<\/strong><\/li>\n<li>On es fa la prova? Convocat\u00f2ria extraordin\u00e0ria\n<ul>\n<li>Barcelona: Universitat de Barcelona<\/li>\n<li>Bellaterra: Universitat Aut\u00f2noma de Barcelona<\/li>\n<li>Girona: Universitat de Girona<\/li>\n<li>Lleida: Universitat de Lleida<\/li>\n<li>Tarragona: Universitat Rovira i Virgili<\/li>\n<\/ul>\n<\/li>\n<li><\/li>\n<li>Dia de la prova: Dimecres <strong>17 de juliol<\/strong><\/li>\n<li>Publicaci\u00f3 del resultat: Dilluns <strong>27 de juliol<\/strong><\/li>\n<li>Sol\u00b7licitud de revisi\u00f3: Del \u00a0<strong>27\u00a0<\/strong>al<strong>\u00a029 de juliol<\/strong><\/li>\n<li>Publicaci\u00f3 del resultat de revisi\u00f3: <strong>16 de setembre<\/strong><\/li>\n<li>Sol\u00b7licitud per veure examen revisi\u00f3: del\u00a0<strong>16\u00a0<\/strong>al<strong>\u00a018 de setembre<\/strong><\/li>\n<\/ul>\n<\/div>\n<div>\n<h3><a href=\"https:\/\/universitats.gencat.cat\/ca\/proves-acces-PAU-PAP\/sobre-proves-aptitud-personal\/altres-PAP\/\" target=\"_blank\" rel=\"noopener\">Altres PAP<\/a><\/h3>\n<ul>\n<li>Cinematografia: UB<\/li>\n<li>Estudis d&#8217;Espanyol i Xin\u00e8s: UAB<\/li>\n<li>Global Studies (UVic-UCC)<\/li>\n<li>Pilot d\u2019Aviaci\u00f3 Comercial i Operacions A\u00e8ries: URV<\/li>\n<li>Producci\u00f3 de M\u00fasica i So per a la Ind\u00fastria de l\u2019Entreteniment: UB<\/li>\n<li>Traducci\u00f3 i Interpretaci\u00f3 \u2013 Angl\u00e8s: UAB i UPF, i Traducci\u00f3 i Interpretaci\u00f3 i Lleng\u00fces Aplicades (simultane\u00eftat): UPF<\/li>\n<li>I altres universitats privades\u00a0 <a href=\"https:\/\/universitats.gencat.cat\/ca\/acces-universitat\/acces-universitats-privades-UOC\/\" target=\"_blank\" rel=\"noopener\">http:\/\/Universitats privades i UOC<\/a><\/li>\n<\/ul>\n<\/div>\n<p>&nbsp;<\/p>\n<div>\n<h6><span style=\"color: #073763; font-size: large;\"><b>Les universitats<\/b><\/span><\/h6>\n<\/div>\n<div>\n<ul>\n<li>Oferta universit\u00e0ria:\u00a0 \u00a0<a href=\"https:\/\/universitats.gencat.cat\/ca\/estudis-universitaris\/cercador-estudis-universitaris\/\">https:\/\/universitats.gencat.cat\/ca\/estudis-universitaris\/cercador-estudis-universitaris\/\u00a0\u00a0<\/a><\/li>\n<li>Podeu accedir a la informaci\u00f3 sobre el proc\u00e9s per accedir a estudis posteriors a la universitat en els seg\u00fcents enlla\u00e7os. <a style=\"font-family: inherit; font-size: 1em;\" href=\"http:\/\/universitats.gencat.cat\/ca\/inici\/\" rel=\"nofollow\">http:\/\/universitats.gencat<\/a><\/li>\n<\/ul>\n<\/div>\n<h6><b><span style=\"color: #073763;\">Sessions d&#8217;orientaci\u00f3 telem\u00e0tiques i presencials &#8211;\u00a0 \u00a0<span style=\"color: #008000;\">NOTA: <span style=\"font-weight: 400;\">Les xerrades que s&#8217;han programat han estat en funci\u00f3 de la demanda de l&#8217;alumnat<\/span><\/span><\/span><\/b><\/h6>\n<table style=\"height: 445px; width: 100%;\">\n<tbody>\n<tr style=\"height: 47px;\">\n<td style=\"height: 47px; width: 8.26686%;\">30\/01\/2026<\/td>\n<td style=\"height: 47px; width: 91.153%;\"><span style=\"font-weight: 400;\"><a href=\"https:\/\/view.genially.com\/63b99262469dba0013e58c07\/interactive-content-cami-a-la-universitat\" target=\"_blank\" rel=\"noopener\">Cap als estudis posteriors: universitat o cicles formatius\u00a0<\/a> i\u00a0 <\/span><a style=\"font-family: inherit; font-size: 1em;\" href=\"https:\/\/universitats.gencat.cat\/ca\/pau\/prematricula\/\">prematr\u00edcula a les PAU<\/a><\/p>\n<p><a href=\"https:\/\/drive.google.com\/file\/d\/1KhvrCIJgkfF1M1zNr1Py-OCsXwHwDJMY\/view?usp=sharing\" target=\"_blank\" rel=\"noopener\"><img loading=\"lazy\" decoding=\"async\" class=\"alignleft size-medium wp-image-6206\" src=\"https:\/\/agora.xtec.cat\/ies-castelldelquer-prats\/wp-content\/uploads\/usu2163\/2026\/02\/ORIENTACIO-300x135.jpg\" alt=\"\" width=\"300\" height=\"135\" srcset=\"https:\/\/agora.xtec.cat\/ies-castelldelquer-prats\/wp-content\/uploads\/usu2163\/2026\/02\/ORIENTACIO-300x135.jpg 300w, https:\/\/agora.xtec.cat\/ies-castelldelquer-prats\/wp-content\/uploads\/usu2163\/2026\/02\/ORIENTACIO-1024x461.jpg 1024w, https:\/\/agora.xtec.cat\/ies-castelldelquer-prats\/wp-content\/uploads\/usu2163\/2026\/02\/ORIENTACIO-768x345.jpg 768w, https:\/\/agora.xtec.cat\/ies-castelldelquer-prats\/wp-content\/uploads\/usu2163\/2026\/02\/ORIENTACIO-1536x691.jpg 1536w, https:\/\/agora.xtec.cat\/ies-castelldelquer-prats\/wp-content\/uploads\/usu2163\/2026\/02\/ORIENTACIO.jpg 1703w\" sizes=\"auto, (max-width: 300px) 100vw, 300px\" \/><\/a><\/p>\n<p>&nbsp;<\/td>\n<\/tr>\n<tr style=\"height: 96px;\">\n<td style=\"height: 10px; width: 8.26686%;\">20\/02\/2026<\/td>\n<td style=\"height: 10px; width: 91.153%;\">Assessorament individualitzat de la jornades c\u00e0psula<\/td>\n<\/tr>\n<tr>\n<td style=\"width: 8.26686%;\"><span style=\"font-weight: 400;\">25\/02\/2026<\/span><\/td>\n<td style=\"width: 91.153%;\"><span style=\"background-color: #f9f9f9;\">Visita a C\u00e0psula\u00a0 (especialment per alumnat que vol cursar un cicle a Osona i\/o que t\u00e9 inter\u00e8s per la UdG (que fa xerrades presencials)\u00a0<\/span><\/td>\n<\/tr>\n<tr style=\"height: 49px;\">\n<td style=\"width: 8.26686%; height: 49px;\"><span style=\"font-weight: 400;\">27\/02\/2026<\/span><\/td>\n<td style=\"width: 91.153%; height: 49px;\">Universitat Aut\u00f2noma de Barcelona (UAB )<\/td>\n<\/tr>\n<tr style=\"height: 10px;\">\n<td style=\"width: 8.26686%; height: 10px;\">6\/03\/206<\/td>\n<td style=\"width: 91.153%; height: 10px;\"><span style=\"color: #ff6600;\">Xerrada UPF (no est\u00e0 confirmat, encara)<\/span><\/td>\n<\/tr>\n<tr style=\"height: 10px;\">\n<td style=\"width: 8.26686%; height: 10px;\">13\/03\/2026<\/td>\n<td style=\"width: 91.153%; height: 10px;\">Xerrada Universitat de VIC (UVIC )\u00a0 &#8211; 2 sessions : humanitats i ci\u00e8ncies socials \/ Ci\u00e8ncia i tecnologia<\/td>\n<\/tr>\n<tr style=\"height: 33px;\">\n<td style=\"width: 8.26686%; height: 33px;\">18\/03\/2026<\/td>\n<td style=\"width: 91.153%; height: 33px;\">Visita al <a href=\"https:\/\/educacio.gencat.cat\/ca\/serveis-tramits\/salo-ensenyament\/\">Sal\u00f3 de l&#8217;ensenyament\u00a0 <\/a>(Es far\u00e0 1hora i mitja de classe i es marxar\u00e0 a Barcelona. La visita al Sal\u00f3 \u00e9s fins a les 16:30)<\/td>\n<\/tr>\n<tr style=\"height: 49px;\">\n<td style=\"width: 8.26686%; height: 49px;\">27\/03\/2026<\/td>\n<td style=\"width: 91.153%; height: 49px;\">\u00a0Xerrada de la <a href=\"https:\/\/www.umanresa.cat\/es\/estudios?utm_term=&amp;utm_campaign=HV+-+BRANDING+-+ESCUELA+-+CAST&amp;utm_source=adwords&amp;utm_medium=ppc&amp;hsa_acc=6133169451&amp;hsa_cam=22024759584&amp;hsa_grp=&amp;hsa_ad=&amp;hsa_src=x&amp;hsa_tgt=&amp;hsa_kw=&amp;hsa_mt=&amp;hsa_net=adwords&amp;hsa_ver=3&amp;gad_source=5&amp;gclid=EAIaIQobChMI6KL-yaGUiwMVaA8GAB2v8CwHEAAYASAAEgJ1uvD_BwE\">UManresa<\/a>\u00a0 \u00a0i <a href=\"https:\/\/epsem.upc.edu\/ca\">UPC Manresa<\/a> &#8211; 2 sessions : humanitats i ci\u00e8ncies socials i ci\u00e8ncies de la salut\u00a0 \/ \u00a0tecnologia<\/td>\n<\/tr>\n<tr>\n<td style=\"width: 8.26686%;\">30\/03\/2026 31\/03\/2026(setmana santa)<\/td>\n<td style=\"width: 91.153%;\">\u00a0Sessions destinades a l&#8217;orientaci\u00f3 post obligat\u00f2ria\u00a0 Casal del JoventTamb\u00e9 podeu reservar hora per un assessorament individualitzat<\/p>\n<ul>\n<li>Dimarts i dimecres, de les 3 a les 7 de la tarda<\/li>\n<li>Dijous, de les 3 a les 5 de la tarda<\/li>\n<\/ul>\n<\/td>\n<\/tr>\n<tr style=\"height: 33px;\">\n<td style=\"width: 8.26686%; height: 33px;\">10\/04\/2026<\/td>\n<td style=\"width: 91.153%; height: 33px;\">\u00a0Xerrada UB<\/td>\n<\/tr>\n<tr>\n<td style=\"width: 8.26686%;\">14\/04\/2026 (dimarts)<\/td>\n<td style=\"width: 91.153%;\">Xerrada Emanicipar-se amb salut a c\u00e0rrec Txell Bonet (nutricionista comunit\u00e0ria) ABS<\/p>\n<p>2n bat B 9:35-10:30<br \/>\n2n bat A 10:50-11:45<\/td>\n<\/tr>\n<tr style=\"height: 33px;\">\n<td style=\"width: 8.26686%; height: 33px;\">17\/04\/2026<\/td>\n<td style=\"width: 91.153%; height: 33px;\">\u00a0Xerrada cicles formatius de grau superior<\/td>\n<\/tr>\n<tr style=\"height: 33px;\">\n<td style=\"width: 8.26686%; height: 33px;\">24\/04\/2026<\/td>\n<td style=\"width: 91.153%; height: 33px;\">Explicaci\u00f3 final de curs, recuperaci\u00f3 ordin\u00e0ria i extraordin\u00e0ria.\u00a0 Tamb\u00e9 sobre inscripci\u00f3 a les PAU i preinscripci\u00f3 universit\u00e0ria a les Universitats p\u00fabliques<\/td>\n<\/tr>\n<tr style=\"height: 33px;\">\n<td style=\"width: 8.26686%; height: 10px;\">8\/05\/2026<\/td>\n<td style=\"width: 91.153%; height: 10px;\">Comiat<\/td>\n<\/tr>\n<tr style=\"height: 96px;\">\n<td style=\"height: 17px; width: 8.26686%;\"><\/td>\n<td style=\"height: 17px; width: 91.153%;\"><span style=\"font-weight: 400;\">Preparant la universitat: beques universit\u00e0ries i pis d&#8217;estudiants <span style=\"color: #ff6600;\">(no est\u00e0 programada)\u00a0<\/span><\/span><\/p>\n<p><iframe loading=\"lazy\" src=\"https:\/\/drive.google.com\/file\/d\/1Y3FNoQHSZmJi9RdJ42mpezZ7suSTAb-H\/preview\" width=\"640\" height=\"480\"><\/iframe><\/p>\n<p><a href=\"https:\/\/drive.google.com\/file\/d\/1Y3FNoQHSZmJi9RdJ42mpezZ7suSTAb-H\/view?usp=share_link\" target=\"_blank\" rel=\"noopener\">https:\/\/drive.google.com\/file\/d\/1Y3FNoQHSZmJi9RdJ42mpezZ7suSTAb-H\/view?usp=share_link<\/a><\/p>\n<p>Beques i ajuts <a href=\"https:\/\/universitats.gencat.cat\/ca\/preguntes-frequents-normativa\/dubtes-preguntes-temes\/beques-ajuts\/\">https:\/\/universitats.gencat.cat\/ca\/preguntes-frequents-normativa\/dubtes-preguntes-temes\/beques-ajuts\/<\/a><\/p>\n<p>Preus dels estudis universitaris <a href=\"https:\/\/universitats.gencat.cat\/ca\/acces-universitat\/sobre-preus-beques\/preus-estudis-universitaris\/\">https:\/\/universitats.gencat.cat\/ca\/acces-universitat\/sobre-preus-beques\/preus-estudis-universitaris\/\u00a0<\/a><\/td>\n<\/tr>\n<tr style=\"height: 96px;\">\n<td style=\"height: 78px; width: 8.26686%;\"><\/td>\n<td style=\"height: 78px; width: 91.153%;\">&nbsp;<\/td>\n<\/tr>\n<tr style=\"height: 33px;\">\n<td style=\"width: 8.26686%; height: 33px;\"><\/td>\n<td style=\"width: 91.153%; height: 33px;\"><span style=\"font-weight: 400;\">\u00a0<\/span><\/td>\n<\/tr>\n<\/tbody>\n<\/table>\n<p>La majoria d&#8217;aquestes xerrades s\u00f3n de caire general de presentaci\u00f3 de la Universitat per tant, us recomanem que els vostres fills i filles acudeixin a les jornades de portes obertes.<\/p>\n<h6><\/h6>\n<h6><b><span style=\"color: #073763;\">Jornades de portes obertes\u00a0 \u00a0<\/span><\/b><\/h6>\n<table style=\"width: 94.8487%; height: 690px;\">\n<tbody>\n<tr style=\"height: 178px;\">\n<td style=\"width: 527px; height: 88px;\"><strong>Universitat Aut\u00f2noma de Barcelona<\/strong><strong>\u00a0<\/strong><\/p>\n<p>Formes de con\u00e8ixer la UAB\u00a0 <a href=\"https:\/\/www.uab.cat\/web\/estudis\/visita-la-uab\/jornades-de-portes-obertes-1345662188932.html\" target=\"_blank\" rel=\"noopener\">https:\/\/www.uab.cat\/web\/estudis\/visita-la-uab-1345811559072.html\u00a0<\/a><\/p>\n<p>Jornada de portes obertes en l\u00ednia\u00a0 <a href=\"https:\/\/www.uab.cat\/web\/estudis\/visita-la-uab\/jornades-de-portes-obertes-1345662188932.html\" target=\"_blank\" rel=\"noopener\">https:\/\/www.uab.cat\/web\/estudis\/visita-la-uab\/jornades-de-portes-obertes-1345662188932.html\u00a0<\/a><\/p>\n<p>Dia de les fam\u00edlies\u00a0 <a href=\"https:\/\/www.uab.cat\/web\/estudis\/visita-la-uab\/dia-de-les-families-1345662188968.html\" target=\"_blank\" rel=\"noopener\">https:\/\/www.uab.cat\/web\/estudis\/visita-la-uab\/dia-de-les-families-1345662188968.html<\/a><\/p>\n<p>Visites indivdidualitzades\u00a0<a href=\"https:\/\/www.uab.cat\/web\/estudis\/visita-la-uab\/visites-al-campus-per-a-centres-de-secundaria-particulars-i-families-1345850698230.html\">https:\/\/www.uab.cat\/web\/estudis\/visita-la-uab\/visites-al-campus-per-a-centres-de-secundaria-particulars-i-families-1345850698230.html<\/a><\/p>\n<p>&nbsp;<\/td>\n<td style=\"width: 250px; height: 88px;\">&nbsp;<\/p>\n<ul>\n<li><strong>5, 6\u00a0i 7\u00a0de febrer de 2025<\/strong><\/li>\n<li><b>Visites personalitzades per a fam\u00edlies\u00a0<\/b><\/li>\n<li><strong>Dia de les fam\u00edlies 9 de maig de 2026<\/strong><\/li>\n<\/ul>\n<\/td>\n<\/tr>\n<tr style=\"height: 95px;\">\n<td style=\"width: 527px; height: 95px;\"><strong>Universitat de Barcelona<\/strong><\/p>\n<p><a href=\"https:\/\/www.ub.edu\/futurs\/activitats\/jornades-de-portes-obertes\" target=\"_blank\" rel=\"noopener\">https:\/\/www.ub.edu\/futurs\/activitats\/jornades-de-portes-obertes\u00a0<\/a><\/p>\n<div class=\"title\"><a href=\"https:\/\/www.youtube.com\/channel\/UCa3jxfsdyuTL6dTftyDYrwg\/videos\" target=\"_blank\" rel=\"noopener\">Veure&#8217;ls directament al nostre canal de YouTube.<\/a><\/div>\n<\/td>\n<td style=\"width: 250px; height: 95px;\">&nbsp;<\/p>\n<p><strong>entre el 7 i el 14 d\u2019abril de 2026<\/strong><br \/>\nConsulta les dates espec\u00edfiques per a cada facultat.<\/td>\n<\/tr>\n<tr style=\"height: 122px;\">\n<td style=\"width: 527px; height: 122px;\"><strong>Universitat\u00a0 Pompeu Fabra\u00a0 ( Barcelona )<\/strong><\/p>\n<p><a href=\"https:\/\/www.upf.edu\/web\/graus\/futurs-estudiants?utm_source=Centres+secund%C3%A0ria+Catalunya&amp;utm_campaign=5665457502-EMAIL_CAMPAIGN_2020_10_08_12_08_COPY_01&amp;utm_medium=email&amp;utm_term=0_a703a5dc36-5665457502-277606661\" target=\"_blank\" rel=\"noopener\">activitats informatives diverses\u00a0<\/a><\/p>\n<p>Sessions informatives telem\u00e0tiques <a href=\"https:\/\/www.upf.edu\/web\/graus\/jornades-de-portes-obertes\" target=\"_blank\" rel=\"noopener\">hhttps:\/\/www.upf.edu\/web\/graus\/jornades-de-portes-obertesttps:\/\/www.upf.edu\/web\/graus\/sessions-informatives<\/a><\/p>\n<p>Jornades de portes obertes presencials\u00a0 <a href=\"https:\/\/www.upf.edu\/web\/graus\/jornades-de-portes-obertes\">\u00a0<\/a><a href=\"https:\/\/www.upf.edu\/web\/graus\/jornades-de-portes-obertes\" target=\"_blank\" rel=\"noopener\">https:\/\/www.upf.edu\/web\/graus\/jornades-de-portes-obertes<\/a><\/td>\n<td style=\"width: 250px; height: 122px;\">https:\/\/www.upf.edu\/web\/graus\/jornades-de-portes-obertes<\/td>\n<\/tr>\n<tr style=\"height: 95px;\">\n<td style=\"width: 527px; height: 95px;\"><strong>Universitat\u00a0 Polit\u00e8cnica de\u00a0 Barcelona\u00a0<\/strong><\/p>\n<p>Jornades de portes obertes <a href=\"https:\/\/www.upc.edu\/ca\/futurs-estudiants\/jpo\/jornades-de-portes-obertes\" target=\"_blank\" rel=\"noopener\">https:\/\/www.upc.edu\/ca\/futurs-estudiants\/jpo\/jornades-de-portes-obertes<\/a><\/td>\n<td style=\"width: 250px; height: 95px;\">&nbsp;<\/p>\n<p>Consulta les dates espec\u00edfiques per a cada facultat. Cliqueu l&#8217;enlla\u00e7 per a poder trobar-les<\/p>\n<p>&nbsp;<\/p>\n<p>&nbsp;<\/td>\n<\/tr>\n<tr style=\"height: 42px;\">\n<td style=\"width: 527px; height: 42px;\"><strong>Universitat\u00a0 de Girona<\/strong><\/p>\n<p>Espai d&#8217;orientaci\u00f3 virtual\u00a0 <a href=\"https:\/\/www.udg.edu\/ca\/Futurs-estudiants\/jpo-virtual\" target=\"_blank\" rel=\"noopener\">https:\/\/www.udg.edu\/ca\/futurs-estudiants\/jpo<\/a><\/p>\n<p>Jornada de portes obertes\u00a0<a href=\"https:\/\/www.udg.edu\/ca\/futurs-estudiants\" target=\"_blank\" rel=\"noopener\"> https:\/\/www.udg.edu\/ca\/futurs-estudiants<\/a><\/td>\n<td style=\"width: 250px; height: 42px;\">9 de maig de 2026<\/p>\n<p>Consulteu altres dates a <a href=\"https:\/\/www.udg.edu\/ca\/futurs-estudiants\/activitats-i-fires\" target=\"_blank\" rel=\"noopener\">https:\/\/www.udg.edu\/ca\/futurs-estudiants\/activitats-i-fires<\/a><\/td>\n<\/tr>\n<tr style=\"height: 31px;\">\n<td style=\"width: 527px; height: 31px;\"><strong>Universitat de Manresa\u00a0<\/strong><\/p>\n<p>Sessions telem\u00e0tiques <a href=\"http:\/\/portes-obertes.umanresa.cat\/\">http:\/\/portes-obertes.umanresa.cat\/\u00a0\u00a0<\/a><\/p>\n<p>Jornades de portes obertes presencials<\/p>\n<p>Beques\u00a0 https:\/\/www.umanresa.cat\/ca\/beques<\/p>\n<p>&nbsp;<\/td>\n<td style=\"width: 250px; height: 31px;\">Visites personalitzades<\/p>\n<p>https:\/\/www.umanresa.cat\/ca\/inscripcio-portes-obertes .<\/p>\n<p>&nbsp;<\/p>\n<p>&nbsp;<\/td>\n<\/tr>\n<tr style=\"height: 262px;\">\n<td style=\"width: 527px; height: 139px;\"><strong>Universitat\u00a0 de la Catalunya Central (campus Vic)\u00a0<\/strong><\/p>\n<p>GRAUS https:\/\/www.uvic.cat\/jornada-de-portes-obertes<a href=\"https:\/\/www.uvic.cat\/jornada-de-portes-obertes\">https:\/\/www.uvic.cat\/jornada-de-portes-obertes<\/a><\/p>\n<p>CICLES\u00a0 <a href=\"https:\/\/www.uvic.cat\/campus-professional\/portes-obertes\" target=\"_blank\" rel=\"noopener\">https:\/\/www.uvic.cat\/campus-professional\/portes-obertes<\/a><\/td>\n<td style=\"width: 250px; height: 139px;\">Dissabte, 28 de mar\u00e7 2026\u00a0 de 9 a 18 h sense interrupci\u00f3<\/p>\n<p>Atenci\u00f3 personalitzada\u00a0 \u00a0h<a href=\"https:\/\/www.uvic.cat\/visitans\">ttps:\/\/www.uvic.cat\/visitans\u00a0<\/a><\/p>\n<p>&nbsp;<\/p>\n<p>&nbsp;<\/td>\n<\/tr>\n<tr style=\"height: 187px;\">\n<td style=\"width: 527px; height: 78px;\"><strong>Universitat\u00a0 de Lleida\u00a0<\/strong><\/p>\n<p><a href=\"https:\/\/www.portesobertes.udl.cat\/ca\/\" target=\"_blank\" rel=\"noopener\">http:\/\/w3.portesobertes.udl.cat\/ca\/serveis\/<\/a><\/td>\n<td style=\"width: 250px; height: 78px;\">Campus de Lleida i Igualada. Dissabte, 25 d&#8217;abril de 2026<\/p>\n<p>Campus Pirineus-Tremp. Dissabte, 16 de maig de 2026<\/td>\n<\/tr>\n<tr>\n<td style=\"width: 527px;\"><strong>Universitat Rovira i Virgila (Tarragona)\u00a0<\/strong><\/p>\n<p><a href=\"https:\/\/www.urv.cat\/ca\/estudis\/graus\/admissio\/orientacio\/portes-obertes\/\" target=\"_blank\" rel=\"noopener\">https:\/\/www.urv.cat\/ca\/estudis\/graus\/admissio\/orientacio\/portes-obertes\/<\/a><\/p>\n<p>M\u00e9s per secund\u00e0ria : <a href=\"https:\/\/www.urv.cat\/ca\/estudis\/graus\/admissio\/orientacio\/mes-secundaria\/\" target=\"_blank\" rel=\"noopener\">https:\/\/www.urv.cat\/ca\/estudis\/graus\/admissio\/orientacio\/mes-secundaria\/<\/a><\/td>\n<td style=\"width: 250px;\">&nbsp;<\/p>\n<p>Dissabte, 21 de febrer (mat\u00ed). PRESENCIAL<br \/>\nDivendres, 24 d\u2019abril (tarda). PRESENCIAL. El registre s\u2019obrir\u00e0 al mes de mar\u00e7 de 2026.<\/td>\n<\/tr>\n<\/tbody>\n<\/table>\n<h6><span style=\"color: #333399;\"><strong>Cicles formatius que es poden cursar a la comarca\u00a0<\/strong><\/span><\/h6>\n<h6><a href=\"https:\/\/osonajove.cat\/capsula\/cicles-formatius\/\" target=\"_blank\" rel=\"noopener\"><strong>https:\/\/osonajove.cat\/capsula\/cicles-formatius\/<\/strong>\u00a0<\/a><\/h6>\n<blockquote class=\"wp-embedded-content\" data-secret=\"zvHEyTrg7o\"><p><a href=\"https:\/\/osonajove.cat\/capsula\/noe\/jornades-capsula\/\">Jornades C\u00e0psula<\/a><\/p><\/blockquote>\n<p><iframe loading=\"lazy\" class=\"wp-embedded-content\" sandbox=\"allow-scripts\" security=\"restricted\" style=\"position: absolute; visibility: hidden;\" title=\"&#8220;Jornades C\u00e0psula&#8221; &#8212; C\u00e0psula\" src=\"https:\/\/osonajove.cat\/capsula\/noe\/jornades-capsula\/embed\/#?secret=9TRZuJoLGn#?secret=zvHEyTrg7o\" data-secret=\"zvHEyTrg7o\" width=\"500\" height=\"282\" frameborder=\"0\" marginwidth=\"0\" marginheight=\"0\" scrolling=\"no\"><\/iframe><\/p>\n<h6>Oficina joves Tel. 678 056 299 \/ 630 454 702<br \/>\n<a href=\"mailto:osona@oficinajove.cat\">osona<span class=\"\">@oficinajove.cat<\/span><\/a><\/h6>\n<p>&nbsp;<\/p>\n","protected":false},"excerpt":{"rendered":"<p><a href=\"https:\/\/view.genially.com\/63b99262469dba0013e58c07\/interactive-content-cami-a-la-universitat\" target=\"_blank\" rel=\"noopener\"><\/a><br \/>\nDurant el segon i tercer trimestre dediquem les tutories a orientar l&#8217;alumnat cap a estudis posteriors. Explicant els passos a seguir, programant xerrades amb les diverses universitats p\u00fabliques, i tamb\u00e9 amb sessions individuals per ajudar a l&#8217;alumnat a prendre decisions.<br \/>\nPer veure els&hellip;  <a href=\"https:\/\/agora.xtec.cat\/ies-castelldelquer-prats\/estudis\/batxillerat\/2n-batxillerat\/orientacio-universitaria\/\" title=\"Read Orientaci\u00f3 universit\u00e0ria i a cicles formatius\">Llegeix m\u00e9s\u00bb<\/a><\/p>\n","protected":false},"author":1,"featured_media":0,"parent":915,"menu_order":3,"comment_status":"closed","ping_status":"closed","template":"","meta":{"_bbp_topic_count":0,"_bbp_reply_count":0,"_bbp_total_topic_count":0,"_bbp_total_reply_count":0,"_bbp_voice_count":0,"_bbp_anonymous_reply_count":0,"_bbp_topic_count_hidden":0,"_bbp_reply_count_hidden":0,"_bbp_forum_subforum_count":0,"footnotes":""},"class_list":["post-928","page","type-page","status-publish","hentry"],"post_mailing_queue_ids":[],"_links":{"self":[{"href":"https:\/\/agora.xtec.cat\/ies-castelldelquer-prats\/wp-json\/wp\/v2\/pages\/928","targetHints":{"allow":["GET"]}}],"collection":[{"href":"https:\/\/agora.xtec.cat\/ies-castelldelquer-prats\/wp-json\/wp\/v2\/pages"}],"about":[{"href":"https:\/\/agora.xtec.cat\/ies-castelldelquer-prats\/wp-json\/wp\/v2\/types\/page"}],"author":[{"embeddable":true,"href":"https:\/\/agora.xtec.cat\/ies-castelldelquer-prats\/wp-json\/wp\/v2\/users\/1"}],"replies":[{"embeddable":true,"href":"https:\/\/agora.xtec.cat\/ies-castelldelquer-prats\/wp-json\/wp\/v2\/comments?post=928"}],"version-history":[{"count":6,"href":"https:\/\/agora.xtec.cat\/ies-castelldelquer-prats\/wp-json\/wp\/v2\/pages\/928\/revisions"}],"predecessor-version":[{"id":6208,"href":"https:\/\/agora.xtec.cat\/ies-castelldelquer-prats\/wp-json\/wp\/v2\/pages\/928\/revisions\/6208"}],"up":[{"embeddable":true,"href":"https:\/\/agora.xtec.cat\/ies-castelldelquer-prats\/wp-json\/wp\/v2\/pages\/915"}],"wp:attachment":[{"href":"https:\/\/agora.xtec.cat\/ies-castelldelquer-prats\/wp-json\/wp\/v2\/media?parent=928"}],"curies":[{"name":"wp","href":"https:\/\/api.w.org\/{rel}","templated":true}]}}