{"id":1497,"date":"2021-04-21T11:56:44","date_gmt":"2021-04-21T09:56:44","guid":{"rendered":"https:\/\/agora.xtec.cat\/ies-castelldelquer-prats\/?page_id=1497"},"modified":"2026-04-29T09:23:00","modified_gmt":"2026-04-29T07:23:00","slug":"eso","status":"publish","type":"page","link":"https:\/\/agora.xtec.cat\/ies-castelldelquer-prats\/secretaria\/preinscripcio-i-matricula-2021-2022\/eso\/","title":{"rendered":"ESO"},"content":{"rendered":"<p><strong>Del 6 al 18 de mar\u00e7 2026<\/strong><\/p>\n<ul>\n<li>Totes les sol\u00b7licituds s\u00f3n en format telem\u00e0tic, per tant, <u>no hi ha la<\/u> <u>possibilitat de full de preinscripci\u00f3 en paper<\/u>.<\/li>\n<li>No cal lliurar cap documentaci\u00f3 presencialment al centre educatiu que indiqueu en primera opci\u00f3.<\/li>\n<\/ul>\n<p>Podeu accedir m<span style=\"font-family: inherit; font-size: 1em;\">itjan\u00e7ant certificat digital, com DNI electr\u00f2nic, Cl@ve, IdCat M\u00f2bil, etc.<\/span><\/p>\n<p>Una vegada identificats, caldr\u00e0 entrar el <em>n\u00famero d\u2019identificaci\u00f3 de l\u2019alumne\/a (RALC) <\/em>que us proporcionar\u00e0 l\u2019escola on est\u00e0 matriculat o a trav\u00e9s de l&#8217;enlla\u00e7 (<a href=\"https:\/\/educacio.gencat.cat\/ca\/tramits\/tramits-temes\/identificador-alumne\" target=\"_blank\" rel=\"noopener\">identificador-alumne<\/a>) per poder recuperar les seves dades personals i acad\u00e8miques, omplir les prefer\u00e8ncies i enviar la sol\u00b7licitud. En la majoria de casos no caldr\u00e0 fer res m\u00e9s ni adjuntar cap tipus de documentaci\u00f3, donat que s\u2019haur\u00e0 fet l\u2019intercanvi de validaci\u00f3 de les vostres dades amb totes les administracions implicades.<\/p>\n<p>Si no es disposa de cap certificat, us en podeu generar un de forma f\u00e0cil, l\u2019idCat M\u00f2bil. Accedint a l\u2019adre\u00e7a <u>https:\/\/idcatmobil.seu.cat\/<\/u> trobareu les instruccions pas a pas de com fer-ho.<\/p>\n<p>En cas de no disposar de cap dels mitjans d&#8217;identificaci\u00f3 digitals, caldr\u00e0 identificar l\u2019alumne\/a amb el seu <em>n\u00fam. d\u2019Identificaci\u00f3 d\u2019alumne <\/em>i omplir el formulari, a l\u2019enviar-ho es far\u00e0 l\u2019intercanvi de dades amb les administracions implicades i adjuntar escanejada o fotografiada la documentaci\u00f3 d\u2019identificaci\u00f3 i filiaci\u00f3 (DNI, llibre de fam\u00edlia, etc), juntament amb la que al\u00b7legueu a efectes de barems i que no s\u2019hagi pogut validar.<\/p>\n<p>&nbsp;<\/p>\n<p><a href=\"https:\/\/educacio.gencat.cat\/ca\/tramits\/tramits-temes\/20483-obligatoris?moda=3\"><span style=\"text-decoration: underline;\">CLIQUEU AQU\u00cd PER ACCEDIR A LA SOL\u00b7LICITUD \u00a0 <\/span><\/a><em><span style=\"color: #ff0000;\">(pendent d&#8217;actualitzaci\u00f3 del Departament)<\/span><\/em><\/p>\n<p><strong>Recordeu que no es poden presentar dues sol\u00b7licituds a dos centres diferents per uns mateixos estudis, cal presentar una sola sol\u00b7licitud i indicar-hi per ordre de prefer\u00e8ncia els diferents centres als que us interessa inscriure la vostra filla o fill.<\/strong><\/p>\n<p>&nbsp;<\/p>\n<p><span style=\"text-decoration: underline;\"><strong>RECOMANACIONS I INFORMACIONS:<\/strong><\/span><\/p>\n<ul>\n<li>Tenir fotografiada o escanejada la documentaci\u00f3 en el mateix dispositiu des d\u2019on es fa la sol\u00b7licitud.<\/li>\n<li><span style=\"font-family: inherit; font-size: 1em;\">El codi de centre del nostre Institut \u00e9s <\/span><strong style=\"font-family: inherit; font-size: 1em;\"><u>08053005<\/u><\/strong><span style=\"font-family: inherit; font-size: 1em;\"> el necessitareu per indicar a quin centre voleu preinscriure-us.<\/span><\/li>\n<li>Demaneu al vostre centre actual el N\u00fam. d\u2019Identificaci\u00f3 de l\u2019alumne (RALC) per poder lligar la sol\u00b7licitud al seu expedient acad\u00e8mic i personal.<\/li>\n<li>Cenyiu-vos al calendari establert, lliurar la sol\u00b7licitud o la documentaci\u00f3 fora de termini us fa perdre tots els drets d\u2019adscripci\u00f3 amb el risc que aix\u00f2 comporta de quedar-se sense pla\u00e7a al centre.<\/li>\n<\/ul>\n<p><span style=\"font-family: inherit; font-size: 1em; text-align: justify;\">Als enlla\u00e7os seg\u00fcents teniu tota la informaci\u00f3 complement\u00e0ria (calendari, taulell i centres adscrits) sobre la preinscripci\u00f3 a l&#8217;ESO al nostre centre per al curs 2024-2025. Aix\u00ed mateix, podeu consultar la informaci\u00f3 per a tots els ensenyaments p\u00fablics a la web de Preinscripci\u00f3 d&#8217;ESO clicant\u00a0 <a href=\"https:\/\/preinscripcio.gencat.cat\/ca\/estudis\/eso\/inici\/\">AQU\u00cd<\/a>.<\/span><\/p>\n<ul>\n<li><a href=\"https:\/\/preinscripcio.gencat.cat\/ca\/estudis\/eso\/informat\/calendari\/\" target=\"_blank\" rel=\"noopener\">Calendari<\/a><\/li>\n<li><a href=\"https:\/\/agora.xtec.cat\/ies-castelldelquer-prats\/secretaria\/preinscripcio-i-matricula-2021-2022\/eso\/taulell-danuncis-virtual\/\">Taulell anuncis<\/a><\/li>\n<li><a href=\"https:\/\/agora.xtec.cat\/ies-castelldelquer-prats\/secretaria\/preinscripcio-i-matricula-2021-2022\/eso\/centres-de-primaria-adscrits\/\">Relaci\u00f3 de centres de prim\u00e0ria adscrits<\/a><\/li>\n<\/ul>\n<p>Si amb aix\u00f2 no resoleu els vostres dubtes, podeu contactar amb nosaltres per algun dels mitjans seg\u00fcents:<\/p>\n<ul>\n<li style=\"list-style-type: none;\">\n<ul>\n<li style=\"list-style-type: none;\">\n<ul>\n<li style=\"list-style-type: none;\">\n<ul>\n<li style=\"list-style-type: none;\">\n<ul>\n<li style=\"list-style-type: none;\">\n<ul>\n<li>Presencialment a Secretaria de l&#8217;Institut\n<ul>\n<li style=\"list-style-type: none;\">\n<ul>\n<li style=\"list-style-type: none;\">\n<ul>\n<li>de dilluns a divendres de 8.30 a 14.30<\/li>\n<li>dilluns de 16.00 a 18.00<\/li>\n<\/ul>\n<\/li>\n<\/ul>\n<\/li>\n<\/ul>\n<\/li>\n<li>Telef\u00f2nicament: 93 856 05 06<\/li>\n<li>Per correu electr\u00f2nic: secretaria@castelldelquer.cat<\/li>\n<\/ul>\n<\/li>\n<\/ul>\n<\/li>\n<\/ul>\n<\/li>\n<\/ul>\n<\/li>\n<\/ul>\n<\/li>\n<\/ul>\n","protected":false},"excerpt":{"rendered":"<p>Del 6 al 18 de mar\u00e7 2026<\/p>\n<ul>\n<li>Totes les sol\u00b7licituds s\u00f3n en format telem\u00e0tic, per tant, no hi ha la possibilitat de full de preinscripci\u00f3 en paper.<\/li>\n<li>No cal lliurar cap documentaci\u00f3 presencialment al centre educatiu que indiqueu en primera opci\u00f3.<\/li>\n<\/ul>\n<p>Podeu accedir mitjan\u00e7ant certificat digital, com DNI&hellip;  <a href=\"https:\/\/agora.xtec.cat\/ies-castelldelquer-prats\/secretaria\/preinscripcio-i-matricula-2021-2022\/eso\/\" title=\"Read ESO\">Llegeix m\u00e9s\u00bb<\/a><\/p>\n","protected":false},"author":1,"featured_media":0,"parent":1210,"menu_order":0,"comment_status":"closed","ping_status":"closed","template":"page-templates\/side-menu.php","meta":{"_bbp_topic_count":0,"_bbp_reply_count":0,"_bbp_total_topic_count":0,"_bbp_total_reply_count":0,"_bbp_voice_count":0,"_bbp_anonymous_reply_count":0,"_bbp_topic_count_hidden":0,"_bbp_reply_count_hidden":0,"_bbp_forum_subforum_count":0,"footnotes":""},"class_list":["post-1497","page","type-page","status-publish","hentry"],"post_mailing_queue_ids":[],"_links":{"self":[{"href":"https:\/\/agora.xtec.cat\/ies-castelldelquer-prats\/wp-json\/wp\/v2\/pages\/1497","targetHints":{"allow":["GET"]}}],"collection":[{"href":"https:\/\/agora.xtec.cat\/ies-castelldelquer-prats\/wp-json\/wp\/v2\/pages"}],"about":[{"href":"https:\/\/agora.xtec.cat\/ies-castelldelquer-prats\/wp-json\/wp\/v2\/types\/page"}],"author":[{"embeddable":true,"href":"https:\/\/agora.xtec.cat\/ies-castelldelquer-prats\/wp-json\/wp\/v2\/users\/1"}],"replies":[{"embeddable":true,"href":"https:\/\/agora.xtec.cat\/ies-castelldelquer-prats\/wp-json\/wp\/v2\/comments?post=1497"}],"version-history":[{"count":7,"href":"https:\/\/agora.xtec.cat\/ies-castelldelquer-prats\/wp-json\/wp\/v2\/pages\/1497\/revisions"}],"predecessor-version":[{"id":6438,"href":"https:\/\/agora.xtec.cat\/ies-castelldelquer-prats\/wp-json\/wp\/v2\/pages\/1497\/revisions\/6438"}],"up":[{"embeddable":true,"href":"https:\/\/agora.xtec.cat\/ies-castelldelquer-prats\/wp-json\/wp\/v2\/pages\/1210"}],"wp:attachment":[{"href":"https:\/\/agora.xtec.cat\/ies-castelldelquer-prats\/wp-json\/wp\/v2\/media?parent=1497"}],"curies":[{"name":"wp","href":"https:\/\/api.w.org\/{rel}","templated":true}]}}