{"id":29176,"date":"2026-04-21T10:10:27","date_gmt":"2026-04-21T08:10:27","guid":{"rendered":"https:\/\/agora.xtec.cat\/ies-brugulat\/?page_id=29176"},"modified":"2026-04-24T10:07:11","modified_gmt":"2026-04-24T08:07:11","slug":"pfi-preinscripcio-i-matricula-26-27","status":"publish","type":"page","link":"https:\/\/agora.xtec.cat\/ies-brugulat\/secretaria\/preinscripcio-i-matricula-26-27\/pfi-preinscripcio-i-matricula-26-27\/","title":{"rendered":"PFI \u2013 PREINSCRIPCI\u00d3 I MATR\u00cdCULA 26-27"},"content":{"rendered":"\n<div style=\"height:30px\" aria-hidden=\"true\" class=\"wp-block-spacer\"><\/div>\n\n\n\n<h2 class=\"wp-block-heading\">PORTES OBERTES<\/h2>\n\n\n\n<div class=\"wp-block-media-text is-stacked-on-mobile\" style=\"border-radius:10px;grid-template-columns:20% auto\"><figure class=\"wp-block-media-text__media\"><a href=\"https:\/\/sites.google.com\/insbrugulat.cat\/portes-obertes-fp-2024\/pfi-pip\"><img loading=\"lazy\" decoding=\"async\" width=\"377\" height=\"377\" src=\"https:\/\/agora.xtec.cat\/ies-brugulat\/wp-content\/uploads\/usu85\/2026\/04\/JPO-PFI-26-1.gif\" alt=\"\" class=\"wp-image-29179 size-full\"\/><\/a><\/figure><div class=\"wp-block-media-text__content\">\n<p><\/p>\n<\/div><\/div>\n\n\n\n<div style=\"height:30px\" aria-hidden=\"true\" class=\"wp-block-spacer\"><\/div>\n\n\n\n<h2 class=\"wp-block-heading\">PREINSCRIPCI\u00d3<\/h2>\n\n\n\n<div class=\"wp-block-columns is-layout-flex wp-container-core-columns-is-layout-2 wp-block-columns-is-layout-flex\" style=\"margin-top:0px;margin-bottom:0px;padding-top:0px;padding-right:0px;padding-bottom:0px;padding-left:0px\">\n<div class=\"wp-block-column is-layout-flow wp-block-column-is-layout-flow\" style=\"flex-basis:25%\">\n<figure class=\"wp-block-image size-full has-custom-border\"><a href=\"https:\/\/preinscripcio.gencat.cat\/ca\/estudis\/pfi\/inici\/\" target=\"_blank\" rel=\" noreferrer noopener\"><img loading=\"lazy\" decoding=\"async\" width=\"263\" height=\"264\" src=\"https:\/\/agora.xtec.cat\/ies-brugulat\/wp-content\/uploads\/usu85\/2026\/04\/image.png\" alt=\"\" class=\"wp-image-29188\" style=\"border-radius:10px\" srcset=\"https:\/\/agora.xtec.cat\/ies-brugulat\/wp-content\/uploads\/usu85\/2026\/04\/image.png 263w, https:\/\/agora.xtec.cat\/ies-brugulat\/wp-content\/uploads\/usu85\/2026\/04\/image-150x150.png 150w\" sizes=\"auto, (max-width: 263px) 100vw, 263px\" \/><\/a><\/figure>\n<\/div>\n\n\n\n<div class=\"wp-block-column is-layout-flow wp-block-column-is-layout-flow\" style=\"flex-basis:66.66%\">\n<p>Consulteu la informaci\u00f3 relativa a la preinscripci\u00f3 al PFI a la p\u00e0gina web del <a href=\"https:\/\/preinscripcio.gencat.cat\/ca\/estudis\/pfi\/inici\/\" target=\"_blank\" rel=\"noreferrer noopener\">Departament d&#8217;Educaci\u00f3 i Formaci\u00f3 Professional.<\/a><\/p>\n\n\n\n<p>El proc\u00e9s de preinscripci\u00f3&nbsp;<strong>s<\/strong><strong>&#8216;<\/strong><strong>inicia a finals d&#8217;abril amb les jornades de portes obertes i oferta de places, i acaba el 10 juliol amb la formalitzaci\u00f3 de la matr\u00edcula<\/strong><strong>.<\/strong><\/p>\n\n\n\n<p><strong>Durant tot aquest temps, hi ha dates i terminis associats a actuacions clau&nbsp;<\/strong>que has de tenir presents, ja que determinen l&#8217;assignaci\u00f3 final de places als centres educatius.<\/p>\n\n\n\n<p>Aix\u00ed, has d&#8217;estar pendent de les dates i de les gestions espec\u00edfiques de cada moment del proc\u00e9s.<\/p>\n\n\n\n<hr class=\"wp-block-separator has-alpha-channel-opacity\"\/>\n\n\n\n<div class=\"wp-block-getwid-accordion has-icon-left\" data-active-element=\"none\">\n<div class=\"wp-block-getwid-accordion__header-wrapper\"><span class=\"wp-block-getwid-accordion__header\"><a href=\"#\"><span class=\"wp-block-getwid-accordion__header-title\">CRITERIS DE PRIORITAT<\/span><span class=\"wp-block-getwid-accordion__icon is-active\"><i class=\"fas fa-plus\"><\/i><\/span><span class=\"wp-block-getwid-accordion__icon is-passive\"><i class=\"fas fa-minus\"><\/i><\/span><\/a><\/span><\/div><div class=\"wp-block-getwid-accordion__content-wrapper\"><div class=\"wp-block-getwid-accordion__content\">\n<ol class=\"wp-block-list\">\n<li><strong>Proximitat del domicili al lloc on es fa el programa,<\/strong>&nbsp;segon les zones educatives establertes:\n<ul class=\"wp-block-list\">\n<li>Si el domicili es troba dins la zona educativa 1 del centre se sumen 30 punts.<\/li>\n\n\n\n<li>Si el domicili es troba dins la zona educativa 2 del centre se sumen 15 punts.<\/li>\n<\/ul>\n<\/li>\n\n\n\n<li><strong>Participaci\u00f3 per primera vegada en programes de formaci\u00f3 i inserci\u00f3 o altres d&#8217;equivalents.<\/strong>&nbsp;Si no has cursat cap programa de formaci\u00f3 i inserci\u00f3 ni cap cicle de formaci\u00f3 professional, se sumen 20 punts.<\/li>\n\n\n\n<li><strong>Anys d&#8217;escolaritzaci\u00f3 a l&#8217;ESO:<\/strong>\n<ul class=\"wp-block-list\">\n<li>Si has cursat l&#8217;ESO en un centre ordinari\n<ul class=\"wp-block-list\">\n<li>Per cada any cursat a l&#8217;ESO, se sumen 5 punts.<\/li>\n\n\n\n<li>I, segons quin sigui l&#8217;\u00faltim curs fet a l&#8217;ESO:\n<ul class=\"wp-block-list\">\n<li>Si l&#8217;\u00faltim curs realitzat \u00e9s quart d&#8217;ESO, se sumen 20 punts.<\/li>\n\n\n\n<li>Si l&#8217;\u00faltim curs realitzat \u00e9s tercer d&#8217;ESO, se sumen 10 punts.<\/li>\n\n\n\n<li>Si l&#8217;\u00faltim curs realitzat \u00e9s segon d&#8217;ESO, se sumen 5 punts.<\/li>\n<\/ul>\n<\/li>\n<\/ul>\n<\/li>\n\n\n\n<li>Si has estat matriculat en un centre de formaci\u00f3 per a persones adultes\n<ul class=\"wp-block-list\">\n<li>Se sumen 10 punts si has estat escolaritzat tot el curs i 5 punts si ho has estat parcialment.<\/li>\n\n\n\n<li>Si s&#8217;acredita el nivell 1 del curr\u00edculum d&#8217;ESO, se sumen 5 punts.<\/li>\n<\/ul>\n<\/li>\n<\/ul>\n<\/li>\n\n\n\n<li><strong>Entrevista per valorar l&#8217;adequaci\u00f3 del programa<\/strong>&nbsp;a la situaci\u00f3, els interessos, la motivaci\u00f3 i les aptituds de l&#8217;alumne o alumna, aix\u00ed com la manca d&#8217;experi\u00e8ncia laboral. Segons els resultats de l&#8217;entrevista es poden aconseguir:&nbsp;<strong>0, 10, 20 o 30 punts<\/strong>.<\/li>\n<\/ol>\n<\/div><\/div>\n\n\n\n<div class=\"wp-block-getwid-accordion__header-wrapper\"><span class=\"wp-block-getwid-accordion__header\"><a href=\"#\"><span class=\"wp-block-getwid-accordion__header-title\">ZONES EDUCATIVES CENTRES PFI<\/span><span class=\"wp-block-getwid-accordion__icon is-active\"><i class=\"fas fa-plus\"><\/i><\/span><span class=\"wp-block-getwid-accordion__icon is-passive\"><i class=\"fas fa-minus\"><\/i><\/span><\/a><\/span><\/div><div class=\"wp-block-getwid-accordion__content-wrapper\"><div class=\"wp-block-getwid-accordion__content\">\n<p><a href=\"https:\/\/agora.xtec.cat\/ies-brugulat\/wp-content\/uploads\/usu85\/2026\/04\/20260422_RESOL.-DELIMITACIO-ZONES-EDUCATIVES-PROGRAMES-FORMACIO-I-INSERCIO-curs-2026-2027.pdf\" target=\"_blank\" rel=\"noreferrer noopener\">RESOLUCI\u00d3 RELATIVA A LA DELIMITACI\u00d3 DE LES ZONES EDUCATIVES DELS CENTRES QUE S\u2019IMPARTEIXEN ELS PROGRAMES DE FORMACI\u00d3 I INSERCI\u00d3, SOSTINGUTS AMB FONS P\u00daBLICS, ALS EFECTES DEL PROCEDIMENT D\u2019ADMISSI\u00d3 D\u2019ALUMNAT<\/a><\/p>\n<\/div><\/div>\n<\/div>\n\n\n\n<hr class=\"wp-block-separator has-alpha-channel-opacity\"\/>\n\n\n\n<h4 class=\"wp-block-heading\"><strong>CALENDARI, LLISTES I DOCUMENTS:<\/strong><\/h4>\n\n\n\n<p>El proc\u00e9s de preinscripci\u00f3 es fa telem\u00e0ticament a trav\u00e9s de la p\u00e0gina web del <a href=\"https:\/\/preinscripcio.gencat.cat\/ca\/estudis\/pfi\/inici\/\" target=\"_blank\" rel=\"noreferrer noopener\">Departament d&#8217;educaci\u00f3 i formaci\u00f3 professional<\/a>:<\/p>\n\n\n\n<p><\/p>\n\n\n\n<blockquote class=\"wp-block-quote is-style-default has-white-background-color has-background is-layout-flow wp-block-quote-is-layout-flow\" style=\"border-width:1px;border-radius:10px\">\n<p><strong>30 abril. <\/strong>Oferta inicial<\/p>\n<\/blockquote>\n\n\n\n<blockquote class=\"wp-block-quote has-white-background-color has-background is-layout-flow wp-block-quote-is-layout-flow\" style=\"border-width:1px;border-radius:10px\">\n<p class=\"has-black-color has-text-color has-link-color wp-elements-3a05f6dcb939af5944fc7a3999e00ae8\"><strong>4-13 maig. <\/strong>Presentaci\u00f3 de la sol\u00b7licitud de preinscripci\u00f3 (presentaci\u00f3 de documentaci\u00f3 fins el 14 maig)<\/p>\n\n\n\n<div class=\"wp-block-columns is-layout-flex wp-container-core-columns-is-layout-1 wp-block-columns-is-layout-flex\">\n<div class=\"wp-block-column has-white-background-color has-background is-layout-flow wp-block-column-is-layout-flow\">\n<figure class=\"wp-block-image size-full has-custom-border\"><a href=\"https:\/\/preinscripcio.gencat.cat\/ca\/estudis\/pfi\/informat\/prepara-documentacio\/\" target=\"_blank\" rel=\" noreferrer noopener\"><img loading=\"lazy\" decoding=\"async\" width=\"517\" height=\"113\" src=\"https:\/\/agora.xtec.cat\/ies-brugulat\/wp-content\/uploads\/usu85\/2026\/03\/image-11.png\" alt=\"\" class=\"wp-image-28432\" style=\"border-radius:10px;box-shadow:var(--wp--preset--shadow--natural)\" srcset=\"https:\/\/agora.xtec.cat\/ies-brugulat\/wp-content\/uploads\/usu85\/2026\/03\/image-11.png 517w, https:\/\/agora.xtec.cat\/ies-brugulat\/wp-content\/uploads\/usu85\/2026\/03\/image-11-300x66.png 300w\" sizes=\"auto, (max-width: 517px) 100vw, 517px\" \/><\/a><\/figure>\n<\/div>\n\n\n\n<div class=\"wp-block-column is-layout-flow wp-block-column-is-layout-flow\">\n<figure class=\"wp-block-image size-full has-custom-border\"><a href=\"https:\/\/tramits.gencat.cat\/ca\/tramits\/tramits-temes\/preinscripcio-pfi\" target=\"_blank\" rel=\" noreferrer noopener\"><img loading=\"lazy\" decoding=\"async\" width=\"442\" height=\"140\" src=\"https:\/\/agora.xtec.cat\/ies-brugulat\/wp-content\/uploads\/usu85\/2026\/04\/preinscripcio.png\" alt=\"\" class=\"wp-image-29181\" style=\"border-radius:10px;box-shadow:var(--wp--preset--shadow--natural)\" srcset=\"https:\/\/agora.xtec.cat\/ies-brugulat\/wp-content\/uploads\/usu85\/2026\/04\/preinscripcio.png 442w, https:\/\/agora.xtec.cat\/ies-brugulat\/wp-content\/uploads\/usu85\/2026\/04\/preinscripcio-300x95.png 300w\" sizes=\"auto, (max-width: 442px) 100vw, 442px\" \/><\/a><\/figure>\n<\/div>\n<\/div>\n<\/blockquote>\n\n\n\n<blockquote class=\"wp-block-quote is-layout-flow wp-block-quote-is-layout-flow\" style=\"border-width:1px;border-radius:10px\">\n<p class=\"has-black-color has-text-color has-link-color wp-elements-dc45f878ddc1235b705646c8ed634083\"><strong>14 maig. <\/strong>Llista de sol\u00b7licituds amb la puntuaci\u00f3 provisional<\/p>\n<\/blockquote>\n\n\n\n<blockquote class=\"wp-block-quote is-layout-flow wp-block-quote-is-layout-flow\" style=\"border-width:1px;border-radius:10px\">\n<p class=\"has-black-color has-text-color has-link-color wp-elements-1e88a755eb0ebae1e2780f7f64183a98\"><strong>4-26 maig.<\/strong> Entrevistes d&#8217;orientaci\u00f3 i valoraci\u00f3<\/p>\n<\/blockquote>\n\n\n\n<blockquote class=\"wp-block-quote is-layout-flow wp-block-quote-is-layout-flow\" style=\"border-width:1px;border-radius:10px\">\n<p class=\"has-black-color has-text-color has-link-color wp-elements-4dddedb543fd827d687bc9362e65e571\"><strong>28 maig<\/strong>. Llista de sol\u00b7licituds amb la puntuaci\u00f3 provisional<\/p>\n<\/blockquote>\n\n\n\n<blockquote class=\"wp-block-quote is-layout-flow wp-block-quote-is-layout-flow\" style=\"border-width:1px;border-radius:10px\">\n<p class=\"has-black-color has-text-color has-link-color wp-elements-5350c6ce44a786150e9ffdf439adc497\"><strong>28 maig &#8211; 3 juny<\/strong>. Presentaci\u00f3 de reclamacions<\/p>\n<\/blockquote>\n\n\n\n<blockquote class=\"wp-block-quote is-layout-flow wp-block-quote-is-layout-flow\" style=\"border-width:1px;border-radius:10px\">\n<p class=\"has-black-color has-text-color has-link-color wp-elements-42213985514725cafe93633da41a8e15\"><strong>8 juny<\/strong>. Llista de sol\u00b7licituds amb la puntuaci\u00f3 definitiva un cop resoltes les reclamacions<\/p>\n<\/blockquote>\n\n\n\n<blockquote class=\"wp-block-quote is-layout-flow wp-block-quote-is-layout-flow\" style=\"border-width:1px;border-radius:10px\">\n<p class=\"has-black-color has-text-color has-link-color wp-elements-1d3dab35f9f26b2f3bd18dbc37a92c4a\"><strong>8 juny (11:00). <\/strong>Sorteig del n\u00famero de desempat<\/p>\n<\/blockquote>\n\n\n\n<blockquote class=\"wp-block-quote is-layout-flow wp-block-quote-is-layout-flow\" style=\"border-width:1px;border-radius:10px\">\n<p class=\"has-black-color has-text-color has-link-color wp-elements-48513b6275a79742dc41a81b493a27f1\"><strong>11 juny.<\/strong> Publicaci\u00f3 de la llista ordenada<\/p>\n<\/blockquote>\n\n\n\n<blockquote class=\"wp-block-quote is-layout-flow wp-block-quote-is-layout-flow\" style=\"border-width:1px;border-radius:10px\">\n<p class=\"has-black-color has-text-color has-link-color wp-elements-77c4666136b2fc6ee4a8412a394eeafd\"><strong>25-29 juny.<\/strong> Ampliaci\u00f3 de peticions de preinscripci\u00f3 per a alumnes sense pla\u00e7a assignada a cap centre<\/p>\n<\/blockquote>\n\n\n\n<blockquote class=\"wp-block-quote is-layout-flow wp-block-quote-is-layout-flow\" style=\"border-width:1px;border-radius:10px\">\n<p class=\"has-black-color has-text-color has-link-color wp-elements-144a58ca74b57fd20a915a433a16de86\"><strong>3 juliol<\/strong><\/p>\n\n\n\n<ul class=\"wp-block-list has-black-color has-text-color has-link-color wp-elements-ae5a6ba70b65e88121d8e536f0e3ac77\">\n<li class=\"has-black-color has-text-color has-link-color wp-elements-26c94e1dd34234c64726f82496628b99\">Oferta definitiva de places escolars<\/li>\n\n\n\n<li class=\"has-black-color has-text-color has-link-color wp-elements-f94dbe9086628193dc7bc9fa4b2755dd\">Llista d&#8217;alumnes admesos<\/li>\n\n\n\n<li>Llista d&#8217;espera<\/li>\n<\/ul>\n<\/blockquote>\n\n\n\n<p class=\"has-black-color has-text-color has-link-color wp-elements-9ac00cf961d1ea846fe5a532228b76c6\"><\/p>\n\n\n\n<p class=\"has-cyan-bluish-gray-color has-text-color has-link-color wp-elements-6c5da5ad5c0c7d23114e2fd94063cc6c\"><\/p>\n<\/div>\n<\/div>\n\n\n\n<div style=\"height:30px\" aria-hidden=\"true\" class=\"wp-block-spacer\"><\/div>\n\n\n\n<h2 class=\"wp-block-heading\">MATR\u00cdCULA<\/h2>\n\n\n\n<div class=\"wp-block-columns is-layout-flex wp-container-core-columns-is-layout-3 wp-block-columns-is-layout-flex\" style=\"margin-top:0px;margin-bottom:0px;padding-top:0px;padding-right:0px;padding-bottom:0px;padding-left:0px\">\n<div class=\"wp-block-column is-layout-flow wp-block-column-is-layout-flow\" style=\"flex-basis:25%\"><\/div>\n\n\n\n<div class=\"wp-block-column is-layout-flow wp-block-column-is-layout-flow\" style=\"flex-basis:66.66%\">\n<p><strong>Properament penjarem les instruccions per a la matriculaci\u00f3.<\/strong><\/p>\n<\/div>\n<\/div>\n\n\n\n<div style=\"height:30px\" aria-hidden=\"true\" class=\"wp-block-spacer\"><\/div>\n\n\n\n<p><\/p>\n","protected":false},"excerpt":{"rendered":"<p>PORTES OBERTES PREINSCRIPCI\u00d3 Consulteu la informaci\u00f3 relativa a la preinscripci\u00f3 al PFI a la p\u00e0gina web del Departament d&#8217;Educaci\u00f3 i Formaci\u00f3 Professional. El proc\u00e9s de preinscripci\u00f3&nbsp;s&#8216;inicia a finals d&#8217;abril amb les jornades de portes obertes i oferta de places, i acaba el 10 juliol amb la formalitzaci\u00f3 de la matr\u00edcula. Durant tot aquest temps, hi [&hellip;]<\/p>\n","protected":false},"author":6,"featured_media":0,"parent":27861,"menu_order":0,"comment_status":"closed","ping_status":"close","template":"","meta":{"site-sidebar-layout":"default","site-content-layout":"","ast-site-content-layout":"default","site-content-style":"default","site-sidebar-style":"default","ast-global-header-display":"","ast-banner-title-visibility":"","ast-main-header-display":"","ast-hfb-above-header-display":"","ast-hfb-below-header-display":"","ast-hfb-mobile-header-display":"","site-post-title":"","ast-breadcrumbs-content":"","ast-featured-img":"","footer-sml-layout":"","theme-transparent-header-meta":"","adv-header-id-meta":"","stick-header-meta":"","header-above-stick-meta":"","header-main-stick-meta":"","header-below-stick-meta":"","astra-migrate-meta-layouts":"set","ast-page-background-enabled":"default","ast-page-background-meta":{"desktop":{"background-color":"var(--ast-global-color-4)","background-image":"","background-repeat":"repeat","background-position":"center center","background-size":"auto","background-attachment":"scroll","background-type":"","background-media":"","overlay-type":"","overlay-color":"","overlay-opacity":"","overlay-gradient":""},"tablet":{"background-color":"","background-image":"","background-repeat":"repeat","background-position":"center center","background-size":"auto","background-attachment":"scroll","background-type":"","background-media":"","overlay-type":"","overlay-color":"","overlay-opacity":"","overlay-gradient":""},"mobile":{"background-color":"","background-image":"","background-repeat":"repeat","background-position":"center center","background-size":"auto","background-attachment":"scroll","background-type":"","background-media":"","overlay-type":"","overlay-color":"","overlay-opacity":"","overlay-gradient":""}},"ast-content-background-meta":{"desktop":{"background-color":"var(--ast-global-color-5)","background-image":"","background-repeat":"repeat","background-position":"center center","background-size":"auto","background-attachment":"scroll","background-type":"","background-media":"","overlay-type":"","overlay-color":"","overlay-opacity":"","overlay-gradient":""},"tablet":{"background-color":"var(--ast-global-color-5)","background-image":"","background-repeat":"repeat","background-position":"center center","background-size":"auto","background-attachment":"scroll","background-type":"","background-media":"","overlay-type":"","overlay-color":"","overlay-opacity":"","overlay-gradient":""},"mobile":{"background-color":"var(--ast-global-color-5)","background-image":"","background-repeat":"repeat","background-position":"center center","background-size":"auto","background-attachment":"scroll","background-type":"","background-media":"","overlay-type":"","overlay-color":"","overlay-opacity":"","overlay-gradient":""}},"footnotes":""},"class_list":["post-29176","page","type-page","status-publish","hentry"],"post_mailing_queue_ids":[],"_links":{"self":[{"href":"https:\/\/agora.xtec.cat\/ies-brugulat\/wp-json\/wp\/v2\/pages\/29176","targetHints":{"allow":["GET"]}}],"collection":[{"href":"https:\/\/agora.xtec.cat\/ies-brugulat\/wp-json\/wp\/v2\/pages"}],"about":[{"href":"https:\/\/agora.xtec.cat\/ies-brugulat\/wp-json\/wp\/v2\/types\/page"}],"author":[{"embeddable":true,"href":"https:\/\/agora.xtec.cat\/ies-brugulat\/wp-json\/wp\/v2\/users\/6"}],"replies":[{"embeddable":true,"href":"https:\/\/agora.xtec.cat\/ies-brugulat\/wp-json\/wp\/v2\/comments?post=29176"}],"version-history":[{"count":6,"href":"https:\/\/agora.xtec.cat\/ies-brugulat\/wp-json\/wp\/v2\/pages\/29176\/revisions"}],"predecessor-version":[{"id":29295,"href":"https:\/\/agora.xtec.cat\/ies-brugulat\/wp-json\/wp\/v2\/pages\/29176\/revisions\/29295"}],"up":[{"embeddable":true,"href":"https:\/\/agora.xtec.cat\/ies-brugulat\/wp-json\/wp\/v2\/pages\/27861"}],"wp:attachment":[{"href":"https:\/\/agora.xtec.cat\/ies-brugulat\/wp-json\/wp\/v2\/media?parent=29176"}],"curies":[{"name":"wp","href":"https:\/\/api.w.org\/{rel}","templated":true}]}}