{"id":19215,"date":"2021-10-15T11:02:35","date_gmt":"2021-10-15T09:02:35","guid":{"rendered":"http:\/\/agora.xtec.cat\/ies-baix-montseny\/?page_id=19215"},"modified":"2024-02-13T12:56:14","modified_gmt":"2024-02-13T11:56:14","slug":"convocatoria-mobilitat-professorat","status":"publish","type":"page","link":"https:\/\/agora.xtec.cat\/ies-baix-montseny\/erasmus-2\/convocatoria-mobilitat-professorat\/","title":{"rendered":"Convocat\u00f2ria Mobilitat (Professorat)"},"content":{"rendered":"<h2 style=\"text-align: center;\"><span style=\"text-decoration: underline;\"><span style=\"color: #99cc00;\"><strong>Curs 2022-23<\/strong><\/span><\/span><\/h2>\n<p>Aquells\/es professors\/es de <strong>CFGS de Qu\u00edmica Industrial o Mecatr\u00f2nica Industrial<\/strong> que estiguin interessats\/es en gaudir d\u2019una beca Erasmus per a realitzar una estada de curt termini durant el <strong>mesos d&#8217;estiu de 2023<\/strong>, han de formalitzar la seva sol\u00b7licitud emplenant el seg\u00fcent\u00a0<strong><a href=\"https:\/\/forms.gle\/tcE7WLBLGKJzop6e7\">formulari<\/a> (data l\u00edmit 3\/12\/2022)\u00a0<\/strong><\/p>\n<p>Per aquest curs disposem de 4 beques per a professorat, cadascuna d\u2019elles \u00e9s de 3-5 dies, la quantitat de l\u2019ajuda total a percebre \u00e9s de 800\u20ac (aproximadament).<\/p>\n<p>El dest\u00ed per a la realitzaci\u00f3 de les estades \u00e9s principalment pa\u00efsos de la Comunitat Europea. Les estades s\u00f3n formatives, tot i que si alguna empresa us organitza un job shadowing tamb\u00e9 ser\u00e0 benvingut.<\/p>\n<p>Tota la informaci\u00f3 sobre el procediment per a l\u2019assignaci\u00f3 dels ajuts Erasmus+ els teniu a\u00a0<a href=\"https:\/\/agora.xtec.cat\/ies-baix-montseny\/wp-content\/uploads\/usu1288\/2021\/10\/CriterisSeleccioProfessorat.pdf\" target=\"_blank\" rel=\"noopener noreferrer\">Criteris Selecci\u00f3 Professorat. <\/a>Un cop valorades totes les sol\u00b7licituds es publicar\u00e0 un llistat ordenat per punts. Les places s\u2019assignaran en funci\u00f3 d\u2019aquest llistat. El professorat que no obtinguin pla\u00e7a quedaran com reserva.<\/p>\n<ul>\n<li>Barem definitiu d\u2019aspirants (26\/12\/2022)<\/li>\n<\/ul>\n<h2 style=\"text-align: center;\"><span style=\"text-decoration: underline;\"><span style=\"color: #99cc00;\"><strong>Curs 2021-22<\/strong><\/span><\/span><\/h2>\n<p>Aquells\/es professors\/es de <strong>CFGS de Qu\u00edmica Industrial o Mecatr\u00f2nica Industrial<\/strong> que estiguin interessats\/es en gaudir d\u2019una beca Erasmus per a realitzar una estada de curt termini durant el <strong>mes de Juny del 2022<\/strong>, han de formalitzar la seva sol\u00b7licitud emplenant el seg\u00fcent\u00a0<strong><a href=\"https:\/\/forms.gle\/4duriPjygjyc3qWc9\">formulari<\/a> (data l\u00edmit 20\/11\/2021)\u00a0<\/strong><\/p>\n<p>Per aquest curs disposem de 6 beques per a professorat, cadascuna d\u2019elles \u00e9s de 3-5 dies, la quantitat de l\u2019ajuda total a percebre \u00e9s de 800\u20ac (aproximadament).<\/p>\n<p>El dest\u00ed per a la realitzaci\u00f3 de les estades \u00e9s principalment Malta, Palermo i Dublin. Les estades s\u00f3n formatives.<\/p>\n<p>Tota la informaci\u00f3 sobre el procediment per a l\u2019assignaci\u00f3 dels ajuts Erasmus+ els teniu a\u00a0<a href=\"https:\/\/agora.xtec.cat\/ies-baix-montseny\/wp-content\/uploads\/usu1288\/2021\/10\/CriterisSeleccioProfessorat.pdf\" target=\"_blank\" rel=\"noopener noreferrer\">Criteris Selecci\u00f3 Professorat. <\/a>Un cop valorades totes les sol\u00b7licituds es publicar\u00e0 un llistat ordenat per punts. Les places s\u2019assignaran en funci\u00f3 d\u2019aquest llistat. Els alumnes que no obtinguin pla\u00e7a quedaran com reserves.<\/p>\n<ul>\n<li>Barem definitiu d\u2019aspirants (1\/02\/2022)<\/li>\n<\/ul>\n","protected":false},"excerpt":{"rendered":"<p>Curs 2022-23<br \/>\nAquells\/es professors\/es de CFGS de Qu\u00edmica Industrial o Mecatr\u00f2nica Industrial que estiguin interessats\/es en gaudir d\u2019una beca Erasmus per a realitzar una estada de curt termini durant el mesos d&#8217;estiu de 2023, han de formalitzar la seva sol\u00b7licitud emplenant el seg\u00fcent\u00a0<a href=\"https:\/\/forms.gle\/tcE7WLBLGKJzop6e7\">formulari<\/a> (data l\u00edmit&hellip;  <a href=\"https:\/\/agora.xtec.cat\/ies-baix-montseny\/erasmus-2\/convocatoria-mobilitat-professorat\/\" title=\"Read Convocat\u00f2ria Mobilitat (Professorat)\">Llegeix m\u00e9s\u00bb<\/a><\/p>\n","protected":false},"author":10,"featured_media":0,"parent":2094,"menu_order":4,"comment_status":"closed","ping_status":"closed","template":"page-templates\/side-menu.php","meta":{"_bbp_topic_count":0,"_bbp_reply_count":0,"_bbp_total_topic_count":0,"_bbp_total_reply_count":0,"_bbp_voice_count":0,"_bbp_anonymous_reply_count":0,"_bbp_topic_count_hidden":0,"_bbp_reply_count_hidden":0,"_bbp_forum_subforum_count":0,"footnotes":""},"class_list":["post-19215","page","type-page","status-publish","hentry"],"post_mailing_queue_ids":[],"_links":{"self":[{"href":"https:\/\/agora.xtec.cat\/ies-baix-montseny\/wp-json\/wp\/v2\/pages\/19215","targetHints":{"allow":["GET"]}}],"collection":[{"href":"https:\/\/agora.xtec.cat\/ies-baix-montseny\/wp-json\/wp\/v2\/pages"}],"about":[{"href":"https:\/\/agora.xtec.cat\/ies-baix-montseny\/wp-json\/wp\/v2\/types\/page"}],"author":[{"embeddable":true,"href":"https:\/\/agora.xtec.cat\/ies-baix-montseny\/wp-json\/wp\/v2\/users\/10"}],"replies":[{"embeddable":true,"href":"https:\/\/agora.xtec.cat\/ies-baix-montseny\/wp-json\/wp\/v2\/comments?post=19215"}],"version-history":[{"count":3,"href":"https:\/\/agora.xtec.cat\/ies-baix-montseny\/wp-json\/wp\/v2\/pages\/19215\/revisions"}],"predecessor-version":[{"id":21209,"href":"https:\/\/agora.xtec.cat\/ies-baix-montseny\/wp-json\/wp\/v2\/pages\/19215\/revisions\/21209"}],"up":[{"embeddable":true,"href":"https:\/\/agora.xtec.cat\/ies-baix-montseny\/wp-json\/wp\/v2\/pages\/2094"}],"wp:attachment":[{"href":"https:\/\/agora.xtec.cat\/ies-baix-montseny\/wp-json\/wp\/v2\/media?parent=19215"}],"curies":[{"name":"wp","href":"https:\/\/api.w.org\/{rel}","templated":true}]}}