{"id":9,"date":"2024-05-19T10:15:01","date_gmt":"2024-05-19T08:15:01","guid":{"rendered":"http:\/\/agora.xtec.cat\/ies-alexandre-de-riquer\/?page_id=9"},"modified":"2025-05-19T11:28:19","modified_gmt":"2025-05-19T09:28:19","slug":"pagina-dinici-buida","status":"publish","type":"page","link":"https:\/\/agora.xtec.cat\/ies-alexandre-de-riquer\/","title":{"rendered":"Instagram"},"content":{"rendered":"<div class=\"wp-block-getwid-instagram\">\n            <div class=\"wp-block-getwid-instagram__wrapper has-3-columns\">\n                <div class=\"wp-block-getwid-instagram__item\">\n\t<div class=\"wp-block-getwid-instagram__media-wrapper\">\n\t\t<a class=\"wp-block-getwid-instagram__media-link\" target=\"_blank\" href=\"https:\/\/www.instagram.com\/p\/DcvtZ3iAkVQ\/\">\n\t\t\t\t\t\t\t<img decoding=\"async\" class=\"wp-block-getwid-instagram__media\" src=\"https:\/\/scontent-lhr11-1.cdninstagram.com\/v\/t51.82787-15\/791044229_18128831221806714_7607040368475953138_n.jpg?stp=dst-jpg_e35_tt6&#038;_nc_cat=107&#038;ccb=7-5&#038;_nc_sid=18de74&#038;efg=eyJlZmdfdGFnIjoiQ0FST1VTRUxfSVRFTS5iZXN0X2ltYWdlX3VybGdlbi5DMyJ9&#038;_nc_ohc=SX8kOlEtvL0Q7kNvwFykQbQ&#038;_nc_oc=AdrP8kSFS2169uwmPbOCsRWj69p63uFuR9lSh8MOfnnWzSQGC0OdDZGVvTyMFerdu6w&#038;_nc_zt=23&#038;_nc_ht=scontent-lhr11-1.cdninstagram.com&#038;edm=ANo9K5cEAAAA&#038;_nc_gid=AdB2nM-svfr624sAfNmxYw&#038;_nc_tpa=Q5bMBQKVdosDOJCLo9VreoSq-3VHCIfOJhq86COGqRVec4eXG-9IhrT3ORKCmU3qgTQZBhedV9sFqMgZTA&#038;oh=00_AQLe-O8vAsJ7ztod2wRX6Uch7UQwVVLcXAzMjaQs0NM4iA&#038;oe=6A9CF2F0\" alt=\"Encetem nou curs amb molta energia i il\u00b7lusi\u00f3!\ud83e\udd29\"\/>\n\t\t\t\t\t<\/a>\n\t<\/div>\n<\/div><div class=\"wp-block-getwid-instagram__item\">\n\t<div class=\"wp-block-getwid-instagram__media-wrapper\">\n\t\t<a class=\"wp-block-getwid-instagram__media-link\" target=\"_blank\" href=\"https:\/\/www.instagram.com\/p\/DbINHcIAujZ\/\">\n\t\t\t\t\t\t\t<img decoding=\"async\" class=\"wp-block-getwid-instagram__media\" src=\"https:\/\/scontent-lhr6-2.cdninstagram.com\/v\/t51.82787-15\/753225142_18124801546806714_4889595603727071259_n.heic?stp=dst-jpg_e35_tt6&#038;_nc_cat=102&#038;ccb=7-5&#038;_nc_sid=18de74&#038;efg=eyJlZmdfdGFnIjoiQ0FST1VTRUxfSVRFTS5iZXN0X2ltYWdlX3VybGdlbi5DMyJ9&#038;_nc_ohc=6dfKa2VScYkQ7kNvwFmXb4s&#038;_nc_oc=AdoUtqdAOkB-AkAGFoyfkqJZBkgzA4Uv-DnxpBiBJw_Depo0iCZSLk_WAjIp-ZlyMjM&#038;_nc_zt=23&#038;_nc_ht=scontent-lhr6-2.cdninstagram.com&#038;edm=ANo9K5cEAAAA&#038;_nc_gid=AdB2nM-svfr624sAfNmxYw&#038;_nc_tpa=Q5bMBQLaou8mRU5mBbFgfWyEPcnBMw7gw7Uho_YctIQLYZNtXW2GtkzSyulrijJS-VvnYmFjzBi3dnOiLA&#038;oh=00_AQIUfwHmoHeuPGuo4AuaOKEKVA1D4XUwq4GyRypP4_ntwg&#038;oe=6A9CEE71\" alt=\"El passat 21 de juliol ens va deixar Josep Vallverd\u00fa i Aixal\u00e0, narrador, poeta, dramaturg, ling\u00fcista, traductor i assagista catal\u00e0 de reconeguda traject\u00f2ria en la literatura infantil i juvenil, autor de m\u00e9s de dues-centes obres. En motiu del seu centenari, li vam dedicar la diada de Sant Jordi de l&#039;any 2023, on vam fer un&hellip;\"\/>\n\t\t\t\t\t<\/a>\n\t<\/div>\n<\/div><div class=\"wp-block-getwid-instagram__item\">\n\t<div class=\"wp-block-getwid-instagram__media-wrapper\">\n\t\t<a class=\"wp-block-getwid-instagram__media-link\" target=\"_blank\" href=\"https:\/\/www.instagram.com\/p\/DaSTilYgkfK\/\">\n\t\t\t\t\t\t\t<img decoding=\"async\" class=\"wp-block-getwid-instagram__media\" src=\"https:\/\/scontent-lhr11-1.cdninstagram.com\/v\/t51.82787-15\/730776500_18122635684806714_1295875071921968941_n.webp?stp=dst-jpg_e35_tt6&#038;_nc_cat=110&#038;ccb=7-5&#038;_nc_sid=18de74&#038;efg=eyJlZmdfdGFnIjoiQ0FST1VTRUxfSVRFTS5iZXN0X2ltYWdlX3VybGdlbi5DMyJ9&#038;_nc_ohc=LkzBGskRse8Q7kNvwHY5BdB&#038;_nc_oc=AdqcOWh1OKW7KkAaRhVUAOkrUMTznsWSjEn3JTBz-dXvfZ4cgQ9044IUw5dfMY9UMNo&#038;_nc_zt=23&#038;_nc_ht=scontent-lhr11-1.cdninstagram.com&#038;edm=ANo9K5cEAAAA&#038;_nc_gid=AdB2nM-svfr624sAfNmxYw&#038;_nc_tpa=Q5bMBQKEMmuCbWdfChlQnbyCphSXs9GNr5ssgktEpPTYNUXj4gX6SPcfBj1kTr_6z4Xopj63AhiLo-THfg&#038;oh=00_AQKEidZLrnfDlZk7hwOeeTnpVXpH6rmugMbHNumlcK5JmA&#038;oe=6A9CDB4F\" alt=\"Ahir ens vam trobar a l&#039;institut per homenatjar les empreses de Calaf que ens han acompanyat amb el projecte d&#039;emprenedoria empresarial durant els darrers 5 anys. Amb aquest projecte els alumnes de 4t han pogut adquirir habilitats professionals i acabar l&#039;ESO amb garanties. \u00c9s un treball conjunt del poble per formar persones que est\u00e0 funcionant&hellip;\"\/>\n\t\t\t\t\t<\/a>\n\t<\/div>\n<\/div><div class=\"wp-block-getwid-instagram__item\">\n\t<div class=\"wp-block-getwid-instagram__media-wrapper\">\n\t\t<a class=\"wp-block-getwid-instagram__media-link\" target=\"_blank\" href=\"https:\/\/www.instagram.com\/p\/DaNNXO9AlXX\/\">\n\t\t\t\t\t\t\t<img decoding=\"async\" class=\"wp-block-getwid-instagram__media\" src=\"https:\/\/scontent-lhr11-1.cdninstagram.com\/v\/t51.82787-15\/730451346_18122443699806714_5978907454527982274_n.jpg?stp=dst-jpg_e35_tt6&#038;_nc_cat=110&#038;ccb=7-5&#038;_nc_sid=18de74&#038;efg=eyJlZmdfdGFnIjoiQ0FST1VTRUxfSVRFTS5iZXN0X2ltYWdlX3VybGdlbi5DMyJ9&#038;_nc_ohc=igGIU6vU1c8Q7kNvwFmJmiz&#038;_nc_oc=AdoiKJGysU0jR0Mm6w2Vi6C0EywHWe8xr84fxZWxhhLygUKlcQ9oRYdr5AfoepRcHww&#038;_nc_zt=23&#038;_nc_ht=scontent-lhr11-1.cdninstagram.com&#038;edm=ANo9K5cEAAAA&#038;_nc_gid=AdB2nM-svfr624sAfNmxYw&#038;_nc_tpa=Q5bMBQIbvDytb7xFiJJ6gKTOc24UCkmgQYduM40RJoriEqmxuzuT-JCQnf7P3WTclAPu2bCk707MvFreAw&#038;oh=00_AQLfU4vqtVMi1Npp0FBpzAOyjBXH0QQ0gn1APkopUSx-9A&#038;oe=6A9CF4D0\" alt=\"\ud83d\udccd\u200b2n d&#039;ESO L&#039;\u00faltima setmana de curs vam poder gaudir d&#039;una representaci\u00f3 teatral a c\u00e0rrec dels alumnes de 2n d&#039;ESO. Hem de felicitar l&#039;alumnat d&#039;aquesta optativa perqu\u00e8 van actuar com aut\u00e8ntics professionals. Una experi\u00e8ncia memorable que vam gaudir molt\u00edssim. \ud83c\udfad BONA FEINA, nois i noies!\"\/>\n\t\t\t\t\t<\/a>\n\t<\/div>\n<\/div><div class=\"wp-block-getwid-instagram__item\">\n\t<div class=\"wp-block-getwid-instagram__media-wrapper\">\n\t\t<a class=\"wp-block-getwid-instagram__media-link\" target=\"_blank\" href=\"https:\/\/www.instagram.com\/p\/DaK4twUAiMH\/\">\n\t\t\t\t\t\t\t<img decoding=\"async\" class=\"wp-block-getwid-instagram__media\" src=\"https:\/\/scontent-lhr11-1.cdninstagram.com\/v\/t51.82787-15\/727490643_18122349751806714_238991783847605878_n.heic?stp=dst-jpg_e35_tt6&#038;_nc_cat=111&#038;ccb=7-5&#038;_nc_sid=18de74&#038;efg=eyJlZmdfdGFnIjoiQ0FST1VTRUxfSVRFTS5iZXN0X2ltYWdlX3VybGdlbi5DMyJ9&#038;_nc_ohc=XnVj3oeOYWwQ7kNvwGy-MTj&#038;_nc_oc=Adq86y4oJtttiGuTBnwK4u4NKKevgH_E3rArQIOdorbFY6L8hXPBd52uCIjZHc9Vfuc&#038;_nc_zt=23&#038;_nc_ht=scontent-lhr11-1.cdninstagram.com&#038;edm=ANo9K5cEAAAA&#038;_nc_gid=AdB2nM-svfr624sAfNmxYw&#038;_nc_tpa=Q5bMBQIWUM-1JNZV8vuRMKhOsY2bUt7ipXVAZUh9BV7gJfVlCahVCgVH2imDtbqbK5QR4S41uciAe9lEBg&#038;oh=00_AQIAHYipnBfCpK7lVGpJqnorCsNif3MAW6gJkYqS_tw10Q&#038;oe=6A9CEE4A\" alt=\"\ud83d\udccd1r d&#039;ESO A 1r d&#039;ESO vam acomiadar el curs amb activitats aqu\u00e0tiques. Una molt bona experi\u00e8ncia per fer pinya i enfortir els vincles de grup. Gr\u00e0cies, 1r d&#039;ESO, per un curs tant fant\u00e0stic! Us desitgem unes molt bones vacances! \ud83c\udf1e\"\/>\n\t\t\t\t\t<\/a>\n\t<\/div>\n<\/div><div class=\"wp-block-getwid-instagram__item\">\n\t<div class=\"wp-block-getwid-instagram__media-wrapper\">\n\t\t<a class=\"wp-block-getwid-instagram__media-link\" target=\"_blank\" href=\"https:\/\/www.instagram.com\/p\/DaKySgNCNBW\/\">\n\t\t\t\t\t\t\t<img decoding=\"async\" class=\"wp-block-getwid-instagram__media\" src=\"https:\/\/scontent-lhr6-2.cdninstagram.com\/v\/t51.82787-15\/729991721_18122344150806714_8462280603999310453_n.jpg?stp=dst-jpg_e35_tt6&#038;_nc_cat=102&#038;ccb=7-5&#038;_nc_sid=18de74&#038;efg=eyJlZmdfdGFnIjoiRkVFRC5iZXN0X2ltYWdlX3VybGdlbi5DMyJ9&#038;_nc_ohc=bAmf0kkTOkkQ7kNvwFxZUsg&#038;_nc_oc=Adqp8YRBKCXeHEI2gjg_RiZsJnHtMdjKo1FG0Bv74sL7BzA9sWmukqZUQ5wFHonL9-M&#038;_nc_zt=23&#038;_nc_ht=scontent-lhr6-2.cdninstagram.com&#038;edm=ANo9K5cEAAAA&#038;_nc_gid=AdB2nM-svfr624sAfNmxYw&#038;_nc_tpa=Q5bMBQI4kor2GQPihxk4xxjsn9CXd1Gh-XBatWvC-UCxKT6tlqpBQH39JSzUGrG2wUUcv6nRQ7rK5bGgRw&#038;oh=00_AQLKnYgQNDCHW7tGRaoFJZhjSPpaN8yVAVq2DCzP7yU7yA&#038;oe=6A9CFA20\" alt=\"Des del centre volem felicitar el nostre alumne de 2n de Batxillerat, Gerard Catalan, per haver estat guardonat amb el Premi al Millor Treball de Recerca d\u2019\u00c0mbit Local de l\u2019\u00c0mbit Art\u00edstic en la 21a edici\u00f3 dels Premis Igualada Recerca Jove, i tamb\u00e9 fer extensiva l\u2019enhorabona a la Gemma Aurich, que l\u2019ha acompanyat com a tutora&hellip;\"\/>\n\t\t\t\t\t<\/a>\n\t<\/div>\n<\/div><\/div>\n        <\/div>","protected":false},"excerpt":{"rendered":"","protected":false},"author":1,"featured_media":0,"parent":0,"menu_order":0,"comment_status":"closed","ping_status":"closed","template":"","meta":{"_bbp_topic_count":0,"_bbp_reply_count":0,"_bbp_total_topic_count":0,"_bbp_total_reply_count":0,"_bbp_voice_count":0,"_bbp_anonymous_reply_count":0,"_bbp_topic_count_hidden":0,"_bbp_reply_count_hidden":0,"_bbp_forum_subforum_count":0,"site-sidebar-layout":"default","site-content-layout":"","ast-site-content-layout":"default","site-content-style":"default","site-sidebar-style":"default","ast-global-header-display":"","ast-banner-title-visibility":"","ast-main-header-display":"","ast-hfb-above-header-display":"","ast-hfb-below-header-display":"","ast-hfb-mobile-header-display":"","site-post-title":"","ast-breadcrumbs-content":"","ast-featured-img":"","footer-sml-layout":"","theme-transparent-header-meta":"","adv-header-id-meta":"","stick-header-meta":"","header-above-stick-meta":"","header-main-stick-meta":"","header-below-stick-meta":"","astra-migrate-meta-layouts":"set","ast-page-background-enabled":"default","ast-page-background-meta":{"desktop":{"background-color":"var(--ast-global-color-4)","background-image":"","background-repeat":"repeat","background-position":"center center","background-size":"auto","background-attachment":"scroll","background-type":"","background-media":"","overlay-type":"","overlay-color":"","overlay-opacity":"","overlay-gradient":""},"tablet":{"background-color":"","background-image":"","background-repeat":"repeat","background-position":"center center","background-size":"auto","background-attachment":"scroll","background-type":"","background-media":"","overlay-type":"","overlay-color":"","overlay-opacity":"","overlay-gradient":""},"mobile":{"background-color":"","background-image":"","background-repeat":"repeat","background-position":"center center","background-size":"auto","background-attachment":"scroll","background-type":"","background-media":"","overlay-type":"","overlay-color":"","overlay-opacity":"","overlay-gradient":""}},"ast-content-background-meta":{"desktop":{"background-color":"var(--ast-global-color-5)","background-image":"","background-repeat":"repeat","background-position":"center center","background-size":"auto","background-attachment":"scroll","background-type":"","background-media":"","overlay-type":"","overlay-color":"","overlay-opacity":"","overlay-gradient":""},"tablet":{"background-color":"var(--ast-global-color-5)","background-image":"","background-repeat":"repeat","background-position":"center center","background-size":"auto","background-attachment":"scroll","background-type":"","background-media":"","overlay-type":"","overlay-color":"","overlay-opacity":"","overlay-gradient":""},"mobile":{"background-color":"var(--ast-global-color-5)","background-image":"","background-repeat":"repeat","background-position":"center center","background-size":"auto","background-attachment":"scroll","background-type":"","background-media":"","overlay-type":"","overlay-color":"","overlay-opacity":"","overlay-gradient":""}},"footnotes":""},"class_list":["post-9","page","type-page","status-publish","hentry"],"post_mailing_queue_ids":[],"_links":{"self":[{"href":"https:\/\/agora.xtec.cat\/ies-alexandre-de-riquer\/wp-json\/wp\/v2\/pages\/9","targetHints":{"allow":["GET"]}}],"collection":[{"href":"https:\/\/agora.xtec.cat\/ies-alexandre-de-riquer\/wp-json\/wp\/v2\/pages"}],"about":[{"href":"https:\/\/agora.xtec.cat\/ies-alexandre-de-riquer\/wp-json\/wp\/v2\/types\/page"}],"author":[{"embeddable":true,"href":"https:\/\/agora.xtec.cat\/ies-alexandre-de-riquer\/wp-json\/wp\/v2\/users\/1"}],"replies":[{"embeddable":true,"href":"https:\/\/agora.xtec.cat\/ies-alexandre-de-riquer\/wp-json\/wp\/v2\/comments?post=9"}],"version-history":[{"count":6,"href":"https:\/\/agora.xtec.cat\/ies-alexandre-de-riquer\/wp-json\/wp\/v2\/pages\/9\/revisions"}],"predecessor-version":[{"id":8541,"href":"https:\/\/agora.xtec.cat\/ies-alexandre-de-riquer\/wp-json\/wp\/v2\/pages\/9\/revisions\/8541"}],"wp:attachment":[{"href":"https:\/\/agora.xtec.cat\/ies-alexandre-de-riquer\/wp-json\/wp\/v2\/media?parent=9"}],"curies":[{"name":"wp","href":"https:\/\/api.w.org\/{rel}","templated":true}]}}