{"id":5764,"date":"2020-02-05T14:21:01","date_gmt":"2020-02-05T13:21:01","guid":{"rendered":"http:\/\/agora.xtec.cat\/ielesvinyes\/?page_id=5764"},"modified":"2020-02-05T14:23:39","modified_gmt":"2020-02-05T13:23:39","slug":"afa-els-nostres-projectes-empatitzat","status":"publish","type":"page","link":"https:\/\/agora.xtec.cat\/ielesvinyes\/afa-les-vinyes\/afa-els-nostres-projectes\/afa-els-nostres-projectes-empatitzat\/","title":{"rendered":"AFA: Els nostres projectes -> EmPATItza&#8217;t"},"content":{"rendered":"<h3><\/h3>\n<p>&nbsp;<\/p>\n<h3 style=\"text-align: center;\"><strong><span style=\"color: #ff6600;\">Volem millorar els patis de les Vinyes!<\/span><\/strong><\/h3>\n<p>&nbsp;<\/p>\n<p><img loading=\"lazy\" decoding=\"async\" class=\"size-full wp-image-2775 aligncenter\" src=\"https:\/\/agora.xtec.cat\/ielesvinyes\/wp-content\/uploads\/usu1433\/2014\/01\/empatitzat.jpg\" alt=\"\" width=\"942\" height=\"277\" srcset=\"https:\/\/agora.xtec.cat\/ielesvinyes\/wp-content\/uploads\/usu1433\/2014\/01\/empatitzat.jpg 942w, https:\/\/agora.xtec.cat\/ielesvinyes\/wp-content\/uploads\/usu1433\/2014\/01\/empatitzat-300x88.jpg 300w, https:\/\/agora.xtec.cat\/ielesvinyes\/wp-content\/uploads\/usu1433\/2014\/01\/empatitzat-768x226.jpg 768w\" sizes=\"auto, (max-width: 942px) 100vw, 942px\" \/><\/p>\n<p>&nbsp;<\/p>\n<p>\u00c9s per aix\u00f2 que ens endinsarem en un proc\u00e9s de co-creaci\u00f3, amb la participaci\u00f3 activa, idees, coneixements i energies de tota la Comunitat Educativa de Les Vinyes!<\/p>\n<p>El projecte es divideix en quatre fases:<\/p>\n<ol>\n<li><strong>Con\u00e8ixer\u00a0<\/strong><\/li>\n<li><strong>Co-crear<\/strong><\/li>\n<li><strong>Construir<\/strong><\/li>\n<li><strong>Celebrar<\/strong><\/li>\n<\/ol>\n<p>&nbsp;<\/p>\n<h4 style=\"text-align: left;\"><span style=\"color: #0c97c9;\"><strong>Temporalitat, desenvolupament i execuci\u00f3 de cada fase<\/strong><\/span><\/h4>\n<p>&nbsp;<\/p>\n<h5><strong><span style=\"color: #808000;\">1. Fase Con\u00e8ixer<\/span> <\/strong><\/h5>\n<p><strong>Temporalitat -&gt;<\/strong> inici: 31 d&#8217;octubre de 2013 \/ final: 3 de febrer de 2014<\/p>\n<p>Tothom aporta propostes: escrites, dibuixades o fotografiades, del pati somiat, el pati recordat i el pati actual. Poden ser records del pati d\u2019infantesa, el pati somiat i\/o el que agradaria tenir al pati. S&#8217;envia una postal amb les 3 propostes a omplir.<\/p>\n<p>Observaci\u00f3, per part dels mestres d&#8217;infantil i prim\u00e0ria, durant una hora d&#8217;esbarjo, prenent nota dels espais que s&#8217;omplen m\u00e9s\/menys i dels jocs que porten a terme.<\/p>\n<p>Els delgats\/des d&#8217;ESO fan la mateixa observaci\u00f3 durant l&#8217;estona d&#8217;esbarjo de secund\u00e0ria.<\/p>\n<p>Les propostes rebudes i observacions recollides guien la seg\u00fcent fase del projecte, la FASE COCREACI\u00d3<\/p>\n<p><a href=\"https:\/\/www.flickr.com\/photos\/ielesvinyes\/sets\/72157641052298813\/\" target=\"_blank\" rel=\"noopener noreferrer\"><img loading=\"lazy\" decoding=\"async\" class=\"aligncenter wp-image-5770\" title=\"Galeria d'imatges - Fase Con\u00e8ixer\" src=\"https:\/\/agora.xtec.cat\/ielesvinyes\/wp-content\/uploads\/usu1433\/2020\/02\/AFA-C\u00e0mera-fotos.png\" alt=\"\" width=\"69\" height=\"73\" \/><\/a><\/p>\n<hr \/>\n<h5><strong><span style=\"color: #808000;\">2. Fase Co-creaci\u00f3<\/span><\/strong><\/h5>\n<p><strong>Temporalitat -&gt;<\/strong> inici: 4 de febrer de 2014 \/ final: 17 de mar\u00e7 de 2014<\/p>\n<ul style=\"list-style-type: disc;\">\n<li><strong>Primera Fase: <\/strong>Alumnes i professorat<\/li>\n<\/ul>\n<p>Cerca d&#8217;especialistes en &#8220;Ombres i Clima&#8221;, &#8220;Vegetaci\u00f3 i Jardineria&#8221;, &#8220;Decoraci\u00f3 i Pintura&#8221;, i &#8220;Jocs d&#8217;abans&#8221; per realitzar un taller\/xerrada als nostres alumnes durant el projecte.<\/p>\n<p>Els alumnes d\u2019educaci\u00f3 Infantil, Prim\u00e0ria i Secund\u00e0ria dediquen dues setmanes a dur a terme un treball conjunt que inclou el proc\u00e9s d\u2019<strong>ideaci\u00f3 i disseny<\/strong>\u00a0de millores als patis de l\u2019escola. <strong>(del 27 gener de 2014 al 07 de febrer de 2014)<\/strong><\/p>\n<p style=\"font-family: 'Helvetica Neue', Helvetica, Helvetica, Arial, sans-serif; font-size: 16px;\">Com en altres projectes anteriors, els alumnes treballen en grups cooperatius, realitzen activitats internivells, recerca documental, sortides, treball amb experts externs, productes de comunicaci\u00f3 interna i externa, planificaci\u00f3 i execuci\u00f3, aprenentatge entre iguals, reptes creatius, etc.<\/p>\n<p style=\"font-family: 'Helvetica Neue', Helvetica, Helvetica, Arial, sans-serif; font-size: 16px;\">Aquest curs, a m\u00e9s a m\u00e9s, es fa en equips formats per <strong>alumnes de 1r, 2n i 3r d&#8217;ESO <\/strong>junts i amb una <strong>major interacci\u00f3 amb infantil i prim\u00e0ria, que tamb\u00e9 treballen en grups d\u2019experts<\/strong>. Un aut\u00e8ntic treball internivells de <span class=\"il\">cocreaci\u00f3<\/span>.<\/p>\n<p><a href=\"https:\/\/www.flickr.com\/photos\/ielesvinyes\/sets\/72157642457658143\/\" target=\"_blank\" rel=\"noopener noreferrer\"><img loading=\"lazy\" decoding=\"async\" class=\"aligncenter wp-image-5770\" title=\"Galeria d'imatges - Fase Co-Crear - 1a Fase\" src=\"https:\/\/agora.xtec.cat\/ielesvinyes\/wp-content\/uploads\/usu1433\/2020\/02\/AFA-C\u00e0mera-fotos.png\" alt=\"\" width=\"69\" height=\"73\" \/><\/a><\/p>\n<ul>\n<li><strong>Segona Fase: <\/strong>Alumnes, professorat i fam\u00edlies<\/li>\n<\/ul>\n<p>Sessi\u00f3 conjunta de <span class=\"il\">co-<\/span><span class=\"il\">creaci<\/span>\u00f3 amb les fam\u00edlies, per fer junts el prototipatge de les propostes, enriquir-les i millorar-les, <strong>(dissabte<\/strong><b> 29 de gener de 2014)<\/b><\/p>\n<p>Es comen\u00e7a fent una visita guiada a les propostes dissenyades pels alumnes durant la primera setmana de projecte. Seguidament, distribuci\u00f3 en grups i elaboraci\u00f3 de prototips amb guix, cartr\u00f3, cordes,&#8230; per tal d&#8217;aproximar les propostes a la mida real, i visualitzar com quedaran els patis quan s&#8217;acabi el projecte.<\/p>\n<p><a href=\"https:\/\/www.flickr.com\/photos\/ielesvinyes\/sets\/72157643180210863\/\" target=\"_blank\" rel=\"noopener noreferrer\"><img loading=\"lazy\" decoding=\"async\" class=\"aligncenter wp-image-5770\" title=\"Galeria d'imatges - Fase Co-Crear - 2a Fase\" src=\"https:\/\/agora.xtec.cat\/ielesvinyes\/wp-content\/uploads\/usu1433\/2020\/02\/AFA-C\u00e0mera-fotos.png\" alt=\"\" width=\"69\" height=\"73\" \/><\/a><\/p>\n<hr \/>\n<h5><strong><span style=\"color: #808000;\">3. Fase Construcci\u00f3<\/span><\/strong><\/h5>\n<p><strong>Temporalitat -&gt;<\/strong> inici: 29 de mar\u00e7 de 2014 \/ final: 20 de juny de 2014<\/p>\n<ul>\n<li><b>Dissabte 29 de mar\u00e7 de 2014: <\/b>Tret de sortida a la construcci\u00f3 de les propostes finals.<\/li>\n<\/ul>\n<p><a href=\"https:\/\/www.flickr.com\/photos\/ielesvinyes\/sets\/72157642923787203\/\" target=\"_blank\" rel=\"noopener noreferrer\"><img loading=\"lazy\" decoding=\"async\" class=\"aligncenter wp-image-5770\" title=\"Galeria d'imatges - Fase Co-Crear\" src=\"https:\/\/agora.xtec.cat\/ielesvinyes\/wp-content\/uploads\/usu1433\/2020\/02\/AFA-C\u00e0mera-fotos.png\" alt=\"\" width=\"69\" height=\"73\" \/><\/a><\/p>\n<ul>\n<li><b>Dissabte 10 de maig de 2014: <\/b>Enllestir intervencions que, per la seva complexitat, no es poden executar conjuntament amb els alumnes.<\/li>\n<\/ul>\n<p><a href=\"https:\/\/www.flickr.com\/photos\/ielesvinyes\/sets\/72157644206798319\/\" target=\"_blank\" rel=\"noopener noreferrer\"><img loading=\"lazy\" decoding=\"async\" class=\"aligncenter wp-image-5770\" title=\"Galeria d'imatges - Fase Co-Crear\" src=\"https:\/\/agora.xtec.cat\/ielesvinyes\/wp-content\/uploads\/usu1433\/2020\/02\/AFA-C\u00e0mera-fotos.png\" alt=\"\" width=\"69\" height=\"73\" \/><\/a><\/p>\n<ul>\n<li><b>Dissabte 31 de maig de 2014:\u00a0<\/b>Finalitzaci\u00f3 totes les intervencions pendents.<\/li>\n<\/ul>\n<p><a href=\"https:\/\/www.flickr.com\/photos\/ielesvinyes\/sets\/72157643790964743\/\" target=\"_blank\" rel=\"noopener noreferrer\"><img loading=\"lazy\" decoding=\"async\" class=\"aligncenter wp-image-5770\" title=\"Galeria d'imatges - Fase Construcci\u00f3\" src=\"https:\/\/agora.xtec.cat\/ielesvinyes\/wp-content\/uploads\/usu1433\/2020\/02\/AFA-C\u00e0mera-fotos.png\" alt=\"\" width=\"69\" height=\"73\" \/> <\/a><\/p>\n<hr \/>\n<h5><strong><span style=\"color: #808000;\">4. Fase Celebrar<\/span><\/strong><\/h5>\n<p><strong>Data: <\/strong>20 de juny, coincidint amb la festa de final de curs<\/p>\n<ul>\n<li>Visita lliure pel pati per veure els resultats del projecte &#8220;EmPATItza\u2019t&#8221;.<\/li>\n<li>Projecci\u00f3 de fotografies de totes les fases i procesos del projecte.<\/li>\n<li>Brindis al menjador.<\/li>\n<\/ul>\n<p><a href=\"https:\/\/www.flickr.com\/photos\/ielesvinyes\/sets\/72157644963739231\/\" target=\"_blank\" rel=\"noopener noreferrer\"><img loading=\"lazy\" decoding=\"async\" class=\"aligncenter wp-image-5770\" title=\"Galeria d'imatges - Fase Celebrar\" src=\"https:\/\/agora.xtec.cat\/ielesvinyes\/wp-content\/uploads\/usu1433\/2020\/02\/AFA-C\u00e0mera-fotos.png\" alt=\"\" width=\"69\" height=\"73\" \/><\/a><a href=\"https:\/\/www.flickr.com\/photos\/ielesvinyes\/sets\/72157644540429763\/\" target=\"_blank\" rel=\"noopener noreferrer\"><img loading=\"lazy\" decoding=\"async\" class=\"aligncenter wp-image-5770\" title=\"Galeria d'imatges - Fase Celebrar\" src=\"https:\/\/agora.xtec.cat\/ielesvinyes\/wp-content\/uploads\/usu1433\/2020\/02\/AFA-C\u00e0mera-fotos.png\" alt=\"\" width=\"69\" height=\"73\" \/><\/a><\/p>\n<hr \/>\n<p>Si voleu veure tota la galeria fotogr\u00e0fica del projecte, podeu fer-ho clicant el seg\u00fcent enlla\u00e7:<\/p>\n<p><a href=\"https:\/\/www.flickr.com\/photos\/ielesvinyes\/collections\/72157635480853677\/\"><img loading=\"lazy\" decoding=\"async\" class=\"wp-image-4581 aligncenter\" src=\"https:\/\/agora.xtec.cat\/ielesvinyes\/wp-content\/uploads\/usu1433\/2019\/12\/Fotos-flickr-e1580908282796.jpg\" alt=\"\" width=\"137\" height=\"109\" \/><\/a><\/p>\n<hr \/>\n<p><strong>Presentaci\u00f3 del projecte EmPATItza&#8217;t als Premis FAPAC 2015<\/strong><\/p>\n<p><img loading=\"lazy\" decoding=\"async\" class=\" wp-image-5768 aligncenter\" src=\"https:\/\/agora.xtec.cat\/ielesvinyes\/wp-content\/uploads\/usu1433\/2020\/02\/AFA-PROJECTES-Diploma-FAPAC-Empatitza-t-1024x767.jpg\" alt=\"\" width=\"931\" height=\"697\" srcset=\"https:\/\/agora.xtec.cat\/ielesvinyes\/wp-content\/uploads\/usu1433\/2020\/02\/AFA-PROJECTES-Diploma-FAPAC-Empatitza-t-1024x767.jpg 1024w, https:\/\/agora.xtec.cat\/ielesvinyes\/wp-content\/uploads\/usu1433\/2020\/02\/AFA-PROJECTES-Diploma-FAPAC-Empatitza-t-300x225.jpg 300w, https:\/\/agora.xtec.cat\/ielesvinyes\/wp-content\/uploads\/usu1433\/2020\/02\/AFA-PROJECTES-Diploma-FAPAC-Empatitza-t-768x575.jpg 768w, https:\/\/agora.xtec.cat\/ielesvinyes\/wp-content\/uploads\/usu1433\/2020\/02\/AFA-PROJECTES-Diploma-FAPAC-Empatitza-t-200x150.jpg 200w\" sizes=\"auto, (max-width: 931px) 100vw, 931px\" \/><\/p>\n<p>&nbsp;<\/p>\n<p>&nbsp;<\/p>\n","protected":false},"excerpt":{"rendered":"<p>&nbsp; Volem millorar els patis de les Vinyes! &nbsp; &nbsp; \u00c9s per aix\u00f2 que ens endinsarem en un proc\u00e9s de co-creaci\u00f3, amb la participaci\u00f3 activa, idees, coneixements i energies de tota la Comunitat Educativa de Les Vinyes! El projecte es divideix en quatre fases: Con\u00e8ixer\u00a0 Co-crear Construir Celebrar &nbsp; Temporalitat, desenvolupament i execuci\u00f3 de cada [&hellip;]<\/p>\n","protected":false},"author":52,"featured_media":0,"parent":5697,"menu_order":5,"comment_status":"closed","ping_status":"closed","template":"","meta":{"_bbp_topic_count":0,"_bbp_reply_count":0,"_bbp_total_topic_count":0,"_bbp_total_reply_count":0,"_bbp_voice_count":0,"_bbp_anonymous_reply_count":0,"_bbp_topic_count_hidden":0,"_bbp_reply_count_hidden":0,"_bbp_forum_subforum_count":0,"site-sidebar-layout":"default","site-content-layout":"","ast-site-content-layout":"","site-content-style":"default","site-sidebar-style":"default","ast-global-header-display":"","ast-banner-title-visibility":"","ast-main-header-display":"","ast-hfb-above-header-display":"","ast-hfb-below-header-display":"","ast-hfb-mobile-header-display":"","site-post-title":"","ast-breadcrumbs-content":"","ast-featured-img":"","footer-sml-layout":"","theme-transparent-header-meta":"","adv-header-id-meta":"","stick-header-meta":"","header-above-stick-meta":"","header-main-stick-meta":"","header-below-stick-meta":"","astra-migrate-meta-layouts":"default","ast-page-background-enabled":"default","ast-page-background-meta":{"desktop":{"background-color":"var(--ast-global-color-4)","background-image":"","background-repeat":"repeat","background-position":"center center","background-size":"auto","background-attachment":"scroll","background-type":"","background-media":"","overlay-type":"","overlay-color":"","overlay-opacity":"","overlay-gradient":""},"tablet":{"background-color":"","background-image":"","background-repeat":"repeat","background-position":"center center","background-size":"auto","background-attachment":"scroll","background-type":"","background-media":"","overlay-type":"","overlay-color":"","overlay-opacity":"","overlay-gradient":""},"mobile":{"background-color":"","background-image":"","background-repeat":"repeat","background-position":"center center","background-size":"auto","background-attachment":"scroll","background-type":"","background-media":"","overlay-type":"","overlay-color":"","overlay-opacity":"","overlay-gradient":""}},"ast-content-background-meta":{"desktop":{"background-color":"var(--ast-global-color-5)","background-image":"","background-repeat":"repeat","background-position":"center center","background-size":"auto","background-attachment":"scroll","background-type":"","background-media":"","overlay-type":"","overlay-color":"","overlay-opacity":"","overlay-gradient":""},"tablet":{"background-color":"var(--ast-global-color-5)","background-image":"","background-repeat":"repeat","background-position":"center center","background-size":"auto","background-attachment":"scroll","background-type":"","background-media":"","overlay-type":"","overlay-color":"","overlay-opacity":"","overlay-gradient":""},"mobile":{"background-color":"var(--ast-global-color-5)","background-image":"","background-repeat":"repeat","background-position":"center center","background-size":"auto","background-attachment":"scroll","background-type":"","background-media":"","overlay-type":"","overlay-color":"","overlay-opacity":"","overlay-gradient":""}},"footnotes":""},"class_list":["post-5764","page","type-page","status-publish","hentry"],"post_mailing_queue_ids":[],"_links":{"self":[{"href":"https:\/\/agora.xtec.cat\/ielesvinyes\/wp-json\/wp\/v2\/pages\/5764","targetHints":{"allow":["GET"]}}],"collection":[{"href":"https:\/\/agora.xtec.cat\/ielesvinyes\/wp-json\/wp\/v2\/pages"}],"about":[{"href":"https:\/\/agora.xtec.cat\/ielesvinyes\/wp-json\/wp\/v2\/types\/page"}],"author":[{"embeddable":true,"href":"https:\/\/agora.xtec.cat\/ielesvinyes\/wp-json\/wp\/v2\/users\/52"}],"replies":[{"embeddable":true,"href":"https:\/\/agora.xtec.cat\/ielesvinyes\/wp-json\/wp\/v2\/comments?post=5764"}],"version-history":[{"count":4,"href":"https:\/\/agora.xtec.cat\/ielesvinyes\/wp-json\/wp\/v2\/pages\/5764\/revisions"}],"predecessor-version":[{"id":5778,"href":"https:\/\/agora.xtec.cat\/ielesvinyes\/wp-json\/wp\/v2\/pages\/5764\/revisions\/5778"}],"up":[{"embeddable":true,"href":"https:\/\/agora.xtec.cat\/ielesvinyes\/wp-json\/wp\/v2\/pages\/5697"}],"wp:attachment":[{"href":"https:\/\/agora.xtec.cat\/ielesvinyes\/wp-json\/wp\/v2\/media?parent=5764"}],"curies":[{"name":"wp","href":"https:\/\/api.w.org\/{rel}","templated":true}]}}