{"id":2349,"date":"2015-07-02T12:00:28","date_gmt":"2015-07-02T10:00:28","guid":{"rendered":"http:\/\/ielesvinyes.net\/?page_id=2349"},"modified":"2021-09-14T11:30:05","modified_gmt":"2021-09-14T09:30:05","slug":"equip-huma-curs-2014-2015","status":"publish","type":"page","link":"https:\/\/agora.xtec.cat\/ielesvinyes\/equip-huma-2\/equip-huma-curs-2014-2015\/","title":{"rendered":"Equip hum\u00e0 &#8211; 2014-15"},"content":{"rendered":"<h3>Equip hum\u00e0 &#8211; 2014-15<\/h3>\n<figure id=\"attachment_1949\" aria-describedby=\"caption-attachment-1949\" style=\"width: 640px\" class=\"wp-caption aligncenter\"><a href=\"http:\/\/agora.xtec.cat\/ielesvinyes\/wp-content\/uploads\/usu1433\/2014\/09\/Claustre-a-Olot.jpg\"><img loading=\"lazy\" decoding=\"async\" class=\"wp-image-1949 size-large\" src=\"http:\/\/agora.xtec.cat\/ielesvinyes\/wp-content\/uploads\/usu1433\/2014\/09\/Claustre-a-Olot-1024x726.jpg\" alt=\"Claustre de l'Institut-Escola Les Vinyes\" width=\"640\" height=\"453\" srcset=\"https:\/\/agora.xtec.cat\/ielesvinyes\/wp-content\/uploads\/usu1433\/2014\/09\/Claustre-a-Olot-1024x726.jpg 1024w, https:\/\/agora.xtec.cat\/ielesvinyes\/wp-content\/uploads\/usu1433\/2014\/09\/Claustre-a-Olot-300x213.jpg 300w, https:\/\/agora.xtec.cat\/ielesvinyes\/wp-content\/uploads\/usu1433\/2014\/09\/Claustre-a-Olot-768x545.jpg 768w, https:\/\/agora.xtec.cat\/ielesvinyes\/wp-content\/uploads\/usu1433\/2014\/09\/Claustre-a-Olot.jpg 1118w\" sizes=\"auto, (max-width: 640px) 100vw, 640px\" \/><\/a><figcaption id=\"caption-attachment-1949\" class=\"wp-caption-text\">Claustre de l&#8217;Institut-Escola Les Vinyes<\/figcaption><\/figure>\n<p><strong><span style=\"color: #ff0000;\">\u25ba Equip docent d&#8217;educaci\u00f3 infantil<\/span><\/strong><br \/>\n\uf0d8 Mestra tutora de P-3: In\u00e9s Algar<br \/>\n\uf0d8 Mestra tutora de P-4: Anna Sadurn\u00ed<br \/>\n\uf0d8 Mestra tutora de P-5: Noem\u00ed Navarro<br \/>\n\uf0d8 Mestra de refor\u00e7 d&#8217;infantil i Secretaria: N\u00faria Orte<br \/>\n\uf0d8 Coordinador d&#8217;educaci\u00f3 infantil: Jose Perales<\/p>\n<p><strong><span style=\"color: #ff0000;\">\u25ba Equip docent d&#8217;educaci\u00f3 Prim\u00e0ria<\/span><\/strong><br \/>\n\uf0d8 Mestra tutora de 1r: Cristina Franch<br \/>\n\uf0d8 Mestra tutora de 1r Susana Pi\u00f1atel<br \/>\n\uf0d8 Mestra tutora de 2n: Pilar Cano<br \/>\n\uf0d8 Mestre tutora de 2n i coordinador: Quim Preixens<\/p>\n<p><strong><span style=\"color: #ff0000;\">\u25ba Equip d&#8217;especialistes d&#8217;infantil i Prim\u00e0ria<\/span><\/strong><br \/>\n\uf0d8 Pedagogia terap\u00e8utica: Blanca Mostaza,<br \/>\n\uf0d8 Angl\u00e8s i educaci\u00f3 f\u00edsica: Toni Soler<br \/>\n\uf0d8 Vetlladora: Nuria Masoliver<\/p>\n<p><strong><span style=\"color: #ff0000;\">\u25ba Equip docent de 1r ESO<\/span><\/strong><br \/>\n\uf0d8 Ci\u00e8ncies Socials: Maria Haro<br \/>\n\uf0d8 Angl\u00e8s, tutoria i coordinaci\u00f3: Anna Jord\u00e0<br \/>\n\uf0d8 Castell\u00e0 i tutoria: Eva Jov\u00e9<br \/>\n\uf0d8 Matem\u00e0tiques\u00a0\u00a0i tecnologia: Anna K Mart\u00ed<br \/>\n\uf0d8 M\u00fasica i Cap d&#8217;estudis: Boris Mir<br \/>\n\uf0d8 Ci\u00e8ncies Naturals i tutoria: Pere Royo<br \/>\n\uf0d8 Catal\u00e0 i direcci\u00f3: Rosa Sard\u00e0<br \/>\n\uf0d8 Catal\u00e0: Anna Jorro<\/p>\n<p><strong><span style=\"color: #ff0000;\">\u25ba Equip docent de 2n ESO<\/span><\/strong><br \/>\n\uf0d8 Orientaci\u00f3 i catal\u00e0: Rosa Barcelona<br \/>\n\uf0d8 Angl\u00e8s i tutoria: Beatriu Busquets<br \/>\n\uf0d8 Ci\u00e8ncies Socials i catal\u00e0: Olga Culler\u00e9<br \/>\n\uf0d8 Matem\u00e0tiques, tutoria, coordinador de nivell i TAC:\u00a0Sergi del Moral<br \/>\n\uf0d8 F\u00edsica i Qu\u00edmica: Araceli L\u00f3pez<br \/>\n\uf0d8 Educaci\u00f3 F\u00edsica i tutoria: Berta Puig<br \/>\n\uf0d8 Castell\u00e0: Bel\u00e9n S\u00e1nchez<\/p>\n<p><strong><span style=\"color: #ff0000;\">\u25ba Equip docent de\u00a03r ESO<\/span><\/strong><br \/>\n\uf0d8 Ci\u00e8ncies, tutoria i coordinaci\u00f3 de nivell: Gl\u00f2ria \u00c0rias<br \/>\n\uf0d8 Catal\u00e0, ci\u00e8ncies socials i tutoria:\u00a0Elena Balaguer<br \/>\n\uf0d8 Educaci\u00f3 Visual i pl\u00e0stica: Marta Belmonte<br \/>\n\uf0d8 M\u00fasica: Jordi Boltes<br \/>\n\uf0d8 Angl\u00e8s, Educaci\u00f3 f\u00edsica i coordinaci\u00f3 extraescolars:\u00a0Marta Casas<br \/>\n\uf0d8 Tecnologia: Merc\u00e8 Castro<br \/>\n\uf0d8 Matem\u00e0tiques: Ram\u00f3n Alujas<br \/>\n\uf0d8 Castell\u00e0: Cres Ferrer<br \/>\n\uf0d8 Catal\u00e0: Anna Jorro<\/p>\n<p><strong><span style=\"color: #ff0000;\">\u25ba Equip docent de 4t ESO<\/span><\/strong><br \/>\n\uf0d8 Ci\u00e8ncies, matem\u00e0tiques, tutoria i coordinaci\u00f3 de nivell:\u00a0Blanca Amengual<br \/>\n\uf0d8 Castell\u00e0, socials i coordinadora de biblioteca:\u00a0Maria Beneyto<br \/>\n\uf0d8 Catal\u00e0, orientador educatiu i coordinaci\u00f3 pedag\u00f2gica: Mar\u00e7al Botey<br \/>\n\uf0d8 Angl\u00e8s, llat\u00ed, franc\u00e8s i tutoria:\u00a0Caterina Riba<br \/>\n\uf0d8 Tecnologia, inform\u00e0tica i coordinaci\u00f3 TIC:\u00a0Ramon Alujas<br \/>\n\uf0d8 M\u00fasica: Jordi Boltas<br \/>\n\uf0d8 Educaci\u00f3 Visual i pl\u00e0stica: Marta Belmonte<br \/>\n\uf0d8 F\u00edsica i Qu\u00edmica: Araceli L\u00f3pez<\/p>\n<p><strong><span style=\"color: #ff0000;\">\u25ba Comissi\u00f3 d&#8217;atenci\u00f3 a la diversitat<\/span><\/strong><\/p>\n<p>\uf0d8 Psicopedagog, Mar\u00e7al Botey<br \/>\n\uf0d8 Psic\u00f2loga EAP,\u00a0\u00d2scar Del Barrio<br \/>\n\uf0d8 Serveis socials Ajuntament, Borja Ruiz i Laura Barone<br \/>\n\uf0d8 &#8220;Tastet d\u2019oficis&#8221; Ajuntament, Carla Lombao<\/p>\n<p><strong><span style=\"color: #ff0000;\">\u25ba\u00a0Administraci\u00f3 i consergeria<\/span><\/strong><\/p>\n<p>\uf0d8 Jose Manuel Garc\u00eda (conserge)<br \/>\n\uf0d8 Montse Serra (conserge)<br \/>\n\uf0d8 Juan Carlos P\u00e9rez (administratiu)<\/p>\n<p><strong><span style=\"color: #ff0000;\">\u25ba\u00a0Equip de menjador i servei d&#8217;acollida<\/span><\/strong><\/p>\n<p>\uf0d8\u00a0Yasmina Alba &#8211; 2n<br \/>\n\uf0d8\u00a0Cristina Alcaraz \u00a0-P4<br \/>\n\uf0d8\u00a0Sandra Concha\u00a0&#8211; Acollida i P3<br \/>\n\uf0d8\u00a0Ariadna Bontoch &#8211; P5<br \/>\n\uf0d8 \u00a0Mireia Blasco &#8211; Refor\u00e7<br \/>\n\uf0d8\u00a0Maria del Mar Muriano, cuinera<br \/>\n<span style=\"font-size: 16px;\">\uf0d8 \u00a0N\u00faria Masoliver &#8211; 1r, Acollida i Coordinaci\u00f3 Serveis<\/span><\/p>\n<p><strong><span style=\"color: #ff0000;\">\u25ba Equip directiu<\/span><\/strong><\/p>\n<p>\uf0d8\u00a0Directora: Rosa Sard\u00e0<br \/>\n\uf0d8\u00a0Cap d\u2019estudis: Boris Mir<br \/>\n\uf0d8\u00a0Secret\u00e0ria: N\u00faria Orte<br \/>\n\uf0d8\u00a0Coordinador pedag\u00f2gic: Mar\u00e7al Botey<\/p>\n<p><strong><span style=\"color: #ff0000;\">\u25ba\u00a0Administraci\u00f3<\/span><\/strong><\/p>\n<p>\uf0d8\u00a0Inspector d&#8217;Ensenyament: Josep Llu\u00eds Forcada<br \/>\n\uf0d8\u00a0Regidora d&#8217;Educaci\u00f3 de l&#8217;Ajuntament:\u00a0Dolors Conde<\/p>\n","protected":false},"excerpt":{"rendered":"<p>Equip hum\u00e0 &#8211; 2014-15 \u25ba Equip docent d&#8217;educaci\u00f3 infantil \uf0d8 Mestra tutora de P-3: In\u00e9s Algar \uf0d8 Mestra tutora de P-4: Anna Sadurn\u00ed \uf0d8 Mestra tutora de P-5: Noem\u00ed Navarro \uf0d8 Mestra de refor\u00e7 d&#8217;infantil i Secretaria: N\u00faria Orte \uf0d8 Coordinador d&#8217;educaci\u00f3 infantil: Jose Perales \u25ba Equip docent d&#8217;educaci\u00f3 Prim\u00e0ria \uf0d8 Mestra tutora de 1r: [&hellip;]<\/p>\n","protected":false},"author":1,"featured_media":0,"parent":1948,"menu_order":2,"comment_status":"open","ping_status":"closed","template":"","meta":{"_bbp_topic_count":0,"_bbp_reply_count":0,"_bbp_total_topic_count":0,"_bbp_total_reply_count":0,"_bbp_voice_count":0,"_bbp_anonymous_reply_count":0,"_bbp_topic_count_hidden":0,"_bbp_reply_count_hidden":0,"_bbp_forum_subforum_count":0,"site-sidebar-layout":"default","site-content-layout":"","ast-site-content-layout":"","site-content-style":"default","site-sidebar-style":"default","ast-global-header-display":"","ast-banner-title-visibility":"","ast-main-header-display":"","ast-hfb-above-header-display":"","ast-hfb-below-header-display":"","ast-hfb-mobile-header-display":"","site-post-title":"","ast-breadcrumbs-content":"","ast-featured-img":"","footer-sml-layout":"","theme-transparent-header-meta":"","adv-header-id-meta":"","stick-header-meta":"","header-above-stick-meta":"","header-main-stick-meta":"","header-below-stick-meta":"","astra-migrate-meta-layouts":"default","ast-page-background-enabled":"default","ast-page-background-meta":{"desktop":{"background-color":"var(--ast-global-color-4)","background-image":"","background-repeat":"repeat","background-position":"center center","background-size":"auto","background-attachment":"scroll","background-type":"","background-media":"","overlay-type":"","overlay-color":"","overlay-opacity":"","overlay-gradient":""},"tablet":{"background-color":"","background-image":"","background-repeat":"repeat","background-position":"center center","background-size":"auto","background-attachment":"scroll","background-type":"","background-media":"","overlay-type":"","overlay-color":"","overlay-opacity":"","overlay-gradient":""},"mobile":{"background-color":"","background-image":"","background-repeat":"repeat","background-position":"center center","background-size":"auto","background-attachment":"scroll","background-type":"","background-media":"","overlay-type":"","overlay-color":"","overlay-opacity":"","overlay-gradient":""}},"ast-content-background-meta":{"desktop":{"background-color":"var(--ast-global-color-5)","background-image":"","background-repeat":"repeat","background-position":"center center","background-size":"auto","background-attachment":"scroll","background-type":"","background-media":"","overlay-type":"","overlay-color":"","overlay-opacity":"","overlay-gradient":""},"tablet":{"background-color":"var(--ast-global-color-5)","background-image":"","background-repeat":"repeat","background-position":"center center","background-size":"auto","background-attachment":"scroll","background-type":"","background-media":"","overlay-type":"","overlay-color":"","overlay-opacity":"","overlay-gradient":""},"mobile":{"background-color":"var(--ast-global-color-5)","background-image":"","background-repeat":"repeat","background-position":"center center","background-size":"auto","background-attachment":"scroll","background-type":"","background-media":"","overlay-type":"","overlay-color":"","overlay-opacity":"","overlay-gradient":""}},"footnotes":""},"class_list":["post-2349","page","type-page","status-publish","hentry"],"post_mailing_queue_ids":[],"_links":{"self":[{"href":"https:\/\/agora.xtec.cat\/ielesvinyes\/wp-json\/wp\/v2\/pages\/2349","targetHints":{"allow":["GET"]}}],"collection":[{"href":"https:\/\/agora.xtec.cat\/ielesvinyes\/wp-json\/wp\/v2\/pages"}],"about":[{"href":"https:\/\/agora.xtec.cat\/ielesvinyes\/wp-json\/wp\/v2\/types\/page"}],"author":[{"embeddable":true,"href":"https:\/\/agora.xtec.cat\/ielesvinyes\/wp-json\/wp\/v2\/users\/1"}],"replies":[{"embeddable":true,"href":"https:\/\/agora.xtec.cat\/ielesvinyes\/wp-json\/wp\/v2\/comments?post=2349"}],"version-history":[{"count":1,"href":"https:\/\/agora.xtec.cat\/ielesvinyes\/wp-json\/wp\/v2\/pages\/2349\/revisions"}],"predecessor-version":[{"id":7057,"href":"https:\/\/agora.xtec.cat\/ielesvinyes\/wp-json\/wp\/v2\/pages\/2349\/revisions\/7057"}],"up":[{"embeddable":true,"href":"https:\/\/agora.xtec.cat\/ielesvinyes\/wp-json\/wp\/v2\/pages\/1948"}],"wp:attachment":[{"href":"https:\/\/agora.xtec.cat\/ielesvinyes\/wp-json\/wp\/v2\/media?parent=2349"}],"curies":[{"name":"wp","href":"https:\/\/api.w.org\/{rel}","templated":true}]}}